{"version":"1.0","provider_name":"Prefectura de Manab\u00ed","provider_url":"https:\/\/www.manabi.gob.ec","author_name":"admin","author_url":"https:\/\/www.manabi.gob.ec\/index.php\/author\/admin\/","title":"Agricultores de Jipijapa se re\u00fanen con la Viceprefecta - Prefectura de Manab\u00ed","type":"rich","width":600,"height":338,"html":"<blockquote class=\"wp-embedded-content\" data-secret=\"1119JY6tLh\"><a href=\"https:\/\/www.manabi.gob.ec\/index.php\/agricultores-de-jipijapa-se-reunen-con-la-viceprefecta\/\">Agricultores de Jipijapa se re\u00fanen con la Viceprefecta<\/a><\/blockquote><iframe sandbox=\"allow-scripts\" security=\"restricted\" src=\"https:\/\/www.manabi.gob.ec\/index.php\/agricultores-de-jipijapa-se-reunen-con-la-viceprefecta\/embed\/#?secret=1119JY6tLh\" width=\"600\" height=\"338\" title=\"\u00abAgricultores de Jipijapa se re\u00fanen con la Viceprefecta\u00bb \u2014 Prefectura de Manab\u00ed\" data-secret=\"1119JY6tLh\" frameborder=\"0\" marginwidth=\"0\" marginheight=\"0\" scrolling=\"no\" class=\"wp-embedded-content\"><\/iframe><script type=\"text\/javascript\">\n\/* <![CDATA[ *\/\n\/*! This file is auto-generated *\/\n!function(d,l){\"use strict\";l.querySelector&&d.addEventListener&&\"undefined\"!=typeof URL&&(d.wp=d.wp||{},d.wp.receiveEmbedMessage||(d.wp.receiveEmbedMessage=function(e){var t=e.data;if((t||t.secret||t.message||t.value)&&!\/[^a-zA-Z0-9]\/.test(t.secret)){for(var s,r,n,a=l.querySelectorAll('iframe[data-secret=\"'+t.secret+'\"]'),o=l.querySelectorAll('blockquote[data-secret=\"'+t.secret+'\"]'),c=new RegExp(\"^https?:$\",\"i\"),i=0;i<o.length;i++)o[i].style.display=\"none\";for(i=0;i<a.length;i++)s=a[i],e.source===s.contentWindow&&(s.removeAttribute(\"style\"),\"height\"===t.message?(1e3<(r=parseInt(t.value,10))?r=1e3:~~r<200&&(r=200),s.height=r):\"link\"===t.message&&(r=new URL(s.getAttribute(\"src\")),n=new URL(t.value),c.test(n.protocol))&&n.host===r.host&&l.activeElement===s&&(d.top.location.href=t.value))}},d.addEventListener(\"message\",d.wp.receiveEmbedMessage,!1),l.addEventListener(\"DOMContentLoaded\",function(){for(var e,t,s=l.querySelectorAll(\"iframe.wp-embedded-content\"),r=0;r<s.length;r++)(t=(e=s[r]).getAttribute(\"data-secret\"))||(t=Math.random().toString(36).substring(2,12),e.src+=\"#?secret=\"+t,e.setAttribute(\"data-secret\",t)),e.contentWindow.postMessage({message:\"ready\",secret:t},\"*\")},!1)))}(window,document);\n\/* ]]> *\/\n<\/script>\n","thumbnail_url":"https:\/\/www.manabi.gob.ec\/wp-content\/uploads\/2019\/10\/WhatsApp-Image-2019-10-22-at-13.33.50.jpeg","thumbnail_width":1280,"thumbnail_height":853,"description":"La viceprefecta Kelly Buenaventura, mantuvo una reuni\u00f3n de trabajo con socios de las Aso. Agropecuaria Los Laureles de la comunidad Los Laureles en la parroquia Julcuy Jipijapa, donde hablaron sobre temas de vialidad, riego y producci\u00f3n. Se coordinaron acciones para la intervenci\u00f3n vial en 15 kil\u00f3metros de la v\u00eda Los Laureles hasta llegar a la [&hellip;]"}