{"version":"1.0","provider_name":"Prefectura de Manab\u00ed","provider_url":"https:\/\/www.manabi.gob.ec","author_name":"admin","author_url":"https:\/\/www.manabi.gob.ec\/index.php\/author\/admin\/","title":"ALHAJUELA CELEBR\u00d3 84 A\u00d1OS DE VIDA PARROQUIAL - Prefectura de Manab\u00ed","type":"rich","width":600,"height":338,"html":"<blockquote class=\"wp-embedded-content\" data-secret=\"pbtsKe61vn\"><a href=\"https:\/\/www.manabi.gob.ec\/index.php\/alhajuela-celebro-84-anos-de-vida-parroquial\/\">ALHAJUELA CELEBR\u00d3 84 A\u00d1OS DE VIDA PARROQUIAL<\/a><\/blockquote><iframe sandbox=\"allow-scripts\" security=\"restricted\" src=\"https:\/\/www.manabi.gob.ec\/index.php\/alhajuela-celebro-84-anos-de-vida-parroquial\/embed\/#?secret=pbtsKe61vn\" width=\"600\" height=\"338\" title=\"\u00abALHAJUELA CELEBR\u00d3 84 A\u00d1OS DE VIDA PARROQUIAL\u00bb \u2014 Prefectura de Manab\u00ed\" data-secret=\"pbtsKe61vn\" frameborder=\"0\" marginwidth=\"0\" marginheight=\"0\" scrolling=\"no\" class=\"wp-embedded-content\"><\/iframe><script type=\"text\/javascript\">\n\/* <![CDATA[ *\/\n\/*! This file is auto-generated *\/\n!function(d,l){\"use strict\";l.querySelector&&d.addEventListener&&\"undefined\"!=typeof URL&&(d.wp=d.wp||{},d.wp.receiveEmbedMessage||(d.wp.receiveEmbedMessage=function(e){var t=e.data;if((t||t.secret||t.message||t.value)&&!\/[^a-zA-Z0-9]\/.test(t.secret)){for(var s,r,n,a=l.querySelectorAll('iframe[data-secret=\"'+t.secret+'\"]'),o=l.querySelectorAll('blockquote[data-secret=\"'+t.secret+'\"]'),c=new RegExp(\"^https?:$\",\"i\"),i=0;i<o.length;i++)o[i].style.display=\"none\";for(i=0;i<a.length;i++)s=a[i],e.source===s.contentWindow&&(s.removeAttribute(\"style\"),\"height\"===t.message?(1e3<(r=parseInt(t.value,10))?r=1e3:~~r<200&&(r=200),s.height=r):\"link\"===t.message&&(r=new URL(s.getAttribute(\"src\")),n=new URL(t.value),c.test(n.protocol))&&n.host===r.host&&l.activeElement===s&&(d.top.location.href=t.value))}},d.addEventListener(\"message\",d.wp.receiveEmbedMessage,!1),l.addEventListener(\"DOMContentLoaded\",function(){for(var e,t,s=l.querySelectorAll(\"iframe.wp-embedded-content\"),r=0;r<s.length;r++)(t=(e=s[r]).getAttribute(\"data-secret\"))||(t=Math.random().toString(36).substring(2,12),e.src+=\"#?secret=\"+t,e.setAttribute(\"data-secret\",t)),e.contentWindow.postMessage({message:\"ready\",secret:t},\"*\")},!1)))}(window,document);\n\/* ]]> *\/\n<\/script>\n","thumbnail_url":"https:\/\/www.manabi.gob.ec\/wp-content\/uploads\/2021\/07\/Alhajuela-1.jpg","thumbnail_width":1280,"thumbnail_height":932,"description":"Alhajuela, conocida hist\u00f3ricamente como Bajo Grande es una de las parroquias rurales del cant\u00f3n Portoviejo,&nbsp; que este 24 de julio conmemor\u00f3 84 a\u00f1os de creaci\u00f3n, con una sesi\u00f3n solemne en la que particip\u00f3 como invitado especial el Prefecto de Manab\u00ed. El acto se desarroll\u00f3 en el parque de la parroquia, donde el prefecto&nbsp; Leonardo Orlando,&nbsp; [&hellip;]"}