{"version":"1.0","provider_name":"Prefectura de Manab\u00ed","provider_url":"https:\/\/www.manabi.gob.ec","author_name":"Lui Ochoa","author_url":"https:\/\/www.manabi.gob.ec\/index.php\/author\/lochoa\/","title":"Atendemos a grupos de movilidad humana - Prefectura de Manab\u00ed","type":"rich","width":600,"height":338,"html":"<blockquote class=\"wp-embedded-content\" data-secret=\"aifPLvwfac\"><a href=\"https:\/\/www.manabi.gob.ec\/index.php\/atendemos-a-grupos-de-movilidad-humana\/\">Atendemos a grupos de movilidad humana<\/a><\/blockquote><iframe sandbox=\"allow-scripts\" security=\"restricted\" src=\"https:\/\/www.manabi.gob.ec\/index.php\/atendemos-a-grupos-de-movilidad-humana\/embed\/#?secret=aifPLvwfac\" width=\"600\" height=\"338\" title=\"\u00abAtendemos a grupos de movilidad humana\u00bb \u2014 Prefectura de Manab\u00ed\" data-secret=\"aifPLvwfac\" frameborder=\"0\" marginwidth=\"0\" marginheight=\"0\" scrolling=\"no\" class=\"wp-embedded-content\"><\/iframe><script type=\"text\/javascript\">\n\/* <![CDATA[ *\/\n\/*! This file is auto-generated *\/\n!function(d,l){\"use strict\";l.querySelector&&d.addEventListener&&\"undefined\"!=typeof URL&&(d.wp=d.wp||{},d.wp.receiveEmbedMessage||(d.wp.receiveEmbedMessage=function(e){var t=e.data;if((t||t.secret||t.message||t.value)&&!\/[^a-zA-Z0-9]\/.test(t.secret)){for(var s,r,n,a=l.querySelectorAll('iframe[data-secret=\"'+t.secret+'\"]'),o=l.querySelectorAll('blockquote[data-secret=\"'+t.secret+'\"]'),c=new RegExp(\"^https?:$\",\"i\"),i=0;i<o.length;i++)o[i].style.display=\"none\";for(i=0;i<a.length;i++)s=a[i],e.source===s.contentWindow&&(s.removeAttribute(\"style\"),\"height\"===t.message?(1e3<(r=parseInt(t.value,10))?r=1e3:~~r<200&&(r=200),s.height=r):\"link\"===t.message&&(r=new URL(s.getAttribute(\"src\")),n=new URL(t.value),c.test(n.protocol))&&n.host===r.host&&l.activeElement===s&&(d.top.location.href=t.value))}},d.addEventListener(\"message\",d.wp.receiveEmbedMessage,!1),l.addEventListener(\"DOMContentLoaded\",function(){for(var e,t,s=l.querySelectorAll(\"iframe.wp-embedded-content\"),r=0;r<s.length;r++)(t=(e=s[r]).getAttribute(\"data-secret\"))||(t=Math.random().toString(36).substring(2,12),e.src+=\"#?secret=\"+t,e.setAttribute(\"data-secret\",t)),e.contentWindow.postMessage({message:\"ready\",secret:t},\"*\")},!1)))}(window,document);\n\/* ]]> *\/\n<\/script>\n","thumbnail_url":"https:\/\/www.manabi.gob.ec\/wp-content\/uploads\/2022\/05\/WhatsApp-Image-2022-05-27-at-2.25.36-PM.jpeg","thumbnail_width":1600,"thumbnail_height":1200,"description":"Desde la Prefectura de Manab\u00ed, continuamos llevando salud y bienestar. Gracias al trabajo en conjunto con la Organizaci\u00f3n Internacional para las Migraciones (OIM) logramos atender a personas en condici\u00f3n de movilidad humana asentadas en territorio manabita.Las jornadas m\u00e9dicas que se desarrollan a trav\u00e9s del departamento de Desarollo Social llegaron hasta la ciudadela La Padrera en la parroquia Los Esteros del cant\u00f3n Manta, donde m\u00e1s de 200 personas, entre grupos prioritarios y extranjeros, recibieron los beneficios de la brigada m\u00e9dica.En el punto de encuentro se desarrollaron jornadas de odontolog\u00eda, nutrici\u00f3n, medicina general y psicolog\u00eda, adem\u00e1s de un espacio l\u00fadico asignado para la promoci\u00f3n de derechos de ni\u00f1os y ni\u00f1as.El trabajo en conjunto entre nuestra instituci\u00f3n provincial y la organizaci\u00f3n internacional, OIM, busca entrelazar esfuerzos con la finalidad de proteger a personas migrantes que vivan en nuestro territorio, desde muchos \u00e1mbitos indispensables para el buen vivir, as\u00ed lo asegur\u00f3 Daniela de La Fuente, t\u00e9cnica responsable de la brigada m\u00e9dica.Jeimis Rom\u00e1n, oriunda de Venezuela, se mostr\u00f3 agradecida porque ella y su hija, recibieron atenci\u00f3n m\u00e9dica gratuita gracias a la Prefectura de Manab\u00ed. Adem\u00e1s, expuso lo dif\u00edcil que es para ellos, viniendo de otro pa\u00eds, obtener dinero para cuidar su salud y comprar medicamentos. Jeimis, y su peque\u00f1a hija, fueron atendidas de forma oportuna por nuestros profesionales de la salud."}