{"version":"1.0","provider_name":"Prefectura de Manab\u00ed","provider_url":"https:\/\/www.manabi.gob.ec","author_name":"Lui Ochoa","author_url":"https:\/\/www.manabi.gob.ec\/index.php\/author\/lochoa\/","title":"Atendemos la vialidad rural de Pedro Pablo G\u00f3mez\u00a0\u00a0 - Prefectura de Manab\u00ed","type":"rich","width":600,"height":338,"html":"<blockquote class=\"wp-embedded-content\" data-secret=\"5Tj81Ydx7V\"><a href=\"https:\/\/www.manabi.gob.ec\/index.php\/atendemos-la-vialidad-rural-de-pedro-pablo-gomez\/\">Atendemos la vialidad rural de Pedro Pablo G\u00f3mez\u00a0\u00a0<\/a><\/blockquote><iframe sandbox=\"allow-scripts\" security=\"restricted\" src=\"https:\/\/www.manabi.gob.ec\/index.php\/atendemos-la-vialidad-rural-de-pedro-pablo-gomez\/embed\/#?secret=5Tj81Ydx7V\" width=\"600\" height=\"338\" title=\"\u00abAtendemos la vialidad rural de Pedro Pablo G\u00f3mez\u00a0\u00a0\u00bb \u2014 Prefectura de Manab\u00ed\" data-secret=\"5Tj81Ydx7V\" frameborder=\"0\" marginwidth=\"0\" marginheight=\"0\" scrolling=\"no\" class=\"wp-embedded-content\"><\/iframe><script type=\"text\/javascript\">\n\/* <![CDATA[ *\/\n\/*! This file is auto-generated *\/\n!function(d,l){\"use strict\";l.querySelector&&d.addEventListener&&\"undefined\"!=typeof URL&&(d.wp=d.wp||{},d.wp.receiveEmbedMessage||(d.wp.receiveEmbedMessage=function(e){var t=e.data;if((t||t.secret||t.message||t.value)&&!\/[^a-zA-Z0-9]\/.test(t.secret)){for(var s,r,n,a=l.querySelectorAll('iframe[data-secret=\"'+t.secret+'\"]'),o=l.querySelectorAll('blockquote[data-secret=\"'+t.secret+'\"]'),c=new RegExp(\"^https?:$\",\"i\"),i=0;i<o.length;i++)o[i].style.display=\"none\";for(i=0;i<a.length;i++)s=a[i],e.source===s.contentWindow&&(s.removeAttribute(\"style\"),\"height\"===t.message?(1e3<(r=parseInt(t.value,10))?r=1e3:~~r<200&&(r=200),s.height=r):\"link\"===t.message&&(r=new URL(s.getAttribute(\"src\")),n=new URL(t.value),c.test(n.protocol))&&n.host===r.host&&l.activeElement===s&&(d.top.location.href=t.value))}},d.addEventListener(\"message\",d.wp.receiveEmbedMessage,!1),l.addEventListener(\"DOMContentLoaded\",function(){for(var e,t,s=l.querySelectorAll(\"iframe.wp-embedded-content\"),r=0;r<s.length;r++)(t=(e=s[r]).getAttribute(\"data-secret\"))||(t=Math.random().toString(36).substring(2,12),e.src+=\"#?secret=\"+t,e.setAttribute(\"data-secret\",t)),e.contentWindow.postMessage({message:\"ready\",secret:t},\"*\")},!1)))}(window,document);\n\/* ]]> *\/\n<\/script>\n","thumbnail_url":"https:\/\/www.manabi.gob.ec\/wp-content\/uploads\/2022\/05\/DCB1949D-AD61-4024-9F15-EABFA5880967.jpeg","thumbnail_width":1600,"thumbnail_height":1200,"description":"La Prefectura de Manab\u00ed, realiza el mantenimiento de la v\u00eda Pedro Pablo G\u00f3mez - Las Delicias, en un total de 15 kil\u00f3metros. Con\u00a0 un\u00a0 avance del 20%,\u00a0 se realizan trabajos de reconformaci\u00f3n en el\u00a0 trazado de la v\u00eda, afectada por el\u00a0 invierno. Este lunes 16 de mayo, se cumplieron tareas de acarreo de material. Tambi\u00e9n de trabaja en la explotaci\u00f3n de material ( piedra escollera y de pr\u00e9stamo importado )\u00a0 para atender tramos\u00a0 puntuales. La obra es ejecutada con equipo de afirmado\u00a0 y transporte de material contratado mediante Feria Inclusiva, con recursos propios de la instituci\u00f3n por un monto de $ 45.380,00."}