{"version":"1.0","provider_name":"Prefectura de Manab\u00ed","provider_url":"https:\/\/www.manabi.gob.ec","author_name":"admin","author_url":"https:\/\/www.manabi.gob.ec\/index.php\/author\/admin\/","title":"Cuatro d\u00edas para mostrar lo mejor de Manab\u00ed - Prefectura de Manab\u00ed","type":"rich","width":600,"height":338,"html":"<blockquote class=\"wp-embedded-content\" data-secret=\"H3cUsAC6OU\"><a href=\"https:\/\/www.manabi.gob.ec\/index.php\/cuatro-dias-para-mostrar-lo-mejor-de-manabi\/\">Cuatro d\u00edas para mostrar lo mejor de Manab\u00ed<\/a><\/blockquote><iframe sandbox=\"allow-scripts\" security=\"restricted\" src=\"https:\/\/www.manabi.gob.ec\/index.php\/cuatro-dias-para-mostrar-lo-mejor-de-manabi\/embed\/#?secret=H3cUsAC6OU\" width=\"600\" height=\"338\" title=\"\u00abCuatro d\u00edas para mostrar lo mejor de Manab\u00ed\u00bb \u2014 Prefectura de Manab\u00ed\" data-secret=\"H3cUsAC6OU\" frameborder=\"0\" marginwidth=\"0\" marginheight=\"0\" scrolling=\"no\" class=\"wp-embedded-content\"><\/iframe><script type=\"text\/javascript\">\n\/* <![CDATA[ *\/\n\/*! This file is auto-generated *\/\n!function(d,l){\"use strict\";l.querySelector&&d.addEventListener&&\"undefined\"!=typeof URL&&(d.wp=d.wp||{},d.wp.receiveEmbedMessage||(d.wp.receiveEmbedMessage=function(e){var t=e.data;if((t||t.secret||t.message||t.value)&&!\/[^a-zA-Z0-9]\/.test(t.secret)){for(var s,r,n,a=l.querySelectorAll('iframe[data-secret=\"'+t.secret+'\"]'),o=l.querySelectorAll('blockquote[data-secret=\"'+t.secret+'\"]'),c=new RegExp(\"^https?:$\",\"i\"),i=0;i<o.length;i++)o[i].style.display=\"none\";for(i=0;i<a.length;i++)s=a[i],e.source===s.contentWindow&&(s.removeAttribute(\"style\"),\"height\"===t.message?(1e3<(r=parseInt(t.value,10))?r=1e3:~~r<200&&(r=200),s.height=r):\"link\"===t.message&&(r=new URL(s.getAttribute(\"src\")),n=new URL(t.value),c.test(n.protocol))&&n.host===r.host&&l.activeElement===s&&(d.top.location.href=t.value))}},d.addEventListener(\"message\",d.wp.receiveEmbedMessage,!1),l.addEventListener(\"DOMContentLoaded\",function(){for(var e,t,s=l.querySelectorAll(\"iframe.wp-embedded-content\"),r=0;r<s.length;r++)(t=(e=s[r]).getAttribute(\"data-secret\"))||(t=Math.random().toString(36).substring(2,12),e.src+=\"#?secret=\"+t,e.setAttribute(\"data-secret\",t)),e.contentWindow.postMessage({message:\"ready\",secret:t},\"*\")},!1)))}(window,document);\n\/* ]]> *\/\n<\/script>\n","thumbnail_url":null,"thumbnail_width":null,"thumbnail_height":null,"description":"Este jueves fue abierto al p\u00fablico el Sal\u00f3n del Emprendimiento \u201cManab\u00ed Vive 2019\u201d, un evento que hasta el pr\u00f3ximo domingo mostrar\u00e1 m\u00e1s de 200 innovadoras propuestas. M\u00e1s de 150 emprendedores manabitas y 50 nacionales se exhiben gratuitamente en el Bellavista Club en Portoviejo en una muestra organizada por el Gobierno de Manab\u00ed, Consorcio de Gobiernos [&hellip;]"}