{"version":"1.0","provider_name":"Prefectura de Manab\u00ed","provider_url":"https:\/\/www.manabi.gob.ec","author_name":"Lui Ochoa","author_url":"https:\/\/www.manabi.gob.ec\/index.php\/author\/lochoa\/","title":"\u00a1Detr\u00e1s de cada obra, existen sue\u00f1os y esperanzas! - Prefectura de Manab\u00ed","type":"rich","width":600,"height":338,"html":"<blockquote class=\"wp-embedded-content\" data-secret=\"PpQGW4fRhC\"><a href=\"https:\/\/www.manabi.gob.ec\/index.php\/detras-de-cada-obra-existen-suenos-y-esperanzas\/\">\u00a1Detr\u00e1s de cada obra, existen sue\u00f1os y esperanzas!<\/a><\/blockquote><iframe sandbox=\"allow-scripts\" security=\"restricted\" src=\"https:\/\/www.manabi.gob.ec\/index.php\/detras-de-cada-obra-existen-suenos-y-esperanzas\/embed\/#?secret=PpQGW4fRhC\" width=\"600\" height=\"338\" title=\"\u00ab\u00a1Detr\u00e1s de cada obra, existen sue\u00f1os y esperanzas!\u00bb \u2014 Prefectura de Manab\u00ed\" data-secret=\"PpQGW4fRhC\" frameborder=\"0\" marginwidth=\"0\" marginheight=\"0\" scrolling=\"no\" class=\"wp-embedded-content\"><\/iframe><script type=\"text\/javascript\">\n\/* <![CDATA[ *\/\n\/*! This file is auto-generated *\/\n!function(d,l){\"use strict\";l.querySelector&&d.addEventListener&&\"undefined\"!=typeof URL&&(d.wp=d.wp||{},d.wp.receiveEmbedMessage||(d.wp.receiveEmbedMessage=function(e){var t=e.data;if((t||t.secret||t.message||t.value)&&!\/[^a-zA-Z0-9]\/.test(t.secret)){for(var s,r,n,a=l.querySelectorAll('iframe[data-secret=\"'+t.secret+'\"]'),o=l.querySelectorAll('blockquote[data-secret=\"'+t.secret+'\"]'),c=new RegExp(\"^https?:$\",\"i\"),i=0;i<o.length;i++)o[i].style.display=\"none\";for(i=0;i<a.length;i++)s=a[i],e.source===s.contentWindow&&(s.removeAttribute(\"style\"),\"height\"===t.message?(1e3<(r=parseInt(t.value,10))?r=1e3:~~r<200&&(r=200),s.height=r):\"link\"===t.message&&(r=new URL(s.getAttribute(\"src\")),n=new URL(t.value),c.test(n.protocol))&&n.host===r.host&&l.activeElement===s&&(d.top.location.href=t.value))}},d.addEventListener(\"message\",d.wp.receiveEmbedMessage,!1),l.addEventListener(\"DOMContentLoaded\",function(){for(var e,t,s=l.querySelectorAll(\"iframe.wp-embedded-content\"),r=0;r<s.length;r++)(t=(e=s[r]).getAttribute(\"data-secret\"))||(t=Math.random().toString(36).substring(2,12),e.src+=\"#?secret=\"+t,e.setAttribute(\"data-secret\",t)),e.contentWindow.postMessage({message:\"ready\",secret:t},\"*\")},!1)))}(window,document);\n\/* ]]> *\/\n<\/script>\n","thumbnail_url":"https:\/\/www.manabi.gob.ec\/wp-content\/uploads\/2022\/08\/WhatsApp-Image-2022-08-06-at-7.20.04-PM.jpeg","thumbnail_width":1600,"thumbnail_height":1069,"description":"La Prefectura de Manab\u00ed, liderada por Leonardo Orlando, contin\u00faa cumpliendo con obras como la construcci\u00f3n de la v\u00eda El Pueblito- Cerecito de Rocafuerte.\u201cCon la intervenci\u00f3n de la v\u00eda principal buscamos mejorar la movilidad de nuestros hermanos manabitas que transitan en esta arteria vial\u201d, indic\u00f3 el prefecto, Leonardo Orlando, en el recorrido donde constat\u00f3 que la obra tiene un avance del 90%.\u201cEsta v\u00eda es una bendici\u00f3n, estoy muy feliz porque en invierno nuestras casas y cosechas se ven muy afectadas, llevar a mis padres discapacitados por la anterior v\u00eda en silla de ruedas era un sufrimiento, pero con la nueva v\u00eda todo cambiar\u00e1\u201d, dijo Carmen Garc\u00eda durante el recorrido de supervisi\u00f3n de obra.La construcci\u00f3n de la v\u00eda El Pueblito-Cerecito, tiene una inversi\u00f3n de $ 473,138.92, y se encuentra ubicada en Rocafuerte, tiene una longitud de 2.01 Kil\u00f3metros y un ancho de entre 9.0 y 6.0 metros, con acabado de doble tratamiento superficial bituminoso (DTSB).\u201cGracias Prefecto, est\u00e1 v\u00eda por muchos a\u00f1os hab\u00eda sido anhelada; gracias a usted la v\u00eda est\u00e1 casi lista y ya se podr\u00e1 comercializar los productos con mayor facilidad\u201d, acot\u00f3 Byron Alc\u00edvar, presidente del Club Patria.Est\u00e1 v\u00eda de integraci\u00f3n El Pueblito-Cerecito permitir\u00e1 una mejor comercializaci\u00f3n de los productos de arroz, cilantro, pl\u00e1tano y habas a las dem\u00e1s comunidades y cantones vecinos.El Prefecto resalt\u00f3 que en esta administraci\u00f3n existe el compromiso de trabajar por un desarrollo justo y equitativo para todos los manabitas."}