{"version":"1.0","provider_name":"Prefectura de Manab\u00ed","provider_url":"https:\/\/www.manabi.gob.ec","author_name":"admin","author_url":"https:\/\/www.manabi.gob.ec\/index.php\/author\/admin\/","title":"D\u00cdA HIST\u00d3RICO PARA LAS FAMILIAS DE PLATANALES","type":"rich","width":600,"height":338,"html":"<blockquote class=\"wp-embedded-content\" data-secret=\"tE0dfdCWSt\"><a href=\"https:\/\/www.manabi.gob.ec\/index.php\/dia-historico-para-las-familias-de-platanales\/\">D\u00cdA HIST\u00d3RICO PARA LAS FAMILIAS DE PLATANALES<\/a><\/blockquote><iframe sandbox=\"allow-scripts\" security=\"restricted\" src=\"https:\/\/www.manabi.gob.ec\/index.php\/dia-historico-para-las-familias-de-platanales\/embed\/#?secret=tE0dfdCWSt\" width=\"600\" height=\"338\" title=\"\u00abD\u00cdA HIST\u00d3RICO PARA LAS FAMILIAS DE PLATANALES\u00bb \u2014 Prefectura de Manab\u00ed\" data-secret=\"tE0dfdCWSt\" frameborder=\"0\" marginwidth=\"0\" marginheight=\"0\" scrolling=\"no\" class=\"wp-embedded-content\"><\/iframe><script type=\"text\/javascript\">\n\/* <![CDATA[ *\/\n\/*! This file is auto-generated *\/\n!function(d,l){\"use strict\";l.querySelector&&d.addEventListener&&\"undefined\"!=typeof URL&&(d.wp=d.wp||{},d.wp.receiveEmbedMessage||(d.wp.receiveEmbedMessage=function(e){var t=e.data;if((t||t.secret||t.message||t.value)&&!\/[^a-zA-Z0-9]\/.test(t.secret)){for(var s,r,n,a=l.querySelectorAll('iframe[data-secret=\"'+t.secret+'\"]'),o=l.querySelectorAll('blockquote[data-secret=\"'+t.secret+'\"]'),c=new RegExp(\"^https?:$\",\"i\"),i=0;i<o.length;i++)o[i].style.display=\"none\";for(i=0;i<a.length;i++)s=a[i],e.source===s.contentWindow&&(s.removeAttribute(\"style\"),\"height\"===t.message?(1e3<(r=parseInt(t.value,10))?r=1e3:~~r<200&&(r=200),s.height=r):\"link\"===t.message&&(r=new URL(s.getAttribute(\"src\")),n=new URL(t.value),c.test(n.protocol))&&n.host===r.host&&l.activeElement===s&&(d.top.location.href=t.value))}},d.addEventListener(\"message\",d.wp.receiveEmbedMessage,!1),l.addEventListener(\"DOMContentLoaded\",function(){for(var e,t,s=l.querySelectorAll(\"iframe.wp-embedded-content\"),r=0;r<s.length;r++)(t=(e=s[r]).getAttribute(\"data-secret\"))||(t=Math.random().toString(36).substring(2,12),e.src+=\"#?secret=\"+t,e.setAttribute(\"data-secret\",t)),e.contentWindow.postMessage({message:\"ready\",secret:t},\"*\")},!1)))}(window,document);\n\/* ]]> *\/\n<\/script>\n","thumbnail_url":"https:\/\/www.manabi.gob.ec\/wp-content\/uploads\/2021\/03\/Platanales-inauguracion-1.jpeg","thumbnail_width":1600,"thumbnail_height":1201,"description":"Platanales vivi\u00f3, este s\u00e1bado 20 de marzo, una jornada de fiesta y celebraci\u00f3n, con motivo de la entrega oficial de la v\u00eda que conduce desde la cabecera cantonal hacia esta comunidad de agricultores y pescadores de Puerto L\u00f3pez. Esta v\u00eda, de 3.3 kil\u00f3metros, fue construida con recursos propios del Gobierno de Manab\u00ed, con una inversi\u00f3n de m\u00e1s de 780 mil d\u00f3lares m\u00e1s IVA, para beneficio directo de m\u00e1s de 400 habitantes. \"Este es un d\u00eda hist\u00f3rico\", dijeron los representantes ciudadanos que intervinieron en el acto de inauguraci\u00f3n de esta obra vial que queda a nivel de carpeta asf\u00e1ltica de 2 pulgadas, con guardav\u00edas iluminadas, se\u00f1al\u00e9tica horizontal y vertical, y el mejoramiento de un bad\u00e9n. Alberto Berm\u00fadez, morador del sector, propuso que se hagan las gestiones para que esta v\u00eda lleve el nombre de Leonardo Orlando, en reconocimiento a quien hizo realidad un sue\u00f1o que cre\u00edan imposible de cristalizar. \"Son 55 a\u00f1os que tengo, y desde que me conozco esta v\u00eda ya se ven\u00eda gestionando. Hoy es un d\u00eda hist\u00f3rico, porque se ha hecho realidad gracias a la decisi\u00f3n del economista Orlando\", dijo Mauricio Chiquito. \"Nos complace hacer realidad sus anhelos y entrega de esta v\u00eda, que es la primera de este nivel que ejecutamos desde cero. Una obra muy importante porque genera oportunidades y mejora la calidad de vida\", manifest\u00f3 el Prefecto, a quien Danilo Figueroa le entreg\u00f3 una placa de reconocimiento \"por su ardua labor\"."}