{"version":"1.0","provider_name":"Prefectura de Manab\u00ed","provider_url":"https:\/\/www.manabi.gob.ec","author_name":"Lui Ochoa","author_url":"https:\/\/www.manabi.gob.ec\/index.php\/author\/lochoa\/","title":"\u00a1 Energ\u00eda y sabor, por el D\u00eda del Chocolate ! - Prefectura de Manab\u00ed","type":"rich","width":600,"height":338,"html":"<blockquote class=\"wp-embedded-content\" data-secret=\"u0IMEqRnOG\"><a href=\"https:\/\/www.manabi.gob.ec\/index.php\/energia-y-sabor-por-el-dia-del-chocolate\/\">\u00a1 Energ\u00eda y sabor, por el D\u00eda del Chocolate !<\/a><\/blockquote><iframe sandbox=\"allow-scripts\" security=\"restricted\" src=\"https:\/\/www.manabi.gob.ec\/index.php\/energia-y-sabor-por-el-dia-del-chocolate\/embed\/#?secret=u0IMEqRnOG\" width=\"600\" height=\"338\" title=\"\u00ab\u00a1 Energ\u00eda y sabor, por el D\u00eda del Chocolate !\u00bb \u2014 Prefectura de Manab\u00ed\" data-secret=\"u0IMEqRnOG\" frameborder=\"0\" marginwidth=\"0\" marginheight=\"0\" scrolling=\"no\" class=\"wp-embedded-content\"><\/iframe><script type=\"text\/javascript\">\n\/* <![CDATA[ *\/\n\/*! This file is auto-generated *\/\n!function(d,l){\"use strict\";l.querySelector&&d.addEventListener&&\"undefined\"!=typeof URL&&(d.wp=d.wp||{},d.wp.receiveEmbedMessage||(d.wp.receiveEmbedMessage=function(e){var t=e.data;if((t||t.secret||t.message||t.value)&&!\/[^a-zA-Z0-9]\/.test(t.secret)){for(var s,r,n,a=l.querySelectorAll('iframe[data-secret=\"'+t.secret+'\"]'),o=l.querySelectorAll('blockquote[data-secret=\"'+t.secret+'\"]'),c=new RegExp(\"^https?:$\",\"i\"),i=0;i<o.length;i++)o[i].style.display=\"none\";for(i=0;i<a.length;i++)s=a[i],e.source===s.contentWindow&&(s.removeAttribute(\"style\"),\"height\"===t.message?(1e3<(r=parseInt(t.value,10))?r=1e3:~~r<200&&(r=200),s.height=r):\"link\"===t.message&&(r=new URL(s.getAttribute(\"src\")),n=new URL(t.value),c.test(n.protocol))&&n.host===r.host&&l.activeElement===s&&(d.top.location.href=t.value))}},d.addEventListener(\"message\",d.wp.receiveEmbedMessage,!1),l.addEventListener(\"DOMContentLoaded\",function(){for(var e,t,s=l.querySelectorAll(\"iframe.wp-embedded-content\"),r=0;r<s.length;r++)(t=(e=s[r]).getAttribute(\"data-secret\"))||(t=Math.random().toString(36).substring(2,12),e.src+=\"#?secret=\"+t,e.setAttribute(\"data-secret\",t)),e.contentWindow.postMessage({message:\"ready\",secret:t},\"*\")},!1)))}(window,document);\n\/* ]]> *\/\n<\/script>\n","thumbnail_url":"https:\/\/www.manabi.gob.ec\/wp-content\/uploads\/2022\/09\/WhatsApp-Image-2022-09-13-at-9.47.53-AM.jpeg","thumbnail_width":1600,"thumbnail_height":1200,"description":"Los emprendedores manabitas: Samor, Choconett, Alfajores Mikeley y Dely Soya, te invitan a celebrar el este gran d\u00eda del chocolate con sabor a lo nuestro. En los exteriores del edificio de la Prefectura, en las calles C\u00f3rdova, entre Olmedo y Ricaurte, se est\u00e1n promocionando productos de la marca 100% Hecho en Manab\u00ed."}