{"version":"1.0","provider_name":"Prefectura de Manab\u00ed","provider_url":"https:\/\/www.manabi.gob.ec","author_name":"Lui Ochoa","author_url":"https:\/\/www.manabi.gob.ec\/index.php\/author\/lochoa\/","title":"\u00a1 Jama renace con justicia y equidad ! - Prefectura de Manab\u00ed","type":"rich","width":600,"height":338,"html":"<blockquote class=\"wp-embedded-content\" data-secret=\"8DxTYqGeRS\"><a href=\"https:\/\/www.manabi.gob.ec\/index.php\/jama-renace-con-justicia-y-equidad\/\">\u00a1 Jama renace con justicia y equidad !<\/a><\/blockquote><iframe sandbox=\"allow-scripts\" security=\"restricted\" src=\"https:\/\/www.manabi.gob.ec\/index.php\/jama-renace-con-justicia-y-equidad\/embed\/#?secret=8DxTYqGeRS\" width=\"600\" height=\"338\" title=\"\u00ab\u00a1 Jama renace con justicia y equidad !\u00bb \u2014 Prefectura de Manab\u00ed\" data-secret=\"8DxTYqGeRS\" frameborder=\"0\" marginwidth=\"0\" marginheight=\"0\" scrolling=\"no\" class=\"wp-embedded-content\"><\/iframe><script type=\"text\/javascript\">\n\/* <![CDATA[ *\/\n\/*! This file is auto-generated *\/\n!function(d,l){\"use strict\";l.querySelector&&d.addEventListener&&\"undefined\"!=typeof URL&&(d.wp=d.wp||{},d.wp.receiveEmbedMessage||(d.wp.receiveEmbedMessage=function(e){var t=e.data;if((t||t.secret||t.message||t.value)&&!\/[^a-zA-Z0-9]\/.test(t.secret)){for(var s,r,n,a=l.querySelectorAll('iframe[data-secret=\"'+t.secret+'\"]'),o=l.querySelectorAll('blockquote[data-secret=\"'+t.secret+'\"]'),c=new RegExp(\"^https?:$\",\"i\"),i=0;i<o.length;i++)o[i].style.display=\"none\";for(i=0;i<a.length;i++)s=a[i],e.source===s.contentWindow&&(s.removeAttribute(\"style\"),\"height\"===t.message?(1e3<(r=parseInt(t.value,10))?r=1e3:~~r<200&&(r=200),s.height=r):\"link\"===t.message&&(r=new URL(s.getAttribute(\"src\")),n=new URL(t.value),c.test(n.protocol))&&n.host===r.host&&l.activeElement===s&&(d.top.location.href=t.value))}},d.addEventListener(\"message\",d.wp.receiveEmbedMessage,!1),l.addEventListener(\"DOMContentLoaded\",function(){for(var e,t,s=l.querySelectorAll(\"iframe.wp-embedded-content\"),r=0;r<s.length;r++)(t=(e=s[r]).getAttribute(\"data-secret\"))||(t=Math.random().toString(36).substring(2,12),e.src+=\"#?secret=\"+t,e.setAttribute(\"data-secret\",t)),e.contentWindow.postMessage({message:\"ready\",secret:t},\"*\")},!1)))}(window,document);\n\/* ]]> *\/\n<\/script>\n","thumbnail_url":"https:\/\/www.manabi.gob.ec\/wp-content\/uploads\/2022\/04\/WhatsApp-Image-2022-04-22-at-7.55.06-PM-1-1.jpg","thumbnail_width":1296,"thumbnail_height":864,"description":"En Jama hay fiesta y esperanza\", con est\u00e1 frase el prefecto, Leonardo Orlando, inici\u00f3 su discurso durante el acto de inauguraci\u00f3n de las 5 calles y 1 avenida a nivel de carpeta asf\u00e1ltica.La obra demand\u00f3 una inversi\u00f3n que sobrepasa los 300 mil d\u00f3lares, y el trabajo en equipo del GAD Manab\u00ed y el municipio de Jama. El aporte del GAD fue de $ 245,033, 02 y el municipio $ 61. 258, 26. \"Leonardo Orlando, sintoniz\u00f3 el clamor de los habitantes de Jama, y cuando existe voluntad se consigue lo que los pueblos anhelamos\", dijo el alcalde de Jama, Robert Castro. \" Gracias a un convenio 80\/20, hoy se entrega est\u00e1 gran obra para Jama\", dijo el Prefecto, quien hizo otros importantes anuncios para la gente de Jama. \"Ya hemos postulado, no es una expectativa una v\u00eda que cambiar\u00e1 la historia de Jama, la v\u00eda a nivel de doble riego asf\u00e1ltico Jama- Don Juan - La Divisi\u00f3n, con una inversi\u00f3n de m\u00e1s de un mill\u00f3n de d\u00f3lares\", indic\u00f3 Orlando. Otra obra que anunci\u00f3 la autoridad provincial fue la reubicaci\u00f3n del puente bailey que se encuentre en la v\u00eda Jama - Canoa. \"Vamos a integrar la zona urbana de Jama con dos comunidades pesqueras como El Matal y Campamento, ya se iniciaron los estudios de suelo\", indic\u00f3 el Prefecto.El acto de inauguraci\u00f3n se desarroll\u00f3 este viernes 22 de abril, con la presencia de autoridades locales y ciudadan\u00eda en general."}