{"version":"1.0","provider_name":"Prefectura de Manab\u00ed","provider_url":"https:\/\/www.manabi.gob.ec","author_name":"Lui Ochoa","author_url":"https:\/\/www.manabi.gob.ec\/index.php\/author\/lochoa\/","title":"La Prefectura interviene la v\u00eda Paj\u00e1n \u2013 Campozano - Prefectura de Manab\u00ed","type":"rich","width":600,"height":338,"html":"<blockquote class=\"wp-embedded-content\" data-secret=\"HGxLCaghvg\"><a href=\"https:\/\/www.manabi.gob.ec\/index.php\/la-prefectura-interviene-la-via-pajan-campozano\/\">La Prefectura interviene la v\u00eda Paj\u00e1n \u2013 Campozano<\/a><\/blockquote><iframe sandbox=\"allow-scripts\" security=\"restricted\" src=\"https:\/\/www.manabi.gob.ec\/index.php\/la-prefectura-interviene-la-via-pajan-campozano\/embed\/#?secret=HGxLCaghvg\" width=\"600\" height=\"338\" title=\"\u00abLa Prefectura interviene la v\u00eda Paj\u00e1n \u2013 Campozano\u00bb \u2014 Prefectura de Manab\u00ed\" data-secret=\"HGxLCaghvg\" frameborder=\"0\" marginwidth=\"0\" marginheight=\"0\" scrolling=\"no\" class=\"wp-embedded-content\"><\/iframe><script type=\"text\/javascript\">\n\/* <![CDATA[ *\/\n\/*! This file is auto-generated *\/\n!function(d,l){\"use strict\";l.querySelector&&d.addEventListener&&\"undefined\"!=typeof URL&&(d.wp=d.wp||{},d.wp.receiveEmbedMessage||(d.wp.receiveEmbedMessage=function(e){var t=e.data;if((t||t.secret||t.message||t.value)&&!\/[^a-zA-Z0-9]\/.test(t.secret)){for(var s,r,n,a=l.querySelectorAll('iframe[data-secret=\"'+t.secret+'\"]'),o=l.querySelectorAll('blockquote[data-secret=\"'+t.secret+'\"]'),c=new RegExp(\"^https?:$\",\"i\"),i=0;i<o.length;i++)o[i].style.display=\"none\";for(i=0;i<a.length;i++)s=a[i],e.source===s.contentWindow&&(s.removeAttribute(\"style\"),\"height\"===t.message?(1e3<(r=parseInt(t.value,10))?r=1e3:~~r<200&&(r=200),s.height=r):\"link\"===t.message&&(r=new URL(s.getAttribute(\"src\")),n=new URL(t.value),c.test(n.protocol))&&n.host===r.host&&l.activeElement===s&&(d.top.location.href=t.value))}},d.addEventListener(\"message\",d.wp.receiveEmbedMessage,!1),l.addEventListener(\"DOMContentLoaded\",function(){for(var e,t,s=l.querySelectorAll(\"iframe.wp-embedded-content\"),r=0;r<s.length;r++)(t=(e=s[r]).getAttribute(\"data-secret\"))||(t=Math.random().toString(36).substring(2,12),e.src+=\"#?secret=\"+t,e.setAttribute(\"data-secret\",t)),e.contentWindow.postMessage({message:\"ready\",secret:t},\"*\")},!1)))}(window,document);\n\/* ]]> *\/\n<\/script>\n","thumbnail_url":"https:\/\/www.manabi.gob.ec\/wp-content\/uploads\/2024\/02\/WhatsApp-Image-2024-01-30-at-16.21.03.jpeg","thumbnail_width":1280,"thumbnail_height":853,"description":"Personal y maquinaria de la Prefectura de Manab\u00ed trabajan en la reconformaci\u00f3n de la v\u00eda Paj\u00e1n \u2013 Campozano, de 5.7 kil\u00f3metros. El objetivo es mejorar las condiciones para la transportaci\u00f3n sobre esta arteria vial que se ha visto afectada por la estaci\u00f3n lluviosa. Para estas labores, que iniciaron desde hace una semana, se cuenta con [&hellip;]"}