{"version":"1.0","provider_name":"Prefectura de Manab\u00ed","provider_url":"https:\/\/www.manabi.gob.ec","author_name":"Lui Ochoa","author_url":"https:\/\/www.manabi.gob.ec\/index.php\/author\/lochoa\/","title":"\u00a1M\u00c1S OBRAS PARA SANTA ANA! - Prefectura de Manab\u00ed","type":"rich","width":600,"height":338,"html":"<blockquote class=\"wp-embedded-content\" data-secret=\"n2LM2D1I5U\"><a href=\"https:\/\/www.manabi.gob.ec\/index.php\/mas-obras-para-santa-ana\/\">\u00a1M\u00c1S OBRAS PARA SANTA ANA!<\/a><\/blockquote><iframe sandbox=\"allow-scripts\" security=\"restricted\" src=\"https:\/\/www.manabi.gob.ec\/index.php\/mas-obras-para-santa-ana\/embed\/#?secret=n2LM2D1I5U\" width=\"600\" height=\"338\" title=\"\u00ab\u00a1M\u00c1S OBRAS PARA SANTA ANA!\u00bb \u2014 Prefectura de Manab\u00ed\" data-secret=\"n2LM2D1I5U\" frameborder=\"0\" marginwidth=\"0\" marginheight=\"0\" scrolling=\"no\" class=\"wp-embedded-content\"><\/iframe><script type=\"text\/javascript\">\n\/* <![CDATA[ *\/\n\/*! This file is auto-generated *\/\n!function(d,l){\"use strict\";l.querySelector&&d.addEventListener&&\"undefined\"!=typeof URL&&(d.wp=d.wp||{},d.wp.receiveEmbedMessage||(d.wp.receiveEmbedMessage=function(e){var t=e.data;if((t||t.secret||t.message||t.value)&&!\/[^a-zA-Z0-9]\/.test(t.secret)){for(var s,r,n,a=l.querySelectorAll('iframe[data-secret=\"'+t.secret+'\"]'),o=l.querySelectorAll('blockquote[data-secret=\"'+t.secret+'\"]'),c=new RegExp(\"^https?:$\",\"i\"),i=0;i<o.length;i++)o[i].style.display=\"none\";for(i=0;i<a.length;i++)s=a[i],e.source===s.contentWindow&&(s.removeAttribute(\"style\"),\"height\"===t.message?(1e3<(r=parseInt(t.value,10))?r=1e3:~~r<200&&(r=200),s.height=r):\"link\"===t.message&&(r=new URL(s.getAttribute(\"src\")),n=new URL(t.value),c.test(n.protocol))&&n.host===r.host&&l.activeElement===s&&(d.top.location.href=t.value))}},d.addEventListener(\"message\",d.wp.receiveEmbedMessage,!1),l.addEventListener(\"DOMContentLoaded\",function(){for(var e,t,s=l.querySelectorAll(\"iframe.wp-embedded-content\"),r=0;r<s.length;r++)(t=(e=s[r]).getAttribute(\"data-secret\"))||(t=Math.random().toString(36).substring(2,12),e.src+=\"#?secret=\"+t,e.setAttribute(\"data-secret\",t)),e.contentWindow.postMessage({message:\"ready\",secret:t},\"*\")},!1)))}(window,document);\n\/* ]]> *\/\n<\/script>\n","thumbnail_url":"https:\/\/www.manabi.gob.ec\/wp-content\/uploads\/2022\/08\/WhatsApp-Image-2022-08-02-at-4.45.56-PM.jpeg","thumbnail_width":1296,"thumbnail_height":864,"description":"El Prefecto lleg\u00f3 con buenas noticias a la sesi\u00f3n solemne por los 138 a\u00f1os del primer Cabildo MunicipalEl tradicional desfile c\u00edvico -estudiantil dio inicio a las actividades con las cuales los habitantes y autoridades del cant\u00f3n Santa Ana conmemoraron, est\u00e9 martes 2 de agosto, 138 a\u00f1os de instalaci\u00f3n del primer Cabildo Municipal.El prefecto, Leonardo Orlando, se uni\u00f3 a la celebraci\u00f3n. Durante la sesi\u00f3n solemne entreg\u00f3 el acuerdo de felicitaci\u00f3n de la Corporaci\u00f3n Provincial, ratific\u00f3 su compromiso de trabajo por el desarrollo de este cant\u00f3n, y anunci\u00f3 la construcci\u00f3n de nuevos puentes y v\u00edas para beneficio de varias comunidades rurales y la integraci\u00f3n de Santa Ana con cantones vecinos.\u201cSe acaba de iniciar el proceso precontractual, con la solicitud del informe de pertinencia a la Contralor\u00eda General del Estado, de un proceso de licitaci\u00f3n por cerca de 1.8 millones de d\u00f3lares, para el proyecto vial que beneficiar\u00e1 a las comunidades antes olvidadas de Aguas Amargas, Camino Nuevo, Quebrada Grande, y Tierras Negras\u201d, expres\u00f3 el Prefecto.Manifest\u00f3 que con este nuevo proyecto, la inversi\u00f3n de la Prefectura en Santa Ana, en los diversos \u00e1mbitos de su competencia, supera los nueve millones de d\u00f3lares, en los tres a\u00f1os de su gesti\u00f3n."}