{"version":"1.0","provider_name":"Prefectura de Manab\u00ed","provider_url":"https:\/\/www.manabi.gob.ec","author_name":"Lui Ochoa","author_url":"https:\/\/www.manabi.gob.ec\/index.php\/author\/lochoa\/","title":"\u00a1NUEVA ALIANZA POR LA SALUD VISUAL! - Prefectura de Manab\u00ed","type":"rich","width":600,"height":338,"html":"<blockquote class=\"wp-embedded-content\" data-secret=\"5bRC8iQA1Q\"><a href=\"https:\/\/www.manabi.gob.ec\/index.php\/nueva-alianza-por-la-salud-visual\/\">\u00a1NUEVA ALIANZA POR LA SALUD VISUAL!<\/a><\/blockquote><iframe sandbox=\"allow-scripts\" security=\"restricted\" src=\"https:\/\/www.manabi.gob.ec\/index.php\/nueva-alianza-por-la-salud-visual\/embed\/#?secret=5bRC8iQA1Q\" width=\"600\" height=\"338\" title=\"\u00ab\u00a1NUEVA ALIANZA POR LA SALUD VISUAL!\u00bb \u2014 Prefectura de Manab\u00ed\" data-secret=\"5bRC8iQA1Q\" frameborder=\"0\" marginwidth=\"0\" marginheight=\"0\" scrolling=\"no\" class=\"wp-embedded-content\"><\/iframe><script type=\"text\/javascript\">\n\/* <![CDATA[ *\/\n\/*! This file is auto-generated *\/\n!function(d,l){\"use strict\";l.querySelector&&d.addEventListener&&\"undefined\"!=typeof URL&&(d.wp=d.wp||{},d.wp.receiveEmbedMessage||(d.wp.receiveEmbedMessage=function(e){var t=e.data;if((t||t.secret||t.message||t.value)&&!\/[^a-zA-Z0-9]\/.test(t.secret)){for(var s,r,n,a=l.querySelectorAll('iframe[data-secret=\"'+t.secret+'\"]'),o=l.querySelectorAll('blockquote[data-secret=\"'+t.secret+'\"]'),c=new RegExp(\"^https?:$\",\"i\"),i=0;i<o.length;i++)o[i].style.display=\"none\";for(i=0;i<a.length;i++)s=a[i],e.source===s.contentWindow&&(s.removeAttribute(\"style\"),\"height\"===t.message?(1e3<(r=parseInt(t.value,10))?r=1e3:~~r<200&&(r=200),s.height=r):\"link\"===t.message&&(r=new URL(s.getAttribute(\"src\")),n=new URL(t.value),c.test(n.protocol))&&n.host===r.host&&l.activeElement===s&&(d.top.location.href=t.value))}},d.addEventListener(\"message\",d.wp.receiveEmbedMessage,!1),l.addEventListener(\"DOMContentLoaded\",function(){for(var e,t,s=l.querySelectorAll(\"iframe.wp-embedded-content\"),r=0;r<s.length;r++)(t=(e=s[r]).getAttribute(\"data-secret\"))||(t=Math.random().toString(36).substring(2,12),e.src+=\"#?secret=\"+t,e.setAttribute(\"data-secret\",t)),e.contentWindow.postMessage({message:\"ready\",secret:t},\"*\")},!1)))}(window,document);\n\/* ]]> *\/\n<\/script>\n","thumbnail_url":"https:\/\/www.manabi.gob.ec\/wp-content\/uploads\/2022\/08\/WhatsApp-Image-2022-08-18-at-3.55.36-PM.jpeg","thumbnail_width":1296,"thumbnail_height":864,"description":"La Prefectura y la Fundaci\u00f3n Dr. Oswaldo Loor trabajar\u00e1n en la prevenci\u00f3n de la discapacidad visual de m\u00e1s de 5 mil estudiantes Este d\u00eda, el prefecto de Manab\u00ed, Leonardo Orlando, particip\u00f3 en la socializaci\u00f3n del proyecto programa escolar presentado por la fundaci\u00f3n Dr. Oswaldo Loor. Esta propuesta tiene como objetivo la prevenci\u00f3n de la discapacidad [&hellip;]"}