{"version":"1.0","provider_name":"Prefectura de Manab\u00ed","provider_url":"https:\/\/www.manabi.gob.ec","author_name":"Lui Ochoa","author_url":"https:\/\/www.manabi.gob.ec\/index.php\/author\/lochoa\/","title":"PedernalesCelebramos 31 a\u00f1os de cantonizaci\u00f3n - Prefectura de Manab\u00ed","type":"rich","width":600,"height":338,"html":"<blockquote class=\"wp-embedded-content\" data-secret=\"uziBQGpOMW\"><a href=\"https:\/\/www.manabi.gob.ec\/index.php\/pedernalescelebramos-31-anos-de-cantonizacion\/\">Pedernales<br>Celebramos 31 a\u00f1os de cantonizaci\u00f3n<\/a><\/blockquote><iframe sandbox=\"allow-scripts\" security=\"restricted\" src=\"https:\/\/www.manabi.gob.ec\/index.php\/pedernalescelebramos-31-anos-de-cantonizacion\/embed\/#?secret=uziBQGpOMW\" width=\"600\" height=\"338\" title=\"\u00abPedernales&lt;br&gt;Celebramos 31 a\u00f1os de cantonizaci\u00f3n\u00bb \u2014 Prefectura de Manab\u00ed\" data-secret=\"uziBQGpOMW\" frameborder=\"0\" marginwidth=\"0\" marginheight=\"0\" scrolling=\"no\" class=\"wp-embedded-content\"><\/iframe><script type=\"text\/javascript\">\n\/* <![CDATA[ *\/\n\/*! This file is auto-generated *\/\n!function(d,l){\"use strict\";l.querySelector&&d.addEventListener&&\"undefined\"!=typeof URL&&(d.wp=d.wp||{},d.wp.receiveEmbedMessage||(d.wp.receiveEmbedMessage=function(e){var t=e.data;if((t||t.secret||t.message||t.value)&&!\/[^a-zA-Z0-9]\/.test(t.secret)){for(var s,r,n,a=l.querySelectorAll('iframe[data-secret=\"'+t.secret+'\"]'),o=l.querySelectorAll('blockquote[data-secret=\"'+t.secret+'\"]'),c=new RegExp(\"^https?:$\",\"i\"),i=0;i<o.length;i++)o[i].style.display=\"none\";for(i=0;i<a.length;i++)s=a[i],e.source===s.contentWindow&&(s.removeAttribute(\"style\"),\"height\"===t.message?(1e3<(r=parseInt(t.value,10))?r=1e3:~~r<200&&(r=200),s.height=r):\"link\"===t.message&&(r=new URL(s.getAttribute(\"src\")),n=new URL(t.value),c.test(n.protocol))&&n.host===r.host&&l.activeElement===s&&(d.top.location.href=t.value))}},d.addEventListener(\"message\",d.wp.receiveEmbedMessage,!1),l.addEventListener(\"DOMContentLoaded\",function(){for(var e,t,s=l.querySelectorAll(\"iframe.wp-embedded-content\"),r=0;r<s.length;r++)(t=(e=s[r]).getAttribute(\"data-secret\"))||(t=Math.random().toString(36).substring(2,12),e.src+=\"#?secret=\"+t,e.setAttribute(\"data-secret\",t)),e.contentWindow.postMessage({message:\"ready\",secret:t},\"*\")},!1)))}(window,document);\n\/* ]]> *\/\n<\/script>\n","thumbnail_url":"https:\/\/www.manabi.gob.ec\/wp-content\/uploads\/2023\/04\/WhatsApp-Image-2023-03-31-at-17.33.40.jpeg","thumbnail_width":1024,"thumbnail_height":745,"description":"La prefecta de Manab\u00ed (s), Kelly Buenaventura Moreira, particip\u00f3 de la sesi\u00f3n solemne que se realiz\u00f3 en Pedernales, al cumplir 31 a\u00f1os de cantonizaci\u00f3n, este 31 de marzo. En el evento intervino la autoridad provincial dando a conocer la inversi\u00f3n que ha realizado la Prefectura de Manab\u00ed en todas sus competencias. En obras viales se [&hellip;]"}