{"version":"1.0","provider_name":"Prefectura de Manab\u00ed","provider_url":"https:\/\/www.manabi.gob.ec","author_name":"Lui Ochoa","author_url":"https:\/\/www.manabi.gob.ec\/index.php\/author\/lochoa\/","title":"PROMOVIENDO UN FUTURO CIRCULAR SOSTENIBLE EN MANAB\u00cd - Prefectura de Manab\u00ed","type":"rich","width":600,"height":338,"html":"<blockquote class=\"wp-embedded-content\" data-secret=\"rfkTeksQ1d\"><a href=\"https:\/\/www.manabi.gob.ec\/index.php\/promoviendo-un-futuro-circular-sostenible-en-manabi\/\">PROMOVIENDO UN FUTURO CIRCULAR SOSTENIBLE EN MANAB\u00cd<\/a><\/blockquote><iframe sandbox=\"allow-scripts\" security=\"restricted\" src=\"https:\/\/www.manabi.gob.ec\/index.php\/promoviendo-un-futuro-circular-sostenible-en-manabi\/embed\/#?secret=rfkTeksQ1d\" width=\"600\" height=\"338\" title=\"\u00abPROMOVIENDO UN FUTURO CIRCULAR SOSTENIBLE EN MANAB\u00cd\u00bb \u2014 Prefectura de Manab\u00ed\" data-secret=\"rfkTeksQ1d\" frameborder=\"0\" marginwidth=\"0\" marginheight=\"0\" scrolling=\"no\" class=\"wp-embedded-content\"><\/iframe><script type=\"text\/javascript\">\n\/* <![CDATA[ *\/\n\/*! This file is auto-generated *\/\n!function(d,l){\"use strict\";l.querySelector&&d.addEventListener&&\"undefined\"!=typeof URL&&(d.wp=d.wp||{},d.wp.receiveEmbedMessage||(d.wp.receiveEmbedMessage=function(e){var t=e.data;if((t||t.secret||t.message||t.value)&&!\/[^a-zA-Z0-9]\/.test(t.secret)){for(var s,r,n,a=l.querySelectorAll('iframe[data-secret=\"'+t.secret+'\"]'),o=l.querySelectorAll('blockquote[data-secret=\"'+t.secret+'\"]'),c=new RegExp(\"^https?:$\",\"i\"),i=0;i<o.length;i++)o[i].style.display=\"none\";for(i=0;i<a.length;i++)s=a[i],e.source===s.contentWindow&&(s.removeAttribute(\"style\"),\"height\"===t.message?(1e3<(r=parseInt(t.value,10))?r=1e3:~~r<200&&(r=200),s.height=r):\"link\"===t.message&&(r=new URL(s.getAttribute(\"src\")),n=new URL(t.value),c.test(n.protocol))&&n.host===r.host&&l.activeElement===s&&(d.top.location.href=t.value))}},d.addEventListener(\"message\",d.wp.receiveEmbedMessage,!1),l.addEventListener(\"DOMContentLoaded\",function(){for(var e,t,s=l.querySelectorAll(\"iframe.wp-embedded-content\"),r=0;r<s.length;r++)(t=(e=s[r]).getAttribute(\"data-secret\"))||(t=Math.random().toString(36).substring(2,12),e.src+=\"#?secret=\"+t,e.setAttribute(\"data-secret\",t)),e.contentWindow.postMessage({message:\"ready\",secret:t},\"*\")},!1)))}(window,document);\n\/* ]]> *\/\n<\/script>\n","thumbnail_url":"https:\/\/www.manabi.gob.ec\/wp-content\/uploads\/2023\/07\/WhatsApp-Image-2023-07-04-at-16.51.13.jpeg","thumbnail_width":1024,"thumbnail_height":654,"description":"La Prefectura de Manab\u00ed anuncia el lanzamiento del proyecto \u00abFuturo Circular: hacia un modelo de producci\u00f3n y consumo sostenible para el Ecuador\u00bb. Este ambicioso programa tiene como objetivo principal promover procesos de desarrollo social centrados en la transici\u00f3n hacia una econom\u00eda circular en la provincia de Manab\u00ed, Ecuador. El proyecto se basa en la implementaci\u00f3n [&hellip;]"}