{"version":"1.0","provider_name":"Prefectura de Manab\u00ed","provider_url":"https:\/\/www.manabi.gob.ec","author_name":"Lui Ochoa","author_url":"https:\/\/www.manabi.gob.ec\/index.php\/author\/lochoa\/","title":"\u00a1SOMOS EL SABOR DEL MUNDO! - Prefectura de Manab\u00ed","type":"rich","width":600,"height":338,"html":"<blockquote class=\"wp-embedded-content\" data-secret=\"GnOAF3yrNt\"><a href=\"https:\/\/www.manabi.gob.ec\/index.php\/somos-el-sabor-del-mundo\/\">\u00a1SOMOS EL SABOR DEL MUNDO!<\/a><\/blockquote><iframe sandbox=\"allow-scripts\" security=\"restricted\" src=\"https:\/\/www.manabi.gob.ec\/index.php\/somos-el-sabor-del-mundo\/embed\/#?secret=GnOAF3yrNt\" width=\"600\" height=\"338\" title=\"\u00ab\u00a1SOMOS EL SABOR DEL MUNDO!\u00bb \u2014 Prefectura de Manab\u00ed\" data-secret=\"GnOAF3yrNt\" frameborder=\"0\" marginwidth=\"0\" marginheight=\"0\" scrolling=\"no\" class=\"wp-embedded-content\"><\/iframe><script type=\"text\/javascript\">\n\/* <![CDATA[ *\/\n\/*! This file is auto-generated *\/\n!function(d,l){\"use strict\";l.querySelector&&d.addEventListener&&\"undefined\"!=typeof URL&&(d.wp=d.wp||{},d.wp.receiveEmbedMessage||(d.wp.receiveEmbedMessage=function(e){var t=e.data;if((t||t.secret||t.message||t.value)&&!\/[^a-zA-Z0-9]\/.test(t.secret)){for(var s,r,n,a=l.querySelectorAll('iframe[data-secret=\"'+t.secret+'\"]'),o=l.querySelectorAll('blockquote[data-secret=\"'+t.secret+'\"]'),c=new RegExp(\"^https?:$\",\"i\"),i=0;i<o.length;i++)o[i].style.display=\"none\";for(i=0;i<a.length;i++)s=a[i],e.source===s.contentWindow&&(s.removeAttribute(\"style\"),\"height\"===t.message?(1e3<(r=parseInt(t.value,10))?r=1e3:~~r<200&&(r=200),s.height=r):\"link\"===t.message&&(r=new URL(s.getAttribute(\"src\")),n=new URL(t.value),c.test(n.protocol))&&n.host===r.host&&l.activeElement===s&&(d.top.location.href=t.value))}},d.addEventListener(\"message\",d.wp.receiveEmbedMessage,!1),l.addEventListener(\"DOMContentLoaded\",function(){for(var e,t,s=l.querySelectorAll(\"iframe.wp-embedded-content\"),r=0;r<s.length;r++)(t=(e=s[r]).getAttribute(\"data-secret\"))||(t=Math.random().toString(36).substring(2,12),e.src+=\"#?secret=\"+t,e.setAttribute(\"data-secret\",t)),e.contentWindow.postMessage({message:\"ready\",secret:t},\"*\")},!1)))}(window,document);\n\/* ]]> *\/\n<\/script>\n","thumbnail_url":"https:\/\/www.manabi.gob.ec\/wp-content\/uploads\/2024\/12\/WhatsApp-Image-2024-12-10-at-10.01.57-PM.jpeg","thumbnail_width":1600,"thumbnail_height":1066,"description":"Manab\u00ed es la primera Regi\u00f3n Gastron\u00f3mica Mundial de Am\u00e9rica \u00abHoy la gastronom\u00eda manabita se pone en el sitial m\u00e1s alto que haya tenido un territorio del Ecuador, al ser designada como la nueva Regi\u00f3n Gastron\u00f3mica Mundial 2026\u00bb, expres\u00f3 el prefecto Leonardo Orlando, durante la rueda de prensa que convoc\u00f3 el&nbsp;Comit\u00e9 Promotor&nbsp;de Manab\u00ed Gastronom\u00eda Milenaria luego [&hellip;]"}