{"id":15036,"date":"2020-08-25T19:49:25","date_gmt":"2020-08-25T19:49:25","guid":{"rendered":"http:\/\/www.manabi.gob.ec\/?page_id=15036"},"modified":"2021-02-24T14:15:52","modified_gmt":"2021-02-24T14:15:52","slug":"junin","status":"publish","type":"page","link":"https:\/\/www.manabi.gob.ec\/index.php\/junin\/","title":{"rendered":"Junin"},"content":{"rendered":"<p>[vc_row][vc_column width=\u00bb1\/4&#8243;][vc_empty_space][vc_column_text]<strong>Cabecera Cantonal<\/strong><br \/>\nJun\u00edn (cant\u00f3n)<br \/>\n<strong>Parroquias Urbanas<\/strong><\/p>\n<p>Jun\u00edn (parroquia)<\/p>\n<p><img loading=\"lazy\" decoding=\"async\" class=\"alignnone size-full wp-image-15037\" src=\"http:\/\/www.manabi.gob.ec\/wp-content\/uploads\/2020\/08\/escudo-del-canton-junin.gif\" alt=\"\" width=\"120\" height=\"157\" \/><\/p>\n<p><img loading=\"lazy\" decoding=\"async\" class=\"alignnone size-full wp-image-15038\" src=\"http:\/\/www.manabi.gob.ec\/wp-content\/uploads\/2020\/08\/bandera-canton-junin.gif\" alt=\"\" width=\"120\" height=\"63\" \/>[\/vc_column_text][\/vc_column][vc_column width=\u00bb3\/4&#8243;][vc_column_text]<\/p>\n<p data-wahfont=\"14\">Productora de ca\u00f1a de az\u00facar, rubro importante en la econom\u00eda de esta poblaci\u00f3n, producto base de la panela y del licor conocido como \u201cCurrincho\u201d, elaborados en la zona.<\/p>\n<p data-wahfont=\"14\">Entre sus grandes atractivos est\u00e1n las gigantes cuevas, denominadas \u201cLa Casa del Diablo\u201d, que se encuentra en lo alto de uno de sus imponentes cerros. Escalarlo representa diversi\u00f3n para el turista.<\/p>\n<p data-wahfont=\"14\">A\u00fan se encuentran una serie de casas que datan del inicio del siglo pasado, construidas en materiales de esa \u00e9poca. Las lidias de gallo son muy concurridas, donde se dan encuentros de grandes galleros.<\/p>\n<p data-wahfont=\"14\"><strong>Municipio de Jun\u00edn<\/strong><br \/>\n(593) 05 \u2013 2689123 \/ 2689125<\/p>\n<section class=\"post_content\">\n<h2 style=\"text-align: center;\" data-wahfont=\"21\"><span data-wahfont=\"21\">HIMNO DEL CANT\u00d3N JUN\u00cdN<\/span><\/h2>\n<div class=\"sc_line sc_line_position_center_center sc_line_style_solid\" style=\"text-align: center;\"><\/div>\n<p style=\"text-align: center;\" data-wahfont=\"14\"><strong>Letra:<\/strong>\u00a0Amador Vera Vera<br \/>\n<strong>M\u00fasica:<\/strong>\u00a0Constantino Mendoza Moreira<\/p>\n<p style=\"text-align: center;\" data-wahfont=\"14\"><b>CORO<\/b><\/p>\n<p style=\"text-align: center;\" data-wahfont=\"14\">De tu nombre Jun\u00edn que se encumbra<br \/>\nYa el clar\u00edn la victoria resuena,<br \/>\n\/\/Donde el triunfo que es fama y es gloria,<br \/>\nJuventud Juninense es tu honor!\/\/<\/p>\n<p style=\"text-align: center;\" data-wahfont=\"14\"><b>ESTROFAS<\/b><\/p>\n<p style=\"text-align: center;\" data-wahfont=\"14\">Compatriotas Cantemos gozosos,<br \/>\nCon la fe sostenida en lo alto<br \/>\nDel orgullo que cabe en los pechos<br \/>\nEntonando en tu Himno Jun\u00edn<\/p>\n<p style=\"text-align: center;\" data-wahfont=\"14\">Es tu suelo fecundo en riquezas<br \/>\nQue tus hijos en oro convierten<br \/>\nEn la lid del trabajo logrado<br \/>\nPor la lucha constante y tenaz.<\/p>\n<p style=\"text-align: center;\" data-wahfont=\"14\"><b>CORO<\/b><\/p>\n<p style=\"text-align: center;\" data-wahfont=\"14\">Sus mujeres cual flores son bellas<br \/>\nCual luceros deslumbra y convierte<br \/>\nVan copiando en sus ojos hermosos<br \/>\nDe la fronda paisajes sin fin.<\/p>\n<p style=\"text-align: center;\" data-wahfont=\"14\">Es tu campo de puro embeleso<br \/>\nDonde altivo el cant\u00f3n se levanta<br \/>\nFulgurante lucero que solo<br \/>\n\/ En tu cielo brill\u00f3 Manab\u00ed\/<\/p>\n<\/section>\n<div class=\"post_info post_info_bottom post_info_share post_info_share_horizontal\">\n<div class=\"sc_socials sc_socials_size_small sc_socials_share sc_socials_dir_horizontal\">\n<div class=\"sc_socials_item\"><\/div>\n<\/div>\n<\/div>\n<p>[\/vc_column_text][\/vc_column][\/vc_row]<\/p>\n","protected":false},"excerpt":{"rendered":"<p>[vc_row][vc_column width=\u00bb1\/4&#8243;][vc_empty_space][vc_column_text]Cabecera Cantonal Jun\u00edn (cant\u00f3n) Parroquias Urbanas Jun\u00edn (parroquia) [\/vc_column_text][\/vc_column][vc_column width=\u00bb3\/4&#8243;][vc_column_text] Productora de ca\u00f1a de az\u00facar, rubro importante en la econom\u00eda de esta poblaci\u00f3n, producto base de la panela y del licor conocido como \u201cCurrincho\u201d, elaborados en la zona. Entre sus grandes atractivos est\u00e1n las gigantes cuevas, denominadas \u201cLa Casa del Diablo\u201d, que se encuentra [&hellip;]<\/p>\n","protected":false},"author":1,"featured_media":0,"parent":0,"menu_order":0,"comment_status":"closed","ping_status":"closed","template":"","meta":{"_joinchat":[],"footnotes":""},"class_list":["post-15036","page","type-page","status-publish","hentry"],"yoast_head":"<!-- This site is optimized with the Yoast SEO plugin v27.4 - https:\/\/yoast.com\/product\/yoast-seo-wordpress\/ -->\n<title>Junin - Prefectura de Manab\u00ed<\/title>\n<meta name=\"robots\" content=\"index, follow, max-snippet:-1, max-image-preview:large, max-video-preview:-1\" \/>\n<link rel=\"canonical\" href=\"https:\/\/www.manabi.gob.ec\/index.php\/junin\/\" \/>\n<meta property=\"og:locale\" content=\"es_ES\" \/>\n<meta property=\"og:type\" content=\"article\" \/>\n<meta property=\"og:title\" content=\"Junin - Prefectura de Manab\u00ed\" \/>\n<meta property=\"og:description\" content=\"[vc_row][vc_column width=\u00bb1\/4&#8243;][vc_empty_space][vc_column_text]Cabecera Cantonal Jun\u00edn (cant\u00f3n) Parroquias Urbanas Jun\u00edn (parroquia) [\/vc_column_text][\/vc_column][vc_column width=\u00bb3\/4&#8243;][vc_column_text] Productora de ca\u00f1a de az\u00facar, rubro importante en la econom\u00eda de esta poblaci\u00f3n, producto base de la panela y del licor conocido como \u201cCurrincho\u201d, elaborados en la zona. Entre sus grandes atractivos est\u00e1n las gigantes cuevas, denominadas \u201cLa Casa del Diablo\u201d, que se encuentra [&hellip;]\" \/>\n<meta property=\"og:url\" content=\"https:\/\/www.manabi.gob.ec\/index.php\/junin\/\" \/>\n<meta property=\"og:site_name\" content=\"Prefectura de Manab\u00ed\" \/>\n<meta property=\"article:modified_time\" content=\"2021-02-24T14:15:52+00:00\" \/>\n<meta property=\"og:image\" content=\"http:\/\/www.manabi.gob.ec\/wp-content\/uploads\/2020\/08\/escudo-del-canton-junin.gif\" \/>\n<meta name=\"twitter:card\" content=\"summary_large_image\" \/>\n<meta name=\"twitter:label1\" content=\"Tiempo de lectura\" \/>\n\t<meta name=\"twitter:data1\" content=\"1 minuto\" \/>\n<script type=\"application\/ld+json\" class=\"yoast-schema-graph\">{\"@context\":\"https:\\\/\\\/schema.org\",\"@graph\":[{\"@type\":\"WebPage\",\"@id\":\"https:\\\/\\\/www.manabi.gob.ec\\\/index.php\\\/junin\\\/\",\"url\":\"https:\\\/\\\/www.manabi.gob.ec\\\/index.php\\\/junin\\\/\",\"name\":\"Junin - Prefectura de Manab\u00ed\",\"isPartOf\":{\"@id\":\"https:\\\/\\\/www.manabi.gob.ec\\\/#website\"},\"primaryImageOfPage\":{\"@id\":\"https:\\\/\\\/www.manabi.gob.ec\\\/index.php\\\/junin\\\/#primaryimage\"},\"image\":{\"@id\":\"https:\\\/\\\/www.manabi.gob.ec\\\/index.php\\\/junin\\\/#primaryimage\"},\"thumbnailUrl\":\"http:\\\/\\\/www.manabi.gob.ec\\\/wp-content\\\/uploads\\\/2020\\\/08\\\/escudo-del-canton-junin.gif\",\"datePublished\":\"2020-08-25T19:49:25+00:00\",\"dateModified\":\"2021-02-24T14:15:52+00:00\",\"breadcrumb\":{\"@id\":\"https:\\\/\\\/www.manabi.gob.ec\\\/index.php\\\/junin\\\/#breadcrumb\"},\"inLanguage\":\"es\",\"potentialAction\":[{\"@type\":\"ReadAction\",\"target\":[\"https:\\\/\\\/www.manabi.gob.ec\\\/index.php\\\/junin\\\/\"]}]},{\"@type\":\"ImageObject\",\"inLanguage\":\"es\",\"@id\":\"https:\\\/\\\/www.manabi.gob.ec\\\/index.php\\\/junin\\\/#primaryimage\",\"url\":\"https:\\\/\\\/www.manabi.gob.ec\\\/wp-content\\\/uploads\\\/2020\\\/08\\\/escudo-del-canton-junin.gif\",\"contentUrl\":\"https:\\\/\\\/www.manabi.gob.ec\\\/wp-content\\\/uploads\\\/2020\\\/08\\\/escudo-del-canton-junin.gif\",\"width\":120,\"height\":157},{\"@type\":\"BreadcrumbList\",\"@id\":\"https:\\\/\\\/www.manabi.gob.ec\\\/index.php\\\/junin\\\/#breadcrumb\",\"itemListElement\":[{\"@type\":\"ListItem\",\"position\":1,\"name\":\"Portada\",\"item\":\"https:\\\/\\\/www.manabi.gob.ec\\\/\"},{\"@type\":\"ListItem\",\"position\":2,\"name\":\"Junin\"}]},{\"@type\":\"WebSite\",\"@id\":\"https:\\\/\\\/www.manabi.gob.ec\\\/#website\",\"url\":\"https:\\\/\\\/www.manabi.gob.ec\\\/\",\"name\":\"Prefectura de Manab\u00ed\",\"description\":\"P\u00e1gina web de la prefectura\",\"potentialAction\":[{\"@type\":\"SearchAction\",\"target\":{\"@type\":\"EntryPoint\",\"urlTemplate\":\"https:\\\/\\\/www.manabi.gob.ec\\\/?s={search_term_string}\"},\"query-input\":{\"@type\":\"PropertyValueSpecification\",\"valueRequired\":true,\"valueName\":\"search_term_string\"}}],\"inLanguage\":\"es\"}]}<\/script>\n<!-- \/ Yoast SEO plugin. -->","yoast_head_json":{"title":"Junin - Prefectura de Manab\u00ed","robots":{"index":"index","follow":"follow","max-snippet":"max-snippet:-1","max-image-preview":"max-image-preview:large","max-video-preview":"max-video-preview:-1"},"canonical":"https:\/\/www.manabi.gob.ec\/index.php\/junin\/","og_locale":"es_ES","og_type":"article","og_title":"Junin - Prefectura de Manab\u00ed","og_description":"[vc_row][vc_column width=\u00bb1\/4&#8243;][vc_empty_space][vc_column_text]Cabecera Cantonal Jun\u00edn (cant\u00f3n) Parroquias Urbanas Jun\u00edn (parroquia) [\/vc_column_text][\/vc_column][vc_column width=\u00bb3\/4&#8243;][vc_column_text] Productora de ca\u00f1a de az\u00facar, rubro importante en la econom\u00eda de esta poblaci\u00f3n, producto base de la panela y del licor conocido como \u201cCurrincho\u201d, elaborados en la zona. Entre sus grandes atractivos est\u00e1n las gigantes cuevas, denominadas \u201cLa Casa del Diablo\u201d, que se encuentra [&hellip;]","og_url":"https:\/\/www.manabi.gob.ec\/index.php\/junin\/","og_site_name":"Prefectura de Manab\u00ed","article_modified_time":"2021-02-24T14:15:52+00:00","og_image":[{"url":"http:\/\/www.manabi.gob.ec\/wp-content\/uploads\/2020\/08\/escudo-del-canton-junin.gif","type":"","width":"","height":""}],"twitter_card":"summary_large_image","twitter_misc":{"Tiempo de lectura":"1 minuto"},"schema":{"@context":"https:\/\/schema.org","@graph":[{"@type":"WebPage","@id":"https:\/\/www.manabi.gob.ec\/index.php\/junin\/","url":"https:\/\/www.manabi.gob.ec\/index.php\/junin\/","name":"Junin - Prefectura de Manab\u00ed","isPartOf":{"@id":"https:\/\/www.manabi.gob.ec\/#website"},"primaryImageOfPage":{"@id":"https:\/\/www.manabi.gob.ec\/index.php\/junin\/#primaryimage"},"image":{"@id":"https:\/\/www.manabi.gob.ec\/index.php\/junin\/#primaryimage"},"thumbnailUrl":"http:\/\/www.manabi.gob.ec\/wp-content\/uploads\/2020\/08\/escudo-del-canton-junin.gif","datePublished":"2020-08-25T19:49:25+00:00","dateModified":"2021-02-24T14:15:52+00:00","breadcrumb":{"@id":"https:\/\/www.manabi.gob.ec\/index.php\/junin\/#breadcrumb"},"inLanguage":"es","potentialAction":[{"@type":"ReadAction","target":["https:\/\/www.manabi.gob.ec\/index.php\/junin\/"]}]},{"@type":"ImageObject","inLanguage":"es","@id":"https:\/\/www.manabi.gob.ec\/index.php\/junin\/#primaryimage","url":"https:\/\/www.manabi.gob.ec\/wp-content\/uploads\/2020\/08\/escudo-del-canton-junin.gif","contentUrl":"https:\/\/www.manabi.gob.ec\/wp-content\/uploads\/2020\/08\/escudo-del-canton-junin.gif","width":120,"height":157},{"@type":"BreadcrumbList","@id":"https:\/\/www.manabi.gob.ec\/index.php\/junin\/#breadcrumb","itemListElement":[{"@type":"ListItem","position":1,"name":"Portada","item":"https:\/\/www.manabi.gob.ec\/"},{"@type":"ListItem","position":2,"name":"Junin"}]},{"@type":"WebSite","@id":"https:\/\/www.manabi.gob.ec\/#website","url":"https:\/\/www.manabi.gob.ec\/","name":"Prefectura de Manab\u00ed","description":"P\u00e1gina web de la prefectura","potentialAction":[{"@type":"SearchAction","target":{"@type":"EntryPoint","urlTemplate":"https:\/\/www.manabi.gob.ec\/?s={search_term_string}"},"query-input":{"@type":"PropertyValueSpecification","valueRequired":true,"valueName":"search_term_string"}}],"inLanguage":"es"}]}},"_links":{"self":[{"href":"https:\/\/www.manabi.gob.ec\/index.php\/wp-json\/wp\/v2\/pages\/15036","targetHints":{"allow":["GET"]}}],"collection":[{"href":"https:\/\/www.manabi.gob.ec\/index.php\/wp-json\/wp\/v2\/pages"}],"about":[{"href":"https:\/\/www.manabi.gob.ec\/index.php\/wp-json\/wp\/v2\/types\/page"}],"author":[{"embeddable":true,"href":"https:\/\/www.manabi.gob.ec\/index.php\/wp-json\/wp\/v2\/users\/1"}],"replies":[{"embeddable":true,"href":"https:\/\/www.manabi.gob.ec\/index.php\/wp-json\/wp\/v2\/comments?post=15036"}],"version-history":[{"count":0,"href":"https:\/\/www.manabi.gob.ec\/index.php\/wp-json\/wp\/v2\/pages\/15036\/revisions"}],"wp:attachment":[{"href":"https:\/\/www.manabi.gob.ec\/index.php\/wp-json\/wp\/v2\/media?parent=15036"}],"curies":[{"name":"wp","href":"https:\/\/api.w.org\/{rel}","templated":true}]}}