{"id":15041,"date":"2020-08-25T19:59:13","date_gmt":"2020-08-25T19:59:13","guid":{"rendered":"http:\/\/www.manabi.gob.ec\/?page_id=15041"},"modified":"2021-02-24T14:50:23","modified_gmt":"2021-02-24T14:50:23","slug":"montecristi","status":"publish","type":"page","link":"https:\/\/www.manabi.gob.ec\/index.php\/montecristi\/","title":{"rendered":"Montecristi"},"content":{"rendered":"<p>[vc_row][vc_column width=\u00bb1\/4&#8243;][vc_empty_space][vc_column_text]<strong>Cabecera Cantonal<\/strong><br \/>\nMontecristi<br \/>\n<strong>Parroquias Urbanas<\/strong><br \/>\nAn\u00edbal San Andr\u00e9s, Montecristi, El Colorado, Eloy Alfaro, Leonidas Proa\u00f1o<br \/>\n<strong>Parroquias Rurales<\/strong><br \/>\nLa Pila<\/p>\n<p><img loading=\"lazy\" decoding=\"async\" class=\"alignnone size-full wp-image-15042\" src=\"http:\/\/www.manabi.gob.ec\/wp-content\/uploads\/2020\/08\/escudo-del-canton-montecristi.gif\" alt=\"\" width=\"120\" height=\"155\" \/><\/p>\n<p><img loading=\"lazy\" decoding=\"async\" class=\"alignnone size-full wp-image-15043\" src=\"http:\/\/www.manabi.gob.ec\/wp-content\/uploads\/2020\/08\/bandera-del-canton-montecristi.gif\" alt=\"\" width=\"120\" height=\"96\" \/><\/p>\n<p>[\/vc_column_text][\/vc_column][vc_column width=\u00bb3\/4&#8243;][vc_column_text]<\/p>\n<p data-wahfont=\"14\">Cant\u00f3n con historia y mucha tradici\u00f3n. Su m\u00e1s grande figura hist\u00f3rica es el general Eloy Alfaro Delgado, uno de los mayores revolucionarios del pa\u00eds. Parte de sus restos reposan en el museo de la Ciudad Alfaro, ubicado en lo alto del cerro Montecristi, escalado por personas que gustan del riego y la aventura. Cuenta con playas, la m\u00e1s visitada San Jos\u00e9.<\/p>\n<p data-wahfont=\"14\">Sus artesan\u00edas elaboradas en paja toquillas, mimbre, piquigua, pl\u00e1stico y madera son reconocidas en todo el pa\u00eds y fuera del \u00e9l. Su identidad est\u00e1 en los sombreros finos de paja toquilla, reconocidos en el mundo como \u201cPanam\u00e1 Hat\u201d.<\/p>\n<p data-wahfont=\"14\"><img decoding=\"async\" class=\"aligncenter\" src=\"https:\/\/www.manabi.gob.ec\/archivos\/mapamontecristi.jpg\" alt=\"\" \/><\/p>\n<p data-wahfont=\"14\"><strong>Municipio de Montecristi<\/strong><br \/>\n(593) 05 \u2013 2310052 \/ 2310026 \/ 2310052<\/p>\n<p data-wahfont=\"14\">La ciudad de Montecristi tiene aspecto de una peque\u00f1a aldea. Su enorme y brumoso cerro semeja un viejo guardi\u00e1n de las tradiciones manabitas.<\/p>\n<p data-wahfont=\"14\">La gente es amable y hospitalaria, se puede visitar la Casa de Alfaro, donde se encuentra el museo y los puestos de ventas de artesan\u00edas, tambi\u00e9n se puede admirar la belleza de la Bas\u00edlica Menor de la Virgen de Monserrat, constitu\u00edda en el principal atractivo para los turistas, hasta donde llegan miles de feligreses cada a\u00f1o.<\/p>\n<p data-wahfont=\"14\">En la parroquia La Pila, ubicada a 10 minutos de Montecristi, se observan decenas de puestos que, a orillas de la carretera, comercializan las estatuillas, figuras y r\u00e9plicas de objetos antiguos elaborados en barro.<\/p>\n<p data-wahfont=\"14\">Dentro de la ciudad, principalmente sobre la Avenida Metropolitana Eloy Alfaro, se ubican los comercios donde se exhiben y venden las artesan\u00edas elaboradas en paja toquilla, piquigua, pl\u00e1stico, mocora.<\/p>\n<p data-wahfont=\"14\">A poca distancia est\u00e1n Manantiales, Toalla, Los Bajos, El Arroyo y otras comunidades, donde destacan, como actividades productivas la agricultura, la ganader\u00eda y la industria del tejido.<\/p>\n<h3 data-wahfont=\"18\">Cultura Mante\u00f1a<\/h3>\n<p data-wahfont=\"14\">En la cima del Cerro de Hojas se encuentran evidencias de las ruinas de un templo, donde existieron sillas ceremoniales en forma de \u201cU\u201d correspondientes a la Cultura Mante\u00f1a. Los halllazgos permiten especular que Montecristi fue asentamiento de la Cultura Mante\u00f1a, entre los a\u00f1os 500 y 1.500 despu\u00e9s de Cristo.<\/p>\n<h3 data-wahfont=\"18\">El nombre de Montecristi<\/h3>\n<p data-wahfont=\"14\">Se dice que Montecristi se form\u00f3 durante los primeros a\u00f1os de la conquista espa\u00f1ola, posiblemente entre 1536 y 1537, con pobladores de Manta que abandonaron su pueblo huyendo de los ataques piratas.<\/p>\n<p data-wahfont=\"14\">Entre los primeros pobladores aparece un se\u00f1or de apellido \u201cCriste\u201d, quien habr\u00eda constru\u00eddo su casa en la cima del monte, por eso se cree que el lugar adquiri\u00f3 el nombre de Montecriste, que luego, por facilidad idiom\u00e1tica, termin\u00f3 llam\u00e1ndose Montecristi.<\/p>\n<h3 data-wahfont=\"18\">Tragedias<\/h3>\n<p data-wahfont=\"14\">Seg\u00fan apuntes del P\u00e1rroco Cayetano Pati\u00f1o, el 23 de septiembre de 1818 desembarcaron en Manta unos corsarios chilenos, de los cuales 25 llegaron a Montecristi y saquearon la iglesia parroquial. Posteriomente, el 15 de julio de 1866, un voraz incendio destruy\u00f3 completamente la ciudad, siniestro que provoc\u00f3 que los comerciantes acaudalados abandonaran la poblaci\u00f3n, y se establecieran en Panam\u00e1, Tumaco y Guayaquil; pero con mucho esfuerzo la poblaci\u00f3n logr\u00f3 levantarse. Territorio extenso<\/p>\n<p data-wahfont=\"14\">Montecristi fue una de las primeras ciudades que pleg\u00f3 a la Revoluci\u00f3n del 9 de octubre de 1820. Sus habitantes, encabezados por el Teniente Francisco Cuadros, proclamaron su independencia el 23 de octubre del mismo a\u00f1o.<\/p>\n<p data-wahfont=\"14\">El 25 de junio de 1822 alcanz\u00f3 la categor\u00eda de cant\u00f3n.<\/p>\n<p data-wahfont=\"14\">El territorio de Montecristi llegaba hasta Atacames, pero en 1826, la Ley del 18 de octubre del citado a\u00f1o, le quita ese derecho.<\/p>\n<h3 data-wahfont=\"18\">Fue capital de Manab\u00ed<\/h3>\n<p data-wahfont=\"14\">Durante los primeros a\u00f1os de la rep\u00fablica, fue capital de la provincia de Manab\u00ed, pero luego de un terrible incendio, que a mediados de 1867 la arras\u00f3 considerablemente, entreg\u00f3, por decreto de Jer\u00f3nimo Carri\u00f3n, su categor\u00eda de capital a Portoviejo, que la conserva desde ese a\u00f1o.<\/p>\n<h3 data-wahfont=\"18\">Conflicto territorial<\/h3>\n<p data-wahfont=\"14\">Hist\u00f3rica y geogr\u00e1ficamente, Montecristi tiene sus l\u00edmites definidos, pero los montecristenses insisten en que Manta est\u00e1 llev\u00e1ndoseles territorio (aproximadamente 500 hect\u00e1reas).<\/p>\n<p data-wahfont=\"14\">Seg\u00fan el Alcalde de Montecristi, Washington Arteaga, Manta pretende que la v\u00eda de circunvalaci\u00f3n sea el l\u00edmite divisorio entre los dos cantones, para abarcar con los barrios Santa Ana, La Nueva Esperanza, Miravalle, propiedades de los Montalv\u00e1n y Arroyo Sur.<\/p>\n<p data-wahfont=\"14\">Pese a que la gente de las citadas comunidades no han manifestado su posici\u00f3n, es posible que terminen seducidos por la celeridad conque llegan las obras desde Manta, manifest\u00f3 Arteaga.<\/p>\n<p data-wahfont=\"14\">Con este problema de por medio, el Municipio de Montecristi ha solicitado, a la Comisi\u00f3n de L\u00edmites Internos del Ministerio de Gobierno, al Congreso Nacional y al Alcalde de Manta, buscar soluci\u00f3n y no dejarlo como problema a sus sucesores en la alcald\u00eda..<\/p>\n<h3 data-wahfont=\"18\">Amable y trabajador<\/h3>\n<p data-wahfont=\"14\">El montecristense es singularmente amable, trabajador, alegre y orgulloso de su historia.<\/p>\n<p data-wahfont=\"14\">La laboriosidad de su gente est\u00e1 presente en las artesan\u00edas confeccionadas con paja toquilla, mimbre, piquigua, pl\u00e1stico y madera, art\u00edculos que tienen calidad de exportaci\u00f3n.<\/p>\n<p data-wahfont=\"14\">Montecristi es ampliamente conocido, entre otras cosas, por la elaboraci\u00f3n de sombreros de paja toquilla, material que se lo extrae en grandes cantidades del sitio Aromo de Manta.<\/p>\n<p data-wahfont=\"14\">La especialidad en sombreros finos la tiene Pile, un pueblo que se destaca por el procesamiento que da a la paja toquilla, mientras que el m\u00e1s veterano en la confecci\u00f3n se encuentra en Montecristi, Fausto Mero, quien naci\u00f3 en 1909.<\/p>\n<h3 data-wahfont=\"18\">La Virgen se quiso quedar en Montecristi<\/h3>\n<p data-wahfont=\"14\">La fiesta en honor a la Virgen de Monserrat se ha constituido en la mayor expresi\u00f3n de fe, tanto del pueblo montecristense, como de fieles de otros puntos de la provincia y el pa\u00eds.<\/p>\n<p data-wahfont=\"14\">La imagen que se venera, fue obsequiada por el Emperador Carlos V, destinada para Lima, y la de Santa Rosa, para Montecristi. Pero debido a un suceso extraordinario las im\u00e1genes debieron intercambiarse.<\/p>\n<p data-wahfont=\"14\">Seg\u00fan el sacerdote Bernardo Recio, en una obra de su autor\u00eda, las im\u00e1genes llegaron juntas en un bergant\u00edn espa\u00f1ol, habi\u00e9ndose desembarcado la imagen de Santa Rosa para venerarla en Montecristi, pero al d\u00eda siguiente, al zarpar el barco con destino a Per\u00fa y despu\u00e9s de haber navegado todo el d\u00eda y la noche, el barco amaneci\u00f3 nuevamente en la rada de Manta, continuando con ese prodigio algunos d\u00edas, hasta que la tripulaci\u00f3n dedujo, como soluci\u00f3n, el cambio de la imagen, es decir, dejando a la Monserrat en Manta para ser trasladada a Montecristi y embarcada la de Santa Rosa, que ser\u00eda llevada a Per\u00fa. El procedimiento termin\u00f3 con la odisea, y el barco sigui\u00f3 normalmente su ruta hacia Lima.<\/p>\n<h3 data-wahfont=\"18\">Leyendas<\/h3>\n<p data-wahfont=\"14\">Como todo pueblo manabita, Montecristi es due\u00f1o de sus propias leyendas. Cuentan, que hubo una vez un peque\u00f1o duende que se enamoraba de las jovencitas. Cuando eso ocurr\u00eda, el desagradable personaje raptaba a su amada y la llevaba al tumbado de una casa que \u00e9l escog\u00eda. Tambi\u00e9n se dice que, para romper el encanto, las muchachas deb\u00edan casarse, solo as\u00ed el duende desist\u00eda de sus intenciones.Cerro Montecristi<\/p>\n<p data-wahfont=\"14\">Montecristi tiene un terreno irregular. En la parte occidental se encuentra un macizo entre Jipijapa y Manta, donde se destaca el Cerro Montecristi, por su posici\u00f3n aislada y sus 443 metros de altura, a cuya base, semicircund\u00e1ndolo, est\u00e1 el pueblo que lleva su nombre. El Cerro Montecristi se constituye en un mirador sobre el mar y es parte de la cuenca del r\u00edo Portoviejo.<\/p>\n<p data-wahfont=\"14\">Hacia el noroeste se encuentra el Cerro de Hojas, con 400 metros de altura.<\/p>\n<p>[\/vc_column_text][\/vc_column][\/vc_row]<\/p>\n","protected":false},"excerpt":{"rendered":"<p>[vc_row][vc_column width=\u00bb1\/4&#8243;][vc_empty_space][vc_column_text]Cabecera Cantonal Montecristi Parroquias Urbanas An\u00edbal San Andr\u00e9s, Montecristi, El Colorado, Eloy Alfaro, Leonidas Proa\u00f1o Parroquias Rurales La Pila [\/vc_column_text][\/vc_column][vc_column width=\u00bb3\/4&#8243;][vc_column_text] Cant\u00f3n con historia y mucha tradici\u00f3n. Su m\u00e1s grande figura hist\u00f3rica es el general Eloy Alfaro Delgado, uno de los mayores revolucionarios del pa\u00eds. Parte de sus restos reposan en el museo de [&hellip;]<\/p>\n","protected":false},"author":1,"featured_media":0,"parent":0,"menu_order":0,"comment_status":"closed","ping_status":"closed","template":"","meta":{"_joinchat":[],"footnotes":""},"class_list":["post-15041","page","type-page","status-publish","hentry"],"yoast_head":"<!-- This site is optimized with the Yoast SEO plugin v27.4 - https:\/\/yoast.com\/product\/yoast-seo-wordpress\/ -->\n<title>Montecristi - Prefectura de Manab\u00ed<\/title>\n<meta name=\"robots\" content=\"index, follow, max-snippet:-1, max-image-preview:large, max-video-preview:-1\" \/>\n<link rel=\"canonical\" href=\"https:\/\/www.manabi.gob.ec\/index.php\/montecristi\/\" \/>\n<meta property=\"og:locale\" content=\"es_ES\" \/>\n<meta property=\"og:type\" content=\"article\" \/>\n<meta property=\"og:title\" content=\"Montecristi - Prefectura de Manab\u00ed\" \/>\n<meta property=\"og:description\" content=\"[vc_row][vc_column width=\u00bb1\/4&#8243;][vc_empty_space][vc_column_text]Cabecera Cantonal Montecristi Parroquias Urbanas An\u00edbal San Andr\u00e9s, Montecristi, El Colorado, Eloy Alfaro, Leonidas Proa\u00f1o Parroquias Rurales La Pila [\/vc_column_text][\/vc_column][vc_column width=\u00bb3\/4&#8243;][vc_column_text] Cant\u00f3n con historia y mucha tradici\u00f3n. Su m\u00e1s grande figura hist\u00f3rica es el general Eloy Alfaro Delgado, uno de los mayores revolucionarios del pa\u00eds. Parte de sus restos reposan en el museo de [&hellip;]\" \/>\n<meta property=\"og:url\" content=\"https:\/\/www.manabi.gob.ec\/index.php\/montecristi\/\" \/>\n<meta property=\"og:site_name\" content=\"Prefectura de Manab\u00ed\" \/>\n<meta property=\"article:modified_time\" content=\"2021-02-24T14:50:23+00:00\" \/>\n<meta property=\"og:image\" content=\"http:\/\/www.manabi.gob.ec\/wp-content\/uploads\/2020\/08\/escudo-del-canton-montecristi.gif\" \/>\n<meta name=\"twitter:card\" content=\"summary_large_image\" \/>\n<meta name=\"twitter:label1\" content=\"Tiempo de lectura\" \/>\n\t<meta name=\"twitter:data1\" content=\"7 minutos\" \/>\n<script type=\"application\/ld+json\" class=\"yoast-schema-graph\">{\"@context\":\"https:\\\/\\\/schema.org\",\"@graph\":[{\"@type\":\"WebPage\",\"@id\":\"https:\\\/\\\/www.manabi.gob.ec\\\/index.php\\\/montecristi\\\/\",\"url\":\"https:\\\/\\\/www.manabi.gob.ec\\\/index.php\\\/montecristi\\\/\",\"name\":\"Montecristi - Prefectura de Manab\u00ed\",\"isPartOf\":{\"@id\":\"https:\\\/\\\/www.manabi.gob.ec\\\/#website\"},\"primaryImageOfPage\":{\"@id\":\"https:\\\/\\\/www.manabi.gob.ec\\\/index.php\\\/montecristi\\\/#primaryimage\"},\"image\":{\"@id\":\"https:\\\/\\\/www.manabi.gob.ec\\\/index.php\\\/montecristi\\\/#primaryimage\"},\"thumbnailUrl\":\"http:\\\/\\\/www.manabi.gob.ec\\\/wp-content\\\/uploads\\\/2020\\\/08\\\/escudo-del-canton-montecristi.gif\",\"datePublished\":\"2020-08-25T19:59:13+00:00\",\"dateModified\":\"2021-02-24T14:50:23+00:00\",\"breadcrumb\":{\"@id\":\"https:\\\/\\\/www.manabi.gob.ec\\\/index.php\\\/montecristi\\\/#breadcrumb\"},\"inLanguage\":\"es\",\"potentialAction\":[{\"@type\":\"ReadAction\",\"target\":[\"https:\\\/\\\/www.manabi.gob.ec\\\/index.php\\\/montecristi\\\/\"]}]},{\"@type\":\"ImageObject\",\"inLanguage\":\"es\",\"@id\":\"https:\\\/\\\/www.manabi.gob.ec\\\/index.php\\\/montecristi\\\/#primaryimage\",\"url\":\"https:\\\/\\\/www.manabi.gob.ec\\\/wp-content\\\/uploads\\\/2020\\\/08\\\/escudo-del-canton-montecristi.gif\",\"contentUrl\":\"https:\\\/\\\/www.manabi.gob.ec\\\/wp-content\\\/uploads\\\/2020\\\/08\\\/escudo-del-canton-montecristi.gif\",\"width\":120,\"height\":155},{\"@type\":\"BreadcrumbList\",\"@id\":\"https:\\\/\\\/www.manabi.gob.ec\\\/index.php\\\/montecristi\\\/#breadcrumb\",\"itemListElement\":[{\"@type\":\"ListItem\",\"position\":1,\"name\":\"Portada\",\"item\":\"https:\\\/\\\/www.manabi.gob.ec\\\/\"},{\"@type\":\"ListItem\",\"position\":2,\"name\":\"Montecristi\"}]},{\"@type\":\"WebSite\",\"@id\":\"https:\\\/\\\/www.manabi.gob.ec\\\/#website\",\"url\":\"https:\\\/\\\/www.manabi.gob.ec\\\/\",\"name\":\"Prefectura de Manab\u00ed\",\"description\":\"P\u00e1gina web de la prefectura\",\"potentialAction\":[{\"@type\":\"SearchAction\",\"target\":{\"@type\":\"EntryPoint\",\"urlTemplate\":\"https:\\\/\\\/www.manabi.gob.ec\\\/?s={search_term_string}\"},\"query-input\":{\"@type\":\"PropertyValueSpecification\",\"valueRequired\":true,\"valueName\":\"search_term_string\"}}],\"inLanguage\":\"es\"}]}<\/script>\n<!-- \/ Yoast SEO plugin. -->","yoast_head_json":{"title":"Montecristi - Prefectura de Manab\u00ed","robots":{"index":"index","follow":"follow","max-snippet":"max-snippet:-1","max-image-preview":"max-image-preview:large","max-video-preview":"max-video-preview:-1"},"canonical":"https:\/\/www.manabi.gob.ec\/index.php\/montecristi\/","og_locale":"es_ES","og_type":"article","og_title":"Montecristi - Prefectura de Manab\u00ed","og_description":"[vc_row][vc_column width=\u00bb1\/4&#8243;][vc_empty_space][vc_column_text]Cabecera Cantonal Montecristi Parroquias Urbanas An\u00edbal San Andr\u00e9s, Montecristi, El Colorado, Eloy Alfaro, Leonidas Proa\u00f1o Parroquias Rurales La Pila [\/vc_column_text][\/vc_column][vc_column width=\u00bb3\/4&#8243;][vc_column_text] Cant\u00f3n con historia y mucha tradici\u00f3n. Su m\u00e1s grande figura hist\u00f3rica es el general Eloy Alfaro Delgado, uno de los mayores revolucionarios del pa\u00eds. Parte de sus restos reposan en el museo de [&hellip;]","og_url":"https:\/\/www.manabi.gob.ec\/index.php\/montecristi\/","og_site_name":"Prefectura de Manab\u00ed","article_modified_time":"2021-02-24T14:50:23+00:00","og_image":[{"url":"http:\/\/www.manabi.gob.ec\/wp-content\/uploads\/2020\/08\/escudo-del-canton-montecristi.gif","type":"","width":"","height":""}],"twitter_card":"summary_large_image","twitter_misc":{"Tiempo de lectura":"7 minutos"},"schema":{"@context":"https:\/\/schema.org","@graph":[{"@type":"WebPage","@id":"https:\/\/www.manabi.gob.ec\/index.php\/montecristi\/","url":"https:\/\/www.manabi.gob.ec\/index.php\/montecristi\/","name":"Montecristi - Prefectura de Manab\u00ed","isPartOf":{"@id":"https:\/\/www.manabi.gob.ec\/#website"},"primaryImageOfPage":{"@id":"https:\/\/www.manabi.gob.ec\/index.php\/montecristi\/#primaryimage"},"image":{"@id":"https:\/\/www.manabi.gob.ec\/index.php\/montecristi\/#primaryimage"},"thumbnailUrl":"http:\/\/www.manabi.gob.ec\/wp-content\/uploads\/2020\/08\/escudo-del-canton-montecristi.gif","datePublished":"2020-08-25T19:59:13+00:00","dateModified":"2021-02-24T14:50:23+00:00","breadcrumb":{"@id":"https:\/\/www.manabi.gob.ec\/index.php\/montecristi\/#breadcrumb"},"inLanguage":"es","potentialAction":[{"@type":"ReadAction","target":["https:\/\/www.manabi.gob.ec\/index.php\/montecristi\/"]}]},{"@type":"ImageObject","inLanguage":"es","@id":"https:\/\/www.manabi.gob.ec\/index.php\/montecristi\/#primaryimage","url":"https:\/\/www.manabi.gob.ec\/wp-content\/uploads\/2020\/08\/escudo-del-canton-montecristi.gif","contentUrl":"https:\/\/www.manabi.gob.ec\/wp-content\/uploads\/2020\/08\/escudo-del-canton-montecristi.gif","width":120,"height":155},{"@type":"BreadcrumbList","@id":"https:\/\/www.manabi.gob.ec\/index.php\/montecristi\/#breadcrumb","itemListElement":[{"@type":"ListItem","position":1,"name":"Portada","item":"https:\/\/www.manabi.gob.ec\/"},{"@type":"ListItem","position":2,"name":"Montecristi"}]},{"@type":"WebSite","@id":"https:\/\/www.manabi.gob.ec\/#website","url":"https:\/\/www.manabi.gob.ec\/","name":"Prefectura de Manab\u00ed","description":"P\u00e1gina web de la prefectura","potentialAction":[{"@type":"SearchAction","target":{"@type":"EntryPoint","urlTemplate":"https:\/\/www.manabi.gob.ec\/?s={search_term_string}"},"query-input":{"@type":"PropertyValueSpecification","valueRequired":true,"valueName":"search_term_string"}}],"inLanguage":"es"}]}},"_links":{"self":[{"href":"https:\/\/www.manabi.gob.ec\/index.php\/wp-json\/wp\/v2\/pages\/15041","targetHints":{"allow":["GET"]}}],"collection":[{"href":"https:\/\/www.manabi.gob.ec\/index.php\/wp-json\/wp\/v2\/pages"}],"about":[{"href":"https:\/\/www.manabi.gob.ec\/index.php\/wp-json\/wp\/v2\/types\/page"}],"author":[{"embeddable":true,"href":"https:\/\/www.manabi.gob.ec\/index.php\/wp-json\/wp\/v2\/users\/1"}],"replies":[{"embeddable":true,"href":"https:\/\/www.manabi.gob.ec\/index.php\/wp-json\/wp\/v2\/comments?post=15041"}],"version-history":[{"count":0,"href":"https:\/\/www.manabi.gob.ec\/index.php\/wp-json\/wp\/v2\/pages\/15041\/revisions"}],"wp:attachment":[{"href":"https:\/\/www.manabi.gob.ec\/index.php\/wp-json\/wp\/v2\/media?parent=15041"}],"curies":[{"name":"wp","href":"https:\/\/api.w.org\/{rel}","templated":true}]}}