{"id":15046,"date":"2020-08-25T20:11:46","date_gmt":"2020-08-25T20:11:46","guid":{"rendered":"http:\/\/www.manabi.gob.ec\/?page_id=15046"},"modified":"2020-08-25T20:12:21","modified_gmt":"2020-08-25T20:12:21","slug":"olmedo","status":"publish","type":"page","link":"https:\/\/www.manabi.gob.ec\/index.php\/olmedo\/","title":{"rendered":"Olmedo"},"content":{"rendered":"<p>[vc_row][vc_column width=\u00bb1\/4&#8243;][vc_empty_space][vc_column_text]<strong>Cabecera Cantonal<\/strong><br \/>\nOlmedo<br \/>\n<strong>Parroquias Urbanas<\/strong><br \/>\nOlmedo<\/p>\n<p><img loading=\"lazy\" decoding=\"async\" class=\"alignnone size-full wp-image-15047\" src=\"http:\/\/www.manabi.gob.ec\/wp-content\/uploads\/2020\/08\/escudo-del-canton-olmedo-1.gif\" alt=\"\" width=\"90\" height=\"80\" \/><\/p>\n<p><img loading=\"lazy\" decoding=\"async\" class=\"alignnone size-full wp-image-15048\" src=\"http:\/\/www.manabi.gob.ec\/wp-content\/uploads\/2020\/08\/bandera-del-canton-olmedo-1.gif\" alt=\"\" width=\"120\" height=\"57\" \/>[\/vc_column_text][\/vc_column][vc_column width=\u00bb3\/4&#8243;][vc_column_text]<\/p>\n<p data-wahfont=\"14\"><span data-wahfont=\"14\">Es un pueblo que conserva muchas de las tradiciones manabitas. Son excelentes jinetes y expertos en amansar caballos y temerarios toros.<\/span><\/p>\n<p data-wahfont=\"14\">Anualmente, en el mes de octubre, se desarrollan uno de los Rodeos Montubios m\u00e1s reconocidos de la provincia, donde participan hombres, mujeres y ni\u00f1os, dando muestras de sus grandes habilidades en el manejo de animales.<\/p>\n<p data-wahfont=\"14\">Olmedo est\u00e1 rodeado de grandes monta\u00f1as, entre las cuales se encuentra el r\u00edo Puca, Olmedo y otras fuentes h\u00eddricas. Estas condiciones son propicias para quienes deseen disfrutar del turismo de monta\u00f1a.<\/p>\n<p data-wahfont=\"14\"><strong>Municipio de Olmedo<\/strong><br \/>\n(593) 05 \u2013 2526986 \/ 2526986<\/p>\n<section class=\"post_content\">\n<h2 style=\"text-align: center;\" data-wahfont=\"21\"><span data-wahfont=\"21\">HIMNO DEL CANT\u00d3N OLMEDO<\/span><\/h2>\n<div class=\"sc_line sc_line_position_center_center sc_line_style_solid\" style=\"text-align: center;\"><\/div>\n<p style=\"text-align: center;\" data-wahfont=\"14\"><strong>Letra:<\/strong>\u00a0Felipe Ronquillo<\/p>\n<p style=\"text-align: center;\" data-wahfont=\"14\">I<br \/>\nOlmedo de mis ternuras,<br \/>\nnoble, puro y generoso,<br \/>\nyo te canto con el alma,<br \/>\nmi aposento primoroso,<br \/>\ncon ardiente frenes\u00ed<br \/>\nporque eres bella regi\u00f3n<br \/>\nde este lindo Manab\u00ed.<\/p>\n<p style=\"text-align: center;\" data-wahfont=\"14\">II<\/p>\n<p style=\"text-align: center;\" data-wahfont=\"14\">Olmedo te canto estas estrofas,<br \/>\nsoy un ser que vive en ti,<br \/>\npues tienes el n\u00e9ctar de las flores<br \/>\nque perfuman a mi verde Manab\u00ed.<\/p>\n<p style=\"text-align: center;\" data-wahfont=\"14\">III<\/p>\n<p style=\"text-align: center;\" data-wahfont=\"14\">Tus mujeres son tan bellas<br \/>\nque enloque<span style=\"letter-spacing: 0.45px;\">canto<\/span><\/p>\n<p style=\"text-align: center;\" data-wahfont=\"14\"><span style=\"letter-spacing: 0.45px;\">con mi ardiente coraz\u00f3n.<\/span>cen de pasi\u00f3n,<br \/>\npor eso yo te<\/p>\n<\/section>\n<div class=\"post_info post_info_bottom post_info_share post_info_share_horizontal\">\n<div class=\"sc_socials sc_socials_size_small sc_socials_share sc_socials_dir_horizontal\">\n<div class=\"sc_socials_item\" style=\"text-align: center;\"><\/div>\n<\/div>\n<\/div>\n<p>[\/vc_column_text][\/vc_column][\/vc_row]<\/p>\n","protected":false},"excerpt":{"rendered":"<p>[vc_row][vc_column width=\u00bb1\/4&#8243;][vc_empty_space][vc_column_text]Cabecera Cantonal Olmedo Parroquias Urbanas Olmedo [\/vc_column_text][\/vc_column][vc_column width=\u00bb3\/4&#8243;][vc_column_text] Es un pueblo que conserva muchas de las tradiciones manabitas. Son excelentes jinetes y expertos en amansar caballos y temerarios toros. Anualmente, en el mes de octubre, se desarrollan uno de los Rodeos Montubios m\u00e1s reconocidos de la provincia, donde participan hombres, mujeres y ni\u00f1os, dando [&hellip;]<\/p>\n","protected":false},"author":1,"featured_media":0,"parent":0,"menu_order":0,"comment_status":"closed","ping_status":"closed","template":"","meta":{"_joinchat":[],"footnotes":""},"class_list":["post-15046","page","type-page","status-publish","hentry"],"yoast_head":"<!-- This site is optimized with the Yoast SEO plugin v27.4 - https:\/\/yoast.com\/product\/yoast-seo-wordpress\/ -->\n<title>Olmedo - Prefectura de Manab\u00ed<\/title>\n<meta name=\"robots\" content=\"index, follow, max-snippet:-1, max-image-preview:large, max-video-preview:-1\" \/>\n<link rel=\"canonical\" href=\"https:\/\/www.manabi.gob.ec\/index.php\/olmedo\/\" \/>\n<meta property=\"og:locale\" content=\"es_ES\" \/>\n<meta property=\"og:type\" content=\"article\" \/>\n<meta property=\"og:title\" content=\"Olmedo - Prefectura de Manab\u00ed\" \/>\n<meta property=\"og:description\" content=\"[vc_row][vc_column width=\u00bb1\/4&#8243;][vc_empty_space][vc_column_text]Cabecera Cantonal Olmedo Parroquias Urbanas Olmedo [\/vc_column_text][\/vc_column][vc_column width=\u00bb3\/4&#8243;][vc_column_text] Es un pueblo que conserva muchas de las tradiciones manabitas. Son excelentes jinetes y expertos en amansar caballos y temerarios toros. Anualmente, en el mes de octubre, se desarrollan uno de los Rodeos Montubios m\u00e1s reconocidos de la provincia, donde participan hombres, mujeres y ni\u00f1os, dando [&hellip;]\" \/>\n<meta property=\"og:url\" content=\"https:\/\/www.manabi.gob.ec\/index.php\/olmedo\/\" \/>\n<meta property=\"og:site_name\" content=\"Prefectura de Manab\u00ed\" \/>\n<meta property=\"article:modified_time\" content=\"2020-08-25T20:12:21+00:00\" \/>\n<meta property=\"og:image\" content=\"http:\/\/www.manabi.gob.ec\/wp-content\/uploads\/2020\/08\/escudo-del-canton-olmedo-1.gif\" \/>\n<meta name=\"twitter:card\" content=\"summary_large_image\" \/>\n<meta name=\"twitter:label1\" content=\"Tiempo de lectura\" \/>\n\t<meta name=\"twitter:data1\" content=\"1 minuto\" \/>\n<script type=\"application\/ld+json\" class=\"yoast-schema-graph\">{\"@context\":\"https:\\\/\\\/schema.org\",\"@graph\":[{\"@type\":\"WebPage\",\"@id\":\"https:\\\/\\\/www.manabi.gob.ec\\\/index.php\\\/olmedo\\\/\",\"url\":\"https:\\\/\\\/www.manabi.gob.ec\\\/index.php\\\/olmedo\\\/\",\"name\":\"Olmedo - Prefectura de Manab\u00ed\",\"isPartOf\":{\"@id\":\"https:\\\/\\\/www.manabi.gob.ec\\\/#website\"},\"primaryImageOfPage\":{\"@id\":\"https:\\\/\\\/www.manabi.gob.ec\\\/index.php\\\/olmedo\\\/#primaryimage\"},\"image\":{\"@id\":\"https:\\\/\\\/www.manabi.gob.ec\\\/index.php\\\/olmedo\\\/#primaryimage\"},\"thumbnailUrl\":\"http:\\\/\\\/www.manabi.gob.ec\\\/wp-content\\\/uploads\\\/2020\\\/08\\\/escudo-del-canton-olmedo-1.gif\",\"datePublished\":\"2020-08-25T20:11:46+00:00\",\"dateModified\":\"2020-08-25T20:12:21+00:00\",\"breadcrumb\":{\"@id\":\"https:\\\/\\\/www.manabi.gob.ec\\\/index.php\\\/olmedo\\\/#breadcrumb\"},\"inLanguage\":\"es\",\"potentialAction\":[{\"@type\":\"ReadAction\",\"target\":[\"https:\\\/\\\/www.manabi.gob.ec\\\/index.php\\\/olmedo\\\/\"]}]},{\"@type\":\"ImageObject\",\"inLanguage\":\"es\",\"@id\":\"https:\\\/\\\/www.manabi.gob.ec\\\/index.php\\\/olmedo\\\/#primaryimage\",\"url\":\"https:\\\/\\\/www.manabi.gob.ec\\\/wp-content\\\/uploads\\\/2020\\\/08\\\/escudo-del-canton-olmedo-1.gif\",\"contentUrl\":\"https:\\\/\\\/www.manabi.gob.ec\\\/wp-content\\\/uploads\\\/2020\\\/08\\\/escudo-del-canton-olmedo-1.gif\",\"width\":90,\"height\":80},{\"@type\":\"BreadcrumbList\",\"@id\":\"https:\\\/\\\/www.manabi.gob.ec\\\/index.php\\\/olmedo\\\/#breadcrumb\",\"itemListElement\":[{\"@type\":\"ListItem\",\"position\":1,\"name\":\"Portada\",\"item\":\"https:\\\/\\\/www.manabi.gob.ec\\\/\"},{\"@type\":\"ListItem\",\"position\":2,\"name\":\"Olmedo\"}]},{\"@type\":\"WebSite\",\"@id\":\"https:\\\/\\\/www.manabi.gob.ec\\\/#website\",\"url\":\"https:\\\/\\\/www.manabi.gob.ec\\\/\",\"name\":\"Prefectura de Manab\u00ed\",\"description\":\"P\u00e1gina web de la prefectura\",\"potentialAction\":[{\"@type\":\"SearchAction\",\"target\":{\"@type\":\"EntryPoint\",\"urlTemplate\":\"https:\\\/\\\/www.manabi.gob.ec\\\/?s={search_term_string}\"},\"query-input\":{\"@type\":\"PropertyValueSpecification\",\"valueRequired\":true,\"valueName\":\"search_term_string\"}}],\"inLanguage\":\"es\"}]}<\/script>\n<!-- \/ Yoast SEO plugin. -->","yoast_head_json":{"title":"Olmedo - Prefectura de Manab\u00ed","robots":{"index":"index","follow":"follow","max-snippet":"max-snippet:-1","max-image-preview":"max-image-preview:large","max-video-preview":"max-video-preview:-1"},"canonical":"https:\/\/www.manabi.gob.ec\/index.php\/olmedo\/","og_locale":"es_ES","og_type":"article","og_title":"Olmedo - Prefectura de Manab\u00ed","og_description":"[vc_row][vc_column width=\u00bb1\/4&#8243;][vc_empty_space][vc_column_text]Cabecera Cantonal Olmedo Parroquias Urbanas Olmedo [\/vc_column_text][\/vc_column][vc_column width=\u00bb3\/4&#8243;][vc_column_text] Es un pueblo que conserva muchas de las tradiciones manabitas. Son excelentes jinetes y expertos en amansar caballos y temerarios toros. Anualmente, en el mes de octubre, se desarrollan uno de los Rodeos Montubios m\u00e1s reconocidos de la provincia, donde participan hombres, mujeres y ni\u00f1os, dando [&hellip;]","og_url":"https:\/\/www.manabi.gob.ec\/index.php\/olmedo\/","og_site_name":"Prefectura de Manab\u00ed","article_modified_time":"2020-08-25T20:12:21+00:00","og_image":[{"url":"http:\/\/www.manabi.gob.ec\/wp-content\/uploads\/2020\/08\/escudo-del-canton-olmedo-1.gif","type":"","width":"","height":""}],"twitter_card":"summary_large_image","twitter_misc":{"Tiempo de lectura":"1 minuto"},"schema":{"@context":"https:\/\/schema.org","@graph":[{"@type":"WebPage","@id":"https:\/\/www.manabi.gob.ec\/index.php\/olmedo\/","url":"https:\/\/www.manabi.gob.ec\/index.php\/olmedo\/","name":"Olmedo - Prefectura de Manab\u00ed","isPartOf":{"@id":"https:\/\/www.manabi.gob.ec\/#website"},"primaryImageOfPage":{"@id":"https:\/\/www.manabi.gob.ec\/index.php\/olmedo\/#primaryimage"},"image":{"@id":"https:\/\/www.manabi.gob.ec\/index.php\/olmedo\/#primaryimage"},"thumbnailUrl":"http:\/\/www.manabi.gob.ec\/wp-content\/uploads\/2020\/08\/escudo-del-canton-olmedo-1.gif","datePublished":"2020-08-25T20:11:46+00:00","dateModified":"2020-08-25T20:12:21+00:00","breadcrumb":{"@id":"https:\/\/www.manabi.gob.ec\/index.php\/olmedo\/#breadcrumb"},"inLanguage":"es","potentialAction":[{"@type":"ReadAction","target":["https:\/\/www.manabi.gob.ec\/index.php\/olmedo\/"]}]},{"@type":"ImageObject","inLanguage":"es","@id":"https:\/\/www.manabi.gob.ec\/index.php\/olmedo\/#primaryimage","url":"https:\/\/www.manabi.gob.ec\/wp-content\/uploads\/2020\/08\/escudo-del-canton-olmedo-1.gif","contentUrl":"https:\/\/www.manabi.gob.ec\/wp-content\/uploads\/2020\/08\/escudo-del-canton-olmedo-1.gif","width":90,"height":80},{"@type":"BreadcrumbList","@id":"https:\/\/www.manabi.gob.ec\/index.php\/olmedo\/#breadcrumb","itemListElement":[{"@type":"ListItem","position":1,"name":"Portada","item":"https:\/\/www.manabi.gob.ec\/"},{"@type":"ListItem","position":2,"name":"Olmedo"}]},{"@type":"WebSite","@id":"https:\/\/www.manabi.gob.ec\/#website","url":"https:\/\/www.manabi.gob.ec\/","name":"Prefectura de Manab\u00ed","description":"P\u00e1gina web de la prefectura","potentialAction":[{"@type":"SearchAction","target":{"@type":"EntryPoint","urlTemplate":"https:\/\/www.manabi.gob.ec\/?s={search_term_string}"},"query-input":{"@type":"PropertyValueSpecification","valueRequired":true,"valueName":"search_term_string"}}],"inLanguage":"es"}]}},"_links":{"self":[{"href":"https:\/\/www.manabi.gob.ec\/index.php\/wp-json\/wp\/v2\/pages\/15046","targetHints":{"allow":["GET"]}}],"collection":[{"href":"https:\/\/www.manabi.gob.ec\/index.php\/wp-json\/wp\/v2\/pages"}],"about":[{"href":"https:\/\/www.manabi.gob.ec\/index.php\/wp-json\/wp\/v2\/types\/page"}],"author":[{"embeddable":true,"href":"https:\/\/www.manabi.gob.ec\/index.php\/wp-json\/wp\/v2\/users\/1"}],"replies":[{"embeddable":true,"href":"https:\/\/www.manabi.gob.ec\/index.php\/wp-json\/wp\/v2\/comments?post=15046"}],"version-history":[{"count":0,"href":"https:\/\/www.manabi.gob.ec\/index.php\/wp-json\/wp\/v2\/pages\/15046\/revisions"}],"wp:attachment":[{"href":"https:\/\/www.manabi.gob.ec\/index.php\/wp-json\/wp\/v2\/media?parent=15046"}],"curies":[{"name":"wp","href":"https:\/\/api.w.org\/{rel}","templated":true}]}}