{"id":15056,"date":"2020-08-27T16:47:50","date_gmt":"2020-08-27T16:47:50","guid":{"rendered":"http:\/\/www.manabi.gob.ec\/?page_id=15056"},"modified":"2020-08-28T07:46:44","modified_gmt":"2020-08-28T07:46:44","slug":"historia-de-manabi","status":"publish","type":"page","link":"https:\/\/www.manabi.gob.ec\/index.php\/historia-de-manabi\/","title":{"rendered":"Historia de Manab\u00ed"},"content":{"rendered":"<p>[vc_row][vc_column][vc_column_text]<\/p>\n<ul>\n<li><em><strong>Culturas precolombinas<\/strong><\/em><\/li>\n<\/ul>\n<p data-wahfont=\"14\">Para los arque\u00f3logos Manab\u00ed es una zona privilegiada. En esta provincia se\u00a0han efectuado importantes descubrimientos arqueol\u00f3gicos que han determinado la\u00a0existencia de muy antiguas culturas.<\/p>\n<p data-wahfont=\"14\">Las m\u00e1s antiguas son las del llamado\u00a0Per\u00edodo Formativo (4.000 a.C), Valdivia, Machalilla, Chorrera. Las del per\u00edodo\u00a0del desarrollo regional son Bah\u00eda y Guangala; del per\u00edodo de integraci\u00f3n:\u00a0Chirije y Mante\u00f1a.<\/p>\n<ul>\n<li><em><strong>La cultura Mante\u00f1a<\/strong><\/em><\/li>\n<\/ul>\n<p data-wahfont=\"14\">La\u00a0cultura Mante\u00f1a-Huancavilca est\u00e1 en el per\u00edodo de Integraci\u00f3n 9500 a 1.500 a\u00f1os\u00a0d.C.) lo que significa que fue la \u00faltima cultura precolombina en esta regi\u00f3n y\u00a0la que sufri\u00f3 el impacto de la llegada de los conquistadores.<\/p>\n<p data-wahfont=\"14\">Esta cultura se habr\u00eda asentado en un vasto territorio que inclu\u00eda al de los huancavilcas que Emilio estrada consider\u00f3 Mante\u00f1os del sur. Abarcar\u00eda entonces la faja costanera de El Oro y todo el litoral mar\u00edtimo de la provincia de Manab\u00ed y del sur de Esmeraldas. Parece que esta cultura se fusion\u00f3 con la cultura Milagro-Quevedo.<\/p>\n<p data-wahfont=\"14\">Los arque\u00f3logos Emilio Estrada y Francisco Huerta Rend\u00f3n consideran que los\u00a0Huncavilcas son parte de la cultura o confederaci\u00f3n mante\u00f1a cuya existencia ya\u00a0conjetur\u00f3 Jacinto Jij\u00f3n cuando habl\u00f3 de la \u201cconfederaci\u00f3n de los mercaderes\u201d que\u00a0fueron intr\u00e9pidos navegantes a lo largo de las costas del per\u00fa y Ecuador.<\/p>\n<p data-wahfont=\"14\">Nadie\u00a0discute hoy el hecho de que la cultura Mante\u00f1a-Huancavilca fue de agricultores,\u00a0navegantes y pescadores. La agricultura intensiva, excedentes de alimentos,\u00a0provoc\u00f3 el comercio e incentiv\u00f3 los viajes marinos estructurando una sociedad\u00a0estratificada.<\/p>\n<ul>\n<li><em><strong>La cultura Jocay<\/strong><\/em><\/li>\n<\/ul>\n<p data-wahfont=\"14\">Se sabe\u00a0que la actual ciudad de Manta se construy\u00f3 sobre los restos de una poblaci\u00f3n\u00a0mante\u00f1a huancavilca llamada JOCAY (JO=Pez; CAY=casa) o sea la casa de los peces.<\/p>\n<p data-wahfont=\"14\">\u201cPedro Pizarro -hermano de Francisco- describe a Jocay como una ciudad grande en la que se llegaba al templo por una gran avenida a cuyos lados se levantaban\u00a0estatuas de 2,50 mts. de altura construidas en piedra, que representaba a sus\u00a0jefes y sacerdotes desnudos de cuerpo, raz\u00f3n por la cual un sacerdote espa\u00f1ol\u00a0las mand\u00f3 a destruir\u201d (\u201cLa confederaci\u00f3n Mante\u00f1a\u201d, Viliufo Cede\u00f1o). Jocay ser\u00eda\u00a0un centro administrativo, comercial, artesanal y sede de un culto religioso.<\/p>\n<ul>\n<li><em><strong>La conquista espa\u00f1ola<\/strong><\/em><\/li>\n<\/ul>\n<p data-wahfont=\"14\">En\u00a01526 Bartolom\u00e9 Ruiz, Francisco Pizarro y sus compa\u00f1eros fueron los primeros\u00a0espa\u00f1oles que desde Panam\u00e1 llegaron al sitio que se llama Cojim\u00edes. A partir de\u00a0ese a\u00f1o, son frecuentes las llegadas de los conquistadores a las costas de\u00a0Manab\u00ed. Pizarro vuelve en 1527 y 1531; Pedro de Alvarado en 1534 y Francisco\u00a0Pacheco en 1535.<\/p>\n<p data-wahfont=\"14\">La expedici\u00f3n de Pedro de Alvarado fue de crimen y de rapi\u00f1a.\u00a0Apenas puso el conquistador los pies en tierra comenz\u00f3 a saquear y desbastar las\u00a0poblaciones, a pesar de que los abor\u00edgenes lo recibieron en son de paz.\u00a0Cay\u00f3\u00a0sorpresivamente en la poblaci\u00f3n de Jocay, tom\u00f3 prisionero al cacique Lligua\u00a0Tohall\u00ed a quien posteriormente ahorca y arrebata jarrones llenos de oro, plata y\u00a0esmeraldas. Alvarado tuvo conocimiento de las grandes riquezas que hab\u00eda en el \u00a0Reino de Quito, y permaneci\u00f3 cuatro meses en Manab\u00ed dej\u00e1ndola asolada por los \u00a0desmanes de los conquistadores.<\/p>\n<ul>\n<li><em><strong>Fundaci\u00f3n de Portoviejo<\/strong><\/em><\/li>\n<\/ul>\n<p data-wahfont=\"14\">En\u00a0virtud de una orden de Francisco Pizarro, Diego de Almagro orden\u00f3 al capit\u00e1n\u00a0Francisco Pacheco que fundara una ciudad en la regi\u00f3n de los mantas. Con esta\u00a0finalidad, Pacheco sali\u00f3 de la ciudad de Piura en 1935 y desembarc\u00f3 en Picoaz\u00e1\u00a0que era una poblaci\u00f3n aborigen situada en la desembocadura del r\u00edo Portoviejo.<\/p>\n<p data-wahfont=\"14\">Desde \u00e9ste sitio avanz\u00f3 dos leguas tierra adentro para fundar la poblaci\u00f3n a\u00a0nombre del emperador Carlos V de Alemania y I de Espa\u00f1a, con el nombre de Villa\u00a0Nueva de San Gregorio de Portoviejo, en honra del Pont\u00edfice de la Iglesia cuya\u00a0fiesta se celebra en ese d\u00eda: 12 de marzo de 1535. En 1535 Portoviejo era una de\u00a0las siete Tenencias del Corregimiento de Guayaquil y se compon\u00eda de seis\u00a0parroquias: Montecristi, Charapot\u00f3, Picoaz\u00e1, Jipijapa, Pichota y Manta.<\/p>\n<ul>\n<li><em><strong>Montecristi y Alfaro<\/strong><\/em><\/li>\n<\/ul>\n<p data-wahfont=\"14\">La ciudad de Montecristi se extiende a las faldas del cerro de su propio nombre y se encuentra a cien metros, sobre el nivel del mar. Fue fundada en 1741 y en junio de 1824 fue elevada a la categor\u00eda de cabecera cantonal.<\/p>\n<p data-wahfont=\"14\">En un tiempo Montecristi fue tambi\u00e9n capital de la provincia. En esta poblaci\u00f3n, el 25 de junio de 1842 naci\u00f3 Eloy Alfaro, el caudillo que inici\u00f3 y consolid\u00f3 la revoluci\u00f3n liberal del Ecuador despu\u00e9s de muchas batallas y derrotas.<\/p>\n<p data-wahfont=\"14\">En Montecristi puede visitarse la casa de Alfaro y en el pueblo cercano de\u00a0Jaramij\u00f3, en el sitio denominado Balsamaragua, pueden verse los restos del barco Alajuela en donde estuvo Alfaro en la batalla naval del 6 de diciembre de 1884.<\/p>\n<p data-wahfont=\"14\">Para no caer en manos del enemigo Alfaro incendi\u00f3 su barco y se lanz\u00f3 al mar.<\/p>\n<p data-wahfont=\"14\">A m\u00e1s de su importancia hist\u00f3rica, Montecristi es el emporio de la artesan\u00eda\u00a0manabita de la paja toquilla, el mimbre y el bejuco. La tradici\u00f3n del hombre de Montecristi no ha variado y en la regi\u00f3n se conserva una hist\u00f3rica vocaci\u00f3n\u00a0artesanal.<\/p>\n<p>[\/vc_column_text][\/vc_column][\/vc_row]<\/p>\n","protected":false},"excerpt":{"rendered":"<p>[vc_row][vc_column][vc_column_text] Culturas precolombinas Para los arque\u00f3logos Manab\u00ed es una zona privilegiada. En esta provincia se\u00a0han efectuado importantes descubrimientos arqueol\u00f3gicos que han determinado la\u00a0existencia de muy antiguas culturas. Las m\u00e1s antiguas son las del llamado\u00a0Per\u00edodo Formativo (4.000 a.C), Valdivia, Machalilla, Chorrera. Las del per\u00edodo\u00a0del desarrollo regional son Bah\u00eda y Guangala; del per\u00edodo de integraci\u00f3n:\u00a0Chirije y Mante\u00f1a. [&hellip;]<\/p>\n","protected":false},"author":1,"featured_media":0,"parent":0,"menu_order":0,"comment_status":"closed","ping_status":"closed","template":"","meta":{"_joinchat":[],"footnotes":""},"class_list":["post-15056","page","type-page","status-publish","hentry"],"yoast_head":"<!-- This site is optimized with the Yoast SEO plugin v27.4 - https:\/\/yoast.com\/product\/yoast-seo-wordpress\/ -->\n<title>Historia de Manab\u00ed - Prefectura de Manab\u00ed<\/title>\n<meta name=\"robots\" content=\"index, follow, max-snippet:-1, max-image-preview:large, max-video-preview:-1\" \/>\n<link rel=\"canonical\" href=\"https:\/\/www.manabi.gob.ec\/index.php\/historia-de-manabi\/\" \/>\n<meta property=\"og:locale\" content=\"es_ES\" \/>\n<meta property=\"og:type\" content=\"article\" \/>\n<meta property=\"og:title\" content=\"Historia de Manab\u00ed - Prefectura de Manab\u00ed\" \/>\n<meta property=\"og:description\" content=\"[vc_row][vc_column][vc_column_text] Culturas precolombinas Para los arque\u00f3logos Manab\u00ed es una zona privilegiada. En esta provincia se\u00a0han efectuado importantes descubrimientos arqueol\u00f3gicos que han determinado la\u00a0existencia de muy antiguas culturas. Las m\u00e1s antiguas son las del llamado\u00a0Per\u00edodo Formativo (4.000 a.C), Valdivia, Machalilla, Chorrera. Las del per\u00edodo\u00a0del desarrollo regional son Bah\u00eda y Guangala; del per\u00edodo de integraci\u00f3n:\u00a0Chirije y Mante\u00f1a. [&hellip;]\" \/>\n<meta property=\"og:url\" content=\"https:\/\/www.manabi.gob.ec\/index.php\/historia-de-manabi\/\" \/>\n<meta property=\"og:site_name\" content=\"Prefectura de Manab\u00ed\" \/>\n<meta property=\"article:modified_time\" content=\"2020-08-28T07:46:44+00:00\" \/>\n<meta name=\"twitter:card\" content=\"summary_large_image\" \/>\n<meta name=\"twitter:label1\" content=\"Tiempo de lectura\" \/>\n\t<meta name=\"twitter:data1\" content=\"4 minutos\" \/>\n<script type=\"application\/ld+json\" class=\"yoast-schema-graph\">{\"@context\":\"https:\\\/\\\/schema.org\",\"@graph\":[{\"@type\":\"WebPage\",\"@id\":\"https:\\\/\\\/www.manabi.gob.ec\\\/index.php\\\/historia-de-manabi\\\/\",\"url\":\"https:\\\/\\\/www.manabi.gob.ec\\\/index.php\\\/historia-de-manabi\\\/\",\"name\":\"Historia de Manab\u00ed - Prefectura de Manab\u00ed\",\"isPartOf\":{\"@id\":\"https:\\\/\\\/www.manabi.gob.ec\\\/#website\"},\"datePublished\":\"2020-08-27T16:47:50+00:00\",\"dateModified\":\"2020-08-28T07:46:44+00:00\",\"breadcrumb\":{\"@id\":\"https:\\\/\\\/www.manabi.gob.ec\\\/index.php\\\/historia-de-manabi\\\/#breadcrumb\"},\"inLanguage\":\"es\",\"potentialAction\":[{\"@type\":\"ReadAction\",\"target\":[\"https:\\\/\\\/www.manabi.gob.ec\\\/index.php\\\/historia-de-manabi\\\/\"]}]},{\"@type\":\"BreadcrumbList\",\"@id\":\"https:\\\/\\\/www.manabi.gob.ec\\\/index.php\\\/historia-de-manabi\\\/#breadcrumb\",\"itemListElement\":[{\"@type\":\"ListItem\",\"position\":1,\"name\":\"Portada\",\"item\":\"https:\\\/\\\/www.manabi.gob.ec\\\/\"},{\"@type\":\"ListItem\",\"position\":2,\"name\":\"Historia de Manab\u00ed\"}]},{\"@type\":\"WebSite\",\"@id\":\"https:\\\/\\\/www.manabi.gob.ec\\\/#website\",\"url\":\"https:\\\/\\\/www.manabi.gob.ec\\\/\",\"name\":\"Prefectura de Manab\u00ed\",\"description\":\"P\u00e1gina web de la prefectura\",\"potentialAction\":[{\"@type\":\"SearchAction\",\"target\":{\"@type\":\"EntryPoint\",\"urlTemplate\":\"https:\\\/\\\/www.manabi.gob.ec\\\/?s={search_term_string}\"},\"query-input\":{\"@type\":\"PropertyValueSpecification\",\"valueRequired\":true,\"valueName\":\"search_term_string\"}}],\"inLanguage\":\"es\"}]}<\/script>\n<!-- \/ Yoast SEO plugin. -->","yoast_head_json":{"title":"Historia de Manab\u00ed - Prefectura de Manab\u00ed","robots":{"index":"index","follow":"follow","max-snippet":"max-snippet:-1","max-image-preview":"max-image-preview:large","max-video-preview":"max-video-preview:-1"},"canonical":"https:\/\/www.manabi.gob.ec\/index.php\/historia-de-manabi\/","og_locale":"es_ES","og_type":"article","og_title":"Historia de Manab\u00ed - Prefectura de Manab\u00ed","og_description":"[vc_row][vc_column][vc_column_text] Culturas precolombinas Para los arque\u00f3logos Manab\u00ed es una zona privilegiada. En esta provincia se\u00a0han efectuado importantes descubrimientos arqueol\u00f3gicos que han determinado la\u00a0existencia de muy antiguas culturas. Las m\u00e1s antiguas son las del llamado\u00a0Per\u00edodo Formativo (4.000 a.C), Valdivia, Machalilla, Chorrera. Las del per\u00edodo\u00a0del desarrollo regional son Bah\u00eda y Guangala; del per\u00edodo de integraci\u00f3n:\u00a0Chirije y Mante\u00f1a. [&hellip;]","og_url":"https:\/\/www.manabi.gob.ec\/index.php\/historia-de-manabi\/","og_site_name":"Prefectura de Manab\u00ed","article_modified_time":"2020-08-28T07:46:44+00:00","twitter_card":"summary_large_image","twitter_misc":{"Tiempo de lectura":"4 minutos"},"schema":{"@context":"https:\/\/schema.org","@graph":[{"@type":"WebPage","@id":"https:\/\/www.manabi.gob.ec\/index.php\/historia-de-manabi\/","url":"https:\/\/www.manabi.gob.ec\/index.php\/historia-de-manabi\/","name":"Historia de Manab\u00ed - Prefectura de Manab\u00ed","isPartOf":{"@id":"https:\/\/www.manabi.gob.ec\/#website"},"datePublished":"2020-08-27T16:47:50+00:00","dateModified":"2020-08-28T07:46:44+00:00","breadcrumb":{"@id":"https:\/\/www.manabi.gob.ec\/index.php\/historia-de-manabi\/#breadcrumb"},"inLanguage":"es","potentialAction":[{"@type":"ReadAction","target":["https:\/\/www.manabi.gob.ec\/index.php\/historia-de-manabi\/"]}]},{"@type":"BreadcrumbList","@id":"https:\/\/www.manabi.gob.ec\/index.php\/historia-de-manabi\/#breadcrumb","itemListElement":[{"@type":"ListItem","position":1,"name":"Portada","item":"https:\/\/www.manabi.gob.ec\/"},{"@type":"ListItem","position":2,"name":"Historia de Manab\u00ed"}]},{"@type":"WebSite","@id":"https:\/\/www.manabi.gob.ec\/#website","url":"https:\/\/www.manabi.gob.ec\/","name":"Prefectura de Manab\u00ed","description":"P\u00e1gina web de la prefectura","potentialAction":[{"@type":"SearchAction","target":{"@type":"EntryPoint","urlTemplate":"https:\/\/www.manabi.gob.ec\/?s={search_term_string}"},"query-input":{"@type":"PropertyValueSpecification","valueRequired":true,"valueName":"search_term_string"}}],"inLanguage":"es"}]}},"_links":{"self":[{"href":"https:\/\/www.manabi.gob.ec\/index.php\/wp-json\/wp\/v2\/pages\/15056","targetHints":{"allow":["GET"]}}],"collection":[{"href":"https:\/\/www.manabi.gob.ec\/index.php\/wp-json\/wp\/v2\/pages"}],"about":[{"href":"https:\/\/www.manabi.gob.ec\/index.php\/wp-json\/wp\/v2\/types\/page"}],"author":[{"embeddable":true,"href":"https:\/\/www.manabi.gob.ec\/index.php\/wp-json\/wp\/v2\/users\/1"}],"replies":[{"embeddable":true,"href":"https:\/\/www.manabi.gob.ec\/index.php\/wp-json\/wp\/v2\/comments?post=15056"}],"version-history":[{"count":0,"href":"https:\/\/www.manabi.gob.ec\/index.php\/wp-json\/wp\/v2\/pages\/15056\/revisions"}],"wp:attachment":[{"href":"https:\/\/www.manabi.gob.ec\/index.php\/wp-json\/wp\/v2\/media?parent=15056"}],"curies":[{"name":"wp","href":"https:\/\/api.w.org\/{rel}","templated":true}]}}