{"id":15928,"date":"2021-02-25T10:24:52","date_gmt":"2021-02-25T10:24:52","guid":{"rendered":"http:\/\/www.manabi.gob.ec\/?page_id=15928"},"modified":"2023-11-22T20:42:17","modified_gmt":"2023-11-22T20:42:17","slug":"solicitud-de-acceso-a-la-informacion-publica","status":"publish","type":"page","link":"https:\/\/www.manabi.gob.ec\/index.php\/solicitud-de-acceso-a-la-informacion-publica\/","title":{"rendered":"Solicitud de acceso a la informaci\u00f3n p\u00fablica"},"content":{"rendered":"<p>[vc_row][vc_column][vc_column_text][\/vc_column_text][\/vc_column][\/vc_row][vc_row gap=\u00bb5&#8243; css=\u00bb.vc_custom_1700171967931{margin-top: 0px !important;margin-right: 0px !important;margin-bottom: 0px !important;margin-left: 0px !important;padding-top: 0px !important;padding-right: 0px !important;padding-bottom: 0px !important;padding-left: 0px !important;}\u00bb][vc_column width=\u00bb1\/2&#8243; css=\u00bb.vc_custom_1700172039919{padding: 10px !important;background-color: #f4f4f4 !important;}\u00bb][vc_single_image image=\u00bb26275&#8243; img_size=\u00bbfull\u00bb css=\u00bb.vc_custom_1700172197066{margin-bottom: 15px !important;}\u00bb][vc_column_text el_class=\u00bb\u00bb]<\/p>\n<div>\n<pre class=\" language-html\"><code class=\" language-html\">[responsivevoice_button voice=\"Spanish Latin American Female\" buttontext=\"Escuchar la entrada\"]<\/code><\/pre>\n<\/div>\n<div>\n<p>La informaci\u00f3n p\u00fablica pertenece a los ciudadanos y ciudadanas; por tanto tienen derecho a solicitar informaci\u00f3n del Gobierno Provincial de Manab\u00ed cuando lo requieran, siempre y cuando no se trate de informaci\u00f3n confidencial o reservada<\/p>\n<p><strong>\u00bfA qui\u00e9n est\u00e1 dirigido?<\/strong><br \/>\nCorresponde a toda persona natural o jur\u00eddica, nacional o extrajero, que requiere acceder a informaci\u00f3n p\u00fablica\u00a0del Gobierno Provincial de Manab\u00ed la puede solicitar, en cualquier momento, siempre y cuando no se trate de informaci\u00f3n confidencial o reservada.<\/p>\n<p>Dirigido a:\u00a0Persona Jur\u00eddica &#8211; Privada, Persona Jur\u00eddica &#8211; P\u00fablica, Persona Natural &#8211; Ecuatoriana, Persona Natural &#8211; Extranjera.<\/p>\n<p><strong>\u00bfQu\u00e9 necesito para hacer el tr\u00e1mite?<\/strong><\/p>\n<p>Requisitos Obligatorios:<\/p>\n<p>Formulario de Solicitud de acceso a la informaci\u00f3n p\u00fablica, indicando de manera clara y concreta la informaci\u00f3n que desee obtener, \u00a0posterior presentaci\u00f3n en las oficinas del GAD Manab\u00ed.<br \/>\nA trav\u00e9s del formulario de contacto se deber\u00e1 llenar toda la informaci\u00f3n correspondiente y enviar.<\/p>\n<p><strong>\u00bfComo hago el tr\u00e1mite?<\/strong><\/p>\n<p>\uf06cDescargar la solicitud publicada en la secci\u00f3n \u00abFormulario para impresi\u00f3n\u00bb.<br \/>\n\uf06cLlenar la solicitud con la informaci\u00f3n requerida.<br \/>\n\uf06cEnviar la solicitud en cualquiera de las siguientes formas:<\/p>\n<p>\uf0d8Mediante correo electr\u00f3nico\u00a0a\u00a0secretaria@manabi.gob.ec, contacto@manabi.gob.ec<\/p>\n<p>\uf0d8Presentando con\u00a0Oficio dirigido a la M\u00e1xima Autoridad del Gobierno Provincial de Manab\u00ed.<\/p>\n<p>\uf06cEn la oficina de la Subdirecci\u00f3n de Atenci\u00f3n Ciudadana del Gobierno Provincial de Manab\u00ed , o en las oficinas desconcentradas Oficina Chone, Calle Atahualpa 212 y 7 de Agosto, planta baja del edificio del Sindicato de Ch\u00f3feres de Chone, Oficina Pedernales Centro comercial pedernales. Calle los r\u00edos entre machala y ambato, Oficina El Carmen, Avenida Chone y Abd\u00f3n Calder\u00f3n Edificio esquinero planta baja.<\/p>\n<p><strong>Canales de atenci\u00f3n:<\/strong><\/p>\n<p>Correo electr\u00f3nico,\u00a0secretaria@manabi.gob.ec, Presencial a trav\u00e9s de la Subdirecci\u00f3n de Atenci\u00f3n Ciudadana, o las oficinas desconcentradas.<\/p>\n<p><strong>\u00bfCual es el costo del tr\u00e1mite?<\/strong><\/p>\n<p>El tr\u00e1mite no tiene costo<\/p>\n<p><strong>\u00bfD\u00f3nde y cu\u00e1l es el horario de atenci\u00f3n?<\/strong><\/p>\n<p>Oficina matriz del Gobierno Provincial de Manab\u00ed, ubicado en la Calle C\u00f3rdova entre Olmedo y Ricaurte.<\/p>\n<p><strong>Horario de atenci\u00f3n:<\/strong><\/p>\n<p>Lunes a viernes de 08h00 a 16h30 en las oficinas.<\/p>\n<p>Contacto para atenci\u00f3n ciudadana<\/p>\n<p>Contacto: Direcci\u00f3n de Secretar\u00eda General<br \/>\nEmail: secretar\u00eda@manab\u00ed.gob.ec; contacto@manabi.gob.ec<br \/>\nTel\u00e9fono: (05) 259 0300 ext. 300<\/p>\n<p>No es necesario presentar la solicitud por ambos medios<\/p>\n<p><strong>Direcci\u00f3n<br \/>\n<\/strong>C\u00f3rdova entre Olmedo y Ricaurte<\/p>\n<p><strong>Tel\u00e9fono<\/strong><br \/>\n(05) 259 0300 ext. 300<\/p>\n<p><strong>E-mail<\/strong><br \/>\nsecretaria@manab\u00ed.gob.ec;<br \/>\ncontacto@manabi.gob.ec<\/p>\n<\/div>\n<p>[\/vc_column_text][\/vc_column][vc_column width=\u00bb1\/2&#8243;][vc_column_text]<\/p>\n<h5 class=\"fs-24 mg-top-0 mg-bottom-10 uppercase\"><span class=\"gsf-accent-text \">Formularios<\/span><\/h5>\n<p>[\/vc_column_text][vc_tta_accordion style=\u00bboutline\u00bb color=\u00bbgreen\u00bb spacing=\u00bb15&#8243; active_section=\u00bb0&#8243; no_fill=\u00bbtrue\u00bb collapsible_all=\u00bbtrue\u00bb][vc_tta_section title=\u00bbFormulario en L\u00ednea\u00bb tab_id=\u00bb1700171466247-b6027d03-6653&#8243;]\n<div class=\"wpcf7 no-js\" id=\"wpcf7-f15931-o1\" lang=\"es-ES\" dir=\"ltr\" data-wpcf7-id=\"15931\">\n<div class=\"screen-reader-response\"><p role=\"status\" aria-live=\"polite\" aria-atomic=\"true\"><\/p> <ul><\/ul><\/div>\n<form action=\"\/index.php\/wp-json\/wp\/v2\/pages\/15928#wpcf7-f15931-o1\" method=\"post\" class=\"wpcf7-form init\" aria-label=\"Formulario de contacto\" novalidate=\"novalidate\" data-status=\"init\">\n<fieldset class=\"hidden-fields-container\"><input type=\"hidden\" name=\"_wpcf7\" value=\"15931\" \/><input type=\"hidden\" name=\"_wpcf7_version\" value=\"6.1.5\" \/><input type=\"hidden\" name=\"_wpcf7_locale\" value=\"es_ES\" \/><input type=\"hidden\" name=\"_wpcf7_unit_tag\" value=\"wpcf7-f15931-o1\" \/><input type=\"hidden\" name=\"_wpcf7_container_post\" value=\"0\" \/><input type=\"hidden\" name=\"_wpcf7_posted_data_hash\" value=\"\" \/>\n<\/fieldset>\n<p><span class=\"wpcf7-form-control-wrap\" data-name=\"your-fecha\"><input class=\"wpcf7-form-control wpcf7-date wpcf7-validates-as-required wpcf7-validates-as-date\" aria-required=\"true\" aria-invalid=\"false\" placeholder=\"Fecha*\" value=\"\" type=\"date\" name=\"your-fecha\" \/><\/span>\n<\/p>\n<p><span class=\"wpcf7-form-control-wrap\" data-name=\"your-city\"><input size=\"40\" maxlength=\"400\" class=\"wpcf7-form-control wpcf7-text wpcf7-validates-as-required\" aria-required=\"true\" aria-invalid=\"false\" placeholder=\"Ciudad*\" value=\"\" type=\"text\" name=\"your-city\" \/><\/span>\n<\/p>\n<p><span class=\"wpcf7-form-control-wrap\" data-name=\"your-institucion\"><input size=\"40\" maxlength=\"400\" class=\"wpcf7-form-control wpcf7-text wpcf7-validates-as-required\" aria-required=\"true\" aria-invalid=\"false\" placeholder=\"Instituci\u00f3n\" value=\"\" type=\"text\" name=\"your-institucion\" \/><\/span>\n<\/p>\n<p><span class=\"wpcf7-form-control-wrap\" data-name=\"your-autoridad\"><input size=\"40\" maxlength=\"400\" class=\"wpcf7-form-control wpcf7-text wpcf7-validates-as-required\" aria-required=\"true\" aria-invalid=\"false\" placeholder=\"Autoridad\" value=\"\" type=\"text\" name=\"your-autoridad\" \/><\/span>\n<\/p>\n<p>Identificaci\u00f3n del solicitante\n<\/p>\n<p><span class=\"wpcf7-form-control-wrap\" data-name=\"your-name\"><input size=\"40\" maxlength=\"400\" class=\"wpcf7-form-control wpcf7-text wpcf7-validates-as-required\" aria-required=\"true\" aria-invalid=\"false\" placeholder=\"Nombre y Apellido*\" value=\"\" type=\"text\" name=\"your-name\" \/><\/span>\n<\/p>\n<p><span class=\"wpcf7-form-control-wrap\" data-name=\"your-cedula\"><input size=\"40\" maxlength=\"400\" class=\"wpcf7-form-control wpcf7-text wpcf7-validates-as-required\" aria-required=\"true\" aria-invalid=\"false\" placeholder=\"No de Cedula*\" value=\"\" type=\"text\" name=\"your-cedula\" \/><\/span>\n<\/p>\n<p><span class=\"wpcf7-form-control-wrap\" data-name=\"your-direccion\"><input size=\"40\" maxlength=\"400\" class=\"wpcf7-form-control wpcf7-text wpcf7-validates-as-required\" aria-required=\"true\" aria-invalid=\"false\" placeholder=\"Direcci\u00f3n*\" value=\"\" type=\"text\" name=\"your-direccion\" \/><\/span>\n<\/p>\n<p><span class=\"wpcf7-form-control-wrap\" data-name=\"your-fono\"><input size=\"40\" maxlength=\"400\" class=\"wpcf7-form-control wpcf7-text wpcf7-validates-as-required\" aria-required=\"true\" aria-invalid=\"false\" placeholder=\"Tel\u00e9fono*\" value=\"\" type=\"text\" name=\"your-fono\" \/><\/span>\n<\/p>\n<p>Petici\u00f3n Concreta\n<\/p>\n<p><span class=\"wpcf7-form-control-wrap\" data-name=\"your-message\"><textarea cols=\"40\" rows=\"10\" maxlength=\"2000\" class=\"wpcf7-form-control wpcf7-textarea\" aria-invalid=\"false\" placeholder=\"Petici\u00f3n Concreta*\" name=\"your-message\"><\/textarea><\/span>\n<\/p>\n<p>Forma de recepci\u00f3n de la informaci\u00f3n solicitada\n<\/p>\n<p><span class=\"wpcf7-form-control-wrap\" data-name=\"forma\"><span class=\"wpcf7-form-control wpcf7-checkbox\"><span class=\"wpcf7-list-item first\"><label><input type=\"checkbox\" name=\"forma[]\" value=\"En oficina\" \/><span class=\"wpcf7-list-item-label\">En oficina<\/span><\/label><\/span><span class=\"wpcf7-list-item last\"><label><input type=\"checkbox\" name=\"forma[]\" value=\"Por correo electr\u00f3nico\" \/><span class=\"wpcf7-list-item-label\">Por correo electr\u00f3nico<\/span><\/label><\/span><\/span><\/span>\n<\/p>\n<p><span class=\"wpcf7-form-control-wrap\" data-name=\"your-email\"><input size=\"40\" maxlength=\"400\" class=\"wpcf7-form-control wpcf7-email wpcf7-validates-as-required wpcf7-text wpcf7-validates-as-email\" aria-required=\"true\" aria-invalid=\"false\" placeholder=\"E-mail*\" value=\"\" type=\"email\" name=\"your-email\" \/><\/span>\n<\/p>\n<div class=\"integrity-section\">\n\t<h5>Compromiso de Integridad Ciudadana\n\t<\/h5>\n\t<p>El Gobierno Aut\u00f3nomo Descentralizado Provincial de Manab\u00ed promueve tr\u00e1mites transparentes y libres de soborno.\n\t<\/p>\n\t<p>Para continuar, le solicitamos aceptar el Compromiso de Integridad Ciudadana.\n\t<\/p>\n\t<div class=\"checkbox-container\">\n\t\t<p><span class=\"wpcf7-form-control-wrap\" data-name=\"Compromiso\"><span class=\"wpcf7-form-control wpcf7-acceptance\"><span class=\"wpcf7-list-item\"><label><input type=\"checkbox\" name=\"Compromiso\" value=\"1\" aria-invalid=\"false\" \/><span class=\"wpcf7-list-item-label\">\"Declaro que no ofrecer\u00e9 dinero, regalos ni ning\u00fan beneficio indebido para la realizaci\u00f3n de este tr\u00e1mite y acepto el Compromiso de Integridad Ciudadana.\"<\/span><\/label><\/span><\/span><\/span>\n\t\t<\/p>\n\t<\/div>\n\t<p><a href=\"https:\/\/www.manabi.gob.ec\/wp-content\/uploads\/2026\/02\/compromiso-de-integridad-ciudadana.pdf\" target=\"_blank\" class=\"integrity-link\"><br \/>\n<span class=\"dashicons dashicons-media-document\"><\/span> Ver Compromiso de Integridad Ciudadana<br \/>\n<\/a>\n\t<\/p>\n<\/div>\n<p>&nbsp;\n<\/p>\n<p><input class=\"wpcf7-form-control wpcf7-submit has-spinner\" type=\"submit\" value=\"Enviar\" \/>\n<\/p><p style=\"display: none !important;\" class=\"akismet-fields-container\" data-prefix=\"_wpcf7_ak_\"><label>&#916;<textarea name=\"_wpcf7_ak_hp_textarea\" cols=\"45\" rows=\"8\" maxlength=\"100\"><\/textarea><\/label><input type=\"hidden\" id=\"ak_js_1\" name=\"_wpcf7_ak_js\" value=\"3\"\/><script>document.getElementById( \"ak_js_1\" ).setAttribute( \"value\", ( new Date() ).getTime() );<\/script><\/p><div class=\"wpcf7-response-output\" aria-hidden=\"true\"><\/div>\n<\/form>\n<\/div>\n[\/vc_tta_section][vc_tta_section title=\u00bbFormulario para impresi\u00f3n\u00bb tab_id=\u00bb1700171466267-3b3a0485-fe55&#8243;][vc_column_text]<\/p>\n<h5 class=\"fs-24 mg-top-0 mg-bottom-10 uppercase\"><span class=\"gsf-accent-text \">Formulario f\u00edsico<\/span><\/h5>\n<p>Adicionalmente ponemos a su disposici\u00f3n el Formulario F\u00edsico para su descarga y posterior presentaci\u00f3n en las oficinas del GAD Manab\u00ed si as\u00ed lo desea DESCARGAR Formulario F\u00edsico[\/vc_column_text][gsf_button title=\u00bbDescargar el formulario f\u00edsico\u00bb link=\u00bburl:https%3A%2F%2Fwww.manabi.gob.ec%2Fwp-content%2Fuploads%2F2023%2F08%2FLiteral-f2-Formulario-solicitud-acceso-a-la-informacion-publica-1.pdf|||\u00bb css=\u00bb.vc_custom_1692725202307{margin-bottom: 15px !important;}\u00bb][\/vc_tta_section][\/vc_tta_accordion][\/vc_column][\/vc_row]<\/p>\n","protected":false},"excerpt":{"rendered":"<p>[vc_row][vc_column][vc_column_text][\/vc_column_text][\/vc_column][\/vc_row][vc_row gap=\u00bb5&#8243; css=\u00bb.vc_custom_1700171967931{margin-top: 0px !important;margin-right: 0px !important;margin-bottom: 0px !important;margin-left: 0px !important;padding-top: 0px !important;padding-right: 0px !important;padding-bottom: 0px !important;padding-left: 0px !important;}\u00bb][vc_column width=\u00bb1\/2&#8243; css=\u00bb.vc_custom_1700172039919{padding: 10px !important;background-color: #f4f4f4 !important;}\u00bb][vc_single_image image=\u00bb26275&#8243; img_size=\u00bbfull\u00bb css=\u00bb.vc_custom_1700172197066{margin-bottom: 15px !important;}\u00bb][vc_column_text el_class=\u00bb\u00bb] [responsivevoice_button voice=\u00bbSpanish Latin American Female\u00bb buttontext=\u00bbEscuchar la entrada\u00bb] La informaci\u00f3n p\u00fablica pertenece a los ciudadanos y ciudadanas; por tanto tienen derecho a solicitar informaci\u00f3n [&hellip;]<\/p>\n","protected":false},"author":1,"featured_media":0,"parent":0,"menu_order":0,"comment_status":"closed","ping_status":"closed","template":"","meta":{"_joinchat":[],"footnotes":""},"class_list":["post-15928","page","type-page","status-publish","hentry"],"yoast_head":"<!-- This site is optimized with the Yoast SEO plugin v27.4 - https:\/\/yoast.com\/product\/yoast-seo-wordpress\/ -->\n<title>Solicitud de acceso a la informaci\u00f3n p\u00fablica - Prefectura de Manab\u00ed<\/title>\n<meta name=\"robots\" content=\"index, follow, max-snippet:-1, max-image-preview:large, max-video-preview:-1\" \/>\n<link rel=\"canonical\" href=\"https:\/\/www.manabi.gob.ec\/index.php\/solicitud-de-acceso-a-la-informacion-publica\/\" \/>\n<meta property=\"og:locale\" content=\"es_ES\" \/>\n<meta property=\"og:type\" content=\"article\" \/>\n<meta property=\"og:title\" content=\"Solicitud de acceso a la informaci\u00f3n p\u00fablica - Prefectura de Manab\u00ed\" \/>\n<meta property=\"og:description\" content=\"[vc_row][vc_column][vc_column_text][\/vc_column_text][\/vc_column][\/vc_row][vc_row gap=\u00bb5&#8243; css=\u00bb.vc_custom_1700171967931{margin-top: 0px !important;margin-right: 0px !important;margin-bottom: 0px !important;margin-left: 0px !important;padding-top: 0px !important;padding-right: 0px !important;padding-bottom: 0px !important;padding-left: 0px !important;}\u00bb][vc_column width=\u00bb1\/2&#8243; css=\u00bb.vc_custom_1700172039919{padding: 10px !important;background-color: #f4f4f4 !important;}\u00bb][vc_single_image image=\u00bb26275&#8243; img_size=\u00bbfull\u00bb css=\u00bb.vc_custom_1700172197066{margin-bottom: 15px !important;}\u00bb][vc_column_text el_class=\u00bb\u00bb] [responsivevoice_button voice=&quot;Spanish Latin American Female&quot; buttontext=&quot;Escuchar la entrada&quot;] La informaci\u00f3n p\u00fablica pertenece a los ciudadanos y ciudadanas; por tanto tienen derecho a solicitar informaci\u00f3n [&hellip;]\" \/>\n<meta property=\"og:url\" content=\"https:\/\/www.manabi.gob.ec\/index.php\/solicitud-de-acceso-a-la-informacion-publica\/\" \/>\n<meta property=\"og:site_name\" content=\"Prefectura de Manab\u00ed\" \/>\n<meta property=\"article:modified_time\" content=\"2023-11-22T20:42:17+00:00\" \/>\n<meta name=\"twitter:card\" content=\"summary_large_image\" \/>\n<meta name=\"twitter:label1\" content=\"Tiempo de lectura\" \/>\n\t<meta name=\"twitter:data1\" content=\"3 minutos\" \/>\n<script type=\"application\/ld+json\" class=\"yoast-schema-graph\">{\"@context\":\"https:\\\/\\\/schema.org\",\"@graph\":[{\"@type\":\"WebPage\",\"@id\":\"https:\\\/\\\/www.manabi.gob.ec\\\/index.php\\\/solicitud-de-acceso-a-la-informacion-publica\\\/\",\"url\":\"https:\\\/\\\/www.manabi.gob.ec\\\/index.php\\\/solicitud-de-acceso-a-la-informacion-publica\\\/\",\"name\":\"Solicitud de acceso a la informaci\u00f3n p\u00fablica - Prefectura de Manab\u00ed\",\"isPartOf\":{\"@id\":\"https:\\\/\\\/www.manabi.gob.ec\\\/#website\"},\"datePublished\":\"2021-02-25T10:24:52+00:00\",\"dateModified\":\"2023-11-22T20:42:17+00:00\",\"breadcrumb\":{\"@id\":\"https:\\\/\\\/www.manabi.gob.ec\\\/index.php\\\/solicitud-de-acceso-a-la-informacion-publica\\\/#breadcrumb\"},\"inLanguage\":\"es\",\"potentialAction\":[{\"@type\":\"ReadAction\",\"target\":[\"https:\\\/\\\/www.manabi.gob.ec\\\/index.php\\\/solicitud-de-acceso-a-la-informacion-publica\\\/\"]}]},{\"@type\":\"BreadcrumbList\",\"@id\":\"https:\\\/\\\/www.manabi.gob.ec\\\/index.php\\\/solicitud-de-acceso-a-la-informacion-publica\\\/#breadcrumb\",\"itemListElement\":[{\"@type\":\"ListItem\",\"position\":1,\"name\":\"Portada\",\"item\":\"https:\\\/\\\/www.manabi.gob.ec\\\/\"},{\"@type\":\"ListItem\",\"position\":2,\"name\":\"Solicitud de acceso a la informaci\u00f3n p\u00fablica\"}]},{\"@type\":\"WebSite\",\"@id\":\"https:\\\/\\\/www.manabi.gob.ec\\\/#website\",\"url\":\"https:\\\/\\\/www.manabi.gob.ec\\\/\",\"name\":\"Prefectura de Manab\u00ed\",\"description\":\"P\u00e1gina web de la prefectura\",\"potentialAction\":[{\"@type\":\"SearchAction\",\"target\":{\"@type\":\"EntryPoint\",\"urlTemplate\":\"https:\\\/\\\/www.manabi.gob.ec\\\/?s={search_term_string}\"},\"query-input\":{\"@type\":\"PropertyValueSpecification\",\"valueRequired\":true,\"valueName\":\"search_term_string\"}}],\"inLanguage\":\"es\"}]}<\/script>\n<!-- \/ Yoast SEO plugin. -->","yoast_head_json":{"title":"Solicitud de acceso a la informaci\u00f3n p\u00fablica - Prefectura de Manab\u00ed","robots":{"index":"index","follow":"follow","max-snippet":"max-snippet:-1","max-image-preview":"max-image-preview:large","max-video-preview":"max-video-preview:-1"},"canonical":"https:\/\/www.manabi.gob.ec\/index.php\/solicitud-de-acceso-a-la-informacion-publica\/","og_locale":"es_ES","og_type":"article","og_title":"Solicitud de acceso a la informaci\u00f3n p\u00fablica - Prefectura de Manab\u00ed","og_description":"[vc_row][vc_column][vc_column_text][\/vc_column_text][\/vc_column][\/vc_row][vc_row gap=\u00bb5&#8243; css=\u00bb.vc_custom_1700171967931{margin-top: 0px !important;margin-right: 0px !important;margin-bottom: 0px !important;margin-left: 0px !important;padding-top: 0px !important;padding-right: 0px !important;padding-bottom: 0px !important;padding-left: 0px !important;}\u00bb][vc_column width=\u00bb1\/2&#8243; css=\u00bb.vc_custom_1700172039919{padding: 10px !important;background-color: #f4f4f4 !important;}\u00bb][vc_single_image image=\u00bb26275&#8243; img_size=\u00bbfull\u00bb css=\u00bb.vc_custom_1700172197066{margin-bottom: 15px !important;}\u00bb][vc_column_text el_class=\u00bb\u00bb] [responsivevoice_button voice=\"Spanish Latin American Female\" buttontext=\"Escuchar la entrada\"] La informaci\u00f3n p\u00fablica pertenece a los ciudadanos y ciudadanas; por tanto tienen derecho a solicitar informaci\u00f3n [&hellip;]","og_url":"https:\/\/www.manabi.gob.ec\/index.php\/solicitud-de-acceso-a-la-informacion-publica\/","og_site_name":"Prefectura de Manab\u00ed","article_modified_time":"2023-11-22T20:42:17+00:00","twitter_card":"summary_large_image","twitter_misc":{"Tiempo de lectura":"3 minutos"},"schema":{"@context":"https:\/\/schema.org","@graph":[{"@type":"WebPage","@id":"https:\/\/www.manabi.gob.ec\/index.php\/solicitud-de-acceso-a-la-informacion-publica\/","url":"https:\/\/www.manabi.gob.ec\/index.php\/solicitud-de-acceso-a-la-informacion-publica\/","name":"Solicitud de acceso a la informaci\u00f3n p\u00fablica - Prefectura de Manab\u00ed","isPartOf":{"@id":"https:\/\/www.manabi.gob.ec\/#website"},"datePublished":"2021-02-25T10:24:52+00:00","dateModified":"2023-11-22T20:42:17+00:00","breadcrumb":{"@id":"https:\/\/www.manabi.gob.ec\/index.php\/solicitud-de-acceso-a-la-informacion-publica\/#breadcrumb"},"inLanguage":"es","potentialAction":[{"@type":"ReadAction","target":["https:\/\/www.manabi.gob.ec\/index.php\/solicitud-de-acceso-a-la-informacion-publica\/"]}]},{"@type":"BreadcrumbList","@id":"https:\/\/www.manabi.gob.ec\/index.php\/solicitud-de-acceso-a-la-informacion-publica\/#breadcrumb","itemListElement":[{"@type":"ListItem","position":1,"name":"Portada","item":"https:\/\/www.manabi.gob.ec\/"},{"@type":"ListItem","position":2,"name":"Solicitud de acceso a la informaci\u00f3n p\u00fablica"}]},{"@type":"WebSite","@id":"https:\/\/www.manabi.gob.ec\/#website","url":"https:\/\/www.manabi.gob.ec\/","name":"Prefectura de Manab\u00ed","description":"P\u00e1gina web de la prefectura","potentialAction":[{"@type":"SearchAction","target":{"@type":"EntryPoint","urlTemplate":"https:\/\/www.manabi.gob.ec\/?s={search_term_string}"},"query-input":{"@type":"PropertyValueSpecification","valueRequired":true,"valueName":"search_term_string"}}],"inLanguage":"es"}]}},"_links":{"self":[{"href":"https:\/\/www.manabi.gob.ec\/index.php\/wp-json\/wp\/v2\/pages\/15928","targetHints":{"allow":["GET"]}}],"collection":[{"href":"https:\/\/www.manabi.gob.ec\/index.php\/wp-json\/wp\/v2\/pages"}],"about":[{"href":"https:\/\/www.manabi.gob.ec\/index.php\/wp-json\/wp\/v2\/types\/page"}],"author":[{"embeddable":true,"href":"https:\/\/www.manabi.gob.ec\/index.php\/wp-json\/wp\/v2\/users\/1"}],"replies":[{"embeddable":true,"href":"https:\/\/www.manabi.gob.ec\/index.php\/wp-json\/wp\/v2\/comments?post=15928"}],"version-history":[{"count":10,"href":"https:\/\/www.manabi.gob.ec\/index.php\/wp-json\/wp\/v2\/pages\/15928\/revisions"}],"predecessor-version":[{"id":26406,"href":"https:\/\/www.manabi.gob.ec\/index.php\/wp-json\/wp\/v2\/pages\/15928\/revisions\/26406"}],"wp:attachment":[{"href":"https:\/\/www.manabi.gob.ec\/index.php\/wp-json\/wp\/v2\/media?parent=15928"}],"curies":[{"name":"wp","href":"https:\/\/api.w.org\/{rel}","templated":true}]}}