{"id":18613,"date":"2021-10-15T14:30:34","date_gmt":"2021-10-15T14:30:34","guid":{"rendered":"https:\/\/www.manabi.gob.ec\/?page_id=18613"},"modified":"2026-04-29T15:56:36","modified_gmt":"2026-04-29T15:56:36","slug":"resoluciones-administrativas","status":"publish","type":"page","link":"https:\/\/www.manabi.gob.ec\/index.php\/resoluciones-administrativas\/","title":{"rendered":"Resoluciones Administrativas"},"content":{"rendered":"<p>[vc_row bg_overlay_mode=\u00bbcolor\u00bb css=\u00bb.vc_custom_1630102865600{background-color: #424242 !important;}\u00bb bg_overlay_color=\u00bb#191919&#8243;][vc_column width=\u00bb1\/4&#8243;][gsf_space desktop=\u00bb45&#8243; tablet=\u00bb70&#8243; tablet_portrait=\u00bb60&#8243; mobile_landscape=\u00bb50&#8243; mobile=\u00bb40&#8243;][vc_single_image image=\u00bb22607&#8243; alignment=\u00bbright\u00bb style=\u00bbvc_box_border\u00bb border_color=\u00bbwhite\u00bb css=\u00bb.vc_custom_1666802843345{border-top-width: 4px !important;border-right-width: 4px !important;border-bottom-width: 4px !important;border-left-width: 4px !important;}\u00bb][\/vc_column][vc_column width=\u00bb2\/4&#8243;][gsf_space desktop=\u00bb90&#8243; tablet=\u00bb70&#8243; tablet_portrait=\u00bb60&#8243; mobile_landscape=\u00bb50&#8243; mobile=\u00bb40&#8243;][gsf_page_title font_container=\u00bbfont_size:45|text_align:left|color:%23f7f7f7&#8243;][vc_column_text]<span style=\"color: #ffffff;\">\u00a0<a style=\"color: #ffffff;\" href=\"https:\/\/www.manabi.gob.ec\/index.php\/instrumentos-normativos-y-politicas\/\">Pol\u00edticas y normativa<\/a>s<\/span>[\/vc_column_text][\/vc_column][vc_column width=\u00bb1\/4&#8243;][\/vc_column][\/vc_row][vc_row css=\u00bb.vc_custom_1630103050682{background-color: #f4f4f4 !important;}\u00bb][vc_column][vc_empty_space height=\u00bb102px\u00bb][\/vc_column][\/vc_row][vc_row color_skin=\u00bbskin-light\u00bb equal_height=\u00bbyes\u00bb parallax=\u00bbcontent-moving\u00bb css=\u00bb.vc_custom_1622148044878{background-color: #f4f4f4 !important;background-position: center;background-repeat: no-repeat !important;background-size: cover !important;}\u00bb][vc_column color_skin=\u00bbskin-light\u00bb width=\u00bb1\/5&#8243; css=\u00bb.vc_custom_1629243021998{border-right-width: 2px !important;background-color: #f4f4f4 !important;border-right-color: #cecece !important;border-right-style: solid !important;}\u00bb][gsf_button title=\u00bbVolver\u00bb style=\u00bb3d\u00bb size=\u00bbmd\u00bb align=\u00bbright\u00bb button_block=\u00bbon\u00bb icon_font=\u00bbfa fa-arrow-left\u00bb link=\u00bburl:https%3A%2F%2Fwww.manabi.gob.ec%2Findex.php%2Finstrumentos-normativos-y-politicas%2F|||\u00bb][gsf_space desktop=\u00bb20&#8243; tablet=\u00bb70&#8243; tablet_portrait=\u00bb60&#8243; mobile_landscape=\u00bb50&#8243; mobile=\u00bb40&#8243;][\/vc_column][vc_column width=\u00bb4\/5&#8243; css=\u00bb.vc_custom_1622148120192{background-position: center !important;background-repeat: no-repeat !important;background-size: cover !important;}\u00bb offset=\u00bbvc_col-xs-12&#8243;][vc_tta_accordion style=\u00bboutline\u00bb color=\u00bbmulled-wine\u00bb spacing=\u00bb10&#8243; autoplay=\u00bb10&#8243; active_section=\u00bb7&#8243; collapsible_all=\u00bbtrue\u00bb][vc_tta_section title=\u00bb2026&#8243; tab_id=\u00bb1683910519954-ab5f91d1-0e5e\u00bb][vc_text_separator title=\u00bbEnero\u00bb color=\u00bbblack\u00bb css=\u00bb.vc_custom_1774471886570{margin-top: 25px !important;margin-bottom: 25px !important;}\u00bb][gsf_call_to_action title=\u00bbDescargar\u00bb style=\u00bboutline\u00bb link=\u00bburl:https%3A%2F%2Fwww.manabi.gob.ec%2Fwp-content%2Fuploads%2F2026%2F04%2FRESOLUCION-GADPM-PREM-2026-002A-RES.pdf|||\u00bb css=\u00bb.vc_custom_1776267903653{margin-bottom: 20px !important;}\u00bb]Resoluci\u00f3n Administrativa <strong>N\u00b0 GADPM-PREM-2026-002A-RES <\/strong>Expedir las disposiciones para la renovaci\u00f3n de los contratos bajo la modalidad servicios ocasionales en el Gobierno Aut\u00f3nomo Descentralizado Provincial de Manab\u00ed[\/gsf_call_to_action][vc_text_separator title=\u00bbFebrero\u00bb color=\u00bbblack\u00bb css=\u00bb.vc_custom_1739302468267{margin-top: 25px !important;margin-bottom: 25px !important;}\u00bb][gsf_call_to_action title=\u00bbDescargar\u00bb style=\u00bboutline\u00bb link=\u00bburl:https%3A%2F%2Fwww.manabi.gob.ec%2Fwp-content%2Fuploads%2F2026%2F04%2FRESOLUCION-N%C2%B0-GADPM-PREM-2026-123-A-RES.pdf|||\u00bb css=\u00bb.vc_custom_1775767464172{margin-bottom: 20px !important;}\u00bb]<strong>Resoluci\u00f3n No. GADPM-PREM-2026-123-A-RES<\/strong> Expedir la Pol\u00edtica de Privacidad, Protecci\u00f3n y Tratamiento de Datos Personales del Gobierno Aut\u00f3nomo Descentralizado Provincial de Manab\u00ed.[\/gsf_call_to_action][gsf_call_to_action title=\u00bbDescargar\u00bb style=\u00bboutline\u00bb link=\u00bburl:https%3A%2F%2Fwww.manabi.gob.ec%2Fwp-content%2Fuploads%2F2026%2F04%2F1_Politica-Institucional-Proteccion-de-Datos.pdf|||\u00bb css=\u00bb.vc_custom_1775161913573{margin-bottom: 20px !important;}\u00bb]<strong>Anexo 1:<\/strong> Pol\u00edtica de Privacidad, Protecci\u00f3n y Tratamiento de Datos Personales del Gobierno Aut\u00f3nomo Descentralizado Provincial de Manab\u00ed.<\/p>\n<p><em><strong>GADPM-PREM-2026-001-POI \u2013 Aprobada el 24 de febrero de 2026<\/strong><\/em><\/p>\n<div><\/div>\n<p>[\/gsf_call_to_action][gsf_call_to_action title=\u00bbDescargar\u00bb style=\u00bboutline\u00bb link=\u00bburl:https%3A%2F%2Fwww.manabi.gob.ec%2Fwp-content%2Fuploads%2F2026%2F03%2F1_Resolucion-GADPM-PREM-2026-136-A-RES_Planes-provinciales.pdf|||\u00bb css=\u00bb.vc_custom_1773154606791{margin-bottom: 20px !important;}\u00bb]Resoluci\u00f3n Administrativa <strong>N\u00b0 GADPM-PREM-2026-136-A-RES <\/strong>Expedir los Planes Provinciales, relacionados con el Fomento Productivo, Riego y Drenaje, Dragado, Ambiente y Turismo.[\/gsf_call_to_action][gsf_call_to_action title=\u00bbDescargar\u00bb style=\u00bboutline\u00bb link=\u00bburl:https%3A%2F%2Fwww.manabi.gob.ec%2Fwp-content%2Fuploads%2F2026%2F03%2FPLAN-DE-FOMENTO-PRODUCTIVO-DE-MANABI.pdf|||\u00bb css=\u00bb.vc_custom_1772738707299{margin-bottom: 20px !important;}\u00bb]<img alt=\"\" \/><img alt=\"\" \/>Plan Provincial de Fomento Productivo de Manab\u00ed<\/p>\n<div><\/div>\n<p>[\/gsf_call_to_action][gsf_call_to_action title=\u00bbDescargar\u00bb style=\u00bboutline\u00bb link=\u00bburl:https%3A%2F%2Fwww.manabi.gob.ec%2Fwp-content%2Fuploads%2F2026%2F03%2FPLAN-PROVINCIAL-DE-RIEGO-Y-DRENAJE-PROVINCIA-DE-MANABI.pdf|||\u00bb css=\u00bb.vc_custom_1772738830290{margin-bottom: 20px !important;}\u00bb]<img alt=\"\" \/><img alt=\"\" \/>Plan Provincial de Riego y Drenaje de Manab\u00ed<\/p>\n<div><\/div>\n<p>[\/gsf_call_to_action][gsf_call_to_action title=\u00bbDescargar\u00bb style=\u00bboutline\u00bb link=\u00bburl:https%3A%2F%2Fwww.manabi.gob.ec%2Fwp-content%2Fuploads%2F2026%2F03%2FPLAN-DE-DRAGADO-PROVINCIAL-DE-MANABI.pdf|||\u00bb css=\u00bb.vc_custom_1772738892611{margin-bottom: 20px !important;}\u00bb]<img alt=\"\" \/><img alt=\"\" \/>Plan Provincial de Dragado de Manab\u00ed<\/p>\n<div><\/div>\n<p>[\/gsf_call_to_action][gsf_call_to_action title=\u00bbDescargar\u00bb style=\u00bboutline\u00bb link=\u00bburl:https%3A%2F%2Fwww.manabi.gob.ec%2Fwp-content%2Fuploads%2F2026%2F03%2FPLAN-DE-REFORESTACION-PROVINCIAL.pdf|||\u00bb css=\u00bb.vc_custom_1772738955883{margin-bottom: 20px !important;}\u00bb]<img alt=\"\" \/><img alt=\"\" \/>Plan Provincial de Reforestaci\u00f3n de Manab\u00ed<\/p>\n<div><\/div>\n<p>[\/gsf_call_to_action][gsf_call_to_action title=\u00bbDescargar\u00bb style=\u00bboutline\u00bb link=\u00bburl:https%3A%2F%2Fwww.manabi.gob.ec%2Fwp-content%2Fuploads%2F2026%2F03%2FPLAN-ESTRATEGICO-DE-TURISMO-DE-MANABI.pdf|||\u00bb css=\u00bb.vc_custom_1772739019108{margin-bottom: 20px !important;}\u00bb]<img alt=\"\" \/><img alt=\"\" \/>Plan Provincial de Turismo de Manab\u00ed<\/p>\n<div><\/div>\n<p>[\/gsf_call_to_action][gsf_call_to_action title=\u00bbDescargar\u00bb style=\u00bboutline\u00bb link=\u00bburl:https%3A%2F%2Fwww.manabi.gob.ec%2Fwp-content%2Fuploads%2F2026%2F04%2FRESOLUCION-N%C2%B0-GADPM-PREM-2026-192-A-RES.pdf|||\u00bb css=\u00bb.vc_custom_1775743643142{margin-bottom: 20px !important;}\u00bb]Resoluci\u00f3n Administrativa <strong>No. GADPM-PREM-2026-192-A-RES<\/strong> Delegar al Gerente General de la Empresa P\u00fablica de Infraestructura y Vialidad de Manab\u00ed, Manab\u00ed Vial EP, algunas facultades.[\/gsf_call_to_action][vc_text_separator title=\u00bbMarzo\u00bb color=\u00bbblack\u00bb css=\u00bb.vc_custom_1776971977597{margin-top: 25px !important;margin-bottom: 25px !important;}\u00bb][gsf_call_to_action title=\u00bbDescargar\u00bb style=\u00bboutline\u00bb link=\u00bburl:https%3A%2F%2Fwww.manabi.gob.ec%2Fwp-content%2Fuploads%2F2026%2F04%2FRESOLUCION-N%C2%B0-GADPM-PREM-2026-197-RES.pdf|||\u00bb css=\u00bb.vc_custom_1776972379275{margin-bottom: 20px !important;}\u00bb]Resoluci\u00f3n <strong>N\u00b0 GADPM-PREM-2026-197-RES <\/strong>Expedir la actualizaci\u00f3n al manual de descripci\u00f3n, valorizaci\u00f3n y clasificaci\u00f3n de los puestos del Gobierno Aut\u00f3nomo Descentralizado Provincial de Manab\u00ed.[\/gsf_call_to_action][vc_text_separator title=\u00bbAbril\u00bb color=\u00bbblack\u00bb css=\u00bb.vc_custom_1776885747869{margin-top: 25px !important;margin-bottom: 25px !important;}\u00bb][gsf_call_to_action title=\u00bbDescargar\u00bb style=\u00bboutline\u00bb link=\u00bburl:https%3A%2F%2Fwww.manabi.gob.ec%2Fwp-content%2Fuploads%2F2026%2F04%2F1_ResTransfGratuita_VF-signed-signed-signed-signed-signed.pdf|||\u00bb css=\u00bb.vc_custom_1776886420614{margin-bottom: 20px !important;}\u00bb]Resoluci\u00f3n <strong>N\u00b0 GADPM-PREM-2026-281-RES <\/strong>Disponer la transferencia gratuita de bienes e inventarios a favor de la Empresa P\u00fablica e Infraestructura y Vialidad de Manab\u00ed &#8211; Manab\u00ed Vial EP[\/gsf_call_to_action][\/vc_tta_section][vc_tta_section title=\u00bb2025&#8243; tab_id=\u00bb1772567569061-02dd760f-7798&#8243;][vc_text_separator title=\u00bbEnero\u00bb color=\u00bbblack\u00bb css=\u00bb.vc_custom_1704895025747{margin-top: 25px !important;margin-bottom: 25px !important;}\u00bb][gsf_call_to_action title=\u00bbDescargar\u00bb style=\u00bboutline\u00bb link=\u00bburl:https%3A%2F%2Fwww.manabi.gob.ec%2Fwp-content%2Fuploads%2F2025%2F02%2F11_GADPM-PREM-2025-052-RES_CordilleraBalsamo_ACUS_VF.pdf|||\u00bb css=\u00bb.vc_custom_1738695922987{margin-bottom: 20px !important;}\u00bb]<img alt=\"\" \/><img alt=\"\" \/>Resoluci\u00f3n Administrativa <strong>N\u00b0 GADPM-PREM-2025-052-RES\u00a0 <\/strong><span lang=\"ES\">Expedir la resoluci\u00f3n mediante la cual se declara la Cordillera del B\u00e1lsamo como \u00c1rea de Conservaci\u00f3n y Uso Sostenible (ACUS) provincial<\/span>.[\/gsf_call_to_action][gsf_call_to_action title=\u00bbDescargar\u00bb style=\u00bboutline\u00bb link=\u00bburl:https%3A%2F%2Fwww.manabi.gob.ec%2Fwp-content%2Fuploads%2F2025%2F12%2FANEXO-1-GADPM-PREM-2025-052-RESResRefCordBal_VF.pdf|||\u00bb css=\u00bb.vc_custom_1765379977513{margin-bottom: 20px !important;}\u00bb]<img alt=\"\" \/><img alt=\"\" \/>ANEXO 1: Resoluci\u00f3n Administrativa <strong>N\u00b0 GADPM-PREM-2025-052-RES\u00a0\u00a0<\/strong>[\/gsf_call_to_action][gsf_call_to_action title=\u00bbDescargar\u00bb style=\u00bboutline\u00bb link=\u00bburl:https%3A%2F%2Fwww.manabi.gob.ec%2Fwp-content%2Fuploads%2F2025%2F02%2FRESOL.-053-DECLARATORIA-BOSQUE-ALIMENTARIO-Y-DE-LA-INTECULTURALIDAD-COMO-AREA-DE-CONSERVACION.pdf|||\u00bb css=\u00bb.vc_custom_1738696150579{margin-bottom: 20px !important;}\u00bb]<img alt=\"\" \/><img alt=\"\" \/>Resoluci\u00f3n Administrativa <strong>N\u00b0 GADPM-PREM-2025-053-RES\u00a0 <\/strong><span lang=\"ES\">Expedir la resoluci\u00f3n mediante la cual se declara el Bosque Alimentario y de la Interculturalidad como \u00c1rea de Conservaci\u00f3n y Uso Sostenible (ACUS) provincial<\/span>.[\/gsf_call_to_action][gsf_call_to_action title=\u00bbDescargar\u00bb style=\u00bboutline\u00bb link=\u00bburl:https%3A%2F%2Fwww.manabi.gob.ec%2Fwp-content%2Fuploads%2F2025%2F12%2FANEXO-1-GADPM-PREM-2025-053-RES-Bosque-Alimentario_VF.pdf|||\u00bb css=\u00bb.vc_custom_1765380625512{margin-bottom: 20px !important;}\u00bb]<img alt=\"\" \/>ANEXO 1: Resoluci\u00f3n Administrativa <strong>N\u00b0 GADPM-PREM-2025-053-RES\u00a0\u00a0<\/strong>[\/gsf_call_to_action][gsf_call_to_action title=\u00bbDescargar\u00bb style=\u00bboutline\u00bb link=\u00bburl:https%3A%2F%2Fwww.manabi.gob.ec%2Fwp-content%2Fuploads%2F2025%2F02%2FRESOL.-054-DECLARAR-SITIO-SENDERO-DE-LOS-MONOS-AREA-DE-CONSERVACION-Y-USO-SOSTENIBLE-ACUS.pdf|||\u00bb css=\u00bb.vc_custom_1738696324985{margin-bottom: 20px !important;}\u00bb]<img alt=\"\" \/><img alt=\"\" \/>Resoluci\u00f3n Administrativa <strong>N\u00b0 GADPM-PREM-2025-054-RES\u00a0 <\/strong><span lang=\"ES\">Expedir la resoluci\u00f3n mediante la cual se declara el Sitio Sendero de los Monos como \u00c1rea de Conservaci\u00f3n y Uso Sostenible (ACUS) provincial<\/span>.[\/gsf_call_to_action][gsf_call_to_action title=\u00bbDescargar\u00bb style=\u00bboutline\u00bb link=\u00bburl:https%3A%2F%2Fwww.manabi.gob.ec%2Fwp-content%2Fuploads%2F2025%2F12%2FANEXO-1-GADPM-PREM-2025-054-RES_ResSendLosMonos_VF.pdf|||\u00bb css=\u00bb.vc_custom_1765380790941{margin-bottom: 20px !important;}\u00bb]<img alt=\"\" \/><img alt=\"\" \/>ANEXO 1: Resoluci\u00f3n Administrativa <strong>N\u00b0 GADPM-PREM-2025-054-RES\u00a0\u00a0<\/strong>[\/gsf_call_to_action][gsf_call_to_action title=\u00bbDescargar\u00bb style=\u00bboutline\u00bb link=\u00bburl:https%3A%2F%2Fwww.manabi.gob.ec%2Fwp-content%2Fuploads%2F2025%2F02%2FRESOLUCIION-055-DECLARATORIA-SITIO-LA-TOMATERA-AREA-DE-CONSERVACION.pdf|||\u00bb css=\u00bb.vc_custom_1738696535634{margin-bottom: 20px !important;}\u00bb]<img alt=\"\" \/><img alt=\"\" \/>Resoluci\u00f3n Administrativa <strong>N\u00b0 GADPM-PREM-2025-055-RES\u00a0 <\/strong><span lang=\"ES\">Expedir la resoluci\u00f3n mediante la cual se declara el Sitio La Tomatera como \u00c1rea de Conservaci\u00f3n y Uso Sostenible (ACUS) provincial<\/span>.[\/gsf_call_to_action][gsf_call_to_action title=\u00bbDescargar\u00bb style=\u00bboutline\u00bb link=\u00bburl:https%3A%2F%2Fwww.manabi.gob.ec%2Fwp-content%2Fuploads%2F2025%2F12%2FANEXO-1-GADPM-PREM-2025-055-RES-_La-Tomatera_VF.pdf|||\u00bb css=\u00bb.vc_custom_1765381381304{margin-bottom: 20px !important;}\u00bb]ANEXO 1: <img alt=\"\" \/><img alt=\"\" \/>Resoluci\u00f3n Administrativa <strong>N\u00b0 GADPM-PREM-2025-055-RES\u00a0\u00a0<\/strong>[\/gsf_call_to_action][gsf_call_to_action title=\u00bbDescargar\u00bb style=\u00bboutline\u00bb link=\u00bburl:https%3A%2F%2Fwww.manabi.gob.ec%2Fwp-content%2Fuploads%2F2025%2F02%2FRESOL.-056-DECLARATORIA-SITIO-CINCO-CERROS-AREA-DE-CONSERVACION.pdf|||\u00bb css=\u00bb.vc_custom_1738696818119{margin-bottom: 20px !important;}\u00bb]<img alt=\"\" \/><img alt=\"\" \/>Resoluci\u00f3n Administrativa <strong>N\u00b0 GADPM-PREM-2025-056-RES\u00a0 <\/strong><span lang=\"ES\">Expedir la resoluci\u00f3n mediante la cual se declara el Sitio Cinco Cerros como \u00c1rea de Conservaci\u00f3n y Uso Sostenible (ACUS) provincial<\/span>.[\/gsf_call_to_action][gsf_call_to_action title=\u00bbDescargar\u00bb style=\u00bboutline\u00bb link=\u00bburl:https%3A%2F%2Fwww.manabi.gob.ec%2Fwp-content%2Fuploads%2F2025%2F12%2FANEXO-1-GADPM-PREM-2025-056-RES-Cinco-Cerros_VF.pdf|||\u00bb css=\u00bb.vc_custom_1765381707798{margin-bottom: 20px !important;}\u00bb]ANEXO 1: <img alt=\"\" \/><img alt=\"\" \/>Resoluci\u00f3n Administrativa <strong>N\u00b0 GADPM-PREM-2025-056-RES\u00a0\u00a0<\/strong>[\/gsf_call_to_action][gsf_call_to_action title=\u00bbDescargar\u00bb style=\u00bboutline\u00bb link=\u00bburl:https%3A%2F%2Fwww.manabi.gob.ec%2Fwp-content%2Fuploads%2F2025%2F11%2F16_GADPM-PREM-2025-066-RES_ResDelegadoPDP_VF-1.pdf|||\u00bb css=\u00bb.vc_custom_1762802454665{margin-bottom: 20px !important;}\u00bb]<img alt=\"\" \/><img alt=\"\" \/>Resoluci\u00f3n Administrativa <strong>N\u00b0 GADPM-PREM-2025-066-RES D<\/strong>elegado de protecci\u00f3n de datos personales del Gobierno Aut\u00f3nomo Descentralizado Provincial de Manab\u00ed, en cumplimiento de lo establecido en la Ley Org\u00e1nica de Protecci\u00f3n de Datos Personales y su Reglamento.[\/gsf_call_to_action][vc_text_separator title=\u00bbFebrero\u00bb color=\u00bbblack\u00bb css=\u00bb.vc_custom_1739302468267{margin-top: 25px !important;margin-bottom: 25px !important;}\u00bb][gsf_call_to_action title=\u00bbDescargar\u00bb style=\u00bboutline\u00bb link=\u00bburl:https%3A%2F%2Fwww.manabi.gob.ec%2Fwp-content%2Fuploads%2F2025%2F03%2F1_NormAusteridad_VF-signed.pdf|||\u00bb css=\u00bb.vc_custom_1741787790707{margin-bottom: 20px !important;}\u00bb]<img alt=\"\" \/><img alt=\"\" \/>Resoluci\u00f3n Administrativa <strong>N\u00b0 GADPM-PREM-2025-092A-RES\u00a0<\/strong>Expedir las directrices y normas de optimizaci\u00f3n del gasto del Gobierno Aut\u00f3nomo Descentralizado Provincial de Manab\u00ed para el ejercicio econ\u00f3mico 2025[\/gsf_call_to_action][vc_text_separator title=\u00bbMarzo\u00bb color=\u00bbblack\u00bb css=\u00bb.vc_custom_1741711564703{margin-top: 25px !important;margin-bottom: 25px !important;}\u00bb][gsf_call_to_action title=\u00bbDescargar\u00bb style=\u00bboutline\u00bb link=\u00bburl:https%3A%2F%2Fwww.manabi.gob.ec%2Fwp-content%2Fuploads%2F2025%2F03%2F1_ResChatarrizacion_VF-signed.pdf|||\u00bb css=\u00bb.vc_custom_1741711816708{margin-bottom: 20px !important;}\u00bb]<img alt=\"\" \/><img alt=\"\" \/>Resoluci\u00f3n Administrativa <strong>N\u00b0 GADPM-PREM-2025-155-RES <\/strong>Disponer la baja de los bienes pertenecientes al Gobierno Aut\u00f3nomo Descentralizado Provincial de Manab\u00ed que se detallan en la presente resoluci\u00f3n, por medio del procedimiento de chatarrizaci\u00f3n.[\/gsf_call_to_action][vc_text_separator title=\u00bbAbril\u00bb color=\u00bbblack\u00bb css=\u00bb.vc_custom_1745959003863{margin-top: 25px !important;margin-bottom: 25px !important;}\u00bb][gsf_call_to_action title=\u00bbDescargar\u00bb style=\u00bboutline\u00bb link=\u00bburl:https%3A%2F%2Fwww.manabi.gob.ec%2Fwp-content%2Fuploads%2F2025%2F04%2F22_GADPM-PREM-2025-280-RES_Resolucion-Creacion-de-Puestos.pdf|||\u00bb css=\u00bb.vc_custom_1745959814007{margin-bottom: 20px !important;}\u00bb]<img alt=\"\" \/><img alt=\"\" \/>Resoluci\u00f3n Administrativa <strong>N\u00b0 GADPM-PREM-2025-280-RES <\/strong>Reformar y actualizar la resoluci\u00f3n N\u00b0 GPM-PREM-2022-117B-RES sobre la creaci\u00f3n de puestos del Gobierno Provincial de Manab\u00ed.[\/gsf_call_to_action][vc_text_separator title=\u00bbMayo\u00bb color=\u00bbblack\u00bb css=\u00bb.vc_custom_1747687229387{margin-top: 25px !important;margin-bottom: 25px !important;}\u00bb][gsf_call_to_action title=\u00bbDescargar\u00bb style=\u00bboutline\u00bb link=\u00bburl:https%3A%2F%2Fwww.manabi.gob.ec%2Fwp-content%2Fuploads%2F2025%2F05%2F26-GADPM-PREM-2025-310-RES-Deleg.-Suscrip.-Doc-SSO.pdf|||\u00bb css=\u00bb.vc_custom_1771941733170{margin-bottom: 20px !important;}\u00bb]<img alt=\"\" \/><img alt=\"\" \/>Resoluci\u00f3n Administrativa <strong>N\u00b0 GADPM-PREM-2025-310-RES <\/strong>Delegar al titular de la direcci\u00f3n de Talento Humano, sin perjuicio de las delegaciones establecidas en otros actos administrativos, la atribuci\u00f3n para gestionar y suscribir documentaci\u00f3n concerniente a Seguridad y Salud Ocupacional con los \u00f3rganos de control, tales como: el Ministerio de Trabajo, el Instituto Ecuatoriano de Seguridad Social (IESS), el Ministerio de Salud P\u00fablica, Cuerpos de Bomberos y la Agencia de Aseguramiento de la Calidad de los Servicios de Salud y Medicina Prepagada (ACESS)[\/gsf_call_to_action][gsf_call_to_action title=\u00bbDescargar\u00bb style=\u00bboutline\u00bb link=\u00bburl:https%3A%2F%2Fwww.manabi.gob.ec%2Fwp-content%2Fuploads%2F2025%2F05%2F24-GADPM-PREM-2025-338-RES-Resol-viaticos-segurPrefecto.pdf|||\u00bb css=\u00bb.vc_custom_1771941740509{margin-bottom: 20px !important;}\u00bb]<img alt=\"\" \/><img alt=\"\" \/>Resoluci\u00f3n Administrativa <strong>N\u00b0 GADPM-PREM-2025-338-RES <\/strong>Expedir la resoluci\u00f3n administrativa para el pago de vi\u00e1ticos y subsistencias, al personal de seguridad de la polic\u00eda nacional asignado para brindar la seguridad al Prefecto\/a de Manab\u00ed[\/gsf_call_to_action][gsf_call_to_action title=\u00bbDescargar\u00bb style=\u00bboutline\u00bb link=\u00bburl:https%3A%2F%2Fwww.manabi.gob.ec%2Fwp-content%2Fuploads%2F2025%2F05%2F27-GADPM-PREM-2025-377-RES-Res-Trans-Gratuita-GAD-MUN.pdf|||\u00bb css=\u00bb.vc_custom_1771941751900{margin-bottom: 20px !important;}\u00bb]<\/p>\n<p><img alt=\"\" \/><img alt=\"\" \/>Resoluci\u00f3n Administrativa <strong>N\u00b0 GADPM-PREM-2025-377-RES\u00a0\u00a0<\/strong>Disponer la transferencia gratuita de bienes (medicamentos)al Gobierno Aut\u00f3nomo Descentralizado parroquial rural de Honorato V\u00e1squez, al Centro de Salud Pueblo Nuevo, al Gobierno Aut\u00f3nomo Descentralizado Municipal del cant\u00f3n Tosagua, al centro de atenci\u00f3n Integral de la ULEAM extensi\u00f3n Chone, al Centro de Salud La Uni\u00f3n, el patronato de Amparo Social Montecristi y al Gobierno Aut\u00f3nomo Descentralizado municipal cant\u00f3n Manta.<\/p>\n<p>[\/gsf_call_to_action][gsf_call_to_action title=\u00bbDescargar\u00bb style=\u00bboutline\u00bb link=\u00bburl:https%3A%2F%2Fwww.manabi.gob.ec%2Fwp-content%2Fuploads%2F2025%2F05%2F28_-GADPM-PREM-2025-378-RES-Res-Donacion-FUND.pdf|||\u00bb css=\u00bb.vc_custom_1771941760820{margin-bottom: 20px !important;}\u00bb]<img alt=\"\" \/><img alt=\"\" \/>Resoluci\u00f3n Administrativa <strong>N\u00b0 GADPM-PREM-2025-378-RES <\/strong>Disponer la donaci\u00f3n de bienes (medicamentos) a la Fundaci\u00f3n \u201cDoctor Oswaldo Loor\u201d y a la Fundaci\u00f3n \u201cLa Vida\u201d[\/gsf_call_to_action][gsf_call_to_action title=\u00bbDescargar\u00bb style=\u00bboutline\u00bb link=\u00bburl:https%3A%2F%2Fwww.manabi.gob.ec%2Fwp-content%2Fuploads%2F2025%2F07%2F30_GADPM-PREM-2025-397-RES-Baja-de-Polizas.pdf|||\u00bb css=\u00bb.vc_custom_1771942073949{margin-bottom: 20px !important;}\u00bb]<img alt=\"\" \/><img alt=\"\" \/>Resoluci\u00f3n Administrativa <strong>N\u00b0 GADPM-PREM-2025-397-RES <\/strong>Emitir las disposiciones para la baja de las p\u00f3lizas contenidas en el anexo 1, correspondientes al periodo comprendido entre los a\u00f1os 1997 hasta el 2018[\/gsf_call_to_action][gsf_call_to_action title=\u00bbDescargar\u00bb style=\u00bboutline\u00bb link=\u00bburl:https%3A%2F%2Fwww.manabi.gob.ec%2Fwp-content%2Fuploads%2F2025%2F07%2F30.1-ANEXO-1-Resolucion-No-GADPM-PREM-2025-397-RES-BAJA-DE-POLIZAS.pdf|||\u00bb css=\u00bb.vc_custom_1753217975357{margin-bottom: 20px !important;}\u00bb]<img alt=\"\" \/><img alt=\"\" \/>ANEXO 1:\u00a0 Resoluci\u00f3n Administrativa <strong>N\u00b0 GADPM-PREM-2025-397-RES\u00a0<\/strong>[\/gsf_call_to_action][vc_text_separator title=\u00bbJulio\u00bb color=\u00bbblack\u00bb css=\u00bb.vc_custom_1771941455329{margin-top: 25px !important;margin-bottom: 25px !important;}\u00bb][gsf_call_to_action title=\u00bbDescargar\u00bb style=\u00bboutline\u00bb link=\u00bburl:https%3A%2F%2Fwww.manabi.gob.ec%2Fwp-content%2Fuploads%2F2025%2F07%2F32_GADPM-PREM-2025-492-RESResChatarrizacion_VF-signed.pdf|||\u00bb css=\u00bb.vc_custom_1771941713655{margin-bottom: 20px !important;}\u00bb]<img alt=\"\" \/><img alt=\"\" \/>Resoluci\u00f3n Administrativa <strong>N\u00b0 GADPM-PREM-2025-492-RES <\/strong>Disponer la baja de bienes del Gobierno Aut\u00f3nomo Descentralizado Provincial de Manab\u00ed mediante el procedimiento de Chatarrizaci\u00f3n.[\/gsf_call_to_action][gsf_call_to_action title=\u00bbDescargar\u00bb style=\u00bboutline\u00bb link=\u00bburl:https%3A%2F%2Fwww.manabi.gob.ec%2Fwp-content%2Fuploads%2F2025%2F07%2F32.1_ANEXO-A-GADPM-PREM-2025-492-RES-ResChatarrizacion.pdf|||\u00bb css=\u00bb.vc_custom_1771941723933{margin-bottom: 20px !important;}\u00bb]<img alt=\"\" \/><img alt=\"\" \/>ANEXO 1:\u00a0 Resoluci\u00f3n Administrativa <strong>N\u00b0 GADPM-PREM-2025-492-RES\u00a0<\/strong>[\/gsf_call_to_action][vc_text_separator title=\u00bbAgosto\u00bb color=\u00bbblack\u00bb css=\u00bb.vc_custom_1771941467570{margin-top: 25px !important;margin-bottom: 25px !important;}\u00bb][gsf_call_to_action title=\u00bbDescargar\u00bb style=\u00bboutline\u00bb link=\u00bburl:https%3A%2F%2Fwww.manabi.gob.ec%2Fwp-content%2Fuploads%2F2025%2F09%2FGADPM-PREM-2025-629-RES-FIRMADA_0001-1.pdf|||\u00bb css=\u00bb.vc_custom_1771943177766{margin-bottom: 20px !important;}\u00bb]<\/p>\n<p style=\"text-align: left;\"><img alt=\"\" \/><img alt=\"\" \/>Resoluci\u00f3n Administrativa<strong> GADPM-PREM-2025-629-RES <\/strong>Expedir las reformas a la escala remunerativa y sus respectivos grados relacionados con los Grupos Ocupacionales para los Servidores P\u00fablicos del Gobierno Aut\u00f3nomo Descentralizado Provincial de Manab\u00ed.<\/p>\n<p>[\/gsf_call_to_action][gsf_call_to_action title=\u00bbDescargar\u00bb style=\u00bboutline\u00bb link=\u00bburl:https%3A%2F%2Fwww.manabi.gob.ec%2Fwp-content%2Fuploads%2F2025%2F08%2FRESOLUCION-GADPM-PREM-2025-639-RES-ResAnunProyec_COPETON-CHONE-VF_N-signed-signed-signed-signed-signed-signed.pdf|||\u00bb css=\u00bb.vc_custom_1765383457955{margin-bottom: 20px !important;}\u00bb]<img alt=\"\" \/><img alt=\"\" \/>Resoluci\u00f3n Administrativa<strong> GADPM-PREM-2025-639-RES <\/strong> Acoger el Informe T\u00e9cnico para anuncio del proyecto No. GADPMDRRH-2025-0118-INF, de fecha 13 de agosto de 2025, emitido por la Direcci\u00f3n de Riego y Recursos H\u00eddricos, como fundamento t\u00e9cnico y legal para proceder con el anuncio del proyecto de obra p\u00fablica para la construcci\u00f3n del sistema de riego presurizado y tecnificado en cultivos de las zonas altas de COPET\u00d3N del cant\u00f3n Chone[\/gsf_call_to_action][gsf_call_to_action title=\u00bbDescargar\u00bb style=\u00bboutline\u00bb el_class=\u00bb\u00bb link=\u00bburl:https%3A%2F%2Fwww.manabi.gob.ec%2Fwp-content%2Fuploads%2F2026%2F04%2FDELEGACION.pdf|||\u00bb css=\u00bb.vc_custom_1777477560583{margin-bottom: 20px !important;}\u00bb]<img alt=\"\" \/><img alt=\"\" \/>Resoluci\u00f3n Administrativa<strong> GADPM-PREM-2025-682-A-RES <\/strong>Resuelve designar a la abogada Rosa Amira Mendoza Loor con n\u00famero de c\u00e9dula 1310374499, como delegada de protecci\u00f3n de datos personales del Gobierno Aut\u00f3nomo Descentralizado Provincial de Manab\u00ed, en cumplimiento de lo establecido en la Ley Org\u00e1nica de Protecci\u00f3n de Datos Personales y su Reglamento.[\/gsf_call_to_action][vc_text_separator title=\u00bbSeptiembre\u00bb color=\u00bbblack\u00bb css=\u00bb.vc_custom_1771941478075{margin-top: 25px !important;margin-bottom: 25px !important;}\u00bb][gsf_call_to_action title=\u00bbDescargar\u00bb style=\u00bboutline\u00bb link=\u00bburl:https%3A%2F%2Fwww.manabi.gob.ec%2Fwp-content%2Fuploads%2F2025%2F09%2F1_ResRefCodEtica_VF-signed-1.pdf|||\u00bb css=\u00bb.vc_custom_1771943195711{margin-bottom: 20px !important;}\u00bb]<img alt=\"\" \/><img alt=\"\" \/>Resoluci\u00f3n Administrativa<strong>\u00a0GADPM-PREM-2025-<\/strong><strong>758-RES <\/strong>Resuelve expedir la reforma a la Resoluci\u00f3n No. GADPM-PREM-2024-454-RES mediante la cual se expidi\u00f3 el C\u00f3digo de \u00c9tica de las servidoras y servidores, trabajadoras y trabajadores del Gobierno Aut\u00f3nomo Descentralizado provincial de Manab\u00ed.[\/gsf_call_to_action][vc_text_separator title=\u00bbOctubre\u00bb color=\u00bbblack\u00bb css=\u00bb.vc_custom_1771941490634{margin-top: 25px !important;margin-bottom: 25px !important;}\u00bb][gsf_call_to_action title=\u00bbDescargar\u00bb style=\u00bboutline\u00bb link=\u00bburl:https%3A%2F%2Fwww.manabi.gob.ec%2Fwp-content%2Fuploads%2F2025%2F10%2F1_RESOLUCION-No.-GADPM-PREM-2025-835-RES.pdf|||\u00bb css=\u00bb.vc_custom_1771941287798{margin-bottom: 20px !important;}\u00bb]<img alt=\"\" \/><img alt=\"\" \/>Resoluci\u00f3n Administrativa<strong> GADPM-PREM-2025-835<\/strong><strong>-RES <\/strong>Resuelve disponer la transferencia gratuita de bienes a la universidad estatal del sur de Manab\u00ed (UNESUM).[\/gsf_call_to_action][gsf_call_to_action title=\u00bbDescargar\u00bb style=\u00bboutline\u00bb link=\u00bburl:https%3A%2F%2Fwww.manabi.gob.ec%2Fwp-content%2Fuploads%2F2025%2F10%2F1_ResTransGratuit_MIES_VF-signed-1.pdf|||\u00bb css=\u00bb.vc_custom_1771941303872{margin-bottom: 20px !important;}\u00bb]<img alt=\"\" \/><img alt=\"\" \/>Resoluci\u00f3n Administrativa<strong> GADPM-PREM-2025-862<\/strong><strong>-RES <\/strong>Resuelve disponer la transferencia gratuita de bienes a la Coordinaci\u00f3n zonal 4 de Ministerio de Desarrollo Humano antes Ministerio de Inclusi\u00f3n Econ\u00f3mica y Social.[\/gsf_call_to_action][vc_text_separator title=\u00bbNoviembre\u00bb color=\u00bbblack\u00bb css=\u00bb.vc_custom_1771941500871{margin-top: 25px !important;margin-bottom: 25px !important;}\u00bb][gsf_call_to_action title=\u00bbDescargar\u00bb style=\u00bboutline\u00bb link=\u00bburl:https%3A%2F%2Fwww.manabi.gob.ec%2Fwp-content%2Fuploads%2F2025%2F12%2F1_ResDonacion_Club-de-Leones_VF.pdf|||\u00bb css=\u00bb.vc_custom_1771941189207{margin-bottom: 20px !important;}\u00bb]<img alt=\"\" \/><img alt=\"\" \/>Resoluci\u00f3n Administrativa<strong>\u00a0GADPM-PREM-2025-937<\/strong><strong>-RES <\/strong>Resuelve disponer la donaci\u00f3n de medicamentos al Club Rotario de Portoviejo en el Marco del Programa \u00abRostros Felices\u00bb[\/gsf_call_to_action][gsf_call_to_action title=\u00bbDescargar\u00bb style=\u00bboutline\u00bb link=\u00bburl:https%3A%2F%2Fwww.manabi.gob.ec%2Fwp-content%2Fuploads%2F2026%2F03%2FRESOLUCION-N%C2%B0-GADPM-PREM-2025-967-RES-1.pdf|||\u00bb css=\u00bb.vc_custom_1774537650392{margin-bottom: 20px !important;}\u00bb]<img alt=\"\" \/><img alt=\"\" \/>Resoluci\u00f3n Administrativa<strong> GADPM-PREM-2025-967<\/strong><strong>-RES <\/strong>Expedir las actualizaciones a las disposiciones contenidas en la Ordenanza No. CPRM-DSEG-2025-002-ORD, que regula la administraci\u00f3n del Talento Humano y el subsistema de clasificaci\u00f3n de puestos del Gobierno Aut\u00f3nomo Descentralizado Provincial de Manab\u00ed[\/gsf_call_to_action][gsf_call_to_action title=\u00bbDescargar\u00bb style=\u00bboutline\u00bb link=\u00bburl:https%3A%2F%2Fwww.manabi.gob.ec%2Fwp-content%2Fuploads%2F2025%2F12%2F40_GADPM-PREM-2025-968-RES.pdf|||\u00bb css=\u00bb.vc_custom_1771941198728{margin-bottom: 20px !important;}\u00bb]Resoluci\u00f3n Administrativa\u00a0<strong>GADPM-PREM-2025-968-RES<\/strong> Expedir la reforma a la resoluci\u00f3n No. GADPM-PREM-2025-052-RES mediante la cual se declar\u00f3 La Cordillera del B\u00e1lsamo como \u00c1rea de Conservaci\u00f3n y Uso Sostenible (ACUS) Provincial.<img alt=\"\" \/><img alt=\"\" \/>[\/gsf_call_to_action][gsf_call_to_action title=\u00bbDescargar\u00bb style=\u00bboutline\u00bb link=\u00bburl:https%3A%2F%2Fwww.manabi.gob.ec%2Fwp-content%2Fuploads%2F2025%2F12%2F42_GADPM-PREM-2025-969-RES.pdf|||\u00bb css=\u00bb.vc_custom_1771941208192{margin-bottom: 20px !important;}\u00bb]<img alt=\"\" \/>Resoluci\u00f3n Administrativa\u00a0<strong>GADPM-PREM-2025-969-RES<\/strong> Expedir la reforma a la resoluci\u00f3n No. GADPM-PREM-2025-056-RES mediante la cual se declar\u00f3 El Sitio Cinco Cerros como \u00c1reas de Conservaci\u00f3n y Uso Sostenible (ACUS) Provincial.[\/gsf_call_to_action][gsf_call_to_action title=\u00bbDescargar\u00bb style=\u00bboutline\u00bb link=\u00bburl:https%3A%2F%2Fwww.manabi.gob.ec%2Fwp-content%2Fuploads%2F2025%2F12%2F43_GADPM-PREM-2025-970-RES.pdf|||\u00bb css=\u00bb.vc_custom_1771941230618{margin-bottom: 20px !important;}\u00bb]Resoluci\u00f3n Administrativa\u00a0<strong>GADPM-PREM-2025-970-RES <\/strong>Expedir la reforma a la resoluci\u00f3n No. GADPM-PREM-2025-053-RES mediante la cual se declar\u00f3 El Bosque Alimentario y de la Interculturalidad como \u00c1rea de Conservaci\u00f3n y Uso Sostenible (ACUS) Provincial.[\/gsf_call_to_action][gsf_call_to_action title=\u00bbDescargar\u00bb style=\u00bboutline\u00bb link=\u00bburl:https%3A%2F%2Fwww.manabi.gob.ec%2Fwp-content%2Fuploads%2F2025%2F12%2F41_GADPM-PREM-2025-971-RES.pdf|||\u00bb css=\u00bb.vc_custom_1771941243579{margin-bottom: 20px !important;}\u00bb]Resoluci\u00f3n Administrativa\u00a0<strong>GADPM-PREM-2025-971-RES\u00a0<\/strong>Expedir la reforma a la resoluci\u00f3n No. GADPM-PREM-2025-055-RES mediante la cual se declar\u00f3 El Sitio La Tomatera como \u00c1rea de Conservaci\u00f3n y Uso Sostenible (ACUS) Provincial.[\/gsf_call_to_action][gsf_call_to_action title=\u00bbDescargar\u00bb style=\u00bboutline\u00bb link=\u00bburl:https%3A%2F%2Fwww.manabi.gob.ec%2Fwp-content%2Fuploads%2F2025%2F12%2F39_GADPM-PREM-2025-972-RES.pdf|||\u00bb css=\u00bb.vc_custom_1771941259093{margin-bottom: 20px !important;}\u00bb]Resoluci\u00f3n Administrativa\u00a0<strong>GADPM-PREM-2025-972-RES\u00a0<\/strong>Expedir la reforma a la resoluci\u00f3n No. GADPM-PREM-2025-054-RES mediante la cual se declar\u00f3 El Sitio Sendero de los Monos como \u00c1rea de Conservaci\u00f3n y Uso Sostenible (ACUS) Provincial.[\/gsf_call_to_action][vc_text_separator title=\u00bbDiciembre\u00bb color=\u00bbblack\u00bb css=\u00bb.vc_custom_1771941511124{margin-top: 25px !important;margin-bottom: 25px !important;}\u00bb][gsf_call_to_action title=\u00bbDescargar\u00bb style=\u00bboutline\u00bb link=\u00bburl:https%3A%2F%2Fwww.manabi.gob.ec%2Fwp-content%2Fuploads%2F2025%2F12%2F1_ResTransGratuita_CBomb_VF-signed.pdf|||\u00bb css=\u00bb.vc_custom_1771943231488{margin-bottom: 20px !important;}\u00bb]Resoluci\u00f3n Administrativa\u00a0<strong>GADPM-PREM-2025-1000-RES <\/strong>Resuelve disponer la Transferencia Gratuita de Equipamiento Forestal a la Jefatura Provincial de Cuerpo de Bomberos de Manab\u00ed.[\/gsf_call_to_action][gsf_call_to_action title=\u00bbDescargar\u00bb style=\u00bboutline\u00bb link=\u00bburl:https%3A%2F%2Fwww.manabi.gob.ec%2Fwp-content%2Fuploads%2F2025%2F12%2F1_Res_TarifasCEMVial2026_VF-signed-signed-signed-signed-signed-1.pdf|||\u00bb css=\u00bb.vc_custom_1771941166382{margin-bottom: 20px !important;}\u00bb]Resoluci\u00f3n Administrativa\u00a0<strong>GADPM-PREM-2025-1072-RES <\/strong>Resuelve establecer el valor de las <span id=\"DWT463\" class=\"ZmSearchResult\"><span id=\"DWT466\" class=\"ZmSearchResult\">tarifas<\/span><\/span>\u00a0de la contribuci\u00f3n especial de mejoramiento vial rural en la provincia de Manab\u00ed sobre la fracci\u00f3n b\u00e1sica, en aplicaci\u00f3n de la disposici\u00f3n transitoria quinta de la Ordenanza que regula la determinaci\u00f3n y recaudaci\u00f3n de este tributo, conforme el porcentaje aplicado al SBU para el ejercicio fiscal 2026.[\/gsf_call_to_action][gsf_call_to_action title=\u00bbDescargar\u00bb style=\u00bboutline\u00bb link=\u00bburl:https%3A%2F%2Fwww.manabi.gob.ec%2Fwp-content%2Fuploads%2F2026%2F01%2FRESOLUCION-Nro.-DVA2025495916.pdf|||\u00bb css=\u00bb.vc_custom_1771941173656{margin-bottom: 20px !important;}\u00bb]Resoluci\u00f3n Administrativa <strong>Nro. DVA2025495916<\/strong>\u00a0Expedida por el Ministerio de Trabajo.[\/gsf_call_to_action][gsf_call_to_action title=\u00bbDescargar\u00bb style=\u00bboutline\u00bb link=\u00bburl:https%3A%2F%2Fwww.manabi.gob.ec%2Fwp-content%2Fuploads%2F2026%2F01%2FDVA2025495916RI.pdf|||\u00bb css=\u00bb.vc_custom_1768422953213{margin-bottom: 20px !important;}\u00bb]<strong>Protocolo Interno de Prevenci\u00f3n y Erradicaci\u00f3n de la discriminaci\u00f3n, violencia y acoso laboral de la empresa Gobierno Provincial de Manab\u00ed.<\/strong>[\/gsf_call_to_action][\/vc_tta_section][vc_tta_section title=\u00bb2024&#8243; tab_id=\u00bb1736538915996-a33dede0-abd1&#8243;][vc_text_separator title=\u00bbEnero\u00bb color=\u00bbblack\u00bb css=\u00bb.vc_custom_1704895025747{margin-top: 25px !important;margin-bottom: 25px !important;}\u00bb][gsf_call_to_action title=\u00bbDescargar\u00bb style=\u00bboutline\u00bb link=\u00bburl:https%3A%2F%2Fwww.manabi.gob.ec%2Fwp-content%2Fuploads%2F2024%2F07%2FResAdm-No.-GPM-PREM-2024-002A-RES_Renovacion-contratos-ocasionales-Enero-Junio2024.pdf|||\u00bb css=\u00bb.vc_custom_1771944484563{margin-bottom: 20px !important;}\u00bb]<img alt=\"\" \/><img alt=\"\" \/>Resoluci\u00f3n Administrativa<strong>\u00a0No.\u00a0<b><span lang=\"ES\">GPM-PREM-2024-002A-RES <\/span><\/b><\/strong>Renovaci\u00f3n de los contratos bajo la modalidad de servicios ocasionales, que rige desde el 01 de enero al 30 de junio de 2024 en el r\u00e9gimen de la Ley Org\u00e1nica de Servicio P\u00fablico de los servidores p\u00fablicos del Gobierno Provincial de Manab\u00ed.<strong><br \/>\n<\/strong>[\/gsf_call_to_action][gsf_call_to_action title=\u00bbDescargar\u00bb style=\u00bboutline\u00bb link=\u00bburl:https%3A%2F%2Fwww.manabi.gob.ec%2Fwp-content%2Fuploads%2F2024%2F01%2FResAdm-No.-GPM-PREM-2024-003A-RES_Ref-Estatuto-Organico-GPM.pdf|||\u00bb css=\u00bb.vc_custom_1771944495195{margin-bottom: 20px !important;}\u00bb]<img alt=\"\" \/><img alt=\"\" \/>Resoluci\u00f3n Administrativa<strong>\u00a0No.\u00a0<b><span lang=\"ES\">GPM-PREM-2024-003A-RES <\/span><\/b><\/strong><span lang=\"ES\">Expedir la reforma al <\/span>Estatuto Org\u00e1nico de Gesti\u00f3n Organizacional por Procesos del Gobierno Provincial de Manab\u00ed.[\/gsf_call_to_action][gsf_call_to_action title=\u00bbDescargar\u00bb style=\u00bboutline\u00bb link=\u00bburl:https%3A%2F%2Fwww.manabi.gob.ec%2Fwp-content%2Fuploads%2F2024%2F01%2FResAdm-No.-GPM-PREM-2024-011-RES-Normas-Aplicacion-ModalTeletrabajo.pdf|||\u00bb css=\u00bb.vc_custom_1704908340430{margin-bottom: 20px !important;}\u00bb]Resoluci\u00f3n Administrativa\u00a0No.\u00a0<strong>\u00a0<b><span lang=\"ES\">GPM-PREM-2024-011-RES<\/span><\/b>\u00a0<\/strong> Expedir las normas para la aplicaci\u00f3n de la modalidad de teletrabajo en el Gobierno Provincial de Manab\u00ed como consecuencia de la grave conmoci\u00f3n interna y el conflicto armado interno declarado por el Presidente de la Rep\u00fablica mediante Decretos Ejecutivos No. 110 y No. 111[\/gsf_call_to_action][gsf_call_to_action title=\u00bbDescargar\u00bb style=\u00bboutline\u00bb link=\u00bburl:https%3A%2F%2Fwww.manabi.gob.ec%2Fwp-content%2Fuploads%2F2024%2F01%2FResolucion-Administrativa-No.-GPM-PREM-2024-012-RES.pdf|||\u00bb css=\u00bb.vc_custom_1704895491670{margin-bottom: 20px !important;}\u00bb]Resoluci\u00f3n Administrativa\u00a0No.\u00a0<strong>\u00a0<b><span lang=\"ES\">GPM-PREM-2024-012-RES<\/span><\/b>\u00a0<\/strong> Suspender el plazo para la recepci\u00f3n de bienes y la recepci\u00f3n de los servicios, incluidos los de consultor\u00eda, en todos los procesos contractuales suscritos por el Gobierno Provincial de Manab\u00ed y que al momento se encuentran discurriendo.<\/p>\n<p>[\/gsf_call_to_action][gsf_call_to_action title=\u00bbDescargar\u00bb style=\u00bboutline\u00bb link=\u00bburl:https%3A%2F%2Fwww.manabi.gob.ec%2Fwp-content%2Fuploads%2F2024%2F01%2FResAdm-No.-GPM-PREM-2024-015-RES_VF-Terminacion-Modalidad-Teletrabajo-1.pdf|||\u00bb css=\u00bb.vc_custom_1705591110434{margin-bottom: 20px !important;}\u00bb]Resoluci\u00f3n Administrativa\u00a0No.\u00a0<strong>\u00a0<b><span lang=\"ES\">GPM-PREM-2024-015-RES<\/span><\/b>\u00a0<\/strong> Dar por terminada la modalidad de teletrabajo para el personal que labora en el Gobierno Provincial de Manab\u00ed, establecida mediante Resoluci\u00f3n GPM-PREM-2024-011-RES de fecha 09 de enero 2024,\u00a0 en raz\u00f3n de la grave conmoci\u00f3n interna y el conflicto armado interno declarados por el Presidente de la Rep\u00fablica, mediante Decretos Ejecutivos No. 110 y No. 111<\/p>\n<p>[\/gsf_call_to_action][gsf_call_to_action title=\u00bbDescargar\u00bb style=\u00bboutline\u00bb link=\u00bburl:https%3A%2F%2Fwww.manabi.gob.ec%2Fwp-content%2Fuploads%2F2024%2F01%2FResAdm-No.-GPM-PREM-2024-025-RES_V3-LevSuspension-Resol-GPM-PREM-2024-012-RES.pdf|||\u00bb css=\u00bb.vc_custom_1706035255059{margin-bottom: 20px !important;}\u00bb]Resoluci\u00f3n Administrativa\u00a0No.\u00a0<strong>\u00a0<b><span lang=\"ES\">GPM-PREM-2024-025-RES<\/span><\/b>\u00a0<\/strong> Reiniciar la contabilizaci\u00f3n del plazo para la recepci\u00f3n de bienes y la recepci\u00f3n de los servicios, incluidos los de consultor\u00eda, en todos los procesos contractuales suscritos por el Gobierno Provincial de Manab\u00ed que fueron suspendidos por la Resoluci\u00f3n No. GPM-PREM-2024-012-RE.[\/gsf_call_to_action][gsf_call_to_action title=\u00bbDescargar\u00bb style=\u00bboutline\u00bb link=\u00bburl:https%3A%2F%2Fwww.manabi.gob.ec%2Fwp-content%2Fuploads%2F2024%2F02%2FResAdm-No.-GPM-PREM-2024-010-RES_RefResolucion-GPM-PREM-2023-286-RES.pdf|||\u00bb css=\u00bb.vc_custom_1771944506560{margin-bottom: 20px !important;}\u00bb]<\/p>\n<div>Resoluci\u00f3n Administrativa<strong>\u00a0No.\u00a0<b><span lang=\"ES\"> GPM-PREM-2024-010-RES <\/span><\/b><\/strong><span lang=\"ES\">Expedir la reforma a la Resoluci\u00f3n No. GPM-PREM-2023-286-RES, mediante la cual se expidieron las normas de optimizaci\u00f3n y austeridad del gasto del Gobierno Provincial de Manab\u00ed para el a\u00f1o 2024.<\/span><\/div>\n<p>[\/gsf_call_to_action][vc_text_separator title=\u00bbFebrero\u00bb color=\u00bbblack\u00bb css=\u00bb.vc_custom_1709218664841{margin-top: 25px !important;margin-bottom: 25px !important;}\u00bb][gsf_call_to_action title=\u00bbDescargar\u00bb style=\u00bboutline\u00bb link=\u00bburl:https%3A%2F%2Fwww.manabi.gob.ec%2Fwp-content%2Fuploads%2F2024%2F05%2F7_ResAdm-No.-GPM-PREM-2024-076-RES_Resolucion-creacion-UGP-V9.pdf|||\u00bb css=\u00bb.vc_custom_1771944567061{margin-bottom: 20px !important;}\u00bb]Resoluci\u00f3n Administrativa<strong>\u00a0No.\u00a0<b><span lang=\"ES\">GPM-PREM-2024-076-RES <\/span><\/b><\/strong>Crear la Unidad de Gerenciamiento de Programas (UGP) con fuente de financiamiento externo.[\/gsf_call_to_action][vc_text_separator title=\u00bbMarzo\u00bb color=\u00bbblack\u00bb css=\u00bb.vc_custom_1712852098158{margin-top: 25px !important;margin-bottom: 25px !important;}\u00bb][gsf_call_to_action title=\u00bbDescargar\u00bb style=\u00bboutline\u00bb link=\u00bburl:https%3A%2F%2Fwww.manabi.gob.ec%2Fwp-content%2Fuploads%2F2024%2F04%2FRESOLUCION-GPM-PREM-2024-126B-RES-ACTUALIZACION-ESCALA-REMUNERATIVA-NJS.pdf|||\u00bb css=\u00bb.vc_custom_1771944579858{margin-bottom: 20px !important;}\u00bb]Resoluci\u00f3n Administrativa<strong>\u00a0No. <\/strong><b>GPM-PREM-2024-126B-RES <\/b>Actualizar la escala remunerativa en el rol ejecutivo del Nivel Jer\u00e1rquico Superior del Gobierno Aut\u00f3nomo Descentralizado Provincial de Manab\u00ed[\/gsf_call_to_action][gsf_call_to_action title=\u00bbDescargar\u00bb style=\u00bboutline\u00bb link=\u00bburl:https%3A%2F%2Fwww.manabi.gob.ec%2Fwp-content%2Fuploads%2F2024%2F05%2FResAdm-No.-GPM-PREM-2024-126C-RES_Resolucion_encargo-de-Coordinaciones-Procesos-Gestion-Planificiacion-Innovacion_VF.pdf|||\u00bb css=\u00bb.vc_custom_1771944592471{margin-bottom: 20px !important;}\u00bb]Resoluci\u00f3n Administrativa<strong>\u00a0No. <\/strong><b>GPM-PREM-2024-126C-RES\u00a0<\/b>Encargar la Coordinaci\u00f3n Interna de los Procesos de Gesti\u00f3n de Planificaci\u00f3n e Innovaci\u00f3n para el Desarrollo, Gesti\u00f3n de Infraestructura y Gesti\u00f3n Territorial, Gesti\u00f3n de Desarrollo Econ\u00f3mico y Social y Gesti\u00f3n Institucional[\/gsf_call_to_action][vc_text_separator title=\u00bbAbril\u00bb color=\u00bbblack\u00bb css=\u00bb.vc_custom_1712154633836{margin-top: 25px !important;margin-bottom: 25px !important;}\u00bb][gsf_call_to_action title=\u00bbDescargar\u00bb style=\u00bboutline\u00bb link=\u00bburl:https%3A%2F%2Fwww.manabi.gob.ec%2Fwp-content%2Fuploads%2F2024%2F11%2FResAdm-No.-GADPM-PREM-2024-130A-RES_Ref-Resolucion-de-austeridad.pdf|||\u00bb css=\u00bb.vc_custom_1771944604606{margin-bottom: 20px !important;}\u00bb]Resoluci\u00f3n Administrativa<strong>\u00a0No. <\/strong><b>GPM-PREM-2024-130A-RES <\/b>Expedir nuevas disposiciones de las normas de optimizaci\u00f3n y austeridad del gasto del Gobierno Aut\u00f3nomo Descentralizado Provincial de Manab\u00ed para el a\u00f1o 2024.[\/gsf_call_to_action][gsf_call_to_action title=\u00bbDescargar\u00bb style=\u00bboutline\u00bb link=\u00bburl:https%3A%2F%2Fwww.manabi.gob.ec%2Fwp-content%2Fuploads%2F2024%2F04%2FResAdm-No.-GPM-PREM-2024-141-RES_ResolucionDelegacionDirAmbiente.pdf|||\u00bb css=\u00bb.vc_custom_1771944613539{margin-bottom: 20px !important;}\u00bb]Resoluci\u00f3n Administrativa<strong>\u00a0No. <\/strong><b>GPM-PREM-2024-141-RES <\/b>Facultades para ejercer la autoridad ambiental competente del Gobierno Aut\u00f3nomo Descentralizado Provincial de Manab\u00ed.[\/gsf_call_to_action][gsf_call_to_action title=\u00bbDescargar\u00bb style=\u00bboutline\u00bb link=\u00bburl:https%3A%2F%2Fwww.manabi.gob.ec%2Fwp-content%2Fuploads%2F2024%2F05%2FResAdm-No.-GADPM-PREM-2024-199-RES_ResReformEscaRem.pdf|||\u00bb css=\u00bb.vc_custom_1771944625846{margin-bottom: 20px !important;}\u00bb]Resoluci\u00f3n Administrativa<strong>\u00a0No. <\/strong><b>GADPM-PREM-2024-199-RES<\/b> Reformar la escala remunerativa para los servidores p\u00fablicos del Gobierno Aut\u00f3nomo Descentralizado Provincial de Manab\u00ed.[\/gsf_call_to_action][vc_text_separator title=\u00bbMayo\u00bb color=\u00bbblack\u00bb css=\u00bb.vc_custom_1715349019715{margin-top: 25px !important;margin-bottom: 25px !important;}\u00bb][gsf_call_to_action title=\u00bbDescargar\u00bb style=\u00bboutline\u00bb link=\u00bburl:https%3A%2F%2Fwww.manabi.gob.ec%2Fwp-content%2Fuploads%2F2024%2F05%2FResAdm-No.-GADPM-PREM-2024-204-RES_ResRef_Comite-de-Transparencia-2024.pdf|||\u00bb css=\u00bb.vc_custom_1771949145377{margin-bottom: 20px !important;}\u00bb]Resoluci\u00f3n Administrativa<strong>\u00a0No.\u00a0\u00a0<b><span lang=\"ES\">GADPM-PREM-2024-204-RES <\/span><\/b><\/strong>Expedir la norma que regula la creaci\u00f3n, conformaci\u00f3n y funcionamiento del Comit\u00e9 de Transparencia del Gobierno Aut\u00f3nomo Descentralizado Provincial de Manab\u00ed para el cumplimiento de las disposiciones de la Ley Org\u00e1nica de Transparencia y Acceso a la Informaci\u00f3n P\u00fablica.[\/gsf_call_to_action][gsf_call_to_action title=\u00bbDescargar\u00bb style=\u00bboutline\u00bb link=\u00bburl:https%3A%2F%2Fwww.manabi.gob.ec%2Fwp-content%2Fuploads%2F2024%2F12%2FResAdm_No.-GADPM-PREM-2024-209A-RES_Resolucion-Aclaratoria.pdf|||\u00bb css=\u00bb.vc_custom_1771949152185{margin-bottom: 20px !important;}\u00bb]Resoluci\u00f3n Administrativa<strong> No.\u00a0<b><span lang=\"ES\">GADPM-PREM-2024-209A-RES <\/span><\/b><\/strong>Expedir la disposici\u00f3n aclaratoria de la Resoluci\u00f3n No. GADPM-PREM-2024-199-RES<strong><br \/>\n<\/strong>[\/gsf_call_to_action][gsf_call_to_action title=\u00bbDescargar\u00bb style=\u00bboutline\u00bb link=\u00bburl:https%3A%2F%2Fwww.manabi.gob.ec%2Fwp-content%2Fuploads%2F2024%2F05%2F13_ResAdm-No.-GADPM-PREM-2024-216A-RES_ResRef_Encargo-de-Coordinaciones_VF-signed.pdf|||\u00bb css=\u00bb.vc_custom_1771949159832{margin-bottom: 20px !important;}\u00bb]Resoluci\u00f3n Administrativa<strong>\u00a0No.\u00a0\u00a0<b><span lang=\"ES\">GADPM-PREM-2024-216A-RES <\/span><\/b><\/strong>Reformar la Resoluci\u00f3n Administrativa GPM-PREM-2024-126C-RES, de fecha 27 de marzo de 2024<\/p>\n<p><strong>\u00a0<\/strong>[\/gsf_call_to_action][vc_text_separator title=\u00bbJulio\u00bb color=\u00bbblack\u00bb css=\u00bb.vc_custom_1723563627742{margin-top: 25px !important;margin-bottom: 25px !important;}\u00bb][gsf_call_to_action title=\u00bbDescargar\u00bb style=\u00bboutline\u00bb link=\u00bburl:https%3A%2F%2Fwww.manabi.gob.ec%2Fwp-content%2Fuploads%2F2024%2F11%2FResAdm_No.-GADPM-PREM-2024-352-RES_Res-RenovContratOcasionales_Jul-Dic_2024.pdf|||\u00bb css=\u00bb.vc_custom_1771949281231{margin-bottom: 20px !important;}\u00bb]Resoluci\u00f3n Administrativa\u00a0No.\u00a0\u00a0<strong><span lang=\"ES\">GADPM-PREM-2024-352-RES<\/span><\/strong> Renovaci\u00f3n de los contratos bajo la modalidad de servicios ocasionales, el cual rige desde el <span id=\"OBJ_PREFIX_DWT70_com_zimbra_date\" class=\"Object\" role=\"link\">01 de julio<\/span> al <span id=\"OBJ_PREFIX_DWT71_com_zimbra_date\" class=\"Object\" role=\"link\">31 de diciembre<\/span> de 2024 en el r\u00e9gimen de la Ley Org\u00e1nica de Servicio P\u00fablico de los servidores p\u00fablicos del Gobierno Aut\u00f3nomo Descentralizado Provincial de Manab\u00ed.<\/p>\n<p><strong>\u00a0<\/strong>[\/gsf_call_to_action][gsf_call_to_action title=\u00bbDescargar\u00bb style=\u00bboutline\u00bb link=\u00bburl:https%3A%2F%2Fwww.manabi.gob.ec%2Fwp-content%2Fuploads%2F2024%2F12%2FResRectificatoria_GADPM-PREM-2024-352B-2024_ResRenovContratOca.pdf|||\u00bb css=\u00bb.vc_custom_1771944714581{margin-bottom: 20px !important;}\u00bb]Resoluci\u00f3n Rectificadora <strong>N\u00b0 GADPM-PREM-2024-352B-RES<\/strong> <span lang=\"ES-TRAD\">Rectificar <\/span><span lang=\"ES-TRAD\">el cuadro contenido en la Resoluci\u00f3n No. GADPM-PREM-2024-352-RES respecto de los <\/span><span lang=\"ES-TRAD\">contratos bajo la modalidad de servicios ocasionales<\/span><span lang=\"ES-TRAD\">, el cual rige desde el <span id=\"OBJ_PREFIX_DWT299_com_zimbra_date\" class=\"Object\" role=\"link\"><span id=\"OBJ_PREFIX_DWT302_com_zimbra_date\" class=\"Object\" role=\"link\">01 de julio<\/span><\/span> al <span id=\"OBJ_PREFIX_DWT300_com_zimbra_date\" class=\"Object\" role=\"link\"><span id=\"OBJ_PREFIX_DWT303_com_zimbra_date\" class=\"Object\" role=\"link\">31 de diciembre<\/span><\/span> de 2024<\/span><\/p>\n<p><strong>\u00a0<\/strong>[\/gsf_call_to_action][gsf_call_to_action title=\u00bbDescargar\u00bb style=\u00bboutline\u00bb link=\u00bburl:https%3A%2F%2Fwww.manabi.gob.ec%2Fwp-content%2Fuploads%2F2024%2F08%2FResAdm-No.-GADPM-PREM-2024-454-RES_Resolucion-Adm-Refo-Codigo-Etica.pdf|||\u00bb css=\u00bb.vc_custom_1771949293000{margin-bottom: 20px !important;}\u00bb]Resoluci\u00f3n Administrativa<strong>\u00a0No.\u00a0\u00a0<b><span lang=\"ES\">GADPM-PREM-2024-454-RES <\/span><\/b><\/strong>Expedir el C\u00f3digo de \u00c9tica de las Servidoras y Servidores, Trabajadoras y Trabajadores del Gobierno Aut\u00f3nomo Descentralizado Provincial de Manab\u00ed.<\/p>\n<p><strong>\u00a0<\/strong>[\/gsf_call_to_action][vc_text_separator title=\u00bbAgosto\u00bb color=\u00bbblack\u00bb css=\u00bb.vc_custom_1722974159356{margin-top: 25px !important;margin-bottom: 25px !important;}\u00bb][gsf_call_to_action title=\u00bbDescargar\u00bb style=\u00bboutline\u00bb link=\u00bburl:https%3A%2F%2Fwww.manabi.gob.ec%2Fwp-content%2Fuploads%2F2024%2F08%2FGADPM-PREM-2024-467-RES_Resolucion-de-Anuncio-del-Proyecto-Portoviejo.pdf|||\u00bb css=\u00bb.vc_custom_1771944758050{margin-bottom: 20px !important;}\u00bb]Resoluci\u00f3n Administrativa<strong>\u00a0No.\u00a0\u00a0GADPM-PREM-2024-467-RES <\/strong>Anuncio de Proyecto para la Construcci\u00f3n de la v\u00eda Col\u00f3n- Quim\u00eds, con una longitud de 22.20 Km, ubicado en los cantones Portoviejo y Jipijapa, de la provincia de Manab\u00ed[\/gsf_call_to_action][gsf_call_to_action title=\u00bbDescargar\u00bb style=\u00bboutline\u00bb link=\u00bburl:https%3A%2F%2Fwww.manabi.gob.ec%2Fwp-content%2Fuploads%2F2024%2F08%2FRes-No.-GADPM-PREM-2024-543-RES_Resolucion-Anuncio-Proyecto-Santa-Ana.pdf|||\u00bb css=\u00bb.vc_custom_1771944784650{margin-bottom: 20px !important;}\u00bb]Resoluci\u00f3n Administrativa<strong> No. GADPM-PREM-2024-543-RES A<\/strong>nuncio del Proyecto previo a la declaratoria de utilidad p\u00fablica para la Construcci\u00f3n de la v\u00eda Ayacucho &#8211; La Uni\u00f3n &#8211; San Pablo de Pueblo Nuevo &#8211; San Juan de las Cucarachas ubicado en el cant\u00f3n Santa Ana de la provincia de Manab\u00ed[\/gsf_call_to_action][gsf_call_to_action title=\u00bbDescargar\u00bb style=\u00bboutline\u00bb link=\u00bburl:https%3A%2F%2Fwww.manabi.gob.ec%2Fwp-content%2Fuploads%2F2024%2F08%2FResAdm-No.-GADPM-PREM-2024-551-RES_Politica-ambiental.pdf|||\u00bb css=\u00bb.vc_custom_1771944798189{margin-bottom: 20px !important;}\u00bb]Resoluci\u00f3n Administrativa<strong> No. GADPM-PREM-2024-551-RES<\/strong> Establecer los criterios para la sostenibilidad de las pol\u00edticas para \u00abPrevenir y controlar la contaminaci\u00f3n ambiental para mejorar la calidad de vida\u00bb y para \u00abInsertar la dimensi\u00f3n social en la tem\u00e1tica ambiental para asegurar la participaci\u00f3n ciudadana\u00bb en el contexto del Plan Nacional Ambiental<strong><br \/>\n<\/strong>[\/gsf_call_to_action][gsf_call_to_action title=\u00bbDescargar\u00bb style=\u00bboutline\u00bb link=\u00bburl:https%3A%2F%2Fwww.manabi.gob.ec%2Fwp-content%2Fuploads%2F2024%2F08%2FResAdm-No.-GADPM-PREM-2024-559-RES_Resolucion-Anuncio-Proyecto_Bolivar-Pichincha.pdf|||\u00bb css=\u00bb.vc_custom_1771944821405{margin-bottom: 20px !important;}\u00bb]Resoluci\u00f3n Administrativa<strong> No. GADPM-PREM-2024-559-RES <\/strong>Anuncio del Proyecto para la construcci\u00f3n de la v\u00eda Quiroga San Juan del Desv\u00edo ubicado en los cantones Bol\u00edvar y Pichincha, de la provincia de Manab\u00ed<strong><br \/>\n<\/strong>[\/gsf_call_to_action][vc_text_separator title=\u00bbSeptiembre\u00bb color=\u00bbblack\u00bb css=\u00bb.vc_custom_1731442212950{margin-top: 25px !important;margin-bottom: 25px !important;}\u00bb][gsf_call_to_action title=\u00bbDescargar\u00bb style=\u00bboutline\u00bb link=\u00bburl:https%3A%2F%2Fwww.manabi.gob.ec%2Fwp-content%2Fuploads%2F2024%2F11%2FGADPM-PREM-2024-665A-RES_Resolucion-reformatoria-UGP.pdf|||\u00bb css=\u00bb.vc_custom_1731442411928{margin-bottom: 20px !important;}\u00bb]Resoluci\u00f3n Administrativa\u00a0No.\u00a0\u00a0<strong><span lang=\"ES\">GADPM-PREM-2024-665A-RES<\/span><\/strong> Expedir la resoluci\u00f3n para la mejora de la operatividad de la Unidad de Gerenciamiento de Programas (UGP) del Gobierno Aut\u00f3nomo Descentralizado Provincial de Manab\u00ed.[\/gsf_call_to_action][vc_text_separator title=\u00bbNoviembre\u00bb color=\u00bbblack\u00bb css=\u00bb.vc_custom_1732118262647{margin-top: 25px !important;margin-bottom: 25px !important;}\u00bb][gsf_call_to_action title=\u00bbDescargar\u00bb style=\u00bboutline\u00bb link=\u00bburl:https%3A%2F%2Fwww.manabi.gob.ec%2Fwp-content%2Fuploads%2F2024%2F12%2F37_ResAdm_No.-GADPM-PREM-2024-759A-RES_ServProfesionales.pdf|||\u00bb css=\u00bb.vc_custom_1734122846815{margin-bottom: 20px !important;}\u00bb]Resoluci\u00f3n Administrativa\u00a0<strong>No. GADPM-PREM-2024-759A-RES\u00a0<\/strong>Ampliaci\u00f3n de los contratos bajo la modalidad de servicios profesionales[\/gsf_call_to_action][gsf_call_to_action title=\u00bbDescargar\u00bb style=\u00bboutline\u00bb link=\u00bburl:https%3A%2F%2Fwww.manabi.gob.ec%2Fwp-content%2Fuploads%2F2024%2F11%2FResAdm_No.GADPM-PREM-2024-798-RES_Resolucion-Transferencia-Gratuita.pdf|||\u00bb css=\u00bb.vc_custom_1732291669128{margin-bottom: 20px !important;}\u00bb]Resoluci\u00f3n Administrativa\u00a0<strong>No. <b><span lang=\"ES-TRAD\">GADPM-PREM-2024-798-RES<\/span><\/b>\u00a0<\/strong> <span lang=\"ES-TRAD\">Disponer la transferencia gratuita de bienes al Servicio Integrado de Seguridad ECU 911 <\/span>[\/gsf_call_to_action][gsf_call_to_action title=\u00bbDescargar\u00bb style=\u00bboutline\u00bb link=\u00bburl:https%3A%2F%2Fwww.manabi.gob.ec%2Fwp-content%2Fuploads%2F2024%2F12%2F38_ResAdm_No.-GADPM-PREM-2024-814A-RES_ServProfesionales.pdf|||\u00bb css=\u00bb.vc_custom_1771949310643{margin-bottom: 20px !important;}\u00bb]Resoluci\u00f3n Administrativa\u00a0<strong>No. <b><span lang=\"ES-TRAD\">GADPM-PREM-2024-814A-RES <\/span><\/b><\/strong>A<span lang=\"ES\">mpliaci\u00f3n de los contratos bajo la modalidad de servicios profesionales hasta el <span id=\"OBJ_PREFIX_DWT2637_com_zimbra_date\" class=\"Object\" role=\"link\"><span id=\"OBJ_PREFIX_DWT2639_com_zimbra_date\" class=\"Object\" role=\"link\">31 de diciembre<\/span><\/span> de 2024<\/span>[\/gsf_call_to_action][gsf_call_to_action title=\u00bbDescargar\u00bb style=\u00bboutline\u00bb link=\u00bburl:https%3A%2F%2Fwww.manabi.gob.ec%2Fwp-content%2Fuploads%2F2025%2F03%2FRESOLUCION-GADPM-PREM-2024-849-RES-ADENDA-CONTRATOS.pdf|||\u00bb css=\u00bb.vc_custom_1741193106143{margin-bottom: 20px !important;}\u00bb]Resoluci\u00f3n Administrativa\u00a0<strong>No. <b><span lang=\"ES-TRAD\">GADPM-PREM-2024-849-RES<\/span><\/b>\u00a0<\/strong> Realizar la adenda de los contratos bajo la modalidad de servicios ocasionales, el cual rige desde el 01 al 31 de diciembre de 2024 en el r\u00e9gimen de la Ley Org\u00e1nica de Servicio P\u00fablico de los servidores p\u00fablicos del Gobierno Aut\u00f3nomo Descentralizado Provincial de Manab\u00ed[\/gsf_call_to_action][vc_text_separator title=\u00bbDiciembre\u00bb color=\u00bbblack\u00bb css=\u00bb.vc_custom_1733416737719{margin-top: 25px !important;margin-bottom: 25px !important;}\u00bb][gsf_call_to_action title=\u00bbDescargar\u00bb style=\u00bboutline\u00bb link=\u00bburl:https%3A%2F%2Fwww.manabi.gob.ec%2Fwp-content%2Fuploads%2F2024%2F12%2F35_ResAdm_No.-GADPM-PREM-2024-860-RES_Aprobacion-del-MOP-PROVIAMA_VF.pdf|||\u00bb css=\u00bb.vc_custom_1771949321584{margin-bottom: 20px !important;}\u00bb]Resoluci\u00f3n Administrativa\u00a0<strong>No. <b><span lang=\"ES-TRAD\">GADPM-PREM-2024-860-RES <\/span><\/b><\/strong>Expedir el Manual Operativo del Programa de la Unidad de Gerenciamiento de Programas (UGP) del Gobierno Aut\u00f3nomo Descentralizado Provincial de Manab\u00ed[\/gsf_call_to_action][gsf_call_to_action title=\u00bbDescargar\u00bb style=\u00bboutline\u00bb link=\u00bburl:https%3A%2F%2Fwww.manabi.gob.ec%2Fwp-content%2Fuploads%2F2024%2F12%2F35_MOP-PROVIAMAMOP-PROVIAMA-UGP-signed.pdf|||\u00bb css=\u00bb.vc_custom_1771944858849{margin-bottom: 20px !important;}\u00bb]Manual Operativo del Programa de la Unidad de Gerenciamiento de Programas (UGP) del Gobierno Aut\u00f3nomo Descentralizado Provincial de Manab\u00ed[\/gsf_call_to_action][gsf_call_to_action title=\u00bbDescargar\u00bb style=\u00bboutline\u00bb link=\u00bburl:https%3A%2F%2Fwww.manabi.gob.ec%2Fwp-content%2Fuploads%2F2024%2F12%2FResAdm_No.-GADPM-PREM-2024-919-RES_Reso_Remision-DT8va_LAF.pdf|||\u00bb css=\u00bb.vc_custom_1771944870341{margin-bottom: 20px !important;}\u00bb]Resoluci\u00f3n Administrativa<strong>\u00a0No. <b><span lang=\"ES-TRAD\">GADPM-PREM-2024-918-RES <\/span><\/b><\/strong><span lang=\"ES-TRAD\">Extinguir por confusi\u00f3n, de conformidad con el art\u00edculo 53 del C\u00f3digo Tributario, la obligaci\u00f3n tributaria correspondiente a la contribuci\u00f3n especial por mejoramiento vial rural sobre la base del valor de matriculaci\u00f3n vehicular en la provincia de Manab\u00ed<\/span><strong><b><span lang=\"ES-TRAD\"><br \/>\n<\/span><\/b><\/strong>[\/gsf_call_to_action][gsf_call_to_action title=\u00bbDescargar\u00bb style=\u00bboutline\u00bb link=\u00bburl:https%3A%2F%2Fwww.manabi.gob.ec%2Fwp-content%2Fuploads%2F2024%2F12%2FResAdm_No.-GADPM-PREM-2024-919-RES_Reso_Remision-DT8va_LAF.pdf|||\u00bb css=\u00bb.vc_custom_1771944882222{margin-bottom: 20px !important;}\u00bb]Resoluci\u00f3n Administrativa<strong>\u00a0No. <b><span lang=\"ES-TRAD\">GADPM-PREM-2024-919-RES <\/span><\/b><\/strong><span lang=\"ES-TRAD\">Expedir las normas para la aplicaci\u00f3n de la remisi\u00f3n de intereses, multas y recargos derivados de los tributos cuya administraci\u00f3n y recaudaci\u00f3n les correspondan al Gobierno Aut\u00f3nomo\u00a0 Descentralizado Provincial de Manab\u00ed, contemplada en la disposici\u00f3n transitoria octava de la Ley Org\u00e1nica <\/span><span lang=\"ES-TRAD\">para el alivio financiero y el fortalecimiento de las generaciones en el Ecuador.<\/span>[\/gsf_call_to_action][gsf_call_to_action title=\u00bbDescargar\u00bb style=\u00bboutline\u00bb link=\u00bburl:https%3A%2F%2Fwww.manabi.gob.ec%2Fwp-content%2Fuploads%2F2024%2F12%2FResAdm_No.-GADPM-PREM-2024-961-RES_Res_BajaObl_DT3ra_LAF.pdf|||\u00bb css=\u00bb.vc_custom_1771949387145{margin-bottom: 20px !important;}\u00bb]Resoluci\u00f3n Administrativa <strong>N\u00b0 GADPM-PREM-2024-961-RES <\/strong>Expedir el procedimiento para la aplicaci\u00f3n de la disposici\u00f3n transitoria tercera de la Ley Org\u00e1nica para el Alivio Financiero y el Fortalecimiento de las Generaciones en el Ecuador.[\/gsf_call_to_action][gsf_call_to_action title=\u00bbDescargar\u00bb style=\u00bboutline\u00bb link=\u00bburl:https%3A%2F%2Fwww.manabi.gob.ec%2Fwp-content%2Fuploads%2F2025%2F01%2F15_GADPM-PREM-2024-976-RES_ResExt_CEMVial_VF.pdf|||\u00bb css=\u00bb.vc_custom_1738074693443{margin-bottom: 20px !important;}\u00bb]Resoluci\u00f3n Administrativa <strong>N\u00b0 GADPM-PREM-2024-976-RES <\/strong>Declarar extintas las obligaciones tributarias administradas por el Gobierno Aut\u00f3nomo Descentralizado Provincial de Manab\u00ed, incluido intereses y multas, que se encuentran detalladas en el anexo de la presente Resoluci\u00f3n, en virtud de lo dispuesto en la Disposici\u00f3n Transitoria Tercera de la Ley org\u00e1nica para el alivio financiero y el fortalecimiento econ\u00f3mico de las generaciones en el Ecuador.[\/gsf_call_to_action][gsf_call_to_action title=\u00bbDescargar\u00bb style=\u00bboutline\u00bb link=\u00bburl:https%3A%2F%2Fwww.manabi.gob.ec%2Fwp-content%2Fuploads%2F2025%2F01%2F15_ANEXO_Base_Extincion_V2.pdf|||\u00bb css=\u00bb.vc_custom_1738074962912{margin-bottom: 20px !important;}\u00bb]Anexo para la Extinci\u00f3n de Obligaciones[\/gsf_call_to_action][\/vc_tta_section][vc_tta_section title=\u00bb2023&#8243; tab_id=\u00bb1704894948013-37ff41d0-2bc9&#8243;][vc_text_separator title=\u00bbMarzo\u00bb color=\u00bbblack\u00bb css=\u00bb.vc_custom_1660941035811{margin-top: 25px !important;margin-bottom: 25px !important;}\u00bb][gsf_call_to_action title=\u00bbDescargar\u00bb style=\u00bboutline\u00bb link=\u00bburl:https%3A%2F%2Fwww.manabi.gob.ec%2Fwp-content%2Fuploads%2F2023%2F05%2F1_ResAdm_GPM-PREM-2023-39A-RES_Delegacion-Talento-Humano.pdf|||\u00bb css=\u00bb.vc_custom_1771949428230{margin-bottom: 20px !important;}\u00bb]Resoluci\u00f3n Administrativa No. <strong>GPM-PREM-2023-39A-RES\u00a0 <\/strong>Expedir las reformas a la Resoluci\u00f3n PREM-RE-058-2019 de fecha 09 de octubre de 2019 que regula los ordenadores de gastos y pagos; y, establece la delegaci\u00f3n de funciones y atribuciones a la viceprefecta y a los titulares de las direcciones del Gobierno Aut\u00f3nomo Descentralizado Provincial de Manab\u00ed con el objeto de desconcentrar los procesos administrativos, de talento humano, financieros y de contrataci\u00f3n p\u00fablica[\/gsf_call_to_action][gsf_call_to_action title=\u00bbDescargar\u00bb style=\u00bboutline\u00bb link=\u00bburl:https%3A%2F%2Fwww.manabi.gob.ec%2Fwp-content%2Fuploads%2F2024%2F01%2FResAdm_GPM-PREM-2023-050A-RES_Adenda-Contratos-Ocasionales.pdf|||\u00bb css=\u00bb.vc_custom_1771949437825{margin-bottom: 20px !important;}\u00bb]Resoluci\u00f3n Administrativa No. <strong>GPM-PREM-2023-050A-RES\u00a0 <\/strong>Disponer se proceda con la adenda a la Cl\u00e1usula Sexta (Plazo y Vigencia) de los Contratos bajo la Modalidad de Servicios Ocasionales bajo r\u00e9gimen dela Ley Org\u00e1nica de Servicio P\u00fablico para que se extienda el tiempo inicialmente establecido, en el periodo comprendido desde el 01 de abril al 31 de diciembre de 2023, de los servidores p\u00fablicos del Gobierno Provincial de Manab\u00ed.[\/gsf_call_to_action][vc_text_separator title=\u00bbMayo\u00bb color=\u00bbblack\u00bb css=\u00bb.vc_custom_1683910886716{margin-top: 25px !important;margin-bottom: 25px !important;}\u00bb][gsf_call_to_action title=\u00bbDescargar\u00bb style=\u00bboutline\u00bb link=\u00bburl:https%3A%2F%2Fwww.manabi.gob.ec%2Fwp-content%2Fuploads%2F2023%2F10%2FGPM-PREM-2023-089-RES_Reforma-Integral-al-Estatuto-2023.pdf|||\u00bb css=\u00bb.vc_custom_1771949455590{margin-bottom: 20px !important;}\u00bb]Resoluci\u00f3n Administrativa No. <strong>GPM-PREM-2023-089-RES\u00a0 <\/strong>Expedir la Reforma al Estatuto Org\u00e1nico de Gesti\u00f3n Organizacional por Procesos del Gobierno Provincial de Manab\u00ed. (DEROGADA)[\/gsf_call_to_action][vc_text_separator title=\u00bbJunio\u00bb color=\u00bbblack\u00bb css=\u00bb.vc_custom_1701962272128{margin-top: 25px !important;margin-bottom: 25px !important;}\u00bb][gsf_call_to_action title=\u00bbDescargar\u00bb style=\u00bboutline\u00bb link=\u00bburl:https%3A%2F%2Fwww.manabi.gob.ec%2Fwp-content%2Fuploads%2F2023%2F12%2FGPM-PREM-2023-110-RES-DELEGACION-COORD.-GRAL-GESTION-INSTITUCIONAL.pdf|||\u00bb css=\u00bb.vc_custom_1701962540856{margin-bottom: 20px !important;}\u00bb]Resoluci\u00f3n Administrativa No.\u00a0<strong>GPM-PREM-2023-110-RES <\/strong>Delegar al titular de la Coordinaci\u00f3n General de la Gesti\u00f3n Institucional o quien haga sus veces, para que cumpla las tareas previstas para la m\u00e1xima autoridad ejecutiva del Gobierno Provincial de Manab\u00ed.[\/gsf_call_to_action][gsf_call_to_action title=\u00bbDescargar\u00bb style=\u00bboutline\u00bb link=\u00bburl:https%3A%2F%2Fwww.manabi.gob.ec%2Fwp-content%2Fuploads%2F2024%2F02%2FResAdm_GPM-PREM-2023-113A-RES.pdf|||\u00bb css=\u00bb.vc_custom_1771945333757{margin-bottom: 20px !important;}\u00bb]Resoluci\u00f3n Administrativa\u00a0<strong>No. <\/strong><b>GPM-PREM-2023-113A-RES\u00a0 <\/b>Expedir la Reforma a la Resoluci\u00f3n <span lang=\"ES\">no. PREM-RE-058-2019<\/span> de fecha <span id=\"OBJ_PREFIX_DWT264_com_zimbra_date\" class=\"Object\" role=\"link\"><span id=\"OBJ_PREFIX_DWT268_com_zimbra_date\" class=\"Object\" role=\"link\">09 de octubre<\/span><\/span> de 2019 que regula los ordenadores de gastos y pagos; y, establece la delegaci\u00f3n de funciones y atribuciones de la viceprefecta y a los titulares de las direcciones del Gobierno Provincial de Manab\u00ed con el objeto de desconcentrar los procesos administrativos, de talento humano, y de contrataci\u00f3n p\u00fablica.[\/gsf_call_to_action][vc_text_separator title=\u00bbAgosto\u00bb color=\u00bbblack\u00bb css=\u00bb.vc_custom_1698853667214{margin-top: 25px !important;margin-bottom: 25px !important;}\u00bb][gsf_call_to_action title=\u00bbDescargar\u00bb style=\u00bboutline\u00bb link=\u00bburl:https%3A%2F%2Fwww.manabi.gob.ec%2Fwp-content%2Fuploads%2F2023%2F09%2F4_ResAdm_GPM-PREM-2023-156-RES_Conformacion-Gest_Internos_VF.pdf|||\u00bb css=\u00bb.vc_custom_1694615946568{margin-bottom: 20px !important;}\u00bb]<\/p>\n<div>Resoluci\u00f3n Administrativa No.\u00a0<strong>GPM-PREM-2023-156-RES <\/strong>Expedir el marco normativo y organizativo que regula la creaci\u00f3n y funcionamiento de la Red de Gesti\u00f3n de Informaci\u00f3n Interna del Gobierno Provincial de Manab\u00ed<\/div>\n<p>[\/gsf_call_to_action][gsf_call_to_action title=\u00bbDescargar\u00bb style=\u00bboutline\u00bb link=\u00bburl:https%3A%2F%2Fwww.manabi.gob.ec%2Fwp-content%2Fuploads%2F2024%2F01%2FResAdm_GPM-PREM-2023-154B-RES_Reforma-Escala-Remunerativa-NJS.pdf|||\u00bb css=\u00bb.vc_custom_1771946352579{margin-bottom: 20px !important;}\u00bb]<\/p>\n<div>Resoluci\u00f3n Administrativa No.\u00a0<strong>GPM-PREM-2023-154B-RES <\/strong>Reformar la escala remunerativa emitida en la Resoluci\u00f3n Administrativa GPM-PREM-2022-091-RES de fecha 26 de julio del 2022 y su reforma, para las autoridades de nivel jer\u00e1rquico superior del Gobierno Provincial de Manab\u00ed<strong>, <\/strong>para los Grupos NJS1 y NJS5, ubicados en los Grados 1 y 5.<\/div>\n<p>[\/gsf_call_to_action][vc_text_separator title=\u00bbSeptiembre\u00bb color=\u00bbblack\u00bb css=\u00bb.vc_custom_1718720628132{margin-top: 25px !important;margin-bottom: 25px !important;}\u00bb][gsf_call_to_action title=\u00bbDescargar\u00bb style=\u00bboutline\u00bb link=\u00bburl:https%3A%2F%2Fwww.manabi.gob.ec%2Fwp-content%2Fuploads%2F2024%2F06%2FResAdm_GPM-PREM-2023-174-RES_ResolucionRiegoyDrenaje.pdf|||\u00bb css=\u00bb.vc_custom_1771945346404{margin-bottom: 20px !important;}\u00bb]<\/p>\n<div>Resoluci\u00f3n Administrativa No.\u00a0<strong>GPM-PREM-2023-174-RES <\/strong>Reforma a la Resoluci\u00f3n No. GPM-PREM-2023-089-RES, mediante la cual se expidi\u00f3 la reforma al Estatuto Org\u00e1nico de Gesti\u00f3n por Procesos del Gobierno Provincial de Manab\u00ed<\/div>\n<p>[\/gsf_call_to_action][vc_text_separator title=\u00bbOctubre\u00bb color=\u00bbblack\u00bb css=\u00bb.vc_custom_1698853549425{margin-top: 25px !important;margin-bottom: 25px !important;}\u00bb][gsf_call_to_action title=\u00bbDescargar\u00bb style=\u00bboutline\u00bb link=\u00bburl:https%3A%2F%2Fwww.manabi.gob.ec%2Fwp-content%2Fuploads%2F2023%2F11%2FRESOLUCION-TERMINACION-UNILATERAL-SEMILLAS-2023.pdf|||\u00bb css=\u00bb.vc_custom_1771949801266{margin-bottom: 20px !important;}\u00bb]<\/p>\n<div>Resoluci\u00f3n Administrativa No.\u00a0<strong>GPM-PREM-2023-188-RES <\/strong>Terminaci\u00f3n unilateral del Contrato No GPM-PRSI-2023-012-CCP proceso de Subasta Inversa Electr\u00f3nica NO. SIE-GPM-104-2022, para la \u201cADQUISICI\u00d3N DE SEMILLAS Y MATERIAL VEGETATIVO PARA PLANTACIONES CON FINES COMERCIALES BAJO CRITERIOS SOSTENIBLES\u00bb<\/div>\n<p>[\/gsf_call_to_action][vc_text_separator title=\u00bbNoviembre\u00bb color=\u00bbblack\u00bb css=\u00bb.vc_custom_1701271632084{margin-top: 25px !important;margin-bottom: 25px !important;}\u00bb][gsf_call_to_action title=\u00bbDescargar\u00bb style=\u00bboutline\u00bb link=\u00bburl:https%3A%2F%2Fwww.manabi.gob.ec%2Fwp-content%2Fuploads%2F2023%2F11%2FResolucion-Comite-de-Transparencia-GPM-PREM-2023-235-RES.pdf|||\u00bb css=\u00bb.vc_custom_1701271954138{margin-bottom: 20px !important;}\u00bb]<\/p>\n<div>Resoluci\u00f3n Administrativa No.\u00a0<strong>GPM-PREM-2023-235-RES <\/strong>Expedir la norma de conformaci\u00f3n del Comit\u00e9 de Transparencia del Gobierno Provincial de Manab\u00ed, su integraci\u00f3n y funciones.<\/div>\n<p>[\/gsf_call_to_action][vc_text_separator title=\u00bbDiciembre\u00bb color=\u00bbblack\u00bb css=\u00bb.vc_custom_1703278503812{margin-top: 25px !important;margin-bottom: 25px !important;}\u00bb][gsf_call_to_action title=\u00bbDescargar\u00bb style=\u00bboutline\u00bb link=\u00bburl:https%3A%2F%2Fwww.manabi.gob.ec%2Fwp-content%2Fuploads%2F2023%2F12%2FResAdm_GPM-PREM-2023-001E-RES_Solicitud-de-suspension-de-plazos-y-terminos.pdf|||\u00bb css=\u00bb.vc_custom_1771945373280{margin-bottom: 20px !important;}\u00bb]<\/p>\n<div>Resoluci\u00f3n Administrativa <strong>No. GPM-PREM-2023-001E-RES<\/strong> Ordenar la suspensi\u00f3n del plazo para la recepci\u00f3n de bienes y de prestaci\u00f3n de servicios, incluidos los de consultor\u00eda, en todos los procesos contractuales suscritos por el Gobierno Provincial de Manab\u00ed y que al momento se encuentran discurriendo.<\/div>\n<p>[\/gsf_call_to_action][gsf_call_to_action title=\u00bbDescargar\u00bb style=\u00bboutline\u00bb link=\u00bburl:https%3A%2F%2Fwww.manabi.gob.ec%2Fwp-content%2Fuploads%2F2023%2F12%2FResAdm_GPM-PREM-2023-273-RES_Solicitud-levantamiento-Suspension-GPM-PREM-2023-001E-RE.pdf|||\u00bb css=\u00bb.vc_custom_1703278998381{margin-bottom: 20px !important;}\u00bb]<\/p>\n<div>Resoluci\u00f3n Administrativa No.\u00a0<strong> <b><span lang=\"ES\">GPM-PREM-2023-273-RES<\/span><\/b> <\/strong> \u00a0 <span lang=\"ES\">Reiniciar la contabilizaci\u00f3n del plazo<\/span><span lang=\"ES\"> para la recepci\u00f3n de bienes y de prestaci\u00f3n de servicios, incluidos los de consultor\u00eda, en todos los procesos contractuales suscritos por el Gobierno Provincial de Manab\u00ed que fueron suspendidos por la Resoluci\u00f3n No. GPM-PREM-2023-001E-RE.\u00a0 <\/span><\/div>\n<p>[\/gsf_call_to_action][gsf_call_to_action title=\u00bbDescargar\u00bb style=\u00bboutline\u00bb link=\u00bburl:https%3A%2F%2Fwww.manabi.gob.ec%2Fwp-content%2Fuploads%2F2023%2F12%2FResolucion-normas-de-optimizacion-y-austeridad-GPM.pdf|||\u00bb css=\u00bb.vc_custom_1771949473529{margin-bottom: 20px !important;}\u00bb]<\/p>\n<div>Resoluci\u00f3n Administrativa No.\u00a0<strong><b><span lang=\"ES\">GPM-PREM-2023-286-RES<\/span><\/b><\/strong> Expedir las normas de optimizaci\u00f3n y austeridad del gasto del Gobierno Provincial de Manab\u00ed para el a\u00f1o 2024.<\/div>\n<p>[\/gsf_call_to_action][gsf_call_to_action title=\u00bbDescargar\u00bb style=\u00bboutline\u00bb link=\u00bburl:https%3A%2F%2Fwww.manabi.gob.ec%2Fwp-content%2Fuploads%2F2024%2F01%2FResAdm_GPM-PREM-2023-287-RES_Delegacion-Director-Administrativo.pdf|||\u00bb css=\u00bb.vc_custom_1704907251792{margin-bottom: 20px !important;}\u00bb]<\/p>\n<div>Resoluci\u00f3n Administrativa No.\u00a0<strong> <b><span lang=\"ES\">GPM-PREM-2023-287-RES <\/span><\/b><\/strong>Delegar al titular de la Direcci\u00f3n Administrativa o quien haga sus veces, para que cumpla las tareas previstas para la m\u00e1xima autoridad ejecutiva del Gobierno Provincial de Manab\u00ed en lo que respecta a las disposiciones contenidas en el Reglamento interno para la recepci\u00f3n, registro, identificaci\u00f3n, almacenamiento, distribuci\u00f3n, custodia, uso, control, egreso o baja de los bienes e inventarios institucionales del Gobierno Provincial de Manab\u00ed.<\/div>\n<p>[\/gsf_call_to_action][\/vc_tta_section][vc_tta_section title=\u00bb2022&#8243; tab_id=\u00bb1680033329909-d77c0a2b-a4e2&#8243;][vc_text_separator title=\u00bbEnero\u00bb color=\u00bbblack\u00bb css=\u00bb.vc_custom_1660940623947{margin-bottom: 25px !important;}\u00bb][gsf_call_to_action title=\u00bbDescargar\u00bb style=\u00bboutline\u00bb link=\u00bburl:https%3A%2F%2Fwww.manabi.gob.ec%2Fwp-content%2Fuploads%2F2022%2F08%2F3_Resolucion-GPM-PREM-2022-012-A-RES-Reforma-Res-Imagen-Institucional.pdf|||\u00bb css=\u00bb.vc_custom_1771945400792{margin-bottom: 20px !important;}\u00bb]Resoluci\u00f3n Administrativa<strong> No. GPM-PREM-2022-012 A-RES <\/strong>Expedir las reformas a la Resoluci\u00f3n 043-A-P-GPM-2019 de fecha 11 de julio de 2019 y Resoluci\u00f3n No.44A-P-GPM-2019 de fecha 31 de julio de 2019 en las que se aprobaron los Manuales de Imagen Institucional y Marca Provincial respectivamente.[\/gsf_call_to_action][vc_text_separator title=\u00bbFebrero\u00bb color=\u00bbblack\u00bb css=\u00bb.vc_custom_1709223264740{margin-top: 25px !important;margin-bottom: 25px !important;}\u00bb][gsf_call_to_action title=\u00bbDescargar\u00bb style=\u00bboutline\u00bb link=\u00bburl:https%3A%2F%2Fwww.manabi.gob.ec%2Fwp-content%2Fuploads%2F2024%2F02%2FGPM-PREM-2022-021A-RES_DelegacionDirectordeTecnologia.pdf|||\u00bb css=\u00bb.vc_custom_1771945410313{margin-bottom: 20px !important;}\u00bb]Resoluci\u00f3n Administrativa<strong>\u00a0No. <\/strong><b>GPM-PREM-2022-021A-RES <\/b>Delegar al titular de la Direcci\u00f3n de Tecnolog\u00eda o la que haga sus veces y al titular de la Subdirecci\u00f3n de Tecnolog\u00eda o la que haga sus veces, la suscripci\u00f3n de los acuerdos de confidencialidad y responsabilidad para la protecci\u00f3n, el acceso y uso de la informaci\u00f3n institucional, los servicios y sistemas tecnol\u00f3gicos del Gobierno Provincial de Manab\u00ed, de conformidad con lo establecido en el lineamiento dise\u00f1ado para el efecto.[\/gsf_call_to_action][vc_text_separator title=\u00bbMarzo\u00bb color=\u00bbblack\u00bb css=\u00bb.vc_custom_1660941035811{margin-top: 25px !important;margin-bottom: 25px !important;}\u00bb][gsf_call_to_action title=\u00bbDescargar\u00bb style=\u00bboutline\u00bb link=\u00bburl:https%3A%2F%2Fwww.manabi.gob.ec%2Fwp-content%2Fuploads%2F2022%2F08%2F4_Resolucion-GPM-PREM-2022-030-RES_Ref_ResAdm_Delegaciones-pago-y-otros.pdf|||\u00bb css=\u00bb.vc_custom_1771946733734{margin-bottom: 20px !important;}\u00bb]Resoluci\u00f3n Administrativa<strong> No. GPM-PREM-2022-030-RES\u00a0 <\/strong>Expedir las\u00a0reformas a la Resoluci\u00f3n PREM-RE-058-2019 de fecha 09 de octubre de 2019 que regula los ordenadores de gastos y pagos; y, establece la delegaci\u00f3n de funciones y atribuciones a la Viceprefecta y a los titulares de las direcciones del Gobierno Aut\u00f3nomo Descentralizado Provincial de Manab\u00ed con el objeto de desconcentrar los procesos administrativos, de talento humano, financieros y de contrataci\u00f3n p\u00fablica[\/gsf_call_to_action][vc_text_separator title=\u00bbJunio\u00bb color=\u00bbblack\u00bb css=\u00bb.vc_custom_1660941533913{margin-top: 25px !important;margin-bottom: 25px !important;}\u00bb][gsf_call_to_action title=\u00bbDescargar\u00bb style=\u00bboutline\u00bb link=\u00bburl:https%3A%2F%2Fwww.manabi.gob.ec%2Fwp-content%2Fuploads%2F2022%2F08%2F5_Resolucion-Exoneracion-CEM-Vial_Final.pdf|||\u00bb css=\u00bb.vc_custom_1771946690478{margin-bottom: 20px !important;}\u00bb]Resoluci\u00f3n Administrativa<strong> No. GPM-PREM-2022-84-RES\u00a0 <\/strong>Extinguir por confusi\u00f3n de conformidad con el art\u00edculo 53 del C\u00f3digo Tributario, la obligaci\u00f3n tributaria correspondiente a la contribuci\u00f3n especial por mejoramiento vial rural sobre la base del valor de matriculaci\u00f3n vehicular en la provincia de Manab\u00ed[\/gsf_call_to_action][gsf_call_to_action title=\u00bbDescargar\u00bb style=\u00bboutline\u00bb link=\u00bburl:https%3A%2F%2Fwww.manabi.gob.ec%2Fwp-content%2Fuploads%2F2022%2F08%2F8_ResAdm-conformacion-de-la-comision-obligaciones_MCEP_VF.pdf|||\u00bb css=\u00bb.vc_custom_1771949496129{margin-bottom: 20px !important;}\u00bb]Resoluci\u00f3n Administrativa<strong> No. GPM-PREM-2022-70A-RES\u00a0 <\/strong>Conformar la Comisi\u00f3n para la gesti\u00f3n de pago de las obligaciones asumidas por el Gobierno Provincial de Manab\u00ed como consecuencia del proceso de liquidaci\u00f3n y extinci\u00f3n de la Empresa P\u00fablica de Construcci\u00f3n, Manab\u00ed Construye EP[\/gsf_call_to_action][vc_text_separator title=\u00bbJulio\u00bb color=\u00bbblack\u00bb css=\u00bb.vc_custom_1660941908665{margin-top: 25px !important;margin-bottom: 25px !important;}\u00bb][gsf_call_to_action title=\u00bbDescargar\u00bb style=\u00bboutline\u00bb link=\u00bburl:https%3A%2F%2Fwww.manabi.gob.ec%2Fwp-content%2Fuploads%2F2022%2F08%2F6_ResAdm-Manual-de-Clasificacion-de-puestos_VF.pdf|||\u00bb css=\u00bb.vc_custom_1771945521720{margin-bottom: 20px !important;}\u00bb]Resoluci\u00f3n Administrativa<strong> No. GPM-PREM-2022-090-RES<\/strong>\u00a0Expedir el Manual de Descripci\u00f3n, Valoraci\u00f3n y Clasificaci\u00f3n de los Puestos del Gobierno Provincial de Manab\u00ed[\/gsf_call_to_action][gsf_call_to_action title=\u00bbDescargar\u00bb style=\u00bboutline\u00bb link=\u00bburl:https%3A%2F%2Fwww.manabi.gob.ec%2Fwp-content%2Fuploads%2F2022%2F08%2F7_Resolucion-GPM-PREM-2022-091-RES-ReformarEscalaRemunerativa.pdf|||\u00bb css=\u00bb.vc_custom_1771945537228{margin-bottom: 20px !important;}\u00bb]Resoluci\u00f3n Administrativa<strong> No. GPM-PREM-2022-091-RES <\/strong>Reformar la escala remunerativa para los servidores p\u00fablicos que ingresen al servicio p\u00fablico del Gobierno Aut\u00f3nomo Descentralizado Provincial de Manab\u00ed[\/gsf_call_to_action][gsf_call_to_action title=\u00bbDescargar\u00bb style=\u00bboutline\u00bb link=\u00bburl:https%3A%2F%2Fwww.manabi.gob.ec%2Fwp-content%2Fuploads%2F2022%2F12%2F11_Resolucion-GPM-PREM-2022-086A-RES_Designacion-CDSEA-Mesa-Interinstitucional.pdf|||\u00bb css=\u00bb.vc_custom_1771945551627{margin-bottom: 20px !important;}\u00bb]Resoluci\u00f3n Administrativa<strong> No. GPM-PREM-2022-086A-RES <\/strong>Delegar con todas las facultades administrativas y legales pertinentes, al Coordinador\/a de Desarrollo Social, Econ\u00f3mico y Ambiental, para que a nombre y representaci\u00f3n del Prefecto Provincial de Manab\u00ed, presida la Mesa Interinstitucional Provincial para prevenir y erradicar la violencia contra las Mujeres[\/gsf_call_to_action][vc_text_separator title=\u00bbAgosto\u00bb color=\u00bbblack\u00bb css=\u00bb.vc_custom_1694532673733{margin-top: 25px !important;margin-bottom: 25px !important;}\u00bb][gsf_call_to_action title=\u00bbDescargar\u00bb style=\u00bboutline\u00bb link=\u00bburl:https%3A%2F%2Fwww.manabi.gob.ec%2Fwp-content%2Fuploads%2F2023%2F09%2F16_Resolucion-PREN-2022-101B-RES_Delegacion-funciones-titulares-Direcciones-GPM.pdf|||\u00bb css=\u00bb.vc_custom_1771945567789{margin-bottom: 20px !important;}\u00bb]Resoluci\u00f3n Administrativa<strong> No. GPM-PREM-2022-101B-RES<\/strong> Delegar a los titulares de las direcciones establecidas en el Estatuto Org\u00e1nico de Gesti\u00f3n por Procesos del Gobierno Provincial de Manab\u00ed para autorizar pr\u00f3rrogas del plazo contractual y ordenar suspensiones del plazo contractual,siempre que se cumpla con lo establecido para el efecto en el Reglamento General a la Ley Org\u00e1nica del Sistema Nacional de Contrataci\u00f3n P\u00fablica.<strong><br \/>\n<\/strong>[\/gsf_call_to_action][vc_text_separator title=\u00bbSeptiembre\u00bb color=\u00bbblack\u00bb css=\u00bb.vc_custom_1664287567099{margin-top: 25px !important;margin-bottom: 25px !important;}\u00bb][gsf_call_to_action title=\u00bbDescargar\u00bb style=\u00bboutline\u00bb link=\u00bburl:https%3A%2F%2Fwww.manabi.gob.ec%2Fwp-content%2Fuploads%2F2022%2F09%2FRESOLUCION-GPM-PREM-2022-111-RES-CODIGO-DE-ETICA.pdf|||\u00bb css=\u00bb.vc_custom_1771945582092{margin-bottom: 20px !important;}\u00bb]Resoluci\u00f3n Administrativa<strong> No. GPM-PREM-2022-111-RES <\/strong>Expedir el C\u00f3digo de \u00c9tica de las servidoras y servidores del Gobierno Aut\u00f3nomo Descentralizado Provincial de Manab\u00ed[\/gsf_call_to_action][vc_text_separator title=\u00bbOctubre\u00bb color=\u00bbblack\u00bb css=\u00bb.vc_custom_1670871397344{margin-top: 25px !important;margin-bottom: 25px !important;}\u00bb][gsf_call_to_action title=\u00bbDescargar\u00bb style=\u00bboutline\u00bb link=\u00bburl:https%3A%2F%2Fwww.manabi.gob.ec%2Fwp-content%2Fuploads%2F2022%2F12%2F10_Resolucion-GPM-PREM-2022-117B-RES_Creacion-de-puestos-GPM-V6.pdf|||\u00bb css=\u00bb.vc_custom_1771945597477{margin-bottom: 20px !important;}\u00bb]Resoluci\u00f3n Administrativa<strong> No. GPM-PREM-2022-117B-RES <\/strong>Expedir la resoluci\u00f3n de creaci\u00f3n de puestos del Gobierno Provincial de Manab\u00ed[\/gsf_call_to_action][vc_text_separator title=\u00bbNoviembre\u00bb color=\u00bbblack\u00bb css=\u00bb.vc_custom_1686583175740{margin-top: 25px !important;margin-bottom: 25px !important;}\u00bb][gsf_call_to_action title=\u00bbDescargar\u00bb style=\u00bboutline\u00bb link=\u00bburl:https%3A%2F%2Fwww.manabi.gob.ec%2Fwp-content%2Fuploads%2F2023%2F06%2F12_Res_Adm_GPM-PREM-2022-133-RES_Reforma-PREM-RE-058-2019.pdf|||\u00bb css=\u00bb.vc_custom_1771945617509{margin-bottom: 20px !important;}\u00bb]Resoluci\u00f3n Administrativa <strong>No. GPM-PREM-2022-133-RES<\/strong> Expedir la reforma a la Resoluci\u00f3n PREM-RE-058-2019 de fecha <span id=\"OBJ_PREFIX_DWT339_com_zimbra_date\" class=\"Object\" role=\"link\"><span id=\"OBJ_PREFIX_DWT343_com_zimbra_date\" class=\"Object\" role=\"link\">09 de octubre<\/span><\/span> de 2019 que regula los ordenadores de gastos y pagos; y, establece la delegaci\u00f3n de funciones y atribuciones a la viceprefecta y a los titulares de las direcciones del Gobierno Aut\u00f3nomo Descentralizado provincial de Manab\u00ed con el objeto de desconcentrar los procesos administrativos, de talento humano, financieros y de contrataci\u00f3n p\u00fablica.[\/gsf_call_to_action][vc_text_separator title=\u00bbDiciembre\u00bb color=\u00bbblack\u00bb css=\u00bb.vc_custom_1671567530507{margin-top: 25px !important;margin-bottom: 25px !important;}\u00bb][gsf_call_to_action title=\u00bbDescargar\u00bb style=\u00bboutline\u00bb link=\u00bburl:https%3A%2F%2Fwww.manabi.gob.ec%2Fwp-content%2Fuploads%2F2022%2F12%2FResolucion-Administrativa-de-delegacion.pdf|||\u00bb css=\u00bb.vc_custom_1771945638509{margin-bottom: 20px !important;}\u00bb]Resoluci\u00f3n Administrativa<strong> No. GPM-PREM-2022-140-RES <\/strong>Delegar las facultades administrativas y legales espec\u00edficas, al Ing. Jorge Luis Alc\u00edvar Zambrano, Analista 2 del Gobierno Provincial de Manab\u00ed, para que, a nombre y representaci\u00f3n del Prefecto Provincial de Manab\u00ed, asista a la reuni\u00f3n que se desarrollar\u00e1 el 20 de diciembre de 2022, a partir de las 10h00, en las oficinas de la Agencia de Regulaci\u00f3n y Control del Agua ARCA en la ciudad de Quito, y proceda a obtener oficialmente el Informe T\u00e9cnico Nro. RH_F_RG1_DHM_004_2018[\/gsf_call_to_action][gsf_call_to_action title=\u00bbDescargar\u00bb style=\u00bboutline\u00bb link=\u00bburl:https%3A%2F%2Fwww.manabi.gob.ec%2Fwp-content%2Fuploads%2F2023%2F06%2F13_Res_Adm_GPM-PREM-2022-140A-RES_CodEtica-1.pdf|||\u00bb css=\u00bb.vc_custom_1771946272325{margin-bottom: 20px !important;}\u00bb]Resoluci\u00f3n Administrativa<strong> No. GPM-PREM-2022-140A-RES <\/strong>\u00a0Reformar la Resoluci\u00f3n No. GPM-PREM-2022-111-RES de fecha 22 de septiembre de 2022 en la que se expidi\u00f3 el C\u00f3digo de \u00c9tica de las servidoras y servidores del Gobierno Aut\u00f3nomo Descentralizado Provincial de Manab\u00ed.[\/gsf_call_to_action][gsf_call_to_action title=\u00bbDescargar\u00bb style=\u00bboutline\u00bb link=\u00bburl:https%3A%2F%2Fwww.manabi.gob.ec%2Fwp-content%2Fuploads%2F2023%2F09%2F15_Res_Adm_GPM-PREM-2022-142A-RES_Prorroga-Contratos-Ocasionales.pdf|||\u00bb css=\u00bb.vc_custom_1771945646593{margin-bottom: 20px !important;}\u00bb]Resoluci\u00f3n Administrativa No.\u00a0<strong>GPM-PREM-2022-142A-RES <\/strong>Expedir la Resoluci\u00f3n que establece la pr\u00f3rroga de los Contratos por Servicios Ocasionales establecidos en la Resoluci\u00f3n N\u00ba GPM-PREM-2022-117B-RES del Gobierno Provincial de Manab\u00ed.[\/gsf_call_to_action][\/vc_tta_section][vc_tta_section title=\u00bb2021&#8243; tab_id=\u00bb1658940413246-84416c0d-e821&#8243;][vc_text_separator title=\u00bbMarzo\u00bb color=\u00bbblack\u00bb css=\u00bb.vc_custom_1658941573887{margin-top: 25px !important;margin-bottom: 25px !important;}\u00bb][gsf_call_to_action title=\u00bbDescargar\u00bb style=\u00bboutline\u00bb link=\u00bburl:https%3A%2F%2Fwww.manabi.gob.ec%2Fwp-content%2Fuploads%2F2022%2F07%2F1_Resolucion-Administrativa_No.-PREM-RE-021-2021_Delegacion-Director-Administrativo.pdf|||\u00bb css=\u00bb.vc_custom_1771945661438{margin-bottom: 25px !important;}\u00bb]Resoluci\u00f3n Administrativa <strong>Nro. PREM-RE-021-2021<\/strong> Otorgar al\/la Director\/ra Administrativo\/va la facultad de solicitar certificaciones de constancia en el Plan Operativo Anual (Certificaci\u00f3n POA) y certificaciones de disponibilidad presupuestaria[\/gsf_call_to_action][vc_text_separator title=\u00bbAbril\u00bb color=\u00bbblack\u00bb css=\u00bb.vc_custom_1658941583197{margin-top: 25px !important;margin-bottom: 25px !important;}\u00bb][gsf_call_to_action title=\u00bbDescargar\u00bb style=\u00bboutline\u00bb link=\u00bburl:https%3A%2F%2Fwww.manabi.gob.ec%2Fwp-content%2Fuploads%2F2022%2F07%2F2_Resolucion-Administrativa_No.-PREM-RE-028-2021_Teletrabajo-emergente.pdf|||\u00bb css=\u00bb.vc_custom_1771945671039{margin-bottom: 25px !important;}\u00bb]Resoluci\u00f3n Administrativa <strong>Nro. PREM-RE-28 -2021<\/strong> Expedir las Directrices para la Aplicaci\u00f3n le las Disposiciones Emanadas por el Comit\u00e9 de Operaciones de Emergencia Nacional, Decreto Ejecutivo 1282 y Comit\u00e9 de Operaciones de Emergencia Cantonal de Portoviejo para los Servidores del Gobierno Aut\u00f3nomo Descentralizado Provincial De Manab\u00ed[\/gsf_call_to_action][vc_text_separator title=\u00bbMayo\u00bb color=\u00bbblack\u00bb css=\u00bb.vc_custom_1658941594446{margin-top: 25px !important;margin-bottom: 25px !important;}\u00bb][gsf_call_to_action title=\u00bbDescargar\u00bb style=\u00bboutline\u00bb link=\u00bburl:https%3A%2F%2Fwww.manabi.gob.ec%2Fwp-content%2Fuploads%2F2022%2F07%2F3_Resolucion-Administrativa_No.-PREM-RE-048-2021_Direc_GestiProyectos.pdf|||\u00bb css=\u00bb.vc_custom_1771945679235{margin-bottom: 25px !important;}\u00bb]Resoluci\u00f3n Administrativa <strong>Nro. PREM-RE-048-2021<\/strong> Expedir las directrices para la Gesti\u00f3n de Proyectos Institucionales[\/gsf_call_to_action][vc_text_separator title=\u00bbJulio\u00bb color=\u00bbblack\u00bb css=\u00bb.vc_custom_1658941607589{margin-top: 25px !important;margin-bottom: 25px !important;}\u00bb][gsf_call_to_action title=\u00bbDescargar\u00bb style=\u00bboutline\u00bb link=\u00bburl:https%3A%2F%2Fwww.manabi.gob.ec%2Fwp-content%2Fuploads%2F2022%2F07%2F4_Resolucion-Administrativa_No.-PREM-RE-094-2021_Codigo-de-Etica.pdf|||\u00bb css=\u00bb.vc_custom_1771945688135{margin-bottom: 25px !important;}\u00bb]Resoluci\u00f3n Administrativa<strong> Nro. PREM-RE-094-2021<\/strong> Aprobar y expedir el C\u00f3digo de \u00c9tica de los y las servidores y trabajadores del Gobierno Provincial de Manab\u00ed (DEROGADA)[\/gsf_call_to_action][vc_text_separator title=\u00bbAgosto\u00bb color=\u00bbblack\u00bb css=\u00bb.vc_custom_1658941628870{margin-top: 25px !important;margin-bottom: 25px !important;}\u00bb][gsf_call_to_action title=\u00bbDescargar\u00bb style=\u00bboutline\u00bb link=\u00bburl:https%3A%2F%2Fwww.manabi.gob.ec%2Fwp-content%2Fuploads%2F2022%2F07%2F5_Resolucion-Administrativa_No.-PREM-RE-100-2021_Sub_AtenCiudaComCol.pdf|||\u00bb css=\u00bb.vc_custom_1771945697767{margin-bottom: 25px !important;}\u00bb]Resoluci\u00f3n Administrativa<strong> PREM-RE-100-2021<\/strong> Crear la unidad administrativa \u201cSubdirecci\u00f3n de Atenci\u00f3n Ciudadana, Comunidades y Colectivos\u201d del Gobierno Provincial de Manab\u00ed, dependiente de la Direcci\u00f3n de Secretar\u00eda General, en apego a lo que establecen las normas jur\u00eddicas y como parte del modelo de gesti\u00f3n de esta administraci\u00f3n, e incorporar a la actual estructura organizacional provincial.[\/gsf_call_to_action][vc_text_separator title=\u00bbSeptiembre\u00bb color=\u00bbblack\u00bb css=\u00bb.vc_custom_1658941641565{margin-top: 25px !important;margin-bottom: 25px !important;}\u00bb][gsf_call_to_action title=\u00bbDescargar\u00bb style=\u00bboutline\u00bb link=\u00bburl:https%3A%2F%2Fwww.manabi.gob.ec%2Fwp-content%2Fuploads%2F2022%2F07%2F6_Resolucion-Administrativa_No.-PREM-RE-119A-2021_ExpNuevoEstatuto.pdf|||\u00bb css=\u00bb.vc_custom_1771945706417{margin-bottom: 25px !important;}\u00bb]Resoluci\u00f3n Administrativa <strong>PREM-RE-119A-2021<\/strong> Expedir la reforma integral al Estatuto Org\u00e1nico de Gesti\u00f3n Organizacional por Procesos del Gobierno Aut\u00f3nomo Descentralizado Provincial de Manab\u00ed (DEROGADA)[\/gsf_call_to_action][gsf_call_to_action title=\u00bbDescargar\u00bb style=\u00bboutline\u00bb link=\u00bburl:https%3A%2F%2Fwww.manabi.gob.ec%2Fwp-content%2Fuploads%2F2022%2F07%2F7_Resolucion-Administrativa_No.-PREM-RE-121-2021_Delegacion-RecepArchivo-1.pdf|||\u00bb css=\u00bb.vc_custom_1771949519850{margin-bottom: 25px !important;}\u00bb]Resoluci\u00f3n Administrativa <strong>PREM-RE-121-2021<\/strong> Delegar al Ab. Blamir Joel Alc\u00edvar Cede\u00f1o, Secretario General del Gobierno Aut\u00f3nomo Descentralizado Provincial de Manab\u00ed, para que a nombre y representaci\u00f3n de la m\u00e1xima autoridad de esta Instituci\u00f3n, recepte el archivo pasivo y activo del que resultare del proceso de Liquidaci\u00f3n y Extinci\u00f3n de la Empresa P\u00fablica de Construcci\u00f3n Manab\u00ed Construye EP, y suscriba la respectiva acta de entrega recepci\u00f3n.[\/gsf_call_to_action][gsf_call_to_action title=\u00bbDescargar\u00bb style=\u00bboutline\u00bb link=\u00bburl:https%3A%2F%2Fwww.manabi.gob.ec%2Fwp-content%2Fuploads%2F2022%2F02%2FResolucion_PREM-RE-116-2021_Expedir-el-Reglamento-Higiene-y-Seguridad-GPM.pdf|||\u00bb css=\u00bb.vc_custom_1771945726308{margin-bottom: 25px !important;}\u00bb]Resoluci\u00f3n Administrativa <strong>PREM-RE-116-2021 <\/strong>Expedir el Reglamento Higiene y Seguridad del Gobierno Provincial de Manab\u00ed[\/gsf_call_to_action][vc_text_separator title=\u00bbNoviembre\u00bb color=\u00bbblack\u00bb css=\u00bb.vc_custom_1722346226813{margin-top: 25px !important;margin-bottom: 25px !important;}\u00bb][gsf_call_to_action title=\u00bbDescargar\u00bb style=\u00bboutline\u00bb link=\u00bburl:https%3A%2F%2Fwww.manabi.gob.ec%2Fwp-content%2Fuploads%2F2026%2F02%2F9_Resolucion-Administrativa_No.-PREM-RE-126A-2021_Resolucion-delega-amplia-plazos-conve_VF-1.pdf|||\u00bb css=\u00bb.vc_custom_1771945737936{margin-bottom: 25px !important;}\u00bb]Resoluci\u00f3n Administrativa <strong>Nro. PREM-RE-126A-2021 <\/strong>Ampliaci\u00f3n de plazos de los convenios.[\/gsf_call_to_action][\/vc_tta_section][vc_tta_section title=\u00bb2020&#8243; tab_id=\u00bb1644244425607-56f54ac3-7c30&#8243;][vc_text_separator title=\u00bbJulio\u00bb color=\u00bbblack\u00bb css=\u00bb.vc_custom_1689698380410{margin-top: 25px !important;margin-bottom: 25px !important;}\u00bb][gsf_call_to_action title=\u00bbDescargar\u00bb style=\u00bboutline\u00bb link=\u00bburl:https%3A%2F%2Fwww.manabi.gob.ec%2Fwp-content%2Fuploads%2F2023%2F07%2FResolucion-Administrativa-Nro.-PREM-RE-039-P-GPM-2020.pdf|||\u00bb css=\u00bb.vc_custom_1771945754901{margin-bottom: 25px !important;}\u00bb]Resoluci\u00f3n Administrativa<strong> No. PREM-RE-039-2020<\/strong> Reforma Integral al Estatuto Org\u00e1nico de Gesti\u00f3n Organizacional por Procesos del Gobierno Aut\u00f3nomo Descentralizado Provincial de Manab\u00ed. (DEROGADA)[\/gsf_call_to_action][vc_text_separator title=\u00bbAgosto\u00bb color=\u00bbblack\u00bb css=\u00bb.vc_custom_1658940534238{margin-top: 25px !important;margin-bottom: 25px !important;}\u00bb][gsf_call_to_action title=\u00bbDescargar\u00bb style=\u00bboutline\u00bb link=\u00bburl:https%3A%2F%2Fwww.manabi.gob.ec%2Fwp-content%2Fuploads%2F2022%2F07%2F1_Resolucion-Administrativa_No.-PREM-RE-040-2020_Ref_Resolucion-39_Estatuto-Organico.pdf|||\u00bb css=\u00bb.vc_custom_1771945764305{margin-bottom: 25px !important;}\u00bb]Resoluci\u00f3n Administrativa <strong>Nro. PREM-RE-040-2020<\/strong> Reformar la Resoluci\u00f3n Administrativa PREM-RE-039-2020 de fecha 31 de julio de 2020[\/gsf_call_to_action][vc_text_separator title=\u00bbSeptiembre\u00bb color=\u00bbblack\u00bb css=\u00bb.vc_custom_1658940545294{margin-top: 25px !important;margin-bottom: 25px !important;}\u00bb][gsf_call_to_action title=\u00bbDescargar\u00bb style=\u00bboutline\u00bb link=\u00bburl:https%3A%2F%2Fwww.manabi.gob.ec%2Fwp-content%2Fuploads%2F2022%2F07%2F2_Resolucion-Administrativa-No.-PREM-RE-063-2020_Ref_Resolucion-43B-P-GPM-2019.pdf|||\u00bb css=\u00bb.vc_custom_1771945773681{margin-bottom: 25px !important;}\u00bb]Resoluci\u00f3n Administrativa <strong>Nro. PREM-RE-063-2020<\/strong> Reformar la Resoluci\u00f3n Administrativa No. 43B-P-GPM-2019 del 12 de julio de 2019[\/gsf_call_to_action][vc_text_separator title=\u00bbNoviembre\u00bb color=\u00bbblack\u00bb css=\u00bb.vc_custom_1658940555182{margin-top: 25px !important;margin-bottom: 25px !important;}\u00bb][gsf_call_to_action title=\u00bbDescargar\u00bb style=\u00bboutline\u00bb link=\u00bburl:https%3A%2F%2Fwww.manabi.gob.ec%2Fwp-content%2Fuploads%2F2023%2F05%2F3_Resolucion-Adminsitrativa_No.-PREM-RE-87-A-2020_Designaciones-ProcCoactivo.pdf|||\u00bb css=\u00bb.vc_custom_1771945784713{margin-bottom: 25px !important;}\u00bb]Resoluci\u00f3n Administrativa <strong>Nro. PREM-RE-87-A-2020<\/strong> Realizar designaciones que permitan una adecuada gesti\u00f3n del proceso de ejecuci\u00f3n coactiva del Gobierno Provincial de Manab\u00ed<\/p>\n<p><strong>\u00a0<\/strong>[\/gsf_call_to_action][\/vc_tta_section][vc_tta_section title=\u00bb2019&#8243; tab_id=\u00bb1689697308419-56caf19c-7396&#8243;][vc_text_separator title=\u00bbJunio\u00bb color=\u00bbblack\u00bb css=\u00bb.vc_custom_1689697756503{margin-top: 25px !important;margin-bottom: 25px !important;}\u00bb][gsf_call_to_action title=\u00bbDescargar\u00bb style=\u00bboutline\u00bb link=\u00bburl:https%3A%2F%2Fwww.manabi.gob.ec%2Fwp-content%2Fuploads%2F2023%2F07%2FResolucion-N-14-A-P-GPM-2019.pdf|||\u00bb css=\u00bb.vc_custom_1771945796453{margin-bottom: 25px !important;}\u00bb]Resoluci\u00f3n Administrativa <strong>No. 14-A-P-GPM-2019<\/strong> que reforma la Escala Remunerativa para los servidores p\u00fablicos que ingresen al servicio p\u00fablico del Gobierno Provincial de Manab\u00ed, en calidad de Asesores, de conformidad al Acuerdo No MDT-0059, seg\u00fan el siguiente desglose.[\/gsf_call_to_action][gsf_call_to_action title=\u00bbDescargar\u00bb style=\u00bboutline\u00bb link=\u00bburl:https%3A%2F%2Fwww.manabi.gob.ec%2Fwp-content%2Fuploads%2F2023%2F09%2F1_Resolucion-No.-40-A-P-GPM-2019-1.pdf|||\u00bb css=\u00bb.vc_custom_1771945804292{margin-bottom: 25px !important;}\u00bb]Resoluci\u00f3n Administrativa <strong>N\u00ba 40-A-P-GPM-2019<\/strong> Delegaci\u00f3n a los directores del Gobierno Provincial de Manab\u00ed para designar t\u00e9cnicos no intervinientes y para cambio de administradores de contratos.[\/gsf_call_to_action][vc_text_separator title=\u00bbJulio\u00bb color=\u00bbblack\u00bb css=\u00bb.vc_custom_1689697453163{margin-top: 25px !important;margin-bottom: 25px !important;}\u00bb][gsf_call_to_action title=\u00bbDescargar\u00bb style=\u00bboutline\u00bb link=\u00bburl:https%3A%2F%2Fwww.manabi.gob.ec%2Fwp-content%2Fuploads%2F2023%2F07%2FResolucion-Administrativa-Nro.-43B-P-GPM-2019-CT.pdf|||\u00bb css=\u00bb.vc_custom_1771945817489{margin-bottom: 25px !important;}\u00bb]Resoluci\u00f3n Administrativa <strong>No. 43B-P-GPM<\/strong> Comit\u00e9 de Transparencia del Gobierno de Manab\u00ed.[\/gsf_call_to_action][gsf_call_to_action title=\u00bbDescargar\u00bb style=\u00bboutline\u00bb link=\u00bburl:https%3A%2F%2Fwww.manabi.gob.ec%2Fwp-content%2Fuploads%2F2023%2F07%2FResolucion-N%C2%B0-043-A-P-GPM-2019.pdf|||\u00bb css=\u00bb.vc_custom_1771945837338{margin-bottom: 25px !important;}\u00bb]Resoluci\u00f3n Administrativa <strong>No. 043-A-P-GPM<\/strong> Implem\u00e9ntese el uso del Manual de Imagen Institucional 2019 en todas las Direcciones y Dependencias del Gobierno Aut\u00f3nomo Descentralizado Provincial de Manab\u00ed.[\/gsf_call_to_action][vc_text_separator title=\u00bbOctubre\u00bb color=\u00bbblack\u00bb css=\u00bb.vc_custom_1689697807720{margin-top: 25px !important;margin-bottom: 25px !important;}\u00bb][gsf_call_to_action title=\u00bbDescargar\u00bb style=\u00bboutline\u00bb link=\u00bburl:https%3A%2F%2Fwww.manabi.gob.ec%2Fwp-content%2Fuploads%2F2023%2F07%2FResolucion-PREM-RE-058-2019-Ordenadores-de-gastos.pdf|||\u00bb css=\u00bb.vc_custom_1771945857931{margin-bottom: 25px !important;}\u00bb]Resoluci\u00f3n Administrativa <strong>No. PREM-RE-058-2019<\/strong> que regula los ordenadores de gastos y pagos; y, establece la delegaci\u00f3n de funciones y atribuciones a la Viceprefecta y a los titulares de las direcciones del Gobierno Aut\u00f3nomo Descentralizado Provincial de Manab\u00ed, con el objeto de desconcentrar los procesos administrativos, de talento humano, financieros y de contrataci\u00f3n p\u00fablica.[\/gsf_call_to_action][\/vc_tta_section][\/vc_tta_accordion][\/vc_column][\/vc_row][vc_row color_skin=\u00bbskin-light\u00bb equal_height=\u00bbyes\u00bb parallax=\u00bbcontent-moving\u00bb disable_element=\u00bbyes\u00bb css=\u00bb.vc_custom_1644252718591{background-color: #f4f4f4 !important;background-position: center;background-repeat: no-repeat !important;background-size: cover !important;}\u00bb][vc_column color_skin=\u00bbskin-light\u00bb width=\u00bb1\/4&#8243; css=\u00bb.vc_custom_1629243021998{border-right-width: 2px !important;background-color: #f4f4f4 !important;border-right-color: #cecece !important;border-right-style: solid !important;}\u00bb][gsf_button title=\u00bbOrdenanzas\u00bb style=\u00bb3d\u00bb size=\u00bbmd\u00bb align=\u00bbright\u00bb button_block=\u00bbon\u00bb icon_font=\u00bbfa fa-arrow-left\u00bb link=\u00bburl:https%3A%2F%2Fwww.manabi.gob.ec%2Findex.php%2Fordenanzas%2F|||\u00bb][gsf_space desktop=\u00bb20&#8243; tablet=\u00bb70&#8243; tablet_portrait=\u00bb60&#8243; mobile_landscape=\u00bb50&#8243; mobile=\u00bb40&#8243;][gsf_button title=\u00bbResoluciones\u00bb style=\u00bb3d\u00bb size=\u00bbmd\u00bb align=\u00bbright\u00bb button_block=\u00bbon\u00bb icon_font=\u00bbfa fa-arrow-left\u00bb link=\u00bburl:https%3A%2F%2Fwww.manabi.gob.ec%2Findex.php%2Fresoluciones%2F|||\u00bb][gsf_space desktop=\u00bb20&#8243; tablet=\u00bb70&#8243; tablet_portrait=\u00bb60&#8243; mobile_landscape=\u00bb50&#8243; mobile=\u00bb40&#8243;][gsf_button title=\u00bbReglamentos\u00bb style=\u00bb3d\u00bb size=\u00bbmd\u00bb align=\u00bbright\u00bb button_block=\u00bbon\u00bb icon_font=\u00bbfa fa-arrow-left\u00bb link=\u00bburl:https%3A%2F%2Fwww.manabi.gob.ec%2Findex.php%2Freglamentos%2F|||\u00bb][gsf_space desktop=\u00bb20&#8243; tablet=\u00bb70&#8243; tablet_portrait=\u00bb60&#8243; mobile_landscape=\u00bb50&#8243; mobile=\u00bb40&#8243;][gsf_button title=\u00bbAcuerdos\u00bb style=\u00bb3d\u00bb size=\u00bbmd\u00bb align=\u00bbright\u00bb button_block=\u00bbon\u00bb icon_font=\u00bbfa fa-arrow-left\u00bb link=\u00bburl:https%3A%2F%2Fwww.manabi.gob.ec%2Findex.php%2Facuerdos%2F|||\u00bb][gsf_space desktop=\u00bb20&#8243; tablet=\u00bb70&#8243; tablet_portrait=\u00bb60&#8243; mobile_landscape=\u00bb50&#8243; mobile=\u00bb40&#8243;][gsf_button title=\u00bbPol\u00edticas Publ\u00edcas\u00bb style=\u00bb3d\u00bb size=\u00bbmd\u00bb align=\u00bbright\u00bb button_block=\u00bbon\u00bb icon_font=\u00bbfa fa-arrow-left\u00bb link=\u00bburl:https%3A%2F%2Fwww.manabi.gob.ec%2Findex.php%2Fpoliticas-publicas%2F|||\u00bb][gsf_space desktop=\u00bb20&#8243; tablet=\u00bb70&#8243; tablet_portrait=\u00bb60&#8243; mobile_landscape=\u00bb50&#8243; mobile=\u00bb40&#8243;][gsf_button title=\u00bbPol\u00edticas Intitucionales\u00bb style=\u00bb3d\u00bb size=\u00bbmd\u00bb align=\u00bbright\u00bb button_block=\u00bbon\u00bb icon_font=\u00bbfa fa-arrow-left\u00bb link=\u00bburl:https%3A%2F%2Fwww.manabi.gob.ec%2Findex.php%2Fpoliticas-institucionales%2F|||\u00bb][\/vc_column][vc_column width=\u00bb3\/4&#8243; css=\u00bb.vc_custom_1622148120192{background-position: center !important;background-repeat: no-repeat !important;background-size: cover !important;}\u00bb offset=\u00bbvc_col-xs-12&#8243;][vc_tta_accordion style=\u00bboutline\u00bb color=\u00bbmulled-wine\u00bb spacing=\u00bb10&#8243; autoplay=\u00bb10&#8243; active_section=\u00bb7&#8243; collapsible_all=\u00bbtrue\u00bb][vc_tta_section title=\u00bb2020&#8243; tab_id=\u00bb1644252707105-c0cd2481-f24d\u00bb][vc_text_separator title=\u00bbAgosto\u00bb color=\u00bbblack\u00bb css=\u00bb.vc_custom_1644244652546{margin-bottom: 25px !important;}\u00bb][gsf_call_to_action title=\u00bbDescargar\u00bb style=\u00bboutline\u00bb link=\u00bburl:https%3A%2F%2Fwww.manabi.gob.ec%2Fwp-content%2Fuploads%2F2022%2F02%2FResolucion-Administrativa_No.-PREM-RE-040-2020_Ref_Resolucion-39_Estatuto-Organico.pdf|||\u00bb css=\u00bb.vc_custom_1644244627235{margin-bottom: 20px !important;}\u00bb]Resoluci\u00f3n Administrativa Nro. PREM-RE-040 -2020 Resoluci\u00f3n 39 Estatuto Org\u00e1nico[\/gsf_call_to_action][vc_text_separator title=\u00bbSeptiembre\u00bb color=\u00bbblack\u00bb css=\u00bb.vc_custom_1644244786477{margin-top: 25px !important;margin-bottom: 25px !important;}\u00bb][gsf_call_to_action title=\u00bbDescargar\u00bb style=\u00bboutline\u00bb link=\u00bburl:https%3A%2F%2Fwww.manabi.gob.ec%2Fwp-content%2Fuploads%2F2022%2F02%2FResolucion-Administrativa-No.-PREM-RE-063-2020_Ref_Resolucion-43B-P-GPM-2019.pdf|||\u00bb]Resoluci\u00f3n Administrativa No. PREM-RE-063-2020_Ref_Resoluci\u00f3n 43B-P-GPM-2019[\/gsf_call_to_action][vc_text_separator title=\u00bbNoviembre\u00bb color=\u00bbblack\u00bb css=\u00bb.vc_custom_1644244668991{margin-top: 25px !important;margin-bottom: 25px !important;}\u00bb][gsf_call_to_action title=\u00bbDescargar\u00bb style=\u00bboutline\u00bb link=\u00bburl:https%3A%2F%2Fwww.manabi.gob.ec%2Fwp-content%2Fuploads%2F2022%2F02%2FResolucion-Adminsitrativa_No.-PREM-RE-87-A-2020_Designaciones-ProcCoactivo.pdf|||\u00bb]Resoluci\u00f3n Administrativa Nro. PREM-RE-87-A-2020 Designaciones ProCoactivo[\/gsf_call_to_action][\/vc_tta_section][vc_tta_section title=\u00bb2021&#8243; tab_id=\u00bb1644252707254-150ce212-c882&#8243;][vc_text_separator title=\u00bbMarzo\u00bb color=\u00bbblack\u00bb css=\u00bb.vc_custom_1644245406480{margin-bottom: 25px !important;}\u00bb][gsf_call_to_action title=\u00bbDescargar\u00bb style=\u00bboutline\u00bb link=\u00bburl:https%3A%2F%2Fwww.manabi.gob.ec%2Fwp-content%2Fuploads%2F2022%2F02%2FResolucion-Administrativa_No.-PREM-RE-021-2021_Delegacion-Director-Administrativo.pdf|||\u00bb css=\u00bb.vc_custom_1644245482861{margin-bottom: 20px !important;}\u00bb]Resoluci\u00f3n Administrativa_No. PREM-RE-021-2021 Delegaci\u00f3n Director Administrativo[\/gsf_call_to_action][vc_text_separator title=\u00bbAbril\u00bb color=\u00bbblack\u00bb css=\u00bb.vc_custom_1644245538938{margin-top: 25px !important;margin-bottom: 25px !important;}\u00bb][gsf_call_to_action title=\u00bbDescargar\u00bb style=\u00bboutline\u00bb link=\u00bburl:https%3A%2F%2Fwww.manabi.gob.ec%2Fwp-content%2Fuploads%2F2022%2F02%2FResolucion-Administrativa_No.-PREM-RE-028-2021_Teletrabajo-emergente.pdf|||\u00bb]Resoluci\u00f3n Administrativa_No. PREM-RE-028-2021 Teletrabajo Emergente[\/gsf_call_to_action][vc_text_separator title=\u00bbMayo\u00bb color=\u00bbblack\u00bb css=\u00bb.vc_custom_1644245596444{margin-top: 25px !important;margin-bottom: 25px !important;}\u00bb][gsf_call_to_action title=\u00bbDescargar\u00bb style=\u00bboutline\u00bb link=\u00bburl:https%3A%2F%2Fwww.manabi.gob.ec%2Fwp-content%2Fuploads%2F2022%2F02%2FResolucion-Administrativa_No.-PREM-RE-048-2021_GestionProyectosInstitucionales.pdf|||\u00bb]Resoluci\u00f3n Administrativa_No. PREM-RE-048-2021 Gesti\u00f3n Proyectos Institucionales[\/gsf_call_to_action][vc_text_separator title=\u00bbJulio\u00bb color=\u00bbblack\u00bb css=\u00bb.vc_custom_1644245691310{margin-top: 25px !important;margin-bottom: 25px !important;}\u00bb][gsf_call_to_action title=\u00bbDescargar\u00bb style=\u00bboutline\u00bb link=\u00bburl:https%3A%2F%2Fwww.manabi.gob.ec%2Fwp-content%2Fuploads%2F2022%2F02%2FResolucion-Administrativa_No.-PREM-RE-094-2021_Codigo-de-etica.pdf|||\u00bb]Resoluci\u00f3n Administrativa_No. PREM-RE-094-2021 C\u00f3digo de \u00e9tica[\/gsf_call_to_action][vc_text_separator title=\u00bbAgosto\u00bb color=\u00bbblack\u00bb css=\u00bb.vc_custom_1644245745973{margin-top: 25px !important;margin-bottom: 25px !important;}\u00bb][gsf_call_to_action title=\u00bbDescargar\u00bb style=\u00bboutline\u00bb link=\u00bburl:https%3A%2F%2Fwww.manabi.gob.ec%2Fwp-content%2Fuploads%2F2022%2F02%2FResolucion-Administrativa_No.-PREM-RE-100-2021_Sub_AtenCiudaComCol.pdf|||\u00bb]Resoluci\u00f3n Administrativa_No. PREM-RE-100-2021 Sub AtenCiudaComCol[\/gsf_call_to_action][vc_text_separator title=\u00bbSeptiembre\u00bb color=\u00bbblack\u00bb css=\u00bb.vc_custom_1644245823086{margin-top: 25px !important;margin-bottom: 25px !important;}\u00bb][gsf_call_to_action title=\u00bbDescargar\u00bb style=\u00bboutline\u00bb link=\u00bburl:https%3A%2F%2Fwww.manabi.gob.ec%2Fwp-content%2Fuploads%2F2022%2F02%2FResolucion_PREM-RE-116-2021_Expedir-el-Reglamento-Higiene-y-Seguridad-GPM.pdf|||\u00bb css=\u00bb.vc_custom_1644246123908{margin-bottom: 25px !important;}\u00bb]Resoluci\u00f3n_PREM-RE-116-2021_Expedir el Reglamento Higiene y Seguridad GPM[\/gsf_call_to_action][gsf_call_to_action title=\u00bbDescargar\u00bb style=\u00bboutline\u00bb link=\u00bburl:https%3A%2F%2Fwww.manabi.gob.ec%2Fwp-content%2Fuploads%2F2022%2F02%2FResolucion_PREM-RE-119A-2021_Ref_estatuto_Organico_Gestion-Organizacional_procesos-del-GPM.pdf|||\u00bb]Resoluci\u00f3n_PREM-RE-119A-2021 Ref estatuto Org\u00e1nico Gesti\u00f3n Organizacional procesos del GPM[\/gsf_call_to_action][\/vc_tta_section][\/vc_tta_accordion][\/vc_column][\/vc_row][vc_row css=\u00bb.vc_custom_1622148209970{background-color: #f4f4f4 !important;}\u00bb][vc_column][vc_empty_space height=\u00bb102px\u00bb][\/vc_column][\/vc_row]<\/p>\n","protected":false},"excerpt":{"rendered":"<p>[vc_row bg_overlay_mode=\u00bbcolor\u00bb css=\u00bb.vc_custom_1630102865600{background-color: #424242 !important;}\u00bb bg_overlay_color=\u00bb#191919&#8243;][vc_column width=\u00bb1\/4&#8243;][gsf_space desktop=\u00bb45&#8243; tablet=\u00bb70&#8243; tablet_portrait=\u00bb60&#8243; mobile_landscape=\u00bb50&#8243; mobile=\u00bb40&#8243;][vc_single_image image=\u00bb22607&#8243; alignment=\u00bbright\u00bb style=\u00bbvc_box_border\u00bb border_color=\u00bbwhite\u00bb css=\u00bb.vc_custom_1666802843345{border-top-width: 4px !important;border-right-width: 4px !important;border-bottom-width: 4px !important;border-left-width: 4px !important;}\u00bb][\/vc_column][vc_column width=\u00bb2\/4&#8243;][gsf_space desktop=\u00bb90&#8243; tablet=\u00bb70&#8243; tablet_portrait=\u00bb60&#8243; mobile_landscape=\u00bb50&#8243; mobile=\u00bb40&#8243;][gsf_page_title font_container=\u00bbfont_size:45|text_align:left|color:%23f7f7f7&#8243;][vc_column_text]\u00a0Pol\u00edticas y normativas[\/vc_column_text][\/vc_column][vc_column width=\u00bb1\/4&#8243;][\/vc_column][\/vc_row][vc_row css=\u00bb.vc_custom_1630103050682{background-color: #f4f4f4 !important;}\u00bb][vc_column][vc_empty_space height=\u00bb102px\u00bb][\/vc_column][\/vc_row][vc_row color_skin=\u00bbskin-light\u00bb equal_height=\u00bbyes\u00bb parallax=\u00bbcontent-moving\u00bb css=\u00bb.vc_custom_1622148044878{background-color: #f4f4f4 !important;background-position: center;background-repeat: no-repeat !important;background-size: cover !important;}\u00bb][vc_column color_skin=\u00bbskin-light\u00bb width=\u00bb1\/5&#8243; css=\u00bb.vc_custom_1629243021998{border-right-width: 2px !important;background-color: [&hellip;]<\/p>\n","protected":false},"author":1,"featured_media":0,"parent":0,"menu_order":0,"comment_status":"closed","ping_status":"closed","template":"","meta":{"_joinchat":[],"footnotes":""},"class_list":["post-18613","page","type-page","status-publish","hentry"],"yoast_head":"<!-- This site is optimized with the Yoast SEO plugin v27.4 - https:\/\/yoast.com\/product\/yoast-seo-wordpress\/ -->\n<title>Resoluciones Administrativas - Prefectura de Manab\u00ed<\/title>\n<meta name=\"robots\" content=\"index, follow, max-snippet:-1, max-image-preview:large, max-video-preview:-1\" \/>\n<link rel=\"canonical\" href=\"https:\/\/www.manabi.gob.ec\/index.php\/resoluciones-administrativas\/\" \/>\n<meta property=\"og:locale\" content=\"es_ES\" \/>\n<meta property=\"og:type\" content=\"article\" \/>\n<meta property=\"og:title\" content=\"Resoluciones Administrativas - Prefectura de Manab\u00ed\" \/>\n<meta property=\"og:description\" content=\"[vc_row bg_overlay_mode=\u00bbcolor\u00bb css=\u00bb.vc_custom_1630102865600{background-color: #424242 !important;}\u00bb bg_overlay_color=\u00bb#191919&#8243;][vc_column width=\u00bb1\/4&#8243;][gsf_space desktop=\u00bb45&#8243; tablet=\u00bb70&#8243; tablet_portrait=\u00bb60&#8243; mobile_landscape=\u00bb50&#8243; mobile=\u00bb40&#8243;][vc_single_image image=\u00bb22607&#8243; alignment=\u00bbright\u00bb style=\u00bbvc_box_border\u00bb border_color=\u00bbwhite\u00bb css=\u00bb.vc_custom_1666802843345{border-top-width: 4px !important;border-right-width: 4px !important;border-bottom-width: 4px !important;border-left-width: 4px !important;}\u00bb][\/vc_column][vc_column width=\u00bb2\/4&#8243;][gsf_space desktop=\u00bb90&#8243; tablet=\u00bb70&#8243; tablet_portrait=\u00bb60&#8243; mobile_landscape=\u00bb50&#8243; mobile=\u00bb40&#8243;][gsf_page_title font_container=\u00bbfont_size:45|text_align:left|color:%23f7f7f7&#8243;][vc_column_text]\u00a0Pol\u00edticas y normativas[\/vc_column_text][\/vc_column][vc_column width=\u00bb1\/4&#8243;][\/vc_column][\/vc_row][vc_row css=\u00bb.vc_custom_1630103050682{background-color: #f4f4f4 !important;}\u00bb][vc_column][vc_empty_space height=\u00bb102px\u00bb][\/vc_column][\/vc_row][vc_row color_skin=\u00bbskin-light\u00bb equal_height=\u00bbyes\u00bb parallax=\u00bbcontent-moving\u00bb css=\u00bb.vc_custom_1622148044878{background-color: #f4f4f4 !important;background-position: center;background-repeat: no-repeat !important;background-size: cover !important;}\u00bb][vc_column color_skin=\u00bbskin-light\u00bb width=\u00bb1\/5&#8243; css=\u00bb.vc_custom_1629243021998{border-right-width: 2px !important;background-color: [&hellip;]\" \/>\n<meta property=\"og:url\" content=\"https:\/\/www.manabi.gob.ec\/index.php\/resoluciones-administrativas\/\" \/>\n<meta property=\"og:site_name\" content=\"Prefectura de Manab\u00ed\" \/>\n<meta property=\"article:modified_time\" content=\"2026-04-29T15:56:36+00:00\" \/>\n<meta name=\"twitter:card\" content=\"summary_large_image\" \/>\n<meta name=\"twitter:label1\" content=\"Tiempo de lectura\" \/>\n\t<meta name=\"twitter:data1\" content=\"42 minutos\" \/>\n<script type=\"application\/ld+json\" class=\"yoast-schema-graph\">{\"@context\":\"https:\\\/\\\/schema.org\",\"@graph\":[{\"@type\":\"WebPage\",\"@id\":\"https:\\\/\\\/www.manabi.gob.ec\\\/index.php\\\/resoluciones-administrativas\\\/\",\"url\":\"https:\\\/\\\/www.manabi.gob.ec\\\/index.php\\\/resoluciones-administrativas\\\/\",\"name\":\"Resoluciones Administrativas - Prefectura de Manab\u00ed\",\"isPartOf\":{\"@id\":\"https:\\\/\\\/www.manabi.gob.ec\\\/#website\"},\"datePublished\":\"2021-10-15T14:30:34+00:00\",\"dateModified\":\"2026-04-29T15:56:36+00:00\",\"breadcrumb\":{\"@id\":\"https:\\\/\\\/www.manabi.gob.ec\\\/index.php\\\/resoluciones-administrativas\\\/#breadcrumb\"},\"inLanguage\":\"es\",\"potentialAction\":[{\"@type\":\"ReadAction\",\"target\":[\"https:\\\/\\\/www.manabi.gob.ec\\\/index.php\\\/resoluciones-administrativas\\\/\"]}]},{\"@type\":\"BreadcrumbList\",\"@id\":\"https:\\\/\\\/www.manabi.gob.ec\\\/index.php\\\/resoluciones-administrativas\\\/#breadcrumb\",\"itemListElement\":[{\"@type\":\"ListItem\",\"position\":1,\"name\":\"Portada\",\"item\":\"https:\\\/\\\/www.manabi.gob.ec\\\/\"},{\"@type\":\"ListItem\",\"position\":2,\"name\":\"Resoluciones Administrativas\"}]},{\"@type\":\"WebSite\",\"@id\":\"https:\\\/\\\/www.manabi.gob.ec\\\/#website\",\"url\":\"https:\\\/\\\/www.manabi.gob.ec\\\/\",\"name\":\"Prefectura de Manab\u00ed\",\"description\":\"P\u00e1gina web de la prefectura\",\"potentialAction\":[{\"@type\":\"SearchAction\",\"target\":{\"@type\":\"EntryPoint\",\"urlTemplate\":\"https:\\\/\\\/www.manabi.gob.ec\\\/?s={search_term_string}\"},\"query-input\":{\"@type\":\"PropertyValueSpecification\",\"valueRequired\":true,\"valueName\":\"search_term_string\"}}],\"inLanguage\":\"es\"}]}<\/script>\n<!-- \/ Yoast SEO plugin. -->","yoast_head_json":{"title":"Resoluciones Administrativas - Prefectura de Manab\u00ed","robots":{"index":"index","follow":"follow","max-snippet":"max-snippet:-1","max-image-preview":"max-image-preview:large","max-video-preview":"max-video-preview:-1"},"canonical":"https:\/\/www.manabi.gob.ec\/index.php\/resoluciones-administrativas\/","og_locale":"es_ES","og_type":"article","og_title":"Resoluciones Administrativas - Prefectura de Manab\u00ed","og_description":"[vc_row bg_overlay_mode=\u00bbcolor\u00bb css=\u00bb.vc_custom_1630102865600{background-color: #424242 !important;}\u00bb bg_overlay_color=\u00bb#191919&#8243;][vc_column width=\u00bb1\/4&#8243;][gsf_space desktop=\u00bb45&#8243; tablet=\u00bb70&#8243; tablet_portrait=\u00bb60&#8243; mobile_landscape=\u00bb50&#8243; mobile=\u00bb40&#8243;][vc_single_image image=\u00bb22607&#8243; alignment=\u00bbright\u00bb style=\u00bbvc_box_border\u00bb border_color=\u00bbwhite\u00bb css=\u00bb.vc_custom_1666802843345{border-top-width: 4px !important;border-right-width: 4px !important;border-bottom-width: 4px !important;border-left-width: 4px !important;}\u00bb][\/vc_column][vc_column width=\u00bb2\/4&#8243;][gsf_space desktop=\u00bb90&#8243; tablet=\u00bb70&#8243; tablet_portrait=\u00bb60&#8243; mobile_landscape=\u00bb50&#8243; mobile=\u00bb40&#8243;][gsf_page_title font_container=\u00bbfont_size:45|text_align:left|color:%23f7f7f7&#8243;][vc_column_text]\u00a0Pol\u00edticas y normativas[\/vc_column_text][\/vc_column][vc_column width=\u00bb1\/4&#8243;][\/vc_column][\/vc_row][vc_row css=\u00bb.vc_custom_1630103050682{background-color: #f4f4f4 !important;}\u00bb][vc_column][vc_empty_space height=\u00bb102px\u00bb][\/vc_column][\/vc_row][vc_row color_skin=\u00bbskin-light\u00bb equal_height=\u00bbyes\u00bb parallax=\u00bbcontent-moving\u00bb css=\u00bb.vc_custom_1622148044878{background-color: #f4f4f4 !important;background-position: center;background-repeat: no-repeat !important;background-size: cover !important;}\u00bb][vc_column color_skin=\u00bbskin-light\u00bb width=\u00bb1\/5&#8243; css=\u00bb.vc_custom_1629243021998{border-right-width: 2px !important;background-color: [&hellip;]","og_url":"https:\/\/www.manabi.gob.ec\/index.php\/resoluciones-administrativas\/","og_site_name":"Prefectura de Manab\u00ed","article_modified_time":"2026-04-29T15:56:36+00:00","twitter_card":"summary_large_image","twitter_misc":{"Tiempo de lectura":"42 minutos"},"schema":{"@context":"https:\/\/schema.org","@graph":[{"@type":"WebPage","@id":"https:\/\/www.manabi.gob.ec\/index.php\/resoluciones-administrativas\/","url":"https:\/\/www.manabi.gob.ec\/index.php\/resoluciones-administrativas\/","name":"Resoluciones Administrativas - Prefectura de Manab\u00ed","isPartOf":{"@id":"https:\/\/www.manabi.gob.ec\/#website"},"datePublished":"2021-10-15T14:30:34+00:00","dateModified":"2026-04-29T15:56:36+00:00","breadcrumb":{"@id":"https:\/\/www.manabi.gob.ec\/index.php\/resoluciones-administrativas\/#breadcrumb"},"inLanguage":"es","potentialAction":[{"@type":"ReadAction","target":["https:\/\/www.manabi.gob.ec\/index.php\/resoluciones-administrativas\/"]}]},{"@type":"BreadcrumbList","@id":"https:\/\/www.manabi.gob.ec\/index.php\/resoluciones-administrativas\/#breadcrumb","itemListElement":[{"@type":"ListItem","position":1,"name":"Portada","item":"https:\/\/www.manabi.gob.ec\/"},{"@type":"ListItem","position":2,"name":"Resoluciones Administrativas"}]},{"@type":"WebSite","@id":"https:\/\/www.manabi.gob.ec\/#website","url":"https:\/\/www.manabi.gob.ec\/","name":"Prefectura de Manab\u00ed","description":"P\u00e1gina web de la prefectura","potentialAction":[{"@type":"SearchAction","target":{"@type":"EntryPoint","urlTemplate":"https:\/\/www.manabi.gob.ec\/?s={search_term_string}"},"query-input":{"@type":"PropertyValueSpecification","valueRequired":true,"valueName":"search_term_string"}}],"inLanguage":"es"}]}},"_links":{"self":[{"href":"https:\/\/www.manabi.gob.ec\/index.php\/wp-json\/wp\/v2\/pages\/18613","targetHints":{"allow":["GET"]}}],"collection":[{"href":"https:\/\/www.manabi.gob.ec\/index.php\/wp-json\/wp\/v2\/pages"}],"about":[{"href":"https:\/\/www.manabi.gob.ec\/index.php\/wp-json\/wp\/v2\/types\/page"}],"author":[{"embeddable":true,"href":"https:\/\/www.manabi.gob.ec\/index.php\/wp-json\/wp\/v2\/users\/1"}],"replies":[{"embeddable":true,"href":"https:\/\/www.manabi.gob.ec\/index.php\/wp-json\/wp\/v2\/comments?post=18613"}],"version-history":[{"count":18,"href":"https:\/\/www.manabi.gob.ec\/index.php\/wp-json\/wp\/v2\/pages\/18613\/revisions"}],"predecessor-version":[{"id":34426,"href":"https:\/\/www.manabi.gob.ec\/index.php\/wp-json\/wp\/v2\/pages\/18613\/revisions\/34426"}],"wp:attachment":[{"href":"https:\/\/www.manabi.gob.ec\/index.php\/wp-json\/wp\/v2\/media?parent=18613"}],"curies":[{"name":"wp","href":"https:\/\/api.w.org\/{rel}","templated":true}]}}