{"id":18615,"date":"2021-10-15T14:38:29","date_gmt":"2021-10-15T14:38:29","guid":{"rendered":"https:\/\/www.manabi.gob.ec\/?page_id=18615"},"modified":"2026-03-06T15:12:28","modified_gmt":"2026-03-06T15:12:28","slug":"reglamentos-2","status":"publish","type":"page","link":"https:\/\/www.manabi.gob.ec\/index.php\/reglamentos-2\/","title":{"rendered":"Reglamentos"},"content":{"rendered":"<p>[vc_row bg_overlay_mode=\u00bbcolor\u00bb css=\u00bb.vc_custom_1630102865600{background-color: #424242 !important;}\u00bb bg_overlay_color=\u00bb#191919&#8243;][vc_column width=\u00bb1\/4&#8243;][gsf_space desktop=\u00bb45&#8243; tablet=\u00bb70&#8243; tablet_portrait=\u00bb60&#8243; mobile_landscape=\u00bb50&#8243; mobile=\u00bb40&#8243;][vc_single_image image=\u00bb22612&#8243; alignment=\u00bbright\u00bb style=\u00bbvc_box_border\u00bb border_color=\u00bbwhite\u00bb css=\u00bb.vc_custom_1666803124103{border-top-width: 4px !important;border-right-width: 4px !important;border-bottom-width: 4px !important;border-left-width: 4px !important;}\u00bb][\/vc_column][vc_column width=\u00bb2\/4&#8243;][gsf_space desktop=\u00bb90&#8243; tablet=\u00bb70&#8243; tablet_portrait=\u00bb60&#8243; mobile_landscape=\u00bb50&#8243; mobile=\u00bb40&#8243;][gsf_page_title font_container=\u00bbfont_size:45|text_align:left|color:%23f7f7f7&#8243;][vc_column_text el_class=\u00bb\u00bb]<span style=\"color: #ffffff;\">\u00a0<a style=\"color: #ffffff;\" href=\"https:\/\/www.manabi.gob.ec\/index.php\/instrumentos-normativos-y-politicas\/\">Pol\u00edticas y normativa<\/a>s<\/span>[\/vc_column_text][\/vc_column][vc_column width=\u00bb1\/4&#8243;][\/vc_column][\/vc_row][vc_row css=\u00bb.vc_custom_1630103050682{background-color: #f4f4f4 !important;}\u00bb][vc_column][vc_empty_space height=\u00bb102px\u00bb][\/vc_column][\/vc_row][vc_row color_skin=\u00bbskin-light\u00bb equal_height=\u00bbyes\u00bb parallax=\u00bbcontent-moving\u00bb css=\u00bb.vc_custom_1622148044878{background-color: #f4f4f4 !important;background-position: center;background-repeat: no-repeat !important;background-size: cover !important;}\u00bb][vc_column color_skin=\u00bbskin-light\u00bb width=\u00bb1\/5&#8243; css=\u00bb.vc_custom_1629243021998{border-right-width: 2px !important;background-color: #f4f4f4 !important;border-right-color: #cecece !important;border-right-style: solid !important;}\u00bb][gsf_button title=\u00bbVolver\u00bb style=\u00bb3d\u00bb shape=\u00bbsquare\u00bb size=\u00bbmd\u00bb align=\u00bbright\u00bb button_block=\u00bbon\u00bb icon_font=\u00bbfa fa-arrow-left\u00bb link=\u00bburl:https%3A%2F%2Fwww.manabi.gob.ec%2Findex.php%2Finstrumentos-normativos-y-politicas%2F|||\u00bb][gsf_space desktop=\u00bb20&#8243; tablet=\u00bb70&#8243; tablet_portrait=\u00bb60&#8243; mobile_landscape=\u00bb50&#8243; mobile=\u00bb40&#8243;][\/vc_column][vc_column width=\u00bb4\/5&#8243; css=\u00bb.vc_custom_1622148120192{background-position: center !important;background-repeat: no-repeat !important;background-size: cover !important;}\u00bb offset=\u00bbvc_col-xs-12&#8243;][vc_tta_accordion style=\u00bboutline\u00bb color=\u00bbmulled-wine\u00bb spacing=\u00bb10&#8243; autoplay=\u00bb10&#8243; active_section=\u00bb7&#8243; collapsible_all=\u00bbtrue\u00bb][vc_tta_section title=\u00bb2026&#8243; tab_id=\u00bb1649943389691-369ebb77-5772&#8243;][vc_text_separator title=\u00bbEnero\u00bb color=\u00bbblack\u00bb css=\u00bb.vc_custom_1770410158906{margin-top: 25px !important;margin-bottom: 25px !important;}\u00bb][gsf_call_to_action title=\u00bbDescargar\u00bb style=\u00bboutline\u00bb link=\u00bburl:https%3A%2F%2Fwww.manabi.gob.ec%2Fwp-content%2Fuploads%2F2026%2F02%2F3_Reglamento-GADPM-PREM-2026-001-REG-signed.pdf|||\u00bb css=\u00bb.vc_custom_1770411069545{margin-bottom: 20px !important;}\u00bb]<strong>Reglamento No.\u00a0 GADPM-PREM-2026-001-REG <\/strong>Expedir el reglamento a la Ordenanza para la Creaci\u00f3n y Funcionamiento de la Mesa de Planificaci\u00f3n Provincial y su Articulaci\u00f3n Multinivel (MPPAM)<\/p>\n<p style=\"font-weight: 400;\"><strong>Aprobado y firmado el<\/strong><strong> 05 de enero<\/strong><strong> 2026<\/strong><\/p>\n<p>[\/gsf_call_to_action][\/vc_tta_section][vc_tta_section title=\u00bb2025&#8243; tab_id=\u00bb1770410090151-db2432ce-8ef9&#8243;][vc_text_separator title=\u00bbFebrero\u00bb color=\u00bbblack\u00bb css=\u00bb.vc_custom_1709657715184{margin-top: 25px !important;margin-bottom: 25px !important;}\u00bb][gsf_call_to_action title=\u00bbDescargar\u00bb style=\u00bboutline\u00bb link=\u00bburl:https%3A%2F%2Fwww.manabi.gob.ec%2Fwp-content%2Fuploads%2F2025%2F03%2F1_Reg-Interno-CombyLub_VF-signed.pdf|||\u00bb css=\u00bb.vc_custom_1771964265007{margin-bottom: 20px !important;}\u00bb]Reglamento<strong> No.\u00a0 GADPM-PREM-2025-001-REG\u00a0<\/strong>Expedir el reglamento interno para el control del uso de veh\u00edculos, maquinarias, y equipos; abastecimiento y provisi\u00f3n de combustible, lubricantes, insumos y repuestos del Gobierno Aut\u00f3nomo Descentralizado Provincial de Manab\u00ed<\/p>\n<p style=\"font-weight: 400;\"><strong>Aprobado y firmado el<\/strong><strong> 13 de febrero<\/strong><strong> 2025<\/strong><\/p>\n<p>[\/gsf_call_to_action][gsf_call_to_action title=\u00bbDescargar\u00bb style=\u00bboutline\u00bb link=\u00bburl:https%3A%2F%2Fwww.manabi.gob.ec%2Fwp-content%2Fuploads%2F2025%2F09%2F1_GADPM-PRM-2025-002-REG_IMPLEMENTACION-TRANSV.-EL-ENFOQUE-DE-GENERO.pdf|||\u00bb css=\u00bb.vc_custom_1771964273204{margin-bottom: 20px !important;}\u00bb]Reglamento<strong> No.\u00a0 GADPM-PREM-2025-002-REG <\/strong>Expedir las disposiciones para dar cumplimiento a la implementaci\u00f3n de la norma t\u00e9cnica para la transversalizaci\u00f3n el enfoque de g\u00e9nero en el\u00a0Gobierno Aut\u00f3nomo Descentralizado Provincial de Manab\u00ed<\/p>\n<p style=\"font-weight: 400;\"><strong>Aprobado y firmado el<\/strong><strong> 17 de febrero<\/strong><strong> 2025<\/strong><\/p>\n<p>[\/gsf_call_to_action][vc_text_separator title=\u00bbAbril\u00bb color=\u00bbblack\u00bb css=\u00bb.vc_custom_1747684552606{margin-top: 25px !important;margin-bottom: 25px !important;}\u00bb][gsf_call_to_action title=\u00bbDescargar\u00bb style=\u00bboutline\u00bb link=\u00bburl:https%3A%2F%2Fwww.manabi.gob.ec%2Fwp-content%2Fuploads%2F2025%2F05%2F3_GADPM-PREM-2025-003-RegViviendaRural.pdf|||\u00bb css=\u00bb.vc_custom_1771964280779{margin-bottom: 20px !important;}\u00bb]Reglamento<strong> No.\u00a0 GADPM-PREM-2025-003-REG <\/strong>\u00a0Expedir el reglamento a la ordenanza <a name=\"_Hlk190245003\"><\/a>para promover el desarrollo de planes y programas de vivienda de inter\u00e9s social en el \u00e1rea rural en el marco de las competencias del Gobierno Aut\u00f3nomo Descentralizado provincial de Manab\u00ed<\/p>\n<p style=\"font-weight: 400;\"><strong>Aprobado y firmado el<\/strong><strong> 30 de abril<\/strong><strong> 2025<\/strong><\/p>\n<p>[\/gsf_call_to_action][vc_text_separator title=\u00bbMayo\u00bb color=\u00bbblack\u00bb css=\u00bb.vc_custom_1747256758359{margin-top: 25px !important;margin-bottom: 25px !important;}\u00bb][gsf_call_to_action title=\u00bbDescargar\u00bb style=\u00bboutline\u00bb link=\u00bburl:https%3A%2F%2Fwww.manabi.gob.ec%2Fwp-content%2Fuploads%2F2025%2F05%2F4_GADPM-PREM-2025-004-REG_Funcionamiento-Comite-Calidad.pdf|||\u00bb css=\u00bb.vc_custom_1771964286490{margin-bottom: 20px !important;}\u00bb]Reglamento<strong> No.\u00a0 GADPM-PREM-2025-004-REG <\/strong>Expedir las reformas al reglamento interno del funcionamiento del Comit\u00e9 de Gesti\u00f3n de la Calidad de Servicio y el Desarrollo Institucional y de los comit\u00e9s institucionales del Gobierno Aut\u00f3nomo Descentralizado Provincial de Manab\u00ed<\/p>\n<p style=\"font-weight: 400;\"><strong>Aprobado y firmado el<\/strong><strong> 09 de mayo<\/strong><strong> 2025<\/strong><\/p>\n<p>[\/gsf_call_to_action][vc_text_separator title=\u00bbJunio\u00bb color=\u00bbblack\u00bb css=\u00bb.vc_custom_1751922233302{margin-top: 25px !important;margin-bottom: 25px !important;}\u00bb][gsf_call_to_action title=\u00bbDescargar\u00bb style=\u00bboutline\u00bb link=\u00bburl:https%3A%2F%2Fwww.manabi.gob.ec%2Fwp-content%2Fuploads%2F2025%2F07%2F5_GADPM-PREM-2025-005-REG_Formac-Capac-GADPM.pdf|||\u00bb css=\u00bb.vc_custom_1771964292018{margin-bottom: 20px !important;}\u00bb]Reglamento<strong> No. GADPM-PREM-2025-005-REG <\/strong>Expedir el Reglamento Interno de Formaci\u00f3n y Capacitaci\u00f3n del Gobierno Aut\u00f3nomo Descentralizado Provincial de Manab\u00ed.<\/p>\n<p style=\"font-weight: 400;\"><strong>Aprobado y firmado el<\/strong><strong> 12 de junio<\/strong><strong> 2025<\/strong><\/p>\n<p>[\/gsf_call_to_action][vc_text_separator title=\u00bbJulio\u00bb color=\u00bbblack\u00bb css=\u00bb.vc_custom_1768838589894{margin-top: 25px !important;margin-bottom: 25px !important;}\u00bb][gsf_call_to_action title=\u00bbDescargar\u00bb style=\u00bboutline\u00bb link=\u00bburl:https%3A%2F%2Fwww.manabi.gob.ec%2Fwp-content%2Fuploads%2F2026%2F02%2F6_GADPM-PREM-2025-006-REG_Ord-SPACUSM.pdf|||\u00bb css=\u00bb.vc_custom_1771609477907{margin-bottom: 20px !important;}\u00bb]Reglamento<strong> No. GADPM-PREM-2025-006-REG <\/strong>Expedir el reglamento para la aplicaci\u00f3n de la Ordenanza que establece el Sistema Provincial de \u00c1reas de Conservaci\u00f3n y Uso Sostenible de Manab\u00ed, SPACUSM.<\/p>\n<p style=\"font-weight: 400;\"><strong>Aprobado y firmado el<\/strong><strong> 31 de julio<\/strong><strong> 2025<\/strong><\/p>\n<p>[\/gsf_call_to_action][vc_text_separator title=\u00bbAgosto\u00bb color=\u00bbblack\u00bb css=\u00bb.vc_custom_1768840344488{margin-top: 25px !important;margin-bottom: 25px !important;}\u00bb][gsf_call_to_action title=\u00bbDescargar\u00bb style=\u00bboutline\u00bb link=\u00bburl:https%3A%2F%2Fwww.manabi.gob.ec%2Fwp-content%2Fuploads%2F2026%2F01%2FREGLAMENTO-007-_01162026094251.pdf|||\u00bb css=\u00bb.vc_custom_1768841345994{margin-bottom: 20px !important;}\u00bb]Reglamento<strong> No. GADPM-PREM-2025-007-REG <\/strong>Expedir el Reglamento a la Ordenanza para la Implementaci\u00f3n del Sistema de Participaci\u00f3n Ciudadana, Transparencia y Acceso a la Informaci\u00f3n P\u00fablica en la Provincia de Manab\u00ed para el ejercicio de los Derechos.<\/p>\n<p style=\"font-weight: 400;\"><strong>Aprobado y firmado el<\/strong><strong> 31 de agosto<\/strong><strong>\u00a02025<\/strong><\/p>\n<p>[\/gsf_call_to_action][\/vc_tta_section][vc_tta_section title=\u00bb2024&#8243; tab_id=\u00bb1739972697939-44f99219-b44d\u00bb][vc_text_separator title=\u00bbFebrero\u00bb color=\u00bbblack\u00bb css=\u00bb.vc_custom_1709657715184{margin-top: 25px !important;margin-bottom: 25px !important;}\u00bb][gsf_call_to_action title=\u00bbDescargar\u00bb style=\u00bboutline\u00bb link=\u00bburl:https%3A%2F%2Fwww.manabi.gob.ec%2Fwp-content%2Fuploads%2F2024%2F03%2FGPM-PREM-2024-001-REG_Reglamento-Comite-de-Calidad.pdf|||\u00bb css=\u00bb.vc_custom_1771964120376{margin-bottom: 20px !important;}\u00bb]Reglamento<strong> No.\u00a0 GPM-PREM-2024-001-REG<\/strong> Expedir el reglamento interno de funcionamiento del comit\u00e9 de gesti\u00f3n de la calidad de servicio y el desarrollo Institucional y de los comit\u00e9s institucionales del Gobierno Provincial de Manab\u00ed<\/p>\n<p style=\"font-weight: 400;\"><strong>Aprobado y firmado el<\/strong><strong> 14 de febrero<\/strong><strong> 2024<\/strong><\/p>\n<p>[\/gsf_call_to_action][vc_text_separator title=\u00bbAbril\u00bb color=\u00bbblack\u00bb css=\u00bb.vc_custom_1715615667604{margin-top: 25px !important;margin-bottom: 25px !important;}\u00bb][gsf_call_to_action title=\u00bbDescargar\u00bb style=\u00bboutline\u00bb link=\u00bburl:https%3A%2F%2Fwww.manabi.gob.ec%2Fwp-content%2Fuploads%2F2024%2F05%2FReglamento-de-Higiene-y-Seguridad.pdf|||\u00bb css=\u00bb.vc_custom_1715615852483{margin-bottom: 20px !important;}\u00bb]Reglamento de Higiene y Seguridad del Gobierno Provincial de Manab\u00ed[\/gsf_call_to_action][gsf_call_to_action title=\u00bbDescargar\u00bb style=\u00bboutline\u00bb link=\u00bburl:https%3A%2F%2Fwww.manabi.gob.ec%2Fwp-content%2Fuploads%2F2024%2F05%2FRESOLUCION-DE-APROBACION-MDT-RHS2024320640-Reglamento-Higiene-y-Seguridad.pdf|||\u00bb css=\u00bb.vc_custom_1715616022710{margin-bottom: 20px !important;}\u00bb]RESOLUCI\u00d3N DE APROBACI\u00d3N MDT-RHS2024320640<\/p>\n<p>[\/gsf_call_to_action][vc_text_separator title=\u00bbJunio\u00bb color=\u00bbblack\u00bb css=\u00bb.vc_custom_1718719156161{margin-top: 25px !important;margin-bottom: 25px !important;}\u00bb][gsf_call_to_action title=\u00bbDescargar\u00bb style=\u00bboutline\u00bb link=\u00bburl:https%3A%2F%2Fwww.manabi.gob.ec%2Fwp-content%2Fuploads%2F2024%2F06%2FReg-No.-GADPM.PREM-2024-002-REG_Reg-ConfyFunc_Consejo-Consultivo-Adolescentrs-y-Jovenes.pdf|||\u00bb css=\u00bb.vc_custom_1771964138415{margin-bottom: 20px !important;}\u00bb]Reglamento <strong>N\u00b0 GADPM-PREM-2024-002-REG<\/strong> Expedir el Reglamento de conformaci\u00f3n y funcionamiento del Consejo Consultivo de Adolescentes y J\u00f3venes del Gobierno Aut\u00f3nomo Descentralizado Provincial de Manab\u00ed[\/gsf_call_to_action][vc_text_separator title=\u00bbDiciembre\u00bb color=\u00bbblack\u00bb css=\u00bb.vc_custom_1751903292630{margin-top: 25px !important;margin-bottom: 25px !important;}\u00bb][gsf_call_to_action title=\u00bbDescargar\u00bb style=\u00bboutline\u00bb link=\u00bburl:https%3A%2F%2Fwww.manabi.gob.ec%2Fwp-content%2Fuploads%2F2025%2F07%2F4_Reg-No.-GADPM-PREM-2024-003-REG-OrdRiego.pdf|||\u00bb css=\u00bb.vc_custom_1771964172558{margin-bottom: 20px !important;}\u00bb]Reglamento <strong>No. GADPM-PREM-2024-003-REG<\/strong> para la aplicaci\u00f3n de la ordenanza que regula la administraci\u00f3n, instalaci\u00f3n, operaci\u00f3n y mantenimiento de los sistemas de riego cuya competencia le corresponde al Gobierno Aut\u00f3nomo Descentralizado Provincial de Manab\u00ed y el establecimiento de la estructura tarifaria para los usuarios.[\/gsf_call_to_action][gsf_call_to_action title=\u00bbDescargar\u00bb style=\u00bboutline\u00bb link=\u00bburl:https%3A%2F%2Fwww.manabi.gob.ec%2Fwp-content%2Fuploads%2F2025%2F10%2FReglamento-GADPM-PREM-2024-004-REG.pdf|||\u00bb css=\u00bb.vc_custom_1771964192343{margin-bottom: 20px !important;}\u00bb]Reglamento <strong>No. GADPM-PREM-2024-004-REG<\/strong> Expedir la reforma al reglamento interno de funcionamiento del Comit\u00e9 de Gesti\u00f3n de la calidad de Servicio y Desarrollo Institucional y de los Comit\u00e9s Institucionales de Gobierno Provincial de Manab\u00ed.[\/gsf_call_to_action][\/vc_tta_section][vc_tta_section title=\u00bb2023&#8243; tab_id=\u00bb1709657661350-33162e4c-b7d1&#8243;][vc_text_separator title=\u00bbMarzo\u00bb color=\u00bbblack\u00bb css=\u00bb.vc_custom_1679929420381{margin-top: 25px !important;margin-bottom: 25px !important;}\u00bb][gsf_call_to_action title=\u00bbDescargar\u00bb style=\u00bboutline\u00bb link=\u00bburl:https%3A%2F%2Fwww.manabi.gob.ec%2Fwp-content%2Fuploads%2F2023%2F03%2F1_Reglmento_Eval_Desempeno_Aprob_Final.pdf|||\u00bb css=\u00bb.vc_custom_1771963994414{margin-bottom: 20px !important;}\u00bb]Reglamento<strong> No.\u00a0 GPM-PREM-REG-001-2023 <\/strong>Reglamento para establecer el proceso de evaluaci\u00f3n de desempe\u00f1o de las y los servidores p\u00fablicos del Gobierno Aut\u00f3nomo Descentralizado Provincial de Manab\u00ed, sujetos a la Ley Org\u00e1nica del Servidor P\u00fablico LOSEP<\/p>\n<p style=\"font-weight: 400;\"><strong>Aprobado y firmado el<\/strong><strong>\u00a003 de marzo<\/strong><strong>\u00a02023<\/strong><\/p>\n<p>[\/gsf_call_to_action][gsf_call_to_action title=\u00bbDescargar\u00bb style=\u00bboutline\u00bb link=\u00bburl:https%3A%2F%2Fwww.manabi.gob.ec%2Fwp-content%2Fuploads%2F2023%2F04%2F2_Reglamento-de-caja-chica_Aprob-Final.pdf|||\u00bb css=\u00bb.vc_custom_1771964010454{margin-bottom: 20px !important;}\u00bb]Reglamento<strong> No.\u00a0 GPM-PREM-REG-002-2023 <\/strong>Reglamento para el manejo de fondo de caja chica en el\u00a0 Gobierno Aut\u00f3nomo Descentralizado Provincial de Manab\u00ed<strong>. (DEROGADO)<br \/>\n<\/strong><\/p>\n<p style=\"font-weight: 400;\"><strong>Aprobado y firmado el<\/strong><strong> 24 de marzo<\/strong><strong>\u00a02023<\/strong><\/p>\n<p>[\/gsf_call_to_action][vc_text_separator title=\u00bbMayo\u00bb color=\u00bbblack\u00bb css=\u00bb.vc_custom_1686338036967{margin-top: 25px !important;margin-bottom: 25px !important;}\u00bb][gsf_call_to_action title=\u00bbDescargar\u00bb style=\u00bboutline\u00bb link=\u00bburl:https%3A%2F%2Fwww.manabi.gob.ec%2Fwp-content%2Fuploads%2F2023%2F06%2F3_Reg_GPM-PREM-003-2023-REG_Reglamento-interno-uso-y-control-de-uniformes_VF2.pdf|||\u00bb css=\u00bb.vc_custom_1771964019768{margin-bottom: 20px !important;}\u00bb]Reglamento<strong> No.\u00a0 GPM-PREM-REG-003-2023_<\/strong>Expedir el Reglamento interno para el uso y control de uniformes y ropa de trabajo para los servidores p\u00fablicos amparados por la Ley Org\u00e1nica de Servicio P\u00fablico y el C\u00f3digo de Trabajo del Gobierno Provincial de Manab\u00ed.<\/p>\n<p style=\"font-weight: 400;\"><strong>Aprobado y firmado el<\/strong><strong> 31 de mayo<\/strong><strong>\u00a02023<\/strong><\/p>\n<p>[\/gsf_call_to_action][vc_text_separator title=\u00bbJunio\u00bb color=\u00bbblack\u00bb css=\u00bb.vc_custom_1689696316851{margin-top: 25px !important;margin-bottom: 25px !important;}\u00bb][gsf_call_to_action title=\u00bbDescargar\u00bb style=\u00bboutline\u00bb link=\u00bburl:https%3A%2F%2Fwww.manabi.gob.ec%2Fwp-content%2Fuploads%2F2023%2F08%2F4_Reg_GPM-PREM-REG-004-2023-Funciones-y-Responsabilidades-de-la-comision-de-etica-GPM.pdf|||\u00bb css=\u00bb.vc_custom_1771964030878{margin-bottom: 20px !important;}\u00bb]Reglamento<strong> No. GPM-PREM-REG-004-2023<\/strong> de funcionamiento de la Comisi\u00f3n de \u00c9tica del Gobierno Provincial de Manab\u00ed.<\/p>\n<p style=\"font-weight: 400;\"><strong>Aprobado y firmado el<\/strong><strong> 30 de junio<\/strong><strong> 2023<\/strong><\/p>\n<p>[\/gsf_call_to_action][vc_text_separator title=\u00bbAgosto\u00bb color=\u00bbblack\u00bb css=\u00bb.vc_custom_1694120703292{margin-top: 25px !important;margin-bottom: 25px !important;}\u00bb][gsf_call_to_action title=\u00bbDescargar\u00bb style=\u00bboutline\u00bb link=\u00bburl:https%3A%2F%2Fwww.manabi.gob.ec%2Fwp-content%2Fuploads%2F2023%2F09%2F5_Reg_GPM-PREM-2023-005-REG_Reglamento-Sust_Reglamento-caja-chica_VF.pdf|||\u00bb css=\u00bb.vc_custom_1771964039784{margin-bottom: 20px !important;}\u00bb]Reglamento <strong>No.\u00a0GPM-PREM-2023-005-REG<\/strong> Expedir el Reglamento Sustitutivo al Reglamento para el manejo de fondo de caja chica del Gobierno Provincial de Manab\u00ed.<\/p>\n<p style=\"font-weight: 400;\"><strong>Aprobado y firmado el<\/strong><strong> 22 de agosto<\/strong><strong> 2023<\/strong><\/p>\n<p>[\/gsf_call_to_action][gsf_call_to_action title=\u00bbDescargar\u00bb style=\u00bboutline\u00bb link=\u00bburl:https%3A%2F%2Fwww.manabi.gob.ec%2Fwp-content%2Fuploads%2F2023%2F09%2F6_Reg_GPM-PREM-2023-006-REG_Reg-Sustitutivo-RegOrd_SIL_VF.pdf|||\u00bb css=\u00bb.vc_custom_1771964049351{margin-bottom: 20px !important;}\u00bb]<\/p>\n<div>\n<div>\n<div>\n<div>\n<div>Reglamento <strong>No.\u00a0GPM-PREM-2023-006-REG<\/strong> Expedir el Reglamento Sustitutivo al Reglamento a la Ordenanza para la Implementaci\u00f3n del Sistema de Informaci\u00f3n Local del Gobierno Provincial de Manab\u00ed.<\/div>\n<\/div>\n<\/div>\n<\/div>\n<\/div>\n<p>&nbsp;<\/p>\n<p style=\"font-weight: 400;\"><strong>Aprobado y firmado el<\/strong><strong> 31 de agosto<\/strong><strong> 2023<\/strong><\/p>\n<p>[\/gsf_call_to_action][gsf_call_to_action title=\u00bbDescargar\u00bb style=\u00bboutline\u00bb link=\u00bburl:https%3A%2F%2Fwww.manabi.gob.ec%2Fwp-content%2Fuploads%2F2023%2F09%2F7_Reg_GPM-PREM-2023-007-REG_Reglamento-Comite-de-Gestion-de-Calidad_VF.pdf|||\u00bb css=\u00bb.vc_custom_1771964058159{margin-bottom: 20px !important;}\u00bb]Reglamento <strong>No. GPM-PREM-2023-007-REG<\/strong> Reglamento interno de funcionamiento del Comit\u00e9 de Gesti\u00f3n de la Calidad de Servicio y el Desarrollo Institucional del Gobierno Provincial de Manab\u00ed.<\/p>\n<p style=\"font-weight: 400;\"><strong>Aprobado y firmado el<\/strong><strong> 31 de agosto<\/strong><strong> 2023<\/strong><\/p>\n<p>[\/gsf_call_to_action][\/vc_tta_section][vc_tta_section title=\u00bb2022&#8243; tab_id=\u00bb1679929363118-3531cc41-b598&#8243;][vc_text_separator title=\u00bbEnero\u00bb color=\u00bbblack\u00bb css=\u00bb.vc_custom_1666620519651{margin-top: 25px !important;margin-bottom: 25px !important;}\u00bb][gsf_call_to_action title=\u00bbDescargar\u00bb style=\u00bboutline\u00bb link=\u00bburl:https%3A%2F%2Fwww.manabi.gob.ec%2Fwp-content%2Fuploads%2F2022%2F10%2F0_Reglamento-No.-GPM-PREM-REG-001-2022_RefReg_FuncComiteGestionCalidad.pdf|||\u00bb css=\u00bb.vc_custom_1771963822437{margin-bottom: 20px !important;}\u00bb]Reglamento<strong> No.\u00a0 GPM-PREM-REG-001-2022 <\/strong>Expedir las reformas al reglamento de funcionamiento del Comit\u00e9 de Gesti\u00f3n de la Calidad de servicio y el desarrollo institucional del Gobierno Provincial de Manab\u00ed[\/gsf_call_to_action][vc_text_separator title=\u00bbFebrero\u00bb color=\u00bbblack\u00bb css=\u00bb.vc_custom_1630103503725{margin-top: 25px !important;margin-bottom: 25px !important;}\u00bb][gsf_call_to_action title=\u00bbDescargar\u00bb style=\u00bboutline\u00bb link=\u00bburl:https%3A%2F%2Fwww.manabi.gob.ec%2Fwp-content%2Fuploads%2F2022%2F04%2FReglamento-Ordenanza-violencia-genero_VFINAL.pdf|||\u00bb css=\u00bb.vc_custom_1771963836053{margin-bottom: 20px !important;}\u00bb]Reglamento<strong> No.\u00a0 GPM-PREM-REG-002-2022 <\/strong>Expedir el Reglamento general de la Ordenanza para la prevenci\u00f3n y erradicaci\u00f3n de la violencia contra la mujer, para alcanzar la igualdad, inclusi\u00f3n, garant\u00eda plena de derechos y construir una cultura de paz en la Provincia de Manab\u00ed[\/gsf_call_to_action][vc_text_separator title=\u00bbAbril\u00bb color=\u00bbblack\u00bb css=\u00bb.vc_custom_1652722791088{margin-top: 25px !important;margin-bottom: 25px !important;}\u00bb][gsf_call_to_action title=\u00bbDescargar\u00bb style=\u00bboutline\u00bb link=\u00bburl:https%3A%2F%2Fwww.manabi.gob.ec%2Fwp-content%2Fuploads%2F2022%2F05%2F1_Reglamento-pago-de-las-obligaciones_MCEP_VF-Firmado.pdf|||\u00bb css=\u00bb.vc_custom_1771963850101{margin-bottom: 20px !important;}\u00bb]Reglamento<strong> No.\u00a0 GPM-PRE-004-2022-REG <\/strong>Expedir el Reglamento para el pago de las cuentas por pagar que la liquidada Empresa P\u00fablica de Construcci\u00f3n, Manab\u00ed Construye EP, transfiri\u00f3 al Gobierno Aut\u00f3nomo Descentralizado Provincial de Manab\u00ed[\/gsf_call_to_action][vc_text_separator title=\u00bbJunio\u00bb color=\u00bbblack\u00bb css=\u00bb.vc_custom_1657742935286{margin-top: 25px !important;margin-bottom: 25px !important;}\u00bb][gsf_call_to_action title=\u00bbDescargar\u00bb style=\u00bboutline\u00bb link=\u00bburl:https%3A%2F%2Fwww.manabi.gob.ec%2Fwp-content%2Fuploads%2F2022%2F07%2F7_Reglamento-No.-GPM-PREM-REG-005-2022_RegOrdenanza_PDOT-2030.pdf|||\u00bb css=\u00bb.vc_custom_1771963864094{margin-bottom: 20px !important;}\u00bb]Reglamento<strong> No.\u00a0 GPM-PREM-005-2022-REG <\/strong>Expedir el Reglamento para la aplicaci\u00f3n de la Ordenanza que contiene la aprobaci\u00f3n de la actualizaci\u00f3n del Plan de Desarrollo y Ordenamiento Territorial del Gobierno Provincial de Manab\u00ed con su visi\u00f3n prospectiva al 2030[\/gsf_call_to_action][gsf_call_to_action title=\u00bbDescargar\u00bb style=\u00bboutline\u00bb link=\u00bburl:https%3A%2F%2Fwww.manabi.gob.ec%2Fwp-content%2Fuploads%2F2022%2F07%2F8_Reglamento-No.-GPM-PREM-006-2022-REG_RefCapV_RegOrdePrevyErradVio.pdf|||\u00bb css=\u00bb.vc_custom_1771963879277{margin-bottom: 20px !important;}\u00bb]Reglamento<strong> No.\u00a0 GPM-PREM-006-2022-REG <\/strong>Reforma el Cap\u00edtulo V del Reglamento general de la Ordenanza para la prevenci\u00f3n y erradicaci\u00f3n de la violencia contra la mujer, para alcanzar la igualdad, inclusi\u00f3n, garant\u00eda plena de derechos y construir una cultura de paz en la provincia de Manab\u00ed, No. GPM-PREM-002-2022[\/gsf_call_to_action][vc_text_separator title=\u00bbJulio\u00bb color=\u00bbblack\u00bb css=\u00bb.vc_custom_1672322762979{margin-top: 25px !important;margin-bottom: 25px !important;}\u00bb][gsf_call_to_action title=\u00bbDescargar\u00bb style=\u00bboutline\u00bb link=\u00bburl:https%3A%2F%2Fwww.manabi.gob.ec%2Fwp-content%2Fuploads%2F2022%2F12%2F7_Reglamento-No.-MIP-GPM-001-2022-REG_FuncMesaInterinstitucional_EVCM.pdf|||\u00bb css=\u00bb.vc_custom_1771963892445{margin-bottom: 20px !important;}\u00bb]Reglamento<strong> No.\u00a0 MIP-GPM-001-2022-REG<\/strong> Expedir el Reglamento de funcionamiento de la Mesa Interinstitucional Provincial para prevenir y erradicar la violencia contra la mujer[\/gsf_call_to_action][vc_text_separator title=\u00bbSeptiembre\u00bb color=\u00bbblack\u00bb css=\u00bb.vc_custom_1664480485332{margin-top: 25px !important;margin-bottom: 25px !important;}\u00bb][gsf_call_to_action title=\u00bbDescargar\u00bb style=\u00bboutline\u00bb link=\u00bburl:https%3A%2F%2Fwww.manabi.gob.ec%2Fwp-content%2Fuploads%2F2022%2F09%2F5_Reglamento-No.-GPM-PREM-007-2022-REG_RegOrdenanza_SIL.pdf|||\u00bb css=\u00bb.vc_custom_1771963908920{margin-bottom: 20px !important;}\u00bb]Reglamento <strong>No.\u00a0 GPM-PREM-007-2022-REG<\/strong> Reglamento a la Ordenanza para la Implementaci\u00f3n del Sistema de Informaci\u00f3n Local del Gobierno Aut\u00f3nomo Descentralizado Provincial de Manab\u00ed (DEROGADO)[\/gsf_call_to_action][gsf_call_to_action title=\u00bbDescargar\u00bb style=\u00bboutline\u00bb link=\u00bburl:https%3A%2F%2Fwww.manabi.gob.ec%2Fwp-content%2Fuploads%2F2022%2F09%2F6_Reglamento-No.-GPM-PREM-2022-008-REG_Bienes-institucionales.pdf|||\u00bb css=\u00bb.vc_custom_1771963921398{margin-bottom: 20px !important;}\u00bb]Reglamento <strong>No.\u00a0 GPM-PREM-008-2022-REG<\/strong> Reglamento Interno para la Recepci\u00f3n, Registro, Identificaci\u00f3n, Almacenamiento, Distribuci\u00f3n, Custodia, Uso, Control, Egreso o Baja de los Bienes e Inventarios Institucionales del Gobierno Provincial De Manab\u00ed[\/gsf_call_to_action][vc_text_separator title=\u00bbNoviembre\u00bb color=\u00bbblack\u00bb css=\u00bb.vc_custom_1699892810580{margin-top: 25px !important;margin-bottom: 25px !important;}\u00bb][gsf_call_to_action title=\u00bbDescargar\u00bb style=\u00bboutline\u00bb link=\u00bburl:https%3A%2F%2Fwww.manabi.gob.ec%2Fwp-content%2Fuploads%2F2023%2F11%2FReglamento-CCU-001-2022-REG.pdf|||\u00bb css=\u00bb.vc_custom_1771963935750{margin-bottom: 20px !important;}\u00bb]Reglamento Interno <strong>N\u00b0 CCU-001-2022-REG<\/strong> para el funcionamiento del Consejo Consultivo para promover el Plan de Desarrollo Provincial con su visi\u00f3n prospectiva al 2030 con el apoyo de las Universidades de la Provincia de Manab\u00ed.<\/p>\n<p>Aprobado y firmado el 09 de noviembre 2022[\/gsf_call_to_action][gsf_call_to_action title=\u00bbDescargar\u00bb style=\u00bboutline\u00bb link=\u00bburl:https%3A%2F%2Fwww.manabi.gob.ec%2Fwp-content%2Fuploads%2F2023%2F11%2FAcuerdo_GPM-PREM-2021-001-ACU.pdf|||\u00bb css=\u00bb.vc_custom_1699904388911{margin-bottom: 20px !important;}\u00bb]Acuerdo Interinstitucional N\u00b0 GPM-PREM-2021-001-ACU para el funcionamiento del Consejo Consultivo.<\/p>\n<p>[\/gsf_call_to_action][vc_text_separator title=\u00bbDiciembre\u00bb color=\u00bbblack\u00bb css=\u00bb.vc_custom_1685390191796{margin-top: 25px !important;margin-bottom: 25px !important;}\u00bb][gsf_call_to_action title=\u00bbDescargar\u00bb style=\u00bboutline\u00bb link=\u00bburl:https%3A%2F%2Fwww.manabi.gob.ec%2Fwp-content%2Fuploads%2F2023%2F05%2F9_Reglamento-No.-GPM-PREM-2022-009-REG_Ordenanza-regula-la-transfrecpub_VF3.pdf|||\u00bb css=\u00bb.vc_custom_1771963956350{margin-bottom: 20px !important;}\u00bb]Reglamento <strong>No.\u00a0 GPM-PREM-009-2022-REG<\/strong> Reglamento a la Ordenanza que autoriza y regula la transferencia directa, donaciones o asignaciones no reembolsables de recursos p\u00fablicos, en los programas, proyectos y acciones que ejecuta el Gobierno Provincial de Manab\u00ed[\/gsf_call_to_action][\/vc_tta_section][vc_tta_section title=\u00bb2021&#8243; tab_id=\u00bb1643207877047-80e71582-60d9&#8243;][vc_text_separator title=\u00bbFebrero\u00bb color=\u00bbblack\u00bb css=\u00bb.vc_custom_1630103503725{margin-top: 25px !important;margin-bottom: 25px !important;}\u00bb][gsf_call_to_action title=\u00bbDescargar\u00bb style=\u00bboutline\u00bb link=\u00bburl:https%3A%2F%2Fwww.manabi.gob.ec%2Fwp-content%2Fuploads%2F2022%2F02%2FReglamento-PREM-RE-014-2021_RegulaLiteral_K_Art.-50_COOTAD.pdf|||\u00bb css=\u00bb.vc_custom_1771963746245{margin-bottom: 20px !important;}\u00bb]<\/p>\n<p style=\"text-align: left;\">Reglamento <strong>PREM-RE-014-2021 <\/strong>Expedir el Reglamento para la aplicaci\u00f3n de la Ordenanza que regula la disposici\u00f3n contenida en el literal k del art\u00edculo 50 del C\u00f3digo Org\u00e1nico de Organizaci\u00f3n Territorial Autonom\u00eda y Descentralizaci\u00f3n COOTAD<\/p>\n<p>[\/gsf_call_to_action][vc_text_separator title=\u00bbAbril\u00bb color=\u00bbblack\u00bb css=\u00bb.vc_custom_1644252023876{margin-top: 25px !important;margin-bottom: 25px !important;}\u00bb][gsf_call_to_action title=\u00bbDescargar\u00bb style=\u00bboutline\u00bb link=\u00bburl:https%3A%2F%2Fwww.manabi.gob.ec%2Fwp-content%2Fuploads%2F2022%2F02%2FReglamento-PREM-RE-036-2021_RefRegAplicOrdRegLit_k_Art.-50-COOTAD_CTF.pdf|||\u00bb]Reglamento <strong>PREM-RE-036-2021 <\/strong>Expedir las reformas al Reglamento para la aplicaci\u00f3n de la Ordenanza que regula la disposici\u00f3n contenida en el literal k del art\u00edculo 50 del C\u00f3digo Org\u00e1nico de Organizaci\u00f3n Territorial Autonom\u00eda y Descentralizaci\u00f3n COOTAD[\/gsf_call_to_action][vc_text_separator title=\u00bbMayo\u00bb color=\u00bbblack\u00bb css=\u00bb.vc_custom_1644252217376{margin-top: 25px !important;margin-bottom: 25px !important;}\u00bb][gsf_call_to_action title=\u00bbDescargar\u00bb style=\u00bboutline\u00bb link=\u00bburl:https%3A%2F%2Fwww.manabi.gob.ec%2Fwp-content%2Fuploads%2F2022%2F02%2FReglamento-PREM-RG-001-2021_VeedPermanenteControlPermisoForestal.pdf|||\u00bb]Reglamento <strong>PREM-RG-001-2021<\/strong> Reglamento a la Ordenanza que articula la veedur\u00eda permanente de control y de permisos de aprovechamiento forestal en la Provincia de Manab\u00ed y declaratoria de la pol\u00edtica provincial de repoblamiento forestal para conservaci\u00f3n de los ecosistemas[\/gsf_call_to_action][vc_text_separator title=\u00bbJulio\u00bb color=\u00bbblack\u00bb css=\u00bb.vc_custom_1644252380770{margin-top: 25px !important;margin-bottom: 25px !important;}\u00bb][gsf_call_to_action title=\u00bbDescargar\u00bb style=\u00bboutline\u00bb link=\u00bburl:https%3A%2F%2Fwww.manabi.gob.ec%2Fwp-content%2Fuploads%2F2022%2F02%2FReglamento-PREM-RG-002-2021_Func_Comite_Gestion_Calidad.pdf|||\u00bb]Reglamento <strong>PREM-RG-002-2021<\/strong> Expedir el Reglamento de funcionamiento del Comit\u00e9 de Gesti\u00f3n de la Calidad de Servicio y Desarrollo Institucional del Gobierno Provincial de Manab\u00ed (DEROGADO)[\/gsf_call_to_action][vc_text_separator title=\u00bbSeptiembre\u00bb color=\u00bbblack\u00bb css=\u00bb.vc_custom_1630103592314{margin-top: 25px !important;margin-bottom: 25px !important;}\u00bb][gsf_call_to_action title=\u00bbDescargar\u00bb style=\u00bboutline\u00bb link=\u00bburl:https%3A%2F%2Fwww.manabi.gob.ec%2Fwp-content%2Fuploads%2F2022%2F02%2FReglamento-de-Higiene-y-Seguridad-del-GPM_Aprobado.pdf|||\u00bb]Reglamento de Higiene y Seguridad del Gobierno Provincial de Manab\u00ed (DEROGADO)[\/gsf_call_to_action][gsf_call_to_action title=\u00bbDescargar\u00bb style=\u00bboutline\u00bb link=\u00bburl:https%3A%2F%2Fwww.manabi.gob.ec%2Fwp-content%2Fuploads%2F2024%2F05%2FResolucion-de-aprobacion_MDT-RHS2021165139_Reglamento-de-Higiene.pdf|||\u00bb]RESOLUCI\u00d3N DE APROBACI\u00d3N MDT-RHS2021165139<\/p>\n<p>[\/gsf_call_to_action][\/vc_tta_section][vc_tta_section title=\u00bb2020&#8243; tab_id=\u00bb1629242242178-7301a8f4-065e\u00bb][vc_text_separator title=\u00bbMarzo\u00bb color=\u00bbblack\u00bb css=\u00bb.vc_custom_1630103540203{margin-top: 25px !important;margin-bottom: 25px !important;}\u00bb][gsf_call_to_action title=\u00bbDescargar\u00bb style=\u00bboutline\u00bb link=\u00bburl:https%3A%2F%2Fwww.manabi.gob.ec%2Fwp-content%2Fuploads%2F2022%2F01%2FReglamento-PREM-RE-14A-2020_RegularConveniosDonaciones_GAP.pdf|||\u00bb css=\u00bb.vc_custom_1643208256242{margin-bottom: 20px !important;}\u00bb]Reglamento General de la Ordenanza que regula los convenios de cooperaci\u00f3n para las donaciones o asignaciones no reembolsables de recursos p\u00fablicos, Exclusivamente para la Ejecuci\u00f3n de programas o proyectos de Inversi\u00f3n en beneficio directo de los grupos de atenci\u00f3n prioritaria de la provincia de Manab\u00ed[\/gsf_call_to_action][\/vc_tta_section][vc_tta_section title=\u00bb2018&#8243; tab_id=\u00bb1668188437085-1647a3f0-2568&#8243;][vc_text_separator title=\u00bbFebrero\u00bb color=\u00bbblack\u00bb css=\u00bb.vc_custom_1668188654311{margin-top: 25px !important;margin-bottom: 25px !important;}\u00bb][gsf_call_to_action title=\u00bbDescargar\u00bb style=\u00bboutline\u00bb link=\u00bburl:https%3A%2F%2Fwww.manabi.gob.ec%2Fwp-content%2Fuploads%2F2022%2F11%2FREGLAMENTO-INTERNO-PARA-LOS-TRABAJADORES-1.pdf|||\u00bb css=\u00bb.vc_custom_1668189530977{margin-bottom: 20px !important;}\u00bb]Reglamento interno de trabajo para las trabajadoras y trabajadores del Gobierno Aut\u00f3nomo Descentralizado de Manab\u00ed que regula las relaciones de trabajo entre el Gobierno Provincial de Manab\u00ed y sus servidores sujetos al C\u00f3digo del Trabajo.[\/gsf_call_to_action][\/vc_tta_section][vc_tta_section title=\u00bb2014&#8243; tab_id=\u00bb1668188848564-467339af-2f06&#8243;][vc_text_separator title=\u00bbSeptiembre\u00bb color=\u00bbblack\u00bb css=\u00bb.vc_custom_1668188888707{margin-top: 25px !important;margin-bottom: 25px !important;}\u00bb][gsf_call_to_action title=\u00bbDescargar\u00bb style=\u00bboutline\u00bb link=\u00bburl:https%3A%2F%2Fwww.manabi.gob.ec%2Fwp-content%2Fuploads%2F2022%2F11%2FREGLAMENTO-INTERNO-LOSEP.pdf|||\u00bb css=\u00bb.vc_custom_1668189635305{margin-bottom: 20px !important;}\u00bb]Reforma al Reglamento Interno de Administraci\u00f3n del Talento Humano del Gobierno Aut\u00f3nomo Descentralizado de la Provincia de Manab\u00ed para los servidores amparados en la Ley Org\u00e1nica del Servidor P\u00fablico.[\/gsf_call_to_action][\/vc_tta_section][\/vc_tta_accordion][\/vc_column][\/vc_row][vc_row color_skin=\u00bbskin-light\u00bb equal_height=\u00bbyes\u00bb parallax=\u00bbcontent-moving\u00bb disable_element=\u00bbyes\u00bb css=\u00bb.vc_custom_1644252944723{background-color: #f4f4f4 !important;background-position: center;background-repeat: no-repeat !important;background-size: cover !important;}\u00bb][vc_column color_skin=\u00bbskin-light\u00bb width=\u00bb1\/4&#8243; css=\u00bb.vc_custom_1629243021998{border-right-width: 2px !important;background-color: #f4f4f4 !important;border-right-color: #cecece !important;border-right-style: solid !important;}\u00bb][gsf_button title=\u00bbOrdenanzas\u00bb style=\u00bb3d\u00bb size=\u00bbmd\u00bb align=\u00bbright\u00bb button_block=\u00bbon\u00bb icon_font=\u00bbfa fa-arrow-left\u00bb link=\u00bburl:https%3A%2F%2Fwww.manabi.gob.ec%2Findex.php%2Fordenanzas%2F|||\u00bb][gsf_space desktop=\u00bb20&#8243; tablet=\u00bb70&#8243; tablet_portrait=\u00bb60&#8243; mobile_landscape=\u00bb50&#8243; mobile=\u00bb40&#8243;][gsf_button title=\u00bbResoluciones\u00bb style=\u00bb3d\u00bb size=\u00bbmd\u00bb align=\u00bbright\u00bb button_block=\u00bbon\u00bb icon_font=\u00bbfa fa-arrow-left\u00bb link=\u00bburl:https%3A%2F%2Fwww.manabi.gob.ec%2Findex.php%2Fresoluciones%2F|||\u00bb][gsf_space desktop=\u00bb20&#8243; tablet=\u00bb70&#8243; tablet_portrait=\u00bb60&#8243; mobile_landscape=\u00bb50&#8243; mobile=\u00bb40&#8243;][gsf_button title=\u00bbReglamentos\u00bb style=\u00bb3d\u00bb size=\u00bbmd\u00bb align=\u00bbright\u00bb button_block=\u00bbon\u00bb icon_font=\u00bbfa fa-arrow-left\u00bb link=\u00bburl:https%3A%2F%2Fwww.manabi.gob.ec%2Findex.php%2Freglamentos%2F|||\u00bb][gsf_space desktop=\u00bb20&#8243; tablet=\u00bb70&#8243; tablet_portrait=\u00bb60&#8243; mobile_landscape=\u00bb50&#8243; mobile=\u00bb40&#8243;][gsf_button title=\u00bbAcuerdos\u00bb style=\u00bb3d\u00bb size=\u00bbmd\u00bb align=\u00bbright\u00bb button_block=\u00bbon\u00bb icon_font=\u00bbfa fa-arrow-left\u00bb link=\u00bburl:https%3A%2F%2Fwww.manabi.gob.ec%2Findex.php%2Facuerdos%2F|||\u00bb][gsf_space desktop=\u00bb20&#8243; tablet=\u00bb70&#8243; tablet_portrait=\u00bb60&#8243; mobile_landscape=\u00bb50&#8243; mobile=\u00bb40&#8243;][gsf_button title=\u00bbPol\u00edticas Publ\u00edcas\u00bb style=\u00bb3d\u00bb size=\u00bbmd\u00bb align=\u00bbright\u00bb button_block=\u00bbon\u00bb icon_font=\u00bbfa fa-arrow-left\u00bb link=\u00bburl:https%3A%2F%2Fwww.manabi.gob.ec%2Findex.php%2Fpoliticas-publicas%2F|||\u00bb][gsf_space desktop=\u00bb20&#8243; tablet=\u00bb70&#8243; tablet_portrait=\u00bb60&#8243; mobile_landscape=\u00bb50&#8243; mobile=\u00bb40&#8243;][gsf_button title=\u00bbPol\u00edticas Intitucionales\u00bb style=\u00bb3d\u00bb size=\u00bbmd\u00bb align=\u00bbright\u00bb button_block=\u00bbon\u00bb icon_font=\u00bbfa fa-arrow-left\u00bb link=\u00bburl:https%3A%2F%2Fwww.manabi.gob.ec%2Findex.php%2Fpoliticas-institucionales%2F|||\u00bb][\/vc_column][vc_column width=\u00bb3\/4&#8243; css=\u00bb.vc_custom_1622148120192{background-position: center !important;background-repeat: no-repeat !important;background-size: cover !important;}\u00bb offset=\u00bbvc_col-xs-12&#8243;][vc_tta_accordion style=\u00bboutline\u00bb color=\u00bbmulled-wine\u00bb spacing=\u00bb10&#8243; autoplay=\u00bb10&#8243; active_section=\u00bb7&#8243; collapsible_all=\u00bbtrue\u00bb][vc_tta_section title=\u00bb2020&#8243; tab_id=\u00bb1644252930715-daf53f8a-9247&#8243;][vc_text_separator title=\u00bbMarzo\u00bb color=\u00bbblack\u00bb css=\u00bb.vc_custom_1630103540203{margin-top: 25px !important;margin-bottom: 25px !important;}\u00bb][gsf_call_to_action title=\u00bbDescargar\u00bb style=\u00bboutline\u00bb link=\u00bburl:https%3A%2F%2Fwww.manabi.gob.ec%2Fwp-content%2Fuploads%2F2022%2F01%2FReglamento-PREM-RE-14A-2020_RegularConveniosDonaciones_GAP.pdf|||\u00bb css=\u00bb.vc_custom_1643208256242{margin-bottom: 20px !important;}\u00bb]Reglamento General de la Ordenanza que regula los convenios de cooperaci\u00f3n para las donaciones o asignaciones no reembolsables de recursos p\u00fablicos, Exclusivamente para la Ejecuci\u00f3n de programas o proyectos de Inversi\u00f3n en beneficio directo de los grupos de atenci\u00f3n prioritaria de la provincia de Manab\u00ed[\/gsf_call_to_action][\/vc_tta_section][vc_tta_section title=\u00bb2021&#8243; tab_id=\u00bb1644252930765-38e0db88-1cd6&#8243;][vc_text_separator title=\u00bbFebrero\u00bb color=\u00bbblack\u00bb css=\u00bb.vc_custom_1630103503725{margin-top: 25px !important;margin-bottom: 25px !important;}\u00bb][gsf_call_to_action title=\u00bbDescargar\u00bb style=\u00bboutline\u00bb link=\u00bburl:https%3A%2F%2Fwww.manabi.gob.ec%2Fwp-content%2Fuploads%2F2022%2F02%2FReglamento-PREM-RE-014-2021_RegulaLiteral_K_Art.-50_COOTAD.pdf|||\u00bb css=\u00bb.vc_custom_1644251958990{margin-bottom: 20px !important;}\u00bb]Reglamento PREM-RE-014-2021_RegulaLiteral_K_Art. 50_COOTAD[\/gsf_call_to_action][vc_text_separator title=\u00bbAbril\u00bb color=\u00bbblack\u00bb css=\u00bb.vc_custom_1644252023876{margin-top: 25px !important;margin-bottom: 25px !important;}\u00bb][gsf_call_to_action title=\u00bbDescargar\u00bb style=\u00bboutline\u00bb link=\u00bburl:https%3A%2F%2Fwww.manabi.gob.ec%2Fwp-content%2Fuploads%2F2022%2F02%2FReglamento-PREM-RE-036-2021_RefRegAplicOrdRegLit_k_Art.-50-COOTAD_CTF.pdf|||\u00bb]Reglamento PREM-RE-036-2021_RefRegAplicOrdRegLit_k_Art. 50 COOTAD_CTF[\/gsf_call_to_action][vc_text_separator title=\u00bbMayo\u00bb color=\u00bbblack\u00bb css=\u00bb.vc_custom_1644252217376{margin-top: 25px !important;margin-bottom: 25px !important;}\u00bb][gsf_call_to_action title=\u00bbDescargar\u00bb style=\u00bboutline\u00bb link=\u00bburl:https%3A%2F%2Fwww.manabi.gob.ec%2Fwp-content%2Fuploads%2F2022%2F02%2FReglamento-PREM-RG-001-2021_VeedPermanenteControlPermisoForestal.pdf|||\u00bb]Reglamento PREM-RG-001-2021_VeedPermanenteControlPermisoForestal[\/gsf_call_to_action][vc_text_separator title=\u00bbJulio\u00bb color=\u00bbblack\u00bb css=\u00bb.vc_custom_1644252380770{margin-top: 25px !important;margin-bottom: 25px !important;}\u00bb][gsf_call_to_action title=\u00bbDescargar\u00bb style=\u00bboutline\u00bb link=\u00bburl:https%3A%2F%2Fwww.manabi.gob.ec%2Fwp-content%2Fuploads%2F2022%2F02%2FReglamento-PREM-RG-002-2021_Func_Comite_Gestion_Calidad.pdf|||\u00bb]Reglamento PREM-RG-002-2021 Func. Comit\u00e9 Gesti\u00f3n Calidad[\/gsf_call_to_action][vc_text_separator title=\u00bbSeptiembre\u00bb color=\u00bbblack\u00bb css=\u00bb.vc_custom_1630103592314{margin-top: 25px !important;margin-bottom: 25px !important;}\u00bb][gsf_call_to_action title=\u00bbDescargar\u00bb style=\u00bboutline\u00bb link=\u00bburl:https%3A%2F%2Fwww.manabi.gob.ec%2Fwp-content%2Fuploads%2F2022%2F02%2FReglamento-de-Higiene-y-Seguridad-del-GPM_Aprobado.pdf|||\u00bb]Reglamento de Higiene y Seguridad del GPM Aprobado[\/gsf_call_to_action][\/vc_tta_section][\/vc_tta_accordion][\/vc_column][\/vc_row][vc_row css=\u00bb.vc_custom_1622148209970{background-color: #f4f4f4 !important;}\u00bb][vc_column][vc_empty_space height=\u00bb102px\u00bb][\/vc_column][\/vc_row]<\/p>\n","protected":false},"excerpt":{"rendered":"<p>[vc_row bg_overlay_mode=\u00bbcolor\u00bb css=\u00bb.vc_custom_1630102865600{background-color: #424242 !important;}\u00bb bg_overlay_color=\u00bb#191919&#8243;][vc_column width=\u00bb1\/4&#8243;][gsf_space desktop=\u00bb45&#8243; tablet=\u00bb70&#8243; tablet_portrait=\u00bb60&#8243; mobile_landscape=\u00bb50&#8243; mobile=\u00bb40&#8243;][vc_single_image image=\u00bb22612&#8243; alignment=\u00bbright\u00bb style=\u00bbvc_box_border\u00bb border_color=\u00bbwhite\u00bb css=\u00bb.vc_custom_1666803124103{border-top-width: 4px !important;border-right-width: 4px !important;border-bottom-width: 4px !important;border-left-width: 4px !important;}\u00bb][\/vc_column][vc_column width=\u00bb2\/4&#8243;][gsf_space desktop=\u00bb90&#8243; tablet=\u00bb70&#8243; tablet_portrait=\u00bb60&#8243; mobile_landscape=\u00bb50&#8243; mobile=\u00bb40&#8243;][gsf_page_title font_container=\u00bbfont_size:45|text_align:left|color:%23f7f7f7&#8243;][vc_column_text el_class=\u00bb\u00bb]\u00a0Pol\u00edticas y normativas[\/vc_column_text][\/vc_column][vc_column width=\u00bb1\/4&#8243;][\/vc_column][\/vc_row][vc_row css=\u00bb.vc_custom_1630103050682{background-color: #f4f4f4 !important;}\u00bb][vc_column][vc_empty_space height=\u00bb102px\u00bb][\/vc_column][\/vc_row][vc_row color_skin=\u00bbskin-light\u00bb equal_height=\u00bbyes\u00bb parallax=\u00bbcontent-moving\u00bb css=\u00bb.vc_custom_1622148044878{background-color: #f4f4f4 !important;background-position: center;background-repeat: no-repeat !important;background-size: cover !important;}\u00bb][vc_column color_skin=\u00bbskin-light\u00bb width=\u00bb1\/5&#8243; css=\u00bb.vc_custom_1629243021998{border-right-width: 2px [&hellip;]<\/p>\n","protected":false},"author":1,"featured_media":0,"parent":0,"menu_order":0,"comment_status":"closed","ping_status":"closed","template":"","meta":{"_joinchat":[],"footnotes":""},"class_list":["post-18615","page","type-page","status-publish","hentry"],"yoast_head":"<!-- This site is optimized with the Yoast SEO plugin v27.4 - https:\/\/yoast.com\/product\/yoast-seo-wordpress\/ -->\n<title>Reglamentos - Prefectura de Manab\u00ed<\/title>\n<meta name=\"robots\" content=\"index, follow, max-snippet:-1, max-image-preview:large, max-video-preview:-1\" \/>\n<link rel=\"canonical\" href=\"https:\/\/www.manabi.gob.ec\/index.php\/reglamentos-2\/\" \/>\n<meta property=\"og:locale\" content=\"es_ES\" \/>\n<meta property=\"og:type\" content=\"article\" \/>\n<meta property=\"og:title\" content=\"Reglamentos - Prefectura de Manab\u00ed\" \/>\n<meta property=\"og:description\" content=\"[vc_row bg_overlay_mode=\u00bbcolor\u00bb css=\u00bb.vc_custom_1630102865600{background-color: #424242 !important;}\u00bb bg_overlay_color=\u00bb#191919&#8243;][vc_column width=\u00bb1\/4&#8243;][gsf_space desktop=\u00bb45&#8243; tablet=\u00bb70&#8243; tablet_portrait=\u00bb60&#8243; mobile_landscape=\u00bb50&#8243; mobile=\u00bb40&#8243;][vc_single_image image=\u00bb22612&#8243; alignment=\u00bbright\u00bb style=\u00bbvc_box_border\u00bb border_color=\u00bbwhite\u00bb css=\u00bb.vc_custom_1666803124103{border-top-width: 4px !important;border-right-width: 4px !important;border-bottom-width: 4px !important;border-left-width: 4px !important;}\u00bb][\/vc_column][vc_column width=\u00bb2\/4&#8243;][gsf_space desktop=\u00bb90&#8243; tablet=\u00bb70&#8243; tablet_portrait=\u00bb60&#8243; mobile_landscape=\u00bb50&#8243; mobile=\u00bb40&#8243;][gsf_page_title font_container=\u00bbfont_size:45|text_align:left|color:%23f7f7f7&#8243;][vc_column_text el_class=\u00bb\u00bb]\u00a0Pol\u00edticas y normativas[\/vc_column_text][\/vc_column][vc_column width=\u00bb1\/4&#8243;][\/vc_column][\/vc_row][vc_row css=\u00bb.vc_custom_1630103050682{background-color: #f4f4f4 !important;}\u00bb][vc_column][vc_empty_space height=\u00bb102px\u00bb][\/vc_column][\/vc_row][vc_row color_skin=\u00bbskin-light\u00bb equal_height=\u00bbyes\u00bb parallax=\u00bbcontent-moving\u00bb css=\u00bb.vc_custom_1622148044878{background-color: #f4f4f4 !important;background-position: center;background-repeat: no-repeat !important;background-size: cover !important;}\u00bb][vc_column color_skin=\u00bbskin-light\u00bb width=\u00bb1\/5&#8243; css=\u00bb.vc_custom_1629243021998{border-right-width: 2px [&hellip;]\" \/>\n<meta property=\"og:url\" content=\"https:\/\/www.manabi.gob.ec\/index.php\/reglamentos-2\/\" \/>\n<meta property=\"og:site_name\" content=\"Prefectura de Manab\u00ed\" \/>\n<meta property=\"article:modified_time\" content=\"2026-03-06T15:12:28+00:00\" \/>\n<meta name=\"twitter:card\" content=\"summary_large_image\" \/>\n<meta name=\"twitter:label1\" content=\"Tiempo de lectura\" \/>\n\t<meta name=\"twitter:data1\" content=\"10 minutos\" \/>\n<script type=\"application\/ld+json\" class=\"yoast-schema-graph\">{\"@context\":\"https:\\\/\\\/schema.org\",\"@graph\":[{\"@type\":\"WebPage\",\"@id\":\"https:\\\/\\\/www.manabi.gob.ec\\\/index.php\\\/reglamentos-2\\\/\",\"url\":\"https:\\\/\\\/www.manabi.gob.ec\\\/index.php\\\/reglamentos-2\\\/\",\"name\":\"Reglamentos - Prefectura de Manab\u00ed\",\"isPartOf\":{\"@id\":\"https:\\\/\\\/www.manabi.gob.ec\\\/#website\"},\"datePublished\":\"2021-10-15T14:38:29+00:00\",\"dateModified\":\"2026-03-06T15:12:28+00:00\",\"breadcrumb\":{\"@id\":\"https:\\\/\\\/www.manabi.gob.ec\\\/index.php\\\/reglamentos-2\\\/#breadcrumb\"},\"inLanguage\":\"es\",\"potentialAction\":[{\"@type\":\"ReadAction\",\"target\":[\"https:\\\/\\\/www.manabi.gob.ec\\\/index.php\\\/reglamentos-2\\\/\"]}]},{\"@type\":\"BreadcrumbList\",\"@id\":\"https:\\\/\\\/www.manabi.gob.ec\\\/index.php\\\/reglamentos-2\\\/#breadcrumb\",\"itemListElement\":[{\"@type\":\"ListItem\",\"position\":1,\"name\":\"Portada\",\"item\":\"https:\\\/\\\/www.manabi.gob.ec\\\/\"},{\"@type\":\"ListItem\",\"position\":2,\"name\":\"Reglamentos\"}]},{\"@type\":\"WebSite\",\"@id\":\"https:\\\/\\\/www.manabi.gob.ec\\\/#website\",\"url\":\"https:\\\/\\\/www.manabi.gob.ec\\\/\",\"name\":\"Prefectura de Manab\u00ed\",\"description\":\"P\u00e1gina web de la prefectura\",\"potentialAction\":[{\"@type\":\"SearchAction\",\"target\":{\"@type\":\"EntryPoint\",\"urlTemplate\":\"https:\\\/\\\/www.manabi.gob.ec\\\/?s={search_term_string}\"},\"query-input\":{\"@type\":\"PropertyValueSpecification\",\"valueRequired\":true,\"valueName\":\"search_term_string\"}}],\"inLanguage\":\"es\"}]}<\/script>\n<!-- \/ Yoast SEO plugin. -->","yoast_head_json":{"title":"Reglamentos - Prefectura de Manab\u00ed","robots":{"index":"index","follow":"follow","max-snippet":"max-snippet:-1","max-image-preview":"max-image-preview:large","max-video-preview":"max-video-preview:-1"},"canonical":"https:\/\/www.manabi.gob.ec\/index.php\/reglamentos-2\/","og_locale":"es_ES","og_type":"article","og_title":"Reglamentos - Prefectura de Manab\u00ed","og_description":"[vc_row bg_overlay_mode=\u00bbcolor\u00bb css=\u00bb.vc_custom_1630102865600{background-color: #424242 !important;}\u00bb bg_overlay_color=\u00bb#191919&#8243;][vc_column width=\u00bb1\/4&#8243;][gsf_space desktop=\u00bb45&#8243; tablet=\u00bb70&#8243; tablet_portrait=\u00bb60&#8243; mobile_landscape=\u00bb50&#8243; mobile=\u00bb40&#8243;][vc_single_image image=\u00bb22612&#8243; alignment=\u00bbright\u00bb style=\u00bbvc_box_border\u00bb border_color=\u00bbwhite\u00bb css=\u00bb.vc_custom_1666803124103{border-top-width: 4px !important;border-right-width: 4px !important;border-bottom-width: 4px !important;border-left-width: 4px !important;}\u00bb][\/vc_column][vc_column width=\u00bb2\/4&#8243;][gsf_space desktop=\u00bb90&#8243; tablet=\u00bb70&#8243; tablet_portrait=\u00bb60&#8243; mobile_landscape=\u00bb50&#8243; mobile=\u00bb40&#8243;][gsf_page_title font_container=\u00bbfont_size:45|text_align:left|color:%23f7f7f7&#8243;][vc_column_text el_class=\u00bb\u00bb]\u00a0Pol\u00edticas y normativas[\/vc_column_text][\/vc_column][vc_column width=\u00bb1\/4&#8243;][\/vc_column][\/vc_row][vc_row css=\u00bb.vc_custom_1630103050682{background-color: #f4f4f4 !important;}\u00bb][vc_column][vc_empty_space height=\u00bb102px\u00bb][\/vc_column][\/vc_row][vc_row color_skin=\u00bbskin-light\u00bb equal_height=\u00bbyes\u00bb parallax=\u00bbcontent-moving\u00bb css=\u00bb.vc_custom_1622148044878{background-color: #f4f4f4 !important;background-position: center;background-repeat: no-repeat !important;background-size: cover !important;}\u00bb][vc_column color_skin=\u00bbskin-light\u00bb width=\u00bb1\/5&#8243; css=\u00bb.vc_custom_1629243021998{border-right-width: 2px [&hellip;]","og_url":"https:\/\/www.manabi.gob.ec\/index.php\/reglamentos-2\/","og_site_name":"Prefectura de Manab\u00ed","article_modified_time":"2026-03-06T15:12:28+00:00","twitter_card":"summary_large_image","twitter_misc":{"Tiempo de lectura":"10 minutos"},"schema":{"@context":"https:\/\/schema.org","@graph":[{"@type":"WebPage","@id":"https:\/\/www.manabi.gob.ec\/index.php\/reglamentos-2\/","url":"https:\/\/www.manabi.gob.ec\/index.php\/reglamentos-2\/","name":"Reglamentos - Prefectura de Manab\u00ed","isPartOf":{"@id":"https:\/\/www.manabi.gob.ec\/#website"},"datePublished":"2021-10-15T14:38:29+00:00","dateModified":"2026-03-06T15:12:28+00:00","breadcrumb":{"@id":"https:\/\/www.manabi.gob.ec\/index.php\/reglamentos-2\/#breadcrumb"},"inLanguage":"es","potentialAction":[{"@type":"ReadAction","target":["https:\/\/www.manabi.gob.ec\/index.php\/reglamentos-2\/"]}]},{"@type":"BreadcrumbList","@id":"https:\/\/www.manabi.gob.ec\/index.php\/reglamentos-2\/#breadcrumb","itemListElement":[{"@type":"ListItem","position":1,"name":"Portada","item":"https:\/\/www.manabi.gob.ec\/"},{"@type":"ListItem","position":2,"name":"Reglamentos"}]},{"@type":"WebSite","@id":"https:\/\/www.manabi.gob.ec\/#website","url":"https:\/\/www.manabi.gob.ec\/","name":"Prefectura de Manab\u00ed","description":"P\u00e1gina web de la prefectura","potentialAction":[{"@type":"SearchAction","target":{"@type":"EntryPoint","urlTemplate":"https:\/\/www.manabi.gob.ec\/?s={search_term_string}"},"query-input":{"@type":"PropertyValueSpecification","valueRequired":true,"valueName":"search_term_string"}}],"inLanguage":"es"}]}},"_links":{"self":[{"href":"https:\/\/www.manabi.gob.ec\/index.php\/wp-json\/wp\/v2\/pages\/18615","targetHints":{"allow":["GET"]}}],"collection":[{"href":"https:\/\/www.manabi.gob.ec\/index.php\/wp-json\/wp\/v2\/pages"}],"about":[{"href":"https:\/\/www.manabi.gob.ec\/index.php\/wp-json\/wp\/v2\/types\/page"}],"author":[{"embeddable":true,"href":"https:\/\/www.manabi.gob.ec\/index.php\/wp-json\/wp\/v2\/users\/1"}],"replies":[{"embeddable":true,"href":"https:\/\/www.manabi.gob.ec\/index.php\/wp-json\/wp\/v2\/comments?post=18615"}],"version-history":[{"count":10,"href":"https:\/\/www.manabi.gob.ec\/index.php\/wp-json\/wp\/v2\/pages\/18615\/revisions"}],"predecessor-version":[{"id":33171,"href":"https:\/\/www.manabi.gob.ec\/index.php\/wp-json\/wp\/v2\/pages\/18615\/revisions\/33171"}],"wp:attachment":[{"href":"https:\/\/www.manabi.gob.ec\/index.php\/wp-json\/wp\/v2\/media?parent=18615"}],"curies":[{"name":"wp","href":"https:\/\/api.w.org\/{rel}","templated":true}]}}