{"id":18761,"date":"2021-10-19T17:13:46","date_gmt":"2021-10-19T17:13:46","guid":{"rendered":"https:\/\/www.manabi.gob.ec\/?page_id=18761"},"modified":"2026-04-27T18:54:06","modified_gmt":"2026-04-27T18:54:06","slug":"direccion-desarrollo","status":"publish","type":"page","link":"https:\/\/www.manabi.gob.ec\/index.php\/direccion-desarrollo\/","title":{"rendered":"Direcci\u00f3n de Desarrollo Humano"},"content":{"rendered":"<p>[vc_row bg_overlay_mode=\u00bbcolor\u00bb css=\u00bb.vc_custom_1630102865600{background-color: #424242 !important;}\u00bb bg_overlay_color=\u00bb#191919&#8243;][vc_column][gsf_space desktop=\u00bb90&#8243; tablet=\u00bb70&#8243; tablet_portrait=\u00bb60&#8243; mobile_landscape=\u00bb50&#8243; mobile=\u00bb40&#8243;][gsf_page_title font_container=\u00bbfont_size:45|text_align:center|color:%23f7f7f7&#8243;][vc_column_text]<\/p>\n<p style=\"text-align: center;\"><span style=\"color: #ffffff;\">\u00a0<a style=\"color: #ffffff;\" href=\"https:\/\/www.manabi.gob.ec\/index.php\/transparencia-en-los-procesos\/\">Transparencia en los procesos<\/a><\/span><\/p>\n<p>[\/vc_column_text][\/vc_column][\/vc_row][vc_row css=\u00bb.vc_custom_1634327110213{background-color: #efefef !important;}\u00bb][vc_column][vc_empty_space height=\u00bb40px\u00bb][gsf_slider_container nav_position=\u00bbnav-bottom-center\u00bb nav_style=\u00bbnav-circle-icon\u00bb autoplay=\u00bbon\u00bb margin=\u00bb10&#8243; columns=\u00bb4&#8243; columns_md=\u00bb3&#8243; columns_sm=\u00bb2&#8243; columns_xs=\u00bb1&#8243; columns_mb=\u00bb1&#8243;][vc_column_text css=\u00bb.vc_custom_1636747962466{padding-top: 7px !important;padding-right: 10px !important;padding-bottom: 7px !important;padding-left: 10px !important;background-color: #eb9421 !important;}\u00bb]<\/p>\n<p style=\"text-align: center;\"><a href=\"https:\/\/www.manabi.gob.ec\/index.php\/direccion-administrativa\/\"><span style=\"color: #ffffff; font-size: 16px;\">Administrativa<\/span><\/a><\/p>\n<p>[\/vc_column_text][vc_column_text css=\u00bb.vc_custom_1636748393176{padding-top: 7px !important;padding-right: 10px !important;padding-bottom: 7px !important;padding-left: 10px !important;background-color: #eb9421 !important;}\u00bb]<\/p>\n<p style=\"text-align: center;\"><a href=\"https:\/\/www.manabi.gob.ec\/index.php\/direccion-ambiente\/\"><span style=\"color: #ffffff; font-size: 16px;\">Ambiente y Riesgo<\/span><\/a><\/p>\n<p>[\/vc_column_text][vc_column_text css=\u00bb.vc_custom_1636748418967{padding-top: 7px !important;padding-right: 10px !important;padding-bottom: 7px !important;padding-left: 10px !important;background-color: #eb9421 !important;}\u00bb]<\/p>\n<p style=\"text-align: center;\"><a href=\"https:\/\/www.manabi.gob.ec\/index.php\/direccion-comunicacion\/\"><span style=\"color: #ffffff; font-size: 16px;\">Comunicaci\u00f3n institucional<\/span><\/a><\/p>\n<p>[\/vc_column_text][vc_column_text css=\u00bb.vc_custom_1636748529472{padding-top: 7px !important;padding-right: 10px !important;padding-bottom: 7px !important;padding-left: 10px !important;background-color: #eb9421 !important;}\u00bb]<\/p>\n<p style=\"text-align: center;\"><a href=\"https:\/\/www.manabi.gob.ec\/index.php\/direccion-desarrollo\/\"><span style=\"color: #ffffff; font-size: 16px;\">Desarrollo Social<\/span><\/a><\/p>\n<p>[\/vc_column_text][vc_column_text css=\u00bb.vc_custom_1636748571049{padding-top: 7px !important;padding-right: 10px !important;padding-bottom: 7px !important;padding-left: 10px !important;background-color: #eb9421 !important;}\u00bb]<\/p>\n<p style=\"text-align: center;\"><a href=\"https:\/\/www.manabi.gob.ec\/index.php\/direccion-fomento\/\"><span style=\"color: #ffffff; font-size: 16px;\">Fomento Productivo<\/span><\/a><\/p>\n<p>[\/vc_column_text][vc_column_text css=\u00bb.vc_custom_1636748600280{padding-top: 7px !important;padding-right: 10px !important;padding-bottom: 7px !important;padding-left: 10px !important;background-color: #eb9421 !important;}\u00bb]<\/p>\n<p style=\"text-align: center;\"><a href=\"https:\/\/www.manabi.gob.ec\/index.php\/direccion-gestion\/\"><span style=\"color: #ffffff; font-size: 16px;\">Gesti\u00f3n y Mantenimiento Vial<\/span><\/a><\/p>\n<p>[\/vc_column_text][vc_column_text css=\u00bb.vc_custom_1636748907464{padding-top: 7px !important;padding-right: 10px !important;padding-bottom: 7px !important;padding-left: 10px !important;background-color: #eb9421 !important;}\u00bb]<\/p>\n<p style=\"text-align: center;\"><a href=\"https:\/\/www.manabi.gob.ec\/index.php\/direccion-innovacion\/\"><span style=\"color: #ffffff; font-size: 16px;\">Innovaci\u00f3n y Mejora Continua<\/span><\/a><\/p>\n<p>[\/vc_column_text][vc_column_text css=\u00bb.vc_custom_1636749589337{padding-top: 7px !important;padding-right: 10px !important;padding-bottom: 7px !important;padding-left: 10px !important;background-color: #eb9421 !important;}\u00bb]<\/p>\n<p style=\"text-align: center;\"><a href=\"https:\/\/www.manabi.gob.ec\/index.php\/direccion-talento\/\"><span style=\"color: #ffffff; font-size: 16px;\">Talento Humano<\/span><\/a><\/p>\n<p>[\/vc_column_text][vc_column_text css=\u00bb.vc_custom_1636750625706{padding-top: 7px !important;padding-right: 10px !important;padding-bottom: 7px !important;padding-left: 10px !important;background-color: #eb9421 !important;}\u00bb]<\/p>\n<p style=\"text-align: center;\"><a href=\"https:\/\/www.manabi.gob.ec\/index.php\/direccion-riego\/\"><span style=\"color: #ffffff; font-size: 16px;\">Riego y Drenaje<\/span><\/a><\/p>\n<p>[\/vc_column_text][vc_column_text css=\u00bb.vc_custom_1636749995122{padding-top: 7px !important;padding-right: 10px !important;padding-bottom: 7px !important;padding-left: 10px !important;background-color: #eb9421 !important;}\u00bb]<\/p>\n<p style=\"text-align: center;\"><a href=\"https:\/\/www.manabi.gob.ec\/index.php\/direccion-tecnologia\/\"><span style=\"color: #ffffff; font-size: 16px;\">Tecnolog\u00eda<\/span><\/a><\/p>\n<p>[\/vc_column_text][vc_column_text css=\u00bb.vc_custom_1636749357791{padding-top: 7px !important;padding-right: 10px !important;padding-bottom: 7px !important;padding-left: 10px !important;background-color: #eb9421 !important;}\u00bb]<\/p>\n<p style=\"text-align: center;\"><a href=\"https:\/\/www.manabi.gob.ec\/index.php\/direccion-turismo\/\"><span style=\"color: #ffffff; font-size: 16px;\">Turismo Cultura y Patrimonio<\/span><\/a><\/p>\n<p>[\/vc_column_text][vc_column_text css=\u00bb.vc_custom_1636750006329{padding-top: 7px !important;padding-right: 10px !important;padding-bottom: 7px !important;padding-left: 10px !important;background-color: #eb9421 !important;}\u00bb]<\/p>\n<p style=\"text-align: center;\"><a href=\"https:\/\/www.manabi.gob.ec\/index.php\/direccion-ordenamiento\/\"><span style=\"color: #ffffff; font-size: 16px;\">Planificaci\u00f3n para el Desarrollo y Ordenamiento Territorial<\/span><\/a><\/p>\n<p>[\/vc_column_text][vc_column_text css=\u00bb.vc_custom_1647961821843{padding-top: 7px !important;padding-right: 10px !important;padding-bottom: 7px !important;padding-left: 10px !important;background-color: #eb9421 !important;}\u00bb]<\/p>\n<p style=\"text-align: center;\"><a href=\"https:\/\/www.manabi.gob.ec\/index.php\/direccion-de-proyectos\/\"><span style=\"color: #ffffff; font-size: 16px;\">Direcci\u00f3n de Proyectos<\/span><\/a><\/p>\n<p>[\/vc_column_text][vc_column_text css=\u00bb.vc_custom_1647961890872{padding-top: 7px !important;padding-right: 10px !important;padding-bottom: 7px !important;padding-left: 10px !important;background-color: #eb9421 !important;}\u00bb]<\/p>\n<p style=\"text-align: center;\"><a href=\"https:\/\/www.manabi.gob.ec\/index.php\/estudios-y-fiscalizacion\/\"><span style=\"color: #ffffff; font-size: 16px;\">Estudios y Fiscalizaci\u00f3n<\/span><\/a><\/p>\n<p>[\/vc_column_text][\/gsf_slider_container][vc_empty_space height=\u00bb70px\u00bb][\/vc_column][\/vc_row][vc_row color_skin=\u00bbskin-light\u00bb equal_height=\u00bbyes\u00bb parallax=\u00bbcontent-moving\u00bb css=\u00bb.vc_custom_1634327151884{background-color: #efefef !important;background-position: center;background-repeat: no-repeat !important;background-size: cover !important;}\u00bb][vc_column css=\u00bb.vc_custom_1622148120192{background-position: center !important;background-repeat: no-repeat !important;background-size: cover !important;}\u00bb offset=\u00bbvc_col-xs-12&#8243;][vc_tta_tabs active_section=\u00bb1&#8243; css=\u00bb.vc_custom_1634330823680{padding-right: 0px !important;padding-left: 0px !important;}\u00bb][vc_tta_section el_class=\u00bb\u00bb title=\u00bb2026&#8243; tab_id=\u00bb1777311545558-8be4896d-c9d2&#8243;][vc_text_separator title=\u00bbMARZO\u00bb el_class=\u00bb\u00bb][vc_row_inner][vc_column_inner width=\u00bb3\/6&#8243;][vc_column_text el_class=\u00bb\u00bb]<\/p>\n<h6 style=\"text-align: center;\"><span style=\"color: #000000;\"><strong>OBJETO DEL PROCESO<\/strong><\/span><\/h6>\n<p>[\/vc_column_text][vc_column_text el_class=\u00bb\u00bb]<\/p>\n<p style=\"font-size: 10px; line-height: 13px;\">ADQUISICI\u00d3N DE MEDICAMENTOS CARDIOVASCULARES PARA LA ATENCI\u00d3N DE GRUPOS PRIORITARIOS DE LAS BRIGADAS DE SALUD DEL PROYECTO MANAB\u00cd SALUDABLE DEL GOBIERNO AUT\u00d3NOMO DESCENTRALIZADO PROVINCIAL DE MANAB\u00cd<\/p>\n<p>[\/vc_column_text][\/vc_column_inner][vc_column_inner width=\u00bb1\/6&#8243;][vc_column_text el_class=\u00bb\u00bb]<\/p>\n<h6 style=\"text-align: center;\"><span style=\"color: #000000;\"><strong>TIPO DE CONTRATACI\u00d3N<\/strong><\/span><\/h6>\n<p>[\/vc_column_text][vc_column_text el_class=\u00bb\u00bb]<\/p>\n<p style=\"text-align: center; font-size: 15px; font-weight: bold; line-height: 17px;\"><span style=\"color: #000000;\">Subasta Inversa Electr\u00f3nica<\/span><\/p>\n<p>[\/vc_column_text][\/vc_column_inner][vc_column_inner width=\u00bb1\/6&#8243;][vc_column_text el_class=\u00bb\u00bb]<\/p>\n<h6 style=\"text-align: center;\"><span style=\"color: #000000;\"><strong>PRESUPUESTO REFERENCIAL<\/strong><\/span><\/h6>\n<p>[\/vc_column_text][vc_column_text el_class=\u00bb\u00bb]<\/p>\n<p style=\"text-align: center; font-size: 15px; font-weight: bold; line-height: 17px;\"><span style=\"color: #000000;\">$ 20,233.00<\/span><\/p>\n<p>[\/vc_column_text][\/vc_column_inner][vc_column_inner width=\u00bb1\/6&#8243;][vc_column_text el_class=\u00bb\u00bb]<\/p>\n<h6 style=\"text-align: center;\"><span style=\"color: #000000;\"><strong>C\u00d3DIGO DEL PROCESO<\/strong><\/span><\/h6>\n<p>[\/vc_column_text][vc_column_text el_class=\u00bb\u00bb]<\/p>\n<p style=\"text-align: center; font-size: 13px; font-weight: bold; line-height: 17px; color: #eb9421;\"><a href=\"https:\/\/www.compraspublicas.gob.ec\/ProcesoContratacion\/compras\/PC\/informacionProcesoContratacion2.cpe?idSoliCompra=74iHYxdRy7_8Bok7diV2AGUff2250K0DM4JtB96r2lg,\" target=\"_blank\" rel=\"noopener\">SIE-GADPDM-2026-005<\/a><\/p>\n<p>[\/vc_column_text][\/vc_column_inner][\/vc_row_inner][vc_row_inner el_class=\u00bb\u00bb css=\u00bb.vc_custom_1777312049804{padding-top: 15px !important;background-color: #dddddd !important;}\u00bb][vc_column_inner width=\u00bb3\/6&#8243;][vc_column_text el_class=\u00bb\u00bb]<\/p>\n<p style=\"font-size: 10px; line-height: 13px;\">ADQUISICI\u00d3N DE SUPLEMENTOS NUTRICIONALES PARA LA ATENCION DE GRUPOS PRIORITARIOS DE LAS BRIGADAS DE SALUD DEL PROYECTO MANAB\u00cd SALUDABLE DEL GOBIERNO AUT\u00d3NOMO DESCENTRALIZADO PROVINCIAL DE MANAB\u00cd<\/p>\n<p>[\/vc_column_text][\/vc_column_inner][vc_column_inner width=\u00bb1\/6&#8243;][vc_column_text el_class=\u00bb\u00bb]<\/p>\n<p style=\"text-align: center; font-size: 15px; font-weight: bold; line-height: 17px;\"><span style=\"color: #000000;\">Subasta Inversa Electr\u00f3nica<\/span><\/p>\n<p>[\/vc_column_text][\/vc_column_inner][vc_column_inner width=\u00bb1\/6&#8243;][vc_column_text el_class=\u00bb\u00bb]<\/p>\n<p style=\"text-align: center; font-size: 15px; font-weight: bold; line-height: 17px;\"><span style=\"color: #000000;\">$ 102,000.00<\/span><\/p>\n<p>[\/vc_column_text][\/vc_column_inner][vc_column_inner width=\u00bb1\/6&#8243;][vc_column_text el_class=\u00bb\u00bb]<\/p>\n<p style=\"text-align: center; font-size: 13px; font-weight: bold; line-height: 17px; color: #eb9421;\"><a href=\"https:\/\/www.compraspublicas.gob.ec\/ProcesoContratacion\/compras\/PC\/informacionProcesoContratacion2.cpe?idSoliCompra=HZR1ZnNWle7X5EwK041HaK6zpjNTrbuitBtFHxB2Mng,\" target=\"_blank\" rel=\"noopener\">SIE-GADPDM-2026-006<\/a><\/p>\n<p>[\/vc_column_text][\/vc_column_inner][\/vc_row_inner][\/vc_tta_section][vc_tta_section title=\u00bb2025&#8243; tab_id=\u00bb1686675537795-24c325aa-e27c\u00bb][vc_text_separator title=\u00bbMARZO\u00bb color=\u00bbblack\u00bb css=\u00bb.vc_custom_1776187187173{margin-bottom: 25px !important;}\u00bb][vc_row_inner][vc_column_inner width=\u00bb3\/6&#8243;][vc_column_text css=\u00bb.vc_custom_1637006519394{padding-top: 1px !important;padding-right: 10px !important;padding-bottom: 1px !important;padding-left: 10px !important;}\u00bb]<\/p>\n<h6 style=\"text-align: center;\"><span style=\"color: #000000;\"><strong>OBJETO DEL PROCESO<\/strong><\/span><\/h6>\n<p>[\/vc_column_text][vc_column_text]<\/p>\n<p style=\"font-size: 10px; line-height: 13px;\">SERVICIO DE TRANSPORTE PARA EL PERSONAL DE SALUD DE LA DIRECCI\u00d3N DEDESARROLLO HUMANO DEL GOBIERNO AUT\u00d3NOMO DESCENTRALIZADO PROVINCIAL DE MANAB\u00cd, QUE SER\u00c1N TRASLADADOS A LOS DIFERENTES CANTONES DE LA PROVINCIA<\/p>\n<p>[\/vc_column_text][\/vc_column_inner][vc_column_inner width=\u00bb1\/6&#8243;][vc_column_text css=\u00bb.vc_custom_1637006603196{padding-top: 1px !important;padding-right: 10px !important;padding-bottom: 1px !important;padding-left: 10px !important;}\u00bb]<\/p>\n<h6 style=\"text-align: center;\"><span style=\"color: #000000;\"><strong>TIPO DE CONTRATACI\u00d3N<\/strong><\/span><\/h6>\n<p>[\/vc_column_text][vc_column_text]<\/p>\n<p style=\"text-align: center; font-size: 15px; font-weight: bold; line-height: 17px;\"><span style=\"color: #000000;\">Subasta Inversa Electr\u00f3nica<\/span><\/p>\n<p>[\/vc_column_text][\/vc_column_inner][vc_column_inner width=\u00bb1\/6&#8243;][vc_column_text css=\u00bb.vc_custom_1637006625498{padding-top: 1px !important;padding-right: 10px !important;padding-bottom: 1px !important;padding-left: 10px !important;}\u00bb]<\/p>\n<h6 style=\"text-align: center;\"><span style=\"color: #000000;\"><strong>PRESUPUESTO REFERENCIAL<\/strong><\/span><\/h6>\n<p>[\/vc_column_text][vc_column_text]<\/p>\n<p style=\"text-align: center; font-size: 15px; font-weight: bold; line-height: 17px;\"><span style=\"color: #000000;\">$ 123,039.00<\/span><\/p>\n<p>[\/vc_column_text][\/vc_column_inner][vc_column_inner width=\u00bb1\/6&#8243;][vc_column_text css=\u00bb.vc_custom_1637006647187{padding-top: 1px !important;padding-right: 10px !important;padding-bottom: 1px !important;padding-left: 10px !important;}\u00bb]<\/p>\n<h6 style=\"text-align: center;\"><span style=\"color: #000000;\"><strong>C\u00d3DIGO DEL PROCESO<\/strong><\/span><\/h6>\n<p>[\/vc_column_text][vc_column_text]<\/p>\n<p style=\"text-align: center; font-size: 13px; font-weight: bold; line-height: 17px; color: #eb9421;\"><a href=\"https:\/\/www.compraspublicas.gob.ec\/ProcesoContratacion\/compras\/PC\/informacionProcesoContratacion2.cpe?idSoliCompra=8n5h2n4KjEkQlKROKl9xUhfyrAgAlDz0Xl1CN3Iauc0,\" target=\"_blank\" rel=\"noopener\">SIE-GADPDM-2025-005<\/a><\/p>\n<p>[\/vc_column_text][\/vc_column_inner][\/vc_row_inner][vc_text_separator title=\u00bbMAYO\u00bb color=\u00bbblack\u00bb css=\u00bb.vc_custom_1776187212645{margin-bottom: 25px !important;}\u00bb][vc_row_inner css=\u00bb.vc_custom_1637945261749{padding-top: 20px !important;background-color: #dbdbdb !important;}\u00bb][vc_column_inner width=\u00bb3\/6&#8243;][vc_column_text css=\u00bb.vc_custom_1637006519394{padding-top: 1px !important;padding-right: 10px !important;padding-bottom: 1px !important;padding-left: 10px !important;}\u00bb]<\/p>\n<h6 style=\"text-align: center;\"><span style=\"color: #000000;\"><strong>OBJETO DEL PROCESO<\/strong><\/span><\/h6>\n<p>[\/vc_column_text][vc_column_text css=\u00bb.vc_custom_1775050452143{margin-bottom: 10px !important;}\u00bb]<\/p>\n<p style=\"font-size: 10px; line-height: 13px;\">ADQUISICI\u00d3N DE DISPOSITIVOS M\u00c9DICOS PARA LA ATENCI\u00d3N DE GRUPOS PRIORITARIAS A TRAV\u00c9S DE LAS BRIGADAS DE SALUD DE LA DIRECCI\u00d3N DE DESARROLLO HUMANO DEL GOBIERNO AUT\u00d3NOMO DESCENTRALIZADO PROVINCIAL DE MANAB\u00cd<\/p>\n<p>[\/vc_column_text][\/vc_column_inner][vc_column_inner width=\u00bb1\/6&#8243;][vc_column_text css=\u00bb.vc_custom_1637006603196{padding-top: 1px !important;padding-right: 10px !important;padding-bottom: 1px !important;padding-left: 10px !important;}\u00bb]<\/p>\n<h6 style=\"text-align: center;\"><span style=\"color: #000000;\"><strong>TIPO DE CONTRATACI\u00d3N<\/strong><\/span><\/h6>\n<p>[\/vc_column_text][vc_column_text]<\/p>\n<p style=\"text-align: center; font-size: 15px; font-weight: bold; line-height: 17px;\"><span style=\"color: #000000;\">\u00a0Subasta Inversa Electr\u00f3nica<\/span><\/p>\n<p>[\/vc_column_text][\/vc_column_inner][vc_column_inner width=\u00bb1\/6&#8243;][vc_column_text css=\u00bb.vc_custom_1637006625498{padding-top: 1px !important;padding-right: 10px !important;padding-bottom: 1px !important;padding-left: 10px !important;}\u00bb]<\/p>\n<h6 style=\"text-align: center;\"><span style=\"color: #000000;\"><strong>PRESUPUESTO REFERENCIAL<\/strong><\/span><\/h6>\n<p>[\/vc_column_text][vc_column_text]<\/p>\n<p style=\"text-align: center; font-size: 15px; font-weight: bold; line-height: 17px;\"><span style=\"color: #000000;\">$ 11,607.60<\/span><\/p>\n<p>[\/vc_column_text][\/vc_column_inner][vc_column_inner width=\u00bb1\/6&#8243;][vc_column_text css=\u00bb.vc_custom_1637006647187{padding-top: 1px !important;padding-right: 10px !important;padding-bottom: 1px !important;padding-left: 10px !important;}\u00bb]<\/p>\n<h6 style=\"text-align: center;\"><span style=\"color: #000000;\"><strong>C\u00d3DIGO DEL PROCESO<\/strong><\/span><\/h6>\n<p>[\/vc_column_text][vc_column_text]<\/p>\n<p style=\"text-align: center; font-size: 13px; font-weight: bold; line-height: 17px; color: #eb9421;\"><a href=\"https:\/\/www.compraspublicas.gob.ec\/ProcesoContratacion\/compras\/PC\/informacionProcesoContratacion2.cpe?idSoliCompra=G64J2X0LFFELR_jjUhRsTP_9cVJiH9mbZ5jvHJ6ZZco,\">SIE-GADPDM-2025-009<\/a><\/p>\n<p>[\/vc_column_text][\/vc_column_inner][\/vc_row_inner][vc_text_separator title=\u00bbJUNIO\u00bb color=\u00bbblack\u00bb css=\u00bb.vc_custom_1776187244820{margin-bottom: 25px !important;}\u00bb][vc_row_inner][vc_column_inner width=\u00bb3\/6&#8243;][vc_column_text css=\u00bb.vc_custom_1637006519394{padding-top: 1px !important;padding-right: 10px !important;padding-bottom: 1px !important;padding-left: 10px !important;}\u00bb]<\/p>\n<h6 style=\"text-align: center;\"><span style=\"color: #000000;\"><strong>OBJETO DEL PROCESO<\/strong><\/span><\/h6>\n<p>[\/vc_column_text][vc_column_text]<\/p>\n<p style=\"font-size: 10px; line-height: 13px;\">CONTRATACI\u00d3N DEL SERVICIO DE IMPRESI\u00d3N PARA LA DIFUSI\u00d3N DE LOS PROYECTOS DE LA DIRECCI\u00d3N DE DESARROLLO HUMANO DEL GOBIERNO AUT\u00d3NOMO DESCENTRALIZADO PROVINCIAL DE MANAB\u00cd<\/p>\n<p>[\/vc_column_text][\/vc_column_inner][vc_column_inner width=\u00bb1\/6&#8243;][vc_column_text css=\u00bb.vc_custom_1637006603196{padding-top: 1px !important;padding-right: 10px !important;padding-bottom: 1px !important;padding-left: 10px !important;}\u00bb]<\/p>\n<h6 style=\"text-align: center;\"><span style=\"color: #000000;\"><strong>TIPO DE CONTRATACI\u00d3N<\/strong><\/span><\/h6>\n<p>[\/vc_column_text][vc_column_text]<\/p>\n<p style=\"text-align: center; font-size: 15px; font-weight: bold; line-height: 17px;\"><span style=\"color: #000000;\">Subasta Inversa Electr\u00f3nica<\/span><\/p>\n<p>[\/vc_column_text][\/vc_column_inner][vc_column_inner width=\u00bb1\/6&#8243;][vc_column_text css=\u00bb.vc_custom_1637006625498{padding-top: 1px !important;padding-right: 10px !important;padding-bottom: 1px !important;padding-left: 10px !important;}\u00bb]<\/p>\n<h6 style=\"text-align: center;\"><span style=\"color: #000000;\"><strong>PRESUPUESTO REFERENCIAL<\/strong><\/span><\/h6>\n<p>[\/vc_column_text][vc_column_text]<\/p>\n<p style=\"text-align: center; font-size: 15px; font-weight: bold; line-height: 17px;\"><span style=\"color: #000000;\">$ 41,923.41<\/span><\/p>\n<p>[\/vc_column_text][\/vc_column_inner][vc_column_inner width=\u00bb1\/6&#8243;][vc_column_text css=\u00bb.vc_custom_1637006647187{padding-top: 1px !important;padding-right: 10px !important;padding-bottom: 1px !important;padding-left: 10px !important;}\u00bb]<\/p>\n<h6 style=\"text-align: center;\"><span style=\"color: #000000;\"><strong>C\u00d3DIGO DEL PROCESO<\/strong><\/span><\/h6>\n<p>[\/vc_column_text][vc_column_text]<\/p>\n<p style=\"text-align: center; font-size: 13px; font-weight: bold; line-height: 17px; color: #eb9421;\"><a href=\"https:\/\/www.compraspublicas.gob.ec\/ProcesoContratacion\/compras\/PC\/informacionProcesoContratacion2.cpe?idSoliCompra=RywrUmLMAbiyzGSNpPpRGoUCnRK0HxMWuYwRZlbSoG0,\" target=\"_blank\" rel=\"noopener\">SIE-GADPDM-2025-017<\/a><\/p>\n<p>[\/vc_column_text][\/vc_column_inner][\/vc_row_inner][vc_row_inner css=\u00bb.vc_custom_1637945261749{padding-top: 20px !important;background-color: #dbdbdb !important;}\u00bb][vc_column_inner width=\u00bb3\/6&#8243;][vc_column_text css=\u00bb.vc_custom_1775050892158{margin-bottom: 10px !important;}\u00bb]<\/p>\n<p style=\"font-size: 10px; line-height: 13px;\">ADQUISICI\u00d3N DE MATERIAL DE ASEO PARA USO PERSONAL DE LOS NI\u00d1OS Y NI\u00d1AS DE LAS 41 UNIDADES DE ATENCI\u00d3N DEL PROYECTO CDI ENTRE MINISTERIO DE INCLUSI\u00d3N ECON\u00d3MICA Y SOCIAL Y EL GOBIERNO AUT\u00d3NOMO DESCENTRALIZADO PROVINCIAL DE MANAB\u00cd (GADPM)<\/p>\n<p>[\/vc_column_text][\/vc_column_inner][vc_column_inner width=\u00bb1\/6&#8243;][vc_column_text]<\/p>\n<p style=\"text-align: center; font-size: 15px; font-weight: bold; line-height: 17px;\"><span style=\"color: #000000;\">Subasta Inversa Electr\u00f3nica<\/span><\/p>\n<p>[\/vc_column_text][\/vc_column_inner][vc_column_inner width=\u00bb1\/6&#8243;][vc_column_text]<\/p>\n<p style=\"text-align: center; font-size: 15px; font-weight: bold; line-height: 17px;\"><span style=\"color: #000000;\">$ 19,459.16<\/span><\/p>\n<p>[\/vc_column_text][\/vc_column_inner][vc_column_inner width=\u00bb1\/6&#8243;][vc_column_text]<\/p>\n<p style=\"text-align: center; font-size: 13px; font-weight: bold; line-height: 17px; color: #eb9421;\"><a href=\"https:\/\/www.compraspublicas.gob.ec\/ProcesoContratacion\/compras\/PC\/informacionProcesoContratacion2.cpe?idSoliCompra=tPVFBMZ1tWAIG4p4bT6C60rMAoNJpJF9sutKLoI8-lc,\">SIE-GADPDM-2025-018<\/a><\/p>\n<p>[\/vc_column_text][\/vc_column_inner][\/vc_row_inner][vc_row_inner][vc_column_inner width=\u00bb3\/6&#8243;][vc_column_text]<\/p>\n<p style=\"font-size: 10px; line-height: 13px;\">\u201cADQUICISI\u00d3N DE BIENES PARA EQUIPAMIENTO DE 41 UNIDADES DE ATENCI\u00d3N DEL PROYECTO CENTRO DE DESARROLLO INFANTIL (CDI) ENTRE MINISTERIO DE INCLUSI\u00d3N ECON\u00d3MICA Y SOCIAL (MIES) Y EL GOBIERNO AUT\u00d3NOMO DESCENTRALIZADO PROVINCIAL DE MANABI (GADPM)\u201d.<\/p>\n<p>[\/vc_column_text][\/vc_column_inner][vc_column_inner width=\u00bb1\/6&#8243;][vc_column_text]<\/p>\n<p style=\"text-align: center; font-size: 15px; font-weight: bold; line-height: 17px;\"><span style=\"color: #000000;\">Subasta Inversa Electr\u00f3nica<\/span><\/p>\n<p>[\/vc_column_text][\/vc_column_inner][vc_column_inner width=\u00bb1\/6&#8243;][vc_column_text]<\/p>\n<p style=\"text-align: center; font-size: 15px; font-weight: bold; line-height: 17px;\"><span style=\"color: #000000;\">$ 155,800.00<\/span><\/p>\n<p>[\/vc_column_text][\/vc_column_inner][vc_column_inner width=\u00bb1\/6&#8243;][vc_column_text]<\/p>\n<p style=\"text-align: center; font-size: 13px; font-weight: bold; line-height: 17px; color: #eb9421;\"><a href=\"https:\/\/www.compraspublicas.gob.ec\/ProcesoContratacion\/compras\/PC\/informacionProcesoContratacion2.cpe?idSoliCompra=adGmJMSzOqR1Cclzv7yMdrZ3nRaiNp_CD33cwXdssyo,\" target=\"_blank\" rel=\"noopener\">SIE-GADPDM-2025-020<\/a><\/p>\n<p>[\/vc_column_text][\/vc_column_inner][\/vc_row_inner][vc_text_separator title=\u00bbJULIO\u00bb color=\u00bbblack\u00bb css=\u00bb.vc_custom_1776187266244{margin-bottom: 25px !important;}\u00bb][vc_row_inner css=\u00bb.vc_custom_1637945261749{padding-top: 20px !important;background-color: #dbdbdb !important;}\u00bb][vc_column_inner width=\u00bb3\/6&#8243;][vc_column_text css=\u00bb.vc_custom_1637006519394{padding-top: 1px !important;padding-right: 10px !important;padding-bottom: 1px !important;padding-left: 10px !important;}\u00bb]<\/p>\n<h6 style=\"text-align: center;\"><span style=\"color: #000000;\"><strong>OBJETO DEL PROCESO<\/strong><\/span><\/h6>\n<p>[\/vc_column_text][vc_column_text css=\u00bb.vc_custom_1775051220624{margin-bottom: 10px !important;}\u00bb]<\/p>\n<p style=\"font-size: 10px; line-height: 13px;\">CONTRATACI\u00d3N DE PRESTACI\u00d3N DEL SERVICIO EXTERNALIZADO DE ALIMENTACI\u00d3N PARA LOS CENTROS DE DESARROLLO INFANTIL CDI DEL CANT\u00d3N PUERTO L\u00d3PEZ DERIVADOS DEL CONVENIO DE COOPERACI\u00d3N INTERINSTITUCIONAL ENTRE EL MIES Y EL GOBIERNO AUT\u00d3NOMO DESCENTRALIZADO PROVINCIAL DE MANAB\u00cd<\/p>\n<p>[\/vc_column_text][\/vc_column_inner][vc_column_inner width=\u00bb1\/6&#8243;][vc_column_text css=\u00bb.vc_custom_1637006603196{padding-top: 1px !important;padding-right: 10px !important;padding-bottom: 1px !important;padding-left: 10px !important;}\u00bb]<\/p>\n<h6 style=\"text-align: center;\"><span style=\"color: #000000;\"><strong>TIPO DE CONTRATACI\u00d3N<\/strong><\/span><\/h6>\n<p>[\/vc_column_text][vc_column_text]<\/p>\n<p style=\"text-align: center; font-size: 15px; font-weight: bold; line-height: 17px;\"><span style=\"color: #000000;\">Ferias Inclusivas<\/span><\/p>\n<p>[\/vc_column_text][\/vc_column_inner][vc_column_inner width=\u00bb1\/6&#8243;][vc_column_text css=\u00bb.vc_custom_1637006625498{padding-top: 1px !important;padding-right: 10px !important;padding-bottom: 1px !important;padding-left: 10px !important;}\u00bb]<\/p>\n<h6 style=\"text-align: center;\"><span style=\"color: #000000;\"><strong>PRESUPUESTO REFERENCIAL<\/strong><\/span><\/h6>\n<p>[\/vc_column_text][vc_column_text]<\/p>\n<p style=\"text-align: center; font-size: 15px; font-weight: bold; line-height: 17px;\"><span style=\"color: #000000;\">$ 136,271.16<\/span><\/p>\n<p>[\/vc_column_text][\/vc_column_inner][vc_column_inner width=\u00bb1\/6&#8243;][vc_column_text css=\u00bb.vc_custom_1637006647187{padding-top: 1px !important;padding-right: 10px !important;padding-bottom: 1px !important;padding-left: 10px !important;}\u00bb]<\/p>\n<h6 style=\"text-align: center;\"><span style=\"color: #000000;\"><strong>C\u00d3DIGO DEL PROCESO<\/strong><\/span><\/h6>\n<p>[\/vc_column_text][vc_column_text]<\/p>\n<p style=\"text-align: center; font-size: 13px; font-weight: bold; line-height: 17px; color: #eb9421;\"><a href=\"https:\/\/www.compraspublicas.gob.ec\/ProcesoContratacion\/compras\/PC\/informacionProcesoContratacion2.cpe?idSoliCompra=R09GNzewm6de3CO8aM70sdY_QqMewl7HW4IKqfevZRY,\">FI-GADPDM-2025-007<\/a><\/p>\n<p>[\/vc_column_text][\/vc_column_inner][\/vc_row_inner][vc_row_inner][vc_column_inner width=\u00bb3\/6&#8243;][vc_column_text]<\/p>\n<p style=\"font-size: 10px; line-height: 13px;\">CONTRATAR LA PRESTACI\u00d3N DEL SERVICIO EXTERNALIZADO DE ALIMENTACI\u00d3N PARA LOS CENTROS DE DESARROLLO INFANTIL CDI DEL CANT\u00d3N PORTOVIEJO DERIVADOS DEL CONVENIO DE COOPERACI\u00d3N INTERINSTITUCIONAL ENTRE EL MIES Y EL GOBIERNO AUT\u00d3NOMO DESCENTRALIZADO PROVINCIAL DE MANAB\u00cd<\/p>\n<p>[\/vc_column_text][\/vc_column_inner][vc_column_inner width=\u00bb1\/6&#8243;][vc_column_text]<\/p>\n<p style=\"text-align: center; font-size: 15px; font-weight: bold; line-height: 17px;\"><span style=\"color: #000000;\">Ferias Inclusivas<\/span><\/p>\n<p>[\/vc_column_text][\/vc_column_inner][vc_column_inner width=\u00bb1\/6&#8243;][vc_column_text]<\/p>\n<p style=\"text-align: center; font-size: 15px; font-weight: bold; line-height: 17px;\"><span style=\"color: #000000;\">$ 409,891.05<\/span><\/p>\n<p>[\/vc_column_text][\/vc_column_inner][vc_column_inner width=\u00bb1\/6&#8243;][vc_column_text]<\/p>\n<p style=\"text-align: center; font-size: 13px; font-weight: bold; line-height: 17px; color: #eb9421;\"><a href=\"https:\/\/www.compraspublicas.gob.ec\/ProcesoContratacion\/compras\/PC\/informacionProcesoContratacion2.cpe?idSoliCompra=XjRjDcJEuQN5mwiVqpR9cLznGoWIeu_or_ZTg1szHBI,\" target=\"_blank\" rel=\"noopener\">FI-GADPDM-2025-008<\/a><\/p>\n<p>[\/vc_column_text][\/vc_column_inner][\/vc_row_inner][vc_row_inner css=\u00bb.vc_custom_1637945261749{padding-top: 20px !important;background-color: #dbdbdb !important;}\u00bb][vc_column_inner width=\u00bb3\/6&#8243;][vc_column_text css=\u00bb.vc_custom_1776435270381{margin-bottom: 10px !important;}\u00bb]<\/p>\n<p style=\"font-size: 10px; line-height: 13px;\">CONTRATACI\u00d3N DE PRESTACI\u00d3N DEL SERVICIO EXTERNALIZADO DE ALIMENTACI\u00d3N PARA LOS CENTROS DE DESARROLLO INFANTIL CDI DEL CANT\u00d3N JIPIJAPA DERIVADOS DEL CONVENIO DE COOPERACI\u00d3N INTERINSTITUCIONAL ENTRE EL MIES Y EL GOBIERNO AUT\u00d3NOMO DESCENTRALIZADO PROVINCIAL DE MANAB\u00cd<\/p>\n<p>[\/vc_column_text][\/vc_column_inner][vc_column_inner width=\u00bb1\/6&#8243;][vc_column_text]<\/p>\n<p style=\"text-align: center; font-size: 15px; font-weight: bold; line-height: 17px;\"><span style=\"color: #000000;\">Ferias Inclusivas<\/span><\/p>\n<p>[\/vc_column_text][\/vc_column_inner][vc_column_inner width=\u00bb1\/6&#8243;][vc_column_text]<\/p>\n<p style=\"text-align: center; font-size: 15px; font-weight: bold; line-height: 17px;\"><span style=\"color: #000000;\">$ 60,564.96<\/span><\/p>\n<p>[\/vc_column_text][\/vc_column_inner][vc_column_inner width=\u00bb1\/6&#8243;][vc_column_text]<\/p>\n<p style=\"text-align: center; font-size: 13px; font-weight: bold; line-height: 17px; color: #eb9421;\"><a href=\"https:\/\/www.compraspublicas.gob.ec\/ProcesoContratacion\/compras\/PC\/informacionProcesoContratacion2.cpe?idSoliCompra=AJVVjsGFtHhUiT03bDxJ6-HNNOW1VB98-PsrDRSJP1s,\">FI-GADPDM-2025-009<\/a><\/p>\n<p>[\/vc_column_text][\/vc_column_inner][\/vc_row_inner][vc_text_separator title=\u00bbAGOSTO\u00bb color=\u00bbblack\u00bb css=\u00bb.vc_custom_1776187286732{margin-bottom: 25px !important;}\u00bb][vc_row_inner][vc_column_inner width=\u00bb3\/6&#8243;][vc_column_text]<\/p>\n<p style=\"font-size: 10px; line-height: 13px;\"><span style=\"font-size: 10px;\">ADQUISICI\u00d3N DE MEDICAMENTOS ANTIPARASITARIOS PARA LA ATENCI\u00d3N DE GRUPOS PRIORITARIOS DE LAS BRIGADAS DE SALUD DEL PROYECTO MANAB\u00cd SALUDABLE DEL GOBIERNO AUT\u00d3NOMO DESCENTRALIZADO PROVINCIAL DE MANAB\u00cd<\/span><\/p>\n<p>[\/vc_column_text][\/vc_column_inner][vc_column_inner width=\u00bb1\/6&#8243;][vc_column_text]<\/p>\n<p style=\"text-align: center; font-size: 15px; font-weight: bold; line-height: 17px;\"><span style=\"color: #000000;\">Subasta Inversa Electr\u00f3nica<\/span><\/p>\n<p>[\/vc_column_text][\/vc_column_inner][vc_column_inner width=\u00bb1\/6&#8243;][vc_column_text]<\/p>\n<p style=\"text-align: center; font-size: 15px; font-weight: bold; line-height: 17px;\"><span style=\"color: #000000;\">$ 23,616.00<\/span><\/p>\n<p>[\/vc_column_text][\/vc_column_inner][vc_column_inner width=\u00bb1\/6&#8243;][vc_column_text]<\/p>\n<p style=\"text-align: center; font-size: 13px; font-weight: bold; line-height: 17px; color: #eb9421;\"><a href=\"https:\/\/www.compraspublicas.gob.ec\/ProcesoContratacion\/compras\/PC\/informacionProcesoContratacion2.cpe?idSoliCompra=B9LOcnIOia9PWBwP5-ANuUjYgEZT-C03w1ZMTql6zT8,\" target=\"_blank\" rel=\"noopener\">SIE-GADPDM-2025-032<\/a><\/p>\n<p>[\/vc_column_text][\/vc_column_inner][\/vc_row_inner][vc_text_separator title=\u00bbSEPTIEMBRE\u00bb color=\u00bbblack\u00bb css=\u00bb.vc_custom_1776187323669{margin-bottom: 25px !important;}\u00bb][vc_row_inner css=\u00bb.vc_custom_1637945261749{padding-top: 20px !important;background-color: #dbdbdb !important;}\u00bb][vc_column_inner width=\u00bb3\/6&#8243;][vc_column_text css=\u00bb.vc_custom_1637006519394{padding-top: 1px !important;padding-right: 10px !important;padding-bottom: 1px !important;padding-left: 10px !important;}\u00bb]<\/p>\n<h6 style=\"text-align: center;\"><span style=\"color: #000000;\"><strong>OBJETO DEL PROCESO<\/strong><\/span><\/h6>\n<p>[\/vc_column_text][vc_column_text css=\u00bb.vc_custom_1776435722930{margin-bottom: 10px !important;}\u00bb]<\/p>\n<p style=\"font-size: 10px; line-height: 13px;\">ADQUISICI\u00d3N DE MATERIAL DID\u00c1CTICO PARA LAS 41 UNIDADES DE ATENCI\u00d3N DEL CONVENIO DE COOPERACI\u00d3N T\u00c9CNICO ECON\u00d3MICO No.DI-04-13D01-26445-D ENTRE EL MINISTERIO DE INCLUSI\u00d3N ECON\u00d3MICA Y SOCIAL &#8211; MIES Y GOBIERNO PROVINCIAL DE MANABI (GAD)PARA LA IMPLEMENTACI\u00d2N DE SERVICIOS DE DESARROLLO INFANTIL INTEGRAL EN LA MODALIDAD CENTRO DE DESARROLLO INFANTIL -CDI -MIES (DIRECTOS- CONVENIO)<\/p>\n<p>[\/vc_column_text][\/vc_column_inner][vc_column_inner width=\u00bb1\/6&#8243;][vc_column_text css=\u00bb.vc_custom_1637006603196{padding-top: 1px !important;padding-right: 10px !important;padding-bottom: 1px !important;padding-left: 10px !important;}\u00bb]<\/p>\n<h6 style=\"text-align: center;\"><span style=\"color: #000000;\"><strong>TIPO DE CONTRATACI\u00d3N<\/strong><\/span><\/h6>\n<p>[\/vc_column_text][vc_column_text]<\/p>\n<p style=\"text-align: center; font-size: 15px; font-weight: bold; line-height: 17px;\"><span style=\"color: #000000;\">Subasta Inversa Electr\u00f3nica<\/span><\/p>\n<p>[\/vc_column_text][\/vc_column_inner][vc_column_inner width=\u00bb1\/6&#8243;][vc_column_text css=\u00bb.vc_custom_1637006625498{padding-top: 1px !important;padding-right: 10px !important;padding-bottom: 1px !important;padding-left: 10px !important;}\u00bb]<\/p>\n<h6 style=\"text-align: center;\"><span style=\"color: #000000;\"><strong>PRESUPUESTO REFERENCIAL<\/strong><\/span><\/h6>\n<p>[\/vc_column_text][vc_column_text]<\/p>\n<p style=\"text-align: center; font-size: 15px; font-weight: bold; line-height: 17px;\"><span style=\"color: #000000;\">$ 14,995.71<\/span><\/p>\n<p>[\/vc_column_text][\/vc_column_inner][vc_column_inner width=\u00bb1\/6&#8243;][vc_column_text css=\u00bb.vc_custom_1637006647187{padding-top: 1px !important;padding-right: 10px !important;padding-bottom: 1px !important;padding-left: 10px !important;}\u00bb]<\/p>\n<h6 style=\"text-align: center;\"><span style=\"color: #000000;\"><strong>C\u00d3DIGO DEL PROCESO<\/strong><\/span><\/h6>\n<p>[\/vc_column_text][vc_column_text]<\/p>\n<p style=\"text-align: center; font-size: 13px; font-weight: bold; line-height: 17px; color: #eb9421;\"><a href=\"https:\/\/www.compraspublicas.gob.ec\/ProcesoContratacion\/compras\/PC\/informacionProcesoContratacion2.cpe?idSoliCompra=Wt-9PywFoeXcGj3exz2AZs1r9iGVyiud3SC-4gxiyls,\">SIE-GADPDM-2025-033<\/a><\/p>\n<p>[\/vc_column_text][\/vc_column_inner][\/vc_row_inner][vc_text_separator title=\u00bbDICIEMBRE\u00bb color=\u00bbblack\u00bb css=\u00bb.vc_custom_1776187338077{margin-bottom: 25px !important;}\u00bb][vc_row_inner][vc_column_inner width=\u00bb3\/6&#8243;][vc_column_text]<\/p>\n<p style=\"font-size: 10px; line-height: 13px;\">ADQUISICI\u00d3N DE MEDICAMENTOS DERMATOL\u00d3GICOS PARA LA ATENCI\u00d3N DE GRUPOS PRIORITARIOS DE LAS BRIGADAS DE SALUD DEL PROYECTO MANAB\u00cd SALUDABLE DEL GOBIERNO AUT\u00d3NOMO DESCENTRALIZADO PROVINCIAL DE MANAB\u00cd<\/p>\n<p>[\/vc_column_text][\/vc_column_inner][vc_column_inner width=\u00bb1\/6&#8243;][vc_column_text]<\/p>\n<p style=\"text-align: center; font-size: 15px; font-weight: bold; line-height: 17px;\"><span style=\"color: #000000;\">Subasta Inversa Electr\u00f3nica<\/span><\/p>\n<p>[\/vc_column_text][\/vc_column_inner][vc_column_inner width=\u00bb1\/6&#8243;][vc_column_text]<\/p>\n<p style=\"text-align: center; font-size: 15px; font-weight: bold; line-height: 17px;\"><span style=\"color: #000000;\">$ 19,765.84<\/span><\/p>\n<p>[\/vc_column_text][\/vc_column_inner][vc_column_inner width=\u00bb1\/6&#8243;][vc_column_text]<\/p>\n<p style=\"text-align: center; font-size: 13px; font-weight: bold; line-height: 17px; color: #eb9421;\"><a href=\"https:\/\/www.compraspublicas.gob.ec\/ProcesoContratacion\/compras\/PC\/informacionProcesoContratacion2.cpe?idSoliCompra=2-UBKkSm4A26RR2UHvlPhTYjwNxVp200rX9ba-AW4D0,\" target=\"_blank\" rel=\"noopener\">SIE-GADPDM-2025-044<\/a><\/p>\n<p>[\/vc_column_text][\/vc_column_inner][\/vc_row_inner][vc_row_inner css=\u00bb.vc_custom_1637945261749{padding-top: 20px !important;background-color: #dbdbdb !important;}\u00bb][vc_column_inner width=\u00bb3\/6&#8243;][vc_column_text css=\u00bb.vc_custom_1776436285910{margin-bottom: 10px !important;}\u00bb]<\/p>\n<p style=\"font-size: 10px; line-height: 13px;\">ADQUISICI\u00d3N DE DISPOSITIVOS ODONTOL\u00d3GICOS PARA LA ATENCION DE GRUPOS PRIORITARIOS DE LAS BRIGADAS DE SALUD DEL PROYECTO MANAB\u00cd SALUDABLE DEL GOBIERNO AUT\u00d3NOMO DESCENTRALIZADO PROVINCIAL DE MANAB\u00cd<\/p>\n<p>[\/vc_column_text][\/vc_column_inner][vc_column_inner width=\u00bb1\/6&#8243;][vc_column_text]<\/p>\n<p style=\"text-align: center; font-size: 15px; font-weight: bold; line-height: 17px;\"><span style=\"color: #000000;\">Subasta Inversa Electr\u00f3nica<\/span><\/p>\n<p>[\/vc_column_text][\/vc_column_inner][vc_column_inner width=\u00bb1\/6&#8243;][vc_column_text]<\/p>\n<p style=\"text-align: center; font-size: 15px; font-weight: bold; line-height: 17px;\"><span style=\"color: #000000;\">$ 24,947.94<\/span><\/p>\n<p>[\/vc_column_text][\/vc_column_inner][vc_column_inner width=\u00bb1\/6&#8243;][vc_column_text]<\/p>\n<p style=\"text-align: center; font-size: 13px; font-weight: bold; line-height: 17px; color: #eb9421;\"><a href=\"https:\/\/www.compraspublicas.gob.ec\/ProcesoContratacion\/compras\/PC\/informacionProcesoContratacion2.cpe?idSoliCompra=73PbTlZKV7l6EU7mSFQHcmBQFfbOLYymfOkNgl8-aSM,\">SIE-GADPDM-2025-049<\/a><\/p>\n<p>[\/vc_column_text][\/vc_column_inner][\/vc_row_inner][vc_row_inner][vc_column_inner width=\u00bb3\/6&#8243;][vc_column_text]<\/p>\n<p style=\"font-size: 10px; line-height: 13px;\">ADQUISICI\u00d3N DE INSUMOS OPTOMETRICOS PARA LA ATENCI\u00d3N DE GRUPOS PRIORITARIOS A TRAV\u00c9S DE LAS BRIGADAS M\u00d3VILES COMUNITARIAS DE SALUD<\/p>\n<p>[\/vc_column_text][\/vc_column_inner][vc_column_inner width=\u00bb1\/6&#8243;][vc_column_text]<\/p>\n<p style=\"text-align: center; font-size: 15px; font-weight: bold; line-height: 17px;\"><span style=\"color: #000000;\">Subasta Inversa Electr\u00f3nica<\/span><\/p>\n<p>[\/vc_column_text][\/vc_column_inner][vc_column_inner width=\u00bb1\/6&#8243;][vc_column_text]<\/p>\n<p style=\"text-align: center; font-size: 15px; font-weight: bold; line-height: 17px;\"><span style=\"color: #000000;\"><b>$ 22,372.50<\/b><\/span><\/p>\n<p>[\/vc_column_text][\/vc_column_inner][vc_column_inner width=\u00bb1\/6&#8243;][vc_column_text]<\/p>\n<p style=\"text-align: center; font-size: 13px; font-weight: bold; line-height: 17px; color: #eb9421;\"><a href=\"https:\/\/www.compraspublicas.gob.ec\/ProcesoContratacion\/compras\/PC\/informacionProcesoContratacion2.cpe?idSoliCompra=gpJxNqL9WVOmD_rsk-merOxzNU1lxOZjxRhAS1EIwI0,\" target=\"_blank\" rel=\"noopener\">SIE-GADPDM-2025-051<\/a><\/p>\n<p>[\/vc_column_text][\/vc_column_inner][\/vc_row_inner][vc_row_inner css=\u00bb.vc_custom_1637945261749{padding-top: 20px !important;background-color: #dbdbdb !important;}\u00bb][vc_column_inner width=\u00bb3\/6&#8243;][vc_column_text css=\u00bb.vc_custom_1637006519394{padding-top: 1px !important;padding-right: 10px !important;padding-bottom: 1px !important;padding-left: 10px !important;}\u00bb]<\/p>\n<h6 style=\"text-align: center;\"><span style=\"color: #000000;\"><strong>OBJETO DEL PROCESO<\/strong><\/span><\/h6>\n<p>[\/vc_column_text][vc_column_text css=\u00bb.vc_custom_1776436655702{margin-bottom: 10px !important;}\u00bb]<\/p>\n<p style=\"font-size: 10px; line-height: 13px;\">ADQUISICI\u00d3N DE AYUDAS HUMANITARIAS PARA LA ATENCI\u00d3N DE LOS GRUPOS DE ATENCI\u00d3N PRIORITARIA DE LA PROVINCIA DE MANAB\u00cd<\/p>\n<p>[\/vc_column_text][\/vc_column_inner][vc_column_inner width=\u00bb1\/6&#8243;][vc_column_text css=\u00bb.vc_custom_1637006603196{padding-top: 1px !important;padding-right: 10px !important;padding-bottom: 1px !important;padding-left: 10px !important;}\u00bb]<\/p>\n<h6 style=\"text-align: center;\"><span style=\"color: #000000;\"><strong>TIPO DE CONTRATACI\u00d3N<\/strong><\/span><\/h6>\n<p>[\/vc_column_text][vc_column_text]<\/p>\n<p style=\"text-align: center; font-size: 15px; font-weight: bold; line-height: 17px;\"><span style=\"color: #000000;\">Subasta Inversa Electr\u00f3nica<\/span><\/p>\n<p>[\/vc_column_text][\/vc_column_inner][vc_column_inner width=\u00bb1\/6&#8243;][vc_column_text css=\u00bb.vc_custom_1637006625498{padding-top: 1px !important;padding-right: 10px !important;padding-bottom: 1px !important;padding-left: 10px !important;}\u00bb]<\/p>\n<h6 style=\"text-align: center;\"><span style=\"color: #000000;\"><strong>PRESUPUESTO REFERENCIAL<\/strong><\/span><\/h6>\n<p>[\/vc_column_text][vc_column_text]<\/p>\n<p style=\"text-align: center; font-size: 15px; font-weight: bold; line-height: 17px;\"><span style=\"color: #000000;\">$ 138,058.93<\/span><\/p>\n<p>[\/vc_column_text][\/vc_column_inner][vc_column_inner width=\u00bb1\/6&#8243;][vc_column_text css=\u00bb.vc_custom_1637006647187{padding-top: 1px !important;padding-right: 10px !important;padding-bottom: 1px !important;padding-left: 10px !important;}\u00bb]<\/p>\n<h6 style=\"text-align: center;\"><span style=\"color: #000000;\"><strong>C\u00d3DIGO DEL PROCESO<\/strong><\/span><\/h6>\n<p>[\/vc_column_text][vc_column_text]<\/p>\n<p style=\"text-align: center; font-size: 13px; font-weight: bold; line-height: 17px; color: #eb9421;\"><a href=\"https:\/\/www.compraspublicas.gob.ec\/ProcesoContratacion\/compras\/PC\/informacionProcesoContratacion2.cpe?idSoliCompra=Te1kRH11gtZe5BF6Tz-CrPPW0gRNRbGMvuw4RnVC1ec,\">SIE-GADPDM-2025-052<\/a><\/p>\n<p>[\/vc_column_text][\/vc_column_inner][\/vc_row_inner][vc_row_inner][vc_column_inner width=\u00bb3\/6&#8243;][vc_column_text]<\/p>\n<p style=\"font-size: 10px; line-height: 13px;\">ADQUISICI\u00d3N DE MEDICAMENTOS GASTROINTESTINALES PARA LA ATENCI\u00d3N DE GRUPOS PRIORITARIOS DE LAS BRIGADAS DE SALUD DEL PROYECTO MANAB\u00cd SALUDABLE DEL GOBIERNO AUT\u00d3NOMO DESCENTRALIZADO PROVINCIAL DE MANAB\u00cd<\/p>\n<p>[\/vc_column_text][\/vc_column_inner][vc_column_inner width=\u00bb1\/6&#8243;][vc_column_text]<\/p>\n<p style=\"text-align: center; font-size: 15px; font-weight: bold; line-height: 17px;\"><span style=\"color: #000000;\">Subasta Inversa Electr\u00f3nica<\/span><\/p>\n<p>[\/vc_column_text][\/vc_column_inner][vc_column_inner width=\u00bb1\/6&#8243;][vc_column_text]<\/p>\n<p style=\"text-align: center; font-size: 15px; font-weight: bold; line-height: 17px;\"><span style=\"color: #000000;\">$ 65,400.00<\/span><\/p>\n<p>[\/vc_column_text][\/vc_column_inner][vc_column_inner width=\u00bb1\/6&#8243;][vc_column_text]<\/p>\n<p style=\"text-align: center; font-size: 13px; font-weight: bold; line-height: 17px; color: #eb9421;\"><a href=\"https:\/\/www.compraspublicas.gob.ec\/ProcesoContratacion\/compras\/PC\/informacionProcesoContratacion2.cpe?idSoliCompra=udAQukWG8C17nCDrK8noJzKFrR9emL-HGuM25unD_BU,\" target=\"_blank\" rel=\"noopener\">SIE-GADPDM-2025-040<\/a><\/p>\n<p>[\/vc_column_text][\/vc_column_inner][\/vc_row_inner][vc_row_inner css=\u00bb.vc_custom_1637945261749{padding-top: 20px !important;background-color: #dbdbdb !important;}\u00bb][vc_column_inner width=\u00bb3\/6&#8243;][vc_column_text css=\u00bb.vc_custom_1776437279762{margin-bottom: 10px !important;}\u00bb]<\/p>\n<p style=\"font-size: 10px; line-height: 13px;\">ADQUISICI\u00d3N DE INSUMOS OPTOMETRICOS PARA LA ATENCI\u00d3N DE GRUPOS PRIORITARIOS A TRAV\u00c9S DE LAS BRIGADAS M\u00d3VILES COMUNITARIAS DE SALUD<\/p>\n<p>[\/vc_column_text][\/vc_column_inner][vc_column_inner width=\u00bb1\/6&#8243;][vc_column_text]<\/p>\n<p style=\"text-align: center; font-size: 15px; font-weight: bold; line-height: 17px;\"><span style=\"color: #000000;\">Subasta Inversa Electr\u00f3nica<\/span><\/p>\n<p>[\/vc_column_text][\/vc_column_inner][vc_column_inner width=\u00bb1\/6&#8243;][vc_column_text]<\/p>\n<p style=\"text-align: center; font-size: 15px; font-weight: bold; line-height: 17px;\"><span style=\"color: #000000;\">$ 22,372.50<\/span><\/p>\n<p>[\/vc_column_text][\/vc_column_inner][vc_column_inner width=\u00bb1\/6&#8243;][vc_column_text]<\/p>\n<p style=\"text-align: center; font-size: 13px; font-weight: bold; line-height: 17px; color: #eb9421;\"><a href=\"https:\/\/www.compraspublicas.gob.ec\/ProcesoContratacion\/compras\/PC\/informacionProcesoContratacion2.cpe?idSoliCompra=DrAv5Xcyp2YFEVBod--OmeGKqCGP2du7dFeF3UzvIcc,\">SIE-GADPDM-2025-045<\/a><\/p>\n<p>[\/vc_column_text][\/vc_column_inner][\/vc_row_inner][\/vc_tta_section][vc_tta_section title=\u00bb2024&#8243; tab_id=\u00bb1776186995585-1ecc2c3c-8c9d\u00bb][vc_text_separator title=\u00bbJULIO\u00bb color=\u00bbblack\u00bb css=\u00bb.vc_custom_1774988018316{margin-bottom: 25px !important;}\u00bb][vc_row_inner][vc_column_inner width=\u00bb3\/6&#8243;][vc_column_text css=\u00bb.vc_custom_1637006519394{padding-top: 1px !important;padding-right: 10px !important;padding-bottom: 1px !important;padding-left: 10px !important;}\u00bb]<\/p>\n<h6 style=\"text-align: center;\"><span style=\"color: #000000;\"><strong>OBJETO DEL PROCESO<\/strong><\/span><\/h6>\n<p>[\/vc_column_text][vc_column_text]<\/p>\n<p style=\"font-size: 10px; line-height: 13px;\">MANTENIMIENTO DE INFRAESTRUCTURA DE VEINTITR\u00c9S (23) CENTROS DE DESARROLLO INFANTIL (CDI), UBICADOS EN LAS PARROQUIAS DE: ANDR\u00c9S DE VERA, PICOAZA, CRUCITA, SAN PL\u00c1CIDO, ABD\u00d3N CALDER\u00d3N, RIOCHICO, FRANCISCO PACHECO, COL\u00d3N, 18 DE OCTUBRE Y SAN PABLO DEL CANT\u00d3N PORTOVIEJO DE LA PROVINCIA DE MANAB\u00cd<\/p>\n<p>[\/vc_column_text][\/vc_column_inner][vc_column_inner width=\u00bb1\/6&#8243;][vc_column_text css=\u00bb.vc_custom_1637006603196{padding-top: 1px !important;padding-right: 10px !important;padding-bottom: 1px !important;padding-left: 10px !important;}\u00bb]<\/p>\n<h6 style=\"text-align: center;\"><span style=\"color: #000000;\"><strong>TIPO DE CONTRATACI\u00d3N<\/strong><\/span><\/h6>\n<p>[\/vc_column_text][vc_column_text]<\/p>\n<p style=\"text-align: center; font-size: 15px; font-weight: bold; line-height: 17px;\"><span style=\"color: #000000;\">Menor Cuant\u00eda<\/span><\/p>\n<p>[\/vc_column_text][\/vc_column_inner][vc_column_inner width=\u00bb1\/6&#8243;][vc_column_text css=\u00bb.vc_custom_1637006625498{padding-top: 1px !important;padding-right: 10px !important;padding-bottom: 1px !important;padding-left: 10px !important;}\u00bb]<\/p>\n<h6 style=\"text-align: center;\"><span style=\"color: #000000;\"><strong>PRESUPUESTO REFERENCIAL<\/strong><\/span><\/h6>\n<p>[\/vc_column_text][vc_column_text]<\/p>\n<p style=\"text-align: center; font-size: 15px; font-weight: bold; line-height: 17px;\"><span style=\"color: #000000;\">$ 43,331.96<\/span><\/p>\n<p>[\/vc_column_text][\/vc_column_inner][vc_column_inner width=\u00bb1\/6&#8243;][vc_column_text css=\u00bb.vc_custom_1637006647187{padding-top: 1px !important;padding-right: 10px !important;padding-bottom: 1px !important;padding-left: 10px !important;}\u00bb]<\/p>\n<h6 style=\"text-align: center;\"><span style=\"color: #000000;\"><strong>C\u00d3DIGO DEL PROCESO<\/strong><\/span><\/h6>\n<p>[\/vc_column_text][vc_column_text]<\/p>\n<p style=\"text-align: center; font-size: 13px; font-weight: bold; line-height: 17px; color: #eb9421;\"><a href=\"https:\/\/www.compraspublicas.gob.ec\/ProcesoContratacion\/compras\/PC\/informacionProcesoContratacion2.cpe?idSoliCompra=pzPdvXNovMX-bOe2FQu_BcesxRNBgu1e-dXfLG8uwaI,\" target=\"_blank\" rel=\"noopener\">MCO-GADPDM-2024-001<\/a><\/p>\n<p>[\/vc_column_text][\/vc_column_inner][\/vc_row_inner][vc_row_inner css=\u00bb.vc_custom_1637945261749{padding-top: 20px !important;background-color: #dbdbdb !important;}\u00bb][vc_column_inner width=\u00bb3\/6&#8243;][vc_column_text css=\u00bb.vc_custom_1775050452143{margin-bottom: 10px !important;}\u00bb]<\/p>\n<p style=\"font-size: 10px; line-height: 13px;\">MANTENIMIENTO DE INFRAESTRUCTURA DE SEIS (6) CENTROS DE DESARROLLO INFANTIL (CDI), UBICADOS EN LAS PARROQUIAS DE: LAS TUNAS, PUERTO L\u00d3PEZ, AYAMPE Y MACHALILLA DEL CANT\u00d3N PUERTO L\u00d3PEZ DE LA PROVINCIA DE MANAB\u00cd<\/p>\n<p>[\/vc_column_text][\/vc_column_inner][vc_column_inner width=\u00bb1\/6&#8243;][vc_column_text]<\/p>\n<p style=\"text-align: center; font-size: 15px; font-weight: bold; line-height: 17px;\"><span style=\"color: #000000;\">\u00a0Menor Cuant\u00eda<\/span><\/p>\n<p>[\/vc_column_text][\/vc_column_inner][vc_column_inner width=\u00bb1\/6&#8243;][vc_column_text]<\/p>\n<p style=\"text-align: center; font-size: 15px; font-weight: bold; line-height: 17px;\"><span style=\"color: #000000;\">$ 20,387.76<\/span><\/p>\n<p>[\/vc_column_text][\/vc_column_inner][vc_column_inner width=\u00bb1\/6&#8243;][vc_column_text]<\/p>\n<p style=\"text-align: center; font-size: 13px; font-weight: bold; line-height: 17px; color: #eb9421;\"><a href=\"https:\/\/www.compraspublicas.gob.ec\/ProcesoContratacion\/compras\/PC\/informacionProcesoContratacion2.cpe?idSoliCompra=PjkyObOn0ZbAs6e6tLeG-aPEvpFQvSR6eDokCNztGxM,\">MCO-GADPDM-2024-002<\/a><\/p>\n<p>[\/vc_column_text][\/vc_column_inner][\/vc_row_inner][vc_row_inner][vc_column_inner width=\u00bb3\/6&#8243;][vc_column_text]<\/p>\n<p style=\"font-size: 10px; line-height: 13px;\">CONSTRUCCI\u00d3N DEL CENTRO DE SALUD OLMEDO PERTENECIENTE AL DISTRITO 13D04 EN LA PROVINCIA DE MANAB\u00cd- FASE 1<\/p>\n<p>[\/vc_column_text][\/vc_column_inner][vc_column_inner width=\u00bb1\/6&#8243;][vc_column_text]<\/p>\n<p style=\"text-align: center; font-size: 15px; font-weight: bold; line-height: 17px;\"><span style=\"color: #000000;\">Menor Cuant\u00eda<\/span><\/p>\n<p>[\/vc_column_text][\/vc_column_inner][vc_column_inner width=\u00bb1\/6&#8243;][vc_column_text]<\/p>\n<p style=\"text-align: center; font-size: 15px; font-weight: bold; line-height: 17px;\"><span style=\"color: #000000;\">$ 222,504.25<\/span><\/p>\n<p>[\/vc_column_text][\/vc_column_inner][vc_column_inner width=\u00bb1\/6&#8243;][vc_column_text]<\/p>\n<p style=\"text-align: center; font-size: 13px; font-weight: bold; line-height: 17px; color: #eb9421;\"><a href=\"https:\/\/www.compraspublicas.gob.ec\/ProcesoContratacion\/compras\/PC\/informacionProcesoContratacion2.cpe?idSoliCompra=6-Oa8TxnE37yqcAtqlRE8ijbeZBuqarTY1KqgA3ohuM,\" target=\"_blank\" rel=\"noopener\">MCO-GADPDM-2024-003<\/a><\/p>\n<p>[\/vc_column_text][\/vc_column_inner][\/vc_row_inner][vc_row_inner css=\u00bb.vc_custom_1637945261749{padding-top: 20px !important;background-color: #dbdbdb !important;}\u00bb][vc_column_inner width=\u00bb3\/6&#8243;][vc_column_text css=\u00bb.vc_custom_1775050892158{margin-bottom: 10px !important;}\u00bb]<\/p>\n<p style=\"font-size: 10px; line-height: 13px;\">MANTENIMIENTO DE INFRAESTRUCTURA DE SEIS 6 CENTROS DE DESARROLLO INFANTIL CDI, UBICADOS EN LAS PARROQUIAS DE: LASCANO, GUALE, CASCOL Y PAJ\u00c1N DEL CANT\u00d3N PAJ\u00c1N DE LA PROVINCIA DE MANAB\u00cd<\/p>\n<p>[\/vc_column_text][\/vc_column_inner][vc_column_inner width=\u00bb1\/6&#8243;][vc_column_text]<\/p>\n<p style=\"text-align: center; font-size: 15px; font-weight: bold; line-height: 17px;\"><span style=\"color: #000000;\">Menor Cuant\u00eda<\/span><\/p>\n<p>[\/vc_column_text][\/vc_column_inner][vc_column_inner width=\u00bb1\/6&#8243;][vc_column_text]<\/p>\n<p style=\"text-align: center; font-size: 15px; font-weight: bold; line-height: 17px;\"><span style=\"color: #000000;\">$ 25,323.50<\/span><\/p>\n<p>[\/vc_column_text][\/vc_column_inner][vc_column_inner width=\u00bb1\/6&#8243;][vc_column_text]<\/p>\n<p style=\"text-align: center; font-size: 13px; font-weight: bold; line-height: 17px; color: #eb9421;\"><a href=\"https:\/\/www.compraspublicas.gob.ec\/ProcesoContratacion\/compras\/PC\/informacionProcesoContratacion2.cpe?idSoliCompra=baHKeWKRRijcnlZF3KGcIhu2L8ubFk9cbHYcZanb62A,\">MCO-GADPDM-2024-004<\/a><\/p>\n<p>[\/vc_column_text][\/vc_column_inner][\/vc_row_inner][vc_row_inner][vc_column_inner width=\u00bb3\/6&#8243;][vc_column_text]<\/p>\n<p style=\"font-size: 10px; line-height: 13px;\">ADQUISICI\u00d3N DE PROTESIS DENTALES, PARA LA ATENCI\u00d3N ODONTOL\u00d3GICA EN REHABILITACI\u00d3N ORAL, CON LA ENTREGA DE PR\u00d3TESIS DENTALES A LOS GRUPOS DE ATENCI\u00d3N PRIORITARIOS DE LA PROVINCIA DE MANAB\u00cd DENTRO DEL MARCO DEL PROYECTO ROMPIENDO BARRERAS E INTEGRANDO SUE\u00d1OS<\/p>\n<p>[\/vc_column_text][\/vc_column_inner][vc_column_inner width=\u00bb1\/6&#8243;][vc_column_text]<\/p>\n<p style=\"text-align: center; font-size: 15px; font-weight: bold; line-height: 17px;\"><span style=\"color: #000000;\">Subasta Inversa Electr\u00f3nica<\/span><\/p>\n<p>[\/vc_column_text][\/vc_column_inner][vc_column_inner width=\u00bb1\/6&#8243;][vc_column_text]<\/p>\n<p style=\"text-align: center; font-size: 15px; font-weight: bold; line-height: 17px;\"><span style=\"color: #000000;\">$ 36,952.62<\/span><\/p>\n<p>[\/vc_column_text][\/vc_column_inner][vc_column_inner width=\u00bb1\/6&#8243;][vc_column_text]<\/p>\n<p style=\"text-align: center; font-size: 13px; font-weight: bold; line-height: 17px; color: #eb9421;\"><a href=\"https:\/\/www.compraspublicas.gob.ec\/ProcesoContratacion\/compras\/PC\/informacionProcesoContratacion2.cpe?idSoliCompra=upOVLg99-oC8fEkvx4Y86Zp_e-8O37ISMBH9NMXTq5A,\" target=\"_blank\" rel=\"noopener\">SIE-GADPDM-2024-013<\/a><\/p>\n<p>[\/vc_column_text][\/vc_column_inner][\/vc_row_inner][vc_row_inner css=\u00bb.vc_custom_1637945261749{padding-top: 20px !important;background-color: #dbdbdb !important;}\u00bb][vc_column_inner width=\u00bb3\/6&#8243;][vc_column_text css=\u00bb.vc_custom_1775051220624{margin-bottom: 10px !important;}\u00bb]<\/p>\n<p style=\"font-size: 10px; line-height: 13px;\">ADQUISICI\u00d3N DE PR\u00d3TESIS DENTALES, PARA LA ATENCI\u00d3N ODONTOL\u00d3GICA EN REHABILITACI\u00d3N ORAL, CON LA ENTREGA DE PR\u00d3TESIS DENTALES A LOS GRUPOS DE ATENCI\u00d3N PRIORITARIOS DE LA PROVINCIA DE MANAB\u00cd DENTRO DEL MARCO DEL PROYECTO ROMPIENDO BARRERAS E INTEGRANDO SUE\u00d1OS<\/p>\n<p>[\/vc_column_text][\/vc_column_inner][vc_column_inner width=\u00bb1\/6&#8243;][vc_column_text]<\/p>\n<p style=\"text-align: center; font-size: 15px; font-weight: bold; line-height: 17px;\"><span style=\"color: #000000;\">Subasta Inversa Electr\u00f3nica<\/span><\/p>\n<p>[\/vc_column_text][\/vc_column_inner][vc_column_inner width=\u00bb1\/6&#8243;][vc_column_text]<\/p>\n<p style=\"text-align: center; font-size: 15px; font-weight: bold; line-height: 17px;\"><span style=\"color: #000000;\">$ 36,952.62<\/span><\/p>\n<p>[\/vc_column_text][\/vc_column_inner][vc_column_inner width=\u00bb1\/6&#8243;][vc_column_text]<\/p>\n<p style=\"text-align: center; font-size: 13px; font-weight: bold; line-height: 17px; color: #eb9421;\"><a href=\"https:\/\/www.compraspublicas.gob.ec\/ProcesoContratacion\/compras\/PC\/informacionProcesoContratacion2.cpe?idSoliCompra=POxsWTHYwwPIRQhIiIr9WJXduJMKECaVBeUJoL50NLE,\">SIE-GADPDM-2024-015<\/a><\/p>\n<p>[\/vc_column_text][\/vc_column_inner][\/vc_row_inner][vc_text_separator title=\u00bbAGOSTO\u00bb color=\u00bbblack\u00bb css=\u00bb.vc_custom_1774988140812{margin-bottom: 25px !important;}\u00bb][vc_row_inner][vc_column_inner width=\u00bb3\/6&#8243;][vc_column_text css=\u00bb.vc_custom_1637006519394{padding-top: 1px !important;padding-right: 10px !important;padding-bottom: 1px !important;padding-left: 10px !important;}\u00bb]<\/p>\n<h6 style=\"text-align: center;\"><span style=\"color: #000000;\"><strong>OBJETO DEL PROCESO<\/strong><\/span><\/h6>\n<p>[\/vc_column_text][vc_column_text]<\/p>\n<p style=\"font-size: 10px; line-height: 13px;\">CONTRATAR LA PRESTACI\u00d3N DEL SERVICIO EXTERNALIZADO DE ALIMENTACI\u00d3N PARA LOS CENTROS DE DESARROLLO INFANTIL CDI DEL CANT\u00d3N PUERTO L\u00d3PEZ DERIVADOS DEL CONVENIO DE COOPERACI\u00d3N INTERINSTITUCIONAL ENTRE EL MIES Y EL GOBIERNO AUT\u00d3NOMO DESCENTRALIZADO PROVINCIAL DE MANAB\u00cd, SEGUNDA FASE<\/p>\n<p>[\/vc_column_text][\/vc_column_inner][vc_column_inner width=\u00bb1\/6&#8243;][vc_column_text css=\u00bb.vc_custom_1637006603196{padding-top: 1px !important;padding-right: 10px !important;padding-bottom: 1px !important;padding-left: 10px !important;}\u00bb]<\/p>\n<h6 style=\"text-align: center;\"><span style=\"color: #000000;\"><strong>TIPO DE CONTRATACI\u00d3N<\/strong><\/span><\/h6>\n<p>[\/vc_column_text][vc_column_text]<\/p>\n<p style=\"text-align: center; font-size: 15px; font-weight: bold; line-height: 17px;\"><span style=\"color: #000000;\">Ferias Inclusivas<\/span><\/p>\n<p>[\/vc_column_text][\/vc_column_inner][vc_column_inner width=\u00bb1\/6&#8243;][vc_column_text css=\u00bb.vc_custom_1637006625498{padding-top: 1px !important;padding-right: 10px !important;padding-bottom: 1px !important;padding-left: 10px !important;}\u00bb]<\/p>\n<h6 style=\"text-align: center;\"><span style=\"color: #000000;\"><strong>PRESUPUESTO REFERENCIAL<\/strong><\/span><\/h6>\n<p>[\/vc_column_text][vc_column_text]<\/p>\n<p style=\"text-align: center; font-size: 15px; font-weight: bold; line-height: 17px;\"><span style=\"color: #000000;\">$ 78,382.08<\/span><\/p>\n<p>[\/vc_column_text][\/vc_column_inner][vc_column_inner width=\u00bb1\/6&#8243;][vc_column_text css=\u00bb.vc_custom_1637006647187{padding-top: 1px !important;padding-right: 10px !important;padding-bottom: 1px !important;padding-left: 10px !important;}\u00bb]<\/p>\n<h6 style=\"text-align: center;\"><span style=\"color: #000000;\"><strong>C\u00d3DIGO DEL PROCESO<\/strong><\/span><\/h6>\n<p>[\/vc_column_text][vc_column_text]<\/p>\n<p style=\"text-align: center; font-size: 13px; font-weight: bold; line-height: 17px; color: #eb9421;\"><a href=\"https:\/\/www.compraspublicas.gob.ec\/ProcesoContratacion\/compras\/PC\/informacionProcesoContratacion2.cpe?idSoliCompra=v9RPcPDd5SAq6gO1lTSxPj8T--DDosxTUjELOyaOldU,\" target=\"_blank\" rel=\"noopener\">FI-GADPDM-2024-001<\/a><\/p>\n<p>[\/vc_column_text][\/vc_column_inner][\/vc_row_inner][vc_row_inner css=\u00bb.vc_custom_1637945261749{padding-top: 20px !important;background-color: #dbdbdb !important;}\u00bb][vc_column_inner width=\u00bb3\/6&#8243;][vc_column_text css=\u00bb.vc_custom_1775052917228{margin-bottom: 10px !important;}\u00bb]<\/p>\n<p style=\"font-size: 10px; line-height: 13px;\">CONTRATAR LA PRESTACI\u00d3N DEL SERVICIO EXTERNALIZADO DE ALIMENTACI\u00d3N PARA LOS CENTROS DE DESARROLLO INFANTIL CDI DEL CANT\u00d3N PAJ\u00c1N DERIVADOS DEL CONVENIO DE COOPERACI\u00d3N INTERINSTITUCIONAL ENTRE EL MIES Y EL GOBIERNO AUT\u00d3NOMO DESCENTRALIZADO PROVINCIAL DE MANAB\u00cd, SEGUNDA FASE<\/p>\n<p>[\/vc_column_text][\/vc_column_inner][vc_column_inner width=\u00bb1\/6&#8243;][vc_column_text]<\/p>\n<p style=\"text-align: center; font-size: 15px; font-weight: bold; line-height: 17px;\"><span style=\"color: #000000;\">Ferias Inclusivas<\/span><\/p>\n<p>[\/vc_column_text][\/vc_column_inner][vc_column_inner width=\u00bb1\/6&#8243;][vc_column_text]<\/p>\n<p style=\"text-align: center; font-size: 15px; font-weight: bold; line-height: 17px;\"><span style=\"color: #000000;\">$ 52,721.28<\/span><\/p>\n<p>[\/vc_column_text][\/vc_column_inner][vc_column_inner width=\u00bb1\/6&#8243;][vc_column_text]<\/p>\n<p style=\"text-align: center; font-size: 13px; font-weight: bold; line-height: 17px; color: #eb9421;\"><a href=\"https:\/\/www.compraspublicas.gob.ec\/ProcesoContratacion\/compras\/PC\/informacionProcesoContratacion2.cpe?idSoliCompra=VbyFcPyvIIu-QqSdF7iaYeKBzod5nmBnVU4V2199Xqo,\">FI-GADPDM-2024-003<\/a><\/p>\n<p>[\/vc_column_text][\/vc_column_inner][\/vc_row_inner][vc_row_inner][vc_column_inner width=\u00bb3\/6&#8243;][vc_column_text]<\/p>\n<p style=\"font-size: 10px; line-height: 13px;\"><span style=\"font-size: 10px;\">CONSTRUCCI\u00d3N DEL CENTRO DE SALUD OLMEDO PERTENECIENTE AL DISTRITO 13D04 EN LA PROVINCIA DE MANAB\u00cd- FASE 1<\/span><\/p>\n<p>[\/vc_column_text][\/vc_column_inner][vc_column_inner width=\u00bb1\/6&#8243;][vc_column_text]<\/p>\n<p style=\"text-align: center; font-size: 15px; font-weight: bold; line-height: 17px;\"><span style=\"color: #000000;\">Menor Cuant\u00eda<\/span><\/p>\n<p>[\/vc_column_text][\/vc_column_inner][vc_column_inner width=\u00bb1\/6&#8243;][vc_column_text]<\/p>\n<p style=\"text-align: center; font-size: 15px; font-weight: bold; line-height: 17px;\"><span style=\"color: #000000;\">$ 222,504.25<\/span><\/p>\n<p>[\/vc_column_text][\/vc_column_inner][vc_column_inner width=\u00bb1\/6&#8243;][vc_column_text]<\/p>\n<p style=\"text-align: center; font-size: 13px; font-weight: bold; line-height: 17px; color: #eb9421;\"><a href=\"https:\/\/www.compraspublicas.gob.ec\/ProcesoContratacion\/compras\/PC\/informacionProcesoContratacion2.cpe?idSoliCompra=hkvBtg5BV-4XtFVdEGzE9unnIlqW2Okke7tmX-UNJ9E,\" target=\"_blank\" rel=\"noopener\">MCO-GADPDM-2024-005<\/a><\/p>\n<p>[\/vc_column_text][\/vc_column_inner][\/vc_row_inner][vc_text_separator title=\u00bbSEPTIEMBRE\u00bb color=\u00bbblack\u00bb css=\u00bb.vc_custom_1774988214292{margin-bottom: 25px !important;}\u00bb][vc_row_inner css=\u00bb.vc_custom_1637945261749{padding-top: 20px !important;background-color: #dbdbdb !important;}\u00bb][vc_column_inner width=\u00bb3\/6&#8243;][vc_column_text css=\u00bb.vc_custom_1637006519394{padding-top: 1px !important;padding-right: 10px !important;padding-bottom: 1px !important;padding-left: 10px !important;}\u00bb]<\/p>\n<h6 style=\"text-align: center;\"><span style=\"color: #000000;\"><strong>OBJETO DEL PROCESO<\/strong><\/span><\/h6>\n<p>[\/vc_column_text][vc_column_text css=\u00bb.vc_custom_1775054129347{margin-bottom: 10px !important;}\u00bb]<\/p>\n<p style=\"font-size: 10px; line-height: 13px;\">ADQUISICI\u00d3N DE DISPOSITIVOS ODONTOL\u00d3GICOS PARA LA ATENCION DE GRUPOS PRIORITARIOS DE LAS BRIGADAS DE SALUD DEL PROYECTO MANABI SALUDABLE Y LA REHABILITACI\u00d3N ORAL DEL PROYECTO ROMPIENDO BARRERAS DEL GOBIERNO AUT\u00d3NOMO DESCENTRALIZADO PROVINCIAL DE MANAB\u00cd<\/p>\n<p>[\/vc_column_text][\/vc_column_inner][vc_column_inner width=\u00bb1\/6&#8243;][vc_column_text css=\u00bb.vc_custom_1637006603196{padding-top: 1px !important;padding-right: 10px !important;padding-bottom: 1px !important;padding-left: 10px !important;}\u00bb]<\/p>\n<h6 style=\"text-align: center;\"><span style=\"color: #000000;\"><strong>TIPO DE CONTRATACI\u00d3N<\/strong><\/span><\/h6>\n<p>[\/vc_column_text][vc_column_text]<\/p>\n<p style=\"text-align: center; font-size: 15px; font-weight: bold; line-height: 17px;\"><span style=\"color: #000000;\">Subasta Inversa Electr\u00f3nica<\/span><\/p>\n<p>[\/vc_column_text][\/vc_column_inner][vc_column_inner width=\u00bb1\/6&#8243;][vc_column_text css=\u00bb.vc_custom_1637006625498{padding-top: 1px !important;padding-right: 10px !important;padding-bottom: 1px !important;padding-left: 10px !important;}\u00bb]<\/p>\n<h6 style=\"text-align: center;\"><span style=\"color: #000000;\"><strong>PRESUPUESTO REFERENCIAL<\/strong><\/span><\/h6>\n<p>[\/vc_column_text][vc_column_text]<\/p>\n<p style=\"text-align: center; font-size: 15px; font-weight: bold; line-height: 17px;\"><span style=\"color: #000000;\">$ 17,876.11<\/span><\/p>\n<p>[\/vc_column_text][\/vc_column_inner][vc_column_inner width=\u00bb1\/6&#8243;][vc_column_text css=\u00bb.vc_custom_1637006647187{padding-top: 1px !important;padding-right: 10px !important;padding-bottom: 1px !important;padding-left: 10px !important;}\u00bb]<\/p>\n<h6 style=\"text-align: center;\"><span style=\"color: #000000;\"><strong>C\u00d3DIGO DEL PROCESO<\/strong><\/span><\/h6>\n<p>[\/vc_column_text][vc_column_text]<\/p>\n<p style=\"text-align: center; font-size: 13px; font-weight: bold; line-height: 17px; color: #eb9421;\"><a href=\"https:\/\/www.compraspublicas.gob.ec\/ProcesoContratacion\/compras\/PC\/informacionProcesoContratacion2.cpe?idSoliCompra=GDRMhQ9IltUi-BOt3DB_aQoz_64KarscCTqGIa1qfd8,\">SIE-GADPDM-2024-024<\/a><\/p>\n<p>[\/vc_column_text][\/vc_column_inner][\/vc_row_inner][vc_row_inner][vc_column_inner width=\u00bb3\/6&#8243;][vc_column_text]<\/p>\n<p style=\"font-size: 10px; line-height: 13px;\">ADQUISICI\u00d3N DE PR\u00d3TESIS DENTALES, PARA LA ATENCI\u00d3N ODONTOL\u00d3GICA EN REHABILITACI\u00d3N ORAL, CON LA ENTREGA DE PR\u00d3TESIS DENTALES A LOS GRUPOS DE ATENCI\u00d3N PRIORITARIOS DE LA PROVINCIA DE MANAB\u00cd DENTRO DEL MARCO DEL PROYECTO ROMPIENDO BARRERAS E INTEGRANDO SUE\u00d1OS<\/p>\n<p>[\/vc_column_text][\/vc_column_inner][vc_column_inner width=\u00bb1\/6&#8243;][vc_column_text]<\/p>\n<p style=\"text-align: center; font-size: 15px; font-weight: bold; line-height: 17px;\"><span style=\"color: #000000;\">Subasta Inversa Electr\u00f3nica<\/span><\/p>\n<p>[\/vc_column_text][\/vc_column_inner][vc_column_inner width=\u00bb1\/6&#8243;][vc_column_text]<\/p>\n<p style=\"text-align: center; font-size: 15px; font-weight: bold; line-height: 17px;\"><span style=\"color: #000000;\">$ 36,952.62<\/span><\/p>\n<p>[\/vc_column_text][\/vc_column_inner][vc_column_inner width=\u00bb1\/6&#8243;][vc_column_text]<\/p>\n<p style=\"text-align: center; font-size: 13px; font-weight: bold; line-height: 17px; color: #eb9421;\"><a href=\"https:\/\/www.compraspublicas.gob.ec\/ProcesoContratacion\/compras\/PC\/informacionProcesoContratacion2.cpe?idSoliCompra=Qr3n10zjtHBD8I7KfGJI5dmYuMcpUwHMqWC6RPjmjoU,\" target=\"_blank\" rel=\"noopener\">SIE-GADPDM-2024-025<\/a><\/p>\n<p>[\/vc_column_text][\/vc_column_inner][\/vc_row_inner][vc_row_inner css=\u00bb.vc_custom_1637945261749{padding-top: 20px !important;background-color: #dbdbdb !important;}\u00bb][vc_column_inner width=\u00bb3\/6&#8243;][vc_column_text css=\u00bb.vc_custom_1775054650740{margin-bottom: 10px !important;}\u00bb]<\/p>\n<p style=\"font-size: 10px; line-height: 13px;\">ADQUISICI\u00d3N DE MATERIAL FUNGIBLE Y DE OFICINA PARA LAS UNIDADES DE ATENCI\u00d3N DEL PROYECTO CDI DEL CONVENIO DE COOPERACI\u00d3N T\u00c9CNICO ECON\u00d3MICO NO. DI-04- 13D01-21951-D ENTRE EL MINISTERIO DE INCLUSI\u00d3N ECON\u00d3MICA Y SOCIAL -MIES Y GOBIERNO AUT\u00d3NOMO DESCENTRALIZADO PROVINCIAL DE MANAB\u00cd (GADPM)<\/p>\n<p>[\/vc_column_text][\/vc_column_inner][vc_column_inner width=\u00bb1\/6&#8243;][vc_column_text]<\/p>\n<p style=\"text-align: center; font-size: 15px; font-weight: bold; line-height: 17px;\"><span style=\"color: #000000;\">Subasta Inversa Electr\u00f3nica<\/span><\/p>\n<p>[\/vc_column_text][\/vc_column_inner][vc_column_inner width=\u00bb1\/6&#8243;][vc_column_text]<\/p>\n<p style=\"text-align: center; font-size: 15px; font-weight: bold; line-height: 17px;\"><span style=\"color: #000000;\">$ 21,092.22<\/span><\/p>\n<p>[\/vc_column_text][\/vc_column_inner][vc_column_inner width=\u00bb1\/6&#8243;][vc_column_text]<\/p>\n<p style=\"text-align: center; font-size: 13px; font-weight: bold; line-height: 17px; color: #eb9421;\"><a href=\"https:\/\/www.compraspublicas.gob.ec\/ProcesoContratacion\/compras\/PC\/informacionProcesoContratacion2.cpe?idSoliCompra=tE8czTbmga_XORkCFh_uZzDDtisn3bXj76UcXtdnDs8,\">SIE-GADPDM-2024-026<\/a><\/p>\n<p>[\/vc_column_text][\/vc_column_inner][\/vc_row_inner][vc_row_inner][vc_column_inner width=\u00bb3\/6&#8243;][vc_column_text]<\/p>\n<p style=\"font-size: 10px; line-height: 13px;\">ADQUISICI\u00d3N DE AYUDAS T\u00c9CNICAS PARA APOYO EN LAS DISCAPACIDADES O LIMITACIONES DE MOVILIDAD DIRIGIDAS A LAS PERSONAS DE LOS GRUPOS DE ATENCI\u00d3N PRIORITARIA DE LA PROVINCIA DE MANAB\u00ec<\/p>\n<p>[\/vc_column_text][\/vc_column_inner][vc_column_inner width=\u00bb1\/6&#8243;][vc_column_text]<\/p>\n<p style=\"text-align: center; font-size: 15px; font-weight: bold; line-height: 17px;\"><span style=\"color: #000000;\">Subasta Inversa Electr\u00f3nica<\/span><\/p>\n<p>[\/vc_column_text][\/vc_column_inner][vc_column_inner width=\u00bb1\/6&#8243;][vc_column_text]<\/p>\n<p style=\"text-align: center; font-size: 15px; font-weight: bold; line-height: 17px;\"><span style=\"color: #000000;\"><b>$ 40,446.01<\/b><\/span><\/p>\n<p>[\/vc_column_text][\/vc_column_inner][vc_column_inner width=\u00bb1\/6&#8243;][vc_column_text]<\/p>\n<p style=\"text-align: center; font-size: 13px; font-weight: bold; line-height: 17px; color: #eb9421;\"><a href=\"https:\/\/www.compraspublicas.gob.ec\/ProcesoContratacion\/compras\/PC\/informacionProcesoContratacion2.cpe?idSoliCompra=qfO7QbH9WdixdCNAMDGxZDRXDqYq9y8OHYtQw4DPec0,\" target=\"_blank\" rel=\"noopener\">SIE-GADPDM-2024-027<\/a><\/p>\n<p>[\/vc_column_text][\/vc_column_inner][\/vc_row_inner][vc_text_separator title=\u00bbOCTUBRE\u00bb color=\u00bbblack\u00bb css=\u00bb.vc_custom_1774988245750{margin-bottom: 25px !important;}\u00bb][vc_row_inner css=\u00bb.vc_custom_1637945261749{padding-top: 20px !important;background-color: #dbdbdb !important;}\u00bb][vc_column_inner width=\u00bb3\/6&#8243;][vc_column_text css=\u00bb.vc_custom_1637006519394{padding-top: 1px !important;padding-right: 10px !important;padding-bottom: 1px !important;padding-left: 10px !important;}\u00bb]<\/p>\n<h6 style=\"text-align: center;\"><span style=\"color: #000000;\"><strong>OBJETO DEL PROCESO<\/strong><\/span><\/h6>\n<p>[\/vc_column_text][vc_column_text css=\u00bb.vc_custom_1775055690683{margin-bottom: 10px !important;}\u00bb]<\/p>\n<p style=\"font-size: 10px; line-height: 13px;\">CONSTRUCCI\u00d3N DE TERRACER\u00cdA Y CANAL DE ENCAUZAMIENTO CORRESPONDIENTES A LA FASE 1 DE LA CONSTRUCCI\u00d3N DEL CENTRO DE SALUD OLMEDO PERTENECIENTE AL DISTRITO 13D04 EN LA PROVINCIA DE MANAB\u00cd<\/p>\n<p>[\/vc_column_text][\/vc_column_inner][vc_column_inner width=\u00bb1\/6&#8243;][vc_column_text css=\u00bb.vc_custom_1637006603196{padding-top: 1px !important;padding-right: 10px !important;padding-bottom: 1px !important;padding-left: 10px !important;}\u00bb]<\/p>\n<h6 style=\"text-align: center;\"><span style=\"color: #000000;\"><strong>TIPO DE CONTRATACI\u00d3N<\/strong><\/span><\/h6>\n<p>[\/vc_column_text][vc_column_text]<\/p>\n<p style=\"text-align: center; font-size: 15px; font-weight: bold; line-height: 17px;\"><span style=\"color: #000000;\">Menor Cuant\u00eda<\/span><\/p>\n<p>[\/vc_column_text][\/vc_column_inner][vc_column_inner width=\u00bb1\/6&#8243;][vc_column_text css=\u00bb.vc_custom_1637006625498{padding-top: 1px !important;padding-right: 10px !important;padding-bottom: 1px !important;padding-left: 10px !important;}\u00bb]<\/p>\n<h6 style=\"text-align: center;\"><span style=\"color: #000000;\"><strong>PRESUPUESTO REFERENCIAL<\/strong><\/span><\/h6>\n<p>[\/vc_column_text][vc_column_text]<\/p>\n<p style=\"text-align: center; font-size: 15px; font-weight: bold; line-height: 17px;\"><span style=\"color: #000000;\">$ 222,504.25<\/span><\/p>\n<p>[\/vc_column_text][\/vc_column_inner][vc_column_inner width=\u00bb1\/6&#8243;][vc_column_text css=\u00bb.vc_custom_1637006647187{padding-top: 1px !important;padding-right: 10px !important;padding-bottom: 1px !important;padding-left: 10px !important;}\u00bb]<\/p>\n<h6 style=\"text-align: center;\"><span style=\"color: #000000;\"><strong>C\u00d3DIGO DEL PROCESO<\/strong><\/span><\/h6>\n<p>[\/vc_column_text][vc_column_text]<\/p>\n<p style=\"text-align: center; font-size: 13px; font-weight: bold; line-height: 17px; color: #eb9421;\"><a href=\"https:\/\/www.compraspublicas.gob.ec\/ProcesoContratacion\/compras\/PC\/informacionProcesoContratacion2.cpe?idSoliCompra=JQTtOCWdwnMc4S5yv3tHlIXBiFcoiFshlHqUkuAauwU,\">MCO-GADPDM-2024-007<\/a><\/p>\n<p>[\/vc_column_text][\/vc_column_inner][\/vc_row_inner][vc_row_inner][vc_column_inner width=\u00bb3\/6&#8243;][vc_column_text]<\/p>\n<p style=\"font-size: 10px; line-height: 13px;\">ADQUISICI\u00d3N DE PR\u00d3TESIS DENTALES, PARA LA ATENCI\u00d3N ODONTOL\u00d3GICA EN REHABILITACI\u00d3N ORAL, CON LA ENTREGA DE PR\u00d3TESIS DENTALES A LOS GRUPOS DE ATENCI\u00d3N PRIORITARIOS DE LA PROVINCIA DE MANAB\u00cd DENTRO DEL MARCO DEL PROYECTO ROMPIENDO BARRERAS E INTEGRANDO SUE\u00d1OS<\/p>\n<p>[\/vc_column_text][\/vc_column_inner][vc_column_inner width=\u00bb1\/6&#8243;][vc_column_text]<\/p>\n<p style=\"text-align: center; font-size: 15px; font-weight: bold; line-height: 17px;\"><span style=\"color: #000000;\">Subasta Inversa Electr\u00f3nica<\/span><\/p>\n<p>[\/vc_column_text][\/vc_column_inner][vc_column_inner width=\u00bb1\/6&#8243;][vc_column_text]<\/p>\n<p style=\"text-align: center; font-size: 15px; font-weight: bold; line-height: 17px;\"><span style=\"color: #000000;\">$ 36,952.62<\/span><\/p>\n<p>[\/vc_column_text][\/vc_column_inner][vc_column_inner width=\u00bb1\/6&#8243;][vc_column_text]<\/p>\n<p style=\"text-align: center; font-size: 13px; font-weight: bold; line-height: 17px; color: #eb9421;\"><a href=\"https:\/\/www.compraspublicas.gob.ec\/ProcesoContratacion\/compras\/PC\/informacionProcesoContratacion2.cpe?idSoliCompra=7v1kiUkVbXvdhfktrcAUqi_afrh067qMoZYvCTG7w8w,\" target=\"_blank\" rel=\"noopener\">SIE-GADPDM-2024-028<\/a><\/p>\n<p>[\/vc_column_text][\/vc_column_inner][\/vc_row_inner][vc_row_inner css=\u00bb.vc_custom_1637945261749{padding-top: 20px !important;background-color: #dbdbdb !important;}\u00bb][vc_column_inner width=\u00bb3\/6&#8243;][vc_column_text css=\u00bb.vc_custom_1775056102146{margin-bottom: 10px !important;}\u00bb]<\/p>\n<p style=\"font-size: 10px; line-height: 13px;\">SERVICIO DE INTERNET A TRAVES DE WIFI GESTIONADO PARA LA ZONA RURAL DE LA PROVINCIA DE MANAB\u00cd<\/p>\n<p>[\/vc_column_text][\/vc_column_inner][vc_column_inner width=\u00bb1\/6&#8243;][vc_column_text]<\/p>\n<p style=\"text-align: center; font-size: 15px; font-weight: bold; line-height: 17px;\"><span style=\"color: #000000;\">Subasta Inversa Electr\u00f3nica<\/span><\/p>\n<p>[\/vc_column_text][\/vc_column_inner][vc_column_inner width=\u00bb1\/6&#8243;][vc_column_text]<\/p>\n<p style=\"text-align: center; font-size: 15px; font-weight: bold; line-height: 17px;\"><span style=\"color: #000000;\">$ 386,451.56<\/span><\/p>\n<p>[\/vc_column_text][\/vc_column_inner][vc_column_inner width=\u00bb1\/6&#8243;][vc_column_text]<\/p>\n<p style=\"text-align: center; font-size: 13px; font-weight: bold; line-height: 17px; color: #eb9421;\"><a href=\"https:\/\/www.compraspublicas.gob.ec\/ProcesoContratacion\/compras\/PC\/informacionProcesoContratacion2.cpe?idSoliCompra=cNnSxDDeCO0tCpRTVyAwFiQLEWTzORk3oe2Jg0QQHoE,\">SIE-GADPDM-2024-029<\/a><\/p>\n<p>[\/vc_column_text][\/vc_column_inner][\/vc_row_inner][vc_row_inner][vc_column_inner width=\u00bb3\/6&#8243;][vc_column_text]<\/p>\n<p style=\"font-size: 10px; line-height: 13px;\">ADQUISICI\u00d3N DE PR\u00d3TESIS DENTALES, PARA LA ATENCI\u00d3N ODONTOL\u00d3GICA EN REHABILITACI\u00d3N ORAL, CON LA ENTREGA DE PR\u00d3TESIS DENTALES A LOS GRUPOS DE ATENCI\u00d3N PRIORITARIOS DE LA PROVINCIA DE MANAB\u00cd DENTRO DEL MARCO DEL PROYECTO ROMPIENDO BARRERAS E INTEGRANDO SUE\u00d1OS<\/p>\n<p>[\/vc_column_text][\/vc_column_inner][vc_column_inner width=\u00bb1\/6&#8243;][vc_column_text]<\/p>\n<p style=\"text-align: center; font-size: 15px; font-weight: bold; line-height: 17px;\"><span style=\"color: #000000;\">Subasta Inversa Electr\u00f3nica<\/span><\/p>\n<p>[\/vc_column_text][\/vc_column_inner][vc_column_inner width=\u00bb1\/6&#8243;][vc_column_text]<\/p>\n<p style=\"text-align: center; font-size: 15px; font-weight: bold; line-height: 17px;\"><span style=\"color: #000000;\">$ 36,952.62<\/span><\/p>\n<p>[\/vc_column_text][\/vc_column_inner][vc_column_inner width=\u00bb1\/6&#8243;][vc_column_text]<\/p>\n<p style=\"text-align: center; font-size: 13px; font-weight: bold; line-height: 17px; color: #eb9421;\"><a href=\"https:\/\/www.compraspublicas.gob.ec\/ProcesoContratacion\/compras\/PC\/informacionProcesoContratacion2.cpe?idSoliCompra=wa8jNiuX2rz5frLnbL5D1q_f9zRkYN80DawPqgfCdnk,\" target=\"_blank\" rel=\"noopener\">SIE-GADPDM-2024-032<\/a><\/p>\n<p>[\/vc_column_text][\/vc_column_inner][\/vc_row_inner][vc_text_separator title=\u00bbNOVIEMBRE\u00bb color=\u00bbblack\u00bb css=\u00bb.vc_custom_1774988273683{margin-bottom: 25px !important;}\u00bb][vc_row_inner css=\u00bb.vc_custom_1637945261749{padding-top: 20px !important;background-color: #dbdbdb !important;}\u00bb][vc_column_inner width=\u00bb3\/6&#8243;][vc_column_text css=\u00bb.vc_custom_1637006519394{padding-top: 1px !important;padding-right: 10px !important;padding-bottom: 1px !important;padding-left: 10px !important;}\u00bb]<\/p>\n<h6 style=\"text-align: center;\"><span style=\"color: #000000;\"><strong>OBJETO DEL PROCESO<\/strong><\/span><\/h6>\n<p>[\/vc_column_text][vc_column_text css=\u00bb.vc_custom_1775056937914{margin-bottom: 10px !important;}\u00bb]<\/p>\n<p style=\"font-size: 10px; line-height: 13px;\">CONTRATACI\u00d3N DEL SERVICIO DE CAPACITACI\u00d3N PARA EL DESARROLLO DE TALLERES L\u00daDICOS DIRIGIDOS A MADRES DEFAMILIA DE NI\u00d1AS Y NI\u00d1OS DE LOS CENTROS DE DESARROLLO INFANTIL EN LOS CANTONES PORTOVIEJO, PAJ\u00c1N Y PUERTO L\u00d3PEZ EN EL MARCO DEL CONVENIO DE COOPERACI\u00d3N T\u00c9CNICO ECON\u00d3MICO NO. DI-04-13D01-21951-D, ENTRE EL MINISTERIO DE INCLUSI\u00d3N ECON\u00d3MICA Y SOCIAL -MIES Y GOBIERNO AUT\u00d3NOMO DESCENTRALIZADO PROVINCIAL DEMANAB\u00cd (GADPM)<\/p>\n<p>[\/vc_column_text][\/vc_column_inner][vc_column_inner width=\u00bb1\/6&#8243;][vc_column_text css=\u00bb.vc_custom_1637006603196{padding-top: 1px !important;padding-right: 10px !important;padding-bottom: 1px !important;padding-left: 10px !important;}\u00bb]<\/p>\n<h6 style=\"text-align: center;\"><span style=\"color: #000000;\"><strong>TIPO DE CONTRATACI\u00d3N<\/strong><\/span><\/h6>\n<p>[\/vc_column_text][vc_column_text]<\/p>\n<p style=\"text-align: center; font-size: 15px; font-weight: bold; line-height: 17px;\"><span style=\"color: #000000;\">Menor Cuant\u00eda<\/span><\/p>\n<p>[\/vc_column_text][\/vc_column_inner][vc_column_inner width=\u00bb1\/6&#8243;][vc_column_text css=\u00bb.vc_custom_1637006625498{padding-top: 1px !important;padding-right: 10px !important;padding-bottom: 1px !important;padding-left: 10px !important;}\u00bb]<\/p>\n<h6 style=\"text-align: center;\"><span style=\"color: #000000;\"><strong>PRESUPUESTO REFERENCIAL<\/strong><\/span><\/h6>\n<p>[\/vc_column_text][vc_column_text]<\/p>\n<p style=\"text-align: center; font-size: 15px; font-weight: bold; line-height: 17px;\"><span style=\"color: #000000;\">$ 16,411.67<\/span><\/p>\n<p>[\/vc_column_text][\/vc_column_inner][vc_column_inner width=\u00bb1\/6&#8243;][vc_column_text css=\u00bb.vc_custom_1637006647187{padding-top: 1px !important;padding-right: 10px !important;padding-bottom: 1px !important;padding-left: 10px !important;}\u00bb]<\/p>\n<h6 style=\"text-align: center;\"><span style=\"color: #000000;\"><strong>C\u00d3DIGO DEL PROCESO<\/strong><\/span><\/h6>\n<p>[\/vc_column_text][vc_column_text]<\/p>\n<p style=\"text-align: center; font-size: 13px; font-weight: bold; line-height: 17px; color: #eb9421;\"><a href=\"https:\/\/www.compraspublicas.gob.ec\/ProcesoContratacion\/compras\/PC\/informacionProcesoContratacion2.cpe?idSoliCompra=V-X1QbDNxIQCD2CfEvnVKn7CcaHZEHAqneZ21edr_m0,\">MCS-GADPDM-2024-005<\/a><\/p>\n<p>[\/vc_column_text][\/vc_column_inner][\/vc_row_inner][vc_row_inner][vc_column_inner width=\u00bb3\/6&#8243;][vc_column_text]<\/p>\n<p style=\"font-size: 10px; line-height: 13px;\">SERVICIO DE INTERNET A TRAV\u00c9S DE WIFI GESTIONADO PARA LA ZONA RURAL DE LA PROVINCIA DE MANAB\u00cd<\/p>\n<p>[\/vc_column_text][\/vc_column_inner][vc_column_inner width=\u00bb1\/6&#8243;][vc_column_text]<\/p>\n<p style=\"text-align: center; font-size: 15px; font-weight: bold; line-height: 17px;\"><span style=\"color: #000000;\">Subasta Inversa Electr\u00f3nica<\/span><\/p>\n<p>[\/vc_column_text][\/vc_column_inner][vc_column_inner width=\u00bb1\/6&#8243;][vc_column_text]<\/p>\n<p style=\"text-align: center; font-size: 15px; font-weight: bold; line-height: 17px;\"><span style=\"color: #000000;\">$ 422,699.12<\/span><\/p>\n<p>[\/vc_column_text][\/vc_column_inner][vc_column_inner width=\u00bb1\/6&#8243;][vc_column_text]<\/p>\n<p style=\"text-align: center; font-size: 13px; font-weight: bold; line-height: 17px; color: #eb9421;\"><a href=\"https:\/\/www.compraspublicas.gob.ec\/ProcesoContratacion\/compras\/PC\/informacionProcesoContratacion2.cpe?idSoliCompra=As1T14N_v-xwhDQxLtNg3Obs1DpgCM-nV0GdAYMnxHc,\" target=\"_blank\" rel=\"noopener\">SIE-GADPDM-2024-033<\/a><\/p>\n<p>[\/vc_column_text][\/vc_column_inner][\/vc_row_inner][vc_row_inner css=\u00bb.vc_custom_1637945261749{padding-top: 20px !important;background-color: #dbdbdb !important;}\u00bb][vc_column_inner width=\u00bb3\/6&#8243;][vc_column_text css=\u00bb.vc_custom_1775057270032{margin-bottom: 10px !important;}\u00bb]<\/p>\n<p style=\"font-size: 10px; line-height: 13px;\">ADQUISICI\u00d3N DE AYUDAS T\u00c9CNICAS PARA APOYO EN LAS DISCAPACIDADES O LIMITACIONES DE MOVILIDAD DIRIGIDAS A LAS PERSONAS DE LOS GRUPOS DE ATENCI\u00d3N PRIORITARIA DE LA PROVINCIA DE MANABI<\/p>\n<p>[\/vc_column_text][\/vc_column_inner][vc_column_inner width=\u00bb1\/6&#8243;][vc_column_text]<\/p>\n<p style=\"text-align: center; font-size: 15px; font-weight: bold; line-height: 17px;\"><span style=\"color: #000000;\">Subasta Inversa Electr\u00f3nica<\/span><\/p>\n<p>[\/vc_column_text][\/vc_column_inner][vc_column_inner width=\u00bb1\/6&#8243;][vc_column_text]<\/p>\n<p style=\"text-align: center; font-size: 15px; font-weight: bold; line-height: 17px;\"><span style=\"color: #000000;\">$ 40,446.01<\/span><\/p>\n<p>[\/vc_column_text][\/vc_column_inner][vc_column_inner width=\u00bb1\/6&#8243;][vc_column_text]<\/p>\n<p style=\"text-align: center; font-size: 13px; font-weight: bold; line-height: 17px; color: #eb9421;\"><a href=\"https:\/\/www.compraspublicas.gob.ec\/ProcesoContratacion\/compras\/PC\/informacionProcesoContratacion2.cpe?idSoliCompra=tneSEQgOy3bga9v2vRDRlH06-my4IqqWvlODfk1bcI0,\">SIE-GADPDM-2024-037<\/a><\/p>\n<p>[\/vc_column_text][\/vc_column_inner][\/vc_row_inner][vc_row_inner][vc_column_inner width=\u00bb3\/6&#8243;][vc_column_text]<\/p>\n<p style=\"font-size: 10px; line-height: 13px;\">ADQUISICI\u00d3N DE MEDICAMENTOS DERMATOL\u00d3GICOS PARA LA ATENCI\u00d3N DE GRUPOS PRIORITARIOS DE LAS BRIGADAS DE SALUD DEL PROYECTO MANAB\u00cd SALUDABLE DEL GOBIERNO AUT\u00d3NOMO DESCENTRALIZADO PROVINCIAL DE MANAB\u00cd<\/p>\n<p>[\/vc_column_text][\/vc_column_inner][vc_column_inner width=\u00bb1\/6&#8243;][vc_column_text]<\/p>\n<p style=\"text-align: center; font-size: 15px; font-weight: bold; line-height: 17px;\"><span style=\"color: #000000;\">Subasta Inversa Electr\u00f3nica<\/span><\/p>\n<p>[\/vc_column_text][\/vc_column_inner][vc_column_inner width=\u00bb1\/6&#8243;][vc_column_text]<\/p>\n<p style=\"text-align: center; font-size: 15px; font-weight: bold; line-height: 17px;\"><span style=\"color: #000000;\">$ 17,039.89<\/span><\/p>\n<p>[\/vc_column_text][\/vc_column_inner][vc_column_inner width=\u00bb1\/6&#8243;][vc_column_text]<\/p>\n<p style=\"text-align: center; font-size: 13px; font-weight: bold; line-height: 17px; color: #eb9421;\"><a href=\"https:\/\/www.compraspublicas.gob.ec\/ProcesoContratacion\/compras\/PC\/informacionProcesoContratacion2.cpe?idSoliCompra=HDzdtufZJCkcTzd6NkOh_eK9qLe5yL6Bt49WIF7KXbY,\" target=\"_blank\" rel=\"noopener\">SIE-GADPDM-2024-040<\/a><\/p>\n<p>[\/vc_column_text][\/vc_column_inner][\/vc_row_inner][vc_row_inner css=\u00bb.vc_custom_1637945261749{padding-top: 20px !important;background-color: #dbdbdb !important;}\u00bb][vc_column_inner width=\u00bb3\/6&#8243;][vc_column_text css=\u00bb.vc_custom_1775057724848{margin-bottom: 10px !important;}\u00bb]<\/p>\n<p style=\"font-size: 10px; line-height: 13px;\">CONTRATACI\u00d3N DE BRANDEO PARA 43 UNIDADES DE ATENCI\u00d3N DE CENTROS DE DESARROLLO INFANTIL PARA CUMPLIR CON LA EJECUCI\u00d3N DEL CONVENIO ENTRE MINISTERIO DE INCLUSI\u00d3N ECON\u00d3MICA Y SOCIAL Y EL GOBIERNO AUT\u00d3NOMO DESCENTRALIZADO PROVINCIAL DE MANAB\u00cd (GADPM)<\/p>\n<p>[\/vc_column_text][\/vc_column_inner][vc_column_inner width=\u00bb1\/6&#8243;][vc_column_text]<\/p>\n<p style=\"text-align: center; font-size: 15px; font-weight: bold; line-height: 17px;\"><span style=\"color: #000000;\">Subasta Inversa Electr\u00f3nica<\/span><\/p>\n<p>[\/vc_column_text][\/vc_column_inner][vc_column_inner width=\u00bb1\/6&#8243;][vc_column_text]<\/p>\n<p style=\"text-align: center; font-size: 15px; font-weight: bold; line-height: 17px;\"><span style=\"color: #000000;\">$ 17,666.84<\/span><\/p>\n<p>[\/vc_column_text][\/vc_column_inner][vc_column_inner width=\u00bb1\/6&#8243;][vc_column_text]<\/p>\n<p style=\"text-align: center; font-size: 13px; font-weight: bold; line-height: 17px; color: #eb9421;\"><a href=\"https:\/\/www.compraspublicas.gob.ec\/ProcesoContratacion\/compras\/PC\/informacionProcesoContratacion2.cpe?idSoliCompra=qKuCqeBwvwIVTrXK5HhN8mA-Z6YB9-YmXouq7o-244M,\">SIE-GADPDM-2024-041<\/a><\/p>\n<p>[\/vc_column_text][\/vc_column_inner][\/vc_row_inner][vc_row_inner][vc_column_inner width=\u00bb3\/6&#8243;][vc_column_text]<\/p>\n<p style=\"font-size: 10px; line-height: 13px;\">ADQUISICI\u00d3N DE MEDICAMENTOS ANTIMICROBIANOS PARA LA ATENCI\u00d3N DE GRUPOS PRIORITARIOS DE LAS BRIGADAS DE SALUD DEL PROYECTO MANAB\u00cd SALUDABLE DEL GOBIERNO AUT\u00d3NOMO DESCENTRALIZADO PROVINCIAL DE MANABI<\/p>\n<p>[\/vc_column_text][\/vc_column_inner][vc_column_inner width=\u00bb1\/6&#8243;][vc_column_text]<\/p>\n<p style=\"text-align: center; font-size: 15px; font-weight: bold; line-height: 17px;\"><span style=\"color: #000000;\">Subasta Inversa Electr\u00f3nica<\/span><\/p>\n<p>[\/vc_column_text][\/vc_column_inner][vc_column_inner width=\u00bb1\/6&#8243;][vc_column_text]<\/p>\n<p style=\"text-align: center; font-size: 15px; font-weight: bold; line-height: 17px;\"><span style=\"color: #000000;\">$ 30,634.18<\/span><\/p>\n<p>[\/vc_column_text][\/vc_column_inner][vc_column_inner width=\u00bb1\/6&#8243;][vc_column_text]<\/p>\n<p style=\"text-align: center; font-size: 13px; font-weight: bold; line-height: 17px; color: #eb9421;\"><a href=\"https:\/\/www.compraspublicas.gob.ec\/ProcesoContratacion\/compras\/PC\/informacionProcesoContratacion2.cpe?idSoliCompra=vrHnmAg8Fl5apZ1Xj06gw8tv5KSPz9zu-qNROV6Aikk,\" target=\"_blank\" rel=\"noopener\">SIE-GADPDM-2024-043<\/a><\/p>\n<p>[\/vc_column_text][\/vc_column_inner][\/vc_row_inner][vc_text_separator title=\u00bbDICIEMBRE\u00bb color=\u00bbblack\u00bb css=\u00bb.vc_custom_1682700392732{margin-bottom: 25px !important;}\u00bb][vc_row_inner css=\u00bb.vc_custom_1637945261749{padding-top: 20px !important;background-color: #dbdbdb !important;}\u00bb][vc_column_inner width=\u00bb3\/6&#8243;][vc_column_text css=\u00bb.vc_custom_1637006519394{padding-top: 1px !important;padding-right: 10px !important;padding-bottom: 1px !important;padding-left: 10px !important;}\u00bb]<\/p>\n<h6 style=\"text-align: center;\"><span style=\"color: #000000;\"><strong>OBJETO DEL PROCESO<\/strong><\/span><\/h6>\n<p>[\/vc_column_text][vc_column_text css=\u00bb.vc_custom_1775058420357{margin-bottom: 10px !important;}\u00bb]<\/p>\n<p style=\"font-size: 10px; line-height: 13px;\">ADQUISICI\u00d3N DE MATERIAL DID\u00c1CTICO PARA LAS 43 UNIDADES DE ATENCI\u00d3N DEL PROYECTO CDI DEL CONVENIO DE COOPERACI\u00d3N T\u00c9CNICO ECON\u00d3MICO NO. DI-04-13D01-21951-D ENTRE EL MINISTERIO DE INCLUSI\u00d3N ECON\u00d3MICA Y SOCIAL -MIES Y GOBIERNO AUT\u00d3NOMO DESCENTRALIZADO PROVINCIAL DE MANAB\u00cd (GADPM)<\/p>\n<p>[\/vc_column_text][\/vc_column_inner][vc_column_inner width=\u00bb1\/6&#8243;][vc_column_text css=\u00bb.vc_custom_1637006603196{padding-top: 1px !important;padding-right: 10px !important;padding-bottom: 1px !important;padding-left: 10px !important;}\u00bb]<\/p>\n<h6 style=\"text-align: center;\"><span style=\"color: #000000;\"><strong>TIPO DE CONTRATACI\u00d3N<\/strong><\/span><\/h6>\n<p>[\/vc_column_text][vc_column_text]<\/p>\n<p style=\"text-align: center; font-size: 15px; font-weight: bold; line-height: 17px;\"><span style=\"color: #000000;\">Subasta Inversa Electr\u00f3nica<\/span><\/p>\n<p>[\/vc_column_text][\/vc_column_inner][vc_column_inner width=\u00bb1\/6&#8243;][vc_column_text css=\u00bb.vc_custom_1637006625498{padding-top: 1px !important;padding-right: 10px !important;padding-bottom: 1px !important;padding-left: 10px !important;}\u00bb]<\/p>\n<h6 style=\"text-align: center;\"><span style=\"color: #000000;\"><strong>PRESUPUESTO REFERENCIAL<\/strong><\/span><\/h6>\n<p>[\/vc_column_text][vc_column_text]<\/p>\n<p style=\"text-align: center; font-size: 15px; font-weight: bold; line-height: 17px;\"><span style=\"color: #000000;\">$ 40,734.54<\/span><\/p>\n<p>[\/vc_column_text][\/vc_column_inner][vc_column_inner width=\u00bb1\/6&#8243;][vc_column_text css=\u00bb.vc_custom_1637006647187{padding-top: 1px !important;padding-right: 10px !important;padding-bottom: 1px !important;padding-left: 10px !important;}\u00bb]<\/p>\n<h6 style=\"text-align: center;\"><span style=\"color: #000000;\"><strong>C\u00d3DIGO DEL PROCESO<\/strong><\/span><\/h6>\n<p>[\/vc_column_text][vc_column_text]<\/p>\n<p style=\"text-align: center; font-size: 13px; font-weight: bold; line-height: 17px; color: #eb9421;\"><a href=\"https:\/\/www.compraspublicas.gob.ec\/ProcesoContratacion\/compras\/PC\/informacionProcesoContratacion2.cpe?idSoliCompra=Mj9FjeeFyi0wRROkrmTZEHpsMHdXIVQoxQtbXpW_qCY,\">SIE-GADPDM-2024-049<\/a><\/p>\n<p>[\/vc_column_text][\/vc_column_inner][\/vc_row_inner][vc_row_inner][vc_column_inner width=\u00bb3\/6&#8243;][vc_column_text]<\/p>\n<p style=\"font-size: 10px; line-height: 13px;\">ADQUISICI\u00d3N DE MEDICAMENTOS ANTIPARASITARIOS PARA LA ATENCI\u00d3N DE GRUPOS PRIORITARIOS DE LAS BRIGADAS DE SALUD DEL PROYECTO MANAB\u00cd SALUDABLE DEL GOBIERNO AUT\u00d3NOMO DESCENTRALIZADO PROVINCIAL DE MANAB\u00cd<\/p>\n<p>[\/vc_column_text][\/vc_column_inner][vc_column_inner width=\u00bb1\/6&#8243;][vc_column_text]<\/p>\n<p style=\"text-align: center; font-size: 15px; font-weight: bold; line-height: 17px;\"><span style=\"color: #000000;\">Subasta Inversa Electr\u00f3nica<\/span><\/p>\n<p>[\/vc_column_text][\/vc_column_inner][vc_column_inner width=\u00bb1\/6&#8243;][vc_column_text]<\/p>\n<p style=\"text-align: center; font-size: 15px; font-weight: bold; line-height: 17px;\"><span style=\"color: #000000;\">$ 21,406.14<\/span><\/p>\n<p>[\/vc_column_text][\/vc_column_inner][vc_column_inner width=\u00bb1\/6&#8243;][vc_column_text]<\/p>\n<p style=\"text-align: center; font-size: 13px; font-weight: bold; line-height: 17px; color: #eb9421;\"><a href=\"https:\/\/www.compraspublicas.gob.ec\/ProcesoContratacion\/compras\/PC\/informacionProcesoContratacion2.cpe?idSoliCompra=he8AzbzAiC_XA2Op0h6WLXyNJbFxni3flXSVA3ATjvA,\" target=\"_blank\" rel=\"noopener\">SIE-GADPDM-2024-052<\/a><\/p>\n<p>[\/vc_column_text][\/vc_column_inner][\/vc_row_inner][vc_row_inner css=\u00bb.vc_custom_1637945261749{padding-top: 20px !important;background-color: #dbdbdb !important;}\u00bb][vc_column_inner width=\u00bb3\/6&#8243;][vc_column_text css=\u00bb.vc_custom_1775058826302{margin-bottom: 10px !important;}\u00bb]<\/p>\n<p style=\"font-size: 10px; line-height: 13px;\">ADQUISICI\u00d3N DE MEDICAMENTOS CARDIOVASCULARES PARA LA ATENCI\u00d3N DE GRUPOS PRIORITARIOS DE LAS BRIGADAS DE SALUD DEL PROYECTO MANAB\u00cd SALUDABLE DEL GOBIERNO AUT\u00d3NOMO DESCENTRALIZADO PROVINCIAL DE MANAB\u00cd<\/p>\n<p>[\/vc_column_text][\/vc_column_inner][vc_column_inner width=\u00bb1\/6&#8243;][vc_column_text]<\/p>\n<p style=\"text-align: center; font-size: 15px; font-weight: bold; line-height: 17px;\"><span style=\"color: #000000;\">Subasta Inversa Electr\u00f3nica<\/span><\/p>\n<p>[\/vc_column_text][\/vc_column_inner][vc_column_inner width=\u00bb1\/6&#8243;][vc_column_text]<\/p>\n<p style=\"text-align: center; font-size: 15px; font-weight: bold; line-height: 17px;\"><span style=\"color: #000000;\">$ 16,883.32<\/span><\/p>\n<p>[\/vc_column_text][\/vc_column_inner][vc_column_inner width=\u00bb1\/6&#8243;][vc_column_text]<\/p>\n<p style=\"text-align: center; font-size: 13px; font-weight: bold; line-height: 17px; color: #eb9421;\"><a href=\"https:\/\/www.compraspublicas.gob.ec\/ProcesoContratacion\/compras\/PC\/informacionProcesoContratacion2.cpe?idSoliCompra=Tfy6II2JzDAvneuKajkYXK-BZeRBzAzwCmw0ejpBH4A,\">SIE-GADPDM-2024-053<\/a><\/p>\n<p>[\/vc_column_text][\/vc_column_inner][\/vc_row_inner][vc_row_inner][vc_column_inner width=\u00bb3\/6&#8243;][vc_column_text]<\/p>\n<p style=\"font-size: 10px; line-height: 13px;\">ADQUISICI\u00d3N DE VITAMINAS PARA LA ATENCI\u00d3N DE GRUPOS PRIORITARIOS DE LAS BRIGADAS DE SALUD DEL PROYECTO MANAB\u00cd SALUDABLE DEL GOBIERNO AUT\u00d3NOMO DESCENTRALIZADO PROVINCIAL DE MANAB\u00cd<\/p>\n<p>[\/vc_column_text][\/vc_column_inner][vc_column_inner width=\u00bb1\/6&#8243;][vc_column_text]<\/p>\n<p style=\"text-align: center; font-size: 15px; font-weight: bold; line-height: 17px;\"><span style=\"color: #000000;\">Subasta Inversa Electr\u00f3nica<\/span><\/p>\n<p>[\/vc_column_text][\/vc_column_inner][vc_column_inner width=\u00bb1\/6&#8243;][vc_column_text]<\/p>\n<p style=\"text-align: center; font-size: 15px; font-weight: bold; line-height: 17px;\"><span style=\"color: #000000;\">$ 113,425.46<\/span><\/p>\n<p>[\/vc_column_text][\/vc_column_inner][vc_column_inner width=\u00bb1\/6&#8243;][vc_column_text]<\/p>\n<p style=\"text-align: center; font-size: 13px; font-weight: bold; line-height: 17px; color: #eb9421;\"><a href=\"https:\/\/www.compraspublicas.gob.ec\/ProcesoContratacion\/compras\/PC\/informacionProcesoContratacion2.cpe?idSoliCompra=8QFdlXpslayu0yN_-yAbUZu2q0cYiHo6C6YNvpY_HCs,\" target=\"_blank\" rel=\"noopener\">SIE-GADPDM-2024-054<\/a><\/p>\n<p>[\/vc_column_text][\/vc_column_inner][\/vc_row_inner][vc_row_inner css=\u00bb.vc_custom_1637945261749{padding-top: 20px !important;background-color: #dbdbdb !important;}\u00bb][vc_column_inner width=\u00bb3\/6&#8243;][vc_column_text css=\u00bb.vc_custom_1775059216629{margin-bottom: 10px !important;}\u00bb]<\/p>\n<p style=\"font-size: 10px; line-height: 13px;\">ADQUISICI\u00d3N DE MEDICAMENTOS RESPIRATORIOS PARA LAATENCI\u00d3N DE GRUPOS PRIORITARIOS DE LAS BRIGADAS DE SALUD DEL PROYECTO MANAB\u00cd SALUDABLE DEL GOBIERNO AUT\u00d3NOMO DESCENTRALIZADO PROVINCIAL DE MANAB\u00cd<\/p>\n<p>[\/vc_column_text][\/vc_column_inner][vc_column_inner width=\u00bb1\/6&#8243;][vc_column_text]<\/p>\n<p style=\"text-align: center; font-size: 15px; font-weight: bold; line-height: 17px;\"><span style=\"color: #000000;\">Subasta Inversa Electr\u00f3nica<\/span><\/p>\n<p>[\/vc_column_text][\/vc_column_inner][vc_column_inner width=\u00bb1\/6&#8243;][vc_column_text]<\/p>\n<p style=\"text-align: center; font-size: 15px; font-weight: bold; line-height: 17px;\"><span style=\"color: #000000;\">$ 71,800.06<\/span><\/p>\n<p>[\/vc_column_text][\/vc_column_inner][vc_column_inner width=\u00bb1\/6&#8243;][vc_column_text]<\/p>\n<p style=\"text-align: center; font-size: 13px; font-weight: bold; line-height: 17px; color: #eb9421;\"><a href=\"https:\/\/www.compraspublicas.gob.ec\/ProcesoContratacion\/compras\/PC\/informacionProcesoContratacion2.cpe?idSoliCompra=xzfjdujmushYMPsnAV06dXXuaeIJ_fbp9qtwwcS1f6g,\">SIE-GADPDM-2024-055<\/a><\/p>\n<p>[\/vc_column_text][\/vc_column_inner][\/vc_row_inner][vc_row_inner][vc_column_inner width=\u00bb3\/6&#8243;][vc_column_text]<\/p>\n<p style=\"font-size: 10px; line-height: 13px;\">ADQUISICI\u00d3N DE SUPLEMENTOS PARA LA ATENCI\u00d3N DE GRUPOS PRIORITARIOS DE LAS BRIGADAS DE SALUD DEL PROYECTO MANAB\u00cd SALUDABLE DEL GOBIERNO AUT\u00d3NOMO DESCENTRALIZADO PROVINCIAL DE MANAB\u00cd<\/p>\n<p>[\/vc_column_text][\/vc_column_inner][vc_column_inner width=\u00bb1\/6&#8243;][vc_column_text]<\/p>\n<p style=\"text-align: center; font-size: 15px; font-weight: bold; line-height: 17px;\"><span style=\"color: #000000;\">Subasta Inversa Electr\u00f3nica<\/span><\/p>\n<p>[\/vc_column_text][\/vc_column_inner][vc_column_inner width=\u00bb1\/6&#8243;][vc_column_text]<\/p>\n<p style=\"text-align: center; font-size: 15px; font-weight: bold; line-height: 17px;\"><span style=\"color: #000000;\">$ 78,924.70<\/span><\/p>\n<p>[\/vc_column_text][\/vc_column_inner][vc_column_inner width=\u00bb1\/6&#8243;][vc_column_text]<\/p>\n<p style=\"text-align: center; font-size: 13px; font-weight: bold; line-height: 17px; color: #eb9421;\"><a href=\"https:\/\/www.compraspublicas.gob.ec\/ProcesoContratacion\/compras\/PC\/informacionProcesoContratacion2.cpe?idSoliCompra=b7ik-cWjmy8oL5l7f8RXAA5LboJyc2f3juwVFGe7C0I,\" target=\"_blank\" rel=\"noopener\">SIE-GADPDM-2024-056<\/a><\/p>\n<p>[\/vc_column_text][\/vc_column_inner][\/vc_row_inner][vc_row_inner css=\u00bb.vc_custom_1637945261749{padding-top: 20px !important;background-color: #dbdbdb !important;}\u00bb][vc_column_inner width=\u00bb3\/6&#8243;][vc_column_text css=\u00bb.vc_custom_1775059614299{margin-bottom: 10px !important;}\u00bb]<\/p>\n<p style=\"font-size: 10px; line-height: 13px;\">ADQUISICI\u00d3N DE MEDICAMENTOS GASTROINTESTINALES PARALA ATENCI\u00d3N DE GRUPOS PRIORITARIOS DE LAS BRIGADAS DE SALUD DELPROYECTO MANAB\u00cd SALUDABLE DEL GOBIERNO AUT\u00d3NOMO DESCENTRALIZADO PROVINCIAL DE MANAB\u00cd<\/p>\n<p>[\/vc_column_text][\/vc_column_inner][vc_column_inner width=\u00bb1\/6&#8243;][vc_column_text]<\/p>\n<p style=\"text-align: center; font-size: 15px; font-weight: bold; line-height: 17px;\"><span style=\"color: #000000;\">Subasta Inversa Electr\u00f3nica<\/span><\/p>\n<p>[\/vc_column_text][\/vc_column_inner][vc_column_inner width=\u00bb1\/6&#8243;][vc_column_text]<\/p>\n<p style=\"text-align: center; font-size: 15px; font-weight: bold; line-height: 17px;\"><span style=\"color: #000000;\">$ 42,002.36<\/span><\/p>\n<p>[\/vc_column_text][\/vc_column_inner][vc_column_inner width=\u00bb1\/6&#8243;][vc_column_text]<\/p>\n<p style=\"text-align: center; font-size: 13px; font-weight: bold; line-height: 17px; color: #eb9421;\"><a href=\"https:\/\/www.compraspublicas.gob.ec\/ProcesoContratacion\/compras\/PC\/informacionProcesoContratacion2.cpe?idSoliCompra=LZv8LNLFSFzbYKESCHAW3-NaJbSPLR_d8mMk81nQ46Y,\">SIE-GADPDM-2024-057<\/a><\/p>\n<p>[\/vc_column_text][\/vc_column_inner][\/vc_row_inner][vc_row_inner][vc_column_inner width=\u00bb3\/6&#8243;][vc_column_text]<\/p>\n<p style=\"font-size: 10px; line-height: 13px;\">SERVICIO DE INTERNET A TRAV\u00c9S DE WIFI GESTIONADO PARA LA ZONA RURAL DE LA PROVINCIA DE MANAB\u00cd<\/p>\n<p>[\/vc_column_text][\/vc_column_inner][vc_column_inner width=\u00bb1\/6&#8243;][vc_column_text]<\/p>\n<p style=\"text-align: center; font-size: 15px; font-weight: bold; line-height: 17px;\"><span style=\"color: #000000;\">Subasta Inversa Electr\u00f3nica<\/span><\/p>\n<p>[\/vc_column_text][\/vc_column_inner][vc_column_inner width=\u00bb1\/6&#8243;][vc_column_text]<\/p>\n<p style=\"text-align: center; font-size: 15px; font-weight: bold; line-height: 17px;\"><span style=\"color: #000000;\">$ 421,659.94<\/span><\/p>\n<p>[\/vc_column_text][\/vc_column_inner][vc_column_inner width=\u00bb1\/6&#8243;][vc_column_text]<\/p>\n<p style=\"text-align: center; font-size: 13px; font-weight: bold; line-height: 17px; color: #eb9421;\"><a href=\"https:\/\/www.compraspublicas.gob.ec\/ProcesoContratacion\/compras\/PC\/informacionProcesoContratacion2.cpe?idSoliCompra=yDDDcwInddRUr4z20yxUwBlxR4ooBXXnaUQ8LT9eWTI,\" target=\"_blank\" rel=\"noopener\">SIE-GADPDM-2024-059<\/a><\/p>\n<p>[\/vc_column_text][\/vc_column_inner][\/vc_row_inner][\/vc_tta_section][vc_tta_section title=\u00bb2023&#8243; tab_id=\u00bb1649253318132-398bd6df-a3cf\u00bb][vc_text_separator title=\u00bbMAYO\u00bb color=\u00bbblack\u00bb css=\u00bb.vc_custom_1774470566626{margin-bottom: 10px !important;}\u00bb][vc_row_inner css=\u00bb.vc_custom_1686675750402{background-color: #dbdbdb !important;}\u00bb][vc_column_inner width=\u00bb3\/6&#8243;][vc_column_text css=\u00bb.vc_custom_1637006519394{padding-top: 1px !important;padding-right: 10px !important;padding-bottom: 1px !important;padding-left: 10px !important;}\u00bb]<\/p>\n<h6 style=\"text-align: center;\"><span style=\"color: #000000;\"><strong>OBJETO DEL PROCESO<\/strong><\/span><\/h6>\n<p>[\/vc_column_text][vc_column_text]<\/p>\n<p style=\"font-size: 10px; line-height: 13px;\">ADQUISICI\u00d3N DE AYUDAS T\u00c9CNICAS PARA APOYO EN LAS DISCAPACIDADES O LIMITACIONES DE MOVILIDAD DIRIGIDAS A LAS PERSONAS DE LOS GRUPOS DE ATENCI\u00d3N PRIORITARIA DE LA PROVINCIA DE MANAB\u00cd<\/p>\n<p>[\/vc_column_text][\/vc_column_inner][vc_column_inner width=\u00bb1\/6&#8243;][vc_column_text css=\u00bb.vc_custom_1637006603196{padding-top: 1px !important;padding-right: 10px !important;padding-bottom: 1px !important;padding-left: 10px !important;}\u00bb]<\/p>\n<h6 style=\"text-align: center;\"><span style=\"color: #000000;\"><strong>TIPO DE CONTRATACI\u00d3N<\/strong><\/span><\/h6>\n<p>[\/vc_column_text][vc_column_text]<\/p>\n<p style=\"text-align: center; font-size: 15px; font-weight: bold; line-height: 17px;\"><span style=\"color: #000000;\">Subasta Inversa Electr\u00f3nica<\/span><\/p>\n<p>[\/vc_column_text][\/vc_column_inner][vc_column_inner width=\u00bb1\/6&#8243;][vc_column_text css=\u00bb.vc_custom_1637006625498{padding-top: 1px !important;padding-right: 10px !important;padding-bottom: 1px !important;padding-left: 10px !important;}\u00bb]<\/p>\n<h6 style=\"text-align: center;\"><span style=\"color: #000000;\"><strong>PRESUPUESTO REFERENCIAL<\/strong><\/span><\/h6>\n<p>[\/vc_column_text][vc_column_text]<\/p>\n<p style=\"text-align: center; font-size: 15px; font-weight: bold; line-height: 17px;\">$ 177,449.78<\/p>\n<p>[\/vc_column_text][\/vc_column_inner][vc_column_inner width=\u00bb1\/6&#8243;][vc_column_text css=\u00bb.vc_custom_1637006647187{padding-top: 1px !important;padding-right: 10px !important;padding-bottom: 1px !important;padding-left: 10px !important;}\u00bb]<\/p>\n<h6 style=\"text-align: center;\"><span style=\"color: #000000;\"><strong>C\u00d3DIGO DEL PROCESO<\/strong><\/span><\/h6>\n<p>[\/vc_column_text][vc_column_text]<\/p>\n<p style=\"text-align: center; font-size: 13px; font-weight: bold; line-height: 17px; color: #eb9421;\"><a href=\"https:\/\/www.compraspublicas.gob.ec\/ProcesoContratacion\/compras\/PC\/informacionProcesoContratacion2.cpe?idSoliCompra=x6O5kVY6OMGEZ4zn6tdLJINpA7itfm5WfAHaOT-7Hgs,\" target=\"_blank\" rel=\"noopener\">SIE-GPM-003-2023<\/a><\/p>\n<p>[\/vc_column_text][\/vc_column_inner][\/vc_row_inner][vc_text_separator title=\u00bbJUNIO\u00bb color=\u00bbblack\u00bb css=\u00bb.vc_custom_1774470577115{margin-top: 25px !important;margin-bottom: 10px !important;}\u00bb][vc_row_inner][vc_column_inner width=\u00bb3\/6&#8243;][vc_column_text]<\/p>\n<p style=\"font-size: 10px; line-height: 13px;\">ADQUISICI\u00d3N DE LENTES POSITIVOS Y NEGATIVOS E INSUMOS OPTOM\u00c9TRICOS PARA LAS BRIGADAS DE SALUD DEL PROYECTO MANAB\u00cd SALUDABLE DEL GOBIERNO PROVINCIAL DE MANAB\u00cd.<\/p>\n<p>[\/vc_column_text][\/vc_column_inner][vc_column_inner width=\u00bb1\/6&#8243;][vc_column_text]<\/p>\n<p style=\"text-align: center; font-size: 15px; font-weight: bold; line-height: 17px;\"><span style=\"color: #000000;\">Subasta Inversa Electr\u00f3nica<\/span><\/p>\n<p>[\/vc_column_text][\/vc_column_inner][vc_column_inner width=\u00bb1\/6&#8243;][vc_column_text]<\/p>\n<p style=\"text-align: center; font-size: 15px; font-weight: bold; line-height: 17px;\">$ 85,498.50<\/p>\n<p>[\/vc_column_text][\/vc_column_inner][vc_column_inner width=\u00bb1\/6&#8243;][vc_column_text]<\/p>\n<p style=\"text-align: center; font-size: 13px; font-weight: bold; line-height: 17px; color: #eb9421;\"><a href=\"https:\/\/www.compraspublicas.gob.ec\/ProcesoContratacion\/compras\/PC\/informacionProcesoContratacion2.cpe?idSoliCompra=UYbGlf2UDZwTl7tzBfThqbcDlQGqbFb7dDAMwIJltMo,\" target=\"_blank\" rel=\"noopener\">SIE-GPM-009-2023<\/a><\/p>\n<p>[\/vc_column_text][\/vc_column_inner][\/vc_row_inner][vc_text_separator title=\u00bbJULIO\u00bb color=\u00bbblack\u00bb css=\u00bb.vc_custom_1774470587194{margin-bottom: 10px !important;}\u00bb][vc_row_inner css=\u00bb.vc_custom_1774470604850{padding-top: 25px !important;background-color: #dbdbdb !important;}\u00bb][vc_column_inner width=\u00bb3\/6&#8243;][vc_column_text]<\/p>\n<p style=\"font-size: 10px; line-height: 13px;\">ADQUISICI\u00d3N DE VITAMINAS PARA LA ATENCI\u00d3N DE GRUPOS PRIORITARIOS A TRAV\u00c9S DE LAS BRIGADAS M\u00d3VILES COMUNITARIAS DE SALUD DEL GOBIERNO PROVINCIAL DE MANAB\u00cd.<\/p>\n<p>[\/vc_column_text][\/vc_column_inner][vc_column_inner width=\u00bb1\/6&#8243;][vc_column_text]<\/p>\n<p style=\"text-align: center; font-size: 15px; font-weight: bold; line-height: 17px;\"><span style=\"color: #000000;\">Subasta Inversa Electr\u00f3nica<\/span><\/p>\n<p>[\/vc_column_text][\/vc_column_inner][vc_column_inner width=\u00bb1\/6&#8243;][vc_column_text]<\/p>\n<p style=\"text-align: center; font-size: 15px; font-weight: bold; line-height: 17px;\">$ 127,779.50<\/p>\n<p>[\/vc_column_text][\/vc_column_inner][vc_column_inner width=\u00bb1\/6&#8243;][vc_column_text]<\/p>\n<p style=\"text-align: center; font-size: 13px; font-weight: bold; line-height: 17px; color: #eb9421;\"><a href=\"https:\/\/www.compraspublicas.gob.ec\/ProcesoContratacion\/compras\/PC\/informacionProcesoContratacion2.cpe?idSoliCompra=37viIiQtDNxXzzeCc2bWcUyUL-OODdSWkui7rV2Xz_k,\" target=\"_blank\" rel=\"noopener\">SIE-GPM-011-2023<\/a><\/p>\n<p>[\/vc_column_text][\/vc_column_inner][\/vc_row_inner][vc_row_inner][vc_column_inner width=\u00bb3\/6&#8243;][vc_column_text]<\/p>\n<p style=\"font-size: 10px; line-height: 13px;\">ADQUISICI\u00d3N DE MEDICAMENTOS ANTIMICROBIANOS PARA LA ATENCI\u00d3N DE GRUPOS PRIORITARIOS A TRAV\u00c9S DE LAS BRIGADAS M\u00d3VILES COMUNITARIAS DE SALUD DEL GOBIERNO PROVINCIAL DE MANAB\u00cd<\/p>\n<p>[\/vc_column_text][\/vc_column_inner][vc_column_inner width=\u00bb1\/6&#8243;][vc_column_text]<\/p>\n<p style=\"text-align: center; font-size: 15px; font-weight: bold; line-height: 17px;\"><span style=\"color: #000000;\">Subasta Inversa Electr\u00f3nica<\/span><\/p>\n<p>[\/vc_column_text][\/vc_column_inner][vc_column_inner width=\u00bb1\/6&#8243;][vc_column_text]<\/p>\n<p style=\"text-align: center; font-size: 15px; font-weight: bold; line-height: 17px;\">$ 22,669.34<\/p>\n<p>[\/vc_column_text][\/vc_column_inner][vc_column_inner width=\u00bb1\/6&#8243;][vc_column_text]<\/p>\n<p style=\"text-align: center; font-size: 13px; font-weight: bold; line-height: 17px; color: #eb9421;\"><a href=\"https:\/\/www.compraspublicas.gob.ec\/ProcesoContratacion\/compras\/PC\/informacionProcesoContratacion2.cpe?idSoliCompra=2dp4gLkhPj5KvymuCaJwvNV7dzYgfK4e6jYkPecauJM,\" target=\"_blank\" rel=\"noopener\">SIE-GPM-012-2023<\/a><\/p>\n<p>[\/vc_column_text][\/vc_column_inner][\/vc_row_inner][vc_row_inner css=\u00bb.vc_custom_1774471356048{padding-top: 25px !important;background-color: #dbdbdb !important;}\u00bb][vc_column_inner width=\u00bb3\/6&#8243;][vc_column_text]<\/p>\n<p style=\"font-size: 10px; line-height: 13px;\">ADQUISICI\u00d3N DE MEDICAMENTOS ANTIPARASITARIOS PARA LA ATENCI\u00d3N DE GRUPOS PRIORITARIOS A TRAVES DE LAS BRIGADAS M\u00d3VILES COMUNITARIAS DE SALUD DEL GOBIERNO PROVINCIAL DE MANAB\u00cd<\/p>\n<p>[\/vc_column_text][\/vc_column_inner][vc_column_inner width=\u00bb1\/6&#8243;][vc_column_text]<\/p>\n<p style=\"text-align: center; font-size: 15px; font-weight: bold; line-height: 17px;\"><span style=\"color: #000000;\">Subasta Inversa Electr\u00f3nica<\/span><\/p>\n<p>[\/vc_column_text][\/vc_column_inner][vc_column_inner width=\u00bb1\/6&#8243;][vc_column_text]<\/p>\n<p style=\"text-align: center; font-size: 15px; font-weight: bold; line-height: 17px;\">$ 20,441.00<\/p>\n<p>[\/vc_column_text][\/vc_column_inner][vc_column_inner width=\u00bb1\/6&#8243;][vc_column_text]<\/p>\n<p style=\"text-align: center; font-size: 13px; font-weight: bold; line-height: 17px; color: #eb9421;\"><a href=\"https:\/\/www.compraspublicas.gob.ec\/ProcesoContratacion\/compras\/PC\/informacionProcesoContratacion2.cpe?idSoliCompra=xXo6iryqfCnWVoQR4KQTh3sPzbqH70g4REgOYIsqyOY,\" target=\"_blank\" rel=\"noopener\">SIE-GPM-013-2023<\/a><\/p>\n<p>[\/vc_column_text][\/vc_column_inner][\/vc_row_inner][vc_text_separator title=\u00bbAGOSTO\u00bb color=\u00bbblack\u00bb css=\u00bb.vc_custom_1774471389784{margin-bottom: 10px !important;padding-top: 10px !important;}\u00bb][vc_row_inner][vc_column_inner width=\u00bb3\/6&#8243;][vc_column_text css=\u00bb.vc_custom_1637006519394{padding-top: 1px !important;padding-right: 10px !important;padding-bottom: 1px !important;padding-left: 10px !important;}\u00bb]<\/p>\n<h6 style=\"text-align: center;\"><span style=\"color: #000000;\"><strong>OBJETO DEL PROCESO<\/strong><\/span><\/h6>\n<p>[\/vc_column_text][vc_column_text]<\/p>\n<p style=\"font-size: 10px; line-height: 13px;\">ADQUISICI\u00d3N DE MEDICAMENTOS DERMATOL\u00d3GICO PARA LA ATENCI\u00d3N DE GRUPOS PRIORITARIOS A TRAV\u00c9S DE LAS BRIGADAS M\u00d3VILES COMUNITARIAS DE SALUD DEL GOBIERNO PROVINCIAL DE MANAB\u00cd<\/p>\n<p>[\/vc_column_text][\/vc_column_inner][vc_column_inner width=\u00bb1\/6&#8243;][vc_column_text css=\u00bb.vc_custom_1637006603196{padding-top: 1px !important;padding-right: 10px !important;padding-bottom: 1px !important;padding-left: 10px !important;}\u00bb]<\/p>\n<h6 style=\"text-align: center;\"><span style=\"color: #000000;\"><strong>TIPO DE CONTRATACI\u00d3N<\/strong><\/span><\/h6>\n<p>[\/vc_column_text][vc_column_text]<\/p>\n<p style=\"text-align: center; font-size: 15px; font-weight: bold; line-height: 17px;\"><span style=\"color: #000000;\">Subasta Inversa Electr\u00f3nica<\/span><\/p>\n<p>[\/vc_column_text][\/vc_column_inner][vc_column_inner width=\u00bb1\/6&#8243;][vc_column_text css=\u00bb.vc_custom_1637006625498{padding-top: 1px !important;padding-right: 10px !important;padding-bottom: 1px !important;padding-left: 10px !important;}\u00bb]<\/p>\n<h6 style=\"text-align: center;\"><span style=\"color: #000000;\"><strong>PRESUPUESTO REFERENCIAL<\/strong><\/span><\/h6>\n<p>[\/vc_column_text][vc_column_text]<\/p>\n<p style=\"text-align: center; font-size: 15px; font-weight: bold; line-height: 17px;\">$ 52,055.95<\/p>\n<p>[\/vc_column_text][\/vc_column_inner][vc_column_inner width=\u00bb1\/6&#8243;][vc_column_text css=\u00bb.vc_custom_1637006647187{padding-top: 1px !important;padding-right: 10px !important;padding-bottom: 1px !important;padding-left: 10px !important;}\u00bb]<\/p>\n<h6 style=\"text-align: center;\"><span style=\"color: #000000;\"><strong>C\u00d3DIGO DEL PROCESO<\/strong><\/span><\/h6>\n<p>[\/vc_column_text][vc_column_text]<\/p>\n<p style=\"text-align: center; font-size: 13px; font-weight: bold; line-height: 17px; color: #eb9421;\"><a href=\"https:\/\/www.compraspublicas.gob.ec\/ProcesoContratacion\/compras\/PC\/informacionProcesoContratacion2.cpe?idSoliCompra=pgY_M1NWjzjSyg3ylH_ULZ3jVmc_-ExFAFQQj-x8n9k,\" target=\"_blank\" rel=\"noopener\">SIE-GPM-019-2023<\/a><\/p>\n<p>[\/vc_column_text][\/vc_column_inner][\/vc_row_inner][vc_row_inner css=\u00bb.vc_custom_1774471428800{padding-top: 25px !important;background-color: #dbdbdb !important;}\u00bb][vc_column_inner width=\u00bb3\/6&#8243;][vc_column_text]<\/p>\n<p style=\"font-size: 10px; line-height: 13px;\">ADQUISICI\u00d3N DE MEDICAMENTOS GASTROINTESTINAL PARA LA ATENCI\u00d3N DE GRUPOS PRIORITARIOS A TRAV\u00c9S DE LAS BRIGADAS M\u00d3VILES COMUNITARIAS DE SALUD DEL GOBIERNO PROVINCIAL DE MANAB\u00cd<\/p>\n<p>[\/vc_column_text][\/vc_column_inner][vc_column_inner width=\u00bb1\/6&#8243;][vc_column_text]<\/p>\n<p style=\"text-align: center; font-size: 15px; font-weight: bold; line-height: 17px;\"><span style=\"color: #000000;\">Subasta Inversa Electr\u00f3nica<\/span><\/p>\n<p>[\/vc_column_text][\/vc_column_inner][vc_column_inner width=\u00bb1\/6&#8243;][vc_column_text]<\/p>\n<p style=\"text-align: center; font-size: 15px; font-weight: bold; line-height: 17px;\">$ 58,792.05<\/p>\n<p>[\/vc_column_text][\/vc_column_inner][vc_column_inner width=\u00bb1\/6&#8243;][vc_column_text]<\/p>\n<p style=\"text-align: center; font-size: 13px; font-weight: bold; line-height: 17px; color: #eb9421;\"><a href=\"https:\/\/www.compraspublicas.gob.ec\/ProcesoContratacion\/compras\/PC\/informacionProcesoContratacion2.cpe?idSoliCompra=WTz0MXSMoYV7Mn27CwLkNUsqSLxh-vXOOYnVSkQPbjE,\" target=\"_blank\" rel=\"noopener\">SIE-GPM-2023-021<\/a><\/p>\n<p>[\/vc_column_text][\/vc_column_inner][\/vc_row_inner][vc_text_separator title=\u00bbSEPTIEMBRE\u00bb color=\u00bbblack\u00bb css=\u00bb.vc_custom_1774535350329{margin-bottom: 10px !important;padding-top: 15px !important;}\u00bb][vc_row_inner][vc_column_inner width=\u00bb3\/6&#8243;][vc_column_text css=\u00bb.vc_custom_1637006519394{padding-top: 1px !important;padding-right: 10px !important;padding-bottom: 1px !important;padding-left: 10px !important;}\u00bb]<\/p>\n<h6 style=\"text-align: center;\"><span style=\"color: #000000;\"><strong>OBJETO DEL PROCESO<\/strong><\/span><\/h6>\n<p>[\/vc_column_text][vc_column_text]<\/p>\n<p style=\"font-size: 10px; line-height: 13px;\">ADQUISICI\u00d3N DE MEDICAMENTOS CARDIOVASCULAR PARA LA ATENCI\u00d3N DE GRUPOS PRIORITARIOS A TRAV\u00c9S DE LAS BRIGADAS M\u00d3VILES COMUNITARIAS DE SALUD DEL GOBIERNO PROVINCIAL DE MANAB\u00cd<\/p>\n<p>[\/vc_column_text][\/vc_column_inner][vc_column_inner width=\u00bb1\/6&#8243;][vc_column_text css=\u00bb.vc_custom_1637006603196{padding-top: 1px !important;padding-right: 10px !important;padding-bottom: 1px !important;padding-left: 10px !important;}\u00bb]<\/p>\n<h6 style=\"text-align: center;\"><span style=\"color: #000000;\"><strong>TIPO DE CONTRATACI\u00d3N<\/strong><\/span><\/h6>\n<p>[\/vc_column_text][vc_column_text]<\/p>\n<p style=\"text-align: center; font-size: 15px; font-weight: bold; line-height: 17px;\"><span style=\"color: #000000;\">Subasta Inversa Electr\u00f3nica<\/span><\/p>\n<p>[\/vc_column_text][\/vc_column_inner][vc_column_inner width=\u00bb1\/6&#8243;][vc_column_text css=\u00bb.vc_custom_1637006625498{padding-top: 1px !important;padding-right: 10px !important;padding-bottom: 1px !important;padding-left: 10px !important;}\u00bb]<\/p>\n<h6 style=\"text-align: center;\"><span style=\"color: #000000;\"><strong>PRESUPUESTO REFERENCIAL<\/strong><\/span><\/h6>\n<p>[\/vc_column_text][vc_column_text]<\/p>\n<p style=\"text-align: center; font-size: 15px; font-weight: bold; line-height: 17px;\">$ 70,511.06<\/p>\n<p>[\/vc_column_text][\/vc_column_inner][vc_column_inner width=\u00bb1\/6&#8243;][vc_column_text css=\u00bb.vc_custom_1637006647187{padding-top: 1px !important;padding-right: 10px !important;padding-bottom: 1px !important;padding-left: 10px !important;}\u00bb]<\/p>\n<h6 style=\"text-align: center;\"><span style=\"color: #000000;\"><strong>C\u00d3DIGO DEL PROCESO<\/strong><\/span><\/h6>\n<p>[\/vc_column_text][vc_column_text]<\/p>\n<p style=\"text-align: center; font-size: 13px; font-weight: bold; line-height: 17px; color: #eb9421;\"><a href=\"https:\/\/www.compraspublicas.gob.ec\/ProcesoContratacion\/compras\/PC\/informacionProcesoContratacion2.cpe?idSoliCompra=x6O5kVY6OMGEZ4zn6tdLJINpA7itfm5WfAHaOT-7Hgs,\" target=\"_blank\" rel=\"noopener\">SIE-GPM-2023-025<\/a><\/p>\n<p>[\/vc_column_text][\/vc_column_inner][\/vc_row_inner][vc_row_inner css=\u00bb.vc_custom_1774534829586{padding-top: 25px !important;background-color: #dbdbdb !important;}\u00bb][vc_column_inner width=\u00bb3\/6&#8243;][vc_column_text]<\/p>\n<p style=\"font-size: 10px; line-height: 13px;\">ADQUISICI\u00d3N DE MEDICAMENTOS ANALG\u00c9SICOS PARA LA ATENCI\u00d3N DE GRUPOS PRIORITARIOS A TRAVES DE LAS BRIGADAS M\u00d3VILES COMUNITARIAS DE SALUD DEL GOBIERNO PROVINCIAL DE MANAB\u00cd<\/p>\n<p>[\/vc_column_text][\/vc_column_inner][vc_column_inner width=\u00bb1\/6&#8243;][vc_column_text]<\/p>\n<p style=\"text-align: center; font-size: 15px; font-weight: bold; line-height: 17px;\"><span style=\"color: #000000;\">Subasta Inversa Electr\u00f3nica<\/span><\/p>\n<p>[\/vc_column_text][\/vc_column_inner][vc_column_inner width=\u00bb1\/6&#8243;][vc_column_text]<\/p>\n<p style=\"text-align: center; font-size: 15px; font-weight: bold; line-height: 17px;\">$ 20,520.27<\/p>\n<p>[\/vc_column_text][\/vc_column_inner][vc_column_inner width=\u00bb1\/6&#8243;][vc_column_text]<\/p>\n<p style=\"text-align: center; font-size: 13px; font-weight: bold; line-height: 17px; color: #eb9421;\"><a href=\"https:\/\/www.compraspublicas.gob.ec\/ProcesoContratacion\/compras\/PC\/informacionProcesoContratacion2.cpe?idSoliCompra=D8t1wkYmTkJKZHukwMzzQ9YawzHnmPUb-Z4zoLfFpFY,\" target=\"_blank\" rel=\"noopener\">SIE-GPM-2023-024<\/a><\/p>\n<p>[\/vc_column_text][\/vc_column_inner][\/vc_row_inner][vc_text_separator title=\u00bbOCTUBRE\u00bb color=\u00bbblack\u00bb css=\u00bb.vc_custom_1774534930506{margin-bottom: 10px !important;}\u00bb][vc_row_inner][vc_column_inner width=\u00bb3\/6&#8243;][vc_column_text css=\u00bb.vc_custom_1637006519394{padding-top: 1px !important;padding-right: 10px !important;padding-bottom: 1px !important;padding-left: 10px !important;}\u00bb]<\/p>\n<h6 style=\"text-align: center;\"><span style=\"color: #000000;\"><strong>OBJETO DEL PROCESO<\/strong><\/span><\/h6>\n<p>[\/vc_column_text][vc_column_text]<\/p>\n<p style=\"font-size: 10px; line-height: 13px;\">SERVICIO DE TRANSPORTE PARA EL PERSONAL DE SALUD DE LA DIRECCI\u00d3N DE DESARROLLO HUMANO DEL GOBIERNO PROVINCIAL DE MANAB\u00cd, QUE SER\u00c1N TRASLADADOS A LOS DIFERENTES CANTONES DE LA PROVINCIA<\/p>\n<p>[\/vc_column_text][\/vc_column_inner][vc_column_inner width=\u00bb1\/6&#8243;][vc_column_text css=\u00bb.vc_custom_1637006603196{padding-top: 1px !important;padding-right: 10px !important;padding-bottom: 1px !important;padding-left: 10px !important;}\u00bb]<\/p>\n<h6 style=\"text-align: center;\"><span style=\"color: #000000;\"><strong>TIPO DE CONTRATACI\u00d3N<\/strong><\/span><\/h6>\n<p>[\/vc_column_text][vc_column_text]<\/p>\n<p style=\"text-align: center; font-size: 15px; font-weight: bold; line-height: 17px;\"><span style=\"color: #000000;\">Subasta Inversa Electr\u00f3nica<\/span><\/p>\n<p>[\/vc_column_text][\/vc_column_inner][vc_column_inner width=\u00bb1\/6&#8243;][vc_column_text css=\u00bb.vc_custom_1637006625498{padding-top: 1px !important;padding-right: 10px !important;padding-bottom: 1px !important;padding-left: 10px !important;}\u00bb]<\/p>\n<h6 style=\"text-align: center;\"><span style=\"color: #000000;\"><strong>PRESUPUESTO REFERENCIAL<\/strong><\/span><\/h6>\n<p>[\/vc_column_text][vc_column_text]<\/p>\n<p style=\"text-align: center; font-size: 15px; font-weight: bold; line-height: 17px;\">$ 123,772.05<\/p>\n<p>[\/vc_column_text][\/vc_column_inner][vc_column_inner width=\u00bb1\/6&#8243;][vc_column_text css=\u00bb.vc_custom_1637006647187{padding-top: 1px !important;padding-right: 10px !important;padding-bottom: 1px !important;padding-left: 10px !important;}\u00bb]<\/p>\n<h6 style=\"text-align: center;\"><span style=\"color: #000000;\"><strong>C\u00d3DIGO DEL PROCESO<\/strong><\/span><\/h6>\n<p>[\/vc_column_text][vc_column_text]<\/p>\n<p style=\"text-align: center;\"><a href=\"https:\/\/www.compraspublicas.gob.ec\/ProcesoContratacion\/compras\/PC\/informacionProcesoContratacion2.cpe?idSoliCompra=nGwZyObT7iCxOYTQ5FCZJ2w8AJHkfZwo0yRdIoaLPPQ,\">SIE-GPM-2023-031<\/a><\/p>\n<p>[\/vc_column_text][\/vc_column_inner][\/vc_row_inner][vc_row_inner css=\u00bb.vc_custom_1774534829586{padding-top: 25px !important;background-color: #dbdbdb !important;}\u00bb][vc_column_inner width=\u00bb3\/6&#8243;][vc_column_text]<\/p>\n<p style=\"font-size: 10px; line-height: 13px;\">ADQUISICI\u00d3N DE TOLDOS MOSQUITEROS IMPREGNADOS CON DELTAMETRINA PARA LOS GRUPOS DE ATENCI\u00d3N PRIORITARIA DE LA POVINCIA DE MANAB\u00ed<\/p>\n<p>[\/vc_column_text][\/vc_column_inner][vc_column_inner width=\u00bb1\/6&#8243;][vc_column_text]<\/p>\n<p style=\"text-align: center; font-size: 15px; font-weight: bold; line-height: 17px;\"><span style=\"color: #000000;\">Subasta Inversa Electr\u00f3nica<\/span><\/p>\n<p>[\/vc_column_text][\/vc_column_inner][vc_column_inner width=\u00bb1\/6&#8243;][vc_column_text]<\/p>\n<p style=\"text-align: center; font-size: 15px; font-weight: bold; line-height: 17px;\">$ 25,257,92<\/p>\n<p>[\/vc_column_text][\/vc_column_inner][vc_column_inner width=\u00bb1\/6&#8243;][vc_column_text]<\/p>\n<p style=\"text-align: center;\"><a href=\"https:\/\/www.compraspublicas.gob.ec\/ProcesoContratacion\/compras\/PC\/informacionProcesoContratacion2.cpe?idSoliCompra=hUTZxSK1m-BUNDa83gdz0D7iHWI2Tis8AxgkF2DcRW4,\">SIE-GPM-2023-029<\/a><\/p>\n<p>[\/vc_column_text][\/vc_column_inner][\/vc_row_inner][vc_row_inner][vc_column_inner width=\u00bb3\/6&#8243;][vc_column_text]<\/p>\n<p style=\"font-size: 10px; line-height: 13px;\">ADQUISICI\u00d3N DE MEDICAMENTOS RESPIRATORIOS PARA LA ATENCI\u00d3N DE GRUPOS PRIORITARIOS A TRAV\u00c9S DE LAS BRIGADAS M\u00d3VILES COMUNITARIAS DE SALUD DEL GOBIERNO PROVINCIAL DE MANAB\u00cd<\/p>\n<p>[\/vc_column_text][\/vc_column_inner][vc_column_inner width=\u00bb1\/6&#8243;][vc_column_text]<\/p>\n<p style=\"text-align: center; font-size: 15px; font-weight: bold; line-height: 17px;\"><span style=\"color: #000000;\">Subasta Inversa Electr\u00f3nica<\/span><\/p>\n<p>[\/vc_column_text][\/vc_column_inner][vc_column_inner width=\u00bb1\/6&#8243;][vc_column_text]<\/p>\n<p style=\"text-align: center; font-size: 15px; font-weight: bold; line-height: 17px;\">$ 45,463.02<\/p>\n<p>[\/vc_column_text][\/vc_column_inner][vc_column_inner width=\u00bb1\/6&#8243;][vc_column_text]<\/p>\n<p style=\"text-align: center;\"><a href=\"https:\/\/www.compraspublicas.gob.ec\/ProcesoContratacion\/compras\/PC\/informacionProcesoContratacion2.cpe?idSoliCompra=cJKznwjn2qnbUQs1lL650kwA2wXBBlvXFi5kDVNl0k4,\">SIE-GPM-2023-030<\/a><\/p>\n<p>[\/vc_column_text][\/vc_column_inner][\/vc_row_inner][vc_row_inner css=\u00bb.vc_custom_1774534829586{padding-top: 25px !important;background-color: #dbdbdb !important;}\u00bb][vc_column_inner width=\u00bb3\/6&#8243;][vc_column_text]<\/p>\n<p style=\"font-size: 10px; line-height: 13px;\">ADQUISICI\u00d3N DE EQUIPOS ODONTOLOGICOS PARA LA ATENCI\u00d3N DE GRUPOS PRIORITARIOS DE LAS BRIGADAS DE SALUD DEL PROYECTO MANABI SALUDABLE DEL GOBIERNO PROVINCIAL DE MANABI<\/p>\n<p>[\/vc_column_text][\/vc_column_inner][vc_column_inner width=\u00bb1\/6&#8243;][vc_column_text]<\/p>\n<p style=\"text-align: center; font-size: 15px; font-weight: bold; line-height: 17px;\"><span style=\"color: #000000;\">Subasta Inversa Electr\u00f3nica<\/span><\/p>\n<p>[\/vc_column_text][\/vc_column_inner][vc_column_inner width=\u00bb1\/6&#8243;][vc_column_text]<\/p>\n<p style=\"text-align: center; font-size: 15px; font-weight: bold; line-height: 17px;\">$ 21,763.11<\/p>\n<p>[\/vc_column_text][\/vc_column_inner][vc_column_inner width=\u00bb1\/6&#8243;][vc_column_text]<\/p>\n<p style=\"text-align: center;\"><a href=\"https:\/\/www.compraspublicas.gob.ec\/ProcesoContratacion\/compras\/PC\/informacionProcesoContratacion2.cpe?idSoliCompra=eitf8DVZ0wTr4byRYyXR-GD1Tv8Vf7IQsZdww_PDeFA,\">SIE-GPM-2023-036<\/a><\/p>\n<p>[\/vc_column_text][\/vc_column_inner][\/vc_row_inner][vc_row_inner][vc_column_inner width=\u00bb3\/6&#8243;][vc_column_text]<\/p>\n<p style=\"font-size: 10px; line-height: 13px;\">ADQUISICI\u00d3N DE MEDICAMENTOS NEUROL\u00d3GICOS PARA LA ATENCI\u00d3N DE GRUPOS PRIORITARIOS A TRAV\u00c9S DE LAS BRIGADAS M\u00d3VILES COMUNITARIAS DE SALUD DEL GOBIERNO PROVINCIAL DE MANAB\u00cd<\/p>\n<p>[\/vc_column_text][\/vc_column_inner][vc_column_inner width=\u00bb1\/6&#8243;][vc_column_text]<\/p>\n<p style=\"text-align: center; font-size: 15px; font-weight: bold; line-height: 17px;\"><span style=\"color: #000000;\">Subasta Inversa Electr\u00f3nica<\/span><\/p>\n<p>[\/vc_column_text][\/vc_column_inner][vc_column_inner width=\u00bb1\/6&#8243;][vc_column_text]<\/p>\n<p style=\"text-align: center; font-size: 15px; font-weight: bold; line-height: 17px;\">$ 17,646.20<\/p>\n<p>[\/vc_column_text][\/vc_column_inner][vc_column_inner width=\u00bb1\/6&#8243;][vc_column_text]<\/p>\n<p style=\"text-align: center;\"><a href=\"https:\/\/www.compraspublicas.gob.ec\/ProcesoContratacion\/compras\/PC\/informacionProcesoContratacion2.cpe?idSoliCompra=1mSfnGC_mGbEUFIBoSrxJCUjSMXWIBzBDztATWRVGdc,\">SIE-GPM-2023-035<\/a><\/p>\n<p>[\/vc_column_text][\/vc_column_inner][\/vc_row_inner][vc_row_inner css=\u00bb.vc_custom_1774534829586{padding-top: 25px !important;background-color: #dbdbdb !important;}\u00bb][vc_column_inner width=\u00bb3\/6&#8243;][vc_column_text]<\/p>\n<p style=\"font-size: 10px; line-height: 13px;\">ADQUISICI\u00d3N DE MEDICAMENTOS METAB\u00d3LICO \u2013 HORMONAL PARA LA ATENCI\u00d3N DE GRUPOS PRIORITARIOS A TRAV\u00c9S DE LAS BRIGADAS M\u00d3VILES COMUNITARIAS DE SALUD DEL GOBIERNO PROVINCIAL DE MANAB\u00cd<\/p>\n<p>[\/vc_column_text][\/vc_column_inner][vc_column_inner width=\u00bb1\/6&#8243;][vc_column_text]<\/p>\n<p style=\"text-align: center; font-size: 15px; font-weight: bold; line-height: 17px;\"><span style=\"color: #000000;\">Subasta Inversa Electr\u00f3nica<\/span><\/p>\n<p>[\/vc_column_text][\/vc_column_inner][vc_column_inner width=\u00bb1\/6&#8243;][vc_column_text]<\/p>\n<p style=\"text-align: center; font-size: 15px; font-weight: bold; line-height: 17px;\">$ 41,437.11<\/p>\n<p>[\/vc_column_text][\/vc_column_inner][vc_column_inner width=\u00bb1\/6&#8243;][vc_column_text]<\/p>\n<p style=\"text-align: center;\"><a href=\"https:\/\/www.compraspublicas.gob.ec\/ProcesoContratacion\/compras\/PC\/informacionProcesoContratacion2.cpe?idSoliCompra=hOijZU2yaakJ403Pfe3PgnSZsqAogMShd5DNtIWyhAQ,\">SIE-GPM-2023-037<\/a><\/p>\n<p>[\/vc_column_text][\/vc_column_inner][\/vc_row_inner][vc_text_separator title=\u00bbNOVIEMBRE\u00bb color=\u00bbblack\u00bb css=\u00bb.vc_custom_1774540304965{margin-bottom: 10px !important;}\u00bb][vc_row_inner][vc_column_inner width=\u00bb3\/6&#8243;][vc_column_text]<\/p>\n<p style=\"font-size: 10px; line-height: 13px;\">ADQUISICI\u00d3N DE AYUDAS HUMANITARIAS PARA LOS GRUPOS DE ATENCI\u00d3N PRIORITARIA DE LA PROVINCIA DE MANAB\u00cd<\/p>\n<p>[\/vc_column_text][\/vc_column_inner][vc_column_inner width=\u00bb1\/6&#8243;][vc_column_text]<\/p>\n<p style=\"text-align: center; font-size: 15px; font-weight: bold; line-height: 17px;\"><span style=\"color: #000000;\">Subasta Inversa Electr\u00f3nica<\/span><\/p>\n<p>[\/vc_column_text][\/vc_column_inner][vc_column_inner width=\u00bb1\/6&#8243;][vc_column_text]<\/p>\n<p style=\"text-align: center; font-size: 15px; font-weight: bold; line-height: 17px;\">$ 70,690.49<\/p>\n<p>[\/vc_column_text][\/vc_column_inner][vc_column_inner width=\u00bb1\/6&#8243;][vc_column_text]<\/p>\n<p style=\"text-align: center;\"><a href=\"https:\/\/www.compraspublicas.gob.ec\/ProcesoContratacion\/compras\/PC\/informacionProcesoContratacion2.cpe?idSoliCompra=Li-4275CTmPkRwxsnsO0Hp2hKt3xsi99W7eJl8hHCLk,\">SIE-GPM-2023-038<\/a><\/p>\n<p>[\/vc_column_text][\/vc_column_inner][\/vc_row_inner][\/vc_tta_section][vc_tta_section title=\u00bb2022&#8243; tab_id=\u00bb1774987890328-9b5f84bd-0200&#8243;][vc_text_separator title=\u00bbMARZO\u00bb color=\u00bbblack\u00bb css=\u00bb.vc_custom_1649253353619{margin-bottom: 25px !important;}\u00bb][vc_row_inner][vc_column_inner width=\u00bb3\/6&#8243;][vc_column_text css=\u00bb.vc_custom_1637006519394{padding-top: 1px !important;padding-right: 10px !important;padding-bottom: 1px !important;padding-left: 10px !important;}\u00bb]<\/p>\n<h6 style=\"text-align: center;\"><span style=\"color: #000000;\"><strong>OBJETO DEL PROCESO<\/strong><\/span><\/h6>\n<p>[\/vc_column_text][vc_column_text]<\/p>\n<p style=\"font-size: 10px; line-height: 13px;\">ADQUISICI\u00d3N DE MEDICAMENTOS PARA EL APARATO CARDIOVASCULAR PARA ATENCI\u00d3N A GRUPOS PRIORITARIOS, MEDIANTE LAS BRIGADAS DE SALUD DEL GOBIERNO PROVINCIAL MANAB\u00cd.<\/p>\n<p>[\/vc_column_text][\/vc_column_inner][vc_column_inner width=\u00bb1\/6&#8243;][vc_column_text css=\u00bb.vc_custom_1637006603196{padding-top: 1px !important;padding-right: 10px !important;padding-bottom: 1px !important;padding-left: 10px !important;}\u00bb]<\/p>\n<h6 style=\"text-align: center;\"><span style=\"color: #000000;\"><strong>TIPO DE CONTRATACI\u00d3N<\/strong><\/span><\/h6>\n<p>[\/vc_column_text][vc_column_text]<\/p>\n<p style=\"text-align: center; font-size: 15px; font-weight: bold; line-height: 17px;\"><span style=\"color: #000000;\">Subasta Inversa Electr\u00f3nica<\/span><\/p>\n<p>[\/vc_column_text][\/vc_column_inner][vc_column_inner width=\u00bb1\/6&#8243;][vc_column_text css=\u00bb.vc_custom_1637006625498{padding-top: 1px !important;padding-right: 10px !important;padding-bottom: 1px !important;padding-left: 10px !important;}\u00bb]<\/p>\n<h6 style=\"text-align: center;\"><span style=\"color: #000000;\"><strong>PRESUPUESTO REFERENCIAL<\/strong><\/span><\/h6>\n<p>[\/vc_column_text][vc_column_text]<\/p>\n<p style=\"text-align: center; font-size: 15px; font-weight: bold; line-height: 17px;\"><span style=\"color: #000000;\">NO DISPONIBLE<\/span><\/p>\n<p>[\/vc_column_text][\/vc_column_inner][vc_column_inner width=\u00bb1\/6&#8243;][vc_column_text css=\u00bb.vc_custom_1637006647187{padding-top: 1px !important;padding-right: 10px !important;padding-bottom: 1px !important;padding-left: 10px !important;}\u00bb]<\/p>\n<h6 style=\"text-align: center;\"><span style=\"color: #000000;\"><strong>C\u00d3DIGO DEL PROCESO<\/strong><\/span><\/h6>\n<p>[\/vc_column_text][vc_column_text]<\/p>\n<p style=\"text-align: center; font-size: 13px; font-weight: bold; line-height: 17px; color: #eb9421;\"><a href=\"https:\/\/www.compraspublicas.gob.ec\/ProcesoContratacion\/compras\/PC\/informacionProcesoContratacion2.cpe?idSoliCompra=gF7IzpK0Gu1j-Z_54h2upDOrLMrCD7iy2pYw1YgqIvU,\" target=\"_blank\" rel=\"noopener\">SIE-GPM-004-2022<\/a><\/p>\n<p>[\/vc_column_text][\/vc_column_inner][\/vc_row_inner][vc_row_inner css=\u00bb.vc_custom_1637945261749{padding-top: 20px !important;background-color: #dbdbdb !important;}\u00bb][vc_column_inner width=\u00bb3\/6&#8243;][vc_column_text css=\u00bb.vc_custom_1649253590986{margin-bottom: 10px !important;}\u00bb]<\/p>\n<p style=\"font-size: 10px; line-height: 13px;\">FISCALIZACI\u00d3N PARA LA REHABILITACI\u00d3N DE LA AV. MANAB\u00cd DESDE ABSCISA 0+000 HASTA 1+087 Y CALLE SN N\u00b0 39 DESDE LA ABSCISA 0+000 HASTA 0+085 CON ESTRUCTURA SUPERFICIAL DE CARPETA ASF\u00c1LTICA DE 3\u201c EN EL CANT\u00d3N OLMEDO \u2013 MANAB\u00cd.<\/p>\n<p>[\/vc_column_text][\/vc_column_inner][vc_column_inner width=\u00bb1\/6&#8243;][vc_column_text]<\/p>\n<p style=\"text-align: center; font-size: 15px; font-weight: bold; line-height: 17px;\"><span style=\"color: #000000;\">\u00a0Contrataci\u00f3n directa<\/span><\/p>\n<p>[\/vc_column_text][\/vc_column_inner][vc_column_inner width=\u00bb1\/6&#8243;][vc_column_text]<\/p>\n<p style=\"text-align: center; font-size: 15px; font-weight: bold; line-height: 17px;\"><span style=\"color: #000000;\">$ 38,570.58<\/span><\/p>\n<p>[\/vc_column_text][\/vc_column_inner][vc_column_inner width=\u00bb1\/6&#8243;][vc_column_text]<\/p>\n<p style=\"text-align: center; font-size: 13px; font-weight: bold; line-height: 17px; color: #eb9421;\"><a href=\"https:\/\/www.compraspublicas.gob.ec\/ProcesoContratacion\/compras\/PC\/informacionProcesoContratacion2.cpe?idSoliCompra=UcJw0sqvnI43USX0rYFp3xkfl5-sf-8uYXKVvAd9LPQ,\">CDC-GPM-008-2022<\/a><\/p>\n<p>[\/vc_column_text][\/vc_column_inner][\/vc_row_inner][vc_text_separator title=\u00bbABRIL\u00bb color=\u00bbblack\u00bb css=\u00bb.vc_custom_1654630849050{margin-bottom: 25px !important;}\u00bb][vc_row_inner][vc_column_inner width=\u00bb3\/6&#8243;][vc_column_text css=\u00bb.vc_custom_1637006519394{padding-top: 1px !important;padding-right: 10px !important;padding-bottom: 1px !important;padding-left: 10px !important;}\u00bb]<\/p>\n<h6 style=\"text-align: center;\"><span style=\"color: #000000;\"><strong>OBJETO DEL PROCESO<\/strong><\/span><\/h6>\n<p>[\/vc_column_text][vc_column_text]<\/p>\n<p style=\"font-size: 10px; line-height: 13px;\">ADQUISICI\u00d2N DEL INSTRUMENTAL ODONTOL\u00d2GICO PARA ATENCI\u00d2N A GRUPOS PRIORITARIOS MEDIANTE LAS BRIGADAS ODONTOL\u00d2GICAS DEL GOBIERNO PROVINCIAL DE MANAB\u00cc.<\/p>\n<p>[\/vc_column_text][\/vc_column_inner][vc_column_inner width=\u00bb1\/6&#8243;][vc_column_text css=\u00bb.vc_custom_1637006603196{padding-top: 1px !important;padding-right: 10px !important;padding-bottom: 1px !important;padding-left: 10px !important;}\u00bb]<\/p>\n<h6 style=\"text-align: center;\"><span style=\"color: #000000;\"><strong>TIPO DE CONTRATACI\u00d3N<\/strong><\/span><\/h6>\n<p>[\/vc_column_text][vc_column_text]<\/p>\n<p style=\"text-align: center; font-size: 15px; font-weight: bold; line-height: 17px;\"><span style=\"color: #000000;\">Subasta Inversa Electr\u00f3nica<\/span><\/p>\n<p>[\/vc_column_text][\/vc_column_inner][vc_column_inner width=\u00bb1\/6&#8243;][vc_column_text css=\u00bb.vc_custom_1637006625498{padding-top: 1px !important;padding-right: 10px !important;padding-bottom: 1px !important;padding-left: 10px !important;}\u00bb]<\/p>\n<h6 style=\"text-align: center;\"><span style=\"color: #000000;\"><strong>PRESUPUESTO REFERENCIAL<\/strong><\/span><\/h6>\n<p>[\/vc_column_text][vc_column_text]<\/p>\n<p style=\"text-align: center; font-size: 15px; font-weight: bold; line-height: 17px;\"><span style=\"color: #000000;\">NO DISPONIBLE<\/span><\/p>\n<p>[\/vc_column_text][\/vc_column_inner][vc_column_inner width=\u00bb1\/6&#8243;][vc_column_text css=\u00bb.vc_custom_1637006647187{padding-top: 1px !important;padding-right: 10px !important;padding-bottom: 1px !important;padding-left: 10px !important;}\u00bb]<\/p>\n<h6 style=\"text-align: center;\"><span style=\"color: #000000;\"><strong>C\u00d3DIGO DEL PROCESO<\/strong><\/span><\/h6>\n<p>[\/vc_column_text][vc_column_text]<\/p>\n<p style=\"text-align: center; font-size: 13px; font-weight: bold; line-height: 17px; color: #eb9421;\"><a href=\"https:\/\/www.compraspublicas.gob.ec\/ProcesoContratacion\/compras\/PC\/informacionProcesoContratacion2.cpe?idSoliCompra=gF7IzpK0Gu1j-Z_54h2upDOrLMrCD7iy2pYw1YgqIvU,\" target=\"_blank\" rel=\"noopener\">SIE-GPM-021-2022<\/a><\/p>\n<p>[\/vc_column_text][\/vc_column_inner][\/vc_row_inner][vc_row_inner css=\u00bb.vc_custom_1637945261749{padding-top: 20px !important;background-color: #dbdbdb !important;}\u00bb][vc_column_inner width=\u00bb3\/6&#8243;][vc_column_text css=\u00bb.vc_custom_1654630993016{margin-bottom: 10px !important;}\u00bb]<\/p>\n<p style=\"font-size: 10px; line-height: 13px;\">ADQUISICI\u00d3N DE MEDICAMENTOS PARA EL APARATO GENITOURINARIO PARA ATENCI\u00d3N A GRUPOS PRIORITARIOS, MEDIANTE LAS BRIGADAS DE SALUD DEL GOBIERNO PROVINCIAL MANAB\u00cd.<\/p>\n<p>[\/vc_column_text][\/vc_column_inner][vc_column_inner width=\u00bb1\/6&#8243;][vc_column_text]<\/p>\n<p style=\"text-align: center; font-size: 15px; font-weight: bold; line-height: 17px;\"><span style=\"color: #000000;\">Subasta Inversa Electr\u00f3nica<\/span><\/p>\n<p>[\/vc_column_text][\/vc_column_inner][vc_column_inner width=\u00bb1\/6&#8243;][vc_column_text]<\/p>\n<p style=\"text-align: center; font-size: 15px; font-weight: bold; line-height: 17px;\"><span style=\"color: #000000;\">$ 23,679.98<\/span><\/p>\n<p>[\/vc_column_text][\/vc_column_inner][vc_column_inner width=\u00bb1\/6&#8243;][vc_column_text]<\/p>\n<p style=\"text-align: center; font-size: 13px; font-weight: bold; line-height: 17px; color: #eb9421;\"><a href=\"https:\/\/www.compraspublicas.gob.ec\/ProcesoContratacion\/compras\/PC\/informacionProcesoContratacion2.cpe?idSoliCompra=HRgqvWdmNo0YYR5QQYFDFDLHSjIIqu2c4K5yUPjRP8Y,\">SIE-GPM-022-2022<\/a><\/p>\n<p>[\/vc_column_text][\/vc_column_inner][\/vc_row_inner][vc_row_inner][vc_column_inner width=\u00bb3\/6&#8243;][vc_column_text]<\/p>\n<p style=\"font-size: 10px; line-height: 13px;\">ADQUISICI\u00d3N DE MEDICAMENTOS PARA EL APARATO CARDIOVASCULAR PARA ATENCI\u00d3N A GRUPOS PRIORITARIOS, MEDIANTE LAS BRIGADAS DE SALUD DEL GOBIERNO PROVINCIAL MANAB\u00cd.<\/p>\n<p>[\/vc_column_text][\/vc_column_inner][vc_column_inner width=\u00bb1\/6&#8243;][vc_column_text]<\/p>\n<p style=\"text-align: center; font-size: 15px; font-weight: bold; line-height: 17px;\"><span style=\"color: #000000;\">Subasta Inversa Electr\u00f3nica<\/span><\/p>\n<p>[\/vc_column_text][\/vc_column_inner][vc_column_inner width=\u00bb1\/6&#8243;][vc_column_text]<\/p>\n<p style=\"text-align: center; font-size: 15px; font-weight: bold; line-height: 17px;\"><span style=\"color: #000000;\">NO DISPONIBLE<\/span><\/p>\n<p>[\/vc_column_text][\/vc_column_inner][vc_column_inner width=\u00bb1\/6&#8243;][vc_column_text]<\/p>\n<p style=\"text-align: center; font-size: 13px; font-weight: bold; line-height: 17px; color: #eb9421;\"><a href=\"https:\/\/www.compraspublicas.gob.ec\/ProcesoContratacion\/compras\/PC\/informacionProcesoContratacion2.cpe?idSoliCompra=gF7IzpK0Gu1j-Z_54h2upDOrLMrCD7iy2pYw1YgqIvU,\" target=\"_blank\" rel=\"noopener\">SIE-GPM-023-2022<\/a><\/p>\n<p>[\/vc_column_text][\/vc_column_inner][\/vc_row_inner][vc_row_inner css=\u00bb.vc_custom_1637945261749{padding-top: 20px !important;background-color: #dbdbdb !important;}\u00bb][vc_column_inner width=\u00bb3\/6&#8243;][vc_column_text css=\u00bb.vc_custom_1654631176231{margin-bottom: 10px !important;}\u00bb]<\/p>\n<p style=\"font-size: 10px; line-height: 13px;\">ADQUISICI\u00d3N DE MEDICAMENTOS ANTIMICROBIANOS Y ANTIPARASITARIOS PARA ATENCI\u00d3N A GRUPOS PRIORITARIOS, MEDIANTE LAS BRIGADAS DE SALUD DEL GOBIERNO PROVINCIAL MANAB\u00cd.<\/p>\n<p>[\/vc_column_text][\/vc_column_inner][vc_column_inner width=\u00bb1\/6&#8243;][vc_column_text]<\/p>\n<p style=\"text-align: center; font-size: 15px; font-weight: bold; line-height: 17px;\"><span style=\"color: #000000;\">Subasta Inversa Electr\u00f3nica<\/span><\/p>\n<p>[\/vc_column_text][\/vc_column_inner][vc_column_inner width=\u00bb1\/6&#8243;][vc_column_text]<\/p>\n<p style=\"text-align: center; font-size: 15px; font-weight: bold; line-height: 17px;\"><span style=\"color: #000000;\">NO DISPONIBLE<\/span><\/p>\n<p>[\/vc_column_text][\/vc_column_inner][vc_column_inner width=\u00bb1\/6&#8243;][vc_column_text]<\/p>\n<p style=\"text-align: center; font-size: 13px; font-weight: bold; line-height: 17px; color: #eb9421;\"><a href=\"https:\/\/www.compraspublicas.gob.ec\/ProcesoContratacion\/compras\/PC\/informacionProcesoContratacion2.cpe?idSoliCompra=HRgqvWdmNo0YYR5QQYFDFDLHSjIIqu2c4K5yUPjRP8Y,\">SIE-GPM-026-2022<\/a><\/p>\n<p>[\/vc_column_text][\/vc_column_inner][\/vc_row_inner][vc_row_inner][vc_column_inner width=\u00bb3\/6&#8243;][vc_column_text]<\/p>\n<p style=\"font-size: 10px; line-height: 13px;\">ADQUISICI\u00d3N DE AYUDAS HUMANITARIAS PARA GRUPOS DE ATENCI\u00d3N PRIORITARIA DE LA PROVINCIA DE MANAB\u00cd.<\/p>\n<p>[\/vc_column_text][\/vc_column_inner][vc_column_inner width=\u00bb1\/6&#8243;][vc_column_text]<\/p>\n<p style=\"text-align: center; font-size: 15px; font-weight: bold; line-height: 17px;\"><span style=\"color: #000000;\">Subasta Inversa Electr\u00f3nica<\/span><\/p>\n<p>[\/vc_column_text][\/vc_column_inner][vc_column_inner width=\u00bb1\/6&#8243;][vc_column_text]<\/p>\n<p style=\"text-align: center; font-size: 15px; font-weight: bold; line-height: 17px;\"><span style=\"color: #000000;\">NO DISPONIBLE<\/span><\/p>\n<p>[\/vc_column_text][\/vc_column_inner][vc_column_inner width=\u00bb1\/6&#8243;][vc_column_text]<\/p>\n<p style=\"text-align: center; font-size: 13px; font-weight: bold; line-height: 17px; color: #eb9421;\"><a href=\"https:\/\/www.compraspublicas.gob.ec\/ProcesoContratacion\/compras\/PC\/informacionProcesoContratacion2.cpe?idSoliCompra=gF7IzpK0Gu1j-Z_54h2upDOrLMrCD7iy2pYw1YgqIvU,\" target=\"_blank\" rel=\"noopener\">SIE-GPM-008-2022<\/a><\/p>\n<p>[\/vc_column_text][\/vc_column_inner][\/vc_row_inner][vc_row_inner css=\u00bb.vc_custom_1637945261749{padding-top: 20px !important;background-color: #dbdbdb !important;}\u00bb][vc_column_inner width=\u00bb3\/6&#8243;][vc_column_text css=\u00bb.vc_custom_1654632207706{margin-bottom: 10px !important;}\u00bb]<\/p>\n<p style=\"font-size: 10px; line-height: 13px;\">ADQUISICI\u00d3N DE MEDICAMENTOS PARA EL APARATO GASTROINTESTINAL PARA ATENCI\u00d3N A GRUPOS PRIORITARIOS, MEDIANTE LAS BRIGADAS DE SALUDDEL GOBIERNO PROVINCIAL MANAB\u00cd.<\/p>\n<p>[\/vc_column_text][\/vc_column_inner][vc_column_inner width=\u00bb1\/6&#8243;][vc_column_text]<\/p>\n<p style=\"text-align: center; font-size: 15px; font-weight: bold; line-height: 17px;\"><span style=\"color: #000000;\">Subasta Inversa Electr\u00f3nica<\/span><\/p>\n<p>[\/vc_column_text][\/vc_column_inner][vc_column_inner width=\u00bb1\/6&#8243;][vc_column_text]<\/p>\n<p style=\"text-align: center; font-size: 15px; font-weight: bold; line-height: 17px;\"><span style=\"color: #000000;\">$ 29,539.23<\/span><\/p>\n<p>[\/vc_column_text][\/vc_column_inner][vc_column_inner width=\u00bb1\/6&#8243;][vc_column_text]<\/p>\n<p style=\"text-align: center; font-size: 13px; font-weight: bold; line-height: 17px; color: #eb9421;\"><a href=\"https:\/\/www.compraspublicas.gob.ec\/ProcesoContratacion\/compras\/PC\/informacionProcesoContratacion2.cpe?idSoliCompra=HRgqvWdmNo0YYR5QQYFDFDLHSjIIqu2c4K5yUPjRP8Y,\">SIE-GPM-009-2022<\/a><\/p>\n<p>[\/vc_column_text][\/vc_column_inner][\/vc_row_inner][vc_row_inner][vc_column_inner width=\u00bb3\/6&#8243;][vc_column_text]<\/p>\n<p style=\"font-size: 10px; line-height: 13px;\"><span style=\"font-size: 10px;\">ADQUISICI\u00d3N DE MEDICAMENTOS DERMATOLOGICOS PARA ATENCI\u00d3N A GRUPOS PRIORITARIOS, MEDIANTE LAS BRIGADAS DE SALUD DEL GOBIERNO PROVINCIAL MANABI.<\/span><\/p>\n<p>[\/vc_column_text][\/vc_column_inner][vc_column_inner width=\u00bb1\/6&#8243;][vc_column_text]<\/p>\n<p style=\"text-align: center; font-size: 15px; font-weight: bold; line-height: 17px;\"><span style=\"color: #000000;\">Subasta Inversa Electr\u00f3nica<\/span><\/p>\n<p>[\/vc_column_text][\/vc_column_inner][vc_column_inner width=\u00bb1\/6&#8243;][vc_column_text]<\/p>\n<p style=\"text-align: center; font-size: 15px; font-weight: bold; line-height: 17px;\"><span style=\"color: #000000;\">$ 21,968.00<\/span><\/p>\n<p>[\/vc_column_text][\/vc_column_inner][vc_column_inner width=\u00bb1\/6&#8243;][vc_column_text]<\/p>\n<p style=\"text-align: center; font-size: 13px; font-weight: bold; line-height: 17px; color: #eb9421;\"><a href=\"https:\/\/www.compraspublicas.gob.ec\/ProcesoContratacion\/compras\/PC\/informacionProcesoContratacion2.cpe?idSoliCompra=gF7IzpK0Gu1j-Z_54h2upDOrLMrCD7iy2pYw1YgqIvU,\" target=\"_blank\" rel=\"noopener\">SIE-GPM-015-2022<\/a><\/p>\n<p>[\/vc_column_text][\/vc_column_inner][\/vc_row_inner][vc_text_separator title=\u00bbMAYO\u00bb color=\u00bbblack\u00bb css=\u00bb.vc_custom_1655232258576{margin-bottom: 25px !important;}\u00bb][vc_row_inner css=\u00bb.vc_custom_1637945261749{padding-top: 20px !important;background-color: #dbdbdb !important;}\u00bb][vc_column_inner width=\u00bb3\/6&#8243;][vc_column_text css=\u00bb.vc_custom_1637006519394{padding-top: 1px !important;padding-right: 10px !important;padding-bottom: 1px !important;padding-left: 10px !important;}\u00bb]<\/p>\n<h6 style=\"text-align: center;\"><span style=\"color: #000000;\"><strong>OBJETO DEL PROCESO<\/strong><\/span><\/h6>\n<p>[\/vc_column_text][vc_column_text css=\u00bb.vc_custom_1655232282655{margin-bottom: 10px !important;}\u00bb]<\/p>\n<p style=\"font-size: 10px; line-height: 13px;\">ADQUISICI\u00d3N DE MEDICAMENTOS ANTIINFLAMATORIOS PARA ATENCI\u00d3N A GRUPOS PRIORITARIOS, MEDIANTE LAS BRIGADAS DE SALUD DEL GOBIERNO PROVINCIAL MANAB\u00cd.<\/p>\n<p>[\/vc_column_text][\/vc_column_inner][vc_column_inner width=\u00bb1\/6&#8243;][vc_column_text css=\u00bb.vc_custom_1637006603196{padding-top: 1px !important;padding-right: 10px !important;padding-bottom: 1px !important;padding-left: 10px !important;}\u00bb]<\/p>\n<h6 style=\"text-align: center;\"><span style=\"color: #000000;\"><strong>TIPO DE CONTRATACI\u00d3N<\/strong><\/span><\/h6>\n<p>[\/vc_column_text][vc_column_text]<\/p>\n<p style=\"text-align: center; font-size: 15px; font-weight: bold; line-height: 17px;\"><span style=\"color: #000000;\">Subasta Inversa Electr\u00f3nica<\/span><\/p>\n<p>[\/vc_column_text][\/vc_column_inner][vc_column_inner width=\u00bb1\/6&#8243;][vc_column_text css=\u00bb.vc_custom_1637006625498{padding-top: 1px !important;padding-right: 10px !important;padding-bottom: 1px !important;padding-left: 10px !important;}\u00bb]<\/p>\n<h6 style=\"text-align: center;\"><span style=\"color: #000000;\"><strong>PRESUPUESTO REFERENCIAL<\/strong><\/span><\/h6>\n<p>[\/vc_column_text][vc_column_text]<\/p>\n<p style=\"text-align: center; font-size: 15px; font-weight: bold; line-height: 17px;\"><span style=\"color: #000000;\">$ 32,543.92<\/span><\/p>\n<p>[\/vc_column_text][\/vc_column_inner][vc_column_inner width=\u00bb1\/6&#8243;][vc_column_text css=\u00bb.vc_custom_1637006647187{padding-top: 1px !important;padding-right: 10px !important;padding-bottom: 1px !important;padding-left: 10px !important;}\u00bb]<\/p>\n<h6 style=\"text-align: center;\"><span style=\"color: #000000;\"><strong>C\u00d3DIGO DEL PROCESO<\/strong><\/span><\/h6>\n<p>[\/vc_column_text][vc_column_text]<\/p>\n<p style=\"text-align: center; font-size: 13px; font-weight: bold; line-height: 17px; color: #eb9421;\"><a href=\"https:\/\/www.compraspublicas.gob.ec\/ProcesoContratacion\/compras\/PC\/informacionProcesoContratacion2.cpe?idSoliCompra=yLXa1Q5PmvpqLBLh5tLTU5BbE1MsL8DLUoSg-1ieGy4,\">SIE-GPM-034-2022<\/a><\/p>\n<p>[\/vc_column_text][\/vc_column_inner][\/vc_row_inner][vc_row_inner][vc_column_inner width=\u00bb3\/6&#8243;][vc_column_text]<\/p>\n<p style=\"font-size: 10px; line-height: 13px;\">ADQUISICI\u00d3N DE MEDICAMENTOS METAB\u00d3LICOS-HORMONALES PARA ATENCI\u00d3N A GRUPOS PRIORITARIOS, MEDIANTE LAS BRIGADAS DE SALUD DEL GOBIERNO PROVINCIAL MANAB\u00cd.<\/p>\n<p>[\/vc_column_text][\/vc_column_inner][vc_column_inner width=\u00bb1\/6&#8243;][vc_column_text]<\/p>\n<p style=\"text-align: center; font-size: 15px; font-weight: bold; line-height: 17px;\"><span style=\"color: #000000;\">Subasta Inversa Electr\u00f3nica<\/span><\/p>\n<p>[\/vc_column_text][\/vc_column_inner][vc_column_inner width=\u00bb1\/6&#8243;][vc_column_text]<\/p>\n<p style=\"text-align: center; font-size: 15px; font-weight: bold; line-height: 17px;\"><span style=\"color: #000000;\">$ 15,699.34<\/span><\/p>\n<p>[\/vc_column_text][\/vc_column_inner][vc_column_inner width=\u00bb1\/6&#8243;][vc_column_text]<\/p>\n<p style=\"text-align: center; font-size: 13px; font-weight: bold; line-height: 17px; color: #eb9421;\"><a href=\"https:\/\/www.compraspublicas.gob.ec\/ProcesoContratacion\/compras\/PC\/informacionProcesoContratacion2.cpe?idSoliCompra=ddlsLBC1UTqmAp6rlnKZs7HY7lkwIQHtdQ7k-Do7_eM,\" target=\"_blank\" rel=\"noopener\">SIE-GPM-038-2022<\/a><\/p>\n<p>[\/vc_column_text][\/vc_column_inner][\/vc_row_inner][vc_row_inner css=\u00bb.vc_custom_1637945261749{padding-top: 20px !important;background-color: #dbdbdb !important;}\u00bb][vc_column_inner width=\u00bb3\/6&#8243;][vc_column_text css=\u00bb.vc_custom_1655232506542{margin-bottom: 10px !important;}\u00bb]<\/p>\n<p style=\"font-size: 10px; line-height: 13px;\">ADQUISICION DE DISPOSITIVOS ODONTOLOGICOS, PARA ATENCION A GRUPOS PRIORITARIOS, MEDIANTE LAS BRIGADAS ODONTOLOGICAS DEL GOBIERNO PROVINCIAL MANABI.<\/p>\n<p>[\/vc_column_text][\/vc_column_inner][vc_column_inner width=\u00bb1\/6&#8243;][vc_column_text]<\/p>\n<p style=\"text-align: center; font-size: 15px; font-weight: bold; line-height: 17px;\"><span style=\"color: #000000;\">Subasta Inversa Electr\u00f3nica<\/span><\/p>\n<p>[\/vc_column_text][\/vc_column_inner][vc_column_inner width=\u00bb1\/6&#8243;][vc_column_text]<\/p>\n<p style=\"text-align: center; font-size: 15px; font-weight: bold; line-height: 17px;\"><span style=\"color: #000000;\">NO DISPONIBLE<\/span><\/p>\n<p>[\/vc_column_text][\/vc_column_inner][vc_column_inner width=\u00bb1\/6&#8243;][vc_column_text]<\/p>\n<p style=\"text-align: center; font-size: 13px; font-weight: bold; line-height: 17px; color: #eb9421;\"><a href=\"https:\/\/www.compraspublicas.gob.ec\/ProcesoContratacion\/compras\/PC\/informacionProcesoContratacion2.cpe?idSoliCompra=o92mEKZlFyOv438zMyc9Lx3Pp-VV62-uFXDI6CnVyos,\">SIE-GPM-042-2022<\/a><\/p>\n<p>[\/vc_column_text][\/vc_column_inner][\/vc_row_inner][vc_text_separator title=\u00bbJUNIO\u00bb color=\u00bbblack\u00bb css=\u00bb.vc_custom_1657742509634{margin-bottom: 25px !important;}\u00bb][vc_row_inner][vc_column_inner width=\u00bb3\/6&#8243;][vc_column_text]<\/p>\n<p style=\"font-size: 10px; line-height: 13px;\">ADQUISICION DE INSUMOS ODONTOLOGICOS PARA LA ATENCION DIRIGIDA A LOS SERVIDORES ,JUBILADOS Y SU ENTORNO FAMILIAR DEL GOBIERNO PROVINCIAL DE MANABI.<\/p>\n<p>[\/vc_column_text][\/vc_column_inner][vc_column_inner width=\u00bb1\/6&#8243;][vc_column_text]<\/p>\n<p style=\"text-align: center; font-size: 15px; font-weight: bold; line-height: 17px;\"><span style=\"color: #000000;\">Subasta Inversa Electr\u00f3nica<\/span><\/p>\n<p>[\/vc_column_text][\/vc_column_inner][vc_column_inner width=\u00bb1\/6&#8243;][vc_column_text]<\/p>\n<p style=\"text-align: center; font-size: 15px; font-weight: bold; line-height: 17px;\"><span style=\"color: #000000;\"><b>NO DISPONIBLE<\/b><\/span><\/p>\n<p>[\/vc_column_text][\/vc_column_inner][vc_column_inner width=\u00bb1\/6&#8243;][vc_column_text]<\/p>\n<p style=\"text-align: center; font-size: 13px; font-weight: bold; line-height: 17px; color: #eb9421;\"><a href=\"https:\/\/www.compraspublicas.gob.ec\/ProcesoContratacion\/compras\/PC\/informacionProcesoContratacion2.cpe?idSoliCompra=qUyyd7E9HETtqsMS2lyO-hgLqi3kTLkQFqLdGUczSb0,\" target=\"_blank\" rel=\"noopener\">SIE-GPM-046-2022<\/a><\/p>\n<p>[\/vc_column_text][\/vc_column_inner][\/vc_row_inner][vc_row_inner css=\u00bb.vc_custom_1637945261749{padding-top: 20px !important;background-color: #dbdbdb !important;}\u00bb][vc_column_inner width=\u00bb3\/6&#8243;][vc_column_text css=\u00bb.vc_custom_1657742619377{margin-bottom: 10px !important;}\u00bb]<\/p>\n<p style=\"font-size: 10px; line-height: 13px;\">ADQUISICI\u00d3N DE MEDICAMENTOS PARA EL APARATO RESPIRATORIO PARA ATENCI\u00d3N A GRUPOS PRIORITARIOS, MEDIANTE LAS BRIGADAS DE SALUD DEL GOBIERNO PROVINCIAL MANAB\u00cd.<\/p>\n<p>[\/vc_column_text][\/vc_column_inner][vc_column_inner width=\u00bb1\/6&#8243;][vc_column_text]<\/p>\n<p style=\"text-align: center; font-size: 15px; font-weight: bold; line-height: 17px;\"><span style=\"color: #000000;\">Subasta Inversa Electr\u00f3nica<\/span><\/p>\n<p>[\/vc_column_text][\/vc_column_inner][vc_column_inner width=\u00bb1\/6&#8243;][vc_column_text]<\/p>\n<p style=\"text-align: center; font-size: 15px; font-weight: bold; line-height: 17px;\"><span style=\"color: #000000;\">$ 44,278.92<\/span><\/p>\n<p>[\/vc_column_text][\/vc_column_inner][vc_column_inner width=\u00bb1\/6&#8243;][vc_column_text]<\/p>\n<p style=\"text-align: center; font-size: 13px; font-weight: bold; line-height: 17px; color: #eb9421;\"><a href=\"https:\/\/www.compraspublicas.gob.ec\/ProcesoContratacion\/compras\/PC\/informacionProcesoContratacion2.cpe?idSoliCompra=x40_Pez49pQg6r5zZH232uAbrUd6rH5Vz7FW730tSX0,\">SIE-GPM-043-2022<\/a><\/p>\n<p>[\/vc_column_text][\/vc_column_inner][\/vc_row_inner][vc_row_inner][vc_column_inner width=\u00bb3\/6&#8243;][vc_column_text]<\/p>\n<p style=\"font-size: 10px; line-height: 13px;\">ADQUISICI\u00d3N DE MEDICAMENTOS PARA EL SISTEMA NEUROL\u00d3GICO, PARA ATENCI\u00d2N A GRUPOS PRIORITARIOS, MEDIANTE LAS BRIGADAS DE SALUD DEL GOBIERNO PROVINCIAL DE MANAB\u00cd.<\/p>\n<p>[\/vc_column_text][\/vc_column_inner][vc_column_inner width=\u00bb1\/6&#8243;][vc_column_text]<\/p>\n<p style=\"text-align: center; font-size: 15px; font-weight: bold; line-height: 17px;\"><span style=\"color: #000000;\">Subasta Inversa Electr\u00f3nica<\/span><\/p>\n<p>[\/vc_column_text][\/vc_column_inner][vc_column_inner width=\u00bb1\/6&#8243;][vc_column_text]<\/p>\n<p style=\"text-align: center; font-size: 15px; font-weight: bold; line-height: 17px;\"><span style=\"color: #000000;\">$10,825.93<\/span><\/p>\n<p>[\/vc_column_text][\/vc_column_inner][vc_column_inner width=\u00bb1\/6&#8243;][vc_column_text]<\/p>\n<p style=\"text-align: center; font-size: 13px; font-weight: bold; line-height: 17px; color: #eb9421;\"><a href=\"https:\/\/www.compraspublicas.gob.ec\/ProcesoContratacion\/compras\/PC\/informacionProcesoContratacion2.cpe?idSoliCompra=UfWldTynudlNXEXiz1GLNRjLw35zWCKazGarDZraT-E,\" target=\"_blank\" rel=\"noopener\">SIE-GPM-044-2022<\/a><\/p>\n<p>[\/vc_column_text][\/vc_column_inner][\/vc_row_inner][vc_text_separator title=\u00bbOCTUBRE\u00bb color=\u00bbblack\u00bb css=\u00bb.vc_custom_1682617759444{margin-bottom: 25px !important;}\u00bb][vc_row_inner css=\u00bb.vc_custom_1637945261749{padding-top: 20px !important;background-color: #dbdbdb !important;}\u00bb][vc_column_inner width=\u00bb3\/6&#8243;][vc_column_text css=\u00bb.vc_custom_1637006519394{padding-top: 1px !important;padding-right: 10px !important;padding-bottom: 1px !important;padding-left: 10px !important;}\u00bb]<\/p>\n<h6 style=\"text-align: center;\"><span style=\"color: #000000;\"><strong>OBJETO DEL PROCESO<\/strong><\/span><\/h6>\n<p>[\/vc_column_text][vc_column_text css=\u00bb.vc_custom_1682617828253{margin-bottom: 10px !important;}\u00bb]<\/p>\n<p style=\"font-size: 10px; line-height: 13px;\">ADQUISICI\u00d3N DE DISPOSITIVOS MEDICOS PARA ATENCI\u00d3N A GRUPOS PRIORITARIOS, MEDIANTE LAS BRIGADAS DE SALUD DEL GOBIERNO PROVINCIAL MANAB\u00cd<\/p>\n<p>[\/vc_column_text][\/vc_column_inner][vc_column_inner width=\u00bb1\/6&#8243;][vc_column_text css=\u00bb.vc_custom_1637006603196{padding-top: 1px !important;padding-right: 10px !important;padding-bottom: 1px !important;padding-left: 10px !important;}\u00bb]<\/p>\n<h6 style=\"text-align: center;\"><span style=\"color: #000000;\"><strong>TIPO DE CONTRATACI\u00d3N<\/strong><\/span><\/h6>\n<p>[\/vc_column_text][vc_column_text]<\/p>\n<p style=\"text-align: center; font-size: 15px; font-weight: bold; line-height: 17px;\"><span style=\"color: #000000;\">Subasta Inversa Electr\u00f3nica<\/span><\/p>\n<p>[\/vc_column_text][\/vc_column_inner][vc_column_inner width=\u00bb1\/6&#8243;][vc_column_text css=\u00bb.vc_custom_1637006625498{padding-top: 1px !important;padding-right: 10px !important;padding-bottom: 1px !important;padding-left: 10px !important;}\u00bb]<\/p>\n<h6 style=\"text-align: center;\"><span style=\"color: #000000;\"><strong>PRESUPUESTO REFERENCIAL<\/strong><\/span><\/h6>\n<p>[\/vc_column_text][vc_column_text]<\/p>\n<p style=\"text-align: center; font-size: 15px; font-weight: bold; line-height: 17px;\"><span style=\"color: #000000;\">$ 55,822.22<\/span><\/p>\n<p>[\/vc_column_text][\/vc_column_inner][vc_column_inner width=\u00bb1\/6&#8243;][vc_column_text css=\u00bb.vc_custom_1637006647187{padding-top: 1px !important;padding-right: 10px !important;padding-bottom: 1px !important;padding-left: 10px !important;}\u00bb]<\/p>\n<h6 style=\"text-align: center;\"><span style=\"color: #000000;\"><strong>C\u00d3DIGO DEL PROCESO<\/strong><\/span><\/h6>\n<p>[\/vc_column_text][vc_column_text]<\/p>\n<p style=\"text-align: center; font-size: 13px; font-weight: bold; line-height: 17px; color: #eb9421;\"><a href=\"https:\/\/www.compraspublicas.gob.ec\/ProcesoContratacion\/compras\/PC\/informacionProcesoContratacion2.cpe?idSoliCompra=x4IAJFemsSbuD5P-EZ6-YizNr7-MHP4lW8sM5Bd9N1s,\">SIE-GPM-089-2022S<\/a><\/p>\n<p>[\/vc_column_text][\/vc_column_inner][\/vc_row_inner][vc_row_inner][vc_column_inner width=\u00bb3\/6&#8243;][vc_column_text]<\/p>\n<p style=\"font-size: 10px; line-height: 13px;\">ADQUISICI\u00d3N DE SUPLEMENTOS NUTRICIONALES PARA ATENCI\u00d3N A GRUPOS PRIORITARIOS, MEDIANTE LAS BRIGADAS DE SALUD DEL GOBIERNO PROVINCIAL MANAB\u00cd<\/p>\n<p>[\/vc_column_text][\/vc_column_inner][vc_column_inner width=\u00bb1\/6&#8243;][vc_column_text]<\/p>\n<p style=\"text-align: center; font-size: 15px; font-weight: bold; line-height: 17px;\"><span style=\"color: #000000;\">Subasta Inversa Electr\u00f3nica<\/span><\/p>\n<p>[\/vc_column_text][\/vc_column_inner][vc_column_inner width=\u00bb1\/6&#8243;][vc_column_text]<\/p>\n<p style=\"text-align: center; font-size: 15px; font-weight: bold; line-height: 17px;\"><span style=\"color: #000000;\">$ 170,253.75<\/span><\/p>\n<p>[\/vc_column_text][\/vc_column_inner][vc_column_inner width=\u00bb1\/6&#8243;][vc_column_text]<\/p>\n<p style=\"text-align: center; font-size: 13px; font-weight: bold; line-height: 17px; color: #eb9421;\"><a href=\"https:\/\/www.compraspublicas.gob.ec\/ProcesoContratacion\/compras\/PC\/informacionProcesoContratacion2.cpe?idSoliCompra=UPRR7TzNDQpc8XIASfNaSB4K3g_aTFTXzKGuPjFsONc,\" target=\"_blank\" rel=\"noopener\">SIE-GPM-090-2022<\/a><\/p>\n<p>[\/vc_column_text][\/vc_column_inner][\/vc_row_inner][vc_row_inner css=\u00bb.vc_custom_1637945261749{padding-top: 20px !important;background-color: #dbdbdb !important;}\u00bb][vc_column_inner width=\u00bb3\/6&#8243;][vc_column_text css=\u00bb.vc_custom_1682622156341{margin-bottom: 10px !important;}\u00bb]<\/p>\n<p style=\"font-size: 10px; line-height: 13px;\">ADQUISICI\u00d3N DE EQUIPOS ODONTOL\u00d3GICOS, PARA ATENCI\u00d3N A GRUPOS PRIORITARIOS, MEDIANTE LAS BRIGADAS ODONTOL\u00d3GICAS DEL GOBIERNO PROVINCIAL DE MANAB\u00cd<\/p>\n<p>[\/vc_column_text][\/vc_column_inner][vc_column_inner width=\u00bb1\/6&#8243;][vc_column_text]<\/p>\n<p style=\"text-align: center; font-size: 15px; font-weight: bold; line-height: 17px;\"><span style=\"color: #000000;\">Subasta Inversa Electr\u00f3nica<\/span><\/p>\n<p>[\/vc_column_text][\/vc_column_inner][vc_column_inner width=\u00bb1\/6&#8243;][vc_column_text]<\/p>\n<p style=\"text-align: center; font-size: 15px; font-weight: bold; line-height: 17px;\"><span style=\"color: #000000;\">$ 60,386.02<\/span><\/p>\n<p>[\/vc_column_text][\/vc_column_inner][vc_column_inner width=\u00bb1\/6&#8243;][vc_column_text]<\/p>\n<p style=\"text-align: center; font-size: 13px; font-weight: bold; line-height: 17px; color: #eb9421;\"><a href=\"https:\/\/www.compraspublicas.gob.ec\/ProcesoContratacion\/compras\/PC\/informacionProcesoContratacion2.cpe?idSoliCompra=7xEqpkmmpiRPAHIoEGKUESkgm0Fn79RPeeUgk99eZfo,\">SIE-GPM-092-2022<\/a><\/p>\n<p>[\/vc_column_text][\/vc_column_inner][\/vc_row_inner][vc_row_inner][vc_column_inner width=\u00bb3\/6&#8243;][vc_column_text]<\/p>\n<p style=\"font-size: 10px; line-height: 13px;\">ADQUISICI\u00d3N DE PROTESIS DENTALES, PARA LA ATENCI\u00d3N ODONTOL\u00d3GICA EN REHABILITACI\u00d3N ORAL, CON LA ENTREGA DE PR\u00d3TESIS DENTALES A LOS GRUPOS DE ATENCI\u00d3N PRIORITARIOS DE LA PROVINCIA DE MANAB\u00cd DENTRO DEL MARCO DEL PROYECTO ROMPIENDO BARRERAS E INTEGRANDO SUE\u00d1OS<\/p>\n<p>[\/vc_column_text][\/vc_column_inner][vc_column_inner width=\u00bb1\/6&#8243;][vc_column_text]<\/p>\n<p style=\"text-align: center; font-size: 15px; font-weight: bold; line-height: 17px;\"><span style=\"color: #000000;\">Subasta Inversa Electr\u00f3nica<\/span><\/p>\n<p>[\/vc_column_text][\/vc_column_inner][vc_column_inner width=\u00bb1\/6&#8243;][vc_column_text]<\/p>\n<p style=\"text-align: center; font-size: 15px; font-weight: bold; line-height: 17px;\"><span style=\"color: #000000;\">$ 40,883.33<\/span><\/p>\n<p>[\/vc_column_text][\/vc_column_inner][vc_column_inner width=\u00bb1\/6&#8243;][vc_column_text]<\/p>\n<p style=\"text-align: center; font-size: 13px; font-weight: bold; line-height: 17px; color: #eb9421;\"><a href=\"https:\/\/www.compraspublicas.gob.ec\/ProcesoContratacion\/compras\/PC\/informacionProcesoContratacion2.cpe?idSoliCompra=e8CCyflIKCy5P7bDpEGuV1WGNlwloUAzphzOLxmhPnc,\" target=\"_blank\" rel=\"noopener\">SIE-GPM-086-2022<\/a><\/p>\n<p>[\/vc_column_text][\/vc_column_inner][\/vc_row_inner][vc_text_separator title=\u00bbDICIEMBRE\u00bb color=\u00bbblack\u00bb css=\u00bb.vc_custom_1682700392732{margin-bottom: 25px !important;}\u00bb][vc_row_inner css=\u00bb.vc_custom_1637945261749{padding-top: 20px !important;background-color: #dbdbdb !important;}\u00bb][vc_column_inner width=\u00bb3\/6&#8243;][vc_column_text css=\u00bb.vc_custom_1637006519394{padding-top: 1px !important;padding-right: 10px !important;padding-bottom: 1px !important;padding-left: 10px !important;}\u00bb]<\/p>\n<h6 style=\"text-align: center;\"><span style=\"color: #000000;\"><strong>OBJETO DEL PROCESO<\/strong><\/span><\/h6>\n<p>[\/vc_column_text][vc_column_text css=\u00bb.vc_custom_1682700431907{margin-bottom: 10px !important;}\u00bb]<\/p>\n<p style=\"font-size: 10px; line-height: 13px;\">SERVICIO DE INTERNET A TRAV\u00c9S DE WIFI GESTIONADO PARA LA ZONA RURAL DE LA PROVINCIA DE MANAB\u00cd<\/p>\n<p>[\/vc_column_text][\/vc_column_inner][vc_column_inner width=\u00bb1\/6&#8243;][vc_column_text css=\u00bb.vc_custom_1637006603196{padding-top: 1px !important;padding-right: 10px !important;padding-bottom: 1px !important;padding-left: 10px !important;}\u00bb]<\/p>\n<h6 style=\"text-align: center;\"><span style=\"color: #000000;\"><strong>TIPO DE CONTRATACI\u00d3N<\/strong><\/span><\/h6>\n<p>[\/vc_column_text][vc_column_text]<\/p>\n<p style=\"text-align: center; font-size: 15px; font-weight: bold; line-height: 17px;\"><span style=\"color: #000000;\">Subasta Inversa Electr\u00f3nica<\/span><\/p>\n<p>[\/vc_column_text][\/vc_column_inner][vc_column_inner width=\u00bb1\/6&#8243;][vc_column_text css=\u00bb.vc_custom_1637006625498{padding-top: 1px !important;padding-right: 10px !important;padding-bottom: 1px !important;padding-left: 10px !important;}\u00bb]<\/p>\n<h6 style=\"text-align: center;\"><span style=\"color: #000000;\"><strong>PRESUPUESTO REFERENCIAL<\/strong><\/span><\/h6>\n<p>[\/vc_column_text][vc_column_text]<\/p>\n<p style=\"text-align: center; font-size: 15px; font-weight: bold; line-height: 17px;\"><span style=\"color: #000000;\">$ 332,569.92<\/span><\/p>\n<p>[\/vc_column_text][\/vc_column_inner][vc_column_inner width=\u00bb1\/6&#8243;][vc_column_text css=\u00bb.vc_custom_1637006647187{padding-top: 1px !important;padding-right: 10px !important;padding-bottom: 1px !important;padding-left: 10px !important;}\u00bb]<\/p>\n<h6 style=\"text-align: center;\"><span style=\"color: #000000;\"><strong>C\u00d3DIGO DEL PROCESO<\/strong><\/span><\/h6>\n<p>[\/vc_column_text][vc_column_text]<\/p>\n<p style=\"text-align: center; font-size: 13px; font-weight: bold; line-height: 17px; color: #eb9421;\"><a href=\"https:\/\/www.compraspublicas.gob.ec\/ProcesoContratacion\/compras\/PC\/informacionProcesoContratacion2.cpe?idSoliCompra=dG4b-3GHjB8bodMhcfC4etE0B0BVLuLu-jHxluzo7gM,\">SIE-GPM-109-2022<\/a><\/p>\n<p>[\/vc_column_text][\/vc_column_inner][\/vc_row_inner][\/vc_tta_section][vc_tta_section title=\u00bb2021&#8243; tab_id=\u00bb1634321355791-64b4826a-a240&#8243;][vc_text_separator title=\u00bbFEBRERO\u00bb color=\u00bbblack\u00bb css=\u00bb.vc_custom_1634330353340{margin-bottom: 25px !important;}\u00bb][vc_row_inner][vc_column_inner width=\u00bb3\/6&#8243;][vc_column_text css=\u00bb.vc_custom_1637006519394{padding-top: 1px !important;padding-right: 10px !important;padding-bottom: 1px !important;padding-left: 10px !important;}\u00bb]<\/p>\n<h6 style=\"text-align: center;\"><span style=\"color: #000000;\"><strong>OBJETO DEL PROCESO<\/strong><\/span><\/h6>\n<p>[\/vc_column_text][vc_column_text]<\/p>\n<p style=\"font-size: 10px; line-height: 13px;\">ADQUISICION DE 21.000 PRUEBAS RAPIDAS (Kit de detecci\u00f3n de anticuerpos IgG \/ IgM contra COVID-19), POR PARTE DEL GAD PROVINCIAL DE MANABI PARA LA EMERGENCIA SANITARIA, ACCIONES DE PREVENCION, CONTROL Y MITIGACION DE COVID -19<\/p>\n<p>[\/vc_column_text][\/vc_column_inner][vc_column_inner width=\u00bb1\/6&#8243;][vc_column_text css=\u00bb.vc_custom_1637006603196{padding-top: 1px !important;padding-right: 10px !important;padding-bottom: 1px !important;padding-left: 10px !important;}\u00bb]<\/p>\n<h6 style=\"text-align: center;\"><span style=\"color: #000000;\"><strong>TIPO DE CONTRATACI\u00d3N<\/strong><\/span><\/h6>\n<p>[\/vc_column_text][vc_column_text]<\/p>\n<p style=\"text-align: center; font-size: 15px; font-weight: bold; line-height: 17px;\"><span style=\"color: #000000;\">Subasta Inversa Electr\u00f3nica<\/span><\/p>\n<p>[\/vc_column_text][\/vc_column_inner][vc_column_inner width=\u00bb1\/6&#8243;][vc_column_text css=\u00bb.vc_custom_1637006625498{padding-top: 1px !important;padding-right: 10px !important;padding-bottom: 1px !important;padding-left: 10px !important;}\u00bb]<\/p>\n<h6 style=\"text-align: center;\"><span style=\"color: #000000;\"><strong>PRESUPUESTO REFERENCIAL<\/strong><\/span><\/h6>\n<p>[\/vc_column_text][vc_column_text]<\/p>\n<p style=\"text-align: center; font-size: 15px; font-weight: bold; line-height: 17px;\"><span style=\"color: #000000;\">$ 84,000.00<\/span><\/p>\n<p>[\/vc_column_text][\/vc_column_inner][vc_column_inner width=\u00bb1\/6&#8243;][vc_column_text css=\u00bb.vc_custom_1637006647187{padding-top: 1px !important;padding-right: 10px !important;padding-bottom: 1px !important;padding-left: 10px !important;}\u00bb]<\/p>\n<h6 style=\"text-align: center;\"><span style=\"color: #000000;\"><strong>C\u00d3DIGO DEL PROCESO<\/strong><\/span><\/h6>\n<p>[\/vc_column_text][vc_column_text]<\/p>\n<p style=\"text-align: center; font-size: 13px; font-weight: bold; line-height: 17px; color: #eb9421;\"><a href=\"https:\/\/www.compraspublicas.gob.ec\/ProcesoContratacion\/compras\/PC\/informacionProcesoContratacion2.cpe?idSoliCompra=hWh1U8XWHncPTVfGgN3N7vzbk8JEq3o1j9rB2guwIO8,\" target=\"_blank\" rel=\"noopener\">SIE-GPM-002-2021<\/a><\/p>\n<p>[\/vc_column_text][\/vc_column_inner][\/vc_row_inner][vc_row_inner css=\u00bb.vc_custom_1634330847303{padding-top: 20px !important;padding-right: 0px !important;padding-left: 0px !important;background-color: #dbdbdb !important;}\u00bb][vc_column_inner width=\u00bb3\/6&#8243;][vc_column_text css=\u00bb.vc_custom_1634836374701{margin-bottom: 10px !important;}\u00bb]<\/p>\n<p style=\"font-size: 10px; line-height: 13px;\">ALQUILER DE ESPACIO F\u00cdSICO PARA EL FUNCIONAMIENTO DEL CENTRO DE DESARROLLO INFANTIL CDI CORAZ\u00d3N DE NI\u00d1O<\/p>\n<p>[\/vc_column_text][\/vc_column_inner][vc_column_inner width=\u00bb1\/6&#8243;][vc_column_text]<\/p>\n<p style=\"text-align: center; font-size: 15px; font-weight: bold; line-height: 17px;\"><span style=\"color: #000000;\">Publicaci\u00f3n Especial<\/span><\/p>\n<p>[\/vc_column_text][\/vc_column_inner][vc_column_inner width=\u00bb1\/6&#8243;][vc_column_text]<\/p>\n<p style=\"text-align: center; font-size: 15px; font-weight: bold; line-height: 17px;\"><span style=\"color: #000000;\">$ 1,848.21<\/span><\/p>\n<p>[\/vc_column_text][\/vc_column_inner][vc_column_inner width=\u00bb1\/6&#8243;][vc_column_text]<\/p>\n<p style=\"text-align: center; font-size: 13px; font-weight: bold; line-height: 17px; color: #eb9421;\"><a href=\"https:\/\/www.compraspublicas.gob.ec\/ProcesoContratacion\/compras\/PC\/informacionProcesoContratacion2.cpe?idSoliCompra=io5QUTVEfI-6yAMWO58mlGgGAcyK0GgXGyj0pdktnDc,\" target=\"_blank\" rel=\"noopener\">PUB-CONV-ALQ-01-2020<\/a><\/p>\n<p>[\/vc_column_text][\/vc_column_inner][\/vc_row_inner][vc_row_inner][vc_column_inner width=\u00bb3\/6&#8243;][vc_column_text]<\/p>\n<p style=\"font-size: 10px; line-height: 13px;\">ALQUILER DE ESPACIO F\u00cdSICO PARA EL CDI LAS ORQUIDEAS<\/p>\n<p>[\/vc_column_text][\/vc_column_inner][vc_column_inner width=\u00bb1\/6&#8243;][vc_column_text]<\/p>\n<p style=\"text-align: center; font-size: 15px; font-weight: bold; line-height: 17px;\"><span style=\"color: #000000;\">Publicaci\u00f3n Especial<\/span><\/p>\n<p>[\/vc_column_text][\/vc_column_inner][vc_column_inner width=\u00bb1\/6&#8243;][vc_column_text]<\/p>\n<p style=\"text-align: center; font-size: 15px; font-weight: bold; line-height: 17px;\"><span style=\"color: #000000;\">$ 2,070.00<\/span><\/p>\n<p>[\/vc_column_text][\/vc_column_inner][vc_column_inner width=\u00bb1\/6&#8243;][vc_column_text]<\/p>\n<p style=\"text-align: center; font-size: 13px; font-weight: bold; line-height: 17px; color: #eb9421;\"><a href=\"https:\/\/www.compraspublicas.gob.ec\/ProcesoContratacion\/compras\/PC\/informacionProcesoContratacion2.cpe?idSoliCompra=XoYvyfcBAXmYwdFqK6XKjfAs5rsn1T-ftf0kI4oFHsk,\">PUB-CONV-ALQ-02-2020<\/a><\/p>\n<p>[\/vc_column_text][\/vc_column_inner][\/vc_row_inner][vc_row_inner css=\u00bb.vc_custom_1639166369365{padding-top: 20px !important;background-color: #dbdbdb !important;}\u00bb][vc_column_inner width=\u00bb3\/6&#8243;][vc_column_text css=\u00bb.vc_custom_1634836461437{margin-bottom: 10px !important;}\u00bb]<\/p>\n<p style=\"font-size: 10px; line-height: 13px;\">ALQUILER DE ESPACIO F\u00cdSICO PARA EL CDI ANGELITOS DE LA PAZ<\/p>\n<p>[\/vc_column_text][\/vc_column_inner][vc_column_inner width=\u00bb1\/6&#8243;][vc_column_text]<\/p>\n<p style=\"text-align: center; font-size: 15px; font-weight: bold; line-height: 17px;\"><span style=\"color: #000000;\">Publicaci\u00f3n Especial<\/span><\/p>\n<p>[\/vc_column_text][\/vc_column_inner][vc_column_inner width=\u00bb1\/6&#8243;][vc_column_text]<\/p>\n<p style=\"text-align: center; font-size: 15px; font-weight: bold; line-height: 17px;\"><span style=\"color: #000000;\">$ 1,848.21<\/span><\/p>\n<p>[\/vc_column_text][\/vc_column_inner][vc_column_inner width=\u00bb1\/6&#8243;][vc_column_text]<\/p>\n<p style=\"text-align: center; font-size: 13px; font-weight: bold; line-height: 17px; color: #eb9421;\"><a href=\"https:\/\/www.compraspublicas.gob.ec\/ProcesoContratacion\/compras\/PC\/informacionProcesoContratacion2.cpe?idSoliCompra=S7x-vDLvbN-5KGMqbJkmVXGJugPHoIHTLn3NoiLMaZY,\">PUB-CONV-ALQ-03-2020<\/a><\/p>\n<p>[\/vc_column_text][\/vc_column_inner][\/vc_row_inner][vc_row_inner][vc_column_inner width=\u00bb3\/6&#8243;][vc_column_text]<\/p>\n<p style=\"font-size: 10px; line-height: 13px;\">ALQUILER DE ESPACIO F\u00cdSICO PARA EL CDI SANTA MAR\u00cdA<\/p>\n<p>[\/vc_column_text][\/vc_column_inner][vc_column_inner width=\u00bb1\/6&#8243;][vc_column_text]<\/p>\n<p style=\"text-align: center; font-size: 15px; font-weight: bold; line-height: 17px;\"><span style=\"color: #000000;\">Publicaci\u00f3n Especial<\/span><\/p>\n<p>[\/vc_column_text][\/vc_column_inner][vc_column_inner width=\u00bb1\/6&#8243;][vc_column_text]<\/p>\n<p style=\"text-align: center; font-size: 15px; font-weight: bold; line-height: 17px;\"><span style=\"color: #000000;\">$ 1,848.21<\/span><\/p>\n<p>[\/vc_column_text][\/vc_column_inner][vc_column_inner width=\u00bb1\/6&#8243;][vc_column_text]<\/p>\n<p style=\"text-align: center; font-size: 13px; font-weight: bold; line-height: 17px; color: #eb9421;\"><a href=\"https:\/\/www.compraspublicas.gob.ec\/ProcesoContratacion\/compras\/PC\/informacionProcesoContratacion2.cpe?idSoliCompra=1GMtfwSmTzquTjk1tHdiSsSbHXnsBeWlExLghuBfJnk,\">PUB-CONV-ALQ-04-2020<\/a><\/p>\n<p>[\/vc_column_text][\/vc_column_inner][\/vc_row_inner][vc_row_inner css=\u00bb.vc_custom_1634330425501{padding-top: 20px !important;background-color: #dbdbdb !important;}\u00bb][vc_column_inner width=\u00bb3\/6&#8243;][vc_column_text css=\u00bb.vc_custom_1634836500708{margin-bottom: 10px !important;}\u00bb]<\/p>\n<p style=\"font-size: 10px; line-height: 13px;\">ALQUILER DE ESPACIO F\u00cdSICO PARA EL FUNCIONAMIENTO DEL CDI CHIQUITITO<\/p>\n<p>[\/vc_column_text][\/vc_column_inner][vc_column_inner width=\u00bb1\/6&#8243;][vc_column_text]<\/p>\n<p style=\"text-align: center; font-size: 15px; font-weight: bold; line-height: 17px;\"><span style=\"color: #000000;\">Publicaci\u00f3n Especial<\/span><\/p>\n<p>[\/vc_column_text][\/vc_column_inner][vc_column_inner width=\u00bb1\/6&#8243;][vc_column_text]<\/p>\n<p style=\"text-align: center; font-size: 15px; font-weight: bold; line-height: 17px;\"><span style=\"color: #000000;\">$ 1,848.21<\/span><\/p>\n<p>[\/vc_column_text][\/vc_column_inner][vc_column_inner width=\u00bb1\/6&#8243;][vc_column_text]<\/p>\n<p style=\"text-align: center; font-size: 13px; font-weight: bold; line-height: 17px; color: #eb9421;\"><a href=\"https:\/\/www.compraspublicas.gob.ec\/ProcesoContratacion\/compras\/PC\/informacionProcesoContratacion2.cpe?idSoliCompra=898yqJR0KtZCOmlhf0H8VBXVW-IqGGc1qzFbFBxmCzY,\">PUB-CONV-ALQ-05-2020<\/a><\/p>\n<p>[\/vc_column_text][\/vc_column_inner][\/vc_row_inner][vc_row_inner][vc_column_inner width=\u00bb3\/6&#8243;][vc_column_text]<\/p>\n<p style=\"font-size: 10px; line-height: 13px;\">ALQUILER DE ESPACIO F\u00cdSICO PARA EL FUNCIONAMIENTO DEL CENTRO DE DESARROLLO INFANTIL CDI SAN ANTONIO DOS<\/p>\n<p>[\/vc_column_text][\/vc_column_inner][vc_column_inner width=\u00bb1\/6&#8243;][vc_column_text]<\/p>\n<p style=\"text-align: center; font-size: 15px; font-weight: bold; line-height: 17px;\"><span style=\"color: #000000;\">Publicaci\u00f3n Especial<\/span><\/p>\n<p>[\/vc_column_text][\/vc_column_inner][vc_column_inner width=\u00bb1\/6&#8243;][vc_column_text]<\/p>\n<p style=\"text-align: center; font-size: 15px; font-weight: bold; line-height: 17px;\"><span style=\"color: #000000;\">$ 1,848.21<\/span><\/p>\n<p>[\/vc_column_text][\/vc_column_inner][vc_column_inner width=\u00bb1\/6&#8243;][vc_column_text]<\/p>\n<p style=\"text-align: center; font-size: 13px; font-weight: bold; line-height: 17px; color: #eb9421;\"><a href=\"https:\/\/www.compraspublicas.gob.ec\/ProcesoContratacion\/compras\/PC\/informacionProcesoContratacion2.cpe?idSoliCompra=op00TcfQIEjLePeRyalXlFBU976d3bT9doOLtQSTQQI,\">PUB-CONV-ALQ-06-2020<\/a><\/p>\n<p>[\/vc_column_text][\/vc_column_inner][\/vc_row_inner][vc_text_separator title=\u00bbAGOSTO\u00bb color=\u00bbblack\u00bb css=\u00bb.vc_custom_1634330958364{margin-top: 50px !important;margin-bottom: 15px !important;}\u00bb][vc_row_inner css=\u00bb.vc_custom_1634330425501{padding-top: 20px !important;background-color: #dbdbdb !important;}\u00bb][vc_column_inner width=\u00bb3\/6&#8243;][vc_column_text css=\u00bb.vc_custom_1637006519394{padding-top: 1px !important;padding-right: 10px !important;padding-bottom: 1px !important;padding-left: 10px !important;}\u00bb]<\/p>\n<h6 style=\"text-align: center;\"><span style=\"color: #000000;\"><strong>OBJETO DEL PROCESO<\/strong><\/span><\/h6>\n<p>[\/vc_column_text][vc_column_text css=\u00bb.vc_custom_1634836588982{margin-bottom: 10px !important;}\u00bb]<\/p>\n<p style=\"font-size: 10px; line-height: 13px;\">SERVICIO DE TRANSPORTE PARA EL PERSONAL DE SALUD Y T\u00c9CNICOS DE LA DIRECCI\u00d3N DE DESARROLLO SOCIAL DEL GOBIERNO PROVINCIAL DE MANAB\u00cd, QUE SER\u00c1N TRASLADADO A LOS DIFERENTES CANTONES DE LA PROVINCIA<\/p>\n<p>[\/vc_column_text][\/vc_column_inner][vc_column_inner width=\u00bb1\/6&#8243;][vc_column_text css=\u00bb.vc_custom_1637006603196{padding-top: 1px !important;padding-right: 10px !important;padding-bottom: 1px !important;padding-left: 10px !important;}\u00bb]<\/p>\n<h6 style=\"text-align: center;\"><span style=\"color: #000000;\"><strong>TIPO DE CONTRATACI\u00d3N<\/strong><\/span><\/h6>\n<p>[\/vc_column_text][vc_column_text]<\/p>\n<p style=\"text-align: center; font-size: 15px; font-weight: bold; line-height: 17px;\"><span style=\"color: #000000;\">Subasta <\/span><br \/>\n<span style=\"color: #000000;\">Inversa Electr\u00f3nica<\/span><\/p>\n<p>[\/vc_column_text][\/vc_column_inner][vc_column_inner width=\u00bb1\/6&#8243;][vc_column_text css=\u00bb.vc_custom_1637006625498{padding-top: 1px !important;padding-right: 10px !important;padding-bottom: 1px !important;padding-left: 10px !important;}\u00bb]<\/p>\n<h6 style=\"text-align: center;\"><span style=\"color: #000000;\"><strong>PRESUPUESTO REFERENCIAL<\/strong><\/span><\/h6>\n<p>[\/vc_column_text][vc_column_text]<\/p>\n<p style=\"text-align: center; font-size: 15px; font-weight: bold; line-height: 17px;\"><span style=\"color: #000000;\">$ 125,187.56<\/span><\/p>\n<p>[\/vc_column_text][\/vc_column_inner][vc_column_inner width=\u00bb1\/6&#8243;][vc_column_text css=\u00bb.vc_custom_1637006647187{padding-top: 1px !important;padding-right: 10px !important;padding-bottom: 1px !important;padding-left: 10px !important;}\u00bb]<\/p>\n<h6 style=\"text-align: center;\"><span style=\"color: #000000;\"><strong>C\u00d3DIGO DEL PROCESO<\/strong><\/span><\/h6>\n<p>[\/vc_column_text][vc_column_text]<\/p>\n<p style=\"text-align: center; font-size: 13px; font-weight: bold; line-height: 17px; color: #eb9421;\"><a href=\"https:\/\/www.compraspublicas.gob.ec\/ProcesoContratacion\/compras\/PC\/informacionProcesoContratacion2.cpe?idSoliCompra=Yr4lNar7xSofyQN9N8C3Br8K7axIs7ZajpS7fnxCsDw,\">SIE-GPM-014-2021<\/a><\/p>\n<p>[\/vc_column_text][\/vc_column_inner][\/vc_row_inner][vc_text_separator title=\u00bbOCTUBRE\u00bb color=\u00bbblack\u00bb css=\u00bb.vc_custom_1636409892067{margin-top: 50px !important;margin-bottom: 15px !important;}\u00bb][vc_row_inner css=\u00bb.vc_custom_1636558031988{padding-top: 20px !important;}\u00bb][vc_column_inner width=\u00bb3\/6&#8243;][vc_column_text css=\u00bb.vc_custom_1637006519394{padding-top: 1px !important;padding-right: 10px !important;padding-bottom: 1px !important;padding-left: 10px !important;}\u00bb]<\/p>\n<h6 style=\"text-align: center;\"><span style=\"color: #000000;\"><strong>OBJETO DEL PROCESO<\/strong><\/span><\/h6>\n<p>[\/vc_column_text][vc_column_text css=\u00bb.vc_custom_1636409849635{margin-bottom: 10px !important;}\u00bb]<\/p>\n<p style=\"font-size: 10px; line-height: 13px;\">MEJORAMIENTO DE \u00c1REAS EXISTENTES, CANCHA DE USO M\u00daLTIPLE, ECUAVOLEY, \u00c1REAS DE RECREACI\u00d3N Y \u00c1REA DE DUCHAS, UBICADO EN LA PARROQUIA PUERTO CAYO DEL CANT\u00d3N JIPIJAPA.<\/p>\n<p>[\/vc_column_text][\/vc_column_inner][vc_column_inner width=\u00bb1\/6&#8243;][vc_column_text css=\u00bb.vc_custom_1637006603196{padding-top: 1px !important;padding-right: 10px !important;padding-bottom: 1px !important;padding-left: 10px !important;}\u00bb]<\/p>\n<h6 style=\"text-align: center;\"><span style=\"color: #000000;\"><strong>TIPO DE CONTRATACI\u00d3N<\/strong><\/span><\/h6>\n<p>[\/vc_column_text][vc_column_text]<\/p>\n<p style=\"text-align: center; font-size: 15px; font-weight: bold; line-height: 17px;\"><span style=\"color: #000000;\">Menor Cuant\u00eda<\/span><\/p>\n<p>[\/vc_column_text][\/vc_column_inner][vc_column_inner width=\u00bb1\/6&#8243;][vc_column_text css=\u00bb.vc_custom_1637006625498{padding-top: 1px !important;padding-right: 10px !important;padding-bottom: 1px !important;padding-left: 10px !important;}\u00bb]<\/p>\n<h6 style=\"text-align: center;\"><span style=\"color: #000000;\"><strong>PRESUPUESTO REFERENCIAL<\/strong><\/span><\/h6>\n<p>[\/vc_column_text][vc_column_text]<\/p>\n<p style=\"text-align: center; font-size: 15px; font-weight: bold; line-height: 17px;\"><span style=\"color: #000000;\">$ 172,204.54<\/span><\/p>\n<p>[\/vc_column_text][\/vc_column_inner][vc_column_inner width=\u00bb1\/6&#8243;][vc_column_text css=\u00bb.vc_custom_1637006647187{padding-top: 1px !important;padding-right: 10px !important;padding-bottom: 1px !important;padding-left: 10px !important;}\u00bb]<\/p>\n<h6 style=\"text-align: center;\"><span style=\"color: #000000;\"><strong>C\u00d3DIGO DEL PROCESO<\/strong><\/span><\/h6>\n<p>[\/vc_column_text][vc_column_text]<\/p>\n<p style=\"text-align: center; font-size: 13px; font-weight: bold; line-height: 17px; color: #eb9421;\"><a href=\"https:\/\/www.compraspublicas.gob.ec\/ProcesoContratacion\/compras\/PC\/informacionProcesoContratacion2.cpe?idSoliCompra=ud2JnvuCnyQ7ZZoZO4LuGXNsrICxpTtgSDQVLDALeUs,\">MCO-GPM-019-2021<\/a><\/p>\n<p>[\/vc_column_text][\/vc_column_inner][\/vc_row_inner][vc_text_separator title=\u00bbNOVIEMBRE\u00bb color=\u00bbblack\u00bb css=\u00bb.vc_custom_1639166240848{margin-top: 50px !important;margin-bottom: 15px !important;}\u00bb][vc_row_inner css=\u00bb.vc_custom_1639166382444{padding-top: 20px !important;background-color: #dbdbdb !important;}\u00bb][vc_column_inner width=\u00bb3\/6&#8243;][vc_column_text css=\u00bb.vc_custom_1637006519394{padding-top: 1px !important;padding-right: 10px !important;padding-bottom: 1px !important;padding-left: 10px !important;}\u00bb]<\/p>\n<h6 style=\"text-align: center;\"><span style=\"color: #000000;\"><strong>OBJETO DEL PROCESO<\/strong><\/span><\/h6>\n<p>[\/vc_column_text][vc_column_text css=\u00bb.vc_custom_1639166162159{margin-bottom: 10px !important;}\u00bb]<\/p>\n<p style=\"font-size: 10px; line-height: 13px;\">SERVICIO DE ALQUILER DE VEH\u00cdCULOS PARA LA DIRECCI\u00d3N DE DESARROLLO SOCIAL (5 CAMIONETAS DOBLE CABINA 4X4 PARA EL TRASLADO DE TRABAJADORAS SOCIALES EN VISITAS SOCIALES, ENTREGA DE AYUDAS T\u00c9CNICAS, HUMANITARIAS, SEGUIMIENTO A LOS CONVENIOS Y PROYECTOS DE LA DIRECCI\u00d3N DE DESARROLLO SOCIAL DEL GOBIERNO PROVINCIAL DE MANAB\u00cd.<\/p>\n<p>[\/vc_column_text][\/vc_column_inner][vc_column_inner width=\u00bb1\/6&#8243;][vc_column_text css=\u00bb.vc_custom_1637006603196{padding-top: 1px !important;padding-right: 10px !important;padding-bottom: 1px !important;padding-left: 10px !important;}\u00bb]<\/p>\n<h6 style=\"text-align: center;\"><span style=\"color: #000000;\"><strong>TIPO DE CONTRATACI\u00d3N<\/strong><\/span><\/h6>\n<p>[\/vc_column_text][vc_column_text]<\/p>\n<p style=\"text-align: center; font-size: 15px; font-weight: bold; line-height: 17px;\"><span style=\"color: #000000;\">Subasta Inversa Electr\u00f3nica<\/span><\/p>\n<p>[\/vc_column_text][\/vc_column_inner][vc_column_inner width=\u00bb1\/6&#8243;][vc_column_text css=\u00bb.vc_custom_1637006625498{padding-top: 1px !important;padding-right: 10px !important;padding-bottom: 1px !important;padding-left: 10px !important;}\u00bb]<\/p>\n<h6 style=\"text-align: center;\"><span style=\"color: #000000;\"><strong>PRESUPUESTO REFERENCIAL<\/strong><\/span><\/h6>\n<p>[\/vc_column_text][vc_column_text]<\/p>\n<p style=\"text-align: center; font-size: 15px; font-weight: bold; line-height: 17px;\"><span style=\"color: #000000;\">NO DISPONIBLE<\/span><\/p>\n<p>[\/vc_column_text][\/vc_column_inner][vc_column_inner width=\u00bb1\/6&#8243;][vc_column_text css=\u00bb.vc_custom_1637006647187{padding-top: 1px !important;padding-right: 10px !important;padding-bottom: 1px !important;padding-left: 10px !important;}\u00bb]<\/p>\n<h6 style=\"text-align: center;\"><span style=\"color: #000000;\"><strong>C\u00d3DIGO DEL PROCESO<\/strong><\/span><\/h6>\n<p>[\/vc_column_text][vc_column_text]<\/p>\n<p style=\"text-align: center; font-size: 13px; font-weight: bold; line-height: 17px; color: #eb9421;\"><a href=\"https:\/\/www.compraspublicas.gob.ec\/ProcesoContratacion\/compras\/PC\/informacionProcesoContratacion2.cpe?idSoliCompra=mSyHjgyy7GGziFNKCFzima9PxJuJzP_vJpch822MdX0,\">SIE-GPM-040-2021<\/a><\/p>\n<p>[\/vc_column_text][\/vc_column_inner][\/vc_row_inner][vc_text_separator title=\u00bbDICIEMBRE\u00bb color=\u00bbblack\u00bb css=\u00bb.vc_custom_1640708077495{margin-top: 50px !important;margin-bottom: 15px !important;}\u00bb][vc_row_inner css=\u00bb.vc_custom_1636558031988{padding-top: 20px !important;}\u00bb][vc_column_inner width=\u00bb3\/6&#8243;][vc_column_text css=\u00bb.vc_custom_1637006519394{padding-top: 1px !important;padding-right: 10px !important;padding-bottom: 1px !important;padding-left: 10px !important;}\u00bb]<\/p>\n<h6 style=\"text-align: center;\"><span style=\"color: #000000;\"><strong>OBJETO DEL PROCESO<\/strong><\/span><\/h6>\n<p>[\/vc_column_text][vc_column_text css=\u00bb.vc_custom_1640708103316{margin-bottom: 10px !important;}\u00bb]<\/p>\n<p style=\"font-size: 10px; line-height: 13px;\">ADQUISICI\u00d3N DE AYUDAS HUMANITARIAS PARA GRUPOS DE ATENCI\u00d3N PRIORITARIA DE LA PROVINCIA DE MANAB\u00cd.<\/p>\n<p>[\/vc_column_text][\/vc_column_inner][vc_column_inner width=\u00bb1\/6&#8243;][vc_column_text css=\u00bb.vc_custom_1637006603196{padding-top: 1px !important;padding-right: 10px !important;padding-bottom: 1px !important;padding-left: 10px !important;}\u00bb]<\/p>\n<h6 style=\"text-align: center;\"><span style=\"color: #000000;\"><strong>TIPO DE CONTRATACI\u00d3N<\/strong><\/span><\/h6>\n<p>[\/vc_column_text][vc_column_text]<\/p>\n<p style=\"text-align: center; font-size: 15px; font-weight: bold; line-height: 17px;\"><span style=\"color: #000000;\">Subasta Inversa Electr\u00f3nica<\/span><\/p>\n<p>[\/vc_column_text][\/vc_column_inner][vc_column_inner width=\u00bb1\/6&#8243;][vc_column_text css=\u00bb.vc_custom_1637006625498{padding-top: 1px !important;padding-right: 10px !important;padding-bottom: 1px !important;padding-left: 10px !important;}\u00bb]<\/p>\n<h6 style=\"text-align: center;\"><span style=\"color: #000000;\"><strong>PRESUPUESTO REFERENCIAL<\/strong><\/span><\/h6>\n<p>[\/vc_column_text][vc_column_text]<\/p>\n<p style=\"text-align: center; font-size: 15px; font-weight: bold; line-height: 17px;\"><span style=\"color: #000000;\">NO DISPONIBLE<\/span><\/p>\n<p>[\/vc_column_text][\/vc_column_inner][vc_column_inner width=\u00bb1\/6&#8243;][vc_column_text css=\u00bb.vc_custom_1637006647187{padding-top: 1px !important;padding-right: 10px !important;padding-bottom: 1px !important;padding-left: 10px !important;}\u00bb]<\/p>\n<h6 style=\"text-align: center;\"><span style=\"color: #000000;\"><strong>C\u00d3DIGO DEL PROCESO<\/strong><\/span><\/h6>\n<p>[\/vc_column_text][vc_column_text]<\/p>\n<p style=\"text-align: center; font-size: 13px; font-weight: bold; line-height: 17px; color: #eb9421;\"><a href=\"https:\/\/www.compraspublicas.gob.ec\/ProcesoContratacion\/compras\/PC\/informacionProcesoContratacion2.cpe?idSoliCompra=uTyyyaUWd4pge2-nVsPOtpSYHf23NcOnf8M3oxVKNws,\">SIE-GPM-057-2021<\/a><\/p>\n<p>[\/vc_column_text][\/vc_column_inner][\/vc_row_inner][\/vc_tta_section][vc_tta_section title=\u00bb2020&#8243; tab_id=\u00bb1637941283041-7fae8ab3-2a0a\u00bb][vc_text_separator title=\u00bbMARZO\u00bb color=\u00bbblack\u00bb css=\u00bb.vc_custom_1637941349379{margin-bottom: 25px !important;}\u00bb][vc_row_inner][vc_column_inner width=\u00bb3\/6&#8243;][vc_column_text css=\u00bb.vc_custom_1637006519394{padding-top: 1px !important;padding-right: 10px !important;padding-bottom: 1px !important;padding-left: 10px !important;}\u00bb]<\/p>\n<h6 style=\"text-align: center;\"><span style=\"color: #000000;\"><strong>OBJETO DEL PROCESO<\/strong><\/span><\/h6>\n<p>[\/vc_column_text][vc_column_text]<\/p>\n<p style=\"font-size: 10px; line-height: 13px;\">ADQUISICI\u00d3N DE AYUDAS T\u00c9CNICAS PARA LA ATENCI\u00d3N A LOS GRUPOS VULNERABLES. SILLAS DE RUEDAS, SILLAS POSTURALES DE ADULTOS, COCHES ANTI ESCARAS, BASTONES CANADIENSES, BASTONES DE 4 PATAS, BASTONES NO VIDENTES, CAMINADORES, COJINES ANTI ESCARAS, MULETAS, SILLAS DE BA\u00d1O.<\/p>\n<p>[\/vc_column_text][\/vc_column_inner][vc_column_inner width=\u00bb1\/6&#8243;][vc_column_text css=\u00bb.vc_custom_1637006603196{padding-top: 1px !important;padding-right: 10px !important;padding-bottom: 1px !important;padding-left: 10px !important;}\u00bb]<\/p>\n<h6 style=\"text-align: center;\"><span style=\"color: #000000;\"><strong>TIPO DE CONTRATACI\u00d3N<\/strong><\/span><\/h6>\n<p>[\/vc_column_text][vc_column_text]<\/p>\n<p style=\"text-align: center; font-size: 15px; font-weight: bold; line-height: 17px;\"><span style=\"color: #000000;\">Subasta Inversa Electr\u00f3nica<\/span><\/p>\n<p>[\/vc_column_text][\/vc_column_inner][vc_column_inner width=\u00bb1\/6&#8243;][vc_column_text css=\u00bb.vc_custom_1637006625498{padding-top: 1px !important;padding-right: 10px !important;padding-bottom: 1px !important;padding-left: 10px !important;}\u00bb]<\/p>\n<h6 style=\"text-align: center;\"><span style=\"color: #000000;\"><strong>PRESUPUESTO REFERENCIAL<\/strong><\/span><\/h6>\n<p>[\/vc_column_text][vc_column_text]<\/p>\n<p style=\"text-align: center; font-size: 15px; font-weight: bold; line-height: 17px;\"><span style=\"color: #000000;\">$\u00a0 85,707.65<\/span><\/p>\n<p>[\/vc_column_text][\/vc_column_inner][vc_column_inner width=\u00bb1\/6&#8243;][vc_column_text css=\u00bb.vc_custom_1637006647187{padding-top: 1px !important;padding-right: 10px !important;padding-bottom: 1px !important;padding-left: 10px !important;}\u00bb]<\/p>\n<h6 style=\"text-align: center;\"><span style=\"color: #000000;\"><strong>C\u00d3DIGO DEL PROCESO<\/strong><\/span><\/h6>\n<p>[\/vc_column_text][vc_column_text]<\/p>\n<p style=\"text-align: center; font-size: 13px; font-weight: bold; line-height: 17px; color: #eb9421;\"><a href=\"https:\/\/www.compraspublicas.gob.ec\/ProcesoContratacion\/compras\/PC\/informacionProcesoContratacion2.cpe?idSoliCompra=yX6lmOQTuKUh4Ssgy0oTpDOBKWY9vedi2XcOrD45Xxk,\" target=\"_blank\" rel=\"noopener\">SIE-GPM-007-2020<\/a><\/p>\n<p>[\/vc_column_text][\/vc_column_inner][\/vc_row_inner][vc_row_inner css=\u00bb.vc_custom_1634330847303{padding-top: 20px !important;padding-right: 0px !important;padding-left: 0px !important;background-color: #dbdbdb !important;}\u00bb][vc_column_inner width=\u00bb3\/6&#8243;][vc_column_text css=\u00bb.vc_custom_1637941523461{margin-bottom: 10px !important;}\u00bb]<\/p>\n<p style=\"font-size: 10px; line-height: 13px;\">ADQUISICI\u00d3N DE AYUDAS HUMANITARIAS PARA GRUPOS DE ATENCI\u00d3N PRIORITARIA (ADQUISICI\u00d3N DE COLCHONES, CAMAS, SILLAS, MESAS, TEJAS Y PA\u00d1ALES).<\/p>\n<p>[\/vc_column_text][\/vc_column_inner][vc_column_inner width=\u00bb1\/6&#8243;][vc_column_text]<\/p>\n<p style=\"text-align: center; font-size: 15px; font-weight: bold; line-height: 17px;\"><span style=\"color: #000000;\">Subasta Inversa Electr\u00f3nica<\/span><\/p>\n<p>[\/vc_column_text][\/vc_column_inner][vc_column_inner width=\u00bb1\/6&#8243;][vc_column_text]<\/p>\n<p style=\"text-align: center; font-size: 15px; font-weight: bold; line-height: 17px;\"><span style=\"color: #000000;\">$ 87,263.90<\/span><\/p>\n<p>[\/vc_column_text][\/vc_column_inner][vc_column_inner width=\u00bb1\/6&#8243;][vc_column_text]<\/p>\n<p style=\"text-align: center; font-size: 13px; font-weight: bold; line-height: 17px; color: #eb9421;\"><a href=\"https:\/\/www.compraspublicas.gob.ec\/ProcesoContratacion\/compras\/PC\/informacionProcesoContratacion2.cpe?idSoliCompra=io5QUTVEfI-6yAMWO58mlGgGAcyK0GgXGyj0pdktnDc,\" target=\"_blank\" rel=\"noopener\">SIE-GPM-008-2020<\/a><\/p>\n<p>[\/vc_column_text][\/vc_column_inner][\/vc_row_inner][vc_row_inner][vc_column_inner width=\u00bb3\/6&#8243;][vc_column_text]<\/p>\n<p style=\"font-size: 10px; line-height: 13px;\">ADQUISICI\u00d3N DE AYUDAS HUMANITARIAS PARA GRUPOS DE ATENCI\u00d3N PRIORITARIA (ADQUISICI\u00d3N DE RACIONES ALIMENTICIAS).<\/p>\n<p>[\/vc_column_text][\/vc_column_inner][vc_column_inner width=\u00bb1\/6&#8243;][vc_column_text]<\/p>\n<p style=\"text-align: center; font-size: 15px; font-weight: bold; line-height: 17px;\"><span style=\"color: #000000;\">Subasta Inversa Electr\u00f3nica<\/span><\/p>\n<p>[\/vc_column_text][\/vc_column_inner][vc_column_inner width=\u00bb1\/6&#8243;][vc_column_text]<\/p>\n<p style=\"text-align: center; font-size: 15px; font-weight: bold; line-height: 17px;\"><span style=\"color: #000000;\">NO DISPONIBLE<\/span><\/p>\n<p>[\/vc_column_text][\/vc_column_inner][vc_column_inner width=\u00bb1\/6&#8243;][vc_column_text]<\/p>\n<p style=\"text-align: center; font-size: 13px; font-weight: bold; line-height: 17px; color: #eb9421;\"><a href=\"https:\/\/www.compraspublicas.gob.ec\/ProcesoContratacion\/compras\/PC\/informacionProcesoContratacion2.cpe?idSoliCompra=gEZLtHvLD-Lm-ypB2UcVuS229RWuuzYpY4ZLaQ99SqQ,\">SIE-GPM-009-2020<\/a><\/p>\n<p>[\/vc_column_text][\/vc_column_inner][\/vc_row_inner][vc_row_inner css=\u00bb.vc_custom_1634330425501{padding-top: 20px !important;background-color: #dbdbdb !important;}\u00bb][vc_column_inner width=\u00bb3\/6&#8243;][vc_column_text css=\u00bb.vc_custom_1637941901489{margin-bottom: 10px !important;}\u00bb]<\/p>\n<p style=\"font-size: 10px; line-height: 13px;\">ADQUISICI\u00d3N DE BIENES PARA LA REPOTENCIACI\u00d3N DEL CENTRO DE REHABILITACI\u00d3N F\u00cdSICA NUTRICIONAL Y SOCIAL VIVIR PARA ATENDER PERSONAS DEL GRUPO DE ATENCI\u00d3N PRIORITARIA.<\/p>\n<p>[\/vc_column_text][\/vc_column_inner][vc_column_inner width=\u00bb1\/6&#8243;][vc_column_text]<\/p>\n<p style=\"text-align: center; font-size: 15px; font-weight: bold; line-height: 17px;\"><span style=\"color: #000000;\">Subasta Inversa Electr\u00f3nica<\/span><\/p>\n<p>[\/vc_column_text][\/vc_column_inner][vc_column_inner width=\u00bb1\/6&#8243;][vc_column_text]<\/p>\n<p style=\"text-align: center; font-size: 15px; font-weight: bold; line-height: 17px;\"><span style=\"color: #000000;\">$ 31,728.21<\/span><\/p>\n<p>[\/vc_column_text][\/vc_column_inner][vc_column_inner width=\u00bb1\/6&#8243;][vc_column_text]<\/p>\n<p style=\"text-align: center; font-size: 13px; font-weight: bold; line-height: 17px; color: #eb9421;\"><a href=\"https:\/\/www.compraspublicas.gob.ec\/ProcesoContratacion\/compras\/PC\/informacionProcesoContratacion2.cpe?idSoliCompra=GWKEm1AE-CWe6L6ADJJRWo0MYAq0JAExX1ALVx7xqNA,\">SIE-010-GPM-2020<\/a><\/p>\n<p>[\/vc_column_text][\/vc_column_inner][\/vc_row_inner][vc_row_inner][vc_column_inner width=\u00bb3\/6&#8243;][vc_column_text]<\/p>\n<p style=\"font-size: 10px; line-height: 13px;\">ADQUISICI\u00d3N DE LENTES Y EQUIPOS OPTOM\u00c9TRICOS PARA EL ABASTECIMIENTO DE LAS BRIGADAS DE SALUD DE LA DIRECCI\u00d3N DE DESARROLLO HUMANO DEL GOBIERNO PROVINCIAL DE MANAB\u00cd.<\/p>\n<p>[\/vc_column_text][\/vc_column_inner][vc_column_inner width=\u00bb1\/6&#8243;][vc_column_text]<\/p>\n<p style=\"text-align: center; font-size: 15px; font-weight: bold; line-height: 17px;\"><span style=\"color: #000000;\">Subasta Inversa Electr\u00f3nica<\/span><\/p>\n<p>[\/vc_column_text][\/vc_column_inner][vc_column_inner width=\u00bb1\/6&#8243;][vc_column_text]<\/p>\n<p style=\"text-align: center; font-size: 15px; font-weight: bold; line-height: 17px;\"><span style=\"color: #000000;\">NO DISPONIBLE<\/span><\/p>\n<p>[\/vc_column_text][\/vc_column_inner][vc_column_inner width=\u00bb1\/6&#8243;][vc_column_text]<\/p>\n<p style=\"text-align: center; font-size: 13px; font-weight: bold; line-height: 17px; color: #eb9421;\"><a href=\"https:\/\/www.compraspublicas.gob.ec\/ProcesoContratacion\/compras\/PC\/informacionProcesoContratacion2.cpe?idSoliCompra=MlZ8d9mx0ASzaeuQKDHCcSp_llY8D8k4h8xoWZjLk8k,\">SIE-GPM-011-2020<\/a><\/p>\n<p>[\/vc_column_text][\/vc_column_inner][\/vc_row_inner][vc_text_separator title=\u00bbAGOSTO\u00bb color=\u00bbblack\u00bb css=\u00bb.vc_custom_1634330958364{margin-top: 50px !important;margin-bottom: 15px !important;}\u00bb][vc_row_inner css=\u00bb.vc_custom_1634330425501{padding-top: 20px !important;background-color: #dbdbdb !important;}\u00bb][vc_column_inner width=\u00bb3\/6&#8243;][vc_column_text css=\u00bb.vc_custom_1637006519394{padding-top: 1px !important;padding-right: 10px !important;padding-bottom: 1px !important;padding-left: 10px !important;}\u00bb]<\/p>\n<h6 style=\"text-align: center;\"><span style=\"color: #000000;\"><strong>OBJETO DEL PROCESO<\/strong><\/span><\/h6>\n<p>[\/vc_column_text][vc_column_text css=\u00bb.vc_custom_1637942233300{margin-bottom: 10px !important;}\u00bb]<\/p>\n<p style=\"font-size: 10px; line-height: 13px;\">SERVICIO DE TRANSPORTE DEL PERSONAL DE SALUD DE LA DIRECCION DE DESARROLLO HUMANO DEL GOBIERNO PROVINCIAL DE MANABI, POR EL PERIODO DE 120 DIAS A LOS DIFERENTES CANTONES DE LA PROVINCIA DE MANABI.<\/p>\n<p>[\/vc_column_text][\/vc_column_inner][vc_column_inner width=\u00bb1\/6&#8243;][vc_column_text css=\u00bb.vc_custom_1637006603196{padding-top: 1px !important;padding-right: 10px !important;padding-bottom: 1px !important;padding-left: 10px !important;}\u00bb]<\/p>\n<h6 style=\"text-align: center;\"><span style=\"color: #000000;\"><strong>TIPO DE CONTRATACI\u00d3N<\/strong><\/span><\/h6>\n<p>[\/vc_column_text][vc_column_text]<\/p>\n<p style=\"text-align: center; font-size: 15px; font-weight: bold; line-height: 17px;\"><span style=\"color: #000000;\">Subasta Inversa Electr\u00f3nica<\/span><\/p>\n<p>[\/vc_column_text][\/vc_column_inner][vc_column_inner width=\u00bb1\/6&#8243;][vc_column_text css=\u00bb.vc_custom_1637006625498{padding-top: 1px !important;padding-right: 10px !important;padding-bottom: 1px !important;padding-left: 10px !important;}\u00bb]<\/p>\n<h6 style=\"text-align: center;\"><span style=\"color: #000000;\"><strong>PRESUPUESTO REFERENCIAL<\/strong><\/span><\/h6>\n<p>[\/vc_column_text][vc_column_text]<\/p>\n<p style=\"text-align: center; font-size: 15px; font-weight: bold; line-height: 17px;\"><span style=\"color: #000000;\">NO DISPONIBLE<\/span><\/p>\n<p>[\/vc_column_text][\/vc_column_inner][vc_column_inner width=\u00bb1\/6&#8243;][vc_column_text css=\u00bb.vc_custom_1637006647187{padding-top: 1px !important;padding-right: 10px !important;padding-bottom: 1px !important;padding-left: 10px !important;}\u00bb]<\/p>\n<h6 style=\"text-align: center;\"><span style=\"color: #000000;\"><strong>C\u00d3DIGO DEL PROCESO<\/strong><\/span><\/h6>\n<p>[\/vc_column_text][vc_column_text]<\/p>\n<p style=\"text-align: center; font-size: 13px; font-weight: bold; line-height: 17px; color: #eb9421;\"><a href=\"https:\/\/www.compraspublicas.gob.ec\/ProcesoContratacion\/compras\/PC\/informacionProcesoContratacion2.cpe?idSoliCompra=XRein5bNyFtnJ3h0jEbxBdPNm-taTuPC4FlPKFni-Qw,\">SIE-GPM-030-2020<\/a><\/p>\n<p>[\/vc_column_text][\/vc_column_inner][\/vc_row_inner][vc_text_separator title=\u00bbSEPTIEMBRE\u00bb color=\u00bbblack\u00bb css=\u00bb.vc_custom_1637942510398{margin-top: 50px !important;margin-bottom: 15px !important;}\u00bb][vc_row_inner][vc_column_inner width=\u00bb3\/6&#8243;][vc_column_text css=\u00bb.vc_custom_1637006519394{padding-top: 1px !important;padding-right: 10px !important;padding-bottom: 1px !important;padding-left: 10px !important;}\u00bb]<\/p>\n<h6 style=\"text-align: center;\"><span style=\"color: #000000;\"><strong>OBJETO DEL PROCESO<\/strong><\/span><\/h6>\n<p>[\/vc_column_text][vc_column_text]<\/p>\n<p style=\"font-size: 10px; line-height: 13px;\">ADQUISICI\u00d3N DE MASCARILLAS DOMESTICAS PARA LA PROTECCION DE LOS GRUPOS DE ATENCION PRIORITARIA EN LOS CANTONES DE LA PROVINCIA DE MANABI, ANTE LA EMERGENCIA SANITARIA POR COVID-19.<\/p>\n<p>[\/vc_column_text][\/vc_column_inner][vc_column_inner width=\u00bb1\/6&#8243;][vc_column_text css=\u00bb.vc_custom_1637006603196{padding-top: 1px !important;padding-right: 10px !important;padding-bottom: 1px !important;padding-left: 10px !important;}\u00bb]<\/p>\n<h6 style=\"text-align: center;\"><span style=\"color: #000000;\"><strong>TIPO DE CONTRATACI\u00d3N<\/strong><\/span><\/h6>\n<p>[\/vc_column_text][vc_column_text]<\/p>\n<p style=\"text-align: center; font-size: 15px; font-weight: bold; line-height: 17px;\"><span style=\"color: #000000;\">Ferias Inclusivas<\/span><\/p>\n<p>[\/vc_column_text][\/vc_column_inner][vc_column_inner width=\u00bb1\/6&#8243;][vc_column_text css=\u00bb.vc_custom_1637006625498{padding-top: 1px !important;padding-right: 10px !important;padding-bottom: 1px !important;padding-left: 10px !important;}\u00bb]<\/p>\n<h6 style=\"text-align: center;\"><span style=\"color: #000000;\"><strong>PRESUPUESTO REFERENCIAL<\/strong><\/span><\/h6>\n<p>[\/vc_column_text][vc_column_text]<\/p>\n<p style=\"text-align: center; font-size: 15px; font-weight: bold; line-height: 17px;\"><span style=\"color: #000000;\">$ 236,400.00<\/span><\/p>\n<p>[\/vc_column_text][\/vc_column_inner][vc_column_inner width=\u00bb1\/6&#8243;][vc_column_text css=\u00bb.vc_custom_1637006647187{padding-top: 1px !important;padding-right: 10px !important;padding-bottom: 1px !important;padding-left: 10px !important;}\u00bb]<\/p>\n<h6 style=\"text-align: center;\"><span style=\"color: #000000;\"><strong>C\u00d3DIGO DEL PROCESO<\/strong><\/span><\/h6>\n<p>[\/vc_column_text][vc_column_text]<\/p>\n<p style=\"text-align: center; font-size: 13px; font-weight: bold; line-height: 17px; color: #eb9421;\"><a href=\"https:\/\/www.compraspublicas.gob.ec\/ProcesoContratacion\/compras\/PC\/informacionProcesoContratacion2.cpe?idSoliCompra=twZdksCsG1qd07GqC8vrg54-ourZ4OzGgLCI02lOoY4,\">FI-GPM-007-2020<\/a><\/p>\n<p>[\/vc_column_text][\/vc_column_inner][\/vc_row_inner][vc_row_inner css=\u00bb.vc_custom_1637945243596{background-color: #dbdbdb !important;}\u00bb][vc_column_inner width=\u00bb3\/6&#8243;][vc_column_text]<\/p>\n<p style=\"font-size: 10px; line-height: 13px;\">SERVICIO DE TRANSPORTE DEL PERSONAL DE SALUD DE LA DIRECCION DE DESARROLLO HUMANO DEL GOBIERNO PROVINCIAL DE MANABI, POR EL PERIODO DE 120 DIAS A LOS DIFERENTES CANTONES DE LA PROVINCIA DE MANABI.<\/p>\n<p>[\/vc_column_text][\/vc_column_inner][vc_column_inner width=\u00bb1\/6&#8243;][vc_column_text]<\/p>\n<p style=\"text-align: center; font-size: 15px; font-weight: bold; line-height: 17px;\"><span style=\"color: #000000;\">Subasta Inversa Electr\u00f3nica<\/span><\/p>\n<p>[\/vc_column_text][\/vc_column_inner][vc_column_inner width=\u00bb1\/6&#8243;][vc_column_text]<\/p>\n<p style=\"text-align: center; font-size: 15px; font-weight: bold; line-height: 17px;\"><span style=\"color: #000000;\">$ 62,400.00<\/span><\/p>\n<p>[\/vc_column_text][\/vc_column_inner][vc_column_inner width=\u00bb1\/6&#8243;][vc_column_text]<\/p>\n<p style=\"text-align: center; font-size: 13px; font-weight: bold; line-height: 17px; color: #eb9421;\"><a href=\"https:\/\/www.compraspublicas.gob.ec\/ProcesoContratacion\/compras\/PC\/informacionProcesoContratacion2.cpe?idSoliCompra=R967fpItWKmKdtbwKGceDMFPHW0mZWgWgrwmfX_v3tk,\">SIE-GPM-045-2020<\/a><\/p>\n<p>[\/vc_column_text][\/vc_column_inner][\/vc_row_inner][vc_row_inner][vc_column_inner width=\u00bb3\/6&#8243;][vc_column_text]<\/p>\n<p style=\"font-size: 10px; line-height: 13px;\">ADQUISICI\u00d3N DE INSUMOS M\u00c9DICOS PARA LA DOTACI\u00d3N Y ABASTECIMIENTO DE LAS BRIGADAS DE SALUD DE LA DIRECCI\u00d3N DE DESARROLLO HUMANO DEL GOBIERNO PROVINCIAL DE MANAB\u00cd PARA LA ATENCI\u00d3N A GRUPOS PRIORITARIOS.<\/p>\n<p>[\/vc_column_text][\/vc_column_inner][vc_column_inner width=\u00bb1\/6&#8243;][vc_column_text]<\/p>\n<p style=\"text-align: center; font-size: 15px; font-weight: bold; line-height: 17px;\"><span style=\"color: #000000;\">Subasta Inversa Electr\u00f3nica<\/span><\/p>\n<p>[\/vc_column_text][\/vc_column_inner][vc_column_inner width=\u00bb1\/6&#8243;][vc_column_text]<\/p>\n<p style=\"text-align: center; font-size: 15px; font-weight: bold; line-height: 17px;\"><span style=\"color: #000000;\">$ 65,854.77<\/span><\/p>\n<p>[\/vc_column_text][\/vc_column_inner][vc_column_inner width=\u00bb1\/6&#8243;][vc_column_text]<\/p>\n<p style=\"text-align: center; font-size: 13px; font-weight: bold; line-height: 17px; color: #eb9421;\"><a href=\"https:\/\/www.compraspublicas.gob.ec\/ProcesoContratacion\/compras\/PC\/informacionProcesoContratacion2.cpe?idSoliCompra=twZdksCsG1qd07GqC8vrg54-ourZ4OzGgLCI02lOoY4,\">SIE-GPM-046-2020<\/a><\/p>\n<p>[\/vc_column_text][\/vc_column_inner][\/vc_row_inner][vc_text_separator title=\u00bbOCTUBRE\u00bb color=\u00bbblack\u00bb css=\u00bb.vc_custom_1637942783404{margin-top: 50px !important;margin-bottom: 15px !important;}\u00bb][vc_row_inner css=\u00bb.vc_custom_1634330425501{padding-top: 20px !important;background-color: #dbdbdb !important;}\u00bb][vc_column_inner width=\u00bb3\/6&#8243;][vc_column_text css=\u00bb.vc_custom_1637006519394{padding-top: 1px !important;padding-right: 10px !important;padding-bottom: 1px !important;padding-left: 10px !important;}\u00bb]<\/p>\n<h6 style=\"text-align: center;\"><span style=\"color: #000000;\"><strong>OBJETO DEL PROCESO<\/strong><\/span><\/h6>\n<p>[\/vc_column_text][vc_column_text css=\u00bb.vc_custom_1637942891601{margin-bottom: 10px !important;}\u00bb]<\/p>\n<p style=\"font-size: 10px; line-height: 13px;\">ADQUISICI\u00d3N DE TOLDOS IMPREGNADOS CON DELTAMETRINA, PARA ATENCI\u00d3N A GRUPOS PRIORITARIOS EN SITUACIONES DE EMERGENCIAS Y EPIDEMIOL\u00d3GICAS QUE AFECTEN A LA PROVINCIA DE MANAB\u00cd.<\/p>\n<p>[\/vc_column_text][\/vc_column_inner][vc_column_inner width=\u00bb1\/6&#8243;][vc_column_text css=\u00bb.vc_custom_1637006603196{padding-top: 1px !important;padding-right: 10px !important;padding-bottom: 1px !important;padding-left: 10px !important;}\u00bb]<\/p>\n<h6 style=\"text-align: center;\"><span style=\"color: #000000;\"><strong>TIPO DE CONTRATACI\u00d3N<\/strong><\/span><\/h6>\n<p>[\/vc_column_text][vc_column_text]<\/p>\n<p style=\"text-align: center; font-size: 15px; font-weight: bold; line-height: 17px;\"><span style=\"color: #000000;\">Subasta <\/span><br \/>\n<span style=\"color: #000000;\">Inversa Electr\u00f3nica<\/span><\/p>\n<p>[\/vc_column_text][\/vc_column_inner][vc_column_inner width=\u00bb1\/6&#8243;][vc_column_text css=\u00bb.vc_custom_1637006625498{padding-top: 1px !important;padding-right: 10px !important;padding-bottom: 1px !important;padding-left: 10px !important;}\u00bb]<\/p>\n<h6 style=\"text-align: center;\"><span style=\"color: #000000;\"><strong>PRESUPUESTO REFERENCIAL<\/strong><\/span><\/h6>\n<p>[\/vc_column_text][vc_column_text]<\/p>\n<p style=\"text-align: center; font-size: 15px; font-weight: bold; line-height: 17px;\"><span style=\"color: #000000;\">$ 19,260.00<\/span><\/p>\n<p>[\/vc_column_text][\/vc_column_inner][vc_column_inner width=\u00bb1\/6&#8243;][vc_column_text css=\u00bb.vc_custom_1637006647187{padding-top: 1px !important;padding-right: 10px !important;padding-bottom: 1px !important;padding-left: 10px !important;}\u00bb]<\/p>\n<h6 style=\"text-align: center;\"><span style=\"color: #000000;\"><strong>C\u00d3DIGO DEL PROCESO<\/strong><\/span><\/h6>\n<p>[\/vc_column_text][vc_column_text]<\/p>\n<p style=\"text-align: center; font-size: 13px; font-weight: bold; line-height: 17px; color: #eb9421;\"><a href=\"https:\/\/www.compraspublicas.gob.ec\/ProcesoContratacion\/compras\/PC\/informacionProcesoContratacion2.cpe?idSoliCompra=omGJoBc_EA_dCiZ8JPQzk-i_jB1aCfxx-5NPwESIcmg,\">SIE-GPM-053-2020<\/a><\/p>\n<p>[\/vc_column_text][\/vc_column_inner][\/vc_row_inner][vc_row_inner css=\u00bb.vc_custom_1637945252677{padding-top: 20px !important;}\u00bb][vc_column_inner width=\u00bb3\/6&#8243;][vc_column_text css=\u00bb.vc_custom_1637942975529{margin-bottom: 10px !important;}\u00bb]<\/p>\n<p style=\"font-size: 10px; line-height: 13px;\">ADQUISICION. DE DETERMINACIONES DE LABORATORIO PARA LA DETECCION DEL CORONAVIRUS SARS-COV2 (CEPA WUHAN) ANTE LA PANDEMIA SUSCITADA EN ATENCION A LA PROVINCIA DE MANABI.<\/p>\n<p>[\/vc_column_text][\/vc_column_inner][vc_column_inner width=\u00bb1\/6&#8243;][vc_column_text]<\/p>\n<p style=\"text-align: center; font-size: 15px; font-weight: bold; line-height: 17px;\"><span style=\"color: #000000;\">Subasta <\/span><br \/>\n<span style=\"color: #000000;\">Inversa Electr\u00f3nica<\/span><\/p>\n<p>[\/vc_column_text][\/vc_column_inner][vc_column_inner width=\u00bb1\/6&#8243;][vc_column_text]<\/p>\n<p style=\"text-align: center; font-size: 15px; font-weight: bold; line-height: 17px;\"><span style=\"color: #000000;\">\u00a0NO DISPONIBLE<\/span><\/p>\n<p>[\/vc_column_text][\/vc_column_inner][vc_column_inner width=\u00bb1\/6&#8243;][vc_column_text]<\/p>\n<p style=\"text-align: center; font-size: 13px; font-weight: bold; line-height: 17px; color: #eb9421;\"><a href=\"https:\/\/www.compraspublicas.gob.ec\/ProcesoContratacion\/compras\/PC\/informacionProcesoContratacion2.cpe?idSoliCompra=kWiq1ROiTVMDcQfDL9kkEKJ9M7vyhKdVQ9b4kNaDUc8,\">SIE-GPM-056-2020<\/a><\/p>\n<p>[\/vc_column_text][\/vc_column_inner][\/vc_row_inner][vc_row_inner css=\u00bb.vc_custom_1634330425501{padding-top: 20px !important;background-color: #dbdbdb !important;}\u00bb][vc_column_inner width=\u00bb3\/6&#8243;][vc_column_text css=\u00bb.vc_custom_1637943078455{margin-bottom: 10px !important;}\u00bb]<\/p>\n<p style=\"font-size: 10px; line-height: 13px;\">ADQUISICI\u00d3N DE 21.000 PRUEBAS R\u00c1PIDAS (KIT DE DETENCI\u00d3N DE ANTICUERPOS IgG-IgM CONTRA EL COVID-19) POR PARTE DEL GAD PROVINCIAL DE MANAB\u00cd PARA LA EMERGENCIA SANITARIA, ACCIONES DE PREVENCI\u00d3N, CONTROL Y MITIGACI\u00d3N DE COVID-19.<\/p>\n<p>[\/vc_column_text][\/vc_column_inner][vc_column_inner width=\u00bb1\/6&#8243;][vc_column_text]<\/p>\n<p style=\"text-align: center; font-size: 15px; font-weight: bold; line-height: 17px;\"><span style=\"color: #000000;\">Subasta <\/span><br \/>\n<span style=\"color: #000000;\">Inversa Electr\u00f3nica<\/span><\/p>\n<p>[\/vc_column_text][\/vc_column_inner][vc_column_inner width=\u00bb1\/6&#8243;][vc_column_text]<\/p>\n<p style=\"text-align: center; font-size: 15px; font-weight: bold; line-height: 17px;\"><span style=\"color: #000000;\">\u00a0NO DISPONIBLE<\/span><\/p>\n<p>[\/vc_column_text][\/vc_column_inner][vc_column_inner width=\u00bb1\/6&#8243;][vc_column_text]<\/p>\n<p style=\"text-align: center; font-size: 13px; font-weight: bold; line-height: 17px; color: #eb9421;\"><a href=\"https:\/\/www.compraspublicas.gob.ec\/ProcesoContratacion\/compras\/PC\/informacionProcesoContratacion2.cpe?idSoliCompra=DDkH-hwuTTr4AuJkzcrgqOjcwmHiWPPUX1BOkepV85Q,\">SIE-GPM-057-2020<\/a><\/p>\n<p>[\/vc_column_text][\/vc_column_inner][\/vc_row_inner][vc_text_separator title=\u00bbDICIEMBRE\u00bb color=\u00bbblack\u00bb css=\u00bb.vc_custom_1637943157019{margin-top: 50px !important;margin-bottom: 15px !important;}\u00bb][vc_row_inner css=\u00bb.vc_custom_1636558031988{padding-top: 20px !important;}\u00bb][vc_column_inner width=\u00bb3\/6&#8243;][vc_column_text css=\u00bb.vc_custom_1637006519394{padding-top: 1px !important;padding-right: 10px !important;padding-bottom: 1px !important;padding-left: 10px !important;}\u00bb]<\/p>\n<h6 style=\"text-align: center;\"><span style=\"color: #000000;\"><strong>OBJETO DEL PROCESO<\/strong><\/span><\/h6>\n<p>[\/vc_column_text][vc_column_text css=\u00bb.vc_custom_1637943172146{margin-bottom: 10px !important;}\u00bb]<\/p>\n<p style=\"font-size: 10px; line-height: 13px;\">ADQUISICI\u00d3N DE AYUDAS TECNICAS PARA GRUPOS DE ATENCI\u00d3N PRIORITARIAS DE LA PROVINCIA DE MANABI.<\/p>\n<p>[\/vc_column_text][\/vc_column_inner][vc_column_inner width=\u00bb1\/6&#8243;][vc_column_text css=\u00bb.vc_custom_1637006603196{padding-top: 1px !important;padding-right: 10px !important;padding-bottom: 1px !important;padding-left: 10px !important;}\u00bb]<\/p>\n<h6 style=\"text-align: center;\"><span style=\"color: #000000;\"><strong>TIPO DE CONTRATACI\u00d3N<\/strong><\/span><\/h6>\n<p>[\/vc_column_text][vc_column_text]<\/p>\n<p style=\"text-align: center; font-size: 15px; font-weight: bold; line-height: 17px;\"><span style=\"color: #000000;\">\u00a0Subasta Inversa Electr\u00f3nica<\/span><\/p>\n<p>[\/vc_column_text][\/vc_column_inner][vc_column_inner width=\u00bb1\/6&#8243;][vc_column_text css=\u00bb.vc_custom_1637006625498{padding-top: 1px !important;padding-right: 10px !important;padding-bottom: 1px !important;padding-left: 10px !important;}\u00bb]<\/p>\n<h6 style=\"text-align: center;\"><span style=\"color: #000000;\"><strong>PRESUPUESTO REFERENCIAL<\/strong><\/span><\/h6>\n<p>[\/vc_column_text][vc_column_text]<\/p>\n<p style=\"text-align: center; font-size: 15px; font-weight: bold; line-height: 17px;\"><span style=\"color: #000000;\">NO DISPONIBLE<\/span><\/p>\n<p>[\/vc_column_text][\/vc_column_inner][vc_column_inner width=\u00bb1\/6&#8243;][vc_column_text css=\u00bb.vc_custom_1637006647187{padding-top: 1px !important;padding-right: 10px !important;padding-bottom: 1px !important;padding-left: 10px !important;}\u00bb]<\/p>\n<h6 style=\"text-align: center;\"><span style=\"color: #000000;\"><strong>C\u00d3DIGO DEL PROCESO<\/strong><\/span><\/h6>\n<p>[\/vc_column_text][vc_column_text]<\/p>\n<p style=\"text-align: center; font-size: 13px; font-weight: bold; line-height: 17px; color: #eb9421;\"><a href=\"https:\/\/www.compraspublicas.gob.ec\/ProcesoContratacion\/compras\/PC\/informacionProcesoContratacion2.cpe?idSoliCompra=gqCnkV4QIPMgq7BLx15IzXCno5G-HoSVomMX_5CLFAk,\">SIE-GPM-072-2020<\/a><\/p>\n<p>[\/vc_column_text][\/vc_column_inner][\/vc_row_inner][vc_row_inner css=\u00bb.vc_custom_1637945261749{padding-top: 20px !important;background-color: #dbdbdb !important;}\u00bb][vc_column_inner width=\u00bb3\/6&#8243;][vc_column_text css=\u00bb.vc_custom_1637943283601{margin-bottom: 10px !important;}\u00bb]<\/p>\n<p style=\"font-size: 10px; line-height: 13px;\">ADQUISICI\u00d3N DE EQUIPOS E INSUMOS OPTOM\u00c9TRICOS LENTES PARA EL ABASTECIMIENTO DE LAS BRIGADAS DE SALUD DE LA DIRECCI\u00d3N DESARROLLO SOCIAL DEL GOBIERNO PROVINCIAL DE MANAB\u00cd.<\/p>\n<p>[\/vc_column_text][\/vc_column_inner][vc_column_inner width=\u00bb1\/6&#8243;][vc_column_text]<\/p>\n<p style=\"text-align: center; font-size: 15px; font-weight: bold; line-height: 17px;\"><span style=\"color: #000000;\">\u00a0Subasta Inversa Electr\u00f3nica<\/span><\/p>\n<p>[\/vc_column_text][\/vc_column_inner][vc_column_inner width=\u00bb1\/6&#8243;][vc_column_text]<\/p>\n<p style=\"text-align: center; font-size: 15px; font-weight: bold; line-height: 17px;\"><span style=\"color: #000000;\">$ 53,804.00<\/span><\/p>\n<p>[\/vc_column_text][\/vc_column_inner][vc_column_inner width=\u00bb1\/6&#8243;][vc_column_text]<\/p>\n<p style=\"text-align: center; font-size: 13px; font-weight: bold; line-height: 17px; color: #eb9421;\"><a href=\"https:\/\/www.compraspublicas.gob.ec\/ProcesoContratacion\/compras\/PC\/informacionProcesoContratacion2.cpe?idSoliCompra=3dwwsW0CZd18X2JKt8Js9xYE5HtSiN8_5x6x74Gshdk,\">SIE-GPM-073-2020<\/a><\/p>\n<p>[\/vc_column_text][\/vc_column_inner][\/vc_row_inner][\/vc_tta_section][vc_tta_section title=\u00bb2019&#8243; tab_id=\u00bb1640020697521-4d6d79cc-fa4b\u00bb][vc_text_separator title=\u00bbAGOSTO\u00bb color=\u00bbblack\u00bb css=\u00bb.vc_custom_1640021015400{margin-bottom: 25px !important;}\u00bb][vc_row_inner][vc_column_inner width=\u00bb3\/6&#8243;][vc_column_text css=\u00bb.vc_custom_1637006519394{padding-top: 1px !important;padding-right: 10px !important;padding-bottom: 1px !important;padding-left: 10px !important;}\u00bb]<\/p>\n<h6 style=\"text-align: center;\"><span style=\"color: #000000;\"><strong>OBJETO DEL PROCESO<\/strong><\/span><\/h6>\n<p>[\/vc_column_text][vc_column_text]<\/p>\n<p style=\"font-size: 10px; line-height: 13px;\">PRESTACI\u00d3N DEL SERVICIO EXTERNALIZADO DE ALIMENTACI\u00d3N PARA LOS CENTROS DE DESARROLLO INFANTIL CDI DISTRITO PORTOVIEJO-CANT\u00d3N PORTOVIEJO.<\/p>\n<p>[\/vc_column_text][\/vc_column_inner][vc_column_inner width=\u00bb1\/6&#8243;][vc_column_text css=\u00bb.vc_custom_1637006603196{padding-top: 1px !important;padding-right: 10px !important;padding-bottom: 1px !important;padding-left: 10px !important;}\u00bb]<\/p>\n<h6 style=\"text-align: center;\"><span style=\"color: #000000;\"><strong>TIPO DE CONTRATACI\u00d3N<\/strong><\/span><\/h6>\n<p>[\/vc_column_text][vc_column_text]<\/p>\n<p style=\"text-align: center; font-size: 15px; font-weight: bold; line-height: 17px;\"><span style=\"color: #000000;\">\u00a0Ferias Inclusivas<\/span><\/p>\n<p>[\/vc_column_text][\/vc_column_inner][vc_column_inner width=\u00bb1\/6&#8243;][vc_column_text css=\u00bb.vc_custom_1637006625498{padding-top: 1px !important;padding-right: 10px !important;padding-bottom: 1px !important;padding-left: 10px !important;}\u00bb]<\/p>\n<h6 style=\"text-align: center;\"><span style=\"color: #000000;\"><strong>PRESUPUESTO REFERENCIAL<\/strong><\/span><\/h6>\n<p>[\/vc_column_text][vc_column_text]<\/p>\n<p style=\"text-align: center; font-size: 15px; font-weight: bold; line-height: 17px;\"><span style=\"color: #000000;\">$ 153,681.91 <\/span><\/p>\n<p>[\/vc_column_text][\/vc_column_inner][vc_column_inner width=\u00bb1\/6&#8243;][vc_column_text css=\u00bb.vc_custom_1637006647187{padding-top: 1px !important;padding-right: 10px !important;padding-bottom: 1px !important;padding-left: 10px !important;}\u00bb]<\/p>\n<h6 style=\"text-align: center;\"><span style=\"color: #000000;\"><strong>C\u00d3DIGO DEL PROCESO<\/strong><\/span><\/h6>\n<p>[\/vc_column_text][vc_column_text]<\/p>\n<p style=\"text-align: center; font-size: 13px; font-weight: bold; line-height: 17px; color: #eb9421;\"><a href=\"https:\/\/www.compraspublicas.gob.ec\/ProcesoContratacion\/compras\/CR\/mostrarferia.cpe?idSoliCompra=G5fhjVjPR2utFO0rzc9sElKSOH_u5tMksNwnWt3hMUs,\" target=\"_blank\" rel=\"noopener\">FI-GPM-001-2019<\/a><\/p>\n<p>[\/vc_column_text][\/vc_column_inner][\/vc_row_inner][vc_row_inner css=\u00bb.vc_custom_1637945261749{padding-top: 20px !important;background-color: #dbdbdb !important;}\u00bb][vc_column_inner width=\u00bb3\/6&#8243;][vc_column_text css=\u00bb.vc_custom_1640021807883{margin-bottom: 10px !important;}\u00bb]<\/p>\n<p style=\"font-size: 10px; line-height: 13px;\">PRESTACI\u00d3N DEL SERVICIO EXTERNALIZADO DE ALIMENTACI\u00d3N PARA EL CENTRO DE DESARROLLO INFANTIL CDI DISTRITO PORTOVIEJO-CANT\u00d3N PUERTO L\u00d3PEZ.<\/p>\n<p>[\/vc_column_text][\/vc_column_inner][vc_column_inner width=\u00bb1\/6&#8243;][vc_column_text]<\/p>\n<p style=\"text-align: center; font-size: 15px; font-weight: bold; line-height: 17px;\"><span style=\"color: #000000;\">\u00a0Ferias Inclusivas<\/span><\/p>\n<p>[\/vc_column_text][\/vc_column_inner][vc_column_inner width=\u00bb1\/6&#8243;][vc_column_text]<\/p>\n<p style=\"text-align: center; font-size: 15px; font-weight: bold; line-height: 17px;\"><span style=\"color: #000000;\">$ 44,438.14 <\/span><\/p>\n<p>[\/vc_column_text][\/vc_column_inner][vc_column_inner width=\u00bb1\/6&#8243;][vc_column_text]<\/p>\n<p style=\"text-align: center; font-size: 13px; font-weight: bold; line-height: 17px; color: #eb9421;\"><a href=\"https:\/\/www.compraspublicas.gob.ec\/ProcesoContratacion\/compras\/CR\/mostrarferia.cpe?idSoliCompra=qpTyeZe-_osy8V-OXQELO19QVEvisCLQnGFZdUBjrN0,\">FI-GPM-002-2019<\/a><\/p>\n<p>[\/vc_column_text][\/vc_column_inner][\/vc_row_inner][vc_row_inner css=\u00bb.vc_custom_1640024162382{padding-top: 20px !important;}\u00bb][vc_column_inner width=\u00bb3\/6&#8243;][vc_column_text css=\u00bb.vc_custom_1640022210883{margin-bottom: 10px !important;}\u00bb]<\/p>\n<p style=\"font-size: 10px; line-height: 13px;\">PRESTACI\u00d3N DEL SERVICIO EXTERNALIZADO DE ALIMENTACI\u00d3N PARA EL CENTRO DE DESARROLLO INFANTIL CDI DISTRITO CHONE-CANT\u00d3N EL CARMEN<\/p>\n<p>[\/vc_column_text][\/vc_column_inner][vc_column_inner width=\u00bb1\/6&#8243;][vc_column_text]<\/p>\n<p style=\"text-align: center; font-size: 15px; font-weight: bold; line-height: 17px;\"><span style=\"color: #000000;\">\u00a0Ferias Inclusivas<\/span><\/p>\n<p>[\/vc_column_text][\/vc_column_inner][vc_column_inner width=\u00bb1\/6&#8243;][vc_column_text]<\/p>\n<p style=\"text-align: center; font-size: 15px; font-weight: bold; line-height: 17px;\"><span style=\"color: #000000;\">$ 6,954.75<\/span><\/p>\n<p>[\/vc_column_text][\/vc_column_inner][vc_column_inner width=\u00bb1\/6&#8243;][vc_column_text]<\/p>\n<p style=\"text-align: center; font-size: 13px; font-weight: bold; line-height: 17px; color: #eb9421;\"><a href=\"https:\/\/www.compraspublicas.gob.ec\/ProcesoContratacion\/compras\/CR\/mostrarferia.cpe?idSoliCompra=xvkYNu_Bq8D0ul16QzfpqT5JpxTm1ypfcW9TH3vBr48,\">FI-GPM-003-20199<\/a><\/p>\n<p>[\/vc_column_text][\/vc_column_inner][\/vc_row_inner][vc_row_inner css=\u00bb.vc_custom_1637945261749{padding-top: 20px !important;background-color: #dbdbdb !important;}\u00bb][vc_column_inner width=\u00bb3\/6&#8243;][vc_column_text css=\u00bb.vc_custom_1640022358660{margin-bottom: 10px !important;}\u00bb]<\/p>\n<p style=\"font-size: 10px; line-height: 13px;\">PRESTACI\u00d3N DEL SERVICIO EXTERNALI ZADO DE ALIMENTACI\u00d3N PARA EL CENTRO DE DESARROLLO INFANTIL CDI DISTRITO CHONE-CANT\u00d3N FLAVIO ALFARO.<\/p>\n<p>[\/vc_column_text][\/vc_column_inner][vc_column_inner width=\u00bb1\/6&#8243;][vc_column_text]<\/p>\n<p style=\"text-align: center; font-size: 15px; font-weight: bold; line-height: 17px;\"><span style=\"color: #000000;\">\u00a0Ferias Inclusivas<\/span><\/p>\n<p>[\/vc_column_text][\/vc_column_inner][vc_column_inner width=\u00bb1\/6&#8243;][vc_column_text]<\/p>\n<p style=\"text-align: center; font-size: 15px; font-weight: bold; line-height: 17px;\"><span style=\"color: #000000;\">$ 6,954.75<\/span><\/p>\n<p>[\/vc_column_text][\/vc_column_inner][vc_column_inner width=\u00bb1\/6&#8243;][vc_column_text]<\/p>\n<p style=\"text-align: center; font-size: 13px; font-weight: bold; line-height: 17px; color: #eb9421;\"><a href=\"https:\/\/www.compraspublicas.gob.ec\/ProcesoContratacion\/compras\/CR\/mostrarferia.cpe?idSoliCompra=bBrjthFiQaAUMsCB5jCdZJ76ejlNVcpfM2xdHZb5w3I,\">FI-GPM-004-2018<\/a><\/p>\n<p>[\/vc_column_text][\/vc_column_inner][\/vc_row_inner][vc_row_inner css=\u00bb.vc_custom_1640024230374{padding-top: 20px !important;}\u00bb][vc_column_inner width=\u00bb3\/6&#8243;][vc_column_text css=\u00bb.vc_custom_1640022465996{margin-bottom: 10px !important;}\u00bb]<\/p>\n<p style=\"font-size: 10px; line-height: 13px;\">PRESTACI\u00d3N DEL SERVICIO EXTERNALIZADO DE ALIMENTACI\u00d3N PARA EL CENTRO DE DESARROLLO INFANTIL CDI DISTRITOS CHONE-CANT\u00d3N CHONE.<\/p>\n<p>[\/vc_column_text][\/vc_column_inner][vc_column_inner width=\u00bb1\/6&#8243;][vc_column_text]<\/p>\n<p style=\"text-align: center; font-size: 15px; font-weight: bold; line-height: 17px;\"><span style=\"color: #000000;\">\u00a0Ferias Inclusivas<\/span><\/p>\n<p>[\/vc_column_text][\/vc_column_inner][vc_column_inner width=\u00bb1\/6&#8243;][vc_column_text]<\/p>\n<p style=\"text-align: center; font-size: 15px; font-weight: bold; line-height: 17px;\"><span style=\"color: #000000;\">$ 60,854.06<\/span><\/p>\n<p>[\/vc_column_text][\/vc_column_inner][vc_column_inner width=\u00bb1\/6&#8243;][vc_column_text]<\/p>\n<p style=\"text-align: center; font-size: 13px; font-weight: bold; line-height: 17px; color: #eb9421;\"><a href=\"https:\/\/www.compraspublicas.gob.ec\/ProcesoContratacion\/compras\/CR\/mostrarferia.cpe?idSoliCompra=wHCeB-z-7D5LQURkfqtKj9JYU5yBuFqbTyfklqGiEgI,\">FI-GPM-005-2018<\/a><\/p>\n<p>[\/vc_column_text][\/vc_column_inner][\/vc_row_inner][vc_text_separator title=\u00bbSEPTIEMBRE\u00bb color=\u00bbblack\u00bb css=\u00bb.vc_custom_1640022794685{margin-bottom: 25px !important;}\u00bb][vc_row_inner css=\u00bb.vc_custom_1640024251366{padding-top: 20px !important;background-color: #dbdbdb !important;}\u00bb][vc_column_inner width=\u00bb3\/6&#8243;][vc_column_text css=\u00bb.vc_custom_1637006519394{padding-top: 1px !important;padding-right: 10px !important;padding-bottom: 1px !important;padding-left: 10px !important;}\u00bb]<\/p>\n<h6 style=\"text-align: center;\"><span style=\"color: #000000;\"><strong>OBJETO DEL PROCESO<\/strong><\/span><\/h6>\n<p>[\/vc_column_text][vc_column_text css=\u00bb.vc_custom_1640022814010{margin-bottom: 10px !important;}\u00bb]<\/p>\n<p style=\"font-size: 10px; line-height: 13px;\">PRESTACI\u00d3N DE SERVICIOS PARA LA REALIZACI\u00d3N DE EVENTOS, ACTIVIDADES PROYECTOS Y PROGRAMAS EN ARTE RECREACI\u00d3N Y CULTURA DEL GOBIERNO PROVINCIAL DE MANAB\u00cd EN 55 PARROQUIAS RURALES Y 22 CANTONES.<\/p>\n<p>[\/vc_column_text][\/vc_column_inner][vc_column_inner width=\u00bb1\/6&#8243;][vc_column_text css=\u00bb.vc_custom_1637006603196{padding-top: 1px !important;padding-right: 10px !important;padding-bottom: 1px !important;padding-left: 10px !important;}\u00bb]<\/p>\n<h6 style=\"text-align: center;\"><span style=\"color: #000000;\"><strong>TIPO DE CONTRATACI\u00d3N<\/strong><\/span><\/h6>\n<p>[\/vc_column_text][vc_column_text]<\/p>\n<p style=\"text-align: center; font-size: 15px; font-weight: bold; line-height: 17px;\"><span style=\"color: #000000;\">Cotizaci\u00f3n<\/span><\/p>\n<p>[\/vc_column_text][\/vc_column_inner][vc_column_inner width=\u00bb1\/6&#8243;][vc_column_text css=\u00bb.vc_custom_1637006625498{padding-top: 1px !important;padding-right: 10px !important;padding-bottom: 1px !important;padding-left: 10px !important;}\u00bb]<\/p>\n<h6 style=\"text-align: center;\"><span style=\"color: #000000;\"><strong>PRESUPUESTO REFERENCIAL<\/strong><\/span><\/h6>\n<p>[\/vc_column_text][vc_column_text]<\/p>\n<p style=\"text-align: center; font-size: 15px; font-weight: bold; line-height: 17px;\"><span style=\"color: #000000;\">$ 210,846.82<\/span><\/p>\n<p>[\/vc_column_text][\/vc_column_inner][vc_column_inner width=\u00bb1\/6&#8243;][vc_column_text css=\u00bb.vc_custom_1637006647187{padding-top: 1px !important;padding-right: 10px !important;padding-bottom: 1px !important;padding-left: 10px !important;}\u00bb]<\/p>\n<h6 style=\"text-align: center;\"><span style=\"color: #000000;\"><strong>C\u00d3DIGO DEL PROCESO<\/strong><\/span><\/h6>\n<p>[\/vc_column_text][vc_column_text]<\/p>\n<p style=\"text-align: center; font-size: 13px; font-weight: bold; line-height: 17px; color: #eb9421;\"><a href=\"https:\/\/www.compraspublicas.gob.ec\/ProcesoContratacion\/compras\/PC\/informacionProcesoContratacion2.cpe?idSoliCompra=orZrhMYHv2HlmXSFcrLn5ozggF1SmQCVpf8ON5-Eakc,\">COTS-022-GPM-2019<\/a><\/p>\n<p>[\/vc_column_text][\/vc_column_inner][\/vc_row_inner][vc_text_separator title=\u00bbOCTUBRE\u00bb color=\u00bbblack\u00bb css=\u00bb.vc_custom_1640022892965{margin-bottom: 25px !important;}\u00bb][vc_row_inner css=\u00bb.vc_custom_1640024261175{padding-top: 20px !important;}\u00bb][vc_column_inner width=\u00bb3\/6&#8243;][vc_column_text css=\u00bb.vc_custom_1637006519394{padding-top: 1px !important;padding-right: 10px !important;padding-bottom: 1px !important;padding-left: 10px !important;}\u00bb]<\/p>\n<h6 style=\"text-align: center;\"><span style=\"color: #000000;\"><strong>OBJETO DEL PROCESO<\/strong><\/span><\/h6>\n<p>[\/vc_column_text][vc_column_text css=\u00bb.vc_custom_1640022981217{margin-bottom: 10px !important;}\u00bb]<\/p>\n<p style=\"font-size: 10px; line-height: 13px;\">ADQUISICI\u00d3N DE IMPLEMENTOS DEPORTIVOS PARA LA OPERATIVIDAD DEL PROYECTO RECREACIONAL Y DEPORTIVO ENTRENANDO VALORES.<\/p>\n<p>[\/vc_column_text][\/vc_column_inner][vc_column_inner width=\u00bb1\/6&#8243;][vc_column_text css=\u00bb.vc_custom_1637006603196{padding-top: 1px !important;padding-right: 10px !important;padding-bottom: 1px !important;padding-left: 10px !important;}\u00bb]<\/p>\n<h6 style=\"text-align: center;\"><span style=\"color: #000000;\"><strong>TIPO DE CONTRATACI\u00d3N<\/strong><\/span><\/h6>\n<p>[\/vc_column_text][vc_column_text]<\/p>\n<p style=\"text-align: center; font-size: 15px; font-weight: bold; line-height: 17px;\"><span style=\"color: #000000;\">\u00a0Subasta Inversa Electr\u00f3nica<\/span><\/p>\n<p>[\/vc_column_text][\/vc_column_inner][vc_column_inner width=\u00bb1\/6&#8243;][vc_column_text css=\u00bb.vc_custom_1637006625498{padding-top: 1px !important;padding-right: 10px !important;padding-bottom: 1px !important;padding-left: 10px !important;}\u00bb]<\/p>\n<h6 style=\"text-align: center;\"><span style=\"color: #000000;\"><strong>PRESUPUESTO REFERENCIAL<\/strong><\/span><\/h6>\n<p>[\/vc_column_text][vc_column_text]<\/p>\n<p style=\"text-align: center; font-size: 15px; font-weight: bold; line-height: 17px;\"><span style=\"color: #000000;\">NO DISPONIBLE<\/span><\/p>\n<p>[\/vc_column_text][\/vc_column_inner][vc_column_inner width=\u00bb1\/6&#8243;][vc_column_text css=\u00bb.vc_custom_1637006647187{padding-top: 1px !important;padding-right: 10px !important;padding-bottom: 1px !important;padding-left: 10px !important;}\u00bb]<\/p>\n<h6 style=\"text-align: center;\"><span style=\"color: #000000;\"><strong>C\u00d3DIGO DEL PROCESO<\/strong><\/span><\/h6>\n<p>[\/vc_column_text][vc_column_text]<\/p>\n<p style=\"text-align: center; font-size: 13px; font-weight: bold; line-height: 17px; color: #eb9421;\"><a href=\"https:\/\/www.compraspublicas.gob.ec\/ProcesoContratacion\/compras\/PC\/informacionProcesoContratacion2.cpe?idSoliCompra=jrYpuX8QtStbzODtCdv1sSd684f6DneioJJ_j-gYFsk,\">SIE-GPM-013-2019<\/a><\/p>\n<p>[\/vc_column_text][\/vc_column_inner][\/vc_row_inner][vc_row_inner css=\u00bb.vc_custom_1640026942802{padding-top: 20px !important;background-color: #dbdbdb !important;}\u00bb][vc_column_inner width=\u00bb3\/6&#8243;][vc_column_text css=\u00bb.vc_custom_1640023536162{margin-bottom: 10px !important;}\u00bb]<\/p>\n<p style=\"font-size: 10px; line-height: 13px;\">ADQUISICION DE PRODUCTOS MEDICOS Y INSUMOS PARA LA DOTACION Y ABASTECIMIENTO DE LAS BRIGADAS MEDICAS COMUNITARIA DE LA DIRECCION DESARROLLO HUMANO GPM.<\/p>\n<p>[\/vc_column_text][\/vc_column_inner][vc_column_inner width=\u00bb1\/6&#8243;][vc_column_text]<\/p>\n<p style=\"text-align: center; font-size: 15px; font-weight: bold; line-height: 17px;\"><span style=\"color: #000000;\">\u00a0Subasta Inversa Electr\u00f3nica<\/span><\/p>\n<p>[\/vc_column_text][\/vc_column_inner][vc_column_inner width=\u00bb1\/6&#8243;][vc_column_text]<\/p>\n<p style=\"text-align: center; font-size: 15px; font-weight: bold; line-height: 17px;\"><span style=\"color: #000000;\">NO DISPONIBLE<\/span><\/p>\n<p>[\/vc_column_text][\/vc_column_inner][vc_column_inner width=\u00bb1\/6&#8243;][vc_column_text]<\/p>\n<p style=\"text-align: center; font-size: 13px; font-weight: bold; line-height: 17px; color: #eb9421;\"><a href=\"https:\/\/www.compraspublicas.gob.ec\/ProcesoContratacion\/compras\/PC\/informacionProcesoContratacion2.cpe?idSoliCompra=2F1sJ2lsI0q6l4oFNeapuZNcu3NoJUQ1ZA6HFLxXr9U,\">SIE-GPM-014-2019<\/a><\/p>\n<p>[\/vc_column_text][\/vc_column_inner][\/vc_row_inner][vc_text_separator title=\u00bbNOVIEMBRE\u00bb color=\u00bbblack\u00bb css=\u00bb.vc_custom_1640026628048{margin-bottom: 25px !important;}\u00bb][vc_row_inner css=\u00bb.vc_custom_1640024261175{padding-top: 20px !important;}\u00bb][vc_column_inner width=\u00bb3\/6&#8243;][vc_column_text css=\u00bb.vc_custom_1637006519394{padding-top: 1px !important;padding-right: 10px !important;padding-bottom: 1px !important;padding-left: 10px !important;}\u00bb]<\/p>\n<h6 style=\"text-align: center;\"><span style=\"color: #000000;\"><strong>OBJETO DEL PROCESO<\/strong><\/span><\/h6>\n<p>[\/vc_column_text][vc_column_text css=\u00bb.vc_custom_1640026924097{margin-bottom: 10px !important;}\u00bb]<\/p>\n<p style=\"font-size: 10px; line-height: 13px;\">ADQUISICI\u00d3N DE INSUMOS ODONTOL\u00d3GICOS PARA EL ABASTECIMIENTO DE LAS BRIGADAS COMUNITARIAS PREVENTIVAS DE LAS JEFATURA DE GESTI\u00d3N COMUNITARIA DE LA DIRECCI\u00d3N DE DESARROLLO HUMANO Y ABASTECIMIENTO DE LOS DISPENSARIOS DEL GOBIERNO PROVINCIAL DE MANAB\u00cd.<\/p>\n<p>[\/vc_column_text][\/vc_column_inner][vc_column_inner width=\u00bb1\/6&#8243;][vc_column_text css=\u00bb.vc_custom_1637006603196{padding-top: 1px !important;padding-right: 10px !important;padding-bottom: 1px !important;padding-left: 10px !important;}\u00bb]<\/p>\n<h6 style=\"text-align: center;\"><span style=\"color: #000000;\"><strong>TIPO DE CONTRATACI\u00d3N<\/strong><\/span><\/h6>\n<p>[\/vc_column_text][vc_column_text]<\/p>\n<p style=\"text-align: center; font-size: 15px; font-weight: bold; line-height: 17px;\"><span style=\"color: #000000;\">\u00a0Subasta Inversa Electr\u00f3nica<\/span><\/p>\n<p>[\/vc_column_text][\/vc_column_inner][vc_column_inner width=\u00bb1\/6&#8243;][vc_column_text css=\u00bb.vc_custom_1637006625498{padding-top: 1px !important;padding-right: 10px !important;padding-bottom: 1px !important;padding-left: 10px !important;}\u00bb]<\/p>\n<h6 style=\"text-align: center;\"><span style=\"color: #000000;\"><strong>PRESUPUESTO REFERENCIAL<\/strong><\/span><\/h6>\n<p>[\/vc_column_text][vc_column_text]<\/p>\n<p style=\"text-align: center; font-size: 15px; font-weight: bold; line-height: 17px;\"><span style=\"color: #000000;\">$ 42,932.73<\/span><\/p>\n<p>[\/vc_column_text][\/vc_column_inner][vc_column_inner width=\u00bb1\/6&#8243;][vc_column_text css=\u00bb.vc_custom_1637006647187{padding-top: 1px !important;padding-right: 10px !important;padding-bottom: 1px !important;padding-left: 10px !important;}\u00bb]<\/p>\n<h6 style=\"text-align: center;\"><span style=\"color: #000000;\"><strong>C\u00d3DIGO DEL PROCESO<\/strong><\/span><\/h6>\n<p>[\/vc_column_text][vc_column_text]<\/p>\n<p style=\"text-align: center; font-size: 13px; font-weight: bold; line-height: 17px; color: #eb9421;\"><a href=\"https:\/\/www.compraspublicas.gob.ec\/ProcesoContratacion\/compras\/PC\/informacionProcesoContratacion2.cpe?idSoliCompra=tYunSKtEmnmXda3UDRSaoUUYn4UkdGU9z1Lcj_FsGn4,\">SIE-GPM-021-2019<\/a><\/p>\n<p>[\/vc_column_text][\/vc_column_inner][\/vc_row_inner][vc_row_inner css=\u00bb.vc_custom_1640098907764{padding-top: 20px !important;background-color: #dbdbdb !important;}\u00bb][vc_column_inner width=\u00bb3\/6&#8243;][vc_column_text css=\u00bb.vc_custom_1640026968267{margin-bottom: 10px !important;}\u00bb]<\/p>\n<p style=\"font-size: 10px; line-height: 13px;\">ADQUISICI\u00d3N DE LENTES Y EQUIPOS OPTOM\u00c9TRICOS PARA EL ABASTECIMIENTO DE LAS BRIGADAS OPTOM\u00c9TRICAS COMUNITARIAS DE LA DIRECCI\u00d3N DE DESARROLLO HUMANO.<\/p>\n<p>[\/vc_column_text][\/vc_column_inner][vc_column_inner width=\u00bb1\/6&#8243;][vc_column_text]<\/p>\n<p style=\"text-align: center; font-size: 15px; font-weight: bold; line-height: 17px;\"><span style=\"color: #000000;\">\u00a0Subasta Inversa Electr\u00f3nica<\/span><\/p>\n<p>[\/vc_column_text][\/vc_column_inner][vc_column_inner width=\u00bb1\/6&#8243;][vc_column_text]<\/p>\n<p style=\"text-align: center; font-size: 15px; font-weight: bold; line-height: 17px;\"><span style=\"color: #000000;\">NO DISPONIBLE<\/span><\/p>\n<p>[\/vc_column_text][\/vc_column_inner][vc_column_inner width=\u00bb1\/6&#8243;][vc_column_text]<\/p>\n<p style=\"text-align: center; font-size: 13px; font-weight: bold; line-height: 17px; color: #eb9421;\"><a href=\"https:\/\/www.compraspublicas.gob.ec\/ProcesoContratacion\/compras\/PC\/informacionProcesoContratacion2.cpe?idSoliCompra=qO-WHAARAqRoJSCkHkUX1nsVrpPHF4HJwSoyGk5x_eI,\">SIE-GPM-018-2019<\/a><\/p>\n<p>[\/vc_column_text][\/vc_column_inner][\/vc_row_inner][vc_row_inner css=\u00bb.vc_custom_1640098918244{padding-top: 20px !important;}\u00bb][vc_column_inner width=\u00bb3\/6&#8243;][vc_column_text css=\u00bb.vc_custom_1640027439003{margin-bottom: 10px !important;}\u00bb]<\/p>\n<p style=\"font-size: 10px; line-height: 13px;\">ADQUISICI\u00d3N DE IMPLEMENTOS DEPORTIVOS PARA LA OPERATIVIDAD DEL PROYECTO RECREACIONAL Y DEPORTIVO ENTRENANDO VALORES.<\/p>\n<p>[\/vc_column_text][\/vc_column_inner][vc_column_inner width=\u00bb1\/6&#8243;][vc_column_text]<\/p>\n<p style=\"text-align: center; font-size: 15px; font-weight: bold; line-height: 17px;\"><span style=\"color: #000000;\">\u00a0Subasta Inversa Electr\u00f3nica<\/span><\/p>\n<p>[\/vc_column_text][\/vc_column_inner][vc_column_inner width=\u00bb1\/6&#8243;][vc_column_text]<\/p>\n<p style=\"text-align: center; font-size: 15px; font-weight: bold; line-height: 17px;\"><span style=\"color: #000000;\">$ 86,432.82 <\/span><\/p>\n<p>[\/vc_column_text][\/vc_column_inner][vc_column_inner width=\u00bb1\/6&#8243;][vc_column_text]<\/p>\n<p style=\"text-align: center; font-size: 13px; font-weight: bold; line-height: 17px; color: #eb9421;\"><a href=\"https:\/\/www.compraspublicas.gob.ec\/ProcesoContratacion\/compras\/PC\/informacionProcesoContratacion2.cpe?idSoliCompra=Qgi9awNrkSq2KdF5tzgyx_z5gtjIeTWUWFlIA8S4248,\">SIE-GPM-019-2019<\/a><\/p>\n<p>[\/vc_column_text][\/vc_column_inner][\/vc_row_inner][vc_text_separator title=\u00bbDICIEMBRE\u00bb color=\u00bbblack\u00bb css=\u00bb.vc_custom_1640027324005{margin-bottom: 25px !important;}\u00bb][vc_row_inner css=\u00bb.vc_custom_1640027378913{padding-top: 20px !important;background-color: #dbdbdb !important;}\u00bb][vc_column_inner width=\u00bb3\/6&#8243;][vc_column_text css=\u00bb.vc_custom_1637006519394{padding-top: 1px !important;padding-right: 10px !important;padding-bottom: 1px !important;padding-left: 10px !important;}\u00bb]<\/p>\n<h6 style=\"text-align: center;\"><span style=\"color: #000000;\"><strong>OBJETO DEL PROCESO<\/strong><\/span><\/h6>\n<p>[\/vc_column_text][vc_column_text css=\u00bb.vc_custom_1640098713311{margin-bottom: 10px !important;}\u00bb]<\/p>\n<p style=\"font-size: 10px; line-height: 13px;\"><span style=\"font-size: 10px;\">ADQUISICI\u00d3N DE \u00cdNSUMOS, MATERIALES Y EQUIPOS M\u00c9DICOS Y ODONTOL\u00d3GICOS PARA EL ABASTECIMIENTO DE LOS DISPENSARIOS DEL GOBIERNO PROVINCIAL DE MANAB\u00cd.<\/span><\/p>\n<p>[\/vc_column_text][\/vc_column_inner][vc_column_inner width=\u00bb1\/6&#8243;][vc_column_text css=\u00bb.vc_custom_1637006603196{padding-top: 1px !important;padding-right: 10px !important;padding-bottom: 1px !important;padding-left: 10px !important;}\u00bb]<\/p>\n<h6 style=\"text-align: center;\"><span style=\"color: #000000;\"><strong>TIPO DE CONTRATACI\u00d3N<\/strong><\/span><\/h6>\n<p>[\/vc_column_text][vc_column_text]<\/p>\n<p style=\"text-align: center; font-size: 15px; font-weight: bold; line-height: 17px;\"><span style=\"color: #000000;\">\u00a0Subasta Inversa Electr\u00f3nica<\/span><\/p>\n<p>[\/vc_column_text][\/vc_column_inner][vc_column_inner width=\u00bb1\/6&#8243;][vc_column_text css=\u00bb.vc_custom_1637006625498{padding-top: 1px !important;padding-right: 10px !important;padding-bottom: 1px !important;padding-left: 10px !important;}\u00bb]<\/p>\n<h6 style=\"text-align: center;\"><span style=\"color: #000000;\"><strong>PRESUPUESTO REFERENCIAL<\/strong><\/span><\/h6>\n<p>[\/vc_column_text][vc_column_text]<\/p>\n<p style=\"text-align: center; font-size: 15px; font-weight: bold; line-height: 17px;\"><span style=\"color: #000000;\">\u00a0NO DISPONIBLE<\/span><\/p>\n<p>[\/vc_column_text][\/vc_column_inner][vc_column_inner width=\u00bb1\/6&#8243;][vc_column_text css=\u00bb.vc_custom_1637006647187{padding-top: 1px !important;padding-right: 10px !important;padding-bottom: 1px !important;padding-left: 10px !important;}\u00bb]<\/p>\n<h6 style=\"text-align: center;\"><span style=\"color: #000000;\"><strong>C\u00d3DIGO DEL PROCESO<\/strong><\/span><\/h6>\n<p>[\/vc_column_text][vc_column_text]<\/p>\n<p style=\"text-align: center; font-size: 13px; font-weight: bold; line-height: 17px; color: #eb9421;\"><a href=\"https:\/\/www.compraspublicas.gob.ec\/ProcesoContratacion\/compras\/PC\/informacionProcesoContratacion2.cpe?idSoliCompra=pPu_xfLmQ2Qil9sTEHr-KdnhrkYTMLUg4HED_MEKFPk,\">SIE-GPM-033-2018<\/a><\/p>\n<p>[\/vc_column_text][\/vc_column_inner][\/vc_row_inner][vc_row_inner css=\u00bb.vc_custom_1640098925676{padding-top: 20px !important;}\u00bb][vc_column_inner width=\u00bb3\/6&#8243;][vc_column_text css=\u00bb.vc_custom_1640098785519{margin-bottom: 10px !important;}\u00bb]<\/p>\n<p style=\"font-size: 10px; line-height: 13px;\">\u00a0ADQUISICI\u00d3N DE AYUDAS T\u00c9CNICAS Y DE ASISTENCIA SOCIAL PARA BRINDAR A LOS GRUPOS DE ATENCI\u00d3N PRIORITARIA DE LA PROVINCIA DE MANAB\u00cd.<\/p>\n<p>[\/vc_column_text][\/vc_column_inner][vc_column_inner width=\u00bb1\/6&#8243;][vc_column_text]<\/p>\n<p style=\"text-align: center; font-size: 15px; font-weight: bold; line-height: 17px;\"><span style=\"color: #000000;\">\u00a0Subasta Inversa Electr\u00f3nica<\/span><\/p>\n<p>[\/vc_column_text][\/vc_column_inner][vc_column_inner width=\u00bb1\/6&#8243;][vc_column_text]<\/p>\n<p style=\"text-align: center; font-size: 15px; font-weight: bold; line-height: 17px;\"><span style=\"color: #000000;\">\u00a0NO DISPONIBLE<\/span><\/p>\n<p>[\/vc_column_text][\/vc_column_inner][vc_column_inner width=\u00bb1\/6&#8243;][vc_column_text]<\/p>\n<p style=\"text-align: center; font-size: 13px; font-weight: bold; line-height: 17px; color: #eb9421;\"><a href=\"https:\/\/www.compraspublicas.gob.ec\/ProcesoContratacion\/compras\/PC\/informacionProcesoContratacion2.cpe?idSoliCompra=pPu_xfLmQ2Qil9sTEHr-KdnhrkYTMLUg4HED_MEKFPk,\">SIE-GPM-024-2019<\/a><\/p>\n<p>[\/vc_column_text][\/vc_column_inner][\/vc_row_inner][vc_row_inner css=\u00bb.vc_custom_1640027378913{padding-top: 20px !important;background-color: #dbdbdb !important;}\u00bb][vc_column_inner width=\u00bb3\/6&#8243;][vc_column_text css=\u00bb.vc_custom_1640098823878{margin-bottom: 10px !important;}\u00bb]<\/p>\n<p style=\"font-size: 10px; line-height: 13px;\">\u00a0ADQUISICI\u00d3N DE MOBILIARIO Y MENAJE PARA LOS CENTROS DE DESARROLLO INFANTIL GPM-MIES DISTRITO PORTOVIEJO.<\/p>\n<p>[\/vc_column_text][\/vc_column_inner][vc_column_inner width=\u00bb1\/6&#8243;][vc_column_text]<\/p>\n<p style=\"text-align: center; font-size: 15px; font-weight: bold; line-height: 17px;\"><span style=\"color: #000000;\">\u00a0Subasta Inversa Electr\u00f3nica<\/span><\/p>\n<p>[\/vc_column_text][\/vc_column_inner][vc_column_inner width=\u00bb1\/6&#8243;][vc_column_text]<\/p>\n<p style=\"text-align: center; font-size: 15px; font-weight: bold; line-height: 17px;\"><span style=\"color: #000000;\">$ 23,235.08\u00a0<\/span><\/p>\n<p>[\/vc_column_text][\/vc_column_inner][vc_column_inner width=\u00bb1\/6&#8243;][vc_column_text]<\/p>\n<p style=\"text-align: center; font-size: 13px; font-weight: bold; line-height: 17px; color: #eb9421;\"><a href=\"https:\/\/www.compraspublicas.gob.ec\/ProcesoContratacion\/compras\/PC\/informacionProcesoContratacion2.cpe?idSoliCompra=x9ZWnYMXfyTVrYig-wzwPowZsFalnZwPvx0folbfqU4,\">SIE-GPM-029-2019<\/a><\/p>\n<p>[\/vc_column_text][\/vc_column_inner][\/vc_row_inner][\/vc_tta_section][\/vc_tta_tabs][\/vc_column][\/vc_row]<\/p>\n","protected":false},"excerpt":{"rendered":"<p>[vc_row bg_overlay_mode=\u00bbcolor\u00bb css=\u00bb.vc_custom_1630102865600{background-color: #424242 !important;}\u00bb bg_overlay_color=\u00bb#191919&#8243;][vc_column][gsf_space desktop=\u00bb90&#8243; tablet=\u00bb70&#8243; tablet_portrait=\u00bb60&#8243; mobile_landscape=\u00bb50&#8243; mobile=\u00bb40&#8243;][gsf_page_title font_container=\u00bbfont_size:45|text_align:center|color:%23f7f7f7&#8243;][vc_column_text] \u00a0Transparencia en los procesos [\/vc_column_text][\/vc_column][\/vc_row][vc_row css=\u00bb.vc_custom_1634327110213{background-color: #efefef !important;}\u00bb][vc_column][vc_empty_space height=\u00bb40px\u00bb][gsf_slider_container nav_position=\u00bbnav-bottom-center\u00bb nav_style=\u00bbnav-circle-icon\u00bb autoplay=\u00bbon\u00bb margin=\u00bb10&#8243; columns=\u00bb4&#8243; columns_md=\u00bb3&#8243; columns_sm=\u00bb2&#8243; columns_xs=\u00bb1&#8243; columns_mb=\u00bb1&#8243;][vc_column_text css=\u00bb.vc_custom_1636747962466{padding-top: 7px !important;padding-right: 10px !important;padding-bottom: 7px !important;padding-left: 10px !important;background-color: #eb9421 !important;}\u00bb] Administrativa [\/vc_column_text][vc_column_text css=\u00bb.vc_custom_1636748393176{padding-top: 7px !important;padding-right: 10px !important;padding-bottom: 7px !important;padding-left: 10px !important;background-color: #eb9421 !important;}\u00bb] Ambiente [&hellip;]<\/p>\n","protected":false},"author":1,"featured_media":0,"parent":0,"menu_order":0,"comment_status":"closed","ping_status":"closed","template":"","meta":{"_joinchat":[],"footnotes":""},"class_list":["post-18761","page","type-page","status-publish","hentry"],"yoast_head":"<!-- This site is optimized with the Yoast SEO plugin v27.4 - https:\/\/yoast.com\/product\/yoast-seo-wordpress\/ -->\n<title>Direcci\u00f3n de Desarrollo Humano - Prefectura de Manab\u00ed<\/title>\n<meta name=\"robots\" content=\"index, follow, max-snippet:-1, max-image-preview:large, max-video-preview:-1\" \/>\n<link rel=\"canonical\" href=\"https:\/\/www.manabi.gob.ec\/index.php\/direccion-desarrollo\/\" \/>\n<meta property=\"og:locale\" content=\"es_ES\" \/>\n<meta property=\"og:type\" content=\"article\" \/>\n<meta property=\"og:title\" content=\"Direcci\u00f3n de Desarrollo Humano - Prefectura de Manab\u00ed\" \/>\n<meta property=\"og:description\" content=\"[vc_row bg_overlay_mode=\u00bbcolor\u00bb css=\u00bb.vc_custom_1630102865600{background-color: #424242 !important;}\u00bb bg_overlay_color=\u00bb#191919&#8243;][vc_column][gsf_space desktop=\u00bb90&#8243; tablet=\u00bb70&#8243; tablet_portrait=\u00bb60&#8243; mobile_landscape=\u00bb50&#8243; mobile=\u00bb40&#8243;][gsf_page_title font_container=\u00bbfont_size:45|text_align:center|color:%23f7f7f7&#8243;][vc_column_text] \u00a0Transparencia en los procesos [\/vc_column_text][\/vc_column][\/vc_row][vc_row css=\u00bb.vc_custom_1634327110213{background-color: #efefef !important;}\u00bb][vc_column][vc_empty_space height=\u00bb40px\u00bb][gsf_slider_container nav_position=\u00bbnav-bottom-center\u00bb nav_style=\u00bbnav-circle-icon\u00bb autoplay=\u00bbon\u00bb margin=\u00bb10&#8243; columns=\u00bb4&#8243; columns_md=\u00bb3&#8243; columns_sm=\u00bb2&#8243; columns_xs=\u00bb1&#8243; columns_mb=\u00bb1&#8243;][vc_column_text css=\u00bb.vc_custom_1636747962466{padding-top: 7px !important;padding-right: 10px !important;padding-bottom: 7px !important;padding-left: 10px !important;background-color: #eb9421 !important;}\u00bb] Administrativa [\/vc_column_text][vc_column_text css=\u00bb.vc_custom_1636748393176{padding-top: 7px !important;padding-right: 10px !important;padding-bottom: 7px !important;padding-left: 10px !important;background-color: #eb9421 !important;}\u00bb] Ambiente [&hellip;]\" \/>\n<meta property=\"og:url\" content=\"https:\/\/www.manabi.gob.ec\/index.php\/direccion-desarrollo\/\" \/>\n<meta property=\"og:site_name\" content=\"Prefectura de Manab\u00ed\" \/>\n<meta property=\"article:modified_time\" content=\"2026-04-27T18:54:06+00:00\" \/>\n<meta name=\"twitter:card\" content=\"summary_large_image\" \/>\n<meta name=\"twitter:label1\" content=\"Tiempo de lectura\" \/>\n\t<meta name=\"twitter:data1\" content=\"36 minutos\" \/>\n<script type=\"application\/ld+json\" class=\"yoast-schema-graph\">{\"@context\":\"https:\\\/\\\/schema.org\",\"@graph\":[{\"@type\":\"WebPage\",\"@id\":\"https:\\\/\\\/www.manabi.gob.ec\\\/index.php\\\/direccion-desarrollo\\\/\",\"url\":\"https:\\\/\\\/www.manabi.gob.ec\\\/index.php\\\/direccion-desarrollo\\\/\",\"name\":\"Direcci\u00f3n de Desarrollo Humano - Prefectura de Manab\u00ed\",\"isPartOf\":{\"@id\":\"https:\\\/\\\/www.manabi.gob.ec\\\/#website\"},\"datePublished\":\"2021-10-19T17:13:46+00:00\",\"dateModified\":\"2026-04-27T18:54:06+00:00\",\"breadcrumb\":{\"@id\":\"https:\\\/\\\/www.manabi.gob.ec\\\/index.php\\\/direccion-desarrollo\\\/#breadcrumb\"},\"inLanguage\":\"es\",\"potentialAction\":[{\"@type\":\"ReadAction\",\"target\":[\"https:\\\/\\\/www.manabi.gob.ec\\\/index.php\\\/direccion-desarrollo\\\/\"]}]},{\"@type\":\"BreadcrumbList\",\"@id\":\"https:\\\/\\\/www.manabi.gob.ec\\\/index.php\\\/direccion-desarrollo\\\/#breadcrumb\",\"itemListElement\":[{\"@type\":\"ListItem\",\"position\":1,\"name\":\"Portada\",\"item\":\"https:\\\/\\\/www.manabi.gob.ec\\\/\"},{\"@type\":\"ListItem\",\"position\":2,\"name\":\"Direcci\u00f3n de Desarrollo Humano\"}]},{\"@type\":\"WebSite\",\"@id\":\"https:\\\/\\\/www.manabi.gob.ec\\\/#website\",\"url\":\"https:\\\/\\\/www.manabi.gob.ec\\\/\",\"name\":\"Prefectura de Manab\u00ed\",\"description\":\"P\u00e1gina web de la prefectura\",\"potentialAction\":[{\"@type\":\"SearchAction\",\"target\":{\"@type\":\"EntryPoint\",\"urlTemplate\":\"https:\\\/\\\/www.manabi.gob.ec\\\/?s={search_term_string}\"},\"query-input\":{\"@type\":\"PropertyValueSpecification\",\"valueRequired\":true,\"valueName\":\"search_term_string\"}}],\"inLanguage\":\"es\"}]}<\/script>\n<!-- \/ Yoast SEO plugin. -->","yoast_head_json":{"title":"Direcci\u00f3n de Desarrollo Humano - Prefectura de Manab\u00ed","robots":{"index":"index","follow":"follow","max-snippet":"max-snippet:-1","max-image-preview":"max-image-preview:large","max-video-preview":"max-video-preview:-1"},"canonical":"https:\/\/www.manabi.gob.ec\/index.php\/direccion-desarrollo\/","og_locale":"es_ES","og_type":"article","og_title":"Direcci\u00f3n de Desarrollo Humano - Prefectura de Manab\u00ed","og_description":"[vc_row bg_overlay_mode=\u00bbcolor\u00bb css=\u00bb.vc_custom_1630102865600{background-color: #424242 !important;}\u00bb bg_overlay_color=\u00bb#191919&#8243;][vc_column][gsf_space desktop=\u00bb90&#8243; tablet=\u00bb70&#8243; tablet_portrait=\u00bb60&#8243; mobile_landscape=\u00bb50&#8243; mobile=\u00bb40&#8243;][gsf_page_title font_container=\u00bbfont_size:45|text_align:center|color:%23f7f7f7&#8243;][vc_column_text] \u00a0Transparencia en los procesos [\/vc_column_text][\/vc_column][\/vc_row][vc_row css=\u00bb.vc_custom_1634327110213{background-color: #efefef !important;}\u00bb][vc_column][vc_empty_space height=\u00bb40px\u00bb][gsf_slider_container nav_position=\u00bbnav-bottom-center\u00bb nav_style=\u00bbnav-circle-icon\u00bb autoplay=\u00bbon\u00bb margin=\u00bb10&#8243; columns=\u00bb4&#8243; columns_md=\u00bb3&#8243; columns_sm=\u00bb2&#8243; columns_xs=\u00bb1&#8243; columns_mb=\u00bb1&#8243;][vc_column_text css=\u00bb.vc_custom_1636747962466{padding-top: 7px !important;padding-right: 10px !important;padding-bottom: 7px !important;padding-left: 10px !important;background-color: #eb9421 !important;}\u00bb] Administrativa [\/vc_column_text][vc_column_text css=\u00bb.vc_custom_1636748393176{padding-top: 7px !important;padding-right: 10px !important;padding-bottom: 7px !important;padding-left: 10px !important;background-color: #eb9421 !important;}\u00bb] Ambiente [&hellip;]","og_url":"https:\/\/www.manabi.gob.ec\/index.php\/direccion-desarrollo\/","og_site_name":"Prefectura de Manab\u00ed","article_modified_time":"2026-04-27T18:54:06+00:00","twitter_card":"summary_large_image","twitter_misc":{"Tiempo de lectura":"36 minutos"},"schema":{"@context":"https:\/\/schema.org","@graph":[{"@type":"WebPage","@id":"https:\/\/www.manabi.gob.ec\/index.php\/direccion-desarrollo\/","url":"https:\/\/www.manabi.gob.ec\/index.php\/direccion-desarrollo\/","name":"Direcci\u00f3n de Desarrollo Humano - Prefectura de Manab\u00ed","isPartOf":{"@id":"https:\/\/www.manabi.gob.ec\/#website"},"datePublished":"2021-10-19T17:13:46+00:00","dateModified":"2026-04-27T18:54:06+00:00","breadcrumb":{"@id":"https:\/\/www.manabi.gob.ec\/index.php\/direccion-desarrollo\/#breadcrumb"},"inLanguage":"es","potentialAction":[{"@type":"ReadAction","target":["https:\/\/www.manabi.gob.ec\/index.php\/direccion-desarrollo\/"]}]},{"@type":"BreadcrumbList","@id":"https:\/\/www.manabi.gob.ec\/index.php\/direccion-desarrollo\/#breadcrumb","itemListElement":[{"@type":"ListItem","position":1,"name":"Portada","item":"https:\/\/www.manabi.gob.ec\/"},{"@type":"ListItem","position":2,"name":"Direcci\u00f3n de Desarrollo Humano"}]},{"@type":"WebSite","@id":"https:\/\/www.manabi.gob.ec\/#website","url":"https:\/\/www.manabi.gob.ec\/","name":"Prefectura de Manab\u00ed","description":"P\u00e1gina web de la prefectura","potentialAction":[{"@type":"SearchAction","target":{"@type":"EntryPoint","urlTemplate":"https:\/\/www.manabi.gob.ec\/?s={search_term_string}"},"query-input":{"@type":"PropertyValueSpecification","valueRequired":true,"valueName":"search_term_string"}}],"inLanguage":"es"}]}},"_links":{"self":[{"href":"https:\/\/www.manabi.gob.ec\/index.php\/wp-json\/wp\/v2\/pages\/18761","targetHints":{"allow":["GET"]}}],"collection":[{"href":"https:\/\/www.manabi.gob.ec\/index.php\/wp-json\/wp\/v2\/pages"}],"about":[{"href":"https:\/\/www.manabi.gob.ec\/index.php\/wp-json\/wp\/v2\/types\/page"}],"author":[{"embeddable":true,"href":"https:\/\/www.manabi.gob.ec\/index.php\/wp-json\/wp\/v2\/users\/1"}],"replies":[{"embeddable":true,"href":"https:\/\/www.manabi.gob.ec\/index.php\/wp-json\/wp\/v2\/comments?post=18761"}],"version-history":[{"count":32,"href":"https:\/\/www.manabi.gob.ec\/index.php\/wp-json\/wp\/v2\/pages\/18761\/revisions"}],"predecessor-version":[{"id":34399,"href":"https:\/\/www.manabi.gob.ec\/index.php\/wp-json\/wp\/v2\/pages\/18761\/revisions\/34399"}],"wp:attachment":[{"href":"https:\/\/www.manabi.gob.ec\/index.php\/wp-json\/wp\/v2\/media?parent=18761"}],"curies":[{"name":"wp","href":"https:\/\/api.w.org\/{rel}","templated":true}]}}