{"id":18763,"date":"2021-10-19T17:20:34","date_gmt":"2021-10-19T17:20:34","guid":{"rendered":"https:\/\/www.manabi.gob.ec\/?page_id=18763"},"modified":"2026-04-27T19:15:36","modified_gmt":"2026-04-27T19:15:36","slug":"direccion-fomento","status":"publish","type":"page","link":"https:\/\/www.manabi.gob.ec\/index.php\/direccion-fomento\/","title":{"rendered":"Direcci\u00f3n Fomento"},"content":{"rendered":"<p>[vc_row bg_overlay_mode=\u00bbcolor\u00bb css=\u00bb.vc_custom_1630102865600{background-color: #424242 !important;}\u00bb bg_overlay_color=\u00bb#191919&#8243;][vc_column][gsf_space desktop=\u00bb90&#8243; tablet=\u00bb70&#8243; tablet_portrait=\u00bb60&#8243; mobile_landscape=\u00bb50&#8243; mobile=\u00bb40&#8243;][gsf_page_title font_container=\u00bbfont_size:45|text_align:center|color:%23f7f7f7&#8243;][vc_column_text]<\/p>\n<p style=\"text-align: center;\"><span style=\"color: #ffffff;\">\u00a0<a style=\"color: #ffffff;\" href=\"https:\/\/www.manabi.gob.ec\/index.php\/transparencia-en-los-procesos\/\">Transparencia en los procesos<\/a><\/span><\/p>\n<p>[\/vc_column_text][\/vc_column][\/vc_row][vc_row disable_element=\u00bbyes\u00bb css=\u00bb.vc_custom_1775053713752{background-color: #efefef !important;}\u00bb][vc_column][vc_empty_space height=\u00bb40px\u00bb][gsf_slider_container nav_position=\u00bbnav-bottom-center\u00bb nav_style=\u00bbnav-circle-icon\u00bb autoplay=\u00bbon\u00bb margin=\u00bb10&#8243; columns=\u00bb4&#8243; columns_md=\u00bb3&#8243; columns_sm=\u00bb2&#8243; columns_xs=\u00bb1&#8243; columns_mb=\u00bb1&#8243;][vc_column_text css=\u00bb.vc_custom_1636750929470{padding-top: 7px !important;padding-right: 10px !important;padding-bottom: 7px !important;padding-left: 10px !important;background-color: #eb9421 !important;}\u00bb]<\/p>\n<p style=\"text-align: center;\"><a href=\"https:\/\/www.manabi.gob.ec\/index.php\/direccion-administrativa\/\"><span style=\"color: #ffffff; font-size: 16px;\">Administrativa<\/span><\/a><\/p>\n<p>[\/vc_column_text][vc_column_text css=\u00bb.vc_custom_1636750943005{padding-top: 7px !important;padding-right: 10px !important;padding-bottom: 7px !important;padding-left: 10px !important;background-color: #eb9421 !important;}\u00bb]<\/p>\n<p style=\"text-align: center;\"><a href=\"https:\/\/www.manabi.gob.ec\/index.php\/direccion-ambiente\/\"><span style=\"color: #ffffff; font-size: 16px;\">Ambiente y Riesgo<\/span><\/a><\/p>\n<p>[\/vc_column_text][vc_column_text css=\u00bb.vc_custom_1636750977552{padding-top: 7px !important;padding-right: 10px !important;padding-bottom: 7px !important;padding-left: 10px !important;background-color: #eb9421 !important;}\u00bb]<\/p>\n<p style=\"text-align: center;\"><a href=\"https:\/\/www.manabi.gob.ec\/index.php\/direccion-comunicacion\/\"><span style=\"color: #ffffff; font-size: 16px;\">Comunicaci\u00f3n institucional<\/span><\/a><\/p>\n<p>[\/vc_column_text][vc_column_text css=\u00bb.vc_custom_1636751003392{padding-top: 7px !important;padding-right: 10px !important;padding-bottom: 7px !important;padding-left: 10px !important;background-color: #eb9421 !important;}\u00bb]<\/p>\n<p style=\"text-align: center;\"><a href=\"https:\/\/www.manabi.gob.ec\/index.php\/direccion-desarrollo\/\"><span style=\"color: #ffffff; font-size: 16px;\">Desarrollo Social<\/span><\/a><\/p>\n<p>[\/vc_column_text][vc_column_text css=\u00bb.vc_custom_1636751027697{padding-top: 7px !important;padding-right: 10px !important;padding-bottom: 7px !important;padding-left: 10px !important;background-color: #eb9421 !important;}\u00bb]<\/p>\n<p style=\"text-align: center;\"><a href=\"https:\/\/www.manabi.gob.ec\/index.php\/direccion-fomento\/\"><span style=\"color: #ffffff; font-size: 16px;\">Fomento Productivo<\/span><\/a><\/p>\n<p>[\/vc_column_text][vc_column_text css=\u00bb.vc_custom_1636751066833{padding-top: 7px !important;padding-right: 10px !important;padding-bottom: 7px !important;padding-left: 10px !important;background-color: #eb9421 !important;}\u00bb]<\/p>\n<p style=\"text-align: center;\"><a href=\"https:\/\/www.manabi.gob.ec\/index.php\/direccion-gestion\/\"><span style=\"color: #ffffff; font-size: 16px;\">Gesti\u00f3n y Mantenimiento Vial<\/span><\/a><\/p>\n<p>[\/vc_column_text][vc_column_text css=\u00bb.vc_custom_1636751114446{padding-top: 7px !important;padding-right: 10px !important;padding-bottom: 7px !important;padding-left: 10px !important;background-color: #eb9421 !important;}\u00bb]<\/p>\n<p style=\"text-align: center;\"><a href=\"https:\/\/www.manabi.gob.ec\/index.php\/direccion-innovacion\/\"><span style=\"color: #ffffff; font-size: 16px;\">Innovaci\u00f3n y Mejora Continua<\/span><\/a><\/p>\n<p>[\/vc_column_text][vc_column_text css=\u00bb.vc_custom_1636751426792{padding-top: 7px !important;padding-right: 10px !important;padding-bottom: 7px !important;padding-left: 10px !important;background-color: #eb9421 !important;}\u00bb]<\/p>\n<p style=\"text-align: center;\"><a href=\"https:\/\/www.manabi.gob.ec\/index.php\/direccion-talento\/\"><span style=\"color: #ffffff; font-size: 16px;\">Talento Humano<\/span><\/a><\/p>\n<p>[\/vc_column_text][vc_column_text css=\u00bb.vc_custom_1636751180406{padding-top: 7px !important;padding-right: 10px !important;padding-bottom: 7px !important;padding-left: 10px !important;background-color: #eb9421 !important;}\u00bb]<\/p>\n<p style=\"text-align: center;\"><a href=\"https:\/\/www.manabi.gob.ec\/index.php\/direccion-riego\/\"><span style=\"color: #ffffff; font-size: 16px;\">Riego y Drenaje<\/span><\/a><\/p>\n<p>[\/vc_column_text][vc_column_text css=\u00bb.vc_custom_1636751220686{padding-top: 7px !important;padding-right: 10px !important;padding-bottom: 7px !important;padding-left: 10px !important;background-color: #eb9421 !important;}\u00bb]<\/p>\n<p style=\"text-align: center;\"><a href=\"https:\/\/www.manabi.gob.ec\/index.php\/direccion-tecnologia\/\"><span style=\"color: #ffffff; font-size: 16px;\">Tecnolog\u00eda<\/span><\/a><\/p>\n<p>[\/vc_column_text][vc_column_text css=\u00bb.vc_custom_1636751263580{padding-top: 7px !important;padding-right: 10px !important;padding-bottom: 7px !important;padding-left: 10px !important;background-color: #eb9421 !important;}\u00bb]<\/p>\n<p style=\"text-align: center;\"><a href=\"https:\/\/www.manabi.gob.ec\/index.php\/direccion-turismo\/\"><span style=\"color: #ffffff; font-size: 16px;\">Turismo Cultura y Patrimonio<\/span><\/a><\/p>\n<p>[\/vc_column_text][vc_column_text css=\u00bb.vc_custom_1636751293720{padding-top: 7px !important;padding-right: 10px !important;padding-bottom: 7px !important;padding-left: 10px !important;background-color: #eb9421 !important;}\u00bb]<\/p>\n<p style=\"text-align: center;\"><a href=\"https:\/\/www.manabi.gob.ec\/index.php\/direccion-ordenamiento\/\"><span style=\"color: #ffffff; font-size: 16px;\">Planificaci\u00f3n para el Desarrollo y Ordenamiento Territorial<\/span><\/a><\/p>\n<p>[\/vc_column_text][vc_column_text css=\u00bb.vc_custom_1647961831536{padding-top: 7px !important;padding-right: 10px !important;padding-bottom: 7px !important;padding-left: 10px !important;background-color: #eb9421 !important;}\u00bb]<\/p>\n<p style=\"text-align: center;\"><a href=\"https:\/\/www.manabi.gob.ec\/index.php\/direccion-de-proyectos\/\"><span style=\"color: #ffffff; font-size: 16px;\">Direcci\u00f3n de Proyectos<\/span><\/a><\/p>\n<p>[\/vc_column_text][vc_column_text css=\u00bb.vc_custom_1647961900439{padding-top: 7px !important;padding-right: 10px !important;padding-bottom: 7px !important;padding-left: 10px !important;background-color: #eb9421 !important;}\u00bb]<\/p>\n<p style=\"text-align: center;\"><a href=\"https:\/\/www.manabi.gob.ec\/index.php\/estudios-y-fiscalizacion\/\"><span style=\"color: #ffffff; font-size: 16px;\">Estudios y Fiscalizaci\u00f3n<\/span><\/a><\/p>\n<p>[\/vc_column_text][\/gsf_slider_container][vc_empty_space height=\u00bb70px\u00bb][\/vc_column][\/vc_row][vc_row color_skin=\u00bbskin-light\u00bb equal_height=\u00bbyes\u00bb parallax=\u00bbcontent-moving\u00bb css=\u00bb.vc_custom_1775053719715{padding-top: 25px !important;background-color: #efefef !important;background-position: center;background-repeat: no-repeat !important;background-size: cover !important;}\u00bb][vc_column css=\u00bb.vc_custom_1622148120192{background-position: center !important;background-repeat: no-repeat !important;background-size: cover !important;}\u00bb offset=\u00bbvc_col-xs-12&#8243;][vc_tta_tabs active_section=\u00bb1&#8243; css=\u00bb.vc_custom_1634330823680{padding-right: 0px !important;padding-left: 0px !important;}\u00bb][vc_tta_section el_class=\u00bb\u00bb title=\u00bb2026&#8243; tab_id=\u00bb1777316175514-197337bc-8f52&#8243;][vc_text_separator title=\u00bbMARZO\u00bb el_class=\u00bb\u00bb][vc_row_inner el_class=\u00bb\u00bb css=\u00bb.vc_custom_1777316933482{padding-top: 15px !important;}\u00bb][vc_column_inner width=\u00bb3\/6&#8243;][vc_column_text el_class=\u00bb\u00bb]<\/p>\n<h6 style=\"text-align: center;\"><span style=\"color: #000000;\"><strong>OBJETO DEL PROCESO<\/strong><\/span><\/h6>\n<p>[\/vc_column_text][vc_column_text el_class=\u00bb\u00bb]<\/p>\n<p style=\"font-size: 10px; line-height: 13px;\">\u201cADQUISICI\u00d3N DE MATERIALES, INSUMOS Y HERRAMIENTAS EN EL MARCO DEL PROYECTO: \u201cFORTALECIMIENTO DE LAS BUENAS PR\u00c1CTICAS AGR\u00cdCOLAS CON ENFOQUE AGROECOL\u00d3GICO A TRAV\u00c9S DE LAS ESCUELAS DEL PRODUCTOR EN LA PROVINCIA DE MANAB\u00cd\u201d<\/p>\n<p>[\/vc_column_text][\/vc_column_inner][vc_column_inner width=\u00bb1\/6&#8243;][vc_column_text el_class=\u00bb\u00bb]<\/p>\n<h6 style=\"text-align: center;\"><span style=\"color: #000000;\"><strong>TIPO DE CONTRATACI\u00d3N<\/strong><\/span><\/h6>\n<p>[\/vc_column_text][vc_column_text el_class=\u00bb\u00bb]<\/p>\n<p style=\"text-align: center; font-size: 15px; font-weight: bold; line-height: 17px;\"><span style=\"color: #000000;\">Subasta Inversa Electr\u00f3nica<\/span><\/p>\n<p>[\/vc_column_text][\/vc_column_inner][vc_column_inner width=\u00bb1\/6&#8243;][vc_column_text el_class=\u00bb\u00bb]<\/p>\n<h6 style=\"text-align: center;\"><span style=\"color: #000000;\"><strong>PRESUPUESTO REFERENCIAL<\/strong><\/span><\/h6>\n<p>[\/vc_column_text][vc_column_text el_class=\u00bb\u00bb]<\/p>\n<p style=\"text-align: center; font-size: 15px; font-weight: bold; line-height: 17px;\"><span style=\"color: #000000;\">$ 429,964.35<\/span><\/p>\n<p>[\/vc_column_text][\/vc_column_inner][vc_column_inner width=\u00bb1\/6&#8243;][vc_column_text el_class=\u00bb\u00bb]<\/p>\n<h6 style=\"text-align: center;\"><span style=\"color: #000000;\"><strong>C\u00d3DIGO DEL PROCESO<\/strong><\/span><\/h6>\n<p>[\/vc_column_text][vc_column_text el_class=\u00bb\u00bb]<\/p>\n<p style=\"text-align: center; font-size: 13px; font-weight: bold; line-height: 17px; color: #eb9421;\"><a href=\"https:\/\/www.compraspublicas.gob.ec\/ProcesoContratacion\/compras\/PC\/informacionProcesoContratacion2.cpe?idSoliCompra=t5ZSQ7pyTcV8c_e935TgnD3tJkctyTPTdZrZj2odbQk,\" target=\"_blank\" rel=\"noopener\">SIE-GADPDM-2026-002<\/a><\/p>\n<p>[\/vc_column_text][\/vc_column_inner][\/vc_row_inner][vc_row_inner el_class=\u00bb\u00bb css=\u00bb.vc_custom_1777316965898{padding-top: 15px !important;background-color: #dddddd !important;}\u00bb][vc_column_inner width=\u00bb3\/6&#8243;][vc_column_text el_class=\u00bb\u00bb]<\/p>\n<p style=\"font-size: 10px; line-height: 13px;\">ADQUISICI\u00d3N DE FUNDAS DE SEMILLAS DE PASTO PARA LA IMPLEMENTACI\u00d3N DE BUENAS PR\u00c1CTICAS EN EL MARCO DEL PROYECTO \u201cESCUELA DE PRODUCCI\u00d3N GANADERA EN LA PROVINCIA DE MANAB\u00cd<\/p>\n<p>[\/vc_column_text][\/vc_column_inner][vc_column_inner width=\u00bb1\/6&#8243;][vc_column_text el_class=\u00bb\u00bb]<\/p>\n<p style=\"text-align: center; font-size: 15px; font-weight: bold; line-height: 17px;\"><span style=\"color: #000000;\">Subasta Inversa Electr\u00f3nica<\/span><\/p>\n<p>[\/vc_column_text][\/vc_column_inner][vc_column_inner width=\u00bb1\/6&#8243;][vc_column_text el_class=\u00bb\u00bb]<\/p>\n<p style=\"text-align: center; font-size: 15px; font-weight: bold; line-height: 17px;\"><span style=\"color: #000000;\">$ 16,380.00<\/span><\/p>\n<p>[\/vc_column_text][\/vc_column_inner][vc_column_inner width=\u00bb1\/6&#8243;][vc_column_text el_class=\u00bb\u00bb]<\/p>\n<p style=\"text-align: center; font-size: 13px; font-weight: bold; line-height: 17px; color: #eb9421;\"><a href=\"https:\/\/www.compraspublicas.gob.ec\/ProcesoContratacion\/compras\/PC\/informacionProcesoContratacion2.cpe?idSoliCompra=c4WD1eyXSPSHhq2qmNMi5tqokd_T0r1B0dHLBTqU1Zg,\" target=\"_blank\" rel=\"noopener\">SIE-GADPDM-2026-003<\/a><\/p>\n<p>[\/vc_column_text][\/vc_column_inner][\/vc_row_inner][vc_row_inner][vc_column_inner width=\u00bb3\/6&#8243;][vc_column_text el_class=\u00bb\u00bb]<\/p>\n<p style=\"font-size: 10px; line-height: 13px;\">ADQUISICI\u00d3N DE INSUMOS Y EQUIPOS PARA LA IMPLEMENTACI\u00d3N DEL SERVICIO DE MEJORAMIENTO GEN\u00c9TICO BOVINO EN EL MARCO DEL PROYECTO DE LA ESCUELA DE PRODUCCI\u00d3N GANADERA EN LA PROVINCIA DE MANAB\u00cd<\/p>\n<p>[\/vc_column_text][\/vc_column_inner][vc_column_inner width=\u00bb1\/6&#8243;][vc_column_text el_class=\u00bb\u00bb]<\/p>\n<p style=\"text-align: center; font-size: 15px; font-weight: bold; line-height: 17px;\"><span style=\"color: #000000;\">Subasta Inversa Electr\u00f3nica<\/span><\/p>\n<p>[\/vc_column_text][\/vc_column_inner][vc_column_inner width=\u00bb1\/6&#8243;][vc_column_text el_class=\u00bb\u00bb]<\/p>\n<p style=\"text-align: center; font-size: 15px; font-weight: bold; line-height: 17px;\"><span style=\"color: #000000;\">$ 140,289.03<\/span><\/p>\n<p>[\/vc_column_text][\/vc_column_inner][vc_column_inner width=\u00bb1\/6&#8243;][vc_column_text el_class=\u00bb\u00bb]<\/p>\n<p style=\"text-align: center; font-size: 13px; font-weight: bold; line-height: 17px; color: #eb9421;\"><a href=\"https:\/\/www.compraspublicas.gob.ec\/ProcesoContratacion\/compras\/PC\/informacionProcesoContratacion2.cpe?idSoliCompra=TRIsZVmVEhbZn8cTIlMbZOg2NEaz_MPrnVwZPr6giwU,\" target=\"_blank\" rel=\"noopener\">SIE-GADPDM-2026-004<\/a><\/p>\n<p>[\/vc_column_text][\/vc_column_inner][\/vc_row_inner][\/vc_tta_section][vc_tta_section title=\u00bb2025&#8243; tab_id=\u00bb1686664004733-0bc0a714-f0a2&#8243;][vc_text_separator title=\u00bbMARZO\u00bb color=\u00bbblack\u00bb css=\u00bb.vc_custom_1776889587482{margin-bottom: 25px !important;}\u00bb][vc_row_inner][vc_column_inner width=\u00bb3\/6&#8243;][vc_column_text css=\u00bb.vc_custom_1637007502107{padding-top: 1px !important;padding-right: 10px !important;padding-bottom: 1px !important;padding-left: 10px !important;}\u00bb]<\/p>\n<h6 style=\"text-align: center;\"><span style=\"color: #000000;\"><strong>OBJETO DEL PROCESO<\/strong><\/span><\/h6>\n<p>[\/vc_column_text][vc_column_text]<\/p>\n<p style=\"font-size: 10px; line-height: 13px;\">CONSULTOR\u00cdA PARA EL DISE\u00d1O, DESARROLLO E IMPLEMENTACI\u00d3N DE UNA APLICACI\u00d3N WEB Y MOVIL QUE OPTIMICE EL SEGUIMIENTO BIOLOGICO, PESQUERO EN EL MARCO DEL PROYECTO \u201cINNOVACI\u00d3N Y SOSTENIBILIDAD EN EL SECTOR DE LA PESCA ARTESANAL EN MANAB\u00cd (I.SO.S.P.A.M)\u201d<\/p>\n<p>[\/vc_column_text][\/vc_column_inner][vc_column_inner width=\u00bb1\/6&#8243;][vc_column_text css=\u00bb.vc_custom_1637007540269{padding-top: 1px !important;padding-right: 10px !important;padding-bottom: 1px !important;padding-left: 10px !important;}\u00bb]<\/p>\n<h6 style=\"text-align: center;\"><span style=\"color: #000000;\"><strong>TIPO DE CONTRATACI\u00d3N<\/strong><\/span><\/h6>\n<p>[\/vc_column_text][vc_column_text]<\/p>\n<p style=\"text-align: center; font-size: 15px; font-weight: bold; line-height: 17px;\"><span style=\"color: #000000;\">Contrataci\u00f3n Directa<\/span><\/p>\n<p>[\/vc_column_text][\/vc_column_inner][vc_column_inner width=\u00bb1\/6&#8243;][vc_column_text css=\u00bb.vc_custom_1637007559648{padding-top: 1px !important;padding-right: 10px !important;padding-bottom: 1px !important;padding-left: 10px !important;}\u00bb]<\/p>\n<h6 style=\"text-align: center;\"><span style=\"color: #000000;\"><strong>PRESUPUESTO REFERENCIAL<\/strong><\/span><\/h6>\n<p>[\/vc_column_text][vc_column_text]<\/p>\n<p style=\"text-align: center; font-size: 15px; font-weight: bold; line-height: 17px;\"><span style=\"color: #000000;\">$ 29,997.82<\/span><\/p>\n<p>[\/vc_column_text][\/vc_column_inner][vc_column_inner width=\u00bb1\/6&#8243;][vc_column_text css=\u00bb.vc_custom_1637007571690{padding-top: 1px !important;padding-right: 10px !important;padding-bottom: 1px !important;padding-left: 10px !important;}\u00bb]<\/p>\n<h6 style=\"text-align: center;\"><span style=\"color: #000000;\"><strong>C\u00d3DIGO DEL PROCESO<\/strong><\/span><\/h6>\n<p>[\/vc_column_text][vc_column_text]<\/p>\n<p style=\"text-align: center; font-size: 13px; font-weight: bold; line-height: 17px; color: #eb9421;\"><a href=\"https:\/\/www.compraspublicas.gob.ec\/ProcesoContratacion\/compras\/PC\/informacionProcesoContratacion2.cpe?idSoliCompra=gJOcDSrgnhk8NCkf5_BguqYQYy2AIRdGIFGr_kAE4UU,\" target=\"_blank\" rel=\"noopener\">CDC-GADPDM-2025-001<\/a><\/p>\n<p>[\/vc_column_text][\/vc_column_inner][\/vc_row_inner][vc_row_inner css=\u00bb.vc_custom_1775053798443{padding-top: 15px !important;background-color: #dbdbdb !important;}\u00bb][vc_column_inner width=\u00bb3\/6&#8243;][vc_column_text]<\/p>\n<p style=\"font-size: 10px; line-height: 13px;\">ADQUISICION DE SEMILLAS DE PASTO PARA EL PROYECTO \u201cESCUELA DE CAMPO GANADERA EN LA PROVINCIA DE MANABI\u201d<\/p>\n<p>[\/vc_column_text][\/vc_column_inner][vc_column_inner width=\u00bb1\/6&#8243;][vc_column_text]<\/p>\n<p style=\"text-align: center; font-size: 15px; font-weight: bold; line-height: 17px;\"><span style=\"color: #000000;\">Subasta Inversa Electr\u00f3nica<\/span><\/p>\n<p>[\/vc_column_text][\/vc_column_inner][vc_column_inner width=\u00bb1\/6&#8243;][vc_column_text]<\/p>\n<p style=\"text-align: center; font-size: 15px; font-weight: bold; line-height: 17px;\"><span style=\"color: #000000;\">$ 27,297.30<\/span><\/p>\n<p>[\/vc_column_text][\/vc_column_inner][vc_column_inner width=\u00bb1\/6&#8243;][vc_column_text]<\/p>\n<p style=\"text-align: center; font-size: 13px; font-weight: bold; line-height: 17px; color: #eb9421;\"><a href=\"https:\/\/www.compraspublicas.gob.ec\/ProcesoContratacion\/compras\/PC\/informacionProcesoContratacion2.cpe?idSoliCompra=vJboVhM3aC5JiHRCQ05OGALFFkcKK70OEWt-AHUr5-0,\" target=\"_blank\" rel=\"noopener\">SIE-GADPDM-2025-003<\/a><\/p>\n<p>[\/vc_column_text][\/vc_column_inner][\/vc_row_inner][vc_text_separator title=\u00bbMAYO\u00bb color=\u00bbblack\u00bb css=\u00bb.vc_custom_1776889605085{margin-bottom: 25px !important;}\u00bb][vc_row_inner][vc_column_inner width=\u00bb3\/6&#8243;][vc_column_text css=\u00bb.vc_custom_1637007502107{padding-top: 1px !important;padding-right: 10px !important;padding-bottom: 1px !important;padding-left: 10px !important;}\u00bb]<\/p>\n<h6 style=\"text-align: center;\"><span style=\"color: #000000;\"><strong>OBJETO DEL PROCESO<\/strong><\/span><\/h6>\n<p>[\/vc_column_text][vc_column_text]<\/p>\n<p style=\"font-size: 10px; line-height: 13px;\">ADQUISICI\u00d3N DE VESTUARIOS Y PRENDAS DE PROTECCI\u00d3N PARA LA PESCA ARTESANAL, EN MARCO DEL PROYECTO: \u201cFORTALECIMIENTO DEL SECTOR PESQUERO ARTESANAL DE LA PROVINCIA DE MANAB\u00cd\u201d<\/p>\n<p>[\/vc_column_text][\/vc_column_inner][vc_column_inner width=\u00bb1\/6&#8243;][vc_column_text css=\u00bb.vc_custom_1637007540269{padding-top: 1px !important;padding-right: 10px !important;padding-bottom: 1px !important;padding-left: 10px !important;}\u00bb]<\/p>\n<h6 style=\"text-align: center;\"><span style=\"color: #000000;\"><strong>TIPO DE CONTRATACI\u00d3N<\/strong><\/span><\/h6>\n<p>[\/vc_column_text][vc_column_text]<\/p>\n<p style=\"text-align: center; font-size: 15px; font-weight: bold; line-height: 17px;\"><span style=\"color: #000000;\">Subasta inversa electr\u00f3nica<\/span><\/p>\n<p>[\/vc_column_text][\/vc_column_inner][vc_column_inner width=\u00bb1\/6&#8243;][vc_column_text css=\u00bb.vc_custom_1637007559648{padding-top: 1px !important;padding-right: 10px !important;padding-bottom: 1px !important;padding-left: 10px !important;}\u00bb]<\/p>\n<h6 style=\"text-align: center;\"><span style=\"color: #000000;\"><strong>PRESUPUESTO REFERENCIAL<\/strong><\/span><\/h6>\n<p>[\/vc_column_text][vc_column_text]<\/p>\n<p style=\"text-align: center; font-size: 15px; font-weight: bold; line-height: 17px;\"><span style=\"color: #000000;\">$ 111,977.90<\/span><\/p>\n<p>[\/vc_column_text][\/vc_column_inner][vc_column_inner width=\u00bb1\/6&#8243;][vc_column_text css=\u00bb.vc_custom_1637007571690{padding-top: 1px !important;padding-right: 10px !important;padding-bottom: 1px !important;padding-left: 10px !important;}\u00bb]<\/p>\n<h6 style=\"text-align: center;\"><span style=\"color: #000000;\"><strong>C\u00d3DIGO DEL PROCESO<\/strong><\/span><\/h6>\n<p>[\/vc_column_text][vc_column_text]<\/p>\n<p style=\"text-align: center; font-size: 13px; font-weight: bold; line-height: 17px; color: #eb9421;\"><a href=\"https:\/\/www.compraspublicas.gob.ec\/ProcesoContratacion\/compras\/PC\/informacionProcesoContratacion2.cpe?idSoliCompra=C7tSvfnG75PNA_3O7WxjM09O-RpbwG72N55exsyl55g,\" target=\"_blank\" rel=\"noopener\">SIE-GADPDM-2025-010<\/a><\/p>\n<p>[\/vc_column_text][\/vc_column_inner][\/vc_row_inner][vc_row_inner css=\u00bb.vc_custom_1775053798443{padding-top: 15px !important;background-color: #dbdbdb !important;}\u00bb][vc_column_inner width=\u00bb3\/6&#8243;][vc_column_text]<\/p>\n<p style=\"font-size: 10px; line-height: 13px;\">ADQUISICI\u00d3N DE RECURSOS DE SALVAMENTOS PARA LA PESCA ARTESANAL, EN MARCO DEL PROYECTO: \u201cFORTALECIMIENTO DEL SECTOR PESQUERO ARTESANAL DE LA PROVINCIA DE MANAB\u00cd\u201d<\/p>\n<p>[\/vc_column_text][\/vc_column_inner][vc_column_inner width=\u00bb1\/6&#8243;][vc_column_text]<\/p>\n<p style=\"text-align: center; font-size: 15px; font-weight: bold; line-height: 17px;\"><span style=\"color: #000000;\">Subasta Inversa Electr\u00f3nica<\/span><\/p>\n<p>[\/vc_column_text][\/vc_column_inner][vc_column_inner width=\u00bb1\/6&#8243;][vc_column_text]<\/p>\n<p style=\"text-align: center; font-size: 15px; font-weight: bold; line-height: 17px;\"><span style=\"color: #000000;\">$ 10,707.04<\/span><\/p>\n<p>[\/vc_column_text][\/vc_column_inner][vc_column_inner width=\u00bb1\/6&#8243;][vc_column_text]<\/p>\n<p style=\"text-align: center; font-size: 13px; font-weight: bold; line-height: 17px; color: #eb9421;\"><a href=\"https:\/\/www.compraspublicas.gob.ec\/ProcesoContratacion\/compras\/PC\/informacionProcesoContratacion2.cpe?idSoliCompra=I6NnZJiqEtmwSugcfOUerCeP_cNDSwtREWnDE6bFfCw,\" target=\"_blank\" rel=\"noopener\">SIE-GADPDM-2025-012<\/a><\/p>\n<p>[\/vc_column_text][\/vc_column_inner][\/vc_row_inner][vc_row_inner][vc_column_inner width=\u00bb3\/6&#8243;][vc_column_text]<\/p>\n<p style=\"font-size: 10px; line-height: 13px;\">ADQUISICI\u00d3N DE EQUIPOS Y SUMINISTROS PARA LA PESCA ARTESANAL, EN MARCO DEL PROYECTO FORTALECIMIENTO DEL SECTOR PESQUERO ARTESANAL DE LA PROVINCIA DE MANAB\u00cd<\/p>\n<p>[\/vc_column_text][\/vc_column_inner][vc_column_inner width=\u00bb1\/6&#8243;][vc_column_text]<\/p>\n<p style=\"text-align: center; font-size: 15px; font-weight: bold; line-height: 17px;\"><span style=\"color: #000000;\">Subasta inversa electr\u00f3nica<\/span><\/p>\n<p>[\/vc_column_text][\/vc_column_inner][vc_column_inner width=\u00bb1\/6&#8243;][vc_column_text]<\/p>\n<p style=\"text-align: center; font-size: 15px; font-weight: bold; line-height: 17px;\"><span style=\"color: #000000;\">$ 162,666.37<\/span><\/p>\n<p>[\/vc_column_text][\/vc_column_inner][vc_column_inner width=\u00bb1\/6&#8243;][vc_column_text]<\/p>\n<p style=\"text-align: center; font-size: 13px; font-weight: bold; line-height: 17px; color: #eb9421;\"><a href=\"https:\/\/www.compraspublicas.gob.ec\/ProcesoContratacion\/compras\/PC\/informacionProcesoContratacion2.cpe?idSoliCompra=r-qsAvP6uDBlH3WpA8YDOPKKtWfGTnVzdu8zNWvxxZs,\" target=\"_blank\" rel=\"noopener\">SIE-GADPDM-2025-013<\/a><\/p>\n<p>[\/vc_column_text][\/vc_column_inner][\/vc_row_inner][vc_text_separator title=\u00bbJUNIO\u00bb color=\u00bbblack\u00bb css=\u00bb.vc_custom_1776889632869{margin-bottom: 25px !important;}\u00bb][vc_row_inner css=\u00bb.vc_custom_1661534696008{background-color: #dbdbdb !important;}\u00bb][vc_column_inner width=\u00bb3\/6&#8243;][vc_column_text css=\u00bb.vc_custom_1637007502107{padding-top: 1px !important;padding-right: 10px !important;padding-bottom: 1px !important;padding-left: 10px !important;}\u00bb]<\/p>\n<h6 style=\"text-align: center;\"><span style=\"color: #000000;\"><strong>OBJETO DEL PROCESO<\/strong><\/span><\/h6>\n<p>[\/vc_column_text][vc_column_text]<\/p>\n<p style=\"font-size: 10px; line-height: 13px;\">ADQUISICI\u00d3N DE VESTUARIOS Y PRENDAS DE PROTECCI\u00d3N PARA LA PESCA ARTESANAL, EN MARCO DEL PROYECTO: \u201cFORTALECIMIENTO DEL SECTOR PESQUERO ARTESANAL DE LA PROVINCIA DE MANAB\u00cd\u201d<\/p>\n<p>[\/vc_column_text][\/vc_column_inner][vc_column_inner width=\u00bb1\/6&#8243;][vc_column_text css=\u00bb.vc_custom_1637007540269{padding-top: 1px !important;padding-right: 10px !important;padding-bottom: 1px !important;padding-left: 10px !important;}\u00bb]<\/p>\n<h6 style=\"text-align: center;\"><span style=\"color: #000000;\"><strong>TIPO DE CONTRATACI\u00d3N<\/strong><\/span><\/h6>\n<p>[\/vc_column_text][vc_column_text]<\/p>\n<p style=\"text-align: center; font-size: 15px; font-weight: bold; line-height: 17px;\"><span style=\"color: #000000;\">Subasta Inversa Electr\u00f3nica<\/span><\/p>\n<p>[\/vc_column_text][\/vc_column_inner][vc_column_inner width=\u00bb1\/6&#8243;][vc_column_text css=\u00bb.vc_custom_1637007559648{padding-top: 1px !important;padding-right: 10px !important;padding-bottom: 1px !important;padding-left: 10px !important;}\u00bb]<\/p>\n<h6 style=\"text-align: center;\"><span style=\"color: #000000;\"><strong>PRESUPUESTO REFERENCIAL<\/strong><\/span><\/h6>\n<p>[\/vc_column_text][vc_column_text]<\/p>\n<p style=\"text-align: center; font-size: 15px; font-weight: bold; line-height: 17px;\"><span style=\"color: #000000;\">$ 111,977.90<\/span><\/p>\n<p>[\/vc_column_text][\/vc_column_inner][vc_column_inner width=\u00bb1\/6&#8243;][vc_column_text css=\u00bb.vc_custom_1637007571690{padding-top: 1px !important;padding-right: 10px !important;padding-bottom: 1px !important;padding-left: 10px !important;}\u00bb]<\/p>\n<h6 style=\"text-align: center;\"><span style=\"color: #000000;\"><strong>C\u00d3DIGO DEL PROCESO<\/strong><\/span><\/h6>\n<p>[\/vc_column_text][vc_column_text]<\/p>\n<p style=\"text-align: center; font-size: 13px; font-weight: bold; line-height: 17px; color: #eb9421;\"><a href=\"https:\/\/www.compraspublicas.gob.ec\/ProcesoContratacion\/compras\/PC\/informacionProcesoContratacion2.cpe?idSoliCompra=NlUS8HaAMhmpKT3QX1cqReEXuYRHpBGpo5lp5RyJRGk,\" target=\"_blank\" rel=\"noopener\">SIE-GADPDM-2025-019<\/a><\/p>\n<p>[\/vc_column_text][\/vc_column_inner][\/vc_row_inner][vc_row_inner][vc_column_inner width=\u00bb3\/6&#8243;][vc_column_text]<\/p>\n<p style=\"font-size: 10px; line-height: 13px;\">ADQUISICI\u00d3N DE RECURSOS DE SALVAMENTOS PARA LA PESCA ARTESANAL, ENMARCO DEL PROYECTO: \u201cFORTALECIMIENTO DEL SECTOR PESQUERO ARTESANAL DE LA PROVINCIA DE MANAB\u00cd<\/p>\n<p>[\/vc_column_text][\/vc_column_inner][vc_column_inner width=\u00bb1\/6&#8243;][vc_column_text]<\/p>\n<p style=\"text-align: center; font-size: 15px; font-weight: bold; line-height: 17px;\"><span style=\"color: #000000;\">Subasta inversa electr\u00f3nica<\/span><\/p>\n<p>[\/vc_column_text][\/vc_column_inner][vc_column_inner width=\u00bb1\/6&#8243;][vc_column_text]<\/p>\n<p style=\"text-align: center; font-size: 15px; font-weight: bold; line-height: 17px;\"><span style=\"color: #000000;\">$ 10,707.04<\/span><\/p>\n<p>[\/vc_column_text][\/vc_column_inner][vc_column_inner width=\u00bb1\/6&#8243;][vc_column_text]<\/p>\n<p style=\"text-align: center; font-size: 13px; font-weight: bold; line-height: 17px; color: #eb9421;\"><a href=\"https:\/\/www.compraspublicas.gob.ec\/ProcesoContratacion\/compras\/PC\/informacionProcesoContratacion2.cpe?idSoliCompra=czaJfGqq-C5etQDEonjoylhiNeWnQttBLTJ5k80d-4I,\" target=\"_blank\" rel=\"noopener\">SIE-GADPDM-2025-022<\/a><\/p>\n<p>[\/vc_column_text][\/vc_column_inner][\/vc_row_inner][vc_text_separator title=\u00bbJULIO\u00bb color=\u00bbblack\u00bb css=\u00bb.vc_custom_1776889772680{margin-bottom: 25px !important;}\u00bb][vc_row_inner css=\u00bb.vc_custom_1661534696008{background-color: #dbdbdb !important;}\u00bb][vc_column_inner width=\u00bb3\/6&#8243;][vc_column_text css=\u00bb.vc_custom_1637007502107{padding-top: 1px !important;padding-right: 10px !important;padding-bottom: 1px !important;padding-left: 10px !important;}\u00bb]<\/p>\n<h6 style=\"text-align: center;\"><span style=\"color: #000000;\"><strong>OBJETO DEL PROCESO<\/strong><\/span><\/h6>\n<p>[\/vc_column_text][vc_column_text]<\/p>\n<p style=\"font-size: 10px; line-height: 13px;\">ADQUISICI\u00d3N DE RECURSOS DE SALVAMENTOS PARA LA PESCA ARTESANAL EN MARCO DEL PROYECTO FORTALECIMIENTO DEL SECTOR PESQUERO ARTESANAL DE LA PROVINCIA DE MANAB\u00cd<\/p>\n<p>[\/vc_column_text][\/vc_column_inner][vc_column_inner width=\u00bb1\/6&#8243;][vc_column_text css=\u00bb.vc_custom_1637007540269{padding-top: 1px !important;padding-right: 10px !important;padding-bottom: 1px !important;padding-left: 10px !important;}\u00bb]<\/p>\n<h6 style=\"text-align: center;\"><span style=\"color: #000000;\"><strong>TIPO DE CONTRATACI\u00d3N<\/strong><\/span><\/h6>\n<p>[\/vc_column_text][vc_column_text]<\/p>\n<p style=\"text-align: center; font-size: 15px; font-weight: bold; line-height: 17px;\"><span style=\"color: #000000;\">Subasta Inversa Electr\u00f3nica<\/span><\/p>\n<p>[\/vc_column_text][\/vc_column_inner][vc_column_inner width=\u00bb1\/6&#8243;][vc_column_text css=\u00bb.vc_custom_1637007559648{padding-top: 1px !important;padding-right: 10px !important;padding-bottom: 1px !important;padding-left: 10px !important;}\u00bb]<\/p>\n<h6 style=\"text-align: center;\"><span style=\"color: #000000;\"><strong>PRESUPUESTO REFERENCIAL<\/strong><\/span><\/h6>\n<p>[\/vc_column_text][vc_column_text]<\/p>\n<p style=\"text-align: center; font-size: 15px; font-weight: bold; line-height: 17px;\"><span style=\"color: #000000;\">$ 10,707.04<\/span><\/p>\n<p>[\/vc_column_text][\/vc_column_inner][vc_column_inner width=\u00bb1\/6&#8243;][vc_column_text css=\u00bb.vc_custom_1637007571690{padding-top: 1px !important;padding-right: 10px !important;padding-bottom: 1px !important;padding-left: 10px !important;}\u00bb]<\/p>\n<h6 style=\"text-align: center;\"><span style=\"color: #000000;\"><strong>C\u00d3DIGO DEL PROCESO<\/strong><\/span><\/h6>\n<p>[\/vc_column_text][vc_column_text]<\/p>\n<p style=\"text-align: center; font-size: 13px; font-weight: bold; line-height: 17px; color: #eb9421;\"><a href=\"https:\/\/www.compraspublicas.gob.ec\/ProcesoContratacion\/compras\/PC\/informacionProcesoContratacion2.cpe?idSoliCompra=DPbwDnFCgOyMLOameuwxuM-JapthbxxRje9FNbVtheQ,\" target=\"_blank\" rel=\"noopener\">SIE-GADPDM-2025-25<\/a><\/p>\n<p>[\/vc_column_text][\/vc_column_inner][\/vc_row_inner][vc_row_inner][vc_column_inner width=\u00bb3\/6&#8243;][vc_column_text]<\/p>\n<p style=\"font-size: 10px; line-height: 13px;\">ADQUISICI\u00d3N DE EQUIPOS, INSUMOS Y MATERIALES PARA EL PROYECTO \u201cESCUELA DE CAMPO GANADERA EN LA PROVINCIA DE MANAB\u00cd<\/p>\n<p>[\/vc_column_text][\/vc_column_inner][vc_column_inner width=\u00bb1\/6&#8243;][vc_column_text]<\/p>\n<p style=\"text-align: center; font-size: 15px; font-weight: bold; line-height: 17px;\"><span style=\"color: #000000;\">Subasta inversa electr\u00f3nica<\/span><\/p>\n<p>[\/vc_column_text][\/vc_column_inner][vc_column_inner width=\u00bb1\/6&#8243;][vc_column_text]<\/p>\n<p style=\"text-align: center; font-size: 15px; font-weight: bold; line-height: 17px;\"><span style=\"color: #000000;\">$ 20,769.10<\/span><\/p>\n<p>[\/vc_column_text][\/vc_column_inner][vc_column_inner width=\u00bb1\/6&#8243;][vc_column_text]<\/p>\n<p style=\"text-align: center; font-size: 13px; font-weight: bold; line-height: 17px; color: #eb9421;\"><a href=\"https:\/\/www.compraspublicas.gob.ec\/ProcesoContratacion\/compras\/PC\/informacionProcesoContratacion2.cpe?idSoliCompra=ZO43KF1SmvPsFZgzpRn6zqqRwBfZ-B2WaaTP2FM7n1s,\" target=\"_blank\" rel=\"noopener\">SIE-GADPDM-2025-028<\/a><\/p>\n<p>[\/vc_column_text][\/vc_column_inner][\/vc_row_inner][vc_text_separator title=\u00bbAGOSTO\u00bb color=\u00bbblack\u00bb css=\u00bb.vc_custom_1776890498749{margin-bottom: 25px !important;}\u00bb][vc_row_inner css=\u00bb.vc_custom_1661534696008{background-color: #dbdbdb !important;}\u00bb][vc_column_inner width=\u00bb3\/6&#8243;][vc_column_text css=\u00bb.vc_custom_1637007502107{padding-top: 1px !important;padding-right: 10px !important;padding-bottom: 1px !important;padding-left: 10px !important;}\u00bb]<\/p>\n<h6 style=\"text-align: center;\"><span style=\"color: #000000;\"><strong>OBJETO DEL PROCESO<\/strong><\/span><\/h6>\n<p>[\/vc_column_text][vc_column_text]<\/p>\n<p style=\"font-size: 10px; line-height: 13px;\">ADECUACI\u00d3N Y EQUIPAMIENTO DE LA PLANTA PILOTO DE EXTRACCI\u00d3N DE QUITINA Y QUITOSANO EN EL CANT\u00d3N SAN VICENTE<\/p>\n<p>[\/vc_column_text][\/vc_column_inner][vc_column_inner width=\u00bb1\/6&#8243;][vc_column_text css=\u00bb.vc_custom_1637007540269{padding-top: 1px !important;padding-right: 10px !important;padding-bottom: 1px !important;padding-left: 10px !important;}\u00bb]<\/p>\n<h6 style=\"text-align: center;\"><span style=\"color: #000000;\"><strong>TIPO DE CONTRATACI\u00d3N<\/strong><\/span><\/h6>\n<p>[\/vc_column_text][vc_column_text]<\/p>\n<p style=\"text-align: center; font-size: 15px; font-weight: bold; line-height: 17px;\"><span style=\"color: #000000;\">Licitaci\u00f3n<\/span><\/p>\n<p>[\/vc_column_text][\/vc_column_inner][vc_column_inner width=\u00bb1\/6&#8243;][vc_column_text css=\u00bb.vc_custom_1637007559648{padding-top: 1px !important;padding-right: 10px !important;padding-bottom: 1px !important;padding-left: 10px !important;}\u00bb]<\/p>\n<h6 style=\"text-align: center;\"><span style=\"color: #000000;\"><strong>PRESUPUESTO REFERENCIAL<\/strong><\/span><\/h6>\n<p>[\/vc_column_text][vc_column_text]<\/p>\n<p style=\"text-align: center; font-size: 15px; font-weight: bold; line-height: 17px;\"><span style=\"color: #000000;\">$ 50,452.44<\/span><\/p>\n<p>[\/vc_column_text][\/vc_column_inner][vc_column_inner width=\u00bb1\/6&#8243;][vc_column_text css=\u00bb.vc_custom_1637007571690{padding-top: 1px !important;padding-right: 10px !important;padding-bottom: 1px !important;padding-left: 10px !important;}\u00bb]<\/p>\n<h6 style=\"text-align: center;\"><span style=\"color: #000000;\"><strong>C\u00d3DIGO DEL PROCESO<\/strong><\/span><\/h6>\n<p>[\/vc_column_text][vc_column_text]<\/p>\n<p style=\"text-align: center; font-size: 13px; font-weight: bold; line-height: 17px; color: #eb9421;\"><a href=\"https:\/\/www.compraspublicas.gob.ec\/ProcesoContratacion\/compras\/PC\/informacionProcesoContratacion2.cpe?idSoliCompra=J2qJDXp4TOi4CYGJT0Lcqyc9iMpI3svMdA_vf0AmwCw,\" target=\"_blank\" rel=\"noopener\">LICO-GADPDM-2025-002<\/a><\/p>\n<p>[\/vc_column_text][\/vc_column_inner][\/vc_row_inner][vc_row_inner][vc_column_inner width=\u00bb3\/6&#8243;][vc_column_text]<\/p>\n<p style=\"font-size: 10px; line-height: 13px;\">CONSTRUCCI\u00d3N DE DOS MARQUESINAS, PARA ASOCIACIONES PRODUCTORAS DE CACAO EN EL MARCO DEL PROYECTO: FORTALECIMIENTO DE LOS PROCESOS DE PRODUCCI\u00d3N Y COMERCIALIZACI\u00d3N ASOCIATIVA DE CACAO, EN LA CORPORACI\u00d3N AGROFORESTAL NUEVO AMANECER Y LA CORPORACI\u00d3N AGROPECUARIA DE PEQUE\u00d1OS AGRICULTORES MANGA DEL CURA, PARROQUIA SANTA MAR\u00cdA, CANT\u00d3N EL CARMEN &#8211; PROVINCIA DE MANAB\u00cd<\/p>\n<p>[\/vc_column_text][\/vc_column_inner][vc_column_inner width=\u00bb1\/6&#8243;][vc_column_text]<\/p>\n<p style=\"text-align: center; font-size: 15px; font-weight: bold; line-height: 17px;\"><span style=\"color: #000000;\">Licitaci\u00f3n<\/span><\/p>\n<p>[\/vc_column_text][\/vc_column_inner][vc_column_inner width=\u00bb1\/6&#8243;][vc_column_text]<\/p>\n<p style=\"text-align: center; font-size: 15px; font-weight: bold; line-height: 17px;\"><span style=\"color: #000000;\">$ 28,984.58<\/span><\/p>\n<p>[\/vc_column_text][\/vc_column_inner][vc_column_inner width=\u00bb1\/6&#8243;][vc_column_text]<\/p>\n<p style=\"text-align: center; font-size: 13px; font-weight: bold; line-height: 17px; color: #eb9421;\"><a href=\"https:\/\/www.compraspublicas.gob.ec\/ProcesoContratacion\/compras\/PC\/informacionProcesoContratacion2.cpe?idSoliCompra=M2xJhnCwVC9ALRUX7eEQoeB08JStT22X5It4_jwz3fY,\" target=\"_blank\" rel=\"noopener\">LICO-GADPDM-2025-003<\/a><\/p>\n<p>[\/vc_column_text][\/vc_column_inner][\/vc_row_inner][vc_text_separator title=\u00bbNOVIEMBRE\u00bb color=\u00bbblack\u00bb css=\u00bb.vc_custom_1776890576733{margin-bottom: 25px !important;}\u00bb][vc_row_inner css=\u00bb.vc_custom_1661534696008{background-color: #dbdbdb !important;}\u00bb][vc_column_inner width=\u00bb3\/6&#8243;][vc_column_text css=\u00bb.vc_custom_1637007502107{padding-top: 1px !important;padding-right: 10px !important;padding-bottom: 1px !important;padding-left: 10px !important;}\u00bb]<\/p>\n<h6 style=\"text-align: center;\"><span style=\"color: #000000;\"><strong>OBJETO DEL PROCESO<\/strong><\/span><\/h6>\n<p>[\/vc_column_text][vc_column_text]<\/p>\n<p style=\"font-size: 10px; line-height: 13px;\">ADQUISICI\u00d3N DE M\u00c1QUINA DE HIELO Y EQUIPO DE CONGELACI\u00d3N PARA LA PLANTA PILOTO DE EXTRACCI\u00d3N DE QUITINA Y QUITOSANO EN EL CANT\u00d3N SAN VICENTE, EN EL MARCO DEL PROYECTO \u201cINNOVACI\u00d3N Y SOSTENIBILIDAD EN EL SECTOR DE LA PESCA ARTESANAL EN MANAB\u00cd (I.SO.S.P.A.M.)<\/p>\n<p>[\/vc_column_text][\/vc_column_inner][vc_column_inner width=\u00bb1\/6&#8243;][vc_column_text css=\u00bb.vc_custom_1637007540269{padding-top: 1px !important;padding-right: 10px !important;padding-bottom: 1px !important;padding-left: 10px !important;}\u00bb]<\/p>\n<h6 style=\"text-align: center;\"><span style=\"color: #000000;\"><strong>TIPO DE CONTRATACI\u00d3N<\/strong><\/span><\/h6>\n<p>[\/vc_column_text][vc_column_text]<\/p>\n<p style=\"text-align: center; font-size: 15px; font-weight: bold; line-height: 17px;\"><span style=\"color: #000000;\">Subasta Inversa Electr\u00f3nica<\/span><\/p>\n<p>[\/vc_column_text][\/vc_column_inner][vc_column_inner width=\u00bb1\/6&#8243;][vc_column_text css=\u00bb.vc_custom_1637007559648{padding-top: 1px !important;padding-right: 10px !important;padding-bottom: 1px !important;padding-left: 10px !important;}\u00bb]<\/p>\n<h6 style=\"text-align: center;\"><span style=\"color: #000000;\"><strong>PRESUPUESTO REFERENCIAL<\/strong><\/span><\/h6>\n<p>[\/vc_column_text][vc_column_text]<\/p>\n<p style=\"text-align: center; font-size: 15px; font-weight: bold; line-height: 17px;\"><span style=\"color: #000000;\">$ 52,146.00<\/span><\/p>\n<p>[\/vc_column_text][\/vc_column_inner][vc_column_inner width=\u00bb1\/6&#8243;][vc_column_text css=\u00bb.vc_custom_1637007571690{padding-top: 1px !important;padding-right: 10px !important;padding-bottom: 1px !important;padding-left: 10px !important;}\u00bb]<\/p>\n<h6 style=\"text-align: center;\"><span style=\"color: #000000;\"><strong>C\u00d3DIGO DEL PROCESO<\/strong><\/span><\/h6>\n<p>[\/vc_column_text][vc_column_text]<\/p>\n<p style=\"text-align: center; font-size: 13px; font-weight: bold; line-height: 17px; color: #eb9421;\"><a href=\"https:\/\/www.compraspublicas.gob.ec\/ProcesoContratacion\/compras\/PC\/informacionProcesoContratacion2.cpe?idSoliCompra=BT5UNNNLuP0B7eDmey0L6uHeqbsJrs-42xajTUxd9Uk,\" target=\"_blank\" rel=\"noopener\">SIE-GADPDM-2025-037<\/a><\/p>\n<p>[\/vc_column_text][\/vc_column_inner][\/vc_row_inner][vc_text_separator title=\u00bbDICIEMBRE\u00bb color=\u00bbblack\u00bb css=\u00bb.vc_custom_1776890598181{margin-bottom: 25px !important;}\u00bb][vc_row_inner css=\u00bb.vc_custom_1661534696008{background-color: #dbdbdb !important;}\u00bb][vc_column_inner width=\u00bb3\/6&#8243;][vc_column_text css=\u00bb.vc_custom_1637007502107{padding-top: 1px !important;padding-right: 10px !important;padding-bottom: 1px !important;padding-left: 10px !important;}\u00bb]<\/p>\n<h6 style=\"text-align: center;\"><span style=\"color: #000000;\"><strong>OBJETO DEL PROCESO<\/strong><\/span><\/h6>\n<p>[\/vc_column_text][vc_column_text]<\/p>\n<p style=\"font-size: 10px; line-height: 13px;\">CONSTRUCCI\u00d3N DE LA AMPLIACI\u00d3N DE LA PLANTA PROCESADORA DE CHIFLE DE LA ASOCIACI\u00d3N DE AGRICULTORES PLATANEROS SAN RAM\u00d3N DE TIGRILLO, PARA CUMPLIR CON LOS EST\u00c1NDARES DE CALIDAD Y SEGURIDAD ALIMENTARIA, EN EL MARCO DEL PROYECTO \u201cFORTALECIMIENTO DE LA CADENA DE VALOR DEL CULTIVO DE PL\u00c1TANO, POR MEDIO DE LA AMPLIACI\u00d3N DE LA PLANTA PROCESADORA DE CHIFLE DE LA ASOCIACI\u00d3N DE AGRICULTORES PLATANEROS SAN RAM\u00d3N DE TIGRILLO\u201d.<\/p>\n<p>[\/vc_column_text][\/vc_column_inner][vc_column_inner width=\u00bb1\/6&#8243;][vc_column_text css=\u00bb.vc_custom_1637007540269{padding-top: 1px !important;padding-right: 10px !important;padding-bottom: 1px !important;padding-left: 10px !important;}\u00bb]<\/p>\n<h6 style=\"text-align: center;\"><span style=\"color: #000000;\"><strong>TIPO DE CONTRATACI\u00d3N<\/strong><\/span><\/h6>\n<p>[\/vc_column_text][vc_column_text]<\/p>\n<p style=\"text-align: center; font-size: 15px; font-weight: bold; line-height: 17px;\"><span style=\"color: #000000;\">Licitaci\u00f3n<\/span><\/p>\n<p>[\/vc_column_text][\/vc_column_inner][vc_column_inner width=\u00bb1\/6&#8243;][vc_column_text css=\u00bb.vc_custom_1637007559648{padding-top: 1px !important;padding-right: 10px !important;padding-bottom: 1px !important;padding-left: 10px !important;}\u00bb]<\/p>\n<h6 style=\"text-align: center;\"><span style=\"color: #000000;\"><strong>PRESUPUESTO REFERENCIAL<\/strong><\/span><\/h6>\n<p>[\/vc_column_text][vc_column_text]<\/p>\n<p style=\"text-align: center; font-size: 15px; font-weight: bold; line-height: 17px;\"><span style=\"color: #000000;\">$ 28,897.55<\/span><\/p>\n<p>[\/vc_column_text][\/vc_column_inner][vc_column_inner width=\u00bb1\/6&#8243;][vc_column_text css=\u00bb.vc_custom_1637007571690{padding-top: 1px !important;padding-right: 10px !important;padding-bottom: 1px !important;padding-left: 10px !important;}\u00bb]<\/p>\n<h6 style=\"text-align: center;\"><span style=\"color: #000000;\"><strong>C\u00d3DIGO DEL PROCESO<\/strong><\/span><\/h6>\n<p>[\/vc_column_text][vc_column_text]<\/p>\n<p style=\"text-align: center; font-size: 13px; font-weight: bold; line-height: 17px; color: #eb9421;\"><a href=\"https:\/\/www.compraspublicas.gob.ec\/ProcesoContratacion\/compras\/PC\/informacionProcesoContratacion2.cpe?idSoliCompra=882x1tdygE1w2ZixfKfCVQaDg04fHc5-_FTz0q7fqJY,\" target=\"_blank\" rel=\"noopener\">LICO-GADPDM-2025-011<\/a><\/p>\n<p>[\/vc_column_text][\/vc_column_inner][\/vc_row_inner][vc_row_inner][vc_column_inner width=\u00bb3\/6&#8243;][vc_column_text]<\/p>\n<p style=\"font-size: 10px; line-height: 13px;\">ADQUISICI\u00d3N DE FERTILIZANTE NITROGENADOS Y SEMILLAS CATEGOR\u00cdA CERTIFICADA DE MA\u00cdZ, EN EL MARCO DEL \u201cPROYECTO FORTALECIMIENTO PRODUCTIVO DEL CANT\u00d3N 24 DE MAYO, EN ARMON\u00cdA CON EL AMBIENTE\u201d<\/p>\n<p>[\/vc_column_text][\/vc_column_inner][vc_column_inner width=\u00bb1\/6&#8243;][vc_column_text]<\/p>\n<p style=\"text-align: center; font-size: 15px; font-weight: bold; line-height: 17px;\"><span style=\"color: #000000;\">Subasta inversa electr\u00f3nica<\/span><\/p>\n<p>[\/vc_column_text][\/vc_column_inner][vc_column_inner width=\u00bb1\/6&#8243;][vc_column_text]<\/p>\n<p style=\"text-align: center; font-size: 15px; font-weight: bold; line-height: 17px;\"><span style=\"color: #000000;\">$ 99,200.00<\/span><\/p>\n<p>[\/vc_column_text][\/vc_column_inner][vc_column_inner width=\u00bb1\/6&#8243;][vc_column_text]<\/p>\n<p style=\"text-align: center; font-size: 13px; font-weight: bold; line-height: 17px; color: #eb9421;\"><a href=\"https:\/\/www.compraspublicas.gob.ec\/ProcesoContratacion\/compras\/PC\/informacionProcesoContratacion2.cpe?idSoliCompra=5WpKFxxbstfdPFQG3G_0YhB_mrekbWS5PWVkIuo1QFU,\" target=\"_blank\" rel=\"noopener\">SIE-GADPDM-2025-054<\/a><\/p>\n<p>[\/vc_column_text][\/vc_column_inner][\/vc_row_inner][vc_row_inner css=\u00bb.vc_custom_1661534696008{background-color: #dbdbdb !important;}\u00bb][vc_column_inner width=\u00bb3\/6&#8243;][vc_column_text]<\/p>\n<p style=\"font-size: 10px; line-height: 13px;\">CONSTRUCCI\u00d3N DE DOS MARQUESINAS, PARA ASOCIACIONES PRODUCTORAS DE CACAO EN EL MARCO DEL PROYECTO: FORTALECIMIENTO DE LOS PROCESOS DE PRODUCCI\u00d3N Y COMERCIALIZACI\u00d3N ASOCIATIVA DE CACAO, EN LA CORPORACI\u00d3N AGROFORESTAL NUEVO AMANECER Y LA CORPORACI\u00d3N AGROPECUARIA DE PEQUE\u00d1OS AGRICULTORES MANGA DEL CURA, PARROQUIA SANTA MAR\u00cdA, CANT\u00d3N EL CARMEN &#8211; PROVINCIA DE MANAB\u00cd<\/p>\n<p>[\/vc_column_text][\/vc_column_inner][vc_column_inner width=\u00bb1\/6&#8243;][vc_column_text]<\/p>\n<p style=\"text-align: center; font-size: 15px; font-weight: bold; line-height: 17px;\"><span style=\"color: #000000;\">Licitaci\u00f3n<\/span><\/p>\n<p>[\/vc_column_text][\/vc_column_inner][vc_column_inner width=\u00bb1\/6&#8243;][vc_column_text]<\/p>\n<p style=\"text-align: center; font-size: 15px; font-weight: bold; line-height: 17px;\"><span style=\"color: #000000;\">$ 28,984.58<\/span><\/p>\n<p>[\/vc_column_text][\/vc_column_inner][vc_column_inner width=\u00bb1\/6&#8243;][vc_column_text]<\/p>\n<p style=\"text-align: center; font-size: 13px; font-weight: bold; line-height: 17px; color: #eb9421;\"><a href=\"https:\/\/www.compraspublicas.gob.ec\/ProcesoContratacion\/compras\/PC\/informacionProcesoContratacion2.cpe?idSoliCompra=k1Xtc1rLmJ0p6kwtB65yh1iAfuiQjLS8i9Yuz42XL-0,\" target=\"_blank\" rel=\"noopener\">LICO-GADPDM-2025-008<\/a><\/p>\n<p>[\/vc_column_text][\/vc_column_inner][\/vc_row_inner][vc_row_inner][vc_column_inner width=\u00bb3\/6&#8243;][vc_column_text]<\/p>\n<p style=\"font-size: 10px; line-height: 13px;\">ADECUACI\u00d3N Y EQUIPAMIENTO DE LA PLANTA PILOTO DE EXTRACCI\u00d3N DE QUITINA Y QUITOSANO EN EL CANT\u00d3N SAN VICENTE<\/p>\n<p>[\/vc_column_text][\/vc_column_inner][vc_column_inner width=\u00bb1\/6&#8243;][vc_column_text]<\/p>\n<p style=\"text-align: center; font-size: 15px; font-weight: bold; line-height: 17px;\"><span style=\"color: #000000;\">Licitaci\u00f3n<\/span><\/p>\n<p>[\/vc_column_text][\/vc_column_inner][vc_column_inner width=\u00bb1\/6&#8243;][vc_column_text]<\/p>\n<p style=\"text-align: center; font-size: 15px; font-weight: bold; line-height: 17px;\"><span style=\"color: #000000;\">$ 50,452.44<\/span><\/p>\n<p>[\/vc_column_text][\/vc_column_inner][vc_column_inner width=\u00bb1\/6&#8243;][vc_column_text]<\/p>\n<p style=\"text-align: center; font-size: 13px; font-weight: bold; line-height: 17px; color: #eb9421;\"><a href=\"https:\/\/www.compraspublicas.gob.ec\/ProcesoContratacion\/compras\/PC\/informacionProcesoContratacion2.cpe?idSoliCompra=4b_1WsZ1ZdrDfDacpL5mA3Pl_ByhIYaVVfzkahFuo_Q,\" target=\"_blank\" rel=\"noopener\">LICO-GADPDM-2025-009<\/a><\/p>\n<p>[\/vc_column_text][\/vc_column_inner][\/vc_row_inner][vc_row_inner css=\u00bb.vc_custom_1661534696008{background-color: #dbdbdb !important;}\u00bb][vc_column_inner width=\u00bb3\/6&#8243;][vc_column_text]<\/p>\n<p style=\"font-size: 10px; line-height: 13px;\">ADQUISICI\u00d3N DE INSUMOS Y EQUIPOS PARA MEJORAMIENTO GEN\u00c9TICO BOVINO EN EL MARCO DEL PROYECTO \u201cESCUELA DE CAMPO GANADERA EN LA PROVINCIA DE MANAB\u00cd\u201d<\/p>\n<p>[\/vc_column_text][\/vc_column_inner][vc_column_inner width=\u00bb1\/6&#8243;][vc_column_text]<\/p>\n<p style=\"text-align: center; font-size: 15px; font-weight: bold; line-height: 17px;\"><span style=\"color: #000000;\">Subasta Inversa Electr\u00f3nica<\/span><\/p>\n<p>[\/vc_column_text][\/vc_column_inner][vc_column_inner width=\u00bb1\/6&#8243;][vc_column_text]<\/p>\n<p style=\"text-align: center; font-size: 15px; font-weight: bold; line-height: 17px;\"><span style=\"color: #000000;\">$ 151,458.60<\/span><\/p>\n<p>[\/vc_column_text][\/vc_column_inner][vc_column_inner width=\u00bb1\/6&#8243;][vc_column_text]<\/p>\n<p style=\"text-align: center; font-size: 13px; font-weight: bold; line-height: 17px; color: #eb9421;\"><a href=\"https:\/\/www.compraspublicas.gob.ec\/ProcesoContratacion\/compras\/PC\/informacionProcesoContratacion2.cpe?idSoliCompra=OPs-EC2VFpuYX9ndCyZsvFgbR177dCKlWhL8GKKewLU,\" target=\"_blank\" rel=\"noopener\">SIE-GADPDM-2025-041<\/a><\/p>\n<p>[\/vc_column_text][\/vc_column_inner][\/vc_row_inner][vc_row_inner][vc_column_inner width=\u00bb3\/6&#8243;][vc_column_text]<\/p>\n<p style=\"font-size: 10px; line-height: 13px;\">SERVICIO DE ANALISIS DE SUELO DE LOS PARAMETROS pH MO n P K ca Mg Fe Mn Cu Zn TEXTURA DENSIDAD APARENTE EN EL MARCO DE LOS PROGRAMAS Y PROYECTOS QUE EJECUTA LA DIRECCI\u00d3N DE FOMENTO PRODUCTIVO DEL GOBIERNO AUTONOMO DESCENTRALIZADO PROVINCIAL DE MANABI<\/p>\n<p>[\/vc_column_text][\/vc_column_inner][vc_column_inner width=\u00bb1\/6&#8243;][vc_column_text]<\/p>\n<p style=\"text-align: center; font-size: 15px; font-weight: bold; line-height: 17px;\"><span style=\"color: #000000;\">R\u00e9gimen Especial<\/span><\/p>\n<p>[\/vc_column_text][\/vc_column_inner][vc_column_inner width=\u00bb1\/6&#8243;][vc_column_text]<\/p>\n<p style=\"text-align: center; font-size: 15px; font-weight: bold; line-height: 17px;\"><span style=\"color: #000000;\">$ 118,163.63<\/span><\/p>\n<p>[\/vc_column_text][\/vc_column_inner][vc_column_inner width=\u00bb1\/6&#8243;][vc_column_text]<\/p>\n<p style=\"text-align: center; font-size: 13px; font-weight: bold; line-height: 17px; color: #eb9421;\"><a href=\"https:\/\/www.compraspublicas.gob.ec\/ProcesoContratacion\/compras\/PC\/informacionProcesoContratacion2.cpe?idSoliCompra=aPP0CgrKKC_6ZT_IHpXHp6Pl9LlLUh-lD7JElX1zPLg,\" target=\"_blank\" rel=\"noopener\">RE-CEP-GADPDM-2025-003<\/a><\/p>\n<p>[\/vc_column_text][\/vc_column_inner][\/vc_row_inner][\/vc_tta_section][vc_tta_section title=\u00bb2024&#8243; tab_id=\u00bb1776889547362-2129d6f9-a93b\u00bb][vc_text_separator title=\u00bbJULIO\u00bb color=\u00bbblack\u00bb css=\u00bb.vc_custom_1775053736955{margin-bottom: 25px !important;}\u00bb][vc_row_inner][vc_column_inner width=\u00bb3\/6&#8243;][vc_column_text css=\u00bb.vc_custom_1637007502107{padding-top: 1px !important;padding-right: 10px !important;padding-bottom: 1px !important;padding-left: 10px !important;}\u00bb]<\/p>\n<h6 style=\"text-align: center;\"><span style=\"color: #000000;\"><strong>OBJETO DEL PROCESO<\/strong><\/span><\/h6>\n<p>[\/vc_column_text][vc_column_text]<\/p>\n<p style=\"font-size: 10px; line-height: 13px;\">PRESTACI\u00d3N DE SERVICIO DE COORDINACI\u00d3N LOG\u00cdSTICA, MONTAJE Y DESMONTAJE DE EVENTOS PARA LA PROMOCI\u00d3N Y DIFUSI\u00d3N DE PRODUCTOS MANABITAS, CON VALOR AGREGADO, QUE PROMUEVE EL GOBIERNO PROVINCIAL DE MANAB\u00cd, A NIVEL LOCAL, PROVINCIAL Y NACIONAL<\/p>\n<p>[\/vc_column_text][\/vc_column_inner][vc_column_inner width=\u00bb1\/6&#8243;][vc_column_text css=\u00bb.vc_custom_1637007540269{padding-top: 1px !important;padding-right: 10px !important;padding-bottom: 1px !important;padding-left: 10px !important;}\u00bb]<\/p>\n<h6 style=\"text-align: center;\"><span style=\"color: #000000;\"><strong>TIPO DE CONTRATACI\u00d3N<\/strong><\/span><\/h6>\n<p>[\/vc_column_text][vc_column_text]<\/p>\n<p style=\"text-align: center; font-size: 15px; font-weight: bold; line-height: 17px;\"><span style=\"color: #000000;\">Cotizaci\u00f3n<\/span><\/p>\n<p>[\/vc_column_text][\/vc_column_inner][vc_column_inner width=\u00bb1\/6&#8243;][vc_column_text css=\u00bb.vc_custom_1637007559648{padding-top: 1px !important;padding-right: 10px !important;padding-bottom: 1px !important;padding-left: 10px !important;}\u00bb]<\/p>\n<h6 style=\"text-align: center;\"><span style=\"color: #000000;\"><strong>PRESUPUESTO REFERENCIAL<\/strong><\/span><\/h6>\n<p>[\/vc_column_text][vc_column_text]<\/p>\n<p style=\"text-align: center; font-size: 15px; font-weight: bold; line-height: 17px;\"><span style=\"color: #000000;\">$ 105,491.40<\/span><\/p>\n<p>[\/vc_column_text][\/vc_column_inner][vc_column_inner width=\u00bb1\/6&#8243;][vc_column_text css=\u00bb.vc_custom_1637007571690{padding-top: 1px !important;padding-right: 10px !important;padding-bottom: 1px !important;padding-left: 10px !important;}\u00bb]<\/p>\n<h6 style=\"text-align: center;\"><span style=\"color: #000000;\"><strong>C\u00d3DIGO DEL PROCESO<\/strong><\/span><\/h6>\n<p>[\/vc_column_text][vc_column_text]<\/p>\n<p style=\"text-align: center; font-size: 13px; font-weight: bold; line-height: 17px; color: #eb9421;\"><a href=\"https:\/\/www.compraspublicas.gob.ec\/ProcesoContratacion\/compras\/PC\/informacionProcesoContratacion2.cpe?idSoliCompra=C67OIfkAUUVWv3IekVM5wptNKLJ0DgdPgnNer3IQULU,\" target=\"_blank\" rel=\"noopener\">COTS-GADPDM-2024-003<\/a><\/p>\n<p>[\/vc_column_text][\/vc_column_inner][\/vc_row_inner][vc_row_inner css=\u00bb.vc_custom_1775053798443{padding-top: 15px !important;background-color: #dbdbdb !important;}\u00bb][vc_column_inner width=\u00bb3\/6&#8243;][vc_column_text]<\/p>\n<p style=\"font-size: 10px; line-height: 13px;\">SERVICIO DE IMPRESI\u00d3N PARA PROMOCIONAR Y DIFUNDIR LOS PLANES, PROGRAMAS, PROYECTOS Y ACTIVIDADES QUE REALIZA EL GOBIERNO AUT\u00d3NOMO DESCENTRALIZADO DE MANAB\u00cd A TRAV\u00c9S DE LA DIRECCI\u00d3N DE FOMENTO PRODUCTIVO A NIVEL PROVINCIAL Y NACIONAL<\/p>\n<p>[\/vc_column_text][\/vc_column_inner][vc_column_inner width=\u00bb1\/6&#8243;][vc_column_text]<\/p>\n<p style=\"text-align: center; font-size: 15px; font-weight: bold; line-height: 17px;\"><span style=\"color: #000000;\">Subasta Inversa Electr\u00f3nica<\/span><\/p>\n<p>[\/vc_column_text][\/vc_column_inner][vc_column_inner width=\u00bb1\/6&#8243;][vc_column_text]<\/p>\n<p style=\"text-align: center; font-size: 15px; font-weight: bold; line-height: 17px;\"><span style=\"color: #000000;\">$ 74,350.00<\/span><\/p>\n<p>[\/vc_column_text][\/vc_column_inner][vc_column_inner width=\u00bb1\/6&#8243;][vc_column_text]<\/p>\n<p style=\"text-align: center; font-size: 13px; font-weight: bold; line-height: 17px; color: #eb9421;\"><a href=\"https:\/\/www.compraspublicas.gob.ec\/ProcesoContratacion\/compras\/PC\/informacionProcesoContratacion2.cpe?idSoliCompra=hALbdJM6qBnWF9KtOjRX9FOlAHAdArMQZzWWcF-DOvU,\" target=\"_blank\" rel=\"noopener\">SIE-GADPDM-2024-010<\/a><\/p>\n<p>[\/vc_column_text][\/vc_column_inner][\/vc_row_inner][vc_text_separator title=\u00bbOCTUBRE\u00bb color=\u00bbblack\u00bb css=\u00bb.vc_custom_1775053819538{margin-bottom: 25px !important;}\u00bb][vc_row_inner][vc_column_inner width=\u00bb3\/6&#8243;][vc_column_text css=\u00bb.vc_custom_1637007502107{padding-top: 1px !important;padding-right: 10px !important;padding-bottom: 1px !important;padding-left: 10px !important;}\u00bb]<\/p>\n<h6 style=\"text-align: center;\"><span style=\"color: #000000;\"><strong>OBJETO DEL PROCESO<\/strong><\/span><\/h6>\n<p>[\/vc_column_text][vc_column_text]<\/p>\n<p style=\"font-size: 10px; line-height: 13px;\">ADQUISICI\u00d3N DE MATERIALES Y PRODUCTOS PUBLICITARIOS PARA PROMOCIONAR Y DIFUNDIR LOS PLANES, PROGRAMAS, PROYECTOS Y ACTIVIDADES QUE REALIZA EL GOBIERNO AUT\u00d3NOMO DESCENTRALIZADO PROVINCIAL DE MANAB\u00cd A TRAV\u00c9S DE LA DIRECCI\u00d3N DE FOMENTO PRODUCTIVO A NIVEL PROVINCIAL Y NACIONAL<\/p>\n<p>[\/vc_column_text][\/vc_column_inner][vc_column_inner width=\u00bb1\/6&#8243;][vc_column_text css=\u00bb.vc_custom_1637007540269{padding-top: 1px !important;padding-right: 10px !important;padding-bottom: 1px !important;padding-left: 10px !important;}\u00bb]<\/p>\n<h6 style=\"text-align: center;\"><span style=\"color: #000000;\"><strong>TIPO DE CONTRATACI\u00d3N<\/strong><\/span><\/h6>\n<p>[\/vc_column_text][vc_column_text]<\/p>\n<p style=\"text-align: center; font-size: 15px; font-weight: bold; line-height: 17px;\"><span style=\"color: #000000;\">Subasta inversa electr\u00f3nica<\/span><\/p>\n<p>[\/vc_column_text][\/vc_column_inner][vc_column_inner width=\u00bb1\/6&#8243;][vc_column_text css=\u00bb.vc_custom_1637007559648{padding-top: 1px !important;padding-right: 10px !important;padding-bottom: 1px !important;padding-left: 10px !important;}\u00bb]<\/p>\n<h6 style=\"text-align: center;\"><span style=\"color: #000000;\"><strong>PRESUPUESTO REFERENCIAL<\/strong><\/span><\/h6>\n<p>[\/vc_column_text][vc_column_text]<\/p>\n<p style=\"text-align: center; font-size: 15px; font-weight: bold; line-height: 17px;\"><span style=\"color: #000000;\">$ 58,249.32<\/span><\/p>\n<p>[\/vc_column_text][\/vc_column_inner][vc_column_inner width=\u00bb1\/6&#8243;][vc_column_text css=\u00bb.vc_custom_1637007571690{padding-top: 1px !important;padding-right: 10px !important;padding-bottom: 1px !important;padding-left: 10px !important;}\u00bb]<\/p>\n<h6 style=\"text-align: center;\"><span style=\"color: #000000;\"><strong>C\u00d3DIGO DEL PROCESO<\/strong><\/span><\/h6>\n<p>[\/vc_column_text][vc_column_text]<\/p>\n<p style=\"text-align: center; font-size: 13px; font-weight: bold; line-height: 17px; color: #eb9421;\"><a href=\"https:\/\/www.compraspublicas.gob.ec\/ProcesoContratacion\/compras\/PC\/informacionProcesoContratacion2.cpe?idSoliCompra=RrzLHLr9x-F6SCGM15xYpSCwh7LOjC55R0qQhSbJhOw,\" target=\"_blank\" rel=\"noopener\">SIE-GADPDM-2024-036<\/a><\/p>\n<p>[\/vc_column_text][\/vc_column_inner][\/vc_row_inner][vc_row_inner css=\u00bb.vc_custom_1775053798443{padding-top: 15px !important;background-color: #dbdbdb !important;}\u00bb][vc_column_inner width=\u00bb3\/6&#8243;][vc_column_text]<\/p>\n<p style=\"font-size: 10px; line-height: 13px;\">ADQUISICI\u00d3N DE INSUMOS, HERRAMIENTAS Y MATERIALES EN EL MARCO DE LOS PROGRAMAS Y PROYECTOS QUE EJECUTA LA DIRECCI\u00d3N DE FOMENTO PRODUCTIVO DEL GOBIERNO AUT\u00d3NOMO DESCENTRALIZADO PROVINCIAL DE MANAB\u00cd<\/p>\n<p>[\/vc_column_text][\/vc_column_inner][vc_column_inner width=\u00bb1\/6&#8243;][vc_column_text]<\/p>\n<p style=\"text-align: center; font-size: 15px; font-weight: bold; line-height: 17px;\"><span style=\"color: #000000;\">Subasta Inversa Electr\u00f3nica<\/span><\/p>\n<p>[\/vc_column_text][\/vc_column_inner][vc_column_inner width=\u00bb1\/6&#8243;][vc_column_text]<\/p>\n<p style=\"text-align: center; font-size: 15px; font-weight: bold; line-height: 17px;\"><span style=\"color: #000000;\">$ 141,387.05<\/span><\/p>\n<p>[\/vc_column_text][\/vc_column_inner][vc_column_inner width=\u00bb1\/6&#8243;][vc_column_text]<\/p>\n<p style=\"text-align: center; font-size: 13px; font-weight: bold; line-height: 17px; color: #eb9421;\"><a href=\"https:\/\/www.compraspublicas.gob.ec\/ProcesoContratacion\/compras\/PC\/informacionProcesoContratacion2.cpe?idSoliCompra=tgU_3lwZo5tkQ690EqGN0JsVVqNKk_5rgGUHg1ZCbZA,\" target=\"_blank\" rel=\"noopener\">SIE-GADPDM-2024-034<\/a><\/p>\n<p>[\/vc_column_text][\/vc_column_inner][\/vc_row_inner][vc_text_separator title=\u00bbNOVIEMBRE\u00bb color=\u00bbblack\u00bb css=\u00bb.vc_custom_1775053866250{margin-bottom: 25px !important;}\u00bb][vc_row_inner][vc_column_inner width=\u00bb3\/6&#8243;][vc_column_text css=\u00bb.vc_custom_1637007502107{padding-top: 1px !important;padding-right: 10px !important;padding-bottom: 1px !important;padding-left: 10px !important;}\u00bb]<\/p>\n<h6 style=\"text-align: center;\"><span style=\"color: #000000;\"><strong>OBJETO DEL PROCESO<\/strong><\/span><\/h6>\n<p>[\/vc_column_text][vc_column_text]<\/p>\n<p style=\"font-size: 10px; line-height: 13px;\">ADQUISICION DE FERTILIZANTE NITROGENADOS Y SEMILLAS CATEGORIA CERTIFICADA DE MAIZ Y ARROZ ENEL MARCO DEL PROYECTO FORTALECIMIENTO PRODUCTIVO DEL CANTON 24 DE MAYO EN ARMONIA CON EL AMBIENTE<\/p>\n<p>[\/vc_column_text][\/vc_column_inner][vc_column_inner width=\u00bb1\/6&#8243;][vc_column_text css=\u00bb.vc_custom_1637007540269{padding-top: 1px !important;padding-right: 10px !important;padding-bottom: 1px !important;padding-left: 10px !important;}\u00bb]<\/p>\n<h6 style=\"text-align: center;\"><span style=\"color: #000000;\"><strong>TIPO DE CONTRATACI\u00d3N<\/strong><\/span><\/h6>\n<p>[\/vc_column_text][vc_column_text]<\/p>\n<p style=\"text-align: center; font-size: 15px; font-weight: bold; line-height: 17px;\"><span style=\"color: #000000;\">Subasta inversa electr\u00f3nica<\/span><\/p>\n<p>[\/vc_column_text][\/vc_column_inner][vc_column_inner width=\u00bb1\/6&#8243;][vc_column_text css=\u00bb.vc_custom_1637007559648{padding-top: 1px !important;padding-right: 10px !important;padding-bottom: 1px !important;padding-left: 10px !important;}\u00bb]<\/p>\n<h6 style=\"text-align: center;\"><span style=\"color: #000000;\"><strong>PRESUPUESTO REFERENCIAL<\/strong><\/span><\/h6>\n<p>[\/vc_column_text][vc_column_text]<\/p>\n<p style=\"text-align: center; font-size: 15px; font-weight: bold; line-height: 17px;\"><span style=\"color: #000000;\">$ 287,096.00<\/span><\/p>\n<p>[\/vc_column_text][\/vc_column_inner][vc_column_inner width=\u00bb1\/6&#8243;][vc_column_text css=\u00bb.vc_custom_1637007571690{padding-top: 1px !important;padding-right: 10px !important;padding-bottom: 1px !important;padding-left: 10px !important;}\u00bb]<\/p>\n<h6 style=\"text-align: center;\"><span style=\"color: #000000;\"><strong>C\u00d3DIGO DEL PROCESO<\/strong><\/span><\/h6>\n<p>[\/vc_column_text][vc_column_text]<\/p>\n<p style=\"text-align: center; font-size: 13px; font-weight: bold; line-height: 17px; color: #eb9421;\"><a href=\"https:\/\/www.compraspublicas.gob.ec\/ProcesoContratacion\/compras\/PC\/informacionProcesoContratacion2.cpe?idSoliCompra=xpRKAyshi7QVUR3A_l-Q1w3N8Rq8BIyo_JamVlAyfrg,\" target=\"_blank\" rel=\"noopener\">SIE-GADPDM-2024-045<\/a><\/p>\n<p>[\/vc_column_text][\/vc_column_inner][\/vc_row_inner][vc_text_separator title=\u00bbDICIEMBRE\u00bb color=\u00bbblack\u00bb css=\u00bb.vc_custom_1775053921738{margin-bottom: 25px !important;}\u00bb][vc_row_inner css=\u00bb.vc_custom_1661534696008{background-color: #dbdbdb !important;}\u00bb][vc_column_inner width=\u00bb3\/6&#8243;][vc_column_text css=\u00bb.vc_custom_1637007502107{padding-top: 1px !important;padding-right: 10px !important;padding-bottom: 1px !important;padding-left: 10px !important;}\u00bb]<\/p>\n<h6 style=\"text-align: center;\"><span style=\"color: #000000;\"><strong>OBJETO DEL PROCESO<\/strong><\/span><\/h6>\n<p>[\/vc_column_text][vc_column_text]<\/p>\n<p style=\"font-size: 10px; line-height: 13px;\">SERVICIO DE AN\u00c1LISIS QU\u00cdMICO DE SUELO DE LOS PAR\u00c1METROS:POTENCIAL DE HIDROGENO PH, MATERIA ORG\u00c1NICA MO,NITR\u00d3GENO TOTAL NT, F\u00d3SFORO P, POTASIO K, CALCIO CA,MAGNESIO MG, HIERRO FE, MANGANESO MN, COBRE CU, ZINCZN EN EL MARCO DE LOS PROGRAMAS Y PROYECTOS QUE EJECUTALA DIRECCI\u00d3N DE FOMENTO PRODUCTIVO DEL GOBIERNO AUT\u00d3NOMODESCENTRALIZADO PROVINCIAL DE MANAB\u00cd?<\/p>\n<p>[\/vc_column_text][\/vc_column_inner][vc_column_inner width=\u00bb1\/6&#8243;][vc_column_text css=\u00bb.vc_custom_1637007540269{padding-top: 1px !important;padding-right: 10px !important;padding-bottom: 1px !important;padding-left: 10px !important;}\u00bb]<\/p>\n<h6 style=\"text-align: center;\"><span style=\"color: #000000;\"><strong>TIPO DE CONTRATACI\u00d3N<\/strong><\/span><\/h6>\n<p>[\/vc_column_text][vc_column_text]<\/p>\n<p style=\"text-align: center; font-size: 15px; font-weight: bold; line-height: 17px;\"><span style=\"color: #000000;\">R\u00e9gimen Especial<\/span><\/p>\n<p>[\/vc_column_text][\/vc_column_inner][vc_column_inner width=\u00bb1\/6&#8243;][vc_column_text css=\u00bb.vc_custom_1637007559648{padding-top: 1px !important;padding-right: 10px !important;padding-bottom: 1px !important;padding-left: 10px !important;}\u00bb]<\/p>\n<h6 style=\"text-align: center;\"><span style=\"color: #000000;\"><strong>PRESUPUESTO REFERENCIAL<\/strong><\/span><\/h6>\n<p>[\/vc_column_text][vc_column_text]<\/p>\n<p style=\"text-align: center; font-size: 15px; font-weight: bold; line-height: 17px;\"><span style=\"color: #000000;\">$ 27,788.75<\/span><\/p>\n<p>[\/vc_column_text][\/vc_column_inner][vc_column_inner width=\u00bb1\/6&#8243;][vc_column_text css=\u00bb.vc_custom_1637007571690{padding-top: 1px !important;padding-right: 10px !important;padding-bottom: 1px !important;padding-left: 10px !important;}\u00bb]<\/p>\n<h6 style=\"text-align: center;\"><span style=\"color: #000000;\"><strong>C\u00d3DIGO DEL PROCESO<\/strong><\/span><\/h6>\n<p>[\/vc_column_text][vc_column_text]<\/p>\n<p style=\"text-align: center; font-size: 13px; font-weight: bold; line-height: 17px; color: #eb9421;\"><a href=\"https:\/\/www.compraspublicas.gob.ec\/ProcesoContratacion\/compras\/PC\/informacionProcesoContratacion2.cpe?idSoliCompra=pSHamQ8lMV6eriT4GP7n6soWUyEwFJWxj8YKb1q3MHY,\" target=\"_blank\" rel=\"noopener\">RE-CEP-GADPDM-2024-003<\/a><\/p>\n<p>[\/vc_column_text][\/vc_column_inner][\/vc_row_inner][\/vc_tta_section][vc_tta_section title=\u00bb2023&#8243; tab_id=\u00bb1634321355791-64b4826a-a240&#8243;][vc_text_separator title=\u00bbMAYO\u00bb color=\u00bbblack\u00bb css=\u00bb.vc_custom_1686664094130{margin-bottom: 25px !important;}\u00bb][vc_row_inner css=\u00bb.vc_custom_1661534696008{background-color: #dbdbdb !important;}\u00bb][vc_column_inner width=\u00bb3\/6&#8243;][vc_column_text css=\u00bb.vc_custom_1637007502107{padding-top: 1px !important;padding-right: 10px !important;padding-bottom: 1px !important;padding-left: 10px !important;}\u00bb]<\/p>\n<h6 style=\"text-align: center;\"><span style=\"color: #000000;\"><strong>OBJETO DEL PROCESO<\/strong><\/span><\/h6>\n<p>[\/vc_column_text][vc_column_text]<\/p>\n<p style=\"font-size: 10px; line-height: 13px;\">CONSULTOR\u00cdA DE SERVICIOS ESPECIALIZADOS EN LA FORMACI\u00d3N E INVESTIGACI\u00d3N PARA IDENTIFICAR NUEVOS PRODUCTOS OBTENIDOS A PARTIR DE LA TRANSFORMACI\u00d3N DE PRODUCTOS DE LA PESCA ARTESANAL, EN EL MARCO DEL PROYECTO \u201cINNOVACI\u00d3N Y SOSTENIBILIDAD EN EL SECTOR DE LA PESCA ARTESANAL EN MANAB\u00cd (I.SO.S.P.A.M)\u201c<\/p>\n<p>[\/vc_column_text][\/vc_column_inner][vc_column_inner width=\u00bb1\/6&#8243;][vc_column_text css=\u00bb.vc_custom_1637007540269{padding-top: 1px !important;padding-right: 10px !important;padding-bottom: 1px !important;padding-left: 10px !important;}\u00bb]<\/p>\n<h6 style=\"text-align: center;\"><span style=\"color: #000000;\"><strong>TIPO DE CONTRATACI\u00d3N<\/strong><\/span><\/h6>\n<p>[\/vc_column_text][vc_column_text]<\/p>\n<p style=\"text-align: center; font-size: 15px; font-weight: bold; line-height: 17px;\"><span style=\"color: #000000;\">Contrataci\u00f3n Directa<\/span><\/p>\n<p>[\/vc_column_text][\/vc_column_inner][vc_column_inner width=\u00bb1\/6&#8243;][vc_column_text css=\u00bb.vc_custom_1637007559648{padding-top: 1px !important;padding-right: 10px !important;padding-bottom: 1px !important;padding-left: 10px !important;}\u00bb]<\/p>\n<h6 style=\"text-align: center;\"><span style=\"color: #000000;\"><strong>PRESUPUESTO REFERENCIAL<\/strong><\/span><\/h6>\n<p>[\/vc_column_text][vc_column_text]<\/p>\n<p style=\"text-align: center; font-size: 15px; font-weight: bold; line-height: 17px;\"><span style=\"color: #000000;\">$ 39,650.00<br \/>\n<\/span><\/p>\n<p>[\/vc_column_text][\/vc_column_inner][vc_column_inner width=\u00bb1\/6&#8243;][vc_column_text css=\u00bb.vc_custom_1637007571690{padding-top: 1px !important;padding-right: 10px !important;padding-bottom: 1px !important;padding-left: 10px !important;}\u00bb]<\/p>\n<h6 style=\"text-align: center;\"><span style=\"color: #000000;\"><strong>C\u00d3DIGO DEL PROCESO<\/strong><\/span><\/h6>\n<p>[\/vc_column_text][vc_column_text]<\/p>\n<p style=\"text-align: center; font-size: 13px; font-weight: bold; line-height: 17px; color: #eb9421;\"><a href=\"https:\/\/www.compraspublicas.gob.ec\/ProcesoContratacion\/compras\/PC\/informacionProcesoContratacion2.cpe?idSoliCompra=BSTLXy8kYgcvG0IDs2P09q38DW_uXCkmrvmjA12SYWU,\" target=\"_blank\" rel=\"noopener\">CDC-GPM-003-2023<\/a><\/p>\n<p>[\/vc_column_text][\/vc_column_inner][\/vc_row_inner][vc_text_separator title=\u00bbJULIO\u00bb color=\u00bbblack\u00bb css=\u00bb.vc_custom_1774541368608{margin-bottom: 25px !important;}\u00bb][vc_row_inner css=\u00bb.vc_custom_1661534696008{background-color: #dbdbdb !important;}\u00bb][vc_column_inner width=\u00bb3\/6&#8243;][vc_column_text css=\u00bb.vc_custom_1637007502107{padding-top: 1px !important;padding-right: 10px !important;padding-bottom: 1px !important;padding-left: 10px !important;}\u00bb]<\/p>\n<h6 style=\"text-align: center;\"><span style=\"color: #000000;\"><strong>OBJETO DEL PROCESO<\/strong><\/span><\/h6>\n<p>[\/vc_column_text][vc_column_text]<\/p>\n<p style=\"font-size: 10px; line-height: 13px;\">CONSTRUCCI\u00d3N DE INFRAESTRUCTURAS PRODUCTIVAS PARAEL ACOPIO DE MATERIA PRIMA DE CAF\u00c9 Y MAN\u00cd EN LAASOCIACI\u00d3N ARTESANAL DE PRODUCTORES DE CAF\u00c9 Y MAN\u00cdDE MANAB\u00cd ASOPROCAM UBICADA EN EL SITIO ELROSARIO, PARROQUIA CAMPOZANO DEL CANTON PAJ\u00c1N<\/p>\n<p>[\/vc_column_text][\/vc_column_inner][vc_column_inner width=\u00bb1\/6&#8243;][vc_column_text css=\u00bb.vc_custom_1637007540269{padding-top: 1px !important;padding-right: 10px !important;padding-bottom: 1px !important;padding-left: 10px !important;}\u00bb]<\/p>\n<h6 style=\"text-align: center;\"><span style=\"color: #000000;\"><strong>TIPO DE CONTRATACI\u00d3N<\/strong><\/span><\/h6>\n<p>[\/vc_column_text][vc_column_text]<\/p>\n<p style=\"text-align: center; font-size: 15px; font-weight: bold; line-height: 17px;\"><span style=\"color: #000000;\">Menor Cuant\u00eda<\/span><\/p>\n<p>[\/vc_column_text][\/vc_column_inner][vc_column_inner width=\u00bb1\/6&#8243;][vc_column_text css=\u00bb.vc_custom_1637007559648{padding-top: 1px !important;padding-right: 10px !important;padding-bottom: 1px !important;padding-left: 10px !important;}\u00bb]<\/p>\n<h6 style=\"text-align: center;\"><span style=\"color: #000000;\"><strong>PRESUPUESTO REFERENCIAL<\/strong><\/span><\/h6>\n<p>[\/vc_column_text][vc_column_text]<\/p>\n<p style=\"text-align: center; font-size: 15px; font-weight: bold; line-height: 17px;\"><span style=\"color: #000000;\">$ 109,051.87<\/span><\/p>\n<p>[\/vc_column_text][\/vc_column_inner][vc_column_inner width=\u00bb1\/6&#8243;][vc_column_text css=\u00bb.vc_custom_1637007571690{padding-top: 1px !important;padding-right: 10px !important;padding-bottom: 1px !important;padding-left: 10px !important;}\u00bb]<\/p>\n<h6 style=\"text-align: center;\"><span style=\"color: #000000;\"><strong>C\u00d3DIGO DEL PROCESO<\/strong><\/span><\/h6>\n<p>[\/vc_column_text][vc_column_text]<\/p>\n<p style=\"text-align: center;\"><a href=\"https:\/\/www.compraspublicas.gob.ec\/ProcesoContratacion\/compras\/PC\/informacionProcesoContratacion2.cpe?idSoliCompra=-K_8NxhXlDk9bE-VsJUM9e0VSR5qPlUB7Zknwq_inw0,\">MCO-GPM-001-2023<\/a><\/p>\n<p>[\/vc_column_text][\/vc_column_inner][\/vc_row_inner][\/vc_tta_section][vc_tta_section title=\u00bb2022&#8243; tab_id=\u00bb1775053648139-e95bb7f1-a4c0&#8243;][vc_text_separator title=\u00bbMARZO\u00bb color=\u00bbblack\u00bb css=\u00bb.vc_custom_1634742093506{margin-bottom: 25px !important;}\u00bb][vc_row_inner][vc_column_inner width=\u00bb3\/6&#8243;][vc_column_text css=\u00bb.vc_custom_1637007502107{padding-top: 1px !important;padding-right: 10px !important;padding-bottom: 1px !important;padding-left: 10px !important;}\u00bb]<\/p>\n<h6 style=\"text-align: center;\"><span style=\"color: #000000;\"><strong>OBJETO DEL PROCESO<\/strong><\/span><\/h6>\n<p>[\/vc_column_text][vc_column_text]<\/p>\n<p style=\"font-size: 10px; line-height: 13px;\">SERVICIO DE CONSULTOR\u00cdA PARA LA OBTENCI\u00d3N DE SELLOS ORG\u00c1NICOS SOCIALES Y SOSTENIBLES, PARA 22 ORGANIZACIONES PRODUCTORAS DE CACAO NACIONAL FINO DE AROMA, EN EL MARCO DEL PROYECTO \u201cCACAO MANAB\u00cd, AROMA Y SABOR ANCESTRAL\u201d, EN LOS CANTONES: CHONE, EL CARMEN, JUN\u00cdN, BOL\u00cdVAR, FLAVIO ALFARO, SUCRE, PICHINCHA, Y PORTOVIEJO, DE LA PROVINCIA DE MANAB\u00cd.<\/p>\n<p>[\/vc_column_text][\/vc_column_inner][vc_column_inner width=\u00bb1\/6&#8243;][vc_column_text css=\u00bb.vc_custom_1637007540269{padding-top: 1px !important;padding-right: 10px !important;padding-bottom: 1px !important;padding-left: 10px !important;}\u00bb]<\/p>\n<h6 style=\"text-align: center;\"><span style=\"color: #000000;\"><strong>TIPO DE CONTRATACI\u00d3N<\/strong><\/span><\/h6>\n<p>[\/vc_column_text][vc_column_text]<\/p>\n<p style=\"text-align: center; font-size: 15px; font-weight: bold; line-height: 17px;\"><span style=\"color: #000000;\">Lista Corta<\/span><\/p>\n<p>[\/vc_column_text][\/vc_column_inner][vc_column_inner width=\u00bb1\/6&#8243;][vc_column_text css=\u00bb.vc_custom_1637007559648{padding-top: 1px !important;padding-right: 10px !important;padding-bottom: 1px !important;padding-left: 10px !important;}\u00bb]<\/p>\n<h6 style=\"text-align: center;\"><span style=\"color: #000000;\"><strong>PRESUPUESTO REFERENCIAL<\/strong><\/span><\/h6>\n<p>[\/vc_column_text][vc_column_text]<\/p>\n<p style=\"text-align: center; font-size: 15px; font-weight: bold; line-height: 17px;\"><span style=\"color: #000000;\">$ 98,287.00<\/span><\/p>\n<p>[\/vc_column_text][\/vc_column_inner][vc_column_inner width=\u00bb1\/6&#8243;][vc_column_text css=\u00bb.vc_custom_1637007571690{padding-top: 1px !important;padding-right: 10px !important;padding-bottom: 1px !important;padding-left: 10px !important;}\u00bb]<\/p>\n<h6 style=\"text-align: center;\"><span style=\"color: #000000;\"><strong>C\u00d3DIGO DEL PROCESO<\/strong><\/span><\/h6>\n<p>[\/vc_column_text][vc_column_text]<\/p>\n<p style=\"text-align: center; font-size: 13px; font-weight: bold; line-height: 17px; color: #eb9421;\"><a href=\"https:\/\/www.compraspublicas.gob.ec\/ProcesoContratacion\/compras\/PC\/informacionProcesoContratacion2.cpe?idSoliCompra=85JHQQasxkFYnGLcKXNQ2pY0zZeb6aXLoYCg60RBQOg,\" target=\"_blank\" rel=\"noopener\">LCC-GPM-005-2022<\/a><\/p>\n<p>[\/vc_column_text][\/vc_column_inner][\/vc_row_inner][vc_text_separator title=\u00bbJULIO\u00bb color=\u00bbblack\u00bb css=\u00bb.vc_custom_1660067590735{margin-bottom: 25px !important;}\u00bb][vc_row_inner css=\u00bb.vc_custom_1661534696008{background-color: #dbdbdb !important;}\u00bb][vc_column_inner width=\u00bb3\/6&#8243;][vc_column_text css=\u00bb.vc_custom_1637007502107{padding-top: 1px !important;padding-right: 10px !important;padding-bottom: 1px !important;padding-left: 10px !important;}\u00bb]<\/p>\n<h6 style=\"text-align: center;\"><span style=\"color: #000000;\"><strong>OBJETO DEL PROCESO<\/strong><\/span><\/h6>\n<p>[\/vc_column_text][vc_column_text]<\/p>\n<p style=\"font-size: 10px; line-height: 13px;\">ADECUACI\u00d3N Y AMPLIACI\u00d3N DEL CENTRO DE ACOPIO DE PESCA ARTESANAL CANOA, PARA EL FORTALECIMIENTO DE LA ASOCIACI\u00d3N DE PESCADORES ARTESANALES Y AFINES CANOA (ASOPECANO) Y LA COOPERATIVA DE PRODUCCI\u00d3N PESQUERA ARTESANAL PUERTO CANOA (COOPEARPUCA), UBICADA EN LA PARROQUIA CANOA, DEL CANT\u00d3N SAN VICENTE.<\/p>\n<p>[\/vc_column_text][\/vc_column_inner][vc_column_inner width=\u00bb1\/6&#8243;][vc_column_text css=\u00bb.vc_custom_1637007540269{padding-top: 1px !important;padding-right: 10px !important;padding-bottom: 1px !important;padding-left: 10px !important;}\u00bb]<\/p>\n<h6 style=\"text-align: center;\"><span style=\"color: #000000;\"><strong>TIPO DE CONTRATACI\u00d3N<\/strong><\/span><\/h6>\n<p>[\/vc_column_text][vc_column_text]<\/p>\n<p style=\"text-align: center; font-size: 15px; font-weight: bold; line-height: 17px;\"><span style=\"color: #000000;\">Menor Cuant\u00eda<\/span><\/p>\n<p>[\/vc_column_text][\/vc_column_inner][vc_column_inner width=\u00bb1\/6&#8243;][vc_column_text css=\u00bb.vc_custom_1637007559648{padding-top: 1px !important;padding-right: 10px !important;padding-bottom: 1px !important;padding-left: 10px !important;}\u00bb]<\/p>\n<h6 style=\"text-align: center;\"><span style=\"color: #000000;\"><strong>PRESUPUESTO REFERENCIAL<\/strong><\/span><\/h6>\n<p>[\/vc_column_text][vc_column_text]<\/p>\n<p style=\"text-align: center; font-size: 15px; font-weight: bold; line-height: 17px;\"><span style=\"color: #000000;\">$ 55,391.59<\/span><\/p>\n<p>[\/vc_column_text][\/vc_column_inner][vc_column_inner width=\u00bb1\/6&#8243;][vc_column_text css=\u00bb.vc_custom_1637007571690{padding-top: 1px !important;padding-right: 10px !important;padding-bottom: 1px !important;padding-left: 10px !important;}\u00bb]<\/p>\n<h6 style=\"text-align: center;\"><span style=\"color: #000000;\"><strong>C\u00d3DIGO DEL PROCESO<\/strong><\/span><\/h6>\n<p>[\/vc_column_text][vc_column_text]<\/p>\n<p style=\"text-align: center; font-size: 13px; font-weight: bold; line-height: 17px; color: #eb9421;\"><a href=\"https:\/\/www.compraspublicas.gob.ec\/ProcesoContratacion\/compras\/PC\/informacionProcesoContratacion2.cpe?idSoliCompra=lKuGc1XcBrVCqS6RSqsFosnI4SYKl7oHEmIVg25BaLE,\" target=\"_blank\" rel=\"noopener\">MCO-GPM-016-2022<\/a><\/p>\n<p>[\/vc_column_text][\/vc_column_inner][\/vc_row_inner][vc_text_separator title=\u00bbNOVIEMBRE\u00bb color=\u00bbblack\u00bb css=\u00bb.vc_custom_1682692744759{margin-bottom: 25px !important;}\u00bb][vc_row_inner][vc_column_inner width=\u00bb3\/6&#8243;][vc_column_text css=\u00bb.vc_custom_1637007502107{padding-top: 1px !important;padding-right: 10px !important;padding-bottom: 1px !important;padding-left: 10px !important;}\u00bb]<\/p>\n<h6 style=\"text-align: center;\"><span style=\"color: #000000;\"><strong>OBJETO DEL PROCESO<\/strong><\/span><\/h6>\n<p>[\/vc_column_text][vc_column_text]<\/p>\n<p style=\"font-size: 10px; line-height: 13px;\">ADQUISICI\u00d3N DE MATERIAL DE IMPRESI\u00d3N, REPRODUCCI\u00d3N Y PUBLICITARIO PARA PROMOCIONAR Y DIFUNDIR LOS PLANES, PROGRAMAS, PROYECTOS Y ACTIVIDADES QUE REALIZA LA PREFECTURA DE MANAB\u00cd A TRAV\u00c9S DE LA DIRECCI\u00d3N DE FOMENTO PRODUCTIVO A NIVEL PROVINCIAL Y NACIONAL<\/p>\n<p>[\/vc_column_text][\/vc_column_inner][vc_column_inner width=\u00bb1\/6&#8243;][vc_column_text css=\u00bb.vc_custom_1637007540269{padding-top: 1px !important;padding-right: 10px !important;padding-bottom: 1px !important;padding-left: 10px !important;}\u00bb]<\/p>\n<h6 style=\"text-align: center;\"><span style=\"color: #000000;\"><strong>TIPO DE CONTRATACI\u00d3N<\/strong><\/span><\/h6>\n<p>[\/vc_column_text][vc_column_text]<\/p>\n<p style=\"text-align: center; font-size: 15px; font-weight: bold; line-height: 17px;\"><span style=\"color: #000000;\">Subasta inversa electr\u00f3nica<\/span><\/p>\n<p>[\/vc_column_text][\/vc_column_inner][vc_column_inner width=\u00bb1\/6&#8243;][vc_column_text css=\u00bb.vc_custom_1637007559648{padding-top: 1px !important;padding-right: 10px !important;padding-bottom: 1px !important;padding-left: 10px !important;}\u00bb]<\/p>\n<h6 style=\"text-align: center;\"><span style=\"color: #000000;\"><strong>PRESUPUESTO REFERENCIAL<\/strong><\/span><\/h6>\n<p>[\/vc_column_text][vc_column_text]<\/p>\n<p style=\"text-align: center; font-size: 15px; font-weight: bold; line-height: 17px;\"><span style=\"color: #000000;\">$ 227,414.53<\/span><\/p>\n<p>[\/vc_column_text][\/vc_column_inner][vc_column_inner width=\u00bb1\/6&#8243;][vc_column_text css=\u00bb.vc_custom_1637007571690{padding-top: 1px !important;padding-right: 10px !important;padding-bottom: 1px !important;padding-left: 10px !important;}\u00bb]<\/p>\n<h6 style=\"text-align: center;\"><span style=\"color: #000000;\"><strong>C\u00d3DIGO DEL PROCESO<\/strong><\/span><\/h6>\n<p>[\/vc_column_text][vc_column_text]<\/p>\n<p style=\"text-align: center; font-size: 13px; font-weight: bold; line-height: 17px; color: #eb9421;\"><a href=\"https:\/\/www.compraspublicas.gob.ec\/ProcesoContratacion\/compras\/PC\/informacionProcesoContratacion2.cpe?idSoliCompra=1DcuXyGug1SJH4Y3HBh7PMfd6H-UdXZn6mAZPbNolE4,\" target=\"_blank\" rel=\"noopener\">SIE-GPM-099-2022<\/a><\/p>\n<p>[\/vc_column_text][\/vc_column_inner][\/vc_row_inner][vc_text_separator title=\u00bbDICIEMBRE\u00bb color=\u00bbblack\u00bb css=\u00bb.vc_custom_1682699687259{margin-bottom: 25px !important;}\u00bb][vc_row_inner css=\u00bb.vc_custom_1661534696008{background-color: #dbdbdb !important;}\u00bb][vc_column_inner width=\u00bb3\/6&#8243;][vc_column_text css=\u00bb.vc_custom_1637007502107{padding-top: 1px !important;padding-right: 10px !important;padding-bottom: 1px !important;padding-left: 10px !important;}\u00bb]<\/p>\n<h6 style=\"text-align: center;\"><span style=\"color: #000000;\"><strong>OBJETO DEL PROCESO<\/strong><\/span><\/h6>\n<p>[\/vc_column_text][vc_column_text]<\/p>\n<p style=\"font-size: 10px; line-height: 13px;\">PRESTACI\u00d3N DE SERVICIO DE COORDINACI\u00d3N LOG\u00cdSTICA, MONTAJE Y DESMONTAJE PARA LA PROMOCI\u00d3N Y DIFUSI\u00d3N DE PRODUCTOS MANABITAS, CON VALOR AGREGADO, QUE PROMUEVE EL GOBIERNO PROVINCIAL DE MANAB\u00cd, A NIVEL LOCAL, PROVINCIAL Y NACIONAL<\/p>\n<p>[\/vc_column_text][\/vc_column_inner][vc_column_inner width=\u00bb1\/6&#8243;][vc_column_text css=\u00bb.vc_custom_1637007540269{padding-top: 1px !important;padding-right: 10px !important;padding-bottom: 1px !important;padding-left: 10px !important;}\u00bb]<\/p>\n<h6 style=\"text-align: center;\"><span style=\"color: #000000;\"><strong>TIPO DE CONTRATACI\u00d3N<\/strong><\/span><\/h6>\n<p>[\/vc_column_text][vc_column_text]<\/p>\n<p style=\"text-align: center; font-size: 15px; font-weight: bold; line-height: 17px;\"><span style=\"color: #000000;\">Cotizaci\u00f3n<\/span><\/p>\n<p>[\/vc_column_text][\/vc_column_inner][vc_column_inner width=\u00bb1\/6&#8243;][vc_column_text css=\u00bb.vc_custom_1637007559648{padding-top: 1px !important;padding-right: 10px !important;padding-bottom: 1px !important;padding-left: 10px !important;}\u00bb]<\/p>\n<h6 style=\"text-align: center;\"><span style=\"color: #000000;\"><strong>PRESUPUESTO REFERENCIAL<\/strong><\/span><\/h6>\n<p>[\/vc_column_text][vc_column_text]<\/p>\n<p style=\"text-align: center; font-size: 15px; font-weight: bold; line-height: 17px;\"><span style=\"color: #000000;\">$ 507,200.00<\/span><\/p>\n<p>[\/vc_column_text][\/vc_column_inner][vc_column_inner width=\u00bb1\/6&#8243;][vc_column_text css=\u00bb.vc_custom_1637007571690{padding-top: 1px !important;padding-right: 10px !important;padding-bottom: 1px !important;padding-left: 10px !important;}\u00bb]<\/p>\n<h6 style=\"text-align: center;\"><span style=\"color: #000000;\"><strong>C\u00d3DIGO DEL PROCESO<\/strong><\/span><\/h6>\n<p>[\/vc_column_text][vc_column_text]<\/p>\n<p style=\"text-align: center; font-size: 13px; font-weight: bold; line-height: 17px; color: #eb9421;\"><a href=\"https:\/\/www.compraspublicas.gob.ec\/ProcesoContratacion\/compras\/PC\/informacionProcesoContratacion2.cpe?idSoliCompra=Y4hPd3z8TwAFN1X7_oSis0sLAfYRGgAiU6q-prW_WsA,\" target=\"_blank\" rel=\"noopener\">COTS-GPM-012-2022<\/a><\/p>\n<p>[\/vc_column_text][\/vc_column_inner][\/vc_row_inner][\/vc_tta_section][vc_tta_section title=\u00bb2021&#8243; tab_id=\u00bb1649253019952-f89d4d06-565e\u00bb][vc_text_separator title=\u00bbMARZO\u00bb color=\u00bbblack\u00bb css=\u00bb.vc_custom_1634742093506{margin-bottom: 25px !important;}\u00bb][vc_row_inner][vc_column_inner width=\u00bb3\/6&#8243;][vc_column_text css=\u00bb.vc_custom_1637007502107{padding-top: 1px !important;padding-right: 10px !important;padding-bottom: 1px !important;padding-left: 10px !important;}\u00bb]<\/p>\n<h6 style=\"text-align: center;\"><span style=\"color: #000000;\"><strong>OBJETO DEL PROCESO<\/strong><\/span><\/h6>\n<p>[\/vc_column_text][vc_column_text]<\/p>\n<p style=\"font-size: 10px; line-height: 13px;\">CONSULTOR\u00cdA PARA LA IMPLEMENTACI\u00d3N DE UN NUEVO MODELO DE SERVICIOS PARA LA MEJORA COMPETITIVA DE LAS ASOCIACIONES DE PRODUCTORES AGROPECUARIOS<\/p>\n<p>[\/vc_column_text][\/vc_column_inner][vc_column_inner width=\u00bb1\/6&#8243;][vc_column_text css=\u00bb.vc_custom_1637007540269{padding-top: 1px !important;padding-right: 10px !important;padding-bottom: 1px !important;padding-left: 10px !important;}\u00bb]<\/p>\n<h6 style=\"text-align: center;\"><span style=\"color: #000000;\"><strong>TIPO DE CONTRATACI\u00d3N<\/strong><\/span><\/h6>\n<p>[\/vc_column_text][vc_column_text]<\/p>\n<p style=\"text-align: center; font-size: 15px; font-weight: bold; line-height: 17px;\"><span style=\"color: #000000;\">Lista Corta<\/span><\/p>\n<p>[\/vc_column_text][\/vc_column_inner][vc_column_inner width=\u00bb1\/6&#8243;][vc_column_text css=\u00bb.vc_custom_1637007559648{padding-top: 1px !important;padding-right: 10px !important;padding-bottom: 1px !important;padding-left: 10px !important;}\u00bb]<\/p>\n<h6 style=\"text-align: center;\"><span style=\"color: #000000;\"><strong>PRESUPUESTO REFERENCIAL<\/strong><\/span><\/h6>\n<p>[\/vc_column_text][vc_column_text]<\/p>\n<p style=\"text-align: center; font-size: 15px; font-weight: bold; line-height: 17px;\"><span style=\"color: #000000;\">$ 210,000.00<\/span><\/p>\n<p>[\/vc_column_text][\/vc_column_inner][vc_column_inner width=\u00bb1\/6&#8243;][vc_column_text css=\u00bb.vc_custom_1637007571690{padding-top: 1px !important;padding-right: 10px !important;padding-bottom: 1px !important;padding-left: 10px !important;}\u00bb]<\/p>\n<h6 style=\"text-align: center;\"><span style=\"color: #000000;\"><strong>C\u00d3DIGO DEL PROCESO<\/strong><\/span><\/h6>\n<p>[\/vc_column_text][vc_column_text]<\/p>\n<p style=\"text-align: center; font-size: 13px; font-weight: bold; line-height: 17px; color: #eb9421;\"><a href=\"https:\/\/www.compraspublicas.gob.ec\/ProcesoContratacion\/compras\/PC\/informacionProcesoContratacion2.cpe?idSoliCompra=epFkSyovAqR-GqUdIZ7H5QksXNWVCKeX956TYWtNIBk,\" target=\"_blank\" rel=\"noopener\">LCC-GPM-001-2021<\/a><\/p>\n<p>[\/vc_column_text][\/vc_column_inner][\/vc_row_inner][vc_text_separator title=\u00bbJUNIO\u00bb color=\u00bbblack\u00bb css=\u00bb.vc_custom_1634742109250{margin-top: 50px !important;margin-bottom: 15px !important;}\u00bb][vc_row_inner css=\u00bb.vc_custom_1634330847303{padding-top: 20px !important;padding-right: 0px !important;padding-left: 0px !important;background-color: #dbdbdb !important;}\u00bb][vc_column_inner width=\u00bb3\/6&#8243;][vc_column_text css=\u00bb.vc_custom_1637007502107{padding-top: 1px !important;padding-right: 10px !important;padding-bottom: 1px !important;padding-left: 10px !important;}\u00bb]<\/p>\n<h6 style=\"text-align: center;\"><span style=\"color: #000000;\"><strong>OBJETO DEL PROCESO<\/strong><\/span><\/h6>\n<p>[\/vc_column_text][vc_column_text css=\u00bb.vc_custom_1634843218288{margin-bottom: 10px !important;}\u00bb]<\/p>\n<p style=\"font-size: 10px; line-height: 13px;\">CONSULTORIA PARA LA ELABORACI\u00d3N DEL ESTUDIO RUTA PARA LOGRAR LA COMPETITIVIDAD DEL SECTOR ATUNERO INDUSTRIAL<\/p>\n<p>[\/vc_column_text][\/vc_column_inner][vc_column_inner width=\u00bb1\/6&#8243;][vc_column_text css=\u00bb.vc_custom_1637007540269{padding-top: 1px !important;padding-right: 10px !important;padding-bottom: 1px !important;padding-left: 10px !important;}\u00bb]<\/p>\n<h6 style=\"text-align: center;\"><span style=\"color: #000000;\"><strong>TIPO DE CONTRATACI\u00d3N<\/strong><\/span><\/h6>\n<p>[\/vc_column_text][vc_column_text]<\/p>\n<p style=\"text-align: center; font-size: 15px; font-weight: bold; line-height: 17px;\">\u00a0<span style=\"color: #000000;\">Lista corta<\/span><\/p>\n<p>[\/vc_column_text][\/vc_column_inner][vc_column_inner width=\u00bb1\/6&#8243;][vc_column_text css=\u00bb.vc_custom_1637007559648{padding-top: 1px !important;padding-right: 10px !important;padding-bottom: 1px !important;padding-left: 10px !important;}\u00bb]<\/p>\n<h6 style=\"text-align: center;\"><span style=\"color: #000000;\"><strong>PRESUPUESTO REFERENCIAL<\/strong><\/span><\/h6>\n<p>[\/vc_column_text][vc_column_text]<\/p>\n<p style=\"text-align: center; font-size: 15px; font-weight: bold; line-height: 17px;\"><span style=\"color: #000000;\">$ 70,000.00<\/span><\/p>\n<p>[\/vc_column_text][\/vc_column_inner][vc_column_inner width=\u00bb1\/6&#8243;][vc_column_text css=\u00bb.vc_custom_1637007571690{padding-top: 1px !important;padding-right: 10px !important;padding-bottom: 1px !important;padding-left: 10px !important;}\u00bb]<\/p>\n<h6 style=\"text-align: center;\"><span style=\"color: #000000;\"><strong>C\u00d3DIGO DEL PROCESO<\/strong><\/span><\/h6>\n<p>[\/vc_column_text][vc_column_text]<\/p>\n<p style=\"text-align: center; font-size: 13px; font-weight: bold; line-height: 17px; color: #eb9421;\"><a href=\"https:\/\/www.compraspublicas.gob.ec\/ProcesoContratacion\/compras\/PC\/informacionProcesoContratacion2.cpe?idSoliCompra=ttoIJ_nmatdUuBGoizE_v2QVvI4ALPC-fcxWcOVB07U,\" target=\"_blank\" rel=\"noopener\">LCC-GPM-007-2021<\/a><\/p>\n<p>[\/vc_column_text][\/vc_column_inner][\/vc_row_inner][vc_row_inner][vc_column_inner width=\u00bb3\/6&#8243;][vc_column_text]<\/p>\n<p style=\"font-size: 10px; line-height: 13px;\">IMPLEMENTACI\u00d3N DE UN NEGOCIO DIGITAL CORPORATIVO (ECOMMERCE) EN LA PROVINCIA DE MANAB\u00cd<\/p>\n<p>[\/vc_column_text][\/vc_column_inner][vc_column_inner width=\u00bb1\/6&#8243;][vc_column_text]<\/p>\n<p style=\"text-align: center; font-size: 15px; font-weight: bold; line-height: 17px;\"><span style=\"color: #000000;\">Subasta Inversa Electr\u00f3nica<\/span><\/p>\n<p>[\/vc_column_text][\/vc_column_inner][vc_column_inner width=\u00bb1\/6&#8243;][vc_column_text]<\/p>\n<p style=\"text-align: center; font-size: 15px; font-weight: bold; line-height: 17px;\"><span style=\"color: #000000;\">\u00a0NO DISPONIBLE<\/span><\/p>\n<p>[\/vc_column_text][\/vc_column_inner][vc_column_inner width=\u00bb1\/6&#8243;][vc_column_text]<\/p>\n<p style=\"text-align: center; font-size: 13px; font-weight: bold; line-height: 17px; color: #eb9421;\"><a href=\"https:\/\/www.compraspublicas.gob.ec\/ProcesoContratacion\/compras\/PC\/informacionProcesoContratacion2.cpe?idSoliCompra=IXtVYIaaTO5dMNOfFDgVXWOonkvHXu8SmmgkWM7JpTY,\">SIE-GPM-009-2021<\/a><\/p>\n<p>[\/vc_column_text][\/vc_column_inner][\/vc_row_inner][vc_text_separator title=\u00bbAGOSTO\u00bb color=\u00bbblack\u00bb css=\u00bb.vc_custom_1634330958364{margin-top: 50px !important;margin-bottom: 15px !important;}\u00bb][vc_row_inner css=\u00bb.vc_custom_1634330425501{padding-top: 20px !important;background-color: #dbdbdb !important;}\u00bb][vc_column_inner width=\u00bb3\/6&#8243;][vc_column_text css=\u00bb.vc_custom_1637007502107{padding-top: 1px !important;padding-right: 10px !important;padding-bottom: 1px !important;padding-left: 10px !important;}\u00bb]<\/p>\n<h6 style=\"text-align: center;\"><span style=\"color: #000000;\"><strong>OBJETO DEL PROCESO<\/strong><\/span><\/h6>\n<p>[\/vc_column_text][vc_column_text css=\u00bb.vc_custom_1634843301984{margin-bottom: 10px !important;}\u00bb]<\/p>\n<p style=\"font-size: 10px; line-height: 13px;\">CONSTRUCCI\u00d3N DE UNA PISTA M\u00daLTIPLE DE SERVICIOS GANADEROS Y AFINES<\/p>\n<p>[\/vc_column_text][\/vc_column_inner][vc_column_inner width=\u00bb1\/6&#8243;][vc_column_text css=\u00bb.vc_custom_1637007540269{padding-top: 1px !important;padding-right: 10px !important;padding-bottom: 1px !important;padding-left: 10px !important;}\u00bb]<\/p>\n<h6 style=\"text-align: center;\"><span style=\"color: #000000;\"><strong>TIPO DE CONTRATACI\u00d3N<\/strong><\/span><\/h6>\n<p>[\/vc_column_text][vc_column_text]<\/p>\n<p style=\"text-align: center; font-size: 15px; font-weight: bold; line-height: 17px;\"><span style=\"color: #000000;\">\u00a0Menor Cuant\u00eda<\/span><\/p>\n<p>[\/vc_column_text][\/vc_column_inner][vc_column_inner width=\u00bb1\/6&#8243;][vc_column_text css=\u00bb.vc_custom_1637007559648{padding-top: 1px !important;padding-right: 10px !important;padding-bottom: 1px !important;padding-left: 10px !important;}\u00bb]<\/p>\n<h6 style=\"text-align: center;\"><span style=\"color: #000000;\"><strong>PRESUPUESTO REFERENCIAL<\/strong><\/span><\/h6>\n<p>[\/vc_column_text][vc_column_text]<\/p>\n<p style=\"text-align: center; font-size: 15px; font-weight: bold; line-height: 17px;\"><span style=\"color: #000000;\">$ 191,162.02<\/span><\/p>\n<p>[\/vc_column_text][\/vc_column_inner][vc_column_inner width=\u00bb1\/6&#8243;][vc_column_text css=\u00bb.vc_custom_1637007571690{padding-top: 1px !important;padding-right: 10px !important;padding-bottom: 1px !important;padding-left: 10px !important;}\u00bb]<\/p>\n<h6 style=\"text-align: center;\"><span style=\"color: #000000;\"><strong>C\u00d3DIGO DEL PROCESO<\/strong><\/span><\/h6>\n<p>[\/vc_column_text][vc_column_text]<\/p>\n<p style=\"text-align: center; font-size: 13px; font-weight: bold; line-height: 17px; color: #eb9421;\"><a href=\"https:\/\/www.compraspublicas.gob.ec\/ProcesoContratacion\/compras\/PC\/informacionProcesoContratacion2.cpe?idSoliCompra=FChvf9v6J6GSQcUxmnHrvxO-SbjOUb4N8wk9cil---o,\">MCO-GPM-018-2021<\/a><\/p>\n<p>[\/vc_column_text][\/vc_column_inner][\/vc_row_inner][vc_text_separator title=\u00bbSEPTIEMBRE\u00bb color=\u00bbblack\u00bb css=\u00bb.vc_custom_1636392159010{margin-top: 50px !important;margin-bottom: 15px !important;}\u00bb][vc_row_inner css=\u00bb.vc_custom_1636572079549{padding-top: 20px !important;}\u00bb][vc_column_inner width=\u00bb3\/6&#8243;][vc_column_text css=\u00bb.vc_custom_1637007502107{padding-top: 1px !important;padding-right: 10px !important;padding-bottom: 1px !important;padding-left: 10px !important;}\u00bb]<\/p>\n<h6 style=\"text-align: center;\"><span style=\"color: #000000;\"><strong>OBJETO DEL PROCESO<\/strong><\/span><\/h6>\n<p>[\/vc_column_text][vc_column_text css=\u00bb.vc_custom_1634843331201{margin-bottom: 10px !important;}\u00bb]<\/p>\n<p style=\"font-size: 10px; line-height: 13px;\">CONSTRUCCI\u00d3N DEL MUELLE ARTESANAL PESQUERO DE LA CIUDADELA MANGLE 2000 DE LEONIDAS PLAZA, CANT\u00d3N SUCRE, PROVINCIA DE MANAB\u00cd<\/p>\n<p>[\/vc_column_text][\/vc_column_inner][vc_column_inner width=\u00bb1\/6&#8243;][vc_column_text css=\u00bb.vc_custom_1637007540269{padding-top: 1px !important;padding-right: 10px !important;padding-bottom: 1px !important;padding-left: 10px !important;}\u00bb]<\/p>\n<h6 style=\"text-align: center;\"><span style=\"color: #000000;\"><strong>TIPO DE CONTRATACI\u00d3N<\/strong><\/span><\/h6>\n<p>[\/vc_column_text][vc_column_text]<\/p>\n<p style=\"text-align: center; font-size: 15px; font-weight: bold; line-height: 17px;\"><span style=\"color: #000000;\">Cotizaci\u00f3n<\/span><\/p>\n<p>[\/vc_column_text][\/vc_column_inner][vc_column_inner width=\u00bb1\/6&#8243;][vc_column_text css=\u00bb.vc_custom_1637007559648{padding-top: 1px !important;padding-right: 10px !important;padding-bottom: 1px !important;padding-left: 10px !important;}\u00bb]<\/p>\n<h6 style=\"text-align: center;\"><span style=\"color: #000000;\"><strong>PRESUPUESTO REFERENCIAL<\/strong><\/span><\/h6>\n<p>[\/vc_column_text][vc_column_text]<\/p>\n<p style=\"text-align: center; font-size: 15px; font-weight: bold; line-height: 17px;\"><span style=\"color: #000000;\">$287,265.07<\/span><\/p>\n<p>[\/vc_column_text][\/vc_column_inner][vc_column_inner width=\u00bb1\/6&#8243;][vc_column_text css=\u00bb.vc_custom_1637007571690{padding-top: 1px !important;padding-right: 10px !important;padding-bottom: 1px !important;padding-left: 10px !important;}\u00bb]<\/p>\n<h6 style=\"text-align: center;\"><span style=\"color: #000000;\"><strong>C\u00d3DIGO DEL PROCESO<\/strong><\/span><\/h6>\n<p>[\/vc_column_text][vc_column_text]<\/p>\n<p style=\"text-align: center; font-size: 13px; font-weight: bold; line-height: 17px; color: #eb9421;\"><a href=\"https:\/\/www.compraspublicas.gob.ec\/ProcesoContratacion\/compras\/PC\/informacionProcesoContratacion2.cpe?idSoliCompra=KTO6ZpDAjIsdA40JM3JcZkjCBqXW30Q7V9k2TsxicPw,\">COTO-GPM-023-2021<\/a><\/p>\n<p>[\/vc_column_text][\/vc_column_inner][\/vc_row_inner][vc_text_separator title=\u00bbOCTUBRE\u00bb color=\u00bbblack\u00bb css=\u00bb.vc_custom_1636408978332{margin-top: 50px !important;margin-bottom: 15px !important;}\u00bb][vc_row_inner css=\u00bb.vc_custom_1634330425501{padding-top: 20px !important;background-color: #dbdbdb !important;}\u00bb][vc_column_inner width=\u00bb3\/6&#8243;][vc_column_text css=\u00bb.vc_custom_1637007502107{padding-top: 1px !important;padding-right: 10px !important;padding-bottom: 1px !important;padding-left: 10px !important;}\u00bb]<\/p>\n<h6 style=\"text-align: center;\"><span style=\"color: #000000;\"><strong>OBJETO DEL PROCESO<\/strong><\/span><\/h6>\n<p>[\/vc_column_text][vc_column_text css=\u00bb.vc_custom_1636409005538{margin-bottom: 10px !important;}\u00bb]<\/p>\n<p style=\"font-size: 10px; line-height: 13px;\">PRESTACI\u00d3N DE SERVICIOS DE COORDINACI\u00d3N DE LOG\u00cdSTICA, MONTAJE Y DESMONTAJE DE EVENTO PARA LA PARTICIPACI\u00d3N DE PROMOCI\u00d3N Y ACTIVACI\u00d3N DE MARCAS MANABITAS, CON VALOR AGREGADO E INNOVACI\u00d3N EN LOS DISTINTOS CANTONES DE LA PROVINCIA DE MANAB\u00cd, QUE PROMUEVE EL GOBIERNO PROVINCIAL DE MANAB\u00cd, A TRAV\u00c9S DE ARTICULACIONES INTERINSTITUCIONALES.<\/p>\n<p>[\/vc_column_text][\/vc_column_inner][vc_column_inner width=\u00bb1\/6&#8243;][vc_column_text css=\u00bb.vc_custom_1637007540269{padding-top: 1px !important;padding-right: 10px !important;padding-bottom: 1px !important;padding-left: 10px !important;}\u00bb]<\/p>\n<h6 style=\"text-align: center;\"><span style=\"color: #000000;\"><strong>TIPO DE CONTRATACI\u00d3N<\/strong><\/span><\/h6>\n<p>[\/vc_column_text][vc_column_text]<\/p>\n<p style=\"text-align: center; font-size: 15px; font-weight: bold; line-height: 17px;\"><span style=\"color: #000000;\">Cotizaci\u00f3n<\/span><\/p>\n<p>[\/vc_column_text][\/vc_column_inner][vc_column_inner width=\u00bb1\/6&#8243;][vc_column_text css=\u00bb.vc_custom_1637007559648{padding-top: 1px !important;padding-right: 10px !important;padding-bottom: 1px !important;padding-left: 10px !important;}\u00bb]<\/p>\n<h6 style=\"text-align: center;\"><span style=\"color: #000000;\"><strong>PRESUPUESTO REFERENCIAL<\/strong><\/span><\/h6>\n<p>[\/vc_column_text][vc_column_text]<\/p>\n<p style=\"text-align: center; font-size: 15px; font-weight: bold; line-height: 17px;\"><span style=\"color: #000000;\">$ 310,450.00<\/span><\/p>\n<p>[\/vc_column_text][\/vc_column_inner][vc_column_inner width=\u00bb1\/6&#8243;][vc_column_text css=\u00bb.vc_custom_1637007571690{padding-top: 1px !important;padding-right: 10px !important;padding-bottom: 1px !important;padding-left: 10px !important;}\u00bb]<\/p>\n<h6 style=\"text-align: center;\"><span style=\"color: #000000;\"><strong>C\u00d3DIGO DEL PROCESO<\/strong><\/span><\/h6>\n<p>[\/vc_column_text][vc_column_text]<\/p>\n<p style=\"text-align: center; font-size: 13px; font-weight: bold; line-height: 17px; color: #eb9421;\"><a href=\"https:\/\/www.compraspublicas.gob.ec\/ProcesoContratacion\/compras\/PC\/informacionProcesoContratacion2.cpe?idSoliCompra=eqREVj8dWeFqlCrvgyatWBFvzcYVElt5dHtUW2kd2fc,\">COTS-GPM-008-2021<\/a><\/p>\n<p>[\/vc_column_text][\/vc_column_inner][\/vc_row_inner][vc_text_separator title=\u00bbDICIEMBRE\u00bb color=\u00bbblack\u00bb css=\u00bb.vc_custom_1643917994941{margin-top: 50px !important;margin-bottom: 15px !important;}\u00bb][vc_row_inner css=\u00bb.vc_custom_1636572079549{padding-top: 20px !important;}\u00bb][vc_column_inner width=\u00bb3\/6&#8243;][vc_column_text css=\u00bb.vc_custom_1637007502107{padding-top: 1px !important;padding-right: 10px !important;padding-bottom: 1px !important;padding-left: 10px !important;}\u00bb]<\/p>\n<h6 style=\"text-align: center;\"><span style=\"color: #000000;\"><strong>OBJETO DEL PROCESO<\/strong><\/span><\/h6>\n<p>[\/vc_column_text][vc_column_text css=\u00bb.vc_custom_1643918031177{margin-bottom: 10px !important;}\u00bb]<\/p>\n<p style=\"font-size: 10px; line-height: 13px;\">CONSTRUCCI\u00d3N DEL MUELLE ARTESANAL PESQUERO DE LA CIUDADELA MANGLE 2000 DE LEONIDAS PLAZA, CANT\u00d3N SUCRE, PROVINCIA DE MANAB\u00cd.<\/p>\n<p>[\/vc_column_text][\/vc_column_inner][vc_column_inner width=\u00bb1\/6&#8243;][vc_column_text css=\u00bb.vc_custom_1637007540269{padding-top: 1px !important;padding-right: 10px !important;padding-bottom: 1px !important;padding-left: 10px !important;}\u00bb]<\/p>\n<h6 style=\"text-align: center;\"><span style=\"color: #000000;\"><strong>TIPO DE CONTRATACI\u00d3N<\/strong><\/span><\/h6>\n<p>[\/vc_column_text][vc_column_text]<\/p>\n<p style=\"text-align: center; font-size: 15px; font-weight: bold; line-height: 17px;\"><span style=\"color: #000000;\">Cotizaci\u00f3n<\/span><\/p>\n<p>[\/vc_column_text][\/vc_column_inner][vc_column_inner width=\u00bb1\/6&#8243;][vc_column_text css=\u00bb.vc_custom_1637007559648{padding-top: 1px !important;padding-right: 10px !important;padding-bottom: 1px !important;padding-left: 10px !important;}\u00bb]<\/p>\n<h6 style=\"text-align: center;\"><span style=\"color: #000000;\"><strong>PRESUPUESTO REFERENCIAL<\/strong><\/span><\/h6>\n<p>[\/vc_column_text][vc_column_text]<\/p>\n<p style=\"text-align: center; font-size: 15px; font-weight: bold; line-height: 17px;\"><span style=\"color: #000000;\">$287,265.07<\/span><\/p>\n<p>[\/vc_column_text][\/vc_column_inner][vc_column_inner width=\u00bb1\/6&#8243;][vc_column_text css=\u00bb.vc_custom_1637007571690{padding-top: 1px !important;padding-right: 10px !important;padding-bottom: 1px !important;padding-left: 10px !important;}\u00bb]<\/p>\n<h6 style=\"text-align: center;\"><span style=\"color: #000000;\"><strong>C\u00d3DIGO DEL PROCESO<\/strong><\/span><\/h6>\n<p>[\/vc_column_text][vc_column_text]<\/p>\n<p style=\"text-align: center; font-size: 13px; font-weight: bold; line-height: 17px; color: #eb9421;\"><a href=\"https:\/\/www.compraspublicas.gob.ec\/ProcesoContratacion\/compras\/PC\/informacionProcesoContratacion2.cpe?idSoliCompra=Gf2oPJDlcd9p5a09eJBab5ypbhfUq-aaljZMGAEjhmg,\">COTO-GPM-034-2021<\/a><\/p>\n<p>[\/vc_column_text][\/vc_column_inner][\/vc_row_inner][\/vc_tta_section][vc_tta_section title=\u00bb2020&#8243; tab_id=\u00bb1637956828251-930a3dd1-b33d\u00bb][vc_text_separator title=\u00bbJULIO\u00bb color=\u00bbblack\u00bb css=\u00bb.vc_custom_1637956849889{margin-bottom: 25px !important;}\u00bb][vc_row_inner css=\u00bb.vc_custom_1637957701207{background-color: #dbdbdb !important;}\u00bb][vc_column_inner width=\u00bb3\/6&#8243;][vc_column_text css=\u00bb.vc_custom_1637007502107{padding-top: 1px !important;padding-right: 10px !important;padding-bottom: 1px !important;padding-left: 10px !important;}\u00bb]<\/p>\n<h6 style=\"text-align: center;\"><span style=\"color: #000000;\"><strong>OBJETO DEL PROCESO<\/strong><\/span><\/h6>\n<p>[\/vc_column_text][vc_column_text]<\/p>\n<p style=\"font-size: 10px; line-height: 13px;\">PRESTACI\u00d3N DE SERVICIOS COMUNICACIONALES PARA EL LANZAMIENTO DE LA TEMPORADA PLAYERA TUR\u00cdSTICA MANAB\u00cd M\u00c1GICO Y DIVERSO A REALIZARSE EN EL CANT\u00d3N PEDERNALES, PROVINCIA DE MANAB\u00cd.<\/p>\n<p>[\/vc_column_text][\/vc_column_inner][vc_column_inner width=\u00bb1\/6&#8243;][vc_column_text css=\u00bb.vc_custom_1637007540269{padding-top: 1px !important;padding-right: 10px !important;padding-bottom: 1px !important;padding-left: 10px !important;}\u00bb]<\/p>\n<h6 style=\"text-align: center;\"><span style=\"color: #000000;\"><strong>TIPO DE CONTRATACI\u00d3N<\/strong><\/span><\/h6>\n<p>[\/vc_column_text][vc_column_text]<\/p>\n<p style=\"text-align: center; font-size: 15px; font-weight: bold; line-height: 17px;\"><span style=\"color: #000000;\">Publicaci\u00f3n Especial<\/span><\/p>\n<p>[\/vc_column_text][\/vc_column_inner][vc_column_inner width=\u00bb1\/6&#8243;][vc_column_text css=\u00bb.vc_custom_1637007559648{padding-top: 1px !important;padding-right: 10px !important;padding-bottom: 1px !important;padding-left: 10px !important;}\u00bb]<\/p>\n<h6 style=\"text-align: center;\"><span style=\"color: #000000;\"><strong>PRESUPUESTO REFERENCIAL<\/strong><\/span><\/h6>\n<p>[\/vc_column_text][vc_column_text]<\/p>\n<p style=\"text-align: center; font-size: 15px; font-weight: bold; line-height: 17px;\"><span style=\"color: #000000;\">$ 19,838.70<\/span><\/p>\n<p>[\/vc_column_text][\/vc_column_inner][vc_column_inner width=\u00bb1\/6&#8243;][vc_column_text css=\u00bb.vc_custom_1637007571690{padding-top: 1px !important;padding-right: 10px !important;padding-bottom: 1px !important;padding-left: 10px !important;}\u00bb]<\/p>\n<h6 style=\"text-align: center;\"><span style=\"color: #000000;\"><strong>C\u00d3DIGO DEL PROCESO<\/strong><\/span><\/h6>\n<p>[\/vc_column_text][vc_column_text]<\/p>\n<p style=\"text-align: center; font-size: 13px; font-weight: bold; line-height: 17px; color: #eb9421;\"><a href=\"https:\/\/www.compraspublicas.gob.ec\/ProcesoContratacion\/compras\/PC\/informacionProcesoContratacion2.cpe?idSoliCompra=YE0UyeIGkd9ghPrHC48YbOtZb4kf33WdlMR9kqFgM38,\" target=\"_blank\" rel=\"noopener\">REC-SC-GPM-002-2020<\/a><\/p>\n<p>[\/vc_column_text][\/vc_column_inner][\/vc_row_inner][vc_row_inner][vc_column_inner width=\u00bb3\/6&#8243;][vc_column_text]<\/p>\n<p style=\"font-size: 10px; line-height: 13px;\">ADQUISICI\u00d3N DE SEMILLAS DE HORTALIZAS Y COMPOST PARA LA EJECUCI\u00d3N DEL PROYECTO \u201cFOMENTO A LA SEGURIDAD ALIMENTARIA A TRAV\u00c9S DE LA IMPLEMENTACI\u00d3N DE HUERTOS FAMILIARES\u201d.<\/p>\n<p>[\/vc_column_text][\/vc_column_inner][vc_column_inner width=\u00bb1\/6&#8243;][vc_column_text]<\/p>\n<p style=\"text-align: center; font-size: 15px; font-weight: bold; line-height: 17px;\"><span style=\"color: #000000;\">Subasta Inversa Electr\u00f3nica<\/span><\/p>\n<p>[\/vc_column_text][\/vc_column_inner][vc_column_inner width=\u00bb1\/6&#8243;][vc_column_text]<\/p>\n<p style=\"text-align: center; font-size: 15px; font-weight: bold; line-height: 17px;\"><span style=\"color: #000000;\">NO DISPONIBLE<\/span><\/p>\n<p>[\/vc_column_text][\/vc_column_inner][vc_column_inner width=\u00bb1\/6&#8243;][vc_column_text]<\/p>\n<p style=\"text-align: center; font-size: 13px; font-weight: bold; line-height: 17px; color: #eb9421;\"><a href=\"https:\/\/www.compraspublicas.gob.ec\/ProcesoContratacion\/compras\/PC\/informacionProcesoContratacion2.cpe?idSoliCompra=CAYVngJfq8wKCKt_RpGHZRb_lWhZFdQyxnlbSFzZxRY,\" target=\"_blank\" rel=\"noopener\">SIE-GPM-028-2020<\/a><\/p>\n<p>[\/vc_column_text][\/vc_column_inner][\/vc_row_inner][vc_text_separator title=\u00bbNOVIEMBRE\u00bb color=\u00bbblack\u00bb css=\u00bb.vc_custom_1637956861889{margin-top: 50px !important;margin-bottom: 15px !important;}\u00bb][vc_row_inner css=\u00bb.vc_custom_1634330847303{padding-top: 20px !important;padding-right: 0px !important;padding-left: 0px !important;background-color: #dbdbdb !important;}\u00bb][vc_column_inner width=\u00bb3\/6&#8243;][vc_column_text css=\u00bb.vc_custom_1637007502107{padding-top: 1px !important;padding-right: 10px !important;padding-bottom: 1px !important;padding-left: 10px !important;}\u00bb]<\/p>\n<h6 style=\"text-align: center;\"><span style=\"color: #000000;\"><strong>OBJETO DEL PROCESO<\/strong><\/span><\/h6>\n<p>[\/vc_column_text][vc_column_text css=\u00bb.vc_custom_1637957249371{margin-bottom: 10px !important;}\u00bb]<\/p>\n<p style=\"font-size: 10px; line-height: 13px;\">SERVICIO DE PRODUCTOS COMUNICACIONALES PARA EL LANZAMIENTO DE LA TEMPORADA PLAYERA MANAB\u00cd 2020, QUE SE DESARROLLAR\u00c1 EN LA CIUDAD DE QUITO LOS D\u00cdAS 7, 8, 9 Y LOS D\u00cdAS 14, 15, 16 DE FEBRERO DEL 2020 EN LA CIUDAD DE GUAYAQUIL.<\/p>\n<p>[\/vc_column_text][\/vc_column_inner][vc_column_inner width=\u00bb1\/6&#8243;][vc_column_text css=\u00bb.vc_custom_1637007540269{padding-top: 1px !important;padding-right: 10px !important;padding-bottom: 1px !important;padding-left: 10px !important;}\u00bb]<\/p>\n<h6 style=\"text-align: center;\"><span style=\"color: #000000;\"><strong>TIPO DE CONTRATACI\u00d3N<\/strong><\/span><\/h6>\n<p>[\/vc_column_text][vc_column_text]<\/p>\n<p style=\"text-align: center; font-size: 15px; font-weight: bold; line-height: 17px;\"><span style=\"color: #000000;\"><b>Publicaci\u00f3n Especial<\/b><\/span><\/p>\n<p>[\/vc_column_text][\/vc_column_inner][vc_column_inner width=\u00bb1\/6&#8243;][vc_column_text css=\u00bb.vc_custom_1637007559648{padding-top: 1px !important;padding-right: 10px !important;padding-bottom: 1px !important;padding-left: 10px !important;}\u00bb]<\/p>\n<h6 style=\"text-align: center;\"><span style=\"color: #000000;\"><strong>PRESUPUESTO REFERENCIAL<\/strong><\/span><\/h6>\n<p>[\/vc_column_text][vc_column_text]<\/p>\n<p style=\"text-align: center; font-size: 15px; font-weight: bold; line-height: 17px;\"><span style=\"color: #000000;\">$ 23,530.74<\/span><\/p>\n<p>[\/vc_column_text][\/vc_column_inner][vc_column_inner width=\u00bb1\/6&#8243;][vc_column_text css=\u00bb.vc_custom_1637007571690{padding-top: 1px !important;padding-right: 10px !important;padding-bottom: 1px !important;padding-left: 10px !important;}\u00bb]<\/p>\n<h6 style=\"text-align: center;\"><span style=\"color: #000000;\"><strong>C\u00d3DIGO DEL PROCESO<\/strong><\/span><\/h6>\n<p>[\/vc_column_text][vc_column_text]<\/p>\n<p style=\"text-align: center; font-size: 13px; font-weight: bold; line-height: 17px; color: #eb9421;\"><a href=\"https:\/\/www.compraspublicas.gob.ec\/ProcesoContratacion\/compras\/PC\/informacionProcesoContratacion2.cpe?idSoliCompra=LXqL_v1Vzp6EG0HgnMVf8I9YqcvqGTRZ5xE04_UCTfE,\" target=\"_blank\" rel=\"noopener\">REC-SCCD-GPM-0022020<\/a><\/p>\n<p>[\/vc_column_text][\/vc_column_inner][\/vc_row_inner][vc_text_separator title=\u00bbDICIEMBRE\u00bb color=\u00bbblack\u00bb css=\u00bb.vc_custom_1637956870193{margin-top: 50px !important;margin-bottom: 15px !important;}\u00bb][vc_row_inner css=\u00bb.vc_custom_1637957709334{padding-top: 20px !important;}\u00bb][vc_column_inner width=\u00bb3\/6&#8243;][vc_column_text css=\u00bb.vc_custom_1637007502107{padding-top: 1px !important;padding-right: 10px !important;padding-bottom: 1px !important;padding-left: 10px !important;}\u00bb]<\/p>\n<h6 style=\"text-align: center;\"><span style=\"color: #000000;\"><strong>OBJETO DEL PROCESO<\/strong><\/span><\/h6>\n<p>[\/vc_column_text][vc_column_text css=\u00bb.vc_custom_1637957376085{margin-bottom: 10px !important;}\u00bb]<\/p>\n<p style=\"font-size: 10px; line-height: 13px;\">ADQUISICI\u00d3N DE UNA M\u00c1QUINA EXTRACTORA DE ACEITE VIRGEN DE SACHA INCHI CON CALIDAD DE EXPORTACI\u00d3N, EN EL MARCO DEL PROYECTO DE COOPERACI\u00d3N INTERNACIONAL AL DESARROLLO SOSTENIBILIDAD Y SUSTENTABILIDAD DE LAS ASOCIACIONES DE MUJERES DE PRODUCCI\u00d3N ARTESANAL Y AFINES (ASOCIACI\u00d3N DE SEGUNDO GRADO FOCAZNOM) DEL CANT\u00d3N SAN VICENTE.<\/p>\n<p>[\/vc_column_text][\/vc_column_inner][vc_column_inner width=\u00bb1\/6&#8243;][vc_column_text css=\u00bb.vc_custom_1637007540269{padding-top: 1px !important;padding-right: 10px !important;padding-bottom: 1px !important;padding-left: 10px !important;}\u00bb]<\/p>\n<h6 style=\"text-align: center;\"><span style=\"color: #000000;\"><strong>TIPO DE CONTRATACI\u00d3N<\/strong><\/span><\/h6>\n<p>[\/vc_column_text][vc_column_text]<\/p>\n<p style=\"text-align: center; font-size: 15px; font-weight: bold; line-height: 17px;\"><span style=\"color: #000000;\">Subasta Inversa Electr\u00f3nica<\/span><\/p>\n<p>[\/vc_column_text][\/vc_column_inner][vc_column_inner width=\u00bb1\/6&#8243;][vc_column_text css=\u00bb.vc_custom_1637007559648{padding-top: 1px !important;padding-right: 10px !important;padding-bottom: 1px !important;padding-left: 10px !important;}\u00bb]<\/p>\n<h6 style=\"text-align: center;\"><span style=\"color: #000000;\"><strong>PRESUPUESTO REFERENCIAL<\/strong><\/span><\/h6>\n<p>[\/vc_column_text][vc_column_text]<\/p>\n<p style=\"text-align: center; font-size: 15px; font-weight: bold; line-height: 17px;\"><span style=\"color: #000000;\">$ 37,975.00<\/span><\/p>\n<p>[\/vc_column_text][\/vc_column_inner][vc_column_inner width=\u00bb1\/6&#8243;][vc_column_text css=\u00bb.vc_custom_1637007571690{padding-top: 1px !important;padding-right: 10px !important;padding-bottom: 1px !important;padding-left: 10px !important;}\u00bb]<\/p>\n<h6 style=\"text-align: center;\"><span style=\"color: #000000;\"><strong>C\u00d3DIGO DEL PROCESO<\/strong><\/span><\/h6>\n<p>[\/vc_column_text][vc_column_text]<\/p>\n<p style=\"text-align: center; font-size: 13px; font-weight: bold; line-height: 17px; color: #eb9421;\"><a href=\"https:\/\/www.compraspublicas.gob.ec\/ProcesoContratacion\/compras\/PC\/informacionProcesoContratacion2.cpe?idSoliCompra=QZdwau50QtPiUQP4OW1kxBdL4dUbeOAg4bsOlgYd7W4,\">SIE-GPM-070-2020<\/a><\/p>\n<p>[\/vc_column_text][\/vc_column_inner][\/vc_row_inner][vc_row_inner css=\u00bb.vc_custom_1637957717086{padding-top: 20px !important;background-color: #dbdbdb !important;}\u00bb][vc_column_inner width=\u00bb3\/6&#8243;][vc_column_text css=\u00bb.vc_custom_1637957443770{margin-bottom: 10px !important;}\u00bb]<\/p>\n<p style=\"font-size: 10px; line-height: 13px;\">IMPLEMENTACI\u00d3N DE UN NEGOCIO DIGITAL CORPORATIVO (E-COMMERCE) EN LA PROVINCIA DE MANAB\u00cd.<\/p>\n<p>[\/vc_column_text][\/vc_column_inner][vc_column_inner width=\u00bb1\/6&#8243;][vc_column_text]<\/p>\n<p style=\"text-align: center; font-size: 15px; font-weight: bold; line-height: 17px;\"><span style=\"color: #000000;\">Subasta Inversa Electr\u00f3nica<\/span><\/p>\n<p>[\/vc_column_text][\/vc_column_inner][vc_column_inner width=\u00bb1\/6&#8243;][vc_column_text]<\/p>\n<p style=\"text-align: center; font-size: 15px; font-weight: bold; line-height: 17px;\"><span style=\"color: #000000;\">NO DISPONIBLE<\/span><\/p>\n<p>[\/vc_column_text][\/vc_column_inner][vc_column_inner width=\u00bb1\/6&#8243;][vc_column_text]<\/p>\n<p style=\"text-align: center; font-size: 13px; font-weight: bold; line-height: 17px; color: #eb9421;\"><a href=\"https:\/\/www.compraspublicas.gob.ec\/ProcesoContratacion\/compras\/PC\/informacionProcesoContratacion2.cpe?idSoliCompra=JdlpXwnwsiq3G7c3B2qO8A_lKeWfhfaPfrL9GIoJ3Pc,\">SIE-GPM-071-2020<\/a><\/p>\n<p>[\/vc_column_text][\/vc_column_inner][\/vc_row_inner][\/vc_tta_section][vc_tta_section title=\u00bb2019&#8243; tab_id=\u00bb1640093189652-75eb4126-6a3b\u00bb][vc_text_separator title=\u00bbSEPTIEMBRE\u00bb color=\u00bbblack\u00bb css=\u00bb.vc_custom_1640093221737{margin-bottom: 25px !important;}\u00bb][vc_row_inner css=\u00bb.vc_custom_1640093798348{background-color: #dbdbdb !important;}\u00bb][vc_column_inner width=\u00bb3\/6&#8243;][vc_column_text css=\u00bb.vc_custom_1637007502107{padding-top: 1px !important;padding-right: 10px !important;padding-bottom: 1px !important;padding-left: 10px !important;}\u00bb]<\/p>\n<h6 style=\"text-align: center;\"><span style=\"color: #000000;\"><strong>OBJETO DEL PROCESO<\/strong><\/span><\/h6>\n<p>[\/vc_column_text][vc_column_text]<\/p>\n<p style=\"font-size: 10px; line-height: 13px;\">PRESTACI\u00d3N DE SERVICIOS DE COORDINACI\u00d3N LOG\u00cdSTICA, MONTAJE Y DESMONTAJE DE EVENTOS PARA LA PROMOCI\u00d3N DEL EMPRENDIMIENTO EN LA PROVINCIA DE MANAB\u00cd Y DE PRODUCTOS REPRESENTATIVOS MANABITAS A NIVEL PROVINCIAL Y NACIONAL.<\/p>\n<p>[\/vc_column_text][\/vc_column_inner][vc_column_inner width=\u00bb1\/6&#8243;][vc_column_text css=\u00bb.vc_custom_1637007540269{padding-top: 1px !important;padding-right: 10px !important;padding-bottom: 1px !important;padding-left: 10px !important;}\u00bb]<\/p>\n<h6 style=\"text-align: center;\"><span style=\"color: #000000;\"><strong>TIPO DE CONTRATACI\u00d3N<\/strong><\/span><\/h6>\n<p>[\/vc_column_text][vc_column_text]<\/p>\n<p style=\"text-align: center; font-size: 15px; font-weight: bold; line-height: 17px;\"><span style=\"color: #000000;\">Cotizaci\u00f3n<\/span><\/p>\n<p>[\/vc_column_text][\/vc_column_inner][vc_column_inner width=\u00bb1\/6&#8243;][vc_column_text css=\u00bb.vc_custom_1637007559648{padding-top: 1px !important;padding-right: 10px !important;padding-bottom: 1px !important;padding-left: 10px !important;}\u00bb]<\/p>\n<h6 style=\"text-align: center;\"><span style=\"color: #000000;\"><strong>PRESUPUESTO REFERENCIAL<\/strong><\/span><\/h6>\n<p>[\/vc_column_text][vc_column_text]<\/p>\n<p style=\"text-align: center; font-size: 15px; font-weight: bold; line-height: 17px;\"><span style=\"color: #000000;\">$ 211,666.67 <\/span><\/p>\n<p>[\/vc_column_text][\/vc_column_inner][vc_column_inner width=\u00bb1\/6&#8243;][vc_column_text css=\u00bb.vc_custom_1637007571690{padding-top: 1px !important;padding-right: 10px !important;padding-bottom: 1px !important;padding-left: 10px !important;}\u00bb]<\/p>\n<h6 style=\"text-align: center;\"><span style=\"color: #000000;\"><strong>C\u00d3DIGO DEL PROCESO<\/strong><\/span><\/h6>\n<p>[\/vc_column_text][vc_column_text]<\/p>\n<p style=\"text-align: center; font-size: 13px; font-weight: bold; line-height: 17px; color: #eb9421;\"><a href=\"https:\/\/www.compraspublicas.gob.ec\/ProcesoContratacion\/compras\/PC\/informacionProcesoContratacion2.cpe?idSoliCompra=Tb91ZvsDiB17ztWLtywq1P3d7qNKqMNlXdGjsl2DGhA,\" target=\"_blank\" rel=\"noopener\">COTS-023-GPM-2019<\/a><\/p>\n<p>[\/vc_column_text][\/vc_column_inner][\/vc_row_inner][vc_text_separator title=\u00bbOCTUBRE\u00bb color=\u00bbblack\u00bb css=\u00bb.vc_custom_1640093327623{margin-top: 50px !important;margin-bottom: 15px !important;}\u00bb][vc_row_inner][vc_column_inner width=\u00bb3\/6&#8243;][vc_column_text css=\u00bb.vc_custom_1637007502107{padding-top: 1px !important;padding-right: 10px !important;padding-bottom: 1px !important;padding-left: 10px !important;}\u00bb]<\/p>\n<h6 style=\"text-align: center;\"><span style=\"color: #000000;\"><strong>OBJETO DEL PROCESO<\/strong><\/span><\/h6>\n<p>[\/vc_column_text][vc_column_text]<\/p>\n<p style=\"font-size: 10px; line-height: 13px;\"><span style=\"font-size: 10px;\">CONSULTOR\u00cdA PARA LA GENERACI\u00d3N DE LA HERRAMIENTA METODOL\u00d3GICA DE CERTIFICACI\u00d3N DE PLAYAS BANDERA AZUL EN LA PROVINCIA DE MANAB\u00cd.<\/span><\/p>\n<p>[\/vc_column_text][\/vc_column_inner][vc_column_inner width=\u00bb1\/6&#8243;][vc_column_text css=\u00bb.vc_custom_1637007540269{padding-top: 1px !important;padding-right: 10px !important;padding-bottom: 1px !important;padding-left: 10px !important;}\u00bb]<\/p>\n<h6 style=\"text-align: center;\"><span style=\"color: #000000;\"><strong>TIPO DE CONTRATACI\u00d3N<\/strong><\/span><\/h6>\n<p>[\/vc_column_text][vc_column_text]<\/p>\n<p style=\"text-align: center; font-size: 15px; font-weight: bold; line-height: 17px;\"><span style=\"color: #000000;\">\u00a0Contrataci\u00f3n directa<\/span><\/p>\n<p>[\/vc_column_text][\/vc_column_inner][vc_column_inner width=\u00bb1\/6&#8243;][vc_column_text css=\u00bb.vc_custom_1637007559648{padding-top: 1px !important;padding-right: 10px !important;padding-bottom: 1px !important;padding-left: 10px !important;}\u00bb]<\/p>\n<h6 style=\"text-align: center;\"><span style=\"color: #000000;\"><strong>PRESUPUESTO REFERENCIAL<\/strong><\/span><\/h6>\n<p>[\/vc_column_text][vc_column_text]<\/p>\n<p style=\"text-align: center; font-size: 15px; font-weight: bold; line-height: 17px;\"><span style=\"color: #000000;\">$ 13,392.86<\/span><\/p>\n<p>[\/vc_column_text][\/vc_column_inner][vc_column_inner width=\u00bb1\/6&#8243;][vc_column_text css=\u00bb.vc_custom_1637007571690{padding-top: 1px !important;padding-right: 10px !important;padding-bottom: 1px !important;padding-left: 10px !important;}\u00bb]<\/p>\n<h6 style=\"text-align: center;\"><span style=\"color: #000000;\"><strong>C\u00d3DIGO DEL PROCESO<\/strong><\/span><\/h6>\n<p>[\/vc_column_text][vc_column_text]<\/p>\n<p style=\"text-align: center; font-size: 13px; font-weight: bold; line-height: 17px; color: #eb9421;\"><a href=\"https:\/\/www.compraspublicas.gob.ec\/ProcesoContratacion\/compras\/PC\/informacionProcesoContratacion2.cpe?idSoliCompra=mV32IhdQZQiGbqLgvv3CaGhkA4uz4ioFUM0lUy9BwHc,\" target=\"_blank\" rel=\"noopener\">CDC-005-GPM-2019<\/a><\/p>\n<p>[\/vc_column_text][\/vc_column_inner][\/vc_row_inner][vc_text_separator title=\u00bbDICIEMBRE\u00bb color=\u00bbblack\u00bb css=\u00bb.vc_custom_1637956870193{margin-top: 50px !important;margin-bottom: 15px !important;}\u00bb][vc_row_inner css=\u00bb.vc_custom_1640093806083{background-color: #dbdbdb !important;}\u00bb][vc_column_inner width=\u00bb3\/6&#8243;][vc_column_text css=\u00bb.vc_custom_1637007502107{padding-top: 1px !important;padding-right: 10px !important;padding-bottom: 1px !important;padding-left: 10px !important;}\u00bb]<\/p>\n<h6 style=\"text-align: center;\"><span style=\"color: #000000;\"><strong>OBJETO DEL PROCESO<\/strong><\/span><\/h6>\n<p>[\/vc_column_text][vc_column_text]<\/p>\n<p style=\"font-size: 10px; line-height: 13px;\">ADQUISICI\u00d3N E INSTALACI\u00d3N DE VALLAS PUBLICITARIAS Y MATERIAL PROMOCIONAL PARA LA DIFUSI\u00d3N Y APOYO T\u00c9CNICO AL PLAN DE CONTINGENCIA PARA PREVENIR EL INGRESO DE Fusarium oxysporum f.sp. Cubense raza 4, EN LA CADENA DE MUS\u00c1CEAS IMPLEMENTADO POR LA AGENCIA DE REGULACI\u00d3N Y CONTROL FITO Y ZOOSANITARIO AGROCALIDAD PARA LA PROVINCIA DE MANAB\u00cd.<\/p>\n<p>[\/vc_column_text][\/vc_column_inner][vc_column_inner width=\u00bb1\/6&#8243;][vc_column_text css=\u00bb.vc_custom_1637007540269{padding-top: 1px !important;padding-right: 10px !important;padding-bottom: 1px !important;padding-left: 10px !important;}\u00bb]<\/p>\n<h6 style=\"text-align: center;\"><span style=\"color: #000000;\"><strong>TIPO DE CONTRATACI\u00d3N<\/strong><\/span><\/h6>\n<p>[\/vc_column_text][vc_column_text]<\/p>\n<p style=\"text-align: center; font-size: 15px; font-weight: bold; line-height: 17px;\"><span style=\"color: #000000;\">\u00a0Subasta Inversa Electr\u00f3nica<\/span><\/p>\n<p>[\/vc_column_text][\/vc_column_inner][vc_column_inner width=\u00bb1\/6&#8243;][vc_column_text css=\u00bb.vc_custom_1637007559648{padding-top: 1px !important;padding-right: 10px !important;padding-bottom: 1px !important;padding-left: 10px !important;}\u00bb]<\/p>\n<h6 style=\"text-align: center;\"><span style=\"color: #000000;\"><strong>PRESUPUESTO REFERENCIAL<\/strong><\/span><\/h6>\n<p>[\/vc_column_text][vc_column_text]<\/p>\n<p style=\"text-align: center; font-size: 15px; font-weight: bold; line-height: 17px;\"><span style=\"color: #000000;\">\u00a0NO DISPONIBLE<\/span><\/p>\n<p>[\/vc_column_text][\/vc_column_inner][vc_column_inner width=\u00bb1\/6&#8243;][vc_column_text css=\u00bb.vc_custom_1637007571690{padding-top: 1px !important;padding-right: 10px !important;padding-bottom: 1px !important;padding-left: 10px !important;}\u00bb]<\/p>\n<h6 style=\"text-align: center;\"><span style=\"color: #000000;\"><strong>C\u00d3DIGO DEL PROCESO<\/strong><\/span><\/h6>\n<p>[\/vc_column_text][vc_column_text]<\/p>\n<p style=\"text-align: center; font-size: 13px; font-weight: bold; line-height: 17px; color: #eb9421;\"><a href=\"https:\/\/www.compraspublicas.gob.ec\/ProcesoContratacion\/compras\/PC\/informacionProcesoContratacion2.cpe?idSoliCompra=eN6Vs8H-09-NHZvwUNWuc1f_NNEN4mtcHd9VVQXbpss,\" target=\"_blank\" rel=\"noopener\">SIE-040-GPM-2019<\/a><\/p>\n<p>[\/vc_column_text][\/vc_column_inner][\/vc_row_inner][vc_row_inner][vc_column_inner width=\u00bb3\/6&#8243;][vc_column_text]<\/p>\n<p style=\"font-size: 10px; line-height: 13px;\">CONSULTORIA PARA IDENTIFICACI\u00d3N DE SITIOS ESTRAT\u00c9GICOS Y DISE\u00d1O DEL CENTRO DE ACOPIO, TRATAMIENTO Y PRESERVACI\u00d3N DE LA CA\u00d1A GUADUA EN FUNCI\u00d3N DE LA CADENA DE VALOR A NIVEL DE LA PROVINCIA.<\/p>\n<p>[\/vc_column_text][\/vc_column_inner][vc_column_inner width=\u00bb1\/6&#8243;][vc_column_text]<\/p>\n<p style=\"text-align: center; font-size: 15px; font-weight: bold; line-height: 17px;\"><span style=\"color: #000000;\">Contrataci\u00f3n directa<\/span><\/p>\n<p>[\/vc_column_text][\/vc_column_inner][vc_column_inner width=\u00bb1\/6&#8243;][vc_column_text]<\/p>\n<p style=\"text-align: center; font-size: 15px; font-weight: bold; line-height: 17px;\"><span style=\"color: #000000;\">$ 22,321.43<\/span><\/p>\n<p>[\/vc_column_text][\/vc_column_inner][vc_column_inner width=\u00bb1\/6&#8243;][vc_column_text]<\/p>\n<p style=\"text-align: center; font-size: 13px; font-weight: bold; line-height: 17px; color: #eb9421;\"><a href=\"https:\/\/www.compraspublicas.gob.ec\/ProcesoContratacion\/compras\/PC\/informacionProcesoContratacion2.cpe?idSoliCompra=fUD3WQKrBOJIIiiZY2VPA3EQ-V-duTjxLh3B4CCQzqE,\" target=\"_blank\" rel=\"noopener\">CDC-012-GPM-2019<\/a><\/p>\n<p>[\/vc_column_text][\/vc_column_inner][\/vc_row_inner][vc_row_inner css=\u00bb.vc_custom_1640093814571{background-color: #dbdbdb !important;}\u00bb][vc_column_inner width=\u00bb3\/6&#8243;][vc_column_text]<\/p>\n<p style=\"font-size: 10px; line-height: 13px;\">CONSULTORIA PARA DECLARACION DEL AMORFINO COMO PATRIMONIO CULTURAL DEL ECUADOR<\/p>\n<p>[\/vc_column_text][\/vc_column_inner][vc_column_inner width=\u00bb1\/6&#8243;][vc_column_text]<\/p>\n<p style=\"text-align: center; font-size: 15px; font-weight: bold; line-height: 17px;\"><span style=\"color: #000000;\">Contrataci\u00f3n directa<\/span><\/p>\n<p>[\/vc_column_text][\/vc_column_inner][vc_column_inner width=\u00bb1\/6&#8243;][vc_column_text]<\/p>\n<p style=\"text-align: center; font-size: 15px; font-weight: bold; line-height: 17px;\"><span style=\"color: #000000;\">$ 17,857.14<\/span><\/p>\n<p>[\/vc_column_text][\/vc_column_inner][vc_column_inner width=\u00bb1\/6&#8243;][vc_column_text]<\/p>\n<p style=\"text-align: center; font-size: 13px; font-weight: bold; line-height: 17px; color: #eb9421;\"><a href=\"https:\/\/www.compraspublicas.gob.ec\/ProcesoContratacion\/compras\/PC\/informacionProcesoContratacion2.cpe?idSoliCompra=r0QdrLMONtc71IPR5QR8Mf5J3PQBvlPjMqSKc5dU9-E,\" target=\"_blank\" rel=\"noopener\">CDC-013-GPM-2019<\/a><\/p>\n<p>[\/vc_column_text][\/vc_column_inner][\/vc_row_inner][vc_row_inner][vc_column_inner width=\u00bb3\/6&#8243;][vc_column_text]<\/p>\n<p style=\"font-size: 10px; line-height: 13px;\">CONSULTORIA PARA EL DISE\u00d1O DE UN SISTEMA DE AGRICULTURA INTELIGENTE EN LAS AREAS DE COBERTURA DE RIEGO SAN RAMON, MACONTA ABAJO, TINTALES, FLORESTAL, ARRIAGA, SAN AGUSTIN Y MAPASINGUE EN LA PROVINCIA DE MANABI.<\/p>\n<p>[\/vc_column_text][\/vc_column_inner][vc_column_inner width=\u00bb1\/6&#8243;][vc_column_text]<\/p>\n<p style=\"text-align: center; font-size: 15px; font-weight: bold; line-height: 17px;\"><span style=\"color: #000000;\">Contrataci\u00f3n directa<\/span><\/p>\n<p>[\/vc_column_text][\/vc_column_inner][vc_column_inner width=\u00bb1\/6&#8243;][vc_column_text]<\/p>\n<p style=\"text-align: center; font-size: 15px; font-weight: bold; line-height: 17px;\"><span style=\"color: #000000;\">$ 22,321.43 <\/span><\/p>\n<p>[\/vc_column_text][\/vc_column_inner][vc_column_inner width=\u00bb1\/6&#8243;][vc_column_text]<\/p>\n<p style=\"text-align: center; font-size: 13px; font-weight: bold; line-height: 17px; color: #eb9421;\"><a href=\"https:\/\/www.compraspublicas.gob.ec\/ProcesoContratacion\/compras\/PC\/informacionProcesoContratacion2.cpe?idSoliCompra=zpCnV2mTXHT9onfB6yeKGFGdoSDF_4zDoIChLyFcQxc,\" target=\"_blank\" rel=\"noopener\">CDC-GPM-11-2019<\/a><\/p>\n<p>[\/vc_column_text][\/vc_column_inner][\/vc_row_inner][\/vc_tta_section][\/vc_tta_tabs][\/vc_column][\/vc_row]<\/p>\n","protected":false},"excerpt":{"rendered":"<p>[vc_row bg_overlay_mode=\u00bbcolor\u00bb css=\u00bb.vc_custom_1630102865600{background-color: #424242 !important;}\u00bb bg_overlay_color=\u00bb#191919&#8243;][vc_column][gsf_space desktop=\u00bb90&#8243; tablet=\u00bb70&#8243; tablet_portrait=\u00bb60&#8243; mobile_landscape=\u00bb50&#8243; mobile=\u00bb40&#8243;][gsf_page_title font_container=\u00bbfont_size:45|text_align:center|color:%23f7f7f7&#8243;][vc_column_text] \u00a0Transparencia en los procesos [\/vc_column_text][\/vc_column][\/vc_row][vc_row disable_element=\u00bbyes\u00bb css=\u00bb.vc_custom_1775053713752{background-color: #efefef !important;}\u00bb][vc_column][vc_empty_space height=\u00bb40px\u00bb][gsf_slider_container nav_position=\u00bbnav-bottom-center\u00bb nav_style=\u00bbnav-circle-icon\u00bb autoplay=\u00bbon\u00bb margin=\u00bb10&#8243; columns=\u00bb4&#8243; columns_md=\u00bb3&#8243; columns_sm=\u00bb2&#8243; columns_xs=\u00bb1&#8243; columns_mb=\u00bb1&#8243;][vc_column_text css=\u00bb.vc_custom_1636750929470{padding-top: 7px !important;padding-right: 10px !important;padding-bottom: 7px !important;padding-left: 10px !important;background-color: #eb9421 !important;}\u00bb] Administrativa [\/vc_column_text][vc_column_text css=\u00bb.vc_custom_1636750943005{padding-top: 7px !important;padding-right: 10px !important;padding-bottom: 7px !important;padding-left: 10px !important;background-color: #eb9421 !important;}\u00bb] [&hellip;]<\/p>\n","protected":false},"author":1,"featured_media":0,"parent":0,"menu_order":0,"comment_status":"closed","ping_status":"closed","template":"","meta":{"_joinchat":[],"footnotes":""},"class_list":["post-18763","page","type-page","status-publish","hentry"],"yoast_head":"<!-- This site is optimized with the Yoast SEO plugin v27.4 - https:\/\/yoast.com\/product\/yoast-seo-wordpress\/ -->\n<title>Direcci\u00f3n Fomento - Prefectura de Manab\u00ed<\/title>\n<meta name=\"robots\" content=\"index, follow, max-snippet:-1, max-image-preview:large, max-video-preview:-1\" \/>\n<link rel=\"canonical\" href=\"https:\/\/www.manabi.gob.ec\/index.php\/direccion-fomento\/\" \/>\n<meta property=\"og:locale\" content=\"es_ES\" \/>\n<meta property=\"og:type\" content=\"article\" \/>\n<meta property=\"og:title\" content=\"Direcci\u00f3n Fomento - Prefectura de Manab\u00ed\" \/>\n<meta property=\"og:description\" content=\"[vc_row bg_overlay_mode=\u00bbcolor\u00bb css=\u00bb.vc_custom_1630102865600{background-color: #424242 !important;}\u00bb bg_overlay_color=\u00bb#191919&#8243;][vc_column][gsf_space desktop=\u00bb90&#8243; tablet=\u00bb70&#8243; tablet_portrait=\u00bb60&#8243; mobile_landscape=\u00bb50&#8243; mobile=\u00bb40&#8243;][gsf_page_title font_container=\u00bbfont_size:45|text_align:center|color:%23f7f7f7&#8243;][vc_column_text] \u00a0Transparencia en los procesos [\/vc_column_text][\/vc_column][\/vc_row][vc_row disable_element=\u00bbyes\u00bb css=\u00bb.vc_custom_1775053713752{background-color: #efefef !important;}\u00bb][vc_column][vc_empty_space height=\u00bb40px\u00bb][gsf_slider_container nav_position=\u00bbnav-bottom-center\u00bb nav_style=\u00bbnav-circle-icon\u00bb autoplay=\u00bbon\u00bb margin=\u00bb10&#8243; columns=\u00bb4&#8243; columns_md=\u00bb3&#8243; columns_sm=\u00bb2&#8243; columns_xs=\u00bb1&#8243; columns_mb=\u00bb1&#8243;][vc_column_text css=\u00bb.vc_custom_1636750929470{padding-top: 7px !important;padding-right: 10px !important;padding-bottom: 7px !important;padding-left: 10px !important;background-color: #eb9421 !important;}\u00bb] Administrativa [\/vc_column_text][vc_column_text css=\u00bb.vc_custom_1636750943005{padding-top: 7px !important;padding-right: 10px !important;padding-bottom: 7px !important;padding-left: 10px !important;background-color: #eb9421 !important;}\u00bb] [&hellip;]\" \/>\n<meta property=\"og:url\" content=\"https:\/\/www.manabi.gob.ec\/index.php\/direccion-fomento\/\" \/>\n<meta property=\"og:site_name\" content=\"Prefectura de Manab\u00ed\" \/>\n<meta property=\"article:modified_time\" content=\"2026-04-27T19:15:36+00:00\" \/>\n<meta name=\"twitter:card\" content=\"summary_large_image\" \/>\n<meta name=\"twitter:label1\" content=\"Tiempo de lectura\" \/>\n\t<meta name=\"twitter:data1\" content=\"20 minutos\" \/>\n<script type=\"application\/ld+json\" class=\"yoast-schema-graph\">{\"@context\":\"https:\\\/\\\/schema.org\",\"@graph\":[{\"@type\":\"WebPage\",\"@id\":\"https:\\\/\\\/www.manabi.gob.ec\\\/index.php\\\/direccion-fomento\\\/\",\"url\":\"https:\\\/\\\/www.manabi.gob.ec\\\/index.php\\\/direccion-fomento\\\/\",\"name\":\"Direcci\u00f3n Fomento - Prefectura de Manab\u00ed\",\"isPartOf\":{\"@id\":\"https:\\\/\\\/www.manabi.gob.ec\\\/#website\"},\"datePublished\":\"2021-10-19T17:20:34+00:00\",\"dateModified\":\"2026-04-27T19:15:36+00:00\",\"breadcrumb\":{\"@id\":\"https:\\\/\\\/www.manabi.gob.ec\\\/index.php\\\/direccion-fomento\\\/#breadcrumb\"},\"inLanguage\":\"es\",\"potentialAction\":[{\"@type\":\"ReadAction\",\"target\":[\"https:\\\/\\\/www.manabi.gob.ec\\\/index.php\\\/direccion-fomento\\\/\"]}]},{\"@type\":\"BreadcrumbList\",\"@id\":\"https:\\\/\\\/www.manabi.gob.ec\\\/index.php\\\/direccion-fomento\\\/#breadcrumb\",\"itemListElement\":[{\"@type\":\"ListItem\",\"position\":1,\"name\":\"Portada\",\"item\":\"https:\\\/\\\/www.manabi.gob.ec\\\/\"},{\"@type\":\"ListItem\",\"position\":2,\"name\":\"Direcci\u00f3n Fomento\"}]},{\"@type\":\"WebSite\",\"@id\":\"https:\\\/\\\/www.manabi.gob.ec\\\/#website\",\"url\":\"https:\\\/\\\/www.manabi.gob.ec\\\/\",\"name\":\"Prefectura de Manab\u00ed\",\"description\":\"P\u00e1gina web de la prefectura\",\"potentialAction\":[{\"@type\":\"SearchAction\",\"target\":{\"@type\":\"EntryPoint\",\"urlTemplate\":\"https:\\\/\\\/www.manabi.gob.ec\\\/?s={search_term_string}\"},\"query-input\":{\"@type\":\"PropertyValueSpecification\",\"valueRequired\":true,\"valueName\":\"search_term_string\"}}],\"inLanguage\":\"es\"}]}<\/script>\n<!-- \/ Yoast SEO plugin. -->","yoast_head_json":{"title":"Direcci\u00f3n Fomento - Prefectura de Manab\u00ed","robots":{"index":"index","follow":"follow","max-snippet":"max-snippet:-1","max-image-preview":"max-image-preview:large","max-video-preview":"max-video-preview:-1"},"canonical":"https:\/\/www.manabi.gob.ec\/index.php\/direccion-fomento\/","og_locale":"es_ES","og_type":"article","og_title":"Direcci\u00f3n Fomento - Prefectura de Manab\u00ed","og_description":"[vc_row bg_overlay_mode=\u00bbcolor\u00bb css=\u00bb.vc_custom_1630102865600{background-color: #424242 !important;}\u00bb bg_overlay_color=\u00bb#191919&#8243;][vc_column][gsf_space desktop=\u00bb90&#8243; tablet=\u00bb70&#8243; tablet_portrait=\u00bb60&#8243; mobile_landscape=\u00bb50&#8243; mobile=\u00bb40&#8243;][gsf_page_title font_container=\u00bbfont_size:45|text_align:center|color:%23f7f7f7&#8243;][vc_column_text] \u00a0Transparencia en los procesos [\/vc_column_text][\/vc_column][\/vc_row][vc_row disable_element=\u00bbyes\u00bb css=\u00bb.vc_custom_1775053713752{background-color: #efefef !important;}\u00bb][vc_column][vc_empty_space height=\u00bb40px\u00bb][gsf_slider_container nav_position=\u00bbnav-bottom-center\u00bb nav_style=\u00bbnav-circle-icon\u00bb autoplay=\u00bbon\u00bb margin=\u00bb10&#8243; columns=\u00bb4&#8243; columns_md=\u00bb3&#8243; columns_sm=\u00bb2&#8243; columns_xs=\u00bb1&#8243; columns_mb=\u00bb1&#8243;][vc_column_text css=\u00bb.vc_custom_1636750929470{padding-top: 7px !important;padding-right: 10px !important;padding-bottom: 7px !important;padding-left: 10px !important;background-color: #eb9421 !important;}\u00bb] Administrativa [\/vc_column_text][vc_column_text css=\u00bb.vc_custom_1636750943005{padding-top: 7px !important;padding-right: 10px !important;padding-bottom: 7px !important;padding-left: 10px !important;background-color: #eb9421 !important;}\u00bb] [&hellip;]","og_url":"https:\/\/www.manabi.gob.ec\/index.php\/direccion-fomento\/","og_site_name":"Prefectura de Manab\u00ed","article_modified_time":"2026-04-27T19:15:36+00:00","twitter_card":"summary_large_image","twitter_misc":{"Tiempo de lectura":"20 minutos"},"schema":{"@context":"https:\/\/schema.org","@graph":[{"@type":"WebPage","@id":"https:\/\/www.manabi.gob.ec\/index.php\/direccion-fomento\/","url":"https:\/\/www.manabi.gob.ec\/index.php\/direccion-fomento\/","name":"Direcci\u00f3n Fomento - Prefectura de Manab\u00ed","isPartOf":{"@id":"https:\/\/www.manabi.gob.ec\/#website"},"datePublished":"2021-10-19T17:20:34+00:00","dateModified":"2026-04-27T19:15:36+00:00","breadcrumb":{"@id":"https:\/\/www.manabi.gob.ec\/index.php\/direccion-fomento\/#breadcrumb"},"inLanguage":"es","potentialAction":[{"@type":"ReadAction","target":["https:\/\/www.manabi.gob.ec\/index.php\/direccion-fomento\/"]}]},{"@type":"BreadcrumbList","@id":"https:\/\/www.manabi.gob.ec\/index.php\/direccion-fomento\/#breadcrumb","itemListElement":[{"@type":"ListItem","position":1,"name":"Portada","item":"https:\/\/www.manabi.gob.ec\/"},{"@type":"ListItem","position":2,"name":"Direcci\u00f3n Fomento"}]},{"@type":"WebSite","@id":"https:\/\/www.manabi.gob.ec\/#website","url":"https:\/\/www.manabi.gob.ec\/","name":"Prefectura de Manab\u00ed","description":"P\u00e1gina web de la prefectura","potentialAction":[{"@type":"SearchAction","target":{"@type":"EntryPoint","urlTemplate":"https:\/\/www.manabi.gob.ec\/?s={search_term_string}"},"query-input":{"@type":"PropertyValueSpecification","valueRequired":true,"valueName":"search_term_string"}}],"inLanguage":"es"}]}},"_links":{"self":[{"href":"https:\/\/www.manabi.gob.ec\/index.php\/wp-json\/wp\/v2\/pages\/18763","targetHints":{"allow":["GET"]}}],"collection":[{"href":"https:\/\/www.manabi.gob.ec\/index.php\/wp-json\/wp\/v2\/pages"}],"about":[{"href":"https:\/\/www.manabi.gob.ec\/index.php\/wp-json\/wp\/v2\/types\/page"}],"author":[{"embeddable":true,"href":"https:\/\/www.manabi.gob.ec\/index.php\/wp-json\/wp\/v2\/users\/1"}],"replies":[{"embeddable":true,"href":"https:\/\/www.manabi.gob.ec\/index.php\/wp-json\/wp\/v2\/comments?post=18763"}],"version-history":[{"count":22,"href":"https:\/\/www.manabi.gob.ec\/index.php\/wp-json\/wp\/v2\/pages\/18763\/revisions"}],"predecessor-version":[{"id":34400,"href":"https:\/\/www.manabi.gob.ec\/index.php\/wp-json\/wp\/v2\/pages\/18763\/revisions\/34400"}],"wp:attachment":[{"href":"https:\/\/www.manabi.gob.ec\/index.php\/wp-json\/wp\/v2\/media?parent=18763"}],"curies":[{"name":"wp","href":"https:\/\/api.w.org\/{rel}","templated":true}]}}