{"id":18951,"date":"2021-11-10T15:05:27","date_gmt":"2021-11-10T15:05:27","guid":{"rendered":"https:\/\/www.manabi.gob.ec\/?page_id=18951"},"modified":"2026-04-23T15:50:51","modified_gmt":"2026-04-23T15:50:51","slug":"direccion-ordenamiento","status":"publish","type":"page","link":"https:\/\/www.manabi.gob.ec\/index.php\/direccion-ordenamiento\/","title":{"rendered":"Direcci\u00f3n de Planificaci\u00f3n para el Desarrollo"},"content":{"rendered":"<p>[vc_row bg_overlay_mode=\u00bbcolor\u00bb css=\u00bb.vc_custom_1630102865600{background-color: #424242 !important;}\u00bb bg_overlay_color=\u00bb#191919&#8243;][vc_column][gsf_space desktop=\u00bb90&#8243; tablet=\u00bb70&#8243; tablet_portrait=\u00bb60&#8243; mobile_landscape=\u00bb50&#8243; mobile=\u00bb40&#8243;][gsf_page_title font_container=\u00bbfont_size:45|text_align:center|color:%23f7f7f7&#8243;][vc_column_text]<\/p>\n<p style=\"text-align: center;\"><span style=\"color: #ffffff;\">\u00a0<a style=\"color: #ffffff;\" href=\"https:\/\/www.manabi.gob.ec\/index.php\/transparencia-en-los-procesos\/\">Transparencia en los procesos<\/a><\/span><\/p>\n<p>[\/vc_column_text][\/vc_column][\/vc_row][vc_row disable_element=\u00bbyes\u00bb css=\u00bb.vc_custom_1775055937572{background-color: #efefef !important;}\u00bb][vc_column][vc_empty_space height=\u00bb40px\u00bb][gsf_slider_container nav_position=\u00bbnav-bottom-center\u00bb nav_style=\u00bbnav-circle-icon\u00bb autoplay=\u00bbon\u00bb margin=\u00bb10&#8243; columns=\u00bb4&#8243; columns_md=\u00bb3&#8243; columns_sm=\u00bb2&#8243; columns_xs=\u00bb1&#8243; columns_mb=\u00bb1&#8243;][vc_column_text css=\u00bb.vc_custom_1636985649449{padding-top: 7px !important;padding-right: 10px !important;padding-bottom: 7px !important;padding-left: 10px !important;background-color: #eb9421 !important;}\u00bb]<\/p>\n<p style=\"text-align: center;\"><a href=\"https:\/\/www.manabi.gob.ec\/index.php\/direccion-administrativa\/\"><span style=\"color: #ffffff; font-size: 16px;\">Administrativa<\/span><\/a><\/p>\n<p>[\/vc_column_text][vc_column_text css=\u00bb.vc_custom_1636985662262{padding-top: 7px !important;padding-right: 10px !important;padding-bottom: 7px !important;padding-left: 10px !important;background-color: #eb9421 !important;}\u00bb]<\/p>\n<p style=\"text-align: center;\"><a href=\"https:\/\/www.manabi.gob.ec\/index.php\/direccion-ambiente\/\"><span style=\"color: #ffffff; font-size: 16px;\">Ambiente y Riesgo<\/span><\/a><\/p>\n<p>[\/vc_column_text][vc_column_text css=\u00bb.vc_custom_1636985668950{padding-top: 7px !important;padding-right: 10px !important;padding-bottom: 7px !important;padding-left: 10px !important;background-color: #eb9421 !important;}\u00bb]<\/p>\n<p style=\"text-align: center;\"><a href=\"https:\/\/www.manabi.gob.ec\/index.php\/direccion-comunicacion\/\"><span style=\"color: #ffffff; font-size: 16px;\">Comunicaci\u00f3n institucional<\/span><\/a><\/p>\n<p>[\/vc_column_text][vc_column_text css=\u00bb.vc_custom_1636985194855{padding-top: 7px !important;padding-right: 10px !important;padding-bottom: 7px !important;padding-left: 10px !important;background-color: #eb9421 !important;}\u00bb]<\/p>\n<p style=\"text-align: center;\"><a href=\"https:\/\/www.manabi.gob.ec\/index.php\/direccion-desarrollo\/\"><span style=\"color: #ffffff; font-size: 16px;\">Desarrollo Social<\/span><\/a><\/p>\n<p>[\/vc_column_text][vc_column_text css=\u00bb.vc_custom_1636985230599{padding-top: 7px !important;padding-right: 10px !important;padding-bottom: 7px !important;padding-left: 10px !important;background-color: #eb9421 !important;}\u00bb]<\/p>\n<p style=\"text-align: center;\"><a href=\"https:\/\/www.manabi.gob.ec\/index.php\/direccion-fomento\/\"><span style=\"color: #ffffff; font-size: 16px;\">Fomento Productivo<\/span><\/a><\/p>\n<p>[\/vc_column_text][vc_column_text css=\u00bb.vc_custom_1636985264598{padding-top: 7px !important;padding-right: 10px !important;padding-bottom: 7px !important;padding-left: 10px !important;background-color: #eb9421 !important;}\u00bb]<\/p>\n<p style=\"text-align: center;\"><a href=\"https:\/\/www.manabi.gob.ec\/index.php\/direccion-gestion\/\"><span style=\"color: #ffffff; font-size: 16px;\">Gesti\u00f3n y Mantenimiento Vial<\/span><\/a><\/p>\n<p>[\/vc_column_text][vc_column_text css=\u00bb.vc_custom_1636985293317{padding-top: 7px !important;padding-right: 10px !important;padding-bottom: 7px !important;padding-left: 10px !important;background-color: #eb9421 !important;}\u00bb]<\/p>\n<p style=\"text-align: center;\"><a href=\"https:\/\/www.manabi.gob.ec\/index.php\/direccion-innovacion\/\"><span style=\"color: #ffffff; font-size: 16px;\">Innovaci\u00f3n y Mejora Continua<\/span><\/a><\/p>\n<p>[\/vc_column_text][vc_column_text css=\u00bb.vc_custom_1636985362829{padding-top: 7px !important;padding-right: 10px !important;padding-bottom: 7px !important;padding-left: 10px !important;background-color: #eb9421 !important;}\u00bb]<\/p>\n<p style=\"text-align: center;\"><a href=\"https:\/\/www.manabi.gob.ec\/index.php\/direccion-talento\/\"><span style=\"color: #ffffff; font-size: 16px;\">Talento Humano<\/span><\/a><\/p>\n<p>[\/vc_column_text][vc_column_text css=\u00bb.vc_custom_1636985429119{padding-top: 7px !important;padding-right: 10px !important;padding-bottom: 7px !important;padding-left: 10px !important;background-color: #eb9421 !important;}\u00bb]<\/p>\n<p style=\"text-align: center;\"><a href=\"https:\/\/www.manabi.gob.ec\/index.php\/direccion-riego\/\"><span style=\"color: #ffffff; font-size: 16px;\">Riego y Drenaje<\/span><\/a><\/p>\n<p>[\/vc_column_text][vc_column_text css=\u00bb.vc_custom_1636985462837{padding-top: 7px !important;padding-right: 10px !important;padding-bottom: 7px !important;padding-left: 10px !important;background-color: #eb9421 !important;}\u00bb]<\/p>\n<p style=\"text-align: center;\"><a href=\"https:\/\/www.manabi.gob.ec\/index.php\/direccion-tecnologia\/\"><span style=\"color: #ffffff; font-size: 16px;\">Tecnolog\u00eda<\/span><\/a><\/p>\n<p>[\/vc_column_text][vc_column_text css=\u00bb.vc_custom_1636985501216{padding-top: 7px !important;padding-right: 10px !important;padding-bottom: 7px !important;padding-left: 10px !important;background-color: #eb9421 !important;}\u00bb]<\/p>\n<p style=\"text-align: center;\"><a href=\"https:\/\/www.manabi.gob.ec\/index.php\/direccion-turismo\/\"><span style=\"color: #ffffff; font-size: 16px;\">Turismo Cultura y Patrimonio<\/span><\/a><\/p>\n<p>[\/vc_column_text][vc_column_text css=\u00bb.vc_custom_1636985537918{padding-top: 7px !important;padding-right: 10px !important;padding-bottom: 7px !important;padding-left: 10px !important;background-color: #eb9421 !important;}\u00bb]<\/p>\n<p style=\"text-align: center;\"><a href=\"https:\/\/www.manabi.gob.ec\/index.php\/direccion-ordenamiento\/\"><span style=\"color: #ffffff; font-size: 16px;\">Planificaci\u00f3n para el Desarrollo y Ordenamiento Territorial<\/span><\/a><\/p>\n<p>[\/vc_column_text][vc_column_text css=\u00bb.vc_custom_1647963905696{padding-top: 7px !important;padding-right: 10px !important;padding-bottom: 7px !important;padding-left: 10px !important;background-color: #eb9421 !important;}\u00bb]<\/p>\n<p style=\"text-align: center;\"><a href=\"https:\/\/www.manabi.gob.ec\/index.php\/direccion-de-proyectos\/\"><span style=\"color: #ffffff; font-size: 16px;\">Direcci\u00f3n de Proyectos<\/span><\/a><\/p>\n<p>[\/vc_column_text][vc_column_text css=\u00bb.vc_custom_1647963920028{padding-top: 7px !important;padding-right: 10px !important;padding-bottom: 7px !important;padding-left: 10px !important;background-color: #eb9421 !important;}\u00bb]<\/p>\n<p style=\"text-align: center;\"><a href=\"https:\/\/www.manabi.gob.ec\/index.php\/estudios-y-fiscalizacion\/\"><span style=\"color: #ffffff; font-size: 16px;\">Estudios y Fiscalizaci\u00f3n<\/span><\/a><\/p>\n<p>[\/vc_column_text][\/gsf_slider_container][vc_empty_space height=\u00bb70px\u00bb][\/vc_column][\/vc_row][vc_row color_skin=\u00bbskin-light\u00bb equal_height=\u00bbyes\u00bb parallax=\u00bbcontent-moving\u00bb css=\u00bb.vc_custom_1775055947055{padding-top: 25px !important;background-color: #efefef !important;background-position: center;background-repeat: no-repeat !important;background-size: cover !important;}\u00bb][vc_column css=\u00bb.vc_custom_1622148120192{background-position: center !important;background-repeat: no-repeat !important;background-size: cover !important;}\u00bb offset=\u00bbvc_col-xs-12&#8243;][vc_tta_tabs active_section=\u00bb1&#8243;][vc_tta_section title=\u00bb2025&#8243; tab_id=\u00bb1775055446627-a16beac6-5d5d\u00bb][vc_text_separator title=\u00bbENERO\u00bb color=\u00bbblack\u00bb css=\u00bb.vc_custom_1776891248948{margin-bottom: 25px !important;}\u00bb][vc_row_inner css=\u00bb.vc_custom_1640029289863{background-color: #dbdbdb !important;}\u00bb][vc_column_inner width=\u00bb3\/6&#8243;][vc_column_text css=\u00bb.vc_custom_1637078151075{padding-top: 1px !important;padding-right: 10px !important;padding-bottom: 1px !important;padding-left: 10px !important;}\u00bb]<\/p>\n<h6 style=\"text-align: center;\"><span style=\"color: #000000;\">OBJETO DEL PROCESO<\/span><\/h6>\n<p>[\/vc_column_text][vc_column_text el_class=\u00bb\u00bb]<\/p>\n<p style=\"font-size: 10px; line-height: 13px;\">SERVICIO DE ESQUEMATIZACI\u00d3N, DEAGRAMAC\u00d3N DEL PLAN DE DESARROLLO Y ORDENAMIENTO TERRITORIAL DE MANAB\u00cd 2024-2027<\/p>\n<p>[\/vc_column_text][\/vc_column_inner][vc_column_inner width=\u00bb1\/6&#8243;][vc_column_text css=\u00bb.vc_custom_1637078182604{padding-top: 1px !important;padding-right: 10px !important;padding-bottom: 1px !important;padding-left: 10px !important;}\u00bb]<\/p>\n<h6 style=\"text-align: center;\"><span style=\"color: #000000;\">TIPO DE CONTRATACI\u00d3N<\/span><\/h6>\n<p>[\/vc_column_text][vc_column_text el_class=\u00bb\u00bb]<\/p>\n<p style=\"text-align: center; font-size: 15px; font-weight: bold; line-height: 17px;\"><span style=\"color: #000000;\">Menor Cuant\u00eda<\/span><\/p>\n<p>[\/vc_column_text][\/vc_column_inner][vc_column_inner width=\u00bb1\/6&#8243;][vc_column_text css=\u00bb.vc_custom_1637078198493{padding-top: 1px !important;padding-right: 10px !important;padding-bottom: 1px !important;padding-left: 10px !important;}\u00bb]<\/p>\n<h6 style=\"text-align: center;\"><span style=\"color: #000000;\">PRESUPUESTO REFERENCIAL<\/span><\/h6>\n<p>[\/vc_column_text][vc_column_text el_class=\u00bb\u00bb]<\/p>\n<p style=\"text-align: center; font-size: 15px; font-weight: bold; line-height: 17px;\"><span style=\"color: #000000;\">$ 49,500.00<\/span><\/p>\n<p>[\/vc_column_text][\/vc_column_inner][vc_column_inner width=\u00bb1\/6&#8243;][vc_column_text css=\u00bb.vc_custom_1637078214452{padding-top: 1px !important;padding-right: 10px !important;padding-bottom: 1px !important;padding-left: 10px !important;}\u00bb]<\/p>\n<h6 style=\"text-align: center;\"><span style=\"color: #000000;\">C\u00d3DIGO DEL PROCESO<\/span><\/h6>\n<p>[\/vc_column_text][vc_column_text el_class=\u00bb\u00bb css=\u00bb.vc_custom_1776959383398{background-color: #dbdbdb !important;}\u00bb]<\/p>\n<p style=\"text-align: center; font-size: 13px; font-weight: bold; line-height: 17px; color: #eb9421;\"><a href=\"https:\/\/www.compraspublicas.gob.ec\/ProcesoContratacion\/compras\/PC\/informacionProcesoContratacion2.cpe?idSoliCompra=xAwr5ZuSExnW-mGDm3I6InHadIvtnkEv87tm27R6U4s,\" target=\"_blank\" rel=\"noopener\">MCS-GADPDM-2025-001<\/a><\/p>\n<p>[\/vc_column_text][\/vc_column_inner][\/vc_row_inner][\/vc_tta_section][vc_tta_section title=\u00bb2024&#8243; tab_id=\u00bb1776891180226-03fc3728-de38&#8243;][vc_text_separator title=\u00bbOCTUBRE\u00bb color=\u00bbblack\u00bb css=\u00bb.vc_custom_1776891177301{margin-bottom: 25px !important;}\u00bb][vc_row_inner][vc_column_inner width=\u00bb3\/6&#8243;][vc_column_text css=\u00bb.vc_custom_1637078151075{padding-top: 1px !important;padding-right: 10px !important;padding-bottom: 1px !important;padding-left: 10px !important;}\u00bb]<\/p>\n<h6 style=\"text-align: center;\"><span style=\"color: #000000;\">OBJETO DEL PROCESO<\/span><\/h6>\n<p>[\/vc_column_text][vc_column_text]<\/p>\n<p style=\"font-size: 10px; line-height: 13px;\">SERVICIO DE ESQUEMATIZACI\u00d3N, DIAGRAMACI\u00d3N DEL PLAN DE DESARROLLO Y ORDENAMIENTO TERRITORIAL DE MANAB\u00cd 2024-2027, EN DISTINTAS VERSIONES.<\/p>\n<p>[\/vc_column_text][\/vc_column_inner][vc_column_inner width=\u00bb1\/6&#8243;][vc_column_text css=\u00bb.vc_custom_1637078182604{padding-top: 1px !important;padding-right: 10px !important;padding-bottom: 1px !important;padding-left: 10px !important;}\u00bb]<\/p>\n<h6 style=\"text-align: center;\"><span style=\"color: #000000;\">TIPO DE CONTRATACI\u00d3N<\/span><\/h6>\n<p>[\/vc_column_text][vc_column_text]<\/p>\n<p style=\"text-align: center; font-size: 15px; font-weight: bold; line-height: 17px;\"><span style=\"color: #000000;\">\u00a0Menor Cuant\u00eda<\/span><\/p>\n<p>[\/vc_column_text][\/vc_column_inner][vc_column_inner width=\u00bb1\/6&#8243;][vc_column_text css=\u00bb.vc_custom_1637078198493{padding-top: 1px !important;padding-right: 10px !important;padding-bottom: 1px !important;padding-left: 10px !important;}\u00bb]<\/p>\n<h6 style=\"text-align: center;\"><span style=\"color: #000000;\">PRESUPUESTO REFERENCIAL<\/span><\/h6>\n<p>[\/vc_column_text][vc_column_text]<\/p>\n<p style=\"text-align: center; font-size: 15px; font-weight: bold; line-height: 17px;\"><span style=\"color: #000000;\">$ 49,500.00<\/span><\/p>\n<p>[\/vc_column_text][\/vc_column_inner][vc_column_inner width=\u00bb1\/6&#8243;][vc_column_text css=\u00bb.vc_custom_1637078214452{padding-top: 1px !important;padding-right: 10px !important;padding-bottom: 1px !important;padding-left: 10px !important;}\u00bb]<\/p>\n<h6 style=\"text-align: center;\"><span style=\"color: #000000;\">C\u00d3DIGO DEL PROCESO<\/span><\/h6>\n<p>[\/vc_column_text][vc_column_text css=\u00bb.vc_custom_1775071732298{background-color: #dbdbdb !important;}\u00bb]<\/p>\n<p style=\"text-align: center; font-size: 13px; font-weight: bold; line-height: 17px; color: #eb9421;\"><a href=\"https:\/\/www.compraspublicas.gob.ec\/ProcesoContratacion\/compras\/PC\/informacionProcesoContratacion2.cpe?idSoliCompra=cAMi2qDD4Hh0K4KVShOZkbqAEVfHStvIEbP77NLnmY4,\" target=\"_blank\" rel=\"noopener\">MCS-GADPDM-2024-003<\/a><\/p>\n<p>[\/vc_column_text][\/vc_column_inner][\/vc_row_inner][\/vc_tta_section][vc_tta_section title=\u00bb2021&#8243; tab_id=\u00bb1634321355791-64b4826a-a240&#8243;][vc_text_separator title=\u00bbOCTUBRE\u00bb color=\u00bbblack\u00bb css=\u00bb.vc_custom_1636570860898{margin-bottom: 25px !important;}\u00bb][vc_row_inner css=\u00bb.vc_custom_1640031349909{background-color: #dbdbdb !important;}\u00bb][vc_column_inner width=\u00bb3\/6&#8243;][vc_column_text css=\u00bb.vc_custom_1637078151075{padding-top: 1px !important;padding-right: 10px !important;padding-bottom: 1px !important;padding-left: 10px !important;}\u00bb]<\/p>\n<h6 style=\"text-align: center;\"><span style=\"color: #000000;\">OBJETO DEL PROCESO<\/span><\/h6>\n<p>[\/vc_column_text][vc_column_text]<\/p>\n<p style=\"font-size: 10px; line-height: 13px;\">ADQUISICION DE EQUIPOS DE VIDEOCONFERENCIA PARA EL GPM.<\/p>\n<p>[\/vc_column_text][\/vc_column_inner][vc_column_inner width=\u00bb1\/6&#8243;][vc_column_text css=\u00bb.vc_custom_1637078182604{padding-top: 1px !important;padding-right: 10px !important;padding-bottom: 1px !important;padding-left: 10px !important;}\u00bb]<\/p>\n<h6 style=\"text-align: center;\"><span style=\"color: #000000;\">TIPO DE CONTRATACI\u00d3N<\/span><\/h6>\n<p>[\/vc_column_text][vc_column_text]<\/p>\n<p style=\"text-align: center; font-size: 15px; font-weight: bold; line-height: 17px;\"><span style=\"color: #000000;\">Subasta Inversa Electr\u00f3nica<\/span><\/p>\n<p>[\/vc_column_text][\/vc_column_inner][vc_column_inner width=\u00bb1\/6&#8243;][vc_column_text css=\u00bb.vc_custom_1637078198493{padding-top: 1px !important;padding-right: 10px !important;padding-bottom: 1px !important;padding-left: 10px !important;}\u00bb]<\/p>\n<h6 style=\"text-align: center;\"><span style=\"color: #000000;\">PRESUPUESTO REFERENCIAL<\/span><\/h6>\n<p>[\/vc_column_text][vc_column_text]<\/p>\n<p style=\"text-align: center; font-size: 15px; font-weight: bold; line-height: 17px;\">NO DISPONIBLE<\/p>\n<p>[\/vc_column_text][\/vc_column_inner][vc_column_inner width=\u00bb1\/6&#8243;][vc_column_text css=\u00bb.vc_custom_1637078214452{padding-top: 1px !important;padding-right: 10px !important;padding-bottom: 1px !important;padding-left: 10px !important;}\u00bb]<\/p>\n<h6 style=\"text-align: center;\"><span style=\"color: #000000;\">C\u00d3DIGO DEL PROCESO<\/span><\/h6>\n<p>[\/vc_column_text][vc_column_text]<\/p>\n<p style=\"text-align: center; font-size: 13px; font-weight: bold; line-height: 17px; color: #eb9421;\"><a href=\"https:\/\/www.compraspublicas.gob.ec\/ProcesoContratacion\/compras\/PC\/informacionProcesoContratacion2.cpe?idSoliCompra=SWEkL_kFELz7_KEH7wKV9frGoJPMDhWucBoKBUjhUH0,\" target=\"_blank\" rel=\"noopener\">SIE-GPM-039-2021<\/a><\/p>\n<p>[\/vc_column_text][\/vc_column_inner][\/vc_row_inner][\/vc_tta_section][vc_tta_section title=\u00bb2020&#8243; tab_id=\u00bb1637959799057-5071277e-0ff4&#8243;][vc_text_separator title=\u00bbOCTUBRE\u00bb color=\u00bbblack\u00bb css=\u00bb.vc_custom_1636570860898{margin-bottom: 25px !important;}\u00bb][vc_row_inner css=\u00bb.vc_custom_1637960520407{background-color: #dbdbdb !important;}\u00bb][vc_column_inner width=\u00bb3\/6&#8243;][vc_column_text css=\u00bb.vc_custom_1637078151075{padding-top: 1px !important;padding-right: 10px !important;padding-bottom: 1px !important;padding-left: 10px !important;}\u00bb]<\/p>\n<h6 style=\"text-align: center;\"><span style=\"color: #000000;\">OBJETO DEL PROCESO<\/span><\/h6>\n<p>[\/vc_column_text][vc_column_text]<\/p>\n<p style=\"font-size: 10px; line-height: 13px;\">CONSULTOR\u00cdA DE ASISTENCIA T\u00c9CNICA ORGANIZACIONAL Y ACOMPA\u00d1AMIENTO ESTRAT\u00c9GICO A TRAV\u00c9S DE LA INCORPORACI\u00d3N DE HERRAMIENTAS, METODOLOG\u00cdAS Y T\u00c9CNICAS QUE CONTRIBUYAN AL CUMPLIMIENTO DE LA PLANIFICACI\u00d3N INSTITUCIONAL.<\/p>\n<p>[\/vc_column_text][\/vc_column_inner][vc_column_inner width=\u00bb1\/6&#8243;][vc_column_text css=\u00bb.vc_custom_1637078182604{padding-top: 1px !important;padding-right: 10px !important;padding-bottom: 1px !important;padding-left: 10px !important;}\u00bb]<\/p>\n<h6 style=\"text-align: center;\"><span style=\"color: #000000;\">TIPO DE CONTRATACI\u00d3N<\/span><\/h6>\n<p>[\/vc_column_text][vc_column_text]<\/p>\n<p style=\"text-align: center; font-size: 15px; font-weight: bold; line-height: 17px;\"><span style=\"color: #000000;\">\u00a0Contrataci\u00f3n directa<\/span><\/p>\n<p>[\/vc_column_text][\/vc_column_inner][vc_column_inner width=\u00bb1\/6&#8243;][vc_column_text css=\u00bb.vc_custom_1637078198493{padding-top: 1px !important;padding-right: 10px !important;padding-bottom: 1px !important;padding-left: 10px !important;}\u00bb]<\/p>\n<h6 style=\"text-align: center;\"><span style=\"color: #000000;\">PRESUPUESTO REFERENCIAL<\/span><\/h6>\n<p>[\/vc_column_text][vc_column_text]<\/p>\n<p style=\"text-align: center; font-size: 15px; font-weight: bold; line-height: 17px;\"><span style=\"color: #000000;\">$ 69,790.00<\/span><\/p>\n<p>[\/vc_column_text][\/vc_column_inner][vc_column_inner width=\u00bb1\/6&#8243;][vc_column_text css=\u00bb.vc_custom_1637078214452{padding-top: 1px !important;padding-right: 10px !important;padding-bottom: 1px !important;padding-left: 10px !important;}\u00bb]<\/p>\n<h6 style=\"text-align: center;\"><span style=\"color: #000000;\">C\u00d3DIGO DEL PROCESO<\/span><\/h6>\n<p>[\/vc_column_text][vc_column_text css=\u00bb.vc_custom_1637960402066{background-color: #dbdbdb !important;}\u00bb]<\/p>\n<p style=\"text-align: center; font-size: 13px; font-weight: bold; line-height: 17px; color: #eb9421;\"><a href=\"https:\/\/www.compraspublicas.gob.ec\/ProcesoContratacion\/compras\/PC\/informacionProcesoContratacion2.cpe?idSoliCompra=1V6gnqm0yZDrUk6TeLoBob1SGoqQgjRdPXMKUvJL3aE,\" target=\"_blank\" rel=\"noopener\">CDC-GPM-014-2020<\/a><\/p>\n<p>[\/vc_column_text][\/vc_column_inner][\/vc_row_inner][\/vc_tta_section][vc_tta_section title=\u00bb2019&#8243; tab_id=\u00bb1776891194764-6ca8e55b-74f5&#8243;][vc_text_separator title=\u00bbSEPTIEMBRE\u00bb color=\u00bbblack\u00bb css=\u00bb.vc_custom_1640028722379{margin-bottom: 25px !important;}\u00bb][vc_row_inner css=\u00bb.vc_custom_1640029289863{background-color: #dbdbdb !important;}\u00bb][vc_column_inner width=\u00bb3\/6&#8243;][vc_column_text css=\u00bb.vc_custom_1637078151075{padding-top: 1px !important;padding-right: 10px !important;padding-bottom: 1px !important;padding-left: 10px !important;}\u00bb]<\/p>\n<h6 style=\"text-align: center;\"><span style=\"color: #000000;\">OBJETO DEL PROCESO<\/span><\/h6>\n<p>[\/vc_column_text][vc_column_text]<\/p>\n<p style=\"font-size: 10px; line-height: 13px;\">CONSULTOR\u00cdA PARA UN AN\u00c1LISIS DE MODALIDADES DE GESTI\u00d3N PARA EL EJERCICIO DE COMPETENCIAS DEL GOBIERNO AUT\u00d3NOMO DESCENTRALIZADO PROVINCIAL DE MANAB\u00cdL DE MANAB\u00cd.<\/p>\n<p>[\/vc_column_text][\/vc_column_inner][vc_column_inner width=\u00bb1\/6&#8243;][vc_column_text css=\u00bb.vc_custom_1637078182604{padding-top: 1px !important;padding-right: 10px !important;padding-bottom: 1px !important;padding-left: 10px !important;}\u00bb]<\/p>\n<h6 style=\"text-align: center;\"><span style=\"color: #000000;\">TIPO DE CONTRATACI\u00d3N<\/span><\/h6>\n<p>[\/vc_column_text][vc_column_text]<\/p>\n<p style=\"text-align: center; font-size: 15px; font-weight: bold; line-height: 17px;\"><span style=\"color: #000000;\">\u00a0Contrataci\u00f3n directa<\/span><\/p>\n<p>[\/vc_column_text][\/vc_column_inner][vc_column_inner width=\u00bb1\/6&#8243;][vc_column_text css=\u00bb.vc_custom_1637078198493{padding-top: 1px !important;padding-right: 10px !important;padding-bottom: 1px !important;padding-left: 10px !important;}\u00bb]<\/p>\n<h6 style=\"text-align: center;\"><span style=\"color: #000000;\">PRESUPUESTO REFERENCIAL<\/span><\/h6>\n<p>[\/vc_column_text][vc_column_text]<\/p>\n<p style=\"text-align: center; font-size: 15px; font-weight: bold; line-height: 17px;\"><span style=\"color: #000000;\">$ 14,285.00<\/span><\/p>\n<p>[\/vc_column_text][\/vc_column_inner][vc_column_inner width=\u00bb1\/6&#8243;][vc_column_text css=\u00bb.vc_custom_1637078214452{padding-top: 1px !important;padding-right: 10px !important;padding-bottom: 1px !important;padding-left: 10px !important;}\u00bb]<\/p>\n<h6 style=\"text-align: center;\"><span style=\"color: #000000;\">C\u00d3DIGO DEL PROCESO<\/span><\/h6>\n<p>[\/vc_column_text][vc_column_text css=\u00bb.vc_custom_1640035690858{background-color: #dbdbdb !important;}\u00bb]<\/p>\n<p style=\"text-align: center; font-size: 13px; font-weight: bold; line-height: 17px; color: #eb9421;\"><a href=\"https:\/\/www.compraspublicas.gob.ec\/ProcesoContratacion\/compras\/PC\/informacionProcesoContratacion2.cpe?idSoliCompra=A3oM6iL2K6SKhluDvmuIo0Gq2CExK4MUEe1RaFwWLCE,\" target=\"_blank\" rel=\"noopener\">CDC-004-GPM-2019<\/a><\/p>\n<p>[\/vc_column_text][\/vc_column_inner][\/vc_row_inner][vc_text_separator title=\u00bbNOVIEMBRE\u00bb color=\u00bbblack\u00bb css=\u00bb.vc_custom_1640028929322{margin-bottom: 25px !important;}\u00bb][vc_row_inner][vc_column_inner width=\u00bb3\/6&#8243;][vc_column_text css=\u00bb.vc_custom_1637078151075{padding-top: 1px !important;padding-right: 10px !important;padding-bottom: 1px !important;padding-left: 10px !important;}\u00bb]<\/p>\n<h6 style=\"text-align: center;\"><span style=\"color: #000000;\">OBJETO DEL PROCESO<\/span><\/h6>\n<p>[\/vc_column_text][vc_column_text]<\/p>\n<p style=\"font-size: 10px; line-height: 13px;\">CONSULTOR\u00cdA PARA UN AN\u00c1LISIS DE MODALIDADES DE GESTI\u00d3N PARA EL EJERCICIO DE COMPETENCIAS DEL GOBIERNO AUT\u00d3NOMO DESCENTRALIZADO PROVINCIAL DE MANAB\u00cd.<\/p>\n<p>[\/vc_column_text][\/vc_column_inner][vc_column_inner width=\u00bb1\/6&#8243;][vc_column_text css=\u00bb.vc_custom_1637078182604{padding-top: 1px !important;padding-right: 10px !important;padding-bottom: 1px !important;padding-left: 10px !important;}\u00bb]<\/p>\n<h6 style=\"text-align: center;\"><span style=\"color: #000000;\">TIPO DE CONTRATACI\u00d3N<\/span><\/h6>\n<p>[\/vc_column_text][vc_column_text]<\/p>\n<p style=\"text-align: center; font-size: 15px; font-weight: bold; line-height: 17px;\"><span style=\"color: #000000;\">\u00a0Contrataci\u00f3n directa<\/span><\/p>\n<p>[\/vc_column_text][\/vc_column_inner][vc_column_inner width=\u00bb1\/6&#8243;][vc_column_text css=\u00bb.vc_custom_1637078198493{padding-top: 1px !important;padding-right: 10px !important;padding-bottom: 1px !important;padding-left: 10px !important;}\u00bb]<\/p>\n<h6 style=\"text-align: center;\"><span style=\"color: #000000;\">PRESUPUESTO REFERENCIAL<\/span><\/h6>\n<p>[\/vc_column_text][vc_column_text]<\/p>\n<p style=\"text-align: center; font-size: 15px; font-weight: bold; line-height: 17px;\"><span style=\"color: #000000;\">$ 70,797.50<\/span><\/p>\n<p>[\/vc_column_text][\/vc_column_inner][vc_column_inner width=\u00bb1\/6&#8243;][vc_column_text css=\u00bb.vc_custom_1637078214452{padding-top: 1px !important;padding-right: 10px !important;padding-bottom: 1px !important;padding-left: 10px !important;}\u00bb]<\/p>\n<h6 style=\"text-align: center;\"><span style=\"color: #000000;\">C\u00d3DIGO DEL PROCESO<\/span><\/h6>\n<p>[\/vc_column_text][vc_column_text css=\u00bb.vc_custom_1640035727984{background-color: #dbdbdb !important;}\u00bb]<\/p>\n<p style=\"text-align: center; font-size: 13px; font-weight: bold; line-height: 17px; color: #eb9421;\"><a href=\"https:\/\/www.compraspublicas.gob.ec\/ProcesoContratacion\/compras\/PC\/informacionProcesoContratacion2.cpe?idSoliCompra=kugsA1vGMrFXYN7oVLucx_SGICVSVTgzHCElAZQLbFg,\" target=\"_blank\" rel=\"noopener\">CDC-008-GPM-2019<\/a><\/p>\n<p>[\/vc_column_text][\/vc_column_inner][\/vc_row_inner][vc_row_inner css=\u00bb.vc_custom_1640035226343{background-color: #dbdbdb !important;}\u00bb][vc_column_inner width=\u00bb3\/6&#8243;][vc_column_text]<\/p>\n<p style=\"font-size: 10px; line-height: 13px;\">CONSULTOR\u00cdA PARA EL DESARROLLO ECON\u00d3MICO TERRITORIAL DE MICRO REGIONES CON POTENCIAL DE DESARROLLO COMPETITIVO.<\/p>\n<p>[\/vc_column_text][\/vc_column_inner][vc_column_inner width=\u00bb1\/6&#8243;][vc_column_text]<\/p>\n<p style=\"text-align: center; font-size: 15px; font-weight: bold; line-height: 17px;\"><span style=\"color: #000000;\">\u00a0Contrataci\u00f3n directa<\/span><\/p>\n<p>[\/vc_column_text][\/vc_column_inner][vc_column_inner width=\u00bb1\/6&#8243;][vc_column_text]<\/p>\n<p style=\"text-align: center; font-size: 15px; font-weight: bold; line-height: 17px;\"><span style=\"color: #000000;\">$ 70,951.00 <\/span><\/p>\n<p>[\/vc_column_text][\/vc_column_inner][vc_column_inner width=\u00bb1\/6&#8243;][vc_column_text css=\u00bb.vc_custom_1640029664695{background-color: #dbdbdb !important;}\u00bb]<\/p>\n<p style=\"text-align: center; font-size: 13px; font-weight: bold; line-height: 17px; color: #eb9421;\"><a href=\"https:\/\/www.compraspublicas.gob.ec\/ProcesoContratacion\/compras\/PC\/informacionProcesoContratacion2.cpe?idSoliCompra=B0BFpEY2w86amhFN9zoQFON0ZzD8zigpvWP-sgM3K3Y,\" target=\"_blank\" rel=\"noopener\">CDC-010-GPM-2019<\/a><\/p>\n<p>[\/vc_column_text][\/vc_column_inner][\/vc_row_inner][vc_row_inner][vc_column_inner width=\u00bb3\/6&#8243;][vc_column_text]<\/p>\n<p style=\"font-size: 10px; line-height: 13px;\">CONSULTOR\u00cdA PARA EL DISE\u00d1O DEL MODELO DE GESTI\u00d3N POR PROCESOS DEL GOBIERNO AUT\u00d3NOMO DESCENTRALIZADO PROVINCIAL DE MANAB\u00cd.<\/p>\n<p>[\/vc_column_text][\/vc_column_inner][vc_column_inner width=\u00bb1\/6&#8243;][vc_column_text]<\/p>\n<p style=\"text-align: center; font-size: 15px; font-weight: bold; line-height: 17px;\"><span style=\"color: #000000;\">\u00a0Contrataci\u00f3n directa<\/span><\/p>\n<p>[\/vc_column_text][\/vc_column_inner][vc_column_inner width=\u00bb1\/6&#8243;][vc_column_text]<\/p>\n<p style=\"text-align: center; font-size: 15px; font-weight: bold; line-height: 17px;\"><span style=\"color: #000000;\">$ 48,830.00<\/span><\/p>\n<p>[\/vc_column_text][\/vc_column_inner][vc_column_inner width=\u00bb1\/6&#8243;][vc_column_text css=\u00bb.vc_custom_1640033348098{background-color: #dbdbdb !important;}\u00bb]<\/p>\n<p style=\"text-align: center; font-size: 13px; font-weight: bold; line-height: 17px; color: #eb9421;\"><a href=\"https:\/\/www.compraspublicas.gob.ec\/ProcesoContratacion\/compras\/PC\/informacionProcesoContratacion2.cpe?idSoliCompra=DKq0f9Nf3OUy6ChhRWk_Azycz2sNwRwZ8SIRCXrbBq8,\" target=\"_blank\" rel=\"noopener\">CDC-006-GPM-2019<\/a><\/p>\n<p>[\/vc_column_text][\/vc_column_inner][\/vc_row_inner][vc_text_separator title=\u00bbDICIEMBRE\u00bb color=\u00bbblack\u00bb css=\u00bb.vc_custom_1640034934763{margin-bottom: 25px !important;}\u00bb][vc_row_inner css=\u00bb.vc_custom_1640035234527{background-color: #dbdbdb !important;}\u00bb][vc_column_inner width=\u00bb3\/6&#8243;][vc_column_text css=\u00bb.vc_custom_1637078151075{padding-top: 1px !important;padding-right: 10px !important;padding-bottom: 1px !important;padding-left: 10px !important;}\u00bb]<\/p>\n<h6 style=\"text-align: center;\"><span style=\"color: #000000;\">OBJETO DEL PROCESO<\/span><\/h6>\n<p>[\/vc_column_text][vc_column_text]<\/p>\n<p style=\"font-size: 10px; line-height: 13px;\">CONSULTOR\u00cdA PARA LA DEFINICI\u00d3N METODOL\u00d3GICA QUE PERMITA A TRAV\u00c9S DE UNA HERRAMIENTA INFORM\u00c1TICA, REALIZAR EL MONITOREO, EVALUACI\u00d3N Y RETROALIMENTACI\u00d3N DEL PLAN DE TRABAJO DEL GOBIERNO AUT\u00d3NOMO DESCENTRALIZADO DE LA PROVINCIA DE MANAB\u00cd<\/p>\n<p>[\/vc_column_text][\/vc_column_inner][vc_column_inner width=\u00bb1\/6&#8243;][vc_column_text css=\u00bb.vc_custom_1637078182604{padding-top: 1px !important;padding-right: 10px !important;padding-bottom: 1px !important;padding-left: 10px !important;}\u00bb]<\/p>\n<h6 style=\"text-align: center;\"><span style=\"color: #000000;\">TIPO DE CONTRATACI\u00d3N<\/span><\/h6>\n<p>[\/vc_column_text][vc_column_text]<\/p>\n<p style=\"text-align: center; font-size: 15px; font-weight: bold; line-height: 17px;\"><span style=\"color: #000000;\">\u00a0Contrataci\u00f3n directa<\/span><\/p>\n<p>[\/vc_column_text][\/vc_column_inner][vc_column_inner width=\u00bb1\/6&#8243;][vc_column_text css=\u00bb.vc_custom_1637078198493{padding-top: 1px !important;padding-right: 10px !important;padding-bottom: 1px !important;padding-left: 10px !important;}\u00bb]<\/p>\n<h6 style=\"text-align: center;\"><span style=\"color: #000000;\">PRESUPUESTO REFERENCIAL<\/span><\/h6>\n<p>[\/vc_column_text][vc_column_text]<\/p>\n<p style=\"text-align: center; font-size: 15px; font-weight: bold; line-height: 17px;\"><span style=\"color: #000000;\">$ 69,600.00\u00a0<\/span><\/p>\n<p>[\/vc_column_text][\/vc_column_inner][vc_column_inner width=\u00bb1\/6&#8243;][vc_column_text css=\u00bb.vc_custom_1637078214452{padding-top: 1px !important;padding-right: 10px !important;padding-bottom: 1px !important;padding-left: 10px !important;}\u00bb]<\/p>\n<h6 style=\"text-align: center;\"><span style=\"color: #000000;\">C\u00d3DIGO DEL PROCESO<\/span><\/h6>\n<p>[\/vc_column_text][vc_column_text css=\u00bb.vc_custom_1640035002257{background-color: #dbdbdb !important;}\u00bb]<\/p>\n<p style=\"text-align: center; font-size: 13px; font-weight: bold; line-height: 17px; color: #eb9421;\"><a href=\"https:\/\/www.compraspublicas.gob.ec\/ProcesoContratacion\/compras\/PC\/informacionProcesoContratacion2.cpe?idSoliCompra=eQtyIBKm99fzoStEbJbMPcbgREKxAPz6SSSAKfVwDLE,\" target=\"_blank\" rel=\"noopener\">CDC-015-GPM-2019<\/a><\/p>\n<p>[\/vc_column_text][\/vc_column_inner][\/vc_row_inner][vc_row_inner][vc_column_inner width=\u00bb3\/6&#8243;][vc_column_text css=\u00bb.vc_custom_1637078151075{padding-top: 1px !important;padding-right: 10px !important;padding-bottom: 1px !important;padding-left: 10px !important;}\u00bb]<\/p>\n<h6 style=\"text-align: center;\"><span style=\"color: #000000;\">OBJETO DEL PROCESO<\/span><\/h6>\n<p>[\/vc_column_text][vc_column_text]<\/p>\n<p style=\"font-size: 10px; line-height: 13px;\">CONSULTOR\u00cdA PARA LA INVESTIGACI\u00d3N RESPECTO AL ESTADO DE LA CAPACIDAD PRODUCTIVA, RIEGO Y DRENAJE Y SOCIOECON\u00d3MICO DE LA PROVINCIA DE MANAB\u00cd.<\/p>\n<p>[\/vc_column_text][\/vc_column_inner][vc_column_inner width=\u00bb1\/6&#8243;][vc_column_text css=\u00bb.vc_custom_1637078182604{padding-top: 1px !important;padding-right: 10px !important;padding-bottom: 1px !important;padding-left: 10px !important;}\u00bb]<\/p>\n<h6 style=\"text-align: center;\"><span style=\"color: #000000;\">TIPO DE CONTRATACI\u00d3N<\/span><\/h6>\n<p>[\/vc_column_text][vc_column_text]<\/p>\n<p style=\"text-align: center; font-size: 15px; font-weight: bold; line-height: 17px;\"><span style=\"color: #000000;\">\u00a0Contrataci\u00f3n directa<\/span><\/p>\n<p>[\/vc_column_text][\/vc_column_inner][vc_column_inner width=\u00bb1\/6&#8243;][vc_column_text css=\u00bb.vc_custom_1637078198493{padding-top: 1px !important;padding-right: 10px !important;padding-bottom: 1px !important;padding-left: 10px !important;}\u00bb]<\/p>\n<h6 style=\"text-align: center;\"><span style=\"color: #000000;\">PRESUPUESTO REFERENCIAL<\/span><\/h6>\n<p>[\/vc_column_text][vc_column_text]<\/p>\n<p style=\"text-align: center; font-size: 15px; font-weight: bold; line-height: 17px;\"><span style=\"color: #000000;\">$ 28,650.00<\/span><\/p>\n<p>[\/vc_column_text][\/vc_column_inner][vc_column_inner width=\u00bb1\/6&#8243;][vc_column_text css=\u00bb.vc_custom_1637078214452{padding-top: 1px !important;padding-right: 10px !important;padding-bottom: 1px !important;padding-left: 10px !important;}\u00bb]<\/p>\n<h6 style=\"text-align: center;\"><span style=\"color: #000000;\">C\u00d3DIGO DEL PROCESO<\/span><\/h6>\n<p>[\/vc_column_text][vc_column_text css=\u00bb.vc_custom_1640035085440{background-color: #dbdbdb !important;}\u00bb]<\/p>\n<p style=\"text-align: center; font-size: 13px; font-weight: bold; line-height: 17px; color: #eb9421;\"><a href=\"https:\/\/www.compraspublicas.gob.ec\/ProcesoContratacion\/compras\/PC\/informacionProcesoContratacion2.cpe?idSoliCompra=eQtyIBKm99fzoStEbJbMPcbgREKxAPz6SSSAKfVwDLE,\" target=\"_blank\" rel=\"noopener\">CDC-016-GPM-2019<\/a><\/p>\n<p>[\/vc_column_text][\/vc_column_inner][\/vc_row_inner][\/vc_tta_section][\/vc_tta_tabs][\/vc_column][\/vc_row][vc_row css=\u00bb.vc_custom_1622148209970{background-color: #f4f4f4 !important;}\u00bb][vc_column][vc_empty_space height=\u00bb102px\u00bb][\/vc_column][\/vc_row]<\/p>\n","protected":false},"excerpt":{"rendered":"<p>[vc_row bg_overlay_mode=\u00bbcolor\u00bb css=\u00bb.vc_custom_1630102865600{background-color: #424242 !important;}\u00bb bg_overlay_color=\u00bb#191919&#8243;][vc_column][gsf_space desktop=\u00bb90&#8243; tablet=\u00bb70&#8243; tablet_portrait=\u00bb60&#8243; mobile_landscape=\u00bb50&#8243; mobile=\u00bb40&#8243;][gsf_page_title font_container=\u00bbfont_size:45|text_align:center|color:%23f7f7f7&#8243;][vc_column_text] \u00a0Transparencia en los procesos [\/vc_column_text][\/vc_column][\/vc_row][vc_row disable_element=\u00bbyes\u00bb css=\u00bb.vc_custom_1775055937572{background-color: #efefef !important;}\u00bb][vc_column][vc_empty_space height=\u00bb40px\u00bb][gsf_slider_container nav_position=\u00bbnav-bottom-center\u00bb nav_style=\u00bbnav-circle-icon\u00bb autoplay=\u00bbon\u00bb margin=\u00bb10&#8243; columns=\u00bb4&#8243; columns_md=\u00bb3&#8243; columns_sm=\u00bb2&#8243; columns_xs=\u00bb1&#8243; columns_mb=\u00bb1&#8243;][vc_column_text css=\u00bb.vc_custom_1636985649449{padding-top: 7px !important;padding-right: 10px !important;padding-bottom: 7px !important;padding-left: 10px !important;background-color: #eb9421 !important;}\u00bb] Administrativa [\/vc_column_text][vc_column_text css=\u00bb.vc_custom_1636985662262{padding-top: 7px !important;padding-right: 10px !important;padding-bottom: 7px !important;padding-left: 10px !important;background-color: #eb9421 !important;}\u00bb] [&hellip;]<\/p>\n","protected":false},"author":1,"featured_media":0,"parent":0,"menu_order":0,"comment_status":"closed","ping_status":"closed","template":"","meta":{"_joinchat":[],"footnotes":""},"class_list":["post-18951","page","type-page","status-publish","hentry"],"yoast_head":"<!-- This site is optimized with the Yoast SEO plugin v27.4 - https:\/\/yoast.com\/product\/yoast-seo-wordpress\/ -->\n<title>Direcci\u00f3n de Planificaci\u00f3n para el Desarrollo - Prefectura de Manab\u00ed<\/title>\n<meta name=\"robots\" content=\"index, follow, max-snippet:-1, max-image-preview:large, max-video-preview:-1\" \/>\n<link rel=\"canonical\" href=\"https:\/\/www.manabi.gob.ec\/index.php\/direccion-ordenamiento\/\" \/>\n<meta property=\"og:locale\" content=\"es_ES\" \/>\n<meta property=\"og:type\" content=\"article\" \/>\n<meta property=\"og:title\" content=\"Direcci\u00f3n de Planificaci\u00f3n para el Desarrollo - Prefectura de Manab\u00ed\" \/>\n<meta property=\"og:description\" content=\"[vc_row bg_overlay_mode=\u00bbcolor\u00bb css=\u00bb.vc_custom_1630102865600{background-color: #424242 !important;}\u00bb bg_overlay_color=\u00bb#191919&#8243;][vc_column][gsf_space desktop=\u00bb90&#8243; tablet=\u00bb70&#8243; tablet_portrait=\u00bb60&#8243; mobile_landscape=\u00bb50&#8243; mobile=\u00bb40&#8243;][gsf_page_title font_container=\u00bbfont_size:45|text_align:center|color:%23f7f7f7&#8243;][vc_column_text] \u00a0Transparencia en los procesos [\/vc_column_text][\/vc_column][\/vc_row][vc_row disable_element=\u00bbyes\u00bb css=\u00bb.vc_custom_1775055937572{background-color: #efefef !important;}\u00bb][vc_column][vc_empty_space height=\u00bb40px\u00bb][gsf_slider_container nav_position=\u00bbnav-bottom-center\u00bb nav_style=\u00bbnav-circle-icon\u00bb autoplay=\u00bbon\u00bb margin=\u00bb10&#8243; columns=\u00bb4&#8243; columns_md=\u00bb3&#8243; columns_sm=\u00bb2&#8243; columns_xs=\u00bb1&#8243; columns_mb=\u00bb1&#8243;][vc_column_text css=\u00bb.vc_custom_1636985649449{padding-top: 7px !important;padding-right: 10px !important;padding-bottom: 7px !important;padding-left: 10px !important;background-color: #eb9421 !important;}\u00bb] Administrativa [\/vc_column_text][vc_column_text css=\u00bb.vc_custom_1636985662262{padding-top: 7px !important;padding-right: 10px !important;padding-bottom: 7px !important;padding-left: 10px !important;background-color: #eb9421 !important;}\u00bb] [&hellip;]\" \/>\n<meta property=\"og:url\" content=\"https:\/\/www.manabi.gob.ec\/index.php\/direccion-ordenamiento\/\" \/>\n<meta property=\"og:site_name\" content=\"Prefectura de Manab\u00ed\" \/>\n<meta property=\"article:modified_time\" content=\"2026-04-23T15:50:51+00:00\" \/>\n<meta name=\"twitter:card\" content=\"summary_large_image\" \/>\n<meta name=\"twitter:label1\" content=\"Tiempo de lectura\" \/>\n\t<meta name=\"twitter:data1\" content=\"6 minutos\" \/>\n<script type=\"application\/ld+json\" class=\"yoast-schema-graph\">{\"@context\":\"https:\\\/\\\/schema.org\",\"@graph\":[{\"@type\":\"WebPage\",\"@id\":\"https:\\\/\\\/www.manabi.gob.ec\\\/index.php\\\/direccion-ordenamiento\\\/\",\"url\":\"https:\\\/\\\/www.manabi.gob.ec\\\/index.php\\\/direccion-ordenamiento\\\/\",\"name\":\"Direcci\u00f3n de Planificaci\u00f3n para el Desarrollo - Prefectura de Manab\u00ed\",\"isPartOf\":{\"@id\":\"https:\\\/\\\/www.manabi.gob.ec\\\/#website\"},\"datePublished\":\"2021-11-10T15:05:27+00:00\",\"dateModified\":\"2026-04-23T15:50:51+00:00\",\"breadcrumb\":{\"@id\":\"https:\\\/\\\/www.manabi.gob.ec\\\/index.php\\\/direccion-ordenamiento\\\/#breadcrumb\"},\"inLanguage\":\"es\",\"potentialAction\":[{\"@type\":\"ReadAction\",\"target\":[\"https:\\\/\\\/www.manabi.gob.ec\\\/index.php\\\/direccion-ordenamiento\\\/\"]}]},{\"@type\":\"BreadcrumbList\",\"@id\":\"https:\\\/\\\/www.manabi.gob.ec\\\/index.php\\\/direccion-ordenamiento\\\/#breadcrumb\",\"itemListElement\":[{\"@type\":\"ListItem\",\"position\":1,\"name\":\"Portada\",\"item\":\"https:\\\/\\\/www.manabi.gob.ec\\\/\"},{\"@type\":\"ListItem\",\"position\":2,\"name\":\"Direcci\u00f3n de Planificaci\u00f3n para el Desarrollo\"}]},{\"@type\":\"WebSite\",\"@id\":\"https:\\\/\\\/www.manabi.gob.ec\\\/#website\",\"url\":\"https:\\\/\\\/www.manabi.gob.ec\\\/\",\"name\":\"Prefectura de Manab\u00ed\",\"description\":\"P\u00e1gina web de la prefectura\",\"potentialAction\":[{\"@type\":\"SearchAction\",\"target\":{\"@type\":\"EntryPoint\",\"urlTemplate\":\"https:\\\/\\\/www.manabi.gob.ec\\\/?s={search_term_string}\"},\"query-input\":{\"@type\":\"PropertyValueSpecification\",\"valueRequired\":true,\"valueName\":\"search_term_string\"}}],\"inLanguage\":\"es\"}]}<\/script>\n<!-- \/ Yoast SEO plugin. -->","yoast_head_json":{"title":"Direcci\u00f3n de Planificaci\u00f3n para el Desarrollo - Prefectura de Manab\u00ed","robots":{"index":"index","follow":"follow","max-snippet":"max-snippet:-1","max-image-preview":"max-image-preview:large","max-video-preview":"max-video-preview:-1"},"canonical":"https:\/\/www.manabi.gob.ec\/index.php\/direccion-ordenamiento\/","og_locale":"es_ES","og_type":"article","og_title":"Direcci\u00f3n de Planificaci\u00f3n para el Desarrollo - Prefectura de Manab\u00ed","og_description":"[vc_row bg_overlay_mode=\u00bbcolor\u00bb css=\u00bb.vc_custom_1630102865600{background-color: #424242 !important;}\u00bb bg_overlay_color=\u00bb#191919&#8243;][vc_column][gsf_space desktop=\u00bb90&#8243; tablet=\u00bb70&#8243; tablet_portrait=\u00bb60&#8243; mobile_landscape=\u00bb50&#8243; mobile=\u00bb40&#8243;][gsf_page_title font_container=\u00bbfont_size:45|text_align:center|color:%23f7f7f7&#8243;][vc_column_text] \u00a0Transparencia en los procesos [\/vc_column_text][\/vc_column][\/vc_row][vc_row disable_element=\u00bbyes\u00bb css=\u00bb.vc_custom_1775055937572{background-color: #efefef !important;}\u00bb][vc_column][vc_empty_space height=\u00bb40px\u00bb][gsf_slider_container nav_position=\u00bbnav-bottom-center\u00bb nav_style=\u00bbnav-circle-icon\u00bb autoplay=\u00bbon\u00bb margin=\u00bb10&#8243; columns=\u00bb4&#8243; columns_md=\u00bb3&#8243; columns_sm=\u00bb2&#8243; columns_xs=\u00bb1&#8243; columns_mb=\u00bb1&#8243;][vc_column_text css=\u00bb.vc_custom_1636985649449{padding-top: 7px !important;padding-right: 10px !important;padding-bottom: 7px !important;padding-left: 10px !important;background-color: #eb9421 !important;}\u00bb] Administrativa [\/vc_column_text][vc_column_text css=\u00bb.vc_custom_1636985662262{padding-top: 7px !important;padding-right: 10px !important;padding-bottom: 7px !important;padding-left: 10px !important;background-color: #eb9421 !important;}\u00bb] [&hellip;]","og_url":"https:\/\/www.manabi.gob.ec\/index.php\/direccion-ordenamiento\/","og_site_name":"Prefectura de Manab\u00ed","article_modified_time":"2026-04-23T15:50:51+00:00","twitter_card":"summary_large_image","twitter_misc":{"Tiempo de lectura":"6 minutos"},"schema":{"@context":"https:\/\/schema.org","@graph":[{"@type":"WebPage","@id":"https:\/\/www.manabi.gob.ec\/index.php\/direccion-ordenamiento\/","url":"https:\/\/www.manabi.gob.ec\/index.php\/direccion-ordenamiento\/","name":"Direcci\u00f3n de Planificaci\u00f3n para el Desarrollo - Prefectura de Manab\u00ed","isPartOf":{"@id":"https:\/\/www.manabi.gob.ec\/#website"},"datePublished":"2021-11-10T15:05:27+00:00","dateModified":"2026-04-23T15:50:51+00:00","breadcrumb":{"@id":"https:\/\/www.manabi.gob.ec\/index.php\/direccion-ordenamiento\/#breadcrumb"},"inLanguage":"es","potentialAction":[{"@type":"ReadAction","target":["https:\/\/www.manabi.gob.ec\/index.php\/direccion-ordenamiento\/"]}]},{"@type":"BreadcrumbList","@id":"https:\/\/www.manabi.gob.ec\/index.php\/direccion-ordenamiento\/#breadcrumb","itemListElement":[{"@type":"ListItem","position":1,"name":"Portada","item":"https:\/\/www.manabi.gob.ec\/"},{"@type":"ListItem","position":2,"name":"Direcci\u00f3n de Planificaci\u00f3n para el Desarrollo"}]},{"@type":"WebSite","@id":"https:\/\/www.manabi.gob.ec\/#website","url":"https:\/\/www.manabi.gob.ec\/","name":"Prefectura de Manab\u00ed","description":"P\u00e1gina web de la prefectura","potentialAction":[{"@type":"SearchAction","target":{"@type":"EntryPoint","urlTemplate":"https:\/\/www.manabi.gob.ec\/?s={search_term_string}"},"query-input":{"@type":"PropertyValueSpecification","valueRequired":true,"valueName":"search_term_string"}}],"inLanguage":"es"}]}},"_links":{"self":[{"href":"https:\/\/www.manabi.gob.ec\/index.php\/wp-json\/wp\/v2\/pages\/18951","targetHints":{"allow":["GET"]}}],"collection":[{"href":"https:\/\/www.manabi.gob.ec\/index.php\/wp-json\/wp\/v2\/pages"}],"about":[{"href":"https:\/\/www.manabi.gob.ec\/index.php\/wp-json\/wp\/v2\/types\/page"}],"author":[{"embeddable":true,"href":"https:\/\/www.manabi.gob.ec\/index.php\/wp-json\/wp\/v2\/users\/1"}],"replies":[{"embeddable":true,"href":"https:\/\/www.manabi.gob.ec\/index.php\/wp-json\/wp\/v2\/comments?post=18951"}],"version-history":[{"count":12,"href":"https:\/\/www.manabi.gob.ec\/index.php\/wp-json\/wp\/v2\/pages\/18951\/revisions"}],"predecessor-version":[{"id":34318,"href":"https:\/\/www.manabi.gob.ec\/index.php\/wp-json\/wp\/v2\/pages\/18951\/revisions\/34318"}],"wp:attachment":[{"href":"https:\/\/www.manabi.gob.ec\/index.php\/wp-json\/wp\/v2\/media?parent=18951"}],"curies":[{"name":"wp","href":"https:\/\/api.w.org\/{rel}","templated":true}]}}