{"id":19377,"date":"2022-01-20T21:38:18","date_gmt":"2022-01-20T21:38:18","guid":{"rendered":"https:\/\/www.manabi.gob.ec\/?page_id=19377"},"modified":"2022-01-20T23:16:11","modified_gmt":"2022-01-20T23:16:11","slug":"contribucion-especial-por-mejoramiento-vial","status":"publish","type":"page","link":"https:\/\/www.manabi.gob.ec\/index.php\/contribucion-especial-por-mejoramiento-vial\/","title":{"rendered":"Contribuci\u00f3n Especial por Mejoramiento Vial"},"content":{"rendered":"<p>[vc_row color_skin=\u00bbskin-dark\u00bb bg_overlay_mode=\u00bbcolor\u00bb bg_overlay_color=\u00bbrgba(193,193,193,0.13)\u00bb css=\u00bb.vc_custom_1642715519758{background: #262626 url(https:\/\/www.manabi.gob.ec\/wp-content\/uploads\/2022\/01\/bg.jpg?id=19384) !important;background-position: center !important;background-repeat: no-repeat !important;background-size: cover !important;}\u00bb][vc_column][gsf_space desktop=\u00bb35&#8243; tablet=\u00bb70&#8243; tablet_portrait=\u00bb60&#8243; mobile_landscape=\u00bb50&#8243; mobile=\u00bb40&#8243;][gsf_heading sub_title=\u00bb\u00bb el_class=\u00bb\u00bb]<\/p>\n<h3 style=\"text-align: center;\"><span style=\"color: #ffffff;\">Ordenanza Sustitutiva a la Ordenanza que establece la contribuci\u00f3n especial por mejoramiento vial rural sobre la base del valor de matriculaci\u00f3n vehicular en la provincia de Manab\u00ed<\/span><\/h3>\n<p>[\/gsf_heading][gsf_space desktop=\u00bb35&#8243; tablet=\u00bb70&#8243; tablet_portrait=\u00bb60&#8243; mobile_landscape=\u00bb50&#8243; mobile=\u00bb40&#8243;][\/vc_column][\/vc_row][vc_row color_skin=\u00bbskin-light\u00bb bg_overlay_mode=\u00bbcolor\u00bb bg_overlay_color=\u00bbrgba(255,255,255,0.95)\u00bb css=\u00bb.vc_custom_1591287752047{background-image: url(http:\/\/www.manabi.gob.ec\/wp-content\/uploads\/2020\/04\/excavadorr.jpg?id=2140) !important;background-position: center !important;background-repeat: no-repeat !important;background-size: cover !important;}\u00bb][vc_column][gsf_space desktop=\u00bb120&#8243; tablet=\u00bb80&#8243; tablet_portrait=\u00bb70&#8243; mobile_landscape=\u00bb60&#8243; mobile=\u00bb60&#8243;][vc_row_inner][vc_column_inner width=\u00bb4\/12&#8243;][vc_column_text]<\/p>\n<h4 class=\"primary-font fs-40\" style=\"line-height: 1.125; margin-top: 0px; letter-spacing: 0.02em; text-align: right;\">COOTAD<\/h4>\n<p>[\/vc_column_text][\/vc_column_inner][vc_column_inner width=\u00bb7\/12&#8243;][vc_column_text css=\u00bb.vc_custom_1642715707520{margin-bottom: 45px !important;}\u00bb]El <strong>art\u00edculo 184<\/strong> del C\u00f3digo Org\u00e1nico de Organizaci\u00f3n Territorial, Autonom\u00eda y Descentralizaci\u00f3n se\u00f1ala que<em>\u00a0\u201cLos gobiernos aut\u00f3nomos descentralizados provinciales podr\u00e1n establecer una contribuci\u00f3n especial por mejoramiento vial, <strong>sobre la base del valor de la matriculaci\u00f3n vehicular<\/strong>, cuyos recursos ser\u00e1n invertidos en la competencia de vialidad de la respectiva circunscripci\u00f3n territorial\u201d<\/em>[\/vc_column_text][\/vc_column_inner][vc_column_inner width=\u00bb1\/12&#8243;][\/vc_column_inner][\/vc_row_inner][gsf_space desktop=\u00bb70&#8243; tablet=\u00bb80&#8243; tablet_portrait=\u00bb70&#8243; mobile_landscape=\u00bb60&#8243; mobile=\u00bb60&#8243;][vc_separator color=\u00bbmulled_wine\u00bb style=\u00bbdotted\u00bb el_width=\u00bb90&#8243;][gsf_space desktop=\u00bb70&#8243; tablet=\u00bb70&#8243; tablet_portrait=\u00bb60&#8243; mobile_landscape=\u00bb60&#8243; mobile=\u00bb60&#8243;][vc_column_text]<\/p>\n<h4 class=\"primary-font fs-40\" style=\"line-height: 1.125; margin-top: 0px; letter-spacing: 0.02em; text-align: center;\">Reforma<\/h4>\n<p>[\/vc_column_text][vc_column_text css=\u00bb.vc_custom_1642716151791{margin-bottom: 45px !important;}\u00bb]<\/p>\n<p style=\"text-align: center;\">El cobro de la Contribuci\u00f3n Especial se regir\u00e1 con la siguiente tabla:<\/p>\n<p>[\/vc_column_text][vc_single_image image=\u00bb19390&#8243; img_size=\u00bbfull\u00bb alignment=\u00bbcenter\u00bb][gsf_space desktop=\u00bb120&#8243; tablet=\u00bb70&#8243; tablet_portrait=\u00bb60&#8243; mobile_landscape=\u00bb60&#8243; mobile=\u00bb60&#8243;][\/vc_column][\/vc_row][vc_row color_skin=\u00bbskin-dark\u00bb parallax=\u00bbcontent-moving\u00bb bg_overlay_mode=\u00bbcolor\u00bb bg_overlay_color=\u00bbrgba(0,0,0,0.56)\u00bb css=\u00bb.vc_custom_1642717183999{background-image: url(http:\/\/www.manabi.gob.ec\/wp-content\/uploads\/2020\/07\/fondo001.jpg?id=14692) !important;background-position: center;background-repeat: no-repeat !important;background-size: cover !important;}\u00bb][vc_column][gsf_space desktop=\u00bb90&#8243; tablet=\u00bb70&#8243; tablet_portrait=\u00bb60&#8243; mobile_landscape=\u00bb60&#8243; mobile=\u00bb60&#8243;][gsf_heading sub_title=\u00bb\u00bb local_subtitle=\u00bbsubtitle-bottom\u00bb text_align=\u00bbtext-center\u00bb title=\u00bbCertificates of RubyBuild\u00bb]<strong class=\"uppercase\">Principios Tributarios<\/strong> <span class=\"accent-color\">Art. 300 de la constituci\u00f3n<\/span>[\/gsf_heading][vc_column_text]<\/p>\n<p style=\"text-align: center; font-size: 18px;\"><span style=\"color: #ffffff;\">El r\u00e9gimen tributario se regir\u00e1 por los principios de:<\/span><\/p>\n<p>[\/vc_column_text][vc_row_inner][vc_column_inner width=\u00bb1\/4&#8243;][\/vc_column_inner][vc_column_inner width=\u00bb1\/4&#8243;][vc_column_text]<\/p>\n<ul>\n<li style=\"font-size: 18px;\"><span style=\"color: #ffffff;\">Generalidad<\/span><\/li>\n<li style=\"font-size: 18px;\"><span style=\"color: #ffffff;\">Progresividad<\/span><\/li>\n<li style=\"font-size: 18px;\"><span style=\"color: #ffffff;\">Eficiencia<\/span><\/li>\n<li style=\"font-size: 18px;\"><span style=\"color: #ffffff;\">Simplicidad administrativa<\/span><\/li>\n<\/ul>\n<p>[\/vc_column_text][\/vc_column_inner][vc_column_inner width=\u00bb1\/4&#8243;][vc_column_text]<\/p>\n<ul>\n<li style=\"font-size: 18px;\"><span style=\"color: #ffffff;\">Generalidad<\/span><\/li>\n<li style=\"font-size: 18px;\"><span style=\"color: #ffffff;\">Progresividad<\/span><\/li>\n<li style=\"font-size: 18px;\"><span style=\"color: #ffffff;\">Eficiencia<\/span><\/li>\n<li style=\"font-size: 18px;\"><span style=\"color: #ffffff;\">Simplicidad administrativa<\/span><\/li>\n<\/ul>\n<p>[\/vc_column_text][\/vc_column_inner][vc_column_inner width=\u00bb1\/4&#8243;][\/vc_column_inner][\/vc_row_inner][gsf_space desktop=\u00bb80&#8243; tablet=\u00bb70&#8243; tablet_portrait=\u00bb60&#8243; mobile_landscape=\u00bb60&#8243; mobile=\u00bb60&#8243;][\/vc_column][\/vc_row][vc_row color_skin=\u00bbskin-light\u00bb equal_height=\u00bbyes\u00bb bg_overlay_mode=\u00bbcolor\u00bb bg_overlay_color=\u00bbrgba(255,255,255,0.95)\u00bb css=\u00bb.vc_custom_1642718003841{background-position: center !important;background-repeat: no-repeat !important;background-size: cover !important;}\u00bb][vc_column][gsf_space desktop=\u00bb50&#8243; tablet=\u00bb80&#8243; tablet_portrait=\u00bb70&#8243; mobile_landscape=\u00bb60&#8243; mobile=\u00bb60&#8243;][\/vc_column][\/vc_row][vc_row color_skin=\u00bbskin-light\u00bb gap=\u00bb35&#8243; equal_height=\u00bbyes\u00bb bg_overlay_mode=\u00bbcolor\u00bb bg_overlay_color=\u00bbrgba(255,255,255,0.95)\u00bb css=\u00bb.vc_custom_1642719079324{background-position: center !important;background-repeat: no-repeat !important;background-size: cover !important;}\u00bb][vc_column width=\u00bb1\/2&#8243;][gsf_space desktop=\u00bb60&#8243; tablet=\u00bb80&#8243; tablet_portrait=\u00bb70&#8243; mobile_landscape=\u00bb60&#8243; mobile=\u00bb60&#8243;][vc_column_text]<\/p>\n<h4 class=\"primary-font fs-40\" style=\"line-height: 1.125; margin-top: 0px; letter-spacing: 0.02em; text-align: center;\">Impacto Contributivo<\/h4>\n<p>[\/vc_column_text][gsf_icon_box icon_font=\u00bbfa fa-road\u00bb description=\u00bbEl impacto de la aplicaci\u00f3n de la ordenanza asciende a USD 1,9 millones dando un total de USD 3,9 millones para la contribuci\u00f3n especial para mejoramiento vial.\u00bb box_shadow_hover=\u00bb\u00bb icon_size=\u00bbicon-large\u00bb icon_align=\u00bbalign-left\u00bb css=\u00bb.vc_custom_1642718151319{margin-top: 20px !important;}\u00bb][gsf_icon_box icon_font=\u00bbfa fa-users\u00bb description=\u00bbEl 1,5% de la poblaci\u00f3n que tiene veh\u00edculos con mayor capacidad contributiva pagar\u00eda USD 296 d\u00f3lares en promedio, lo que representa el 0,1% del total de la poblaci\u00f3n de la provincia Manab\u00ed.\u00bb box_shadow_hover=\u00bb\u00bb icon_size=\u00bbicon-large\u00bb icon_align=\u00bbalign-left\u00bb css=\u00bb.vc_custom_1642718135278{margin-top: 40px !important;}\u00bb][gsf_space desktop=\u00bb70&#8243; tablet=\u00bb80&#8243; tablet_portrait=\u00bb70&#8243; mobile_landscape=\u00bb60&#8243; mobile=\u00bb60&#8243;][\/vc_column][vc_column width=\u00bb1\/2&#8243; css=\u00bb.vc_custom_1642719017087{border-left-width: 2px !important;border-left-color: #dddddd !important;border-left-style: dotted !important;}\u00bb][gsf_space desktop=\u00bb60&#8243; tablet=\u00bb80&#8243; tablet_portrait=\u00bb70&#8243; mobile_landscape=\u00bb60&#8243; mobile=\u00bb60&#8243;][vc_column_text]<\/p>\n<h4 class=\"primary-font fs-40\" style=\"line-height: 1.125; margin-top: 0px; letter-spacing: 0.02em; text-align: center;\">Beneficios<\/h4>\n<p>[\/vc_column_text][gsf_icon_box icon_font=\u00bbfa fa-money\u00bb description=\u00bbEl impacto de la aplicaci\u00f3n de la ordenanza asciende a USD 1,9 millones dando un total de USD 3,9 millones para la contribuci\u00f3n especial para mejoramiento vial.\u00bb box_shadow_hover=\u00bb\u00bb icon_size=\u00bbicon-large\u00bb icon_align=\u00bbalign-left\u00bb css=\u00bb.vc_custom_1642718856983{margin-top: 20px !important;}\u00bb][gsf_icon_box icon_font=\u00bbflaticon-road-stopper\u00bb description=\u00bbEl 1,5% de la poblaci\u00f3n que tiene veh\u00edculos con mayor capacidad contributiva pagar\u00eda USD 296 d\u00f3lares en promedio, lo que representa el 0,1% del total de la poblaci\u00f3n de la provincia Manab\u00ed.\u00bb box_shadow_hover=\u00bb\u00bb icon_size=\u00bbicon-large\u00bb icon_align=\u00bbalign-left\u00bb css=\u00bb.vc_custom_1642718896327{margin-top: 40px !important;}\u00bb][gsf_space desktop=\u00bb70&#8243; tablet=\u00bb80&#8243; tablet_portrait=\u00bb70&#8243; mobile_landscape=\u00bb60&#8243; mobile=\u00bb60&#8243;][\/vc_column][\/vc_row][vc_row css=\u00bb.vc_custom_1596187972160{background-color: #f2f2f2 !important;}\u00bb][vc_column][gsf_space desktop=\u00bb100&#8243; tablet=\u00bb70&#8243; tablet_portrait=\u00bb60&#8243; mobile_landscape=\u00bb60&#8243; mobile=\u00bb60&#8243;][vc_row_inner][vc_column_inner][vc_single_image image=\u00bb19426&#8243; img_size=\u00bbfull\u00bb alignment=\u00bbcenter\u00bb][\/vc_column_inner][\/vc_row_inner][gsf_space desktop=\u00bb100&#8243; tablet=\u00bb70&#8243; tablet_portrait=\u00bb60&#8243; mobile_landscape=\u00bb60&#8243; mobile=\u00bb60&#8243;][\/vc_column][\/vc_row]<\/p>\n","protected":false},"excerpt":{"rendered":"<p>[vc_row color_skin=\u00bbskin-dark\u00bb bg_overlay_mode=\u00bbcolor\u00bb bg_overlay_color=\u00bbrgba(193,193,193,0.13)\u00bb css=\u00bb.vc_custom_1642715519758{background: #262626 url(https:\/\/www.manabi.gob.ec\/wp-content\/uploads\/2022\/01\/bg.jpg?id=19384) !important;background-position: center !important;background-repeat: no-repeat !important;background-size: cover !important;}\u00bb][vc_column][gsf_space desktop=\u00bb35&#8243; tablet=\u00bb70&#8243; tablet_portrait=\u00bb60&#8243; mobile_landscape=\u00bb50&#8243; mobile=\u00bb40&#8243;][gsf_heading sub_title=\u00bb\u00bb el_class=\u00bb\u00bb] Ordenanza Sustitutiva a la Ordenanza que establece la contribuci\u00f3n especial por mejoramiento vial rural sobre la base del valor de matriculaci\u00f3n vehicular en la provincia de Manab\u00ed [\/gsf_heading][gsf_space desktop=\u00bb35&#8243; tablet=\u00bb70&#8243; tablet_portrait=\u00bb60&#8243; mobile_landscape=\u00bb50&#8243; mobile=\u00bb40&#8243;][\/vc_column][\/vc_row][vc_row color_skin=\u00bbskin-light\u00bb [&hellip;]<\/p>\n","protected":false},"author":1,"featured_media":0,"parent":0,"menu_order":0,"comment_status":"closed","ping_status":"closed","template":"","meta":{"_joinchat":[],"footnotes":""},"class_list":["post-19377","page","type-page","status-publish","hentry"],"yoast_head":"<!-- This site is optimized with the Yoast SEO plugin v27.4 - https:\/\/yoast.com\/product\/yoast-seo-wordpress\/ -->\n<title>Contribuci\u00f3n Especial por Mejoramiento Vial - Prefectura de Manab\u00ed<\/title>\n<meta name=\"robots\" content=\"index, follow, max-snippet:-1, max-image-preview:large, max-video-preview:-1\" \/>\n<link rel=\"canonical\" href=\"https:\/\/www.manabi.gob.ec\/index.php\/contribucion-especial-por-mejoramiento-vial\/\" \/>\n<meta property=\"og:locale\" content=\"es_ES\" \/>\n<meta property=\"og:type\" content=\"article\" \/>\n<meta property=\"og:title\" content=\"Contribuci\u00f3n Especial por Mejoramiento Vial - Prefectura de Manab\u00ed\" \/>\n<meta property=\"og:description\" content=\"[vc_row color_skin=\u00bbskin-dark\u00bb bg_overlay_mode=\u00bbcolor\u00bb bg_overlay_color=\u00bbrgba(193,193,193,0.13)\u00bb css=\u00bb.vc_custom_1642715519758{background: #262626 url(https:\/\/www.manabi.gob.ec\/wp-content\/uploads\/2022\/01\/bg.jpg?id=19384) !important;background-position: center !important;background-repeat: no-repeat !important;background-size: cover !important;}\u00bb][vc_column][gsf_space desktop=\u00bb35&#8243; tablet=\u00bb70&#8243; tablet_portrait=\u00bb60&#8243; mobile_landscape=\u00bb50&#8243; mobile=\u00bb40&#8243;][gsf_heading sub_title=\u00bb\u00bb el_class=\u00bb\u00bb] Ordenanza Sustitutiva a la Ordenanza que establece la contribuci\u00f3n especial por mejoramiento vial rural sobre la base del valor de matriculaci\u00f3n vehicular en la provincia de Manab\u00ed [\/gsf_heading][gsf_space desktop=\u00bb35&#8243; tablet=\u00bb70&#8243; tablet_portrait=\u00bb60&#8243; mobile_landscape=\u00bb50&#8243; mobile=\u00bb40&#8243;][\/vc_column][\/vc_row][vc_row color_skin=\u00bbskin-light\u00bb [&hellip;]\" \/>\n<meta property=\"og:url\" content=\"https:\/\/www.manabi.gob.ec\/index.php\/contribucion-especial-por-mejoramiento-vial\/\" \/>\n<meta property=\"og:site_name\" content=\"Prefectura de Manab\u00ed\" \/>\n<meta property=\"article:modified_time\" content=\"2022-01-20T23:16:11+00:00\" \/>\n<meta name=\"twitter:card\" content=\"summary_large_image\" \/>\n<meta name=\"twitter:label1\" content=\"Tiempo de lectura\" \/>\n\t<meta name=\"twitter:data1\" content=\"3 minutos\" \/>\n<script type=\"application\/ld+json\" class=\"yoast-schema-graph\">{\"@context\":\"https:\\\/\\\/schema.org\",\"@graph\":[{\"@type\":\"WebPage\",\"@id\":\"https:\\\/\\\/www.manabi.gob.ec\\\/index.php\\\/contribucion-especial-por-mejoramiento-vial\\\/\",\"url\":\"https:\\\/\\\/www.manabi.gob.ec\\\/index.php\\\/contribucion-especial-por-mejoramiento-vial\\\/\",\"name\":\"Contribuci\u00f3n Especial por Mejoramiento Vial - Prefectura de Manab\u00ed\",\"isPartOf\":{\"@id\":\"https:\\\/\\\/www.manabi.gob.ec\\\/#website\"},\"datePublished\":\"2022-01-20T21:38:18+00:00\",\"dateModified\":\"2022-01-20T23:16:11+00:00\",\"breadcrumb\":{\"@id\":\"https:\\\/\\\/www.manabi.gob.ec\\\/index.php\\\/contribucion-especial-por-mejoramiento-vial\\\/#breadcrumb\"},\"inLanguage\":\"es\",\"potentialAction\":[{\"@type\":\"ReadAction\",\"target\":[\"https:\\\/\\\/www.manabi.gob.ec\\\/index.php\\\/contribucion-especial-por-mejoramiento-vial\\\/\"]}]},{\"@type\":\"BreadcrumbList\",\"@id\":\"https:\\\/\\\/www.manabi.gob.ec\\\/index.php\\\/contribucion-especial-por-mejoramiento-vial\\\/#breadcrumb\",\"itemListElement\":[{\"@type\":\"ListItem\",\"position\":1,\"name\":\"Portada\",\"item\":\"https:\\\/\\\/www.manabi.gob.ec\\\/\"},{\"@type\":\"ListItem\",\"position\":2,\"name\":\"Contribuci\u00f3n Especial por Mejoramiento Vial\"}]},{\"@type\":\"WebSite\",\"@id\":\"https:\\\/\\\/www.manabi.gob.ec\\\/#website\",\"url\":\"https:\\\/\\\/www.manabi.gob.ec\\\/\",\"name\":\"Prefectura de Manab\u00ed\",\"description\":\"P\u00e1gina web de la prefectura\",\"potentialAction\":[{\"@type\":\"SearchAction\",\"target\":{\"@type\":\"EntryPoint\",\"urlTemplate\":\"https:\\\/\\\/www.manabi.gob.ec\\\/?s={search_term_string}\"},\"query-input\":{\"@type\":\"PropertyValueSpecification\",\"valueRequired\":true,\"valueName\":\"search_term_string\"}}],\"inLanguage\":\"es\"}]}<\/script>\n<!-- \/ Yoast SEO plugin. -->","yoast_head_json":{"title":"Contribuci\u00f3n Especial por Mejoramiento Vial - Prefectura de Manab\u00ed","robots":{"index":"index","follow":"follow","max-snippet":"max-snippet:-1","max-image-preview":"max-image-preview:large","max-video-preview":"max-video-preview:-1"},"canonical":"https:\/\/www.manabi.gob.ec\/index.php\/contribucion-especial-por-mejoramiento-vial\/","og_locale":"es_ES","og_type":"article","og_title":"Contribuci\u00f3n Especial por Mejoramiento Vial - Prefectura de Manab\u00ed","og_description":"[vc_row color_skin=\u00bbskin-dark\u00bb bg_overlay_mode=\u00bbcolor\u00bb bg_overlay_color=\u00bbrgba(193,193,193,0.13)\u00bb css=\u00bb.vc_custom_1642715519758{background: #262626 url(https:\/\/www.manabi.gob.ec\/wp-content\/uploads\/2022\/01\/bg.jpg?id=19384) !important;background-position: center !important;background-repeat: no-repeat !important;background-size: cover !important;}\u00bb][vc_column][gsf_space desktop=\u00bb35&#8243; tablet=\u00bb70&#8243; tablet_portrait=\u00bb60&#8243; mobile_landscape=\u00bb50&#8243; mobile=\u00bb40&#8243;][gsf_heading sub_title=\u00bb\u00bb el_class=\u00bb\u00bb] Ordenanza Sustitutiva a la Ordenanza que establece la contribuci\u00f3n especial por mejoramiento vial rural sobre la base del valor de matriculaci\u00f3n vehicular en la provincia de Manab\u00ed [\/gsf_heading][gsf_space desktop=\u00bb35&#8243; tablet=\u00bb70&#8243; tablet_portrait=\u00bb60&#8243; mobile_landscape=\u00bb50&#8243; mobile=\u00bb40&#8243;][\/vc_column][\/vc_row][vc_row color_skin=\u00bbskin-light\u00bb [&hellip;]","og_url":"https:\/\/www.manabi.gob.ec\/index.php\/contribucion-especial-por-mejoramiento-vial\/","og_site_name":"Prefectura de Manab\u00ed","article_modified_time":"2022-01-20T23:16:11+00:00","twitter_card":"summary_large_image","twitter_misc":{"Tiempo de lectura":"3 minutos"},"schema":{"@context":"https:\/\/schema.org","@graph":[{"@type":"WebPage","@id":"https:\/\/www.manabi.gob.ec\/index.php\/contribucion-especial-por-mejoramiento-vial\/","url":"https:\/\/www.manabi.gob.ec\/index.php\/contribucion-especial-por-mejoramiento-vial\/","name":"Contribuci\u00f3n Especial por Mejoramiento Vial - Prefectura de Manab\u00ed","isPartOf":{"@id":"https:\/\/www.manabi.gob.ec\/#website"},"datePublished":"2022-01-20T21:38:18+00:00","dateModified":"2022-01-20T23:16:11+00:00","breadcrumb":{"@id":"https:\/\/www.manabi.gob.ec\/index.php\/contribucion-especial-por-mejoramiento-vial\/#breadcrumb"},"inLanguage":"es","potentialAction":[{"@type":"ReadAction","target":["https:\/\/www.manabi.gob.ec\/index.php\/contribucion-especial-por-mejoramiento-vial\/"]}]},{"@type":"BreadcrumbList","@id":"https:\/\/www.manabi.gob.ec\/index.php\/contribucion-especial-por-mejoramiento-vial\/#breadcrumb","itemListElement":[{"@type":"ListItem","position":1,"name":"Portada","item":"https:\/\/www.manabi.gob.ec\/"},{"@type":"ListItem","position":2,"name":"Contribuci\u00f3n Especial por Mejoramiento Vial"}]},{"@type":"WebSite","@id":"https:\/\/www.manabi.gob.ec\/#website","url":"https:\/\/www.manabi.gob.ec\/","name":"Prefectura de Manab\u00ed","description":"P\u00e1gina web de la prefectura","potentialAction":[{"@type":"SearchAction","target":{"@type":"EntryPoint","urlTemplate":"https:\/\/www.manabi.gob.ec\/?s={search_term_string}"},"query-input":{"@type":"PropertyValueSpecification","valueRequired":true,"valueName":"search_term_string"}}],"inLanguage":"es"}]}},"_links":{"self":[{"href":"https:\/\/www.manabi.gob.ec\/index.php\/wp-json\/wp\/v2\/pages\/19377","targetHints":{"allow":["GET"]}}],"collection":[{"href":"https:\/\/www.manabi.gob.ec\/index.php\/wp-json\/wp\/v2\/pages"}],"about":[{"href":"https:\/\/www.manabi.gob.ec\/index.php\/wp-json\/wp\/v2\/types\/page"}],"author":[{"embeddable":true,"href":"https:\/\/www.manabi.gob.ec\/index.php\/wp-json\/wp\/v2\/users\/1"}],"replies":[{"embeddable":true,"href":"https:\/\/www.manabi.gob.ec\/index.php\/wp-json\/wp\/v2\/comments?post=19377"}],"version-history":[{"count":0,"href":"https:\/\/www.manabi.gob.ec\/index.php\/wp-json\/wp\/v2\/pages\/19377\/revisions"}],"wp:attachment":[{"href":"https:\/\/www.manabi.gob.ec\/index.php\/wp-json\/wp\/v2\/media?parent=19377"}],"curies":[{"name":"wp","href":"https:\/\/api.w.org\/{rel}","templated":true}]}}