{"id":20131,"date":"2022-10-26T16:33:09","date_gmt":"2022-10-26T16:33:09","guid":{"rendered":"https:\/\/www.manabi.gob.ec\/?page_id=20131"},"modified":"2026-03-06T15:11:11","modified_gmt":"2026-03-06T15:11:11","slug":"resoluciones-legislativas","status":"publish","type":"page","link":"https:\/\/www.manabi.gob.ec\/index.php\/resoluciones-legislativas\/","title":{"rendered":"Resoluciones Legislativas"},"content":{"rendered":"<p>[vc_row bg_overlay_mode=\u00bbcolor\u00bb css=\u00bb.vc_custom_1630102865600{background-color: #424242 !important;}\u00bb bg_overlay_color=\u00bb#191919&#8243;][vc_column width=\u00bb1\/4&#8243;][gsf_space desktop=\u00bb45&#8243; tablet=\u00bb70&#8243; tablet_portrait=\u00bb60&#8243; mobile_landscape=\u00bb50&#8243; mobile=\u00bb40&#8243;][vc_single_image image=\u00bb22609&#8243; alignment=\u00bbright\u00bb style=\u00bbvc_box_border\u00bb border_color=\u00bbwhite\u00bb css=\u00bb.vc_custom_1666803009406{border-top-width: 4px !important;border-right-width: 4px !important;border-bottom-width: 4px !important;border-left-width: 4px !important;}\u00bb][\/vc_column][vc_column width=\u00bb2\/4&#8243;][gsf_space desktop=\u00bb90&#8243; tablet=\u00bb70&#8243; tablet_portrait=\u00bb60&#8243; mobile_landscape=\u00bb50&#8243; mobile=\u00bb40&#8243;][gsf_page_title font_container=\u00bbfont_size:45|text_align:left|color:%23f7f7f7&#8243;][vc_column_text el_class=\u00bb\u00bb]<\/p>\n<p><span style=\"color: #ffffff;\">\u00a0<a style=\"color: #ffffff;\" href=\"https:\/\/www.manabi.gob.ec\/index.php\/instrumentos-normativos-y-politicas\/\">Pol\u00edticas y normativa<\/a>s<\/span><\/p>\n<p>[\/vc_column_text][\/vc_column][vc_column width=\u00bb1\/4&#8243;][\/vc_column][\/vc_row][vc_row css=\u00bb.vc_custom_1630103050682{background-color: #f4f4f4 !important;}\u00bb][vc_column][vc_empty_space height=\u00bb102px\u00bb][\/vc_column][\/vc_row][vc_row color_skin=\u00bbskin-light\u00bb equal_height=\u00bbyes\u00bb parallax=\u00bbcontent-moving\u00bb css=\u00bb.vc_custom_1622148044878{background-color: #f4f4f4 !important;background-position: center;background-repeat: no-repeat !important;background-size: cover !important;}\u00bb][vc_column color_skin=\u00bbskin-light\u00bb width=\u00bb1\/5&#8243; css=\u00bb.vc_custom_1629243021998{border-right-width: 2px !important;background-color: #f4f4f4 !important;border-right-color: #cecece !important;border-right-style: solid !important;}\u00bb][gsf_button title=\u00bbVolver\u00bb style=\u00bb3d\u00bb shape=\u00bbsquare\u00bb size=\u00bbmd\u00bb align=\u00bbright\u00bb button_block=\u00bbon\u00bb icon_font=\u00bbfa fa-arrow-left\u00bb link=\u00bburl:https%3A%2F%2Fwww.manabi.gob.ec%2Findex.php%2Finstrumentos-normativos-y-politicas%2F|||\u00bb][gsf_space desktop=\u00bb20&#8243; tablet=\u00bb70&#8243; tablet_portrait=\u00bb60&#8243; mobile_landscape=\u00bb50&#8243; mobile=\u00bb40&#8243;][\/vc_column][vc_column width=\u00bb4\/5&#8243; css=\u00bb.vc_custom_1622148120192{background-position: center !important;background-repeat: no-repeat !important;background-size: cover !important;}\u00bb offset=\u00bbvc_col-xs-12&#8243;][vc_tta_accordion style=\u00bboutline\u00bb color=\u00bbmulled-wine\u00bb spacing=\u00bb10&#8243; autoplay=\u00bb10&#8243; active_section=\u00bb7&#8243; collapsible_all=\u00bbtrue\u00bb][vc_tta_section title=\u00bb2025&#8243; tab_id=\u00bb1629242242178-7301a8f4-065e\u00bb][vc_text_separator title=\u00bbMayo\u00bb color=\u00bbblack\u00bb css=\u00bb.vc_custom_1748532361889{margin-bottom: 25px !important;}\u00bb][gsf_call_to_action title=\u00bbDescargar\u00bb style=\u00bboutline\u00bb link=\u00bburl:https%3A%2F%2Fwww.manabi.gob.ec%2Fwp-content%2Fuploads%2F2025%2F05%2F29_RESOLUCION-006-PLE-CPM-28-05-2025-ResLeg_Mancom-rio-Guayas.pdf|||\u00bb css=\u00bb.vc_custom_1748532821439{margin-bottom: 20px !important;}\u00bb]Resoluci\u00f3n Legislativa\u00a0 <b>006-PLE-CPM-<span id=\"OBJ_PREFIX_DWT77_com_zimbra_date\" class=\"Object\" role=\"link\">28-05-2025<\/span><\/b> Expedir la Resoluci\u00f3n de participaci\u00f3n del Gobierno Aut\u00f3nomo Descentralizado provincial de Manab\u00ed en la conformaci\u00f3n de la mancomunidad de la Cuenca del R\u00edo de Guayas.[\/gsf_call_to_action][\/vc_tta_section][vc_tta_section title=\u00bb2024&#8243; tab_id=\u00bb1748532244104-a860221b-0cca\u00bb][vc_text_separator title=\u00bbMayo\u00bb color=\u00bbblack\u00bb css=\u00bb.vc_custom_1717076065664{margin-bottom: 25px !important;}\u00bb][gsf_call_to_action title=\u00bbDescargar\u00bb style=\u00bboutline\u00bb link=\u00bburl:https%3A%2F%2Fwww.manabi.gob.ec%2Fwp-content%2Fuploads%2F2024%2F05%2F1_ResLeg-05-PLE-CPM-29-05-2024_Institucionalizar-fechas-LGBTIQ_VF.pdf|||\u00bb css=\u00bb.vc_custom_1717076845117{margin-bottom: 20px !important;}\u00bb]Resoluci\u00f3n Legislativa\u00a0<strong> No. 05-PLE-CPM-29-05-2024\u00a0<\/strong>Promover la conmemoraci\u00f3n de las fechas 17 de mayo, 28 de junio y 27 de noviembre como reconocimiento de la lucha de las personas LGBTIQ+, en el marco de la pol\u00edtica p\u00fablica para la promoci\u00f3n y defensa de sus derechos, promoviendo su participaci\u00f3n activa e inclusi\u00f3n con \u00a0equidad en la provincia de Manab\u00ed.<\/p>\n<p>[\/gsf_call_to_action][vc_text_separator title=\u00bbNoviembre\u00bb color=\u00bbblack\u00bb css=\u00bb.vc_custom_1732804246297{margin-bottom: 25px !important;}\u00bb][gsf_call_to_action title=\u00bbDescargar\u00bb style=\u00bboutline\u00bb link=\u00bburl:https%3A%2F%2Fwww.manabi.gob.ec%2Fwp-content%2Fuploads%2F2024%2F11%2F2_ResLeg-006-PLE-CPM-27-11-2024_Recomendaciones-Manabi-Gastronomica.pdf|||\u00bb css=\u00bb.vc_custom_1732804372233{margin-bottom: 20px !important;}\u00bb]Resoluci\u00f3n Legislativa\u00a0<strong> No. <\/strong><strong>006-PLE-CPM-<span id=\"OBJ_PREFIX_DWT1466_com_zimbra_date\" class=\"Object\" role=\"link\"><span id=\"OBJ_PREFIX_DWT1468_com_zimbra_date\" class=\"Object\" role=\"link\">27-11-2024<\/span><\/span><\/strong> Acoger las recomendaciones del IGCAT para ratificar la designaci\u00f3n de Manab\u00ed como Regi\u00f3n Gastron\u00f3mica Mundial.[\/gsf_call_to_action][\/vc_tta_section][vc_tta_section title=\u00bb2023&#8243; tab_id=\u00bb1717075987259-ec033c8c-d59e\u00bb][vc_text_separator title=\u00bbSeptiembre\u00bb color=\u00bbblack\u00bb css=\u00bb.vc_custom_1698765113727{margin-bottom: 25px !important;}\u00bb][gsf_call_to_action title=\u00bbDescargar\u00bb style=\u00bboutline\u00bb link=\u00bburl:https%3A%2F%2Fwww.manabi.gob.ec%2Fwp-content%2Fuploads%2F2023%2F10%2FDerogatoria-Res_Legislativa-No.-005-PLE-CPM-28-09-2023_Caja-Chica.pdf|||\u00bb css=\u00bb.vc_custom_1698765333224{margin-bottom: 20px !important;}\u00bb]Resoluci\u00f3n Legislativa\u00a0<strong> No. 005-PLE-CPM-28-09-2023 <\/strong>Derogar la Resoluci\u00f3n No.02-06-CPM de fecha 2 de febrero 2006 en la que se expidi\u00f3 el Reglamento para el manejo y reposici\u00f3n de los fondos de Caja Chica del Honorable Consejo Provincial de Manab\u00ed y toda norma de igual o menor jerarqu\u00eda emitida sobre la misma materia por este Consejo, que contraponga al marco jur\u00eddico vigente.[\/gsf_call_to_action][vc_text_separator title=\u00bbOctubre\u00bb color=\u00bbblack\u00bb css=\u00bb.vc_custom_1667330747478{margin-bottom: 25px !important;}\u00bb][gsf_call_to_action title=\u00bbDescargar\u00bb style=\u00bboutline\u00bb link=\u00bburl:https%3A%2F%2Fwww.manabi.gob.ec%2Fwp-content%2Fuploads%2F2023%2F10%2FResolucion-Legislativa-No.-005-PLE-CPM-30-10-2023_Manabi-Territorio-ODS.pdf|||\u00bb css=\u00bb.vc_custom_1698765032338{margin-bottom: 20px !important;}\u00bb]Resoluci\u00f3n Legislativa\u00a0<strong> No. 005-PLE-CPM-<span id=\"OBJ_PREFIX_DWT712_com_zimbra_date\" class=\"Object\" role=\"link\"><span id=\"OBJ_PREFIX_DWT714_com_zimbra_date\" class=\"Object\" role=\"link\">30-10-2023<\/span><\/span> <\/strong>Declarar a la provincia de Manab\u00ed como un territorio comprometido con los Objetivos de Desarrollo Sostenible, en el contexto de la implementaci\u00f3n de la Agenda 2030.[\/gsf_call_to_action][\/vc_tta_section][vc_tta_section title=\u00bb2022&#8243; tab_id=\u00bb1680033439987-41e5cf33-c36d\u00bb][vc_text_separator title=\u00bbEnero\u00bb color=\u00bbblack\u00bb css=\u00bb.vc_custom_1666805048360{margin-bottom: 25px !important;}\u00bb][gsf_call_to_action title=\u00bbDescargar\u00bb style=\u00bboutline\u00bb link=\u00bburl:https%3A%2F%2Fwww.manabi.gob.ec%2Fwp-content%2Fuploads%2F2022%2F10%2F1_Resolucion-004-PLE-CPM-31-01-2022_Extension-del-termino_VF.pdf|||\u00bb css=\u00bb.vc_custom_1772034223844{margin-bottom: 20px !important;}\u00bb]Resoluci\u00f3n <strong>No. 004-PLE-CPM-31-01-2022<\/strong> Sustituir las Disposiciones Generales Tercera y Cuarta de la Resoluci\u00f3n No. 002-PLE-CPM-SE-12-10-2021 de fecha 31 de enero de 2022.[\/gsf_call_to_action][vc_text_separator title=\u00bbMayo\u00bb color=\u00bbblack\u00bb css=\u00bb.vc_custom_1666810842781{margin-bottom: 25px !important;}\u00bb][gsf_call_to_action title=\u00bbDescargar\u00bb style=\u00bboutline\u00bb link=\u00bburl:https%3A%2F%2Fwww.manabi.gob.ec%2Fwp-content%2Fuploads%2F2022%2F10%2F2_Resolucion-007-PLE-CPM-30-05-2022_Manabi-Cholo-Montuvia.pdf|||\u00bb css=\u00bb.vc_custom_1772034232863{margin-bottom: 20px !important;}\u00bb]Resoluci\u00f3n <strong>No. 007-PLE-CPM-30-05-2022<\/strong> Reconocer culturalmente al territorio de Manab\u00ed como \u201cProvincia cholo \u2013 montuvia\u201d de fecha 30 de mayo de 2022.[\/gsf_call_to_action][gsf_call_to_action title=\u00bbDescargar\u00bb style=\u00bboutline\u00bb link=\u00bburl:https%3A%2F%2Fwww.manabi.gob.ec%2Fwp-content%2Fuploads%2F2022%2F10%2F3_Resolucion-006-PLE-CPM-30-05-2022_Chone-cuna-de-la-revolucion-alfarista.pdf|||\u00bb css=\u00bb.vc_custom_1772034241612{margin-bottom: 20px !important;}\u00bb]Resoluci\u00f3n <strong>No. 006-PLE-CPM-30-05-2022<\/strong> Institucionalizar la realizaci\u00f3n de un acto c\u00edvico y cultural, el 05 de mayo de cada a\u00f1o, en el cant\u00f3n Chone, por ser la Cuna de la Revoluci\u00f3n Alfarista, y la primera ciudad del pa\u00eds, en proclamar a nuestro luchador el General Eloy Alfaro Delgado, como Jefe Supremo de la Rep\u00fablica del Ecuador de fecha 30 de mayo de 2022.[\/gsf_call_to_action][vc_text_separator title=\u00bbOctubre\u00bb color=\u00bbblack\u00bb css=\u00bb.vc_custom_1667330747478{margin-bottom: 25px !important;}\u00bb][gsf_call_to_action title=\u00bbDescargar\u00bb style=\u00bboutline\u00bb link=\u00bburl:https%3A%2F%2Fwww.manabi.gob.ec%2Fwp-content%2Fuploads%2F2022%2F11%2F4_Resolucion-CPM-CMEC-2022-001-Comision-de-Mesa-excusa-y-calificaciones.pdf|||\u00bb css=\u00bb.vc_custom_1772034263726{margin-bottom: 20px !important;}\u00bb]Resoluci\u00f3n <strong>No. CPM-CMEC-2022-001<\/strong> Expedir el procedimiento normativo para otorgar licencias y\/o subrogaciones, por ausencia temporal del prefecto (a) y\/o dem\u00e1s consejeros provinciales de fecha 12 de octubre de 2022.[\/gsf_call_to_action][\/vc_tta_section][vc_tta_section title=\u00bb2021&#8243; tab_id=\u00bb1644244425607-56f54ac3-7c30&#8243;][vc_text_separator title=\u00bbSeptiembre\u00bb color=\u00bbblack\u00bb css=\u00bb.vc_custom_1644245823086{margin-top: 25px !important;margin-bottom: 25px !important;}\u00bb][gsf_call_to_action title=\u00bbDescargar\u00bb style=\u00bboutline\u00bb link=\u00bburl:https%3A%2F%2Fwww.manabi.gob.ec%2Fwp-content%2Fuploads%2F2022%2F10%2FRESOLUCION-No-002-PLE-CPM-SE-12-10-2021_EXTINCION-DE-LA-EMPRESA-PUBLICA-DE-CONSTRUCCION-MANABI-CONSTRUYE-EP.pdf|||\u00bb css=\u00bb.vc_custom_1772034287523{margin-bottom: 25px !important;}\u00bb]Resoluci\u00f3n <strong>No. 002-PLE-CPM-SE-12-10-2021<\/strong> Empresa P\u00fablica de Construcci\u00f3n Manab\u00ed Construye EP en liquidaci\u00f3n de fecha 12 de octubre 2021[\/gsf_call_to_action][\/vc_tta_section][vc_tta_section title=\u00bb2019&#8243; tab_id=\u00bb1689709658097-7ee7a2b0-1ecf\u00bb][vc_text_separator title=\u00bbAgosto\u00bb color=\u00bbblack\u00bb css=\u00bb.vc_custom_1689709710825{margin-top: 25px !important;margin-bottom: 25px !important;}\u00bb][gsf_call_to_action title=\u00bbDescargar\u00bb style=\u00bboutline\u00bb link=\u00bburl:https%3A%2F%2Fwww.manabi.gob.ec%2Fwp-content%2Fuploads%2F2023%2F07%2F2019.-Resolucion-para-aprobar-proforma-presupuestaria-para-el-ejercicio-fiscal-2019.pdf|||\u00bb css=\u00bb.vc_custom_1772034313515{margin-bottom: 25px !important;}\u00bb]Resoluci\u00f3n de proformas presupuestarias ejercicio fiscal del a\u00f1o 2019.[\/gsf_call_to_action][\/vc_tta_section][\/vc_tta_accordion][\/vc_column][\/vc_row][vc_row color_skin=\u00bbskin-light\u00bb equal_height=\u00bbyes\u00bb parallax=\u00bbcontent-moving\u00bb disable_element=\u00bbyes\u00bb css=\u00bb.vc_custom_1644252718591{background-color: #f4f4f4 !important;background-position: center;background-repeat: no-repeat !important;background-size: cover !important;}\u00bb][vc_column color_skin=\u00bbskin-light\u00bb width=\u00bb1\/4&#8243; css=\u00bb.vc_custom_1629243021998{border-right-width: 2px !important;background-color: #f4f4f4 !important;border-right-color: #cecece !important;border-right-style: solid !important;}\u00bb][gsf_button title=\u00bbOrdenanzas\u00bb style=\u00bb3d\u00bb size=\u00bbmd\u00bb align=\u00bbright\u00bb button_block=\u00bbon\u00bb icon_font=\u00bbfa fa-arrow-left\u00bb link=\u00bburl:https%3A%2F%2Fwww.manabi.gob.ec%2Findex.php%2Fordenanzas%2F|||\u00bb][gsf_space desktop=\u00bb20&#8243; tablet=\u00bb70&#8243; tablet_portrait=\u00bb60&#8243; mobile_landscape=\u00bb50&#8243; mobile=\u00bb40&#8243;][gsf_button title=\u00bbResoluciones\u00bb style=\u00bb3d\u00bb size=\u00bbmd\u00bb align=\u00bbright\u00bb button_block=\u00bbon\u00bb icon_font=\u00bbfa fa-arrow-left\u00bb link=\u00bburl:https%3A%2F%2Fwww.manabi.gob.ec%2Findex.php%2Fresoluciones%2F|||\u00bb][gsf_space desktop=\u00bb20&#8243; tablet=\u00bb70&#8243; tablet_portrait=\u00bb60&#8243; mobile_landscape=\u00bb50&#8243; mobile=\u00bb40&#8243;][gsf_button title=\u00bbReglamentos\u00bb style=\u00bb3d\u00bb size=\u00bbmd\u00bb align=\u00bbright\u00bb button_block=\u00bbon\u00bb icon_font=\u00bbfa fa-arrow-left\u00bb link=\u00bburl:https%3A%2F%2Fwww.manabi.gob.ec%2Findex.php%2Freglamentos%2F|||\u00bb][gsf_space desktop=\u00bb20&#8243; tablet=\u00bb70&#8243; tablet_portrait=\u00bb60&#8243; mobile_landscape=\u00bb50&#8243; mobile=\u00bb40&#8243;][gsf_button title=\u00bbAcuerdos\u00bb style=\u00bb3d\u00bb size=\u00bbmd\u00bb align=\u00bbright\u00bb button_block=\u00bbon\u00bb icon_font=\u00bbfa fa-arrow-left\u00bb link=\u00bburl:https%3A%2F%2Fwww.manabi.gob.ec%2Findex.php%2Facuerdos%2F|||\u00bb][gsf_space desktop=\u00bb20&#8243; tablet=\u00bb70&#8243; tablet_portrait=\u00bb60&#8243; mobile_landscape=\u00bb50&#8243; mobile=\u00bb40&#8243;][gsf_button title=\u00bbPol\u00edticas Publ\u00edcas\u00bb style=\u00bb3d\u00bb size=\u00bbmd\u00bb align=\u00bbright\u00bb button_block=\u00bbon\u00bb icon_font=\u00bbfa fa-arrow-left\u00bb link=\u00bburl:https%3A%2F%2Fwww.manabi.gob.ec%2Findex.php%2Fpoliticas-publicas%2F|||\u00bb][gsf_space desktop=\u00bb20&#8243; tablet=\u00bb70&#8243; tablet_portrait=\u00bb60&#8243; mobile_landscape=\u00bb50&#8243; mobile=\u00bb40&#8243;][gsf_button title=\u00bbPol\u00edticas Intitucionales\u00bb style=\u00bb3d\u00bb size=\u00bbmd\u00bb align=\u00bbright\u00bb button_block=\u00bbon\u00bb icon_font=\u00bbfa fa-arrow-left\u00bb link=\u00bburl:https%3A%2F%2Fwww.manabi.gob.ec%2Findex.php%2Fpoliticas-institucionales%2F|||\u00bb][\/vc_column][vc_column width=\u00bb3\/4&#8243; css=\u00bb.vc_custom_1622148120192{background-position: center !important;background-repeat: no-repeat !important;background-size: cover !important;}\u00bb offset=\u00bbvc_col-xs-12&#8243;][vc_tta_accordion style=\u00bboutline\u00bb color=\u00bbmulled-wine\u00bb spacing=\u00bb10&#8243; autoplay=\u00bb10&#8243; active_section=\u00bb7&#8243; collapsible_all=\u00bbtrue\u00bb][vc_tta_section title=\u00bb2020&#8243; tab_id=\u00bb1644252707105-c0cd2481-f24d\u00bb][vc_text_separator title=\u00bbAgosto\u00bb color=\u00bbblack\u00bb css=\u00bb.vc_custom_1644244652546{margin-bottom: 25px !important;}\u00bb][gsf_call_to_action title=\u00bbDescargar\u00bb style=\u00bboutline\u00bb link=\u00bburl:https%3A%2F%2Fwww.manabi.gob.ec%2Fwp-content%2Fuploads%2F2022%2F02%2FResolucion-Administrativa_No.-PREM-RE-040-2020_Ref_Resolucion-39_Estatuto-Organico.pdf|||\u00bb css=\u00bb.vc_custom_1644244627235{margin-bottom: 20px !important;}\u00bb]Resoluci\u00f3n Administrativa Nro. PREM-RE-040 -2020 Resoluci\u00f3n 39 Estatuto Org\u00e1nico[\/gsf_call_to_action][vc_text_separator title=\u00bbSeptiembre\u00bb color=\u00bbblack\u00bb css=\u00bb.vc_custom_1644244786477{margin-top: 25px !important;margin-bottom: 25px !important;}\u00bb][gsf_call_to_action title=\u00bbDescargar\u00bb style=\u00bboutline\u00bb link=\u00bburl:https%3A%2F%2Fwww.manabi.gob.ec%2Fwp-content%2Fuploads%2F2022%2F02%2FResolucion-Administrativa-No.-PREM-RE-063-2020_Ref_Resolucion-43B-P-GPM-2019.pdf|||\u00bb]Resoluci\u00f3n Administrativa No. PREM-RE-063-2020_Ref_Resoluci\u00f3n 43B-P-GPM-2019[\/gsf_call_to_action][vc_text_separator title=\u00bbNoviembre\u00bb color=\u00bbblack\u00bb css=\u00bb.vc_custom_1644244668991{margin-top: 25px !important;margin-bottom: 25px !important;}\u00bb][gsf_call_to_action title=\u00bbDescargar\u00bb style=\u00bboutline\u00bb link=\u00bburl:https%3A%2F%2Fwww.manabi.gob.ec%2Fwp-content%2Fuploads%2F2022%2F02%2FResolucion-Adminsitrativa_No.-PREM-RE-87-A-2020_Designaciones-ProcCoactivo.pdf|||\u00bb]Resoluci\u00f3n Administrativa Nro. PREM-RE-87-A-2020 Designaciones ProCoactivo[\/gsf_call_to_action][\/vc_tta_section][vc_tta_section title=\u00bb2021&#8243; tab_id=\u00bb1644252707254-150ce212-c882&#8243;][vc_text_separator title=\u00bbMarzo\u00bb color=\u00bbblack\u00bb css=\u00bb.vc_custom_1644245406480{margin-bottom: 25px !important;}\u00bb][gsf_call_to_action title=\u00bbDescargar\u00bb style=\u00bboutline\u00bb link=\u00bburl:https%3A%2F%2Fwww.manabi.gob.ec%2Fwp-content%2Fuploads%2F2022%2F02%2FResolucion-Administrativa_No.-PREM-RE-021-2021_Delegacion-Director-Administrativo.pdf|||\u00bb css=\u00bb.vc_custom_1644245482861{margin-bottom: 20px !important;}\u00bb]Resoluci\u00f3n Administrativa_No. PREM-RE-021-2021 Delegaci\u00f3n Director Administrativo[\/gsf_call_to_action][vc_text_separator title=\u00bbAbril\u00bb color=\u00bbblack\u00bb css=\u00bb.vc_custom_1644245538938{margin-top: 25px !important;margin-bottom: 25px !important;}\u00bb][gsf_call_to_action title=\u00bbDescargar\u00bb style=\u00bboutline\u00bb link=\u00bburl:https%3A%2F%2Fwww.manabi.gob.ec%2Fwp-content%2Fuploads%2F2022%2F02%2FResolucion-Administrativa_No.-PREM-RE-028-2021_Teletrabajo-emergente.pdf|||\u00bb]Resoluci\u00f3n Administrativa_No. PREM-RE-028-2021 Teletrabajo Emergente[\/gsf_call_to_action][vc_text_separator title=\u00bbMayo\u00bb color=\u00bbblack\u00bb css=\u00bb.vc_custom_1644245596444{margin-top: 25px !important;margin-bottom: 25px !important;}\u00bb][gsf_call_to_action title=\u00bbDescargar\u00bb style=\u00bboutline\u00bb link=\u00bburl:https%3A%2F%2Fwww.manabi.gob.ec%2Fwp-content%2Fuploads%2F2022%2F02%2FResolucion-Administrativa_No.-PREM-RE-048-2021_GestionProyectosInstitucionales.pdf|||\u00bb]Resoluci\u00f3n Administrativa_No. PREM-RE-048-2021 Gesti\u00f3n Proyectos Institucionales[\/gsf_call_to_action][vc_text_separator title=\u00bbJulio\u00bb color=\u00bbblack\u00bb css=\u00bb.vc_custom_1644245691310{margin-top: 25px !important;margin-bottom: 25px !important;}\u00bb][gsf_call_to_action title=\u00bbDescargar\u00bb style=\u00bboutline\u00bb link=\u00bburl:https%3A%2F%2Fwww.manabi.gob.ec%2Fwp-content%2Fuploads%2F2022%2F02%2FResolucion-Administrativa_No.-PREM-RE-094-2021_Codigo-de-etica.pdf|||\u00bb]Resoluci\u00f3n Administrativa_No. PREM-RE-094-2021 C\u00f3digo de \u00e9tica[\/gsf_call_to_action][vc_text_separator title=\u00bbAgosto\u00bb color=\u00bbblack\u00bb css=\u00bb.vc_custom_1644245745973{margin-top: 25px !important;margin-bottom: 25px !important;}\u00bb][gsf_call_to_action title=\u00bbDescargar\u00bb style=\u00bboutline\u00bb link=\u00bburl:https%3A%2F%2Fwww.manabi.gob.ec%2Fwp-content%2Fuploads%2F2022%2F02%2FResolucion-Administrativa_No.-PREM-RE-100-2021_Sub_AtenCiudaComCol.pdf|||\u00bb]Resoluci\u00f3n Administrativa_No. PREM-RE-100-2021 Sub AtenCiudaComCol[\/gsf_call_to_action][vc_text_separator title=\u00bbSeptiembre\u00bb color=\u00bbblack\u00bb css=\u00bb.vc_custom_1644245823086{margin-top: 25px !important;margin-bottom: 25px !important;}\u00bb][gsf_call_to_action title=\u00bbDescargar\u00bb style=\u00bboutline\u00bb link=\u00bburl:https%3A%2F%2Fwww.manabi.gob.ec%2Fwp-content%2Fuploads%2F2022%2F02%2FResolucion_PREM-RE-116-2021_Expedir-el-Reglamento-Higiene-y-Seguridad-GPM.pdf|||\u00bb css=\u00bb.vc_custom_1644246123908{margin-bottom: 25px !important;}\u00bb]Resoluci\u00f3n_PREM-RE-116-2021_Expedir el Reglamento Higiene y Seguridad GPM[\/gsf_call_to_action][gsf_call_to_action title=\u00bbDescargar\u00bb style=\u00bboutline\u00bb link=\u00bburl:https%3A%2F%2Fwww.manabi.gob.ec%2Fwp-content%2Fuploads%2F2022%2F02%2FResolucion_PREM-RE-119A-2021_Ref_estatuto_Organico_Gestion-Organizacional_procesos-del-GPM.pdf|||\u00bb]Resoluci\u00f3n_PREM-RE-119A-2021 Ref estatuto Org\u00e1nico Gesti\u00f3n Organizacional procesos del GPM[\/gsf_call_to_action][\/vc_tta_section][\/vc_tta_accordion][\/vc_column][\/vc_row][vc_row css=\u00bb.vc_custom_1622148209970{background-color: #f4f4f4 !important;}\u00bb][vc_column][vc_empty_space height=\u00bb102px\u00bb][\/vc_column][\/vc_row]<\/p>\n","protected":false},"excerpt":{"rendered":"<p>[vc_row bg_overlay_mode=\u00bbcolor\u00bb css=\u00bb.vc_custom_1630102865600{background-color: #424242 !important;}\u00bb bg_overlay_color=\u00bb#191919&#8243;][vc_column width=\u00bb1\/4&#8243;][gsf_space desktop=\u00bb45&#8243; tablet=\u00bb70&#8243; tablet_portrait=\u00bb60&#8243; mobile_landscape=\u00bb50&#8243; mobile=\u00bb40&#8243;][vc_single_image image=\u00bb22609&#8243; alignment=\u00bbright\u00bb style=\u00bbvc_box_border\u00bb border_color=\u00bbwhite\u00bb css=\u00bb.vc_custom_1666803009406{border-top-width: 4px !important;border-right-width: 4px !important;border-bottom-width: 4px !important;border-left-width: 4px !important;}\u00bb][\/vc_column][vc_column width=\u00bb2\/4&#8243;][gsf_space desktop=\u00bb90&#8243; tablet=\u00bb70&#8243; tablet_portrait=\u00bb60&#8243; mobile_landscape=\u00bb50&#8243; mobile=\u00bb40&#8243;][gsf_page_title font_container=\u00bbfont_size:45|text_align:left|color:%23f7f7f7&#8243;][vc_column_text el_class=\u00bb\u00bb] \u00a0Pol\u00edticas y normativas [\/vc_column_text][\/vc_column][vc_column width=\u00bb1\/4&#8243;][\/vc_column][\/vc_row][vc_row css=\u00bb.vc_custom_1630103050682{background-color: #f4f4f4 !important;}\u00bb][vc_column][vc_empty_space height=\u00bb102px\u00bb][\/vc_column][\/vc_row][vc_row color_skin=\u00bbskin-light\u00bb equal_height=\u00bbyes\u00bb parallax=\u00bbcontent-moving\u00bb css=\u00bb.vc_custom_1622148044878{background-color: #f4f4f4 !important;background-position: center;background-repeat: no-repeat !important;background-size: cover !important;}\u00bb][vc_column color_skin=\u00bbskin-light\u00bb width=\u00bb1\/5&#8243; [&hellip;]<\/p>\n","protected":false},"author":1,"featured_media":0,"parent":0,"menu_order":0,"comment_status":"closed","ping_status":"closed","template":"","meta":{"_joinchat":[],"footnotes":""},"class_list":["post-20131","page","type-page","status-publish","hentry"],"yoast_head":"<!-- This site is optimized with the Yoast SEO plugin v27.4 - https:\/\/yoast.com\/product\/yoast-seo-wordpress\/ -->\n<title>Resoluciones Legislativas - Prefectura de Manab\u00ed<\/title>\n<meta name=\"robots\" content=\"index, follow, max-snippet:-1, max-image-preview:large, max-video-preview:-1\" \/>\n<link rel=\"canonical\" href=\"https:\/\/www.manabi.gob.ec\/index.php\/resoluciones-legislativas\/\" \/>\n<meta property=\"og:locale\" content=\"es_ES\" \/>\n<meta property=\"og:type\" content=\"article\" \/>\n<meta property=\"og:title\" content=\"Resoluciones Legislativas - Prefectura de Manab\u00ed\" \/>\n<meta property=\"og:description\" content=\"[vc_row bg_overlay_mode=\u00bbcolor\u00bb css=\u00bb.vc_custom_1630102865600{background-color: #424242 !important;}\u00bb bg_overlay_color=\u00bb#191919&#8243;][vc_column width=\u00bb1\/4&#8243;][gsf_space desktop=\u00bb45&#8243; tablet=\u00bb70&#8243; tablet_portrait=\u00bb60&#8243; mobile_landscape=\u00bb50&#8243; mobile=\u00bb40&#8243;][vc_single_image image=\u00bb22609&#8243; alignment=\u00bbright\u00bb style=\u00bbvc_box_border\u00bb border_color=\u00bbwhite\u00bb css=\u00bb.vc_custom_1666803009406{border-top-width: 4px !important;border-right-width: 4px !important;border-bottom-width: 4px !important;border-left-width: 4px !important;}\u00bb][\/vc_column][vc_column width=\u00bb2\/4&#8243;][gsf_space desktop=\u00bb90&#8243; tablet=\u00bb70&#8243; tablet_portrait=\u00bb60&#8243; mobile_landscape=\u00bb50&#8243; mobile=\u00bb40&#8243;][gsf_page_title font_container=\u00bbfont_size:45|text_align:left|color:%23f7f7f7&#8243;][vc_column_text el_class=\u00bb\u00bb] \u00a0Pol\u00edticas y normativas [\/vc_column_text][\/vc_column][vc_column width=\u00bb1\/4&#8243;][\/vc_column][\/vc_row][vc_row css=\u00bb.vc_custom_1630103050682{background-color: #f4f4f4 !important;}\u00bb][vc_column][vc_empty_space height=\u00bb102px\u00bb][\/vc_column][\/vc_row][vc_row color_skin=\u00bbskin-light\u00bb equal_height=\u00bbyes\u00bb parallax=\u00bbcontent-moving\u00bb css=\u00bb.vc_custom_1622148044878{background-color: #f4f4f4 !important;background-position: center;background-repeat: no-repeat !important;background-size: cover !important;}\u00bb][vc_column color_skin=\u00bbskin-light\u00bb width=\u00bb1\/5&#8243; [&hellip;]\" \/>\n<meta property=\"og:url\" content=\"https:\/\/www.manabi.gob.ec\/index.php\/resoluciones-legislativas\/\" \/>\n<meta property=\"og:site_name\" content=\"Prefectura de Manab\u00ed\" \/>\n<meta property=\"article:modified_time\" content=\"2026-03-06T15:11:11+00:00\" \/>\n<meta name=\"twitter:card\" content=\"summary_large_image\" \/>\n<meta name=\"twitter:label1\" content=\"Tiempo de lectura\" \/>\n\t<meta name=\"twitter:data1\" content=\"4 minutos\" \/>\n<script type=\"application\/ld+json\" class=\"yoast-schema-graph\">{\"@context\":\"https:\\\/\\\/schema.org\",\"@graph\":[{\"@type\":\"WebPage\",\"@id\":\"https:\\\/\\\/www.manabi.gob.ec\\\/index.php\\\/resoluciones-legislativas\\\/\",\"url\":\"https:\\\/\\\/www.manabi.gob.ec\\\/index.php\\\/resoluciones-legislativas\\\/\",\"name\":\"Resoluciones Legislativas - Prefectura de Manab\u00ed\",\"isPartOf\":{\"@id\":\"https:\\\/\\\/www.manabi.gob.ec\\\/#website\"},\"datePublished\":\"2022-10-26T16:33:09+00:00\",\"dateModified\":\"2026-03-06T15:11:11+00:00\",\"breadcrumb\":{\"@id\":\"https:\\\/\\\/www.manabi.gob.ec\\\/index.php\\\/resoluciones-legislativas\\\/#breadcrumb\"},\"inLanguage\":\"es\",\"potentialAction\":[{\"@type\":\"ReadAction\",\"target\":[\"https:\\\/\\\/www.manabi.gob.ec\\\/index.php\\\/resoluciones-legislativas\\\/\"]}]},{\"@type\":\"BreadcrumbList\",\"@id\":\"https:\\\/\\\/www.manabi.gob.ec\\\/index.php\\\/resoluciones-legislativas\\\/#breadcrumb\",\"itemListElement\":[{\"@type\":\"ListItem\",\"position\":1,\"name\":\"Portada\",\"item\":\"https:\\\/\\\/www.manabi.gob.ec\\\/\"},{\"@type\":\"ListItem\",\"position\":2,\"name\":\"Resoluciones Legislativas\"}]},{\"@type\":\"WebSite\",\"@id\":\"https:\\\/\\\/www.manabi.gob.ec\\\/#website\",\"url\":\"https:\\\/\\\/www.manabi.gob.ec\\\/\",\"name\":\"Prefectura de Manab\u00ed\",\"description\":\"P\u00e1gina web de la prefectura\",\"potentialAction\":[{\"@type\":\"SearchAction\",\"target\":{\"@type\":\"EntryPoint\",\"urlTemplate\":\"https:\\\/\\\/www.manabi.gob.ec\\\/?s={search_term_string}\"},\"query-input\":{\"@type\":\"PropertyValueSpecification\",\"valueRequired\":true,\"valueName\":\"search_term_string\"}}],\"inLanguage\":\"es\"}]}<\/script>\n<!-- \/ Yoast SEO plugin. -->","yoast_head_json":{"title":"Resoluciones Legislativas - Prefectura de Manab\u00ed","robots":{"index":"index","follow":"follow","max-snippet":"max-snippet:-1","max-image-preview":"max-image-preview:large","max-video-preview":"max-video-preview:-1"},"canonical":"https:\/\/www.manabi.gob.ec\/index.php\/resoluciones-legislativas\/","og_locale":"es_ES","og_type":"article","og_title":"Resoluciones Legislativas - Prefectura de Manab\u00ed","og_description":"[vc_row bg_overlay_mode=\u00bbcolor\u00bb css=\u00bb.vc_custom_1630102865600{background-color: #424242 !important;}\u00bb bg_overlay_color=\u00bb#191919&#8243;][vc_column width=\u00bb1\/4&#8243;][gsf_space desktop=\u00bb45&#8243; tablet=\u00bb70&#8243; tablet_portrait=\u00bb60&#8243; mobile_landscape=\u00bb50&#8243; mobile=\u00bb40&#8243;][vc_single_image image=\u00bb22609&#8243; alignment=\u00bbright\u00bb style=\u00bbvc_box_border\u00bb border_color=\u00bbwhite\u00bb css=\u00bb.vc_custom_1666803009406{border-top-width: 4px !important;border-right-width: 4px !important;border-bottom-width: 4px !important;border-left-width: 4px !important;}\u00bb][\/vc_column][vc_column width=\u00bb2\/4&#8243;][gsf_space desktop=\u00bb90&#8243; tablet=\u00bb70&#8243; tablet_portrait=\u00bb60&#8243; mobile_landscape=\u00bb50&#8243; mobile=\u00bb40&#8243;][gsf_page_title font_container=\u00bbfont_size:45|text_align:left|color:%23f7f7f7&#8243;][vc_column_text el_class=\u00bb\u00bb] \u00a0Pol\u00edticas y normativas [\/vc_column_text][\/vc_column][vc_column width=\u00bb1\/4&#8243;][\/vc_column][\/vc_row][vc_row css=\u00bb.vc_custom_1630103050682{background-color: #f4f4f4 !important;}\u00bb][vc_column][vc_empty_space height=\u00bb102px\u00bb][\/vc_column][\/vc_row][vc_row color_skin=\u00bbskin-light\u00bb equal_height=\u00bbyes\u00bb parallax=\u00bbcontent-moving\u00bb css=\u00bb.vc_custom_1622148044878{background-color: #f4f4f4 !important;background-position: center;background-repeat: no-repeat !important;background-size: cover !important;}\u00bb][vc_column color_skin=\u00bbskin-light\u00bb width=\u00bb1\/5&#8243; [&hellip;]","og_url":"https:\/\/www.manabi.gob.ec\/index.php\/resoluciones-legislativas\/","og_site_name":"Prefectura de Manab\u00ed","article_modified_time":"2026-03-06T15:11:11+00:00","twitter_card":"summary_large_image","twitter_misc":{"Tiempo de lectura":"4 minutos"},"schema":{"@context":"https:\/\/schema.org","@graph":[{"@type":"WebPage","@id":"https:\/\/www.manabi.gob.ec\/index.php\/resoluciones-legislativas\/","url":"https:\/\/www.manabi.gob.ec\/index.php\/resoluciones-legislativas\/","name":"Resoluciones Legislativas - Prefectura de Manab\u00ed","isPartOf":{"@id":"https:\/\/www.manabi.gob.ec\/#website"},"datePublished":"2022-10-26T16:33:09+00:00","dateModified":"2026-03-06T15:11:11+00:00","breadcrumb":{"@id":"https:\/\/www.manabi.gob.ec\/index.php\/resoluciones-legislativas\/#breadcrumb"},"inLanguage":"es","potentialAction":[{"@type":"ReadAction","target":["https:\/\/www.manabi.gob.ec\/index.php\/resoluciones-legislativas\/"]}]},{"@type":"BreadcrumbList","@id":"https:\/\/www.manabi.gob.ec\/index.php\/resoluciones-legislativas\/#breadcrumb","itemListElement":[{"@type":"ListItem","position":1,"name":"Portada","item":"https:\/\/www.manabi.gob.ec\/"},{"@type":"ListItem","position":2,"name":"Resoluciones Legislativas"}]},{"@type":"WebSite","@id":"https:\/\/www.manabi.gob.ec\/#website","url":"https:\/\/www.manabi.gob.ec\/","name":"Prefectura de Manab\u00ed","description":"P\u00e1gina web de la prefectura","potentialAction":[{"@type":"SearchAction","target":{"@type":"EntryPoint","urlTemplate":"https:\/\/www.manabi.gob.ec\/?s={search_term_string}"},"query-input":{"@type":"PropertyValueSpecification","valueRequired":true,"valueName":"search_term_string"}}],"inLanguage":"es"}]}},"_links":{"self":[{"href":"https:\/\/www.manabi.gob.ec\/index.php\/wp-json\/wp\/v2\/pages\/20131","targetHints":{"allow":["GET"]}}],"collection":[{"href":"https:\/\/www.manabi.gob.ec\/index.php\/wp-json\/wp\/v2\/pages"}],"about":[{"href":"https:\/\/www.manabi.gob.ec\/index.php\/wp-json\/wp\/v2\/types\/page"}],"author":[{"embeddable":true,"href":"https:\/\/www.manabi.gob.ec\/index.php\/wp-json\/wp\/v2\/users\/1"}],"replies":[{"embeddable":true,"href":"https:\/\/www.manabi.gob.ec\/index.php\/wp-json\/wp\/v2\/comments?post=20131"}],"version-history":[{"count":10,"href":"https:\/\/www.manabi.gob.ec\/index.php\/wp-json\/wp\/v2\/pages\/20131\/revisions"}],"predecessor-version":[{"id":33170,"href":"https:\/\/www.manabi.gob.ec\/index.php\/wp-json\/wp\/v2\/pages\/20131\/revisions\/33170"}],"wp:attachment":[{"href":"https:\/\/www.manabi.gob.ec\/index.php\/wp-json\/wp\/v2\/media?parent=20131"}],"curies":[{"name":"wp","href":"https:\/\/api.w.org\/{rel}","templated":true}]}}