{"id":2721,"date":"2020-06-06T19:34:37","date_gmt":"2020-06-06T19:34:37","guid":{"rendered":"http:\/\/www.manabi.gob.ec\/?page_id=2721"},"modified":"2020-07-31T03:53:07","modified_gmt":"2020-07-31T03:53:07","slug":"ambiente","status":"publish","type":"page","link":"https:\/\/www.manabi.gob.ec\/index.php\/ambiente\/","title":{"rendered":"Ambiente"},"content":{"rendered":"<p>[vc_row color_skin=\u00bbskin-dark\u00bb bg_overlay_mode=\u00bbcolor\u00bb bg_overlay_color=\u00bbrgba(3,101,54,0.95)\u00bb css=\u00bb.vc_custom_1586687334237{background-image: url(http:\/\/www.manabi.gob.ec\/wp-content\/uploads\/2020\/04\/excavadorr.jpg?id=2140) !important;background-position: center !important;background-repeat: no-repeat !important;background-size: cover !important;}\u00bb][vc_column][gsf_space desktop=\u00bb75&#8243; tablet=\u00bb80&#8243; tablet_portrait=\u00bb70&#8243; mobile_landscape=\u00bb60&#8243; mobile=\u00bb60&#8243;][\/vc_column][vc_column width=\u00bb1\/3&#8243; offset=\u00bbvc_col-md-offset-1&#8243;][vc_column_text]<\/p>\n<h4 class=\"primary-font fs-40\" style=\"margin-top: 0px; letter-spacing: 0.02em; text-align: left;\">Trabajando<br \/>\npor el<br \/>\n<span class=\"fw-light\">Progreso de Manab\u00ed<\/span><\/h4>\n<p>[\/vc_column_text][\/vc_column][vc_column width=\u00bb7\/12&#8243; offset=\u00bbvc_col-md-6&#8243;][vc_column_text css=\u00bb.vc_custom_1591308718924{margin-bottom: 45px !important;}\u00bb]<\/p>\n<p><span style=\"color: #ffffff;\">La Prefectura de Manab\u00ed encabezada por el prefecto Leonardo Orlando es una instici\u00f3n que trabaja incans\u00e1blemente por el desarrollo de la provincia llegando a cada uno de sus habitantes con obras para el prograso del campo y el crecimiento de sus habitantes.<\/span><\/p>\n<p>[\/vc_column_text][gsf_button title=\u00bbM\u00e1s sobre la instituci\u00f3n\u00bb size=\u00bbmd\u00bb align=\u00bbleft\u00bb link=\u00bburl:https%3A%2F%2Fsebastiandelacadena.com%2Fpruebagpm2%2Fabout-us%2F|||\u00bb][gsf_space desktop=\u00bb40&#8243; tablet=\u00bb70&#8243; tablet_portrait=\u00bb60&#8243; mobile_landscape=\u00bb50&#8243; mobile=\u00bb40&#8243;][\/vc_column][vc_column][gsf_space desktop=\u00bb50&#8243; tablet=\u00bb50&#8243; tablet_portrait=\u00bb40&#8243; mobile_landscape=\u00bb30&#8243; mobile=\u00bb30&#8243;][\/vc_column][vc_column][vc_row_inner][vc_column_inner width=\u00bb1\/4&#8243; offset=\u00bbvc_col-md-3&#8243;][gsf_counter icon_font=\u00bbflaticon-house-10&#8243; start=\u00bb1000&#8243; end=\u00bb9500&#8243; separator=\u00bb.\u00bb decimal=\u00bb\u00bb suffix=\u00bbkm\u00bb el_class=\u00bbnumeritosblancos\u00bb title=\u00bbVias intervenidas\u00bb][gsf_space desktop=\u00bb15&#8243; tablet=\u00bb50&#8243; tablet_portrait=\u00bb40&#8243; mobile_landscape=\u00bb30&#8243; mobile=\u00bb15&#8243;][\/vc_column_inner][vc_column_inner el_class=\u00bbxs-mg-top-20&#8243; width=\u00bb1\/4&#8243; offset=\u00bbvc_col-md-3&#8243;][gsf_counter icon_font=\u00bbfa fa-tree\u00bb end=\u00bb5460&#8243; separator=\u00bb.\u00bb decimal=\u00bb\u00bb title=\u00bb\u00c1rboles Plantados\u00bb][gsf_space desktop=\u00bb15&#8243; tablet=\u00bb50&#8243; tablet_portrait=\u00bb40&#8243; mobile_landscape=\u00bb30&#8243; mobile=\u00bb15&#8243;][\/vc_column_inner][vc_column_inner width=\u00bb1\/4&#8243;][gsf_counter icon_font=\u00bbflaticon-broker\u00bb start=\u00bb1000&#8243; end=\u00bb35000&#8243; decimals=\u00bb\u00bb separator=\u00bb.\u00bb decimal=\u00bb\u00bb el_class=\u00bbnumeritosblancos\u00bb title=\u00bbCiudadanos beneficiados\u00bb][gsf_space desktop=\u00bb15&#8243; tablet=\u00bb50&#8243; tablet_portrait=\u00bb40&#8243; mobile_landscape=\u00bb30&#8243; mobile=\u00bb15&#8243;][\/vc_column_inner][vc_column_inner width=\u00bb1\/4&#8243;][gsf_counter icon_font=\u00bbfa fa-shower\u00bb start=\u00bb10&#8243; end=\u00bb3500&#8243; separator=\u00bb.\u00bb decimal=\u00bb\u00bb suffix=\u00bbKm\u00bb el_class=\u00bbnumeritosblancos\u00bb title=\u00bbEn canales de riego\u00bb][gsf_space desktop=\u00bb15&#8243; tablet=\u00bb50&#8243; tablet_portrait=\u00bb40&#8243; mobile_landscape=\u00bb30&#8243; mobile=\u00bb15&#8243;][\/vc_column_inner][\/vc_row_inner][\/vc_column][vc_column][gsf_space desktop=\u00bb70&#8243; tablet=\u00bb80&#8243; tablet_portrait=\u00bb70&#8243; mobile_landscape=\u00bb60&#8243; mobile=\u00bb60&#8243;][\/vc_column][\/vc_row][vc_row css=\u00bb.vc_custom_1591308120682{background-color: #dd3333 !important;}\u00bb][vc_column][gsf_space desktop=\u00bb15&#8243; tablet=\u00bb70&#8243; tablet_portrait=\u00bb60&#8243; mobile_landscape=\u00bb50&#8243; mobile=\u00bb15&#8243;][\/vc_column][\/vc_row][vc_row color_skin=\u00bbskin-light\u00bb bg_overlay_mode=\u00bbcolor\u00bb bg_overlay_color=\u00bbrgba(255,255,255,0.95)\u00bb css=\u00bb.vc_custom_1591287752047{background-image: url(http:\/\/www.manabi.gob.ec\/wp-content\/uploads\/2020\/04\/excavadorr.jpg?id=2140) !important;background-position: center !important;background-repeat: no-repeat !important;background-size: cover !important;}\u00bb][vc_column][gsf_space desktop=\u00bb75&#8243; tablet=\u00bb80&#8243; tablet_portrait=\u00bb70&#8243; mobile_landscape=\u00bb60&#8243; mobile=\u00bb60&#8243;][\/vc_column][vc_column width=\u00bb1\/3&#8243; offset=\u00bbvc_col-md-offset-1&#8243;][vc_column_text]<\/p>\n<h4 class=\"primary-font fs-40\" style=\"line-height: 1.125; margin-top: 0px; letter-spacing: 0.02em;\">Trabajando<br \/>\npor el<br \/>\n<span class=\"fw-light\">Progreso de Manab\u00ed<\/span><\/h4>\n<p>[\/vc_column_text][\/vc_column][vc_column width=\u00bb7\/12&#8243; offset=\u00bbvc_col-md-6&#8243;][vc_column_text css=\u00bb.vc_custom_1591309005294{margin-bottom: 45px !important;}\u00bb]La Prefectura de Manab\u00ed encabezada por el prefecto Leonardo Orlando es una instici\u00f3n que trabaja incans\u00e1blemente por el desarrollo de la provincia llegando a cada uno de sus habitantes con obras para el prograso del campo y el crecimiento de sus habitantes.<\/p>\n<p>Con importantes avances en temas como v\u00edas, canales de riego, puentes, producci\u00f3n agr\u00edcola y grandes proyectos de desarrollo social[\/vc_column_text][gsf_button title=\u00bbM\u00e1s sobre la instituci\u00f3n\u00bb size=\u00bbmd\u00bb align=\u00bbleft\u00bb link=\u00bburl:https%3A%2F%2Fsebastiandelacadena.com%2Fpruebagpm2%2Fabout-us%2F|||\u00bb][gsf_space desktop=\u00bb40&#8243; tablet=\u00bb70&#8243; tablet_portrait=\u00bb60&#8243; mobile_landscape=\u00bb50&#8243; mobile=\u00bb40&#8243;][\/vc_column][vc_column][gsf_space desktop=\u00bb50&#8243; tablet=\u00bb50&#8243; tablet_portrait=\u00bb40&#8243; mobile_landscape=\u00bb30&#8243; mobile=\u00bb30&#8243;][\/vc_column][vc_column][vc_row_inner][vc_column_inner width=\u00bb1\/4&#8243; offset=\u00bbvc_col-md-3&#8243;][gsf_counter icon_font=\u00bbflaticon-house-10&#8243; start=\u00bb1000&#8243; end=\u00bb9500&#8243; separator=\u00bb.\u00bb decimal=\u00bb\u00bb suffix=\u00bbkm\u00bb el_class=\u00bbnumeritosblancos\u00bb title=\u00bbVias intervenidas\u00bb][gsf_space desktop=\u00bb15&#8243; tablet=\u00bb50&#8243; tablet_portrait=\u00bb40&#8243; mobile_landscape=\u00bb30&#8243; mobile=\u00bb15&#8243;][\/vc_column_inner][vc_column_inner el_class=\u00bbxs-mg-top-20&#8243; width=\u00bb1\/4&#8243; offset=\u00bbvc_col-md-3&#8243;][gsf_counter icon_font=\u00bbfa fa-tree\u00bb end=\u00bb5460&#8243; separator=\u00bb.\u00bb decimal=\u00bb\u00bb title=\u00bb\u00c1rboles Plantados\u00bb][gsf_space desktop=\u00bb15&#8243; tablet=\u00bb50&#8243; tablet_portrait=\u00bb40&#8243; mobile_landscape=\u00bb30&#8243; mobile=\u00bb15&#8243;][\/vc_column_inner][vc_column_inner width=\u00bb1\/4&#8243;][gsf_counter icon_font=\u00bbflaticon-broker\u00bb start=\u00bb1000&#8243; end=\u00bb35000&#8243; decimals=\u00bb\u00bb separator=\u00bb.\u00bb decimal=\u00bb\u00bb el_class=\u00bbnumeritosblancos\u00bb title=\u00bbCiudadanos beneficiados\u00bb][gsf_space desktop=\u00bb15&#8243; tablet=\u00bb50&#8243; tablet_portrait=\u00bb40&#8243; mobile_landscape=\u00bb30&#8243; mobile=\u00bb15&#8243;][\/vc_column_inner][vc_column_inner width=\u00bb1\/4&#8243;][gsf_counter icon_font=\u00bbfa fa-shower\u00bb start=\u00bb10&#8243; end=\u00bb3500&#8243; separator=\u00bb.\u00bb decimal=\u00bb\u00bb suffix=\u00bbKm\u00bb el_class=\u00bbnumeritosblancos\u00bb title=\u00bbEn canales de riego\u00bb][gsf_space desktop=\u00bb15&#8243; tablet=\u00bb50&#8243; tablet_portrait=\u00bb40&#8243; mobile_landscape=\u00bb30&#8243; mobile=\u00bb15&#8243;][\/vc_column_inner][\/vc_row_inner][\/vc_column][vc_column][gsf_space desktop=\u00bb70&#8243; tablet=\u00bb80&#8243; tablet_portrait=\u00bb70&#8243; mobile_landscape=\u00bb60&#8243; mobile=\u00bb60&#8243;][\/vc_column][\/vc_row][vc_row css=\u00bb.vc_custom_1591308120682{background-color: #dd3333 !important;}\u00bb][vc_column][gsf_space desktop=\u00bb15&#8243; tablet=\u00bb70&#8243; tablet_portrait=\u00bb60&#8243; mobile_landscape=\u00bb50&#8243; mobile=\u00bb15&#8243;][\/vc_column][\/vc_row][vc_row color_skin=\u00bbskin-dark\u00bb container_width=\u00bblimit\u00bb equal_height=\u00bbyes\u00bb parallax=\u00bbcontent-moving\u00bb css=\u00bb.vc_custom_1586690051039{background-position: center;background-repeat: no-repeat !important;background-size: cover !important;}\u00bb][vc_column color_skin=\u00bbskin-light\u00bb width=\u00bb1\/2&#8243;][vc_separator color=\u00bbchino\u00bb style=\u00bbdotted\u00bb][gsf_space desktop=\u00bb50&#8243; tablet=\u00bb70&#8243; tablet_portrait=\u00bb60&#8243; mobile_landscape=\u00bb60&#8243; mobile=\u00bb60&#8243;][gsf_heading sub_title=\u00bb\u00bb local_subtitle=\u00bbsubtitle-bottom\u00bb text_align=\u00bbtext-center\u00bb title=\u00bbCertificates of RubyBuild\u00bb]<strong class=\"uppercase\">Vias para el Progreso<br \/>\n<\/strong><span class=\"accent-color\" style=\"color: #036536;\">Conectamos Manab\u00ed<\/span>[\/gsf_heading][vc_column_text]<\/p>\n<p style=\"text-align: center;\">I am text block. Click edit button to change<br \/>\nthis text. Lorem ipsum dolor sit amet,<br \/>\nconsectetur adipiscing elit. Ut elit tellus, luctus<br \/>\nnec ullamcorper mattis, pulvinar dapibus leo.<\/p>\n<p>[\/vc_column_text][gsf_button title=\u00bbVer m\u00e1s\u00bb size=\u00bbmd\u00bb align=\u00bbcenter\u00bb link=\u00bburl:https%3A%2F%2Fsebastiandelacadena.com%2Fpruebagpm2%2Fcertifications%2F|||\u00bb][gsf_space desktop=\u00bb50&#8243; tablet=\u00bb70&#8243; tablet_portrait=\u00bb60&#8243; mobile_landscape=\u00bb60&#8243; mobile=\u00bb60&#8243;][\/vc_column][vc_column width=\u00bb1\/2&#8243; css=\u00bb.vc_custom_1587108656623{background-image: url(http:\/\/www.manabi.gob.ec\/wp-content\/uploads\/2017\/09\/project-18.jpg?id=1691) !important;background-position: center !important;background-repeat: no-repeat !important;background-size: cover !important;}\u00bb offset=\u00bbvc_col-xs-12&#8243;][vc_empty_space height=\u00bb300px\u00bb][\/vc_column][\/vc_row][vc_row color_skin=\u00bbskin-light\u00bb container_width=\u00bblimit\u00bb equal_height=\u00bbyes\u00bb parallax=\u00bbcontent-moving\u00bb css=\u00bb.vc_custom_1586690056063{background-position: center;background-repeat: no-repeat !important;background-size: cover !important;}\u00bb][vc_column color_skin=\u00bbskin-light\u00bb width=\u00bb1\/2&#8243; css=\u00bb.vc_custom_1586689813533{background-image: url(http:\/\/www.manabi.gob.ec\/wp-content\/uploads\/2020\/04\/land-watering-irrigation-farm-cabbage-organic-plantation-field-agriculture-farming-seedlings-planting_t20_eVzLYo.jpg?id=2167) !important;background-position: center !important;background-repeat: no-repeat !important;background-size: cover !important;}\u00bb][vc_empty_space height=\u00bb300px\u00bb][\/vc_column][vc_column width=\u00bb1\/2&#8243; css=\u00bb.vc_custom_1586689829404{background-position: center !important;background-repeat: no-repeat !important;background-size: cover !important;}\u00bb][gsf_space desktop=\u00bb50&#8243; tablet=\u00bb70&#8243; tablet_portrait=\u00bb60&#8243; mobile_landscape=\u00bb60&#8243; mobile=\u00bb60&#8243;][gsf_heading sub_title=\u00bb\u00bb local_subtitle=\u00bbsubtitle-bottom\u00bb text_align=\u00bbtext-center\u00bb title=\u00bbCertificates of RubyBuild\u00bb]<strong class=\"uppercase\">Agua para nuestros agricultores<br \/>\n<\/strong><span class=\"accent-color\" style=\"color: #036536;\">Canales que unen vidas<\/span>[\/gsf_heading][vc_column_text]<\/p>\n<p style=\"text-align: center;\">I am text block. Click edit button to change<br \/>\nthis text. Lorem ipsum dolor sit amet,<br \/>\nconsectetur adipiscing elit. Ut elit tellus, luctus<br \/>\nnec ullamcorper mattis, pulvinar dapibus leo.<\/p>\n<p>[\/vc_column_text][gsf_button title=\u00bbVer m\u00e1s\u00bb size=\u00bbmd\u00bb align=\u00bbcenter\u00bb link=\u00bburl:https%3A%2F%2Fsebastiandelacadena.com%2Fpruebagpm2%2Fcertifications%2F|||\u00bb][gsf_space desktop=\u00bb50&#8243; tablet=\u00bb70&#8243; tablet_portrait=\u00bb60&#8243; mobile_landscape=\u00bb60&#8243; mobile=\u00bb60&#8243;][\/vc_column][\/vc_row][vc_row color_skin=\u00bbskin-dark\u00bb container_width=\u00bblimit\u00bb equal_height=\u00bbyes\u00bb parallax=\u00bbcontent-moving\u00bb css=\u00bb.vc_custom_1586690051039{background-position: center;background-repeat: no-repeat;background-size: cover !important;}\u00bb][vc_column color_skin=\u00bbskin-light\u00bb width=\u00bb1\/2&#8243;][gsf_space desktop=\u00bb50&#8243; tablet=\u00bb70&#8243; tablet_portrait=\u00bb60&#8243; mobile_landscape=\u00bb60&#8243; mobile=\u00bb60&#8243;][gsf_heading sub_title=\u00bb\u00bb local_subtitle=\u00bbsubtitle-bottom\u00bb text_align=\u00bbtext-center\u00bb title=\u00bbCertificates of RubyBuild\u00bb]<strong class=\"uppercase\">Salud para Manab\u00ed<br \/>\n<\/strong><span class=\"accent-color\" style=\"color: #036536;\">Brigadas m\u00e9dicas de la prefectura<\/span>[\/gsf_heading][vc_column_text]<\/p>\n<p style=\"text-align: center;\">I am text block. Click edit button to change<br \/>\nthis text. Lorem ipsum dolor sit amet,<br \/>\nconsectetur adipiscing elit. Ut elit tellus, luctus<br \/>\nnec ullamcorper mattis, pulvinar dapibus leo.<\/p>\n<p>[\/vc_column_text][gsf_button title=\u00bbVer m\u00e1s\u00bb size=\u00bbmd\u00bb align=\u00bbcenter\u00bb link=\u00bburl:https%3A%2F%2Fsebastiandelacadena.com%2Fpruebagpm2%2Fcertifications%2F|||\u00bb][gsf_space desktop=\u00bb50&#8243; tablet=\u00bb70&#8243; tablet_portrait=\u00bb60&#8243; mobile_landscape=\u00bb60&#8243; mobile=\u00bb60&#8243;][\/vc_column][vc_column width=\u00bb1\/2&#8243; css=\u00bb.vc_custom_1586707519455{background-image: url(http:\/\/www.manabi.gob.ec\/wp-content\/uploads\/2020\/04\/woman-doctor-talks-to-female-patient-in-hospital-office-while-examining-the-patients-pulse-by-hands_t20_AVd7nK.jpg?id=2182) !important;background-position: center !important;background-repeat: no-repeat !important;background-size: cover !important;}\u00bb][vc_empty_space height=\u00bb300px\u00bb][\/vc_column][\/vc_row][vc_row css=\u00bb.vc_custom_1591308120682{background-color: #dd3333 !important;}\u00bb][vc_column][gsf_space desktop=\u00bb15&#8243; tablet=\u00bb70&#8243; tablet_portrait=\u00bb60&#8243; mobile_landscape=\u00bb50&#8243; mobile=\u00bb15&#8243;][\/vc_column][\/vc_row][vc_row color_skin=\u00bbskin-dark\u00bb content_width=\u00bbfull\u00bb equal_height=\u00bbyes\u00bb css=\u00bb.vc_custom_1591309822231{background-color: #000000 !important;}\u00bb][vc_column][vc_row_inner][vc_column_inner width=\u00bb1\/4&#8243; css=\u00bb.vc_custom_1587364347082{padding-right: 0px !important;padding-left: 0px !important;}\u00bb][gsf_banner hover_effect=\u00bblayla-effect\u00bb banner_bg_overlay_color=\u00bbrgba(0,0,0,0.53)\u00bb title_color=\u00bb#ffffff\u00bb title=\u00bbGastronom\u00eda\u00bb image=\u00bb2385&#8243; link=\u00bburl:%23|||\u00bb][\/vc_column_inner][vc_column_inner width=\u00bb1\/4&#8243; css=\u00bb.vc_custom_1587366033086{padding-right: 0px !important;padding-left: 0px !important;}\u00bb][gsf_banner hover_effect=\u00bblayla-effect\u00bb banner_bg_overlay_color=\u00bbrgba(0,0,0,0.52)\u00bb title_color=\u00bb#f9c100&#8243; title=\u00bbPlayas\u00bb image=\u00bb2384&#8243;][\/vc_column_inner][vc_column_inner width=\u00bb1\/4&#8243; css=\u00bb.vc_custom_1587366051157{padding-right: 0px !important;padding-left: 0px !important;}\u00bb][gsf_banner hover_effect=\u00bblayla-effect\u00bb banner_bg_overlay_color=\u00bbrgba(0,0,0,0.5)\u00bb title_color=\u00bb#f9c100&#8243; title=\u00bbCascadas\u00bb image=\u00bb2383&#8243;][\/vc_column_inner][vc_column_inner width=\u00bb1\/4&#8243; css=\u00bb.vc_custom_1587366061331{padding-right: 0px !important;padding-left: 0px !important;}\u00bb][gsf_banner hover_effect=\u00bblayla-effect\u00bb banner_bg_overlay_color=\u00bbrgba(0,0,0,0.51)\u00bb title_color=\u00bb#f9c100&#8243; title=\u00bbCultura\u00bb image=\u00bb2382&#8243;][\/vc_column_inner][\/vc_row_inner][\/vc_column][\/vc_row][vc_row css=\u00bb.vc_custom_1591308120682{background-color: #dd3333 !important;}\u00bb][vc_column][gsf_space desktop=\u00bb15&#8243; tablet=\u00bb70&#8243; tablet_portrait=\u00bb60&#8243; mobile_landscape=\u00bb50&#8243; mobile=\u00bb15&#8243;][\/vc_column][\/vc_row][vc_row color_skin=\u00bbskin-dark\u00bb parallax=\u00bbcontent-moving\u00bb bg_overlay_mode=\u00bbcolor\u00bb bg_overlay_color=\u00bbrgba(0,0,0,0.8)\u00bb css=\u00bb.vc_custom_1504144275494{background-image: url(https:\/\/sebastiandelacadena.com\/pruebagpm3\/wp-content\/uploads\/2017\/08\/bg-iconbox-1.jpg?id=326) !important;background-position: center;background-repeat: no-repeat !important;background-size: cover !important;}\u00bb][vc_column][gsf_space desktop=\u00bb90&#8243; tablet=\u00bb70&#8243; tablet_portrait=\u00bb60&#8243; mobile_landscape=\u00bb60&#8243; mobile=\u00bb60&#8243;][gsf_heading local_subtitle=\u00bbsubtitle-bottom\u00bb text_align=\u00bbtext-center\u00bb title=\u00bbCertificates of RubyBuild\u00bb]<strong class=\"uppercase\">Certificates of<\/strong> Ruby<span class=\"accent-color\">Build<\/span>[\/gsf_heading][gsf_slider_container nav=\u00bb\u00bb columns=\u00bb4&#8243; columns_md=\u00bb3&#8243; columns_sm=\u00bb2&#8243; columns_xs=\u00bb1&#8243; columns_mb=\u00bb1&#8243; css=\u00bb.vc_custom_1507520963637{margin-top: 50px !important;}\u00bb][gsf_icon_box icon_font=\u00bbflaticon-building\u00bb title=\u00bbHealth Care Buildings\u00bb description=\u00bbMirum est notare quam litterar putams parum is claram, antep formas humanitatis.\u00bb box_shadow_hover=\u00bbtrue\u00bb link=\u00bburl:%23|||\u00bb][gsf_icon_box icon_font=\u00bbflaticon-house-6&#8243; title=\u00bbEducation Buildings\u00bb description=\u00bbMirum est notare quam litterar putams parum is claram, antep formas humanitatis.\u00bb box_shadow_hover=\u00bbtrue\u00bb link=\u00bburl:%23|||\u00bb][gsf_icon_box icon_font=\u00bbflaticon-skyline\u00bb title=\u00bbGoverment Buildings\u00bb description=\u00bbMirum est notare quam litterar putams parum is claram, antep formas humanitatis.\u00bb box_shadow_hover=\u00bbtrue\u00bb link=\u00bburl:%23|||\u00bb][gsf_icon_box icon_font=\u00bbflaticon-house\u00bb title=\u00bbGreen Construction\u00bb description=\u00bbMirum est notare quam litterar putams parum is claram, antep formas humanitatis.\u00bb box_shadow_hover=\u00bbtrue\u00bb link=\u00bburl:%23|||\u00bb][\/gsf_slider_container][gsf_space desktop=\u00bb80&#8243; tablet=\u00bb70&#8243; tablet_portrait=\u00bb60&#8243; mobile_landscape=\u00bb50&#8243; mobile=\u00bb50&#8243;][gsf_button title=\u00bbAll Certificates\u00bb size=\u00bbmd\u00bb align=\u00bbcenter\u00bb link=\u00bburl:https%3A%2F%2Fsebastiandelacadena.com%2Fpruebagpm3%2Fcertifications%2F|||\u00bb][gsf_space desktop=\u00bb100&#8243; tablet=\u00bb70&#8243; tablet_portrait=\u00bb60&#8243; mobile_landscape=\u00bb60&#8243; mobile=\u00bb60&#8243;][\/vc_column][\/vc_row][vc_row css=\u00bb.vc_custom_1591308120682{background-color: #dd3333 !important;}\u00bb][vc_column][gsf_space desktop=\u00bb15&#8243; tablet=\u00bb70&#8243; tablet_portrait=\u00bb60&#8243; mobile_landscape=\u00bb50&#8243; mobile=\u00bb15&#8243;][\/vc_column][\/vc_row][vc_row el_class=\u00bbposition-relative,top-neg-60&#8243;][vc_column][gsf_space desktop=\u00bb70&#8243; tablet=\u00bb60&#8243; tablet_portrait=\u00bb60&#8243; mobile_landscape=\u00bb50&#8243; mobile=\u00bb50&#8243;][gsf_heading sub_title=\u00bb\u00bb local_subtitle=\u00bbsubtitle-bottom\u00bb text_align=\u00bbtext-center\u00bb css=\u00bb.vc_custom_1587367122943{margin-bottom: 45px !important;}\u00bb]<strong class=\"uppercase\">Documentos<\/strong> y descargas[\/gsf_heading][vc_row_inner][vc_column_inner width=\u00bb1\/4&#8243;][gsf_icon_box icon_font=\u00bbfa fa-file-pdf-o\u00bb title=\u00bbAnteproyecto del presupuesto\u00bb description=\u00bbPara el ejercicio fiscal 2020&#8243; box_shadow_hover=\u00bbtrue\u00bb link=\u00bburl:%23|||\u00bb layout_style=\u00bboutline\u00bb css_animation=\u00bbbottom-to-top\u00bb][\/vc_column_inner][vc_column_inner width=\u00bb1\/4&#8243;][gsf_icon_box icon_font=\u00bbfa fa-file-pdf-o\u00bb title=\u00bbEstudios de impacto ambiental\u00bb description=\u00bbEstaciones de servicio\u00bb box_shadow_hover=\u00bbtrue\u00bb link=\u00bburl:%23|||\u00bb layout_style=\u00bboutline\u00bb css_animation=\u00bbbottom-to-top\u00bb][\/vc_column_inner][vc_column_inner width=\u00bb1\/4&#8243;][gsf_icon_box icon_font=\u00bbfa fa-file-pdf-o\u00bb title=\u00bbInforme parcial de compras\u00bb description=\u00bbsujetas a declaratoria de emergencia\u00bb box_shadow_hover=\u00bbtrue\u00bb link=\u00bburl:%23|||\u00bb layout_style=\u00bboutline\u00bb css_animation=\u00bbbottom-to-top\u00bb][\/vc_column_inner][vc_column_inner width=\u00bb1\/4&#8243;][gsf_icon_box icon_font=\u00bbfa fa-file-pdf-o\u00bb title=\u00bbInforme parcial de compras\u00bb description=\u00bbsujetas a declaratoria de emergencia\u00bb box_shadow_hover=\u00bbtrue\u00bb link=\u00bburl:%23|||\u00bb layout_style=\u00bboutline\u00bb css_animation=\u00bbbottom-to-top\u00bb][\/vc_column_inner][\/vc_row_inner][gsf_space desktop=\u00bb60&#8243; tablet=\u00bb40&#8243; tablet_portrait=\u00bb30&#8243; mobile_landscape=\u00bb30&#8243; mobile=\u00bb30&#8243;][gsf_button title=\u00bbIr a transparencia\u00bb color=\u00bbblack\u00bb size=\u00bbmd\u00bb align=\u00bbcenter\u00bb link=\u00bburl:https%3A%2F%2Fsebastiandelacadena.com%2Fpruebagpm2%2Fblog%2F|||\u00bb][gsf_space desktop=\u00bb90&#8243; tablet=\u00bb40&#8243; tablet_portrait=\u00bb30&#8243; mobile_landscape=\u00bb30&#8243; mobile=\u00bb30&#8243;][\/vc_column][\/vc_row][vc_row css=\u00bb.vc_custom_1591308120682{background-color: #dd3333 !important;}\u00bb][vc_column][gsf_space desktop=\u00bb15&#8243; tablet=\u00bb70&#8243; tablet_portrait=\u00bb60&#8243; mobile_landscape=\u00bb50&#8243; mobile=\u00bb15&#8243;][\/vc_column][\/vc_row][vc_row color_skin=\u00bbskin-dark\u00bb bg_overlay_mode=\u00bbcolor\u00bb bg_overlay_color=\u00bbrgba(3,137,178,0.91)\u00bb css=\u00bb.vc_custom_1587109827052{background-image: url(http:\/\/www.manabi.gob.ec\/wp-content\/uploads\/2020\/04\/coronavirusback.jpg?id=2284) !important;background-position: center !important;background-repeat: no-repeat !important;background-size: cover !important;}\u00bb][vc_column][gsf_space desktop=\u00bb45&#8243; tablet=\u00bb80&#8243; tablet_portrait=\u00bb70&#8243; mobile_landscape=\u00bb60&#8243; mobile=\u00bb60&#8243;][vc_row_inner][vc_column_inner width=\u00bb1\/6&#8243;][\/vc_column_inner][vc_column_inner width=\u00bb4\/6&#8243;][vc_column_text]<\/p>\n<h4 class=\"primary-font fs-40\" style=\"line-height: 1.125; margin-top: 13px; letter-spacing: 0.02em; text-align: center;\">Detengamos el Coronavirus<\/h4>\n<p style=\"text-align: center;\"><span style=\"color: #ffffff;\">El Gobierno de Manab\u00ed realiza acciones desde el inicio de la emergencia para mantener la salud de las manabitas, conoce m\u00e1s de lo que se est\u00e1 haciendo para superar la crisis del Coronavirus<\/span><\/p>\n<p>[\/vc_column_text][\/vc_column_inner][vc_column_inner width=\u00bb1\/6&#8243;][\/vc_column_inner][\/vc_row_inner][gsf_space desktop=\u00bb30&#8243; tablet=\u00bb80&#8243; tablet_portrait=\u00bb70&#8243; mobile_landscape=\u00bb60&#8243; mobile=\u00bb60&#8243;][vc_row_inner][vc_column_inner width=\u00bb1\/4&#8243;][vc_hoverbox image=\u00bb2298&#8243; primary_title=\u00bb\u00bb hover_title=\u00bbCat\u00e1logo de emprendedores\u00bb hover_title_font_container=\u00bbfont_size:18px\u00bb hover_title_google_fonts=\u00bbfont_family:Open%20Sans%3A300%2C300italic%2Cregular%2Citalic%2C600%2C600italic%2C700%2C700italic%2C800%2C800italic|font_style:600%20bold%20regular%3A600%3Anormal\u00bb shape=\u00bbsquare\u00bb hover_background_color=\u00bbgreen\u00bb hover_btn_title=\u00bbVer m\u00e1s\u00bb hover_btn_css_animation=\u00bbbottom-to-top\u00bb use_custom_fonts_hover_title=\u00bbtrue\u00bb hover_add_button=\u00bbtrue\u00bb hover_btn_link=\u00bburl:%23|||\u00bb]<span style=\"color: #ffffff;\">Click edit button to change this text. Lorem i<\/span>[\/vc_hoverbox][gsf_space desktop=\u00bb50&#8243; tablet=\u00bb80&#8243; tablet_portrait=\u00bb70&#8243; mobile_landscape=\u00bb60&#8243; mobile=\u00bb60&#8243;][\/vc_column_inner][vc_column_inner width=\u00bb1\/4&#8243;][vc_hoverbox image=\u00bb2301&#8243; primary_title=\u00bb\u00bb hover_title=\u00bbMercado a domicilio\u00bb hover_title_font_container=\u00bbfont_size:18px\u00bb hover_title_google_fonts=\u00bbfont_family:Open%20Sans%3A300%2C300italic%2Cregular%2Citalic%2C600%2C600italic%2C700%2C700italic%2C800%2C800italic|font_style:600%20bold%20regular%3A600%3Anormal\u00bb shape=\u00bbsquare\u00bb hover_background_color=\u00bbgreen\u00bb hover_btn_title=\u00bbVer m\u00e1s\u00bb hover_btn_css_animation=\u00bbbottom-to-top\u00bb use_custom_fonts_hover_title=\u00bbtrue\u00bb hover_add_button=\u00bbtrue\u00bb hover_btn_link=\u00bburl:%23|||\u00bb]<span style=\"color: #ffffff;\">Click edit button to change this text. Lorem ipsum d<\/span>[\/vc_hoverbox][gsf_space desktop=\u00bb50&#8243; tablet=\u00bb80&#8243; tablet_portrait=\u00bb70&#8243; mobile_landscape=\u00bb60&#8243; mobile=\u00bb60&#8243;][\/vc_column_inner][vc_column_inner width=\u00bb1\/4&#8243;][vc_hoverbox image=\u00bb2299&#8243; primary_title=\u00bb\u00bb hover_title=\u00bbManab\u00ed responde\u00bb hover_title_font_container=\u00bbfont_size:18px\u00bb hover_title_google_fonts=\u00bbfont_family:Open%20Sans%3A300%2C300italic%2Cregular%2Citalic%2C600%2C600italic%2C700%2C700italic%2C800%2C800italic|font_style:600%20bold%20regular%3A600%3Anormal\u00bb shape=\u00bbsquare\u00bb hover_background_color=\u00bbgreen\u00bb hover_btn_title=\u00bbVer m\u00e1s\u00bb hover_btn_css_animation=\u00bbbottom-to-top\u00bb use_custom_fonts_hover_title=\u00bbtrue\u00bb hover_add_button=\u00bbtrue\u00bb hover_btn_link=\u00bburl:%23|||\u00bb]<span style=\"color: #ffffff;\">Click edit button to change this text. Lorem ipsum d<\/span>[\/vc_hoverbox][gsf_space desktop=\u00bb50&#8243; tablet=\u00bb80&#8243; tablet_portrait=\u00bb70&#8243; mobile_landscape=\u00bb60&#8243; mobile=\u00bb60&#8243;][\/vc_column_inner][vc_column_inner width=\u00bb1\/4&#8243;][vc_hoverbox image=\u00bb2298&#8243; primary_title=\u00bb\u00bb hover_title=\u00bbCat\u00e1logo de emprendedores\u00bb hover_title_font_container=\u00bbfont_size:18px\u00bb hover_title_google_fonts=\u00bbfont_family:Open%20Sans%3A300%2C300italic%2Cregular%2Citalic%2C600%2C600italic%2C700%2C700italic%2C800%2C800italic|font_style:600%20bold%20regular%3A600%3Anormal\u00bb shape=\u00bbsquare\u00bb hover_background_color=\u00bbgreen\u00bb hover_btn_title=\u00bbVer m\u00e1s\u00bb hover_btn_css_animation=\u00bbbottom-to-top\u00bb use_custom_fonts_hover_title=\u00bbtrue\u00bb hover_add_button=\u00bbtrue\u00bb hover_btn_link=\u00bburl:%23|||\u00bb]<span style=\"color: #ffffff;\">Click edit button to change this text.\u00a0<\/span>[\/vc_hoverbox][gsf_space desktop=\u00bb50&#8243; tablet=\u00bb80&#8243; tablet_portrait=\u00bb70&#8243; mobile_landscape=\u00bb60&#8243; mobile=\u00bb60&#8243;][\/vc_column_inner][\/vc_row_inner][gsf_button title=\u00bbVer mas\u00bb color=\u00bbwhite\u00bb size=\u00bbmd\u00bb align=\u00bbcenter\u00bb link=\u00bburl:https%3A%2F%2Fsebastiandelacadena.com%2Fpruebagpm2%2Fcoronavirus%2F|||\u00bb][gsf_space desktop=\u00bb60&#8243; tablet=\u00bb80&#8243; tablet_portrait=\u00bb70&#8243; mobile_landscape=\u00bb60&#8243; mobile=\u00bb60&#8243;][\/vc_column][\/vc_row][vc_row color_skin=\u00bbskin-dark\u00bb gap=\u00bb10&#8243; bg_overlay_mode=\u00bbcolor\u00bb bg_overlay_color=\u00bbrgba(3,101,54,0.95)\u00bb css=\u00bb.vc_custom_1588091122399{padding-right: 50px !important;padding-left: 50px !important;}\u00bb][vc_column width=\u00bb1\/2&#8243;][gsf_space desktop=\u00bb50&#8243; tablet=\u00bb70&#8243; tablet_portrait=\u00bb60&#8243; mobile_landscape=\u00bb60&#8243; mobile=\u00bb60&#8243;][vc_tta_accordion color=\u00bbblack\u00bb active_section=\u00bb22&#8243; collapsible_all=\u00bbtrue\u00bb][vc_tta_section title=\u00bbPlanificaci\u00f3n\u00bb tab_id=\u00bb1588023179768-eeb8ab5e-4116&#8243;][vc_column_text]<\/p>\n<p data-wahfont=\"14\">Son funciones de la Direcci\u00f3n de Secretar\u00eda T\u00e9cnica de Planificaci\u00f3n Provincial las siguientes :<\/p>\n<ul>\n<li>Dirigir las actividades de los Departamentos y secciones a su cargo.<\/li>\n<li>Representar al Consejo Provincial en la instancia de coordinaci\u00f3n con la SENPLADES, Ministerio de Relaciones Exteriores, ONG?s Nacionales e Internacionales, Organismo Multilaterales, conjuntamente o a nombre del se\u00f1or Prefecto.<\/li>\n<\/ul>\n<p>[\/vc_column_text][gsf_button title=\u00bbVer m\u00e1s\u00bb link=\u00bburl:%23|||\u00bb][\/vc_tta_section][vc_tta_section title=\u00bbObras p\u00fablicas\u00bb tab_id=\u00bb1588023179977-30e51983-4d18&#8243;][vc_column_text]<\/p>\n<p data-wahfont=\"14\">Son funciones de la Direcci\u00f3n de Obras P\u00fablicas, las siguientes:<\/p>\n<ul>\n<li>Planificar obras de infraestructura que requiere el desarrollo socio-econ\u00f3mico provincial.<\/li>\n<li>Presentar el anteproyecto del Plan de Obras para la aprobaci\u00f3n del Consejo Provincial con sus valores respectivos.<\/li>\n<li>Coordinar las disposiciones emanadas por el Prefecto Provincial con las secciones que dependen de la Direcci\u00f3n de Obras P\u00fablicas.<\/li>\n<\/ul>\n<p>[\/vc_column_text][gsf_button title=\u00bbLeer m\u00e1s\u00bb][\/vc_tta_section][vc_tta_section title=\u00bbGesti\u00f3n Vial\u00bb tab_id=\u00bb1588023180176-1287f828-660b\u00bb][vc_column_text]<\/p>\n<p data-wahfont=\"14\">La Empresa P\u00fablica de Administraci\u00f3n Vial del Gobierno Provincial Aut\u00f3nomo de Manab\u00ed (MANABI VIAL), como tal, nace de la Ordenanza de Constituci\u00f3n de la Empresa firmada el 15 de Diciembre de 2010 por el Prefecto Provincial de Manab\u00ed.<\/p>\n<p data-wahfont=\"14\">MANABI VIAL es una empresa joven, con visi\u00f3n progresista, moderna y comprometida socialmente; con una administraci\u00f3n preocupada por la satisfacci\u00f3n y seguridad de sus usuarios y el transparente desempe\u00f1o en su gesti\u00f3n.<\/p>\n<p>[\/vc_column_text][gsf_button title=\u00bbLeer m\u00e1s\u00bb link=\u00bburl:%23|||\u00bb][\/vc_tta_section][vc_tta_section title=\u00bbAuditor\u00eda\u00bb tab_id=\u00bb1588024740828-104ddd83-63b2&#8243;][vc_column_text]<\/p>\n<p data-wahfont=\"14\">Son funciones de la Direcci\u00f3n de Auditoria Interna las siguientes:<\/p>\n<ul>\n<li>Planificar, programar, organizar, coordinar, dirigir, ejecutar, controlar y evaluar las actividades de la Direcci\u00f3n.<\/li>\n<li>Realizar las auditorias internas y\/o ex\u00e1menes especiales a todos los sistemas administrativos, tanto a nivel de gesti\u00f3n, financieros, administrativos, ambientales de ingenier\u00edas t\u00e9cnicas de obras, y dem\u00e1s que determine la Ley, en la que se incluyan comentarios, conclusiones y recomendaciones.<\/li>\n<\/ul>\n<p>[\/vc_column_text][gsf_button title=\u00bbLeer m\u00e1s\u00bb link=\u00bburl:%23|||\u00bb][\/vc_tta_section][\/vc_tta_accordion][\/vc_column][vc_column width=\u00bb1\/2&#8243;][gsf_space desktop=\u00bb50&#8243; tablet=\u00bb70&#8243; tablet_portrait=\u00bb60&#8243; mobile_landscape=\u00bb60&#8243; mobile=\u00bb60&#8243;][vc_tta_accordion color=\u00bbblack\u00bb active_section=\u00bb25&#8243; collapsible_all=\u00bbtrue\u00bb][vc_tta_section title=\u00bbGesti\u00f3n Ambiental\u00bb tab_id=\u00bb1588023093018-dc68f5a8-aab1&#8243;][vc_column_text]<\/p>\n<p data-wahfont=\"14\">Son funciones de la Direcci\u00f3n de Gesti\u00f3n Ambiental, las siguientes:<\/p>\n<ul>\n<li>Dar lineamientos sobre las pol\u00edticas y estrategias de gesti\u00f3n ambiental del Consejo Provincial.<\/li>\n<li>Representar a la Direcci\u00f3n en las relaciones de trabajo y coordinaci\u00f3n con los dem\u00e1s \u00f3rganos de la administraci\u00f3n de la Corporaci\u00f3n Provincial, as\u00ed como en general de las personas naturales o jur\u00eddicas sujetas a su control.<\/li>\n<\/ul>\n<p>[\/vc_column_text][gsf_button title=\u00bbLeer m\u00e1s\u00bb link=\u00bburl:%23|||\u00bb][\/vc_tta_section][vc_tta_section title=\u00bbComunicaci\u00f3n\u00bb tab_id=\u00bb1588023093145-611d51f5-17d8&#8243;][vc_column_text]<\/p>\n<p data-wahfont=\"14\">Son funciones del Departamento de Comunicaci\u00f3n Social y Protocolo, las siguientes:<\/p>\n<ul>\n<li>Planificar, organizar, dirigir y controlar, la aplicaci\u00f3n de la pol\u00edtica comunicacional, interna y externa, del Consejo Provincial de Manab\u00ed.<\/li>\n<li>Formular los programas de relaciones p\u00fablicas, sociales, culturales y deportivos y los de informaci\u00f3n y editorial; someterlo a la aprobaci\u00f3n del Prefecto Provincial y ejecutar los que fueren aprobados.<\/li>\n<\/ul>\n<p>[\/vc_column_text][gsf_button title=\u00bbLeer m\u00e1s\u00bb link=\u00bburl:%23|||\u00bb][\/vc_tta_section][vc_tta_section title=\u00bbAdministrativo\u00bb tab_id=\u00bb1588023093299-1983de33-d3b7&#8243;][vc_column_text]<\/p>\n<p data-wahfont=\"14\">Son funciones de la Direcci\u00f3n Administrativa y Recursos Humanos, las siguientes:<\/p>\n<ul>\n<li>Programar, organizar, coordinar, ejecutar, dirigir, controlar y evaluar las actividades de los Departamentos y secciones a su cargo y que tienen relaci\u00f3n con dotaci\u00f3n de bienes y servicios el apoyo administrativo y servicios generales, con los recursos materiales, tecnol\u00f3gicos y humanos del Consejo Provincial.<\/li>\n<li>Proporcionar un oportuno servicio de apoyo que permita un funcionamiento apropiado de las dependencias del Consejo Provincial.<\/li>\n<\/ul>\n<p>[\/vc_column_text][gsf_button title=\u00bbLeer m\u00e1s\u00bb link=\u00bburl:%23|||\u00bb][\/vc_tta_section][vc_tta_section title=\u00bbFinanciero\u00bb tab_id=\u00bb1588024792220-d800095b-1064&#8243;][vc_column_text]<\/p>\n<p data-wahfont=\"14\">Son funciones de la Direcci\u00f3n Financiera, las siguientes:<\/p>\n<ul>\n<li>Planificar, organizar, dirigir y controlar la administraci\u00f3n eficiente y adecuada de los recursos financieros de la instituci\u00f3n, de conformidad con la Ley de R\u00e9gimen Provincial, Ley Org\u00e1nica de la Contralor\u00eda General del Estado y dem\u00e1s normas y disposiciones legales sobre la materia.<\/li>\n<li>Vigilar la incorporaci\u00f3n de los procesos espec\u00edficos de control interno, dentro de los sistemas contables, presupuestarios y de tesorer\u00eda.<\/li>\n<\/ul>\n<p>[\/vc_column_text][gsf_button title=\u00bbLeer m\u00e1s\u00bb link=\u00bburl:%23|||\u00bb][\/vc_tta_section][\/vc_tta_accordion][gsf_space desktop=\u00bb50&#8243; tablet=\u00bb70&#8243; tablet_portrait=\u00bb60&#8243; mobile_landscape=\u00bb60&#8243; mobile=\u00bb60&#8243;][\/vc_column][\/vc_row][vc_row color_skin=\u00bbskin-dark\u00bb video_bg=\u00bbyes\u00bb video_bg_url=\u00bbhttps:\/\/www.youtube.com\/watch?v=CS1vSfDsoB4&#8243; bg_overlay_mode=\u00bbcolor\u00bb bg_overlay_color=\u00bbrgba(0,0,0,0.62)\u00bb css=\u00bb.vc_custom_1587108387853{background-image: url(http:\/\/www.manabi.gob.ec\/wp-content\/uploads\/2017\/08\/bg-iconbox-1.jpg?id=326) !important;background-position: center !important;background-repeat: no-repeat !important;background-size: cover !important;}\u00bb][vc_column][gsf_space desktop=\u00bb45&#8243; tablet=\u00bb70&#8243; tablet_portrait=\u00bb60&#8243; mobile_landscape=\u00bb60&#8243; mobile=\u00bb60&#8243;][vc_row_inner][vc_column_inner width=\u00bb1\/2&#8243;][vc_empty_space height=\u00bb5px\u00bb][vc_single_image image=\u00bb2246&#8243; img_size=\u00bb300&#215;300&#8243; alignment=\u00bbcenter\u00bb][\/vc_column_inner][vc_column_inner width=\u00bb1\/2&#8243;][vc_empty_space height=\u00bb5px\u00bb][gsf_heading sub_title=\u00bbCon los programas Entrenando Valores y Manab\u00ed te cuenta una historia\u00bb local_subtitle=\u00bbsubtitle-bottom\u00bb]<strong class=\"uppercase\">Descubre Manab\u00ed<\/strong>[\/gsf_heading][vc_column_text]Organizaciones de asistencia social que atienden a grupos prioritarios como Hospital B\u00e1sico Pichincha, Fundaci\u00f3n Casa Hogar de Bel\u00e9n y Funteman, recibieron alcohol y mascarillas por parte de la Prefectura.<\/p>\n<p>Una dotaci\u00f3n de implementos de seguridad para sus tareas de control fue entregado a personal de Polic\u00eda Nacional, Comisi\u00f3n de Tr\u00e1nsito del Ecuador, Fuerte Militar Teniente Hugo Ortiz.[\/vc_column_text][vc_empty_space height=\u00bb35px\u00bb][gsf_button title=\u00bbAll Certificates\u00bb size=\u00bbmd\u00bb align=\u00bbleft\u00bb link=\u00bburl:https%3A%2F%2Fsebastiandelacadena.com%2Fpruebagpm2%2Fcertifications%2F|||\u00bb][\/vc_column_inner][\/vc_row_inner][gsf_space desktop=\u00bb50&#8243; tablet=\u00bb70&#8243; tablet_portrait=\u00bb60&#8243; mobile_landscape=\u00bb50&#8243; mobile=\u00bb50&#8243;][\/vc_column][\/vc_row][vc_row color_skin=\u00bbskin-light\u00bb content_width=\u00bbfull\u00bb bg_overlay_mode=\u00bbcolor\u00bb css=\u00bb.vc_custom_1587627771539{background-position: center !important;background-repeat: no-repeat !important;background-size: cover !important;}\u00bb][vc_column][vc_separator color=\u00bbchino\u00bb style=\u00bbdotted\u00bb border_width=\u00bb2&#8243;][gsf_space desktop=\u00bb90&#8243; tablet=\u00bb70&#8243; tablet_portrait=\u00bb60&#8243; mobile_landscape=\u00bb60&#8243; mobile=\u00bb60&#8243;][\/vc_column][\/vc_row][vc_row color_skin=\u00bbskin-light\u00bb bg_overlay_mode=\u00bbcolor\u00bb css=\u00bb.vc_custom_1587627854348{background-position: center !important;background-repeat: no-repeat !important;background-size: cover !important;}\u00bb][vc_column][gsf_heading sub_title=\u00bb\u00bb local_subtitle=\u00bbsubtitle-bottom\u00bb text_align=\u00bbtext-center\u00bb title=\u00bbCertificates of RubyBuild\u00bb]<strong class=\"uppercase\">Nuestras<\/strong><span class=\"accent-color\"> autoridades<\/span>[\/gsf_heading][gsf_space desktop=\u00bb90&#8243; tablet=\u00bb70&#8243; tablet_portrait=\u00bb60&#8243; mobile_landscape=\u00bb60&#8243; mobile=\u00bb60&#8243;][vc_row_inner gap=\u00bb35&#8243;][vc_column_inner width=\u00bb1\/12&#8243;][\/vc_column_inner][vc_column_inner width=\u00bb10\/12&#8243; css=\u00bb.vc_custom_1587886356198{margin-bottom: 0px !important;}\u00bb][gsf_our_team our_team_layout=\u00bblist\u00bb our_team_per_page=\u00bb2&#8243; our_team_animation=\u00bb\u00bb][\/vc_column_inner][vc_column_inner width=\u00bb1\/12&#8243; css=\u00bb.vc_custom_1587630422574{margin-bottom: 0px !important;background-color: #efefef !important;}\u00bb][\/vc_column_inner][\/vc_row_inner][gsf_space desktop=\u00bb100&#8243; tablet=\u00bb70&#8243; tablet_portrait=\u00bb60&#8243; mobile_landscape=\u00bb60&#8243; mobile=\u00bb60&#8243;][\/vc_column][\/vc_row][vc_row color_skin=\u00bbskin-light\u00bb parallax=\u00bbcontent-moving\u00bb css=\u00bb.vc_custom_1588092715385{background-color: #f4f4f4 !important;background-position: center;background-repeat: no-repeat !important;background-size: cover !important;}\u00bb][vc_column][gsf_space desktop=\u00bb100&#8243; tablet=\u00bb70&#8243; tablet_portrait=\u00bb60&#8243; mobile_landscape=\u00bb60&#8243; mobile=\u00bb60&#8243;][gsf_heading sub_title=\u00bb\u00bb local_subtitle=\u00bbsubtitle-bottom\u00bb text_align=\u00bbtext-center\u00bb title=\u00bbCertificates of RubyBuild\u00bb]<strong class=\"uppercase\">Directorio<\/strong><span class=\"accent-color\"> GAD parroquiales<\/span>[\/gsf_heading][gsf_space desktop=\u00bb70&#8243; tablet=\u00bb70&#8243; tablet_portrait=\u00bb60&#8243; mobile_landscape=\u00bb60&#8243; mobile=\u00bb60&#8243;][vc_row_inner gap=\u00bb35&#8243;][vc_column_inner width=\u00bb1\/2&#8243;][vc_raw_html]JTVCZGV2dm5faWhvdHNwb3QlMjBpZCUzRCUyMjI1OTIlMjIlNUQ=[\/vc_raw_html][\/vc_column_inner][vc_column_inner width=\u00bb1\/2&#8243; css=\u00bb.vc_custom_1587886356198{margin-bottom: 0px !important;}\u00bb][gsf_space desktop=\u00bb100&#8243; tablet=\u00bb70&#8243; tablet_portrait=\u00bb60&#8243; mobile_landscape=\u00bb50&#8243; mobile=\u00bb40&#8243;][gsf_heading sub_title=\u00bb\u00bb]<strong class=\"uppercase\"><span style=\"font-size: 60px; line-height: 5px;\">24<\/span><\/strong><br \/>\n<span class=\"accent-color\" style=\"font-size: 24px; line-height: 5px;\">cantones<\/span>[\/gsf_heading][gsf_space desktop=\u00bb50&#8243; tablet=\u00bb70&#8243; tablet_portrait=\u00bb60&#8243; mobile_landscape=\u00bb50&#8243; mobile=\u00bb40&#8243;][gsf_heading sub_title=\u00bb\u00bb]<strong class=\"uppercase\"><span style=\"font-size: 60px; line-height: 5px;\">53<\/span><\/strong><br \/>\n<span class=\"accent-color\" style=\"font-size: 24px; line-height: 5px;\">Parroquias Rurales<\/span>[\/gsf_heading][gsf_space desktop=\u00bb70&#8243; tablet=\u00bb70&#8243; tablet_portrait=\u00bb60&#8243; mobile_landscape=\u00bb50&#8243; mobile=\u00bb40&#8243;][vc_column_text css=\u00bb.vc_custom_1588063240129{padding-right: 50px !important;}\u00bb]Donec varius sodales orci. Class aptent taciti sociosqu ad litora citi sociosqu ad litora torquent per nostra, per inceptos himenae varius a sodales orci. Class aptent tasciti sociosqu ad litora per conubia end of content.[\/vc_column_text][gsf_space desktop=\u00bb25&#8243; tablet=\u00bb70&#8243; tablet_portrait=\u00bb60&#8243; mobile_landscape=\u00bb50&#8243; mobile=\u00bb40&#8243;][gsf_button title=\u00bbir al directorio\u00bb link=\u00bburl:%23|||\u00bb][\/vc_column_inner][\/vc_row_inner][gsf_space desktop=\u00bb70&#8243; tablet=\u00bb70&#8243; tablet_portrait=\u00bb60&#8243; mobile_landscape=\u00bb60&#8243; mobile=\u00bb60&#8243;][\/vc_column][\/vc_row][vc_row][vc_column][gsf_space desktop=\u00bb100&#8243; tablet=\u00bb80&#8243; tablet_portrait=\u00bb70&#8243; mobile_landscape=\u00bb60&#8243; mobile=\u00bb60&#8243;][\/vc_column][vc_column css=\u00bb.vc_custom_1501814696756{margin-bottom: 40px !important;}\u00bb][gsf_heading local_subtitle=\u00bbsubtitle-bottom\u00bb text_align=\u00bbtext-center\u00bb]<strong class=\"uppercase\">Why Choose<\/strong> Ruby<span class=\"accent-color\">Build<\/span>[\/gsf_heading][\/vc_column][vc_column][gsf_slider_container nav=\u00bb\u00bb autoplay=\u00bbon\u00bb columns=\u00bb3&#8243; columns_md=\u00bb3&#8243; columns_sm=\u00bb2&#8243; columns_xs=\u00bb1&#8243; columns_mb=\u00bb1&#8243;][gsf_feature_box image=\u00bb108&#8243; text_align=\u00bbtext-left\u00bb link=\u00bburl:%23|||\u00bb feature_images=\u00bb108&#8243; title=\u00bbHonest And Dependable\u00bb]Consectetur adipiscing elit, sed do eiusmod tempor incididunt ut labore et dolore magna aliqua.<\/p>\n<ul class=\"gsf-list-check\">\n<li>Eliminate the Task<\/li>\n<li>Dividing Your Project<\/li>\n<li>Always Improving<\/li>\n<\/ul>\n<p>[\/gsf_feature_box][gsf_feature_box image=\u00bb127&#8243; text_align=\u00bbtext-left\u00bb link=\u00bburl:%23|||\u00bb feature_images=\u00bb127&#8243; title=\u00bbAffordable Construction\u00bb]Consectetur adipiscing elit, sed do eiusmod tempor incididunt ut labore et dolore magna aliqua.<\/p>\n<ul class=\"gsf-list-check\">\n<li>Eliminate the Task<\/li>\n<li>Dividing Your Project<\/li>\n<li>Always Improving<\/li>\n<\/ul>\n<p>[\/gsf_feature_box][gsf_feature_box image=\u00bb417&#8243; text_align=\u00bbtext-left\u00bb link=\u00bburl:%23|||\u00bb feature_images=\u00bb417&#8243; title=\u00bbU.S. Certified Contractors\u00bb]Consectetur adipiscing elit, sed do eiusmod tempor incididunt ut labore et dolore magna aliqua.<\/p>\n<ul class=\"gsf-list-check\">\n<li>Eliminate the Task<\/li>\n<li>Dividing Your Project<\/li>\n<li>Always Improving<\/li>\n<\/ul>\n<p>[\/gsf_feature_box][\/gsf_slider_container][gsf_space desktop=\u00bb92&#8243; tablet=\u00bb70&#8243; tablet_portrait=\u00bb60&#8243; mobile_landscape=\u00bb50&#8243; mobile=\u00bb50&#8243;][\/vc_column][\/vc_row][vc_row bg_overlay_mode=\u00bbcolor\u00bb bg_overlay_color=\u00bbrgba(252,252,252,0.95)\u00bb css=\u00bb.vc_custom_1501724223155{background-image: url(https:\/\/sebastiandelacadena.com\/pruebagpm3\/wp-content\/uploads\/2017\/08\/bg-testimonial-1.jpg?id=397) !important;background-position: center !important;background-repeat: no-repeat !important;background-size: cover !important;}\u00bb][vc_column offset=\u00bbvc_col-lg-offset-2 vc_col-lg-8 vc_col-md-12&#8243;][gsf_space desktop=\u00bb96&#8243; tablet=\u00bb80&#8243; tablet_portrait=\u00bb70&#8243; mobile_landscape=\u00bb60&#8243; mobile=\u00bb60&#8243;][gsf_testimonials testimonials_layout=\u00bbavatar-slider-horizontal\u00bb item_active=\u00bb3&#8243; values=\u00bb%5B%7B%22title%22%3A%22A%20Truly%20Amazing%20Exprience%22%2C%22author_bio%22%3A%22%E2%80%9CWe%20have%20carefully%20assembled%20a%20project%20team%20comprised%20of%20the%20nation%E2%80%99s%20top%20laboratory%20design%20and%20building%20professionals%20and%20are%20delighted%20to%20have%20BestBuild%20execute%20our%20vision%20for%20this%20unprecendented%20facility.%E2%80%9D%22%2C%22author_name%22%3A%22John%20Doe%22%2C%22author_job%22%3A%22-%20Project%20Manager%22%2C%22image%22%3A%22395%22%2C%22author_link%22%3A%22%23%22%7D%2C%7B%22title%22%3A%22A%20Truly%20Amazing%20Exprience%22%2C%22author_bio%22%3A%22%E2%80%9CWe%20have%20carefully%20assembled%20a%20project%20team%20comprised%20of%20the%20nation%E2%80%99s%20top%20laboratory%20design%20and%20building%20professionals%20and%20are%20delighted%20to%20have%20BestBuild%20execute%20our%20vision%20for%20this%20unprecendented%20facility.%E2%80%9D%22%2C%22author_name%22%3A%22John%20Doe%22%2C%22author_job%22%3A%22-%20Project%20Manager%22%2C%22image%22%3A%22407%22%2C%22author_link%22%3A%22%23%22%7D%2C%7B%22title%22%3A%22A%20Truly%20Amazing%20Exprience%22%2C%22author_bio%22%3A%22%E2%80%9CWe%20have%20carefully%20assembled%20a%20project%20team%20comprised%20of%20the%20nation%E2%80%99s%20top%20laboratory%20design%20and%20building%20professionals%20and%20are%20delighted%20to%20have%20BestBuild%20execute%20our%20vision%20for%20this%20unprecendented%20facility.%E2%80%9D%22%2C%22author_name%22%3A%22John%20Doe%22%2C%22author_job%22%3A%22-%20Project%20Manager%22%2C%22image%22%3A%22409%22%2C%22author_link%22%3A%22%23%22%7D%2C%7B%22title%22%3A%22A%20Truly%20Amazing%20Exprience%22%2C%22author_bio%22%3A%22%E2%80%9CWe%20have%20carefully%20assembled%20a%20project%20team%20comprised%20of%20the%20nation%E2%80%99s%20top%20laboratory%20design%20and%20building%20professionals%20and%20are%20delighted%20to%20have%20BestBuild%20execute%20our%20vision%20for%20this%20unprecendented%20facility.%E2%80%9D%22%2C%22author_name%22%3A%22John%20Doe%22%2C%22author_job%22%3A%22-%20Project%20Manager%22%2C%22image%22%3A%22408%22%2C%22author_link%22%3A%22%23%22%7D%5D\u00bb autoplaytimeout=\u00bb5000&#8243;][gsf_space desktop=\u00bb224&#8243; tablet=\u00bb200&#8243; tablet_portrait=\u00bb180&#8243; mobile_landscape=\u00bb180&#8243; mobile=\u00bb180&#8243;][\/vc_column][\/vc_row][vc_row el_class=\u00bblg-mg-240,md-mg-100,xs-mg-50,position-relative,top-neg-130,z-index-2&#8243; css=\u00bb.vc_custom_1507170572911{border-top-width: 20px !important;border-right-width: 20px !important;border-bottom-width: 20px !important;border-left-width: 20px !important;background-color: #fcfcfc !important;border-left-color: #ffffff !important;border-left-style: solid !important;border-right-color: #ffffff !important;border-right-style: solid !important;border-top-color: #ffffff !important;border-top-style: solid !important;border-bottom-color: #ffffff !important;border-bottom-style: solid !important;}\u00bb][vc_column][gsf_partner_carousel items=\u00bb6&#8243; opacity=\u00bb90&#8243; items_md=\u00bb-1&#8243; items_sm=\u00bb-1&#8243; items_xs=\u00bb-1&#8243; items_mb=\u00bb-1&#8243; partners=\u00bb%5B%7B%22image%22%3A%221656%22%2C%22link%22%3A%22url%3A%2523%7C%7C%7C%22%7D%2C%7B%22image%22%3A%221657%22%2C%22link%22%3A%22url%3A%2523%7C%7C%7C%22%7D%2C%7B%22image%22%3A%221658%22%2C%22link%22%3A%22url%3A%2523%7C%7C%7C%22%7D%2C%7B%22image%22%3A%221659%22%2C%22link%22%3A%22url%3A%2523%7C%7C%7C%22%7D%2C%7B%22image%22%3A%221660%22%2C%22link%22%3A%22url%3A%2523%7C%7C%7C%22%7D%2C%7B%22image%22%3A%221661%22%2C%22link%22%3A%22url%3A%2523%7C%7C%7C%22%7D%2C%7B%22image%22%3A%221656%22%2C%22link%22%3A%22url%3A%2523%7C%7C%7C%22%7D%5D\u00bb][\/vc_column][\/vc_row]<\/p>\n","protected":false},"excerpt":{"rendered":"<p>[vc_row color_skin=\u00bbskin-dark\u00bb bg_overlay_mode=\u00bbcolor\u00bb bg_overlay_color=\u00bbrgba(3,101,54,0.95)\u00bb css=\u00bb.vc_custom_1586687334237{background-image: url(http:\/\/www.manabi.gob.ec\/wp-content\/uploads\/2020\/04\/excavadorr.jpg?id=2140) !important;background-position: center !important;background-repeat: no-repeat !important;background-size: cover !important;}\u00bb][vc_column][gsf_space desktop=\u00bb75&#8243; tablet=\u00bb80&#8243; tablet_portrait=\u00bb70&#8243; mobile_landscape=\u00bb60&#8243; mobile=\u00bb60&#8243;][\/vc_column][vc_column width=\u00bb1\/3&#8243; offset=\u00bbvc_col-md-offset-1&#8243;][vc_column_text] Trabajando por el Progreso de Manab\u00ed [\/vc_column_text][\/vc_column][vc_column width=\u00bb7\/12&#8243; offset=\u00bbvc_col-md-6&#8243;][vc_column_text css=\u00bb.vc_custom_1591308718924{margin-bottom: 45px !important;}\u00bb] La Prefectura de Manab\u00ed encabezada por el prefecto Leonardo Orlando es una instici\u00f3n que trabaja incans\u00e1blemente por el desarrollo de la provincia llegando [&hellip;]<\/p>\n","protected":false},"author":1,"featured_media":0,"parent":0,"menu_order":0,"comment_status":"closed","ping_status":"closed","template":"","meta":{"_joinchat":[],"footnotes":""},"class_list":["post-2721","page","type-page","status-publish","hentry"],"yoast_head":"<!-- This site is optimized with the Yoast SEO plugin v27.4 - https:\/\/yoast.com\/product\/yoast-seo-wordpress\/ -->\n<title>Ambiente - Prefectura de Manab\u00ed<\/title>\n<meta name=\"robots\" content=\"index, follow, max-snippet:-1, max-image-preview:large, max-video-preview:-1\" \/>\n<link rel=\"canonical\" href=\"https:\/\/www.manabi.gob.ec\/index.php\/ambiente\/\" \/>\n<meta property=\"og:locale\" content=\"es_ES\" \/>\n<meta property=\"og:type\" content=\"article\" \/>\n<meta property=\"og:title\" content=\"Ambiente - Prefectura de Manab\u00ed\" \/>\n<meta property=\"og:description\" content=\"[vc_row color_skin=\u00bbskin-dark\u00bb bg_overlay_mode=\u00bbcolor\u00bb bg_overlay_color=\u00bbrgba(3,101,54,0.95)\u00bb css=\u00bb.vc_custom_1586687334237{background-image: url(http:\/\/www.manabi.gob.ec\/wp-content\/uploads\/2020\/04\/excavadorr.jpg?id=2140) !important;background-position: center !important;background-repeat: no-repeat !important;background-size: cover !important;}\u00bb][vc_column][gsf_space desktop=\u00bb75&#8243; tablet=\u00bb80&#8243; tablet_portrait=\u00bb70&#8243; mobile_landscape=\u00bb60&#8243; mobile=\u00bb60&#8243;][\/vc_column][vc_column width=\u00bb1\/3&#8243; offset=\u00bbvc_col-md-offset-1&#8243;][vc_column_text] Trabajando por el Progreso de Manab\u00ed [\/vc_column_text][\/vc_column][vc_column width=\u00bb7\/12&#8243; offset=\u00bbvc_col-md-6&#8243;][vc_column_text css=\u00bb.vc_custom_1591308718924{margin-bottom: 45px !important;}\u00bb] La Prefectura de Manab\u00ed encabezada por el prefecto Leonardo Orlando es una instici\u00f3n que trabaja incans\u00e1blemente por el desarrollo de la provincia llegando [&hellip;]\" \/>\n<meta property=\"og:url\" content=\"https:\/\/www.manabi.gob.ec\/index.php\/ambiente\/\" \/>\n<meta property=\"og:site_name\" content=\"Prefectura de Manab\u00ed\" \/>\n<meta property=\"article:modified_time\" content=\"2020-07-31T03:53:07+00:00\" \/>\n<meta name=\"twitter:card\" content=\"summary_large_image\" \/>\n<meta name=\"twitter:label1\" content=\"Tiempo de lectura\" \/>\n\t<meta name=\"twitter:data1\" content=\"24 minutos\" \/>\n<script type=\"application\/ld+json\" class=\"yoast-schema-graph\">{\"@context\":\"https:\\\/\\\/schema.org\",\"@graph\":[{\"@type\":\"WebPage\",\"@id\":\"https:\\\/\\\/www.manabi.gob.ec\\\/index.php\\\/ambiente\\\/\",\"url\":\"https:\\\/\\\/www.manabi.gob.ec\\\/index.php\\\/ambiente\\\/\",\"name\":\"Ambiente - Prefectura de Manab\u00ed\",\"isPartOf\":{\"@id\":\"https:\\\/\\\/www.manabi.gob.ec\\\/#website\"},\"datePublished\":\"2020-06-06T19:34:37+00:00\",\"dateModified\":\"2020-07-31T03:53:07+00:00\",\"breadcrumb\":{\"@id\":\"https:\\\/\\\/www.manabi.gob.ec\\\/index.php\\\/ambiente\\\/#breadcrumb\"},\"inLanguage\":\"es\",\"potentialAction\":[{\"@type\":\"ReadAction\",\"target\":[\"https:\\\/\\\/www.manabi.gob.ec\\\/index.php\\\/ambiente\\\/\"]}]},{\"@type\":\"BreadcrumbList\",\"@id\":\"https:\\\/\\\/www.manabi.gob.ec\\\/index.php\\\/ambiente\\\/#breadcrumb\",\"itemListElement\":[{\"@type\":\"ListItem\",\"position\":1,\"name\":\"Portada\",\"item\":\"https:\\\/\\\/www.manabi.gob.ec\\\/\"},{\"@type\":\"ListItem\",\"position\":2,\"name\":\"Ambiente\"}]},{\"@type\":\"WebSite\",\"@id\":\"https:\\\/\\\/www.manabi.gob.ec\\\/#website\",\"url\":\"https:\\\/\\\/www.manabi.gob.ec\\\/\",\"name\":\"Prefectura de Manab\u00ed\",\"description\":\"P\u00e1gina web de la prefectura\",\"potentialAction\":[{\"@type\":\"SearchAction\",\"target\":{\"@type\":\"EntryPoint\",\"urlTemplate\":\"https:\\\/\\\/www.manabi.gob.ec\\\/?s={search_term_string}\"},\"query-input\":{\"@type\":\"PropertyValueSpecification\",\"valueRequired\":true,\"valueName\":\"search_term_string\"}}],\"inLanguage\":\"es\"}]}<\/script>\n<!-- \/ Yoast SEO plugin. -->","yoast_head_json":{"title":"Ambiente - Prefectura de Manab\u00ed","robots":{"index":"index","follow":"follow","max-snippet":"max-snippet:-1","max-image-preview":"max-image-preview:large","max-video-preview":"max-video-preview:-1"},"canonical":"https:\/\/www.manabi.gob.ec\/index.php\/ambiente\/","og_locale":"es_ES","og_type":"article","og_title":"Ambiente - Prefectura de Manab\u00ed","og_description":"[vc_row color_skin=\u00bbskin-dark\u00bb bg_overlay_mode=\u00bbcolor\u00bb bg_overlay_color=\u00bbrgba(3,101,54,0.95)\u00bb css=\u00bb.vc_custom_1586687334237{background-image: url(http:\/\/www.manabi.gob.ec\/wp-content\/uploads\/2020\/04\/excavadorr.jpg?id=2140) !important;background-position: center !important;background-repeat: no-repeat !important;background-size: cover !important;}\u00bb][vc_column][gsf_space desktop=\u00bb75&#8243; tablet=\u00bb80&#8243; tablet_portrait=\u00bb70&#8243; mobile_landscape=\u00bb60&#8243; mobile=\u00bb60&#8243;][\/vc_column][vc_column width=\u00bb1\/3&#8243; offset=\u00bbvc_col-md-offset-1&#8243;][vc_column_text] Trabajando por el Progreso de Manab\u00ed [\/vc_column_text][\/vc_column][vc_column width=\u00bb7\/12&#8243; offset=\u00bbvc_col-md-6&#8243;][vc_column_text css=\u00bb.vc_custom_1591308718924{margin-bottom: 45px !important;}\u00bb] La Prefectura de Manab\u00ed encabezada por el prefecto Leonardo Orlando es una instici\u00f3n que trabaja incans\u00e1blemente por el desarrollo de la provincia llegando [&hellip;]","og_url":"https:\/\/www.manabi.gob.ec\/index.php\/ambiente\/","og_site_name":"Prefectura de Manab\u00ed","article_modified_time":"2020-07-31T03:53:07+00:00","twitter_card":"summary_large_image","twitter_misc":{"Tiempo de lectura":"24 minutos"},"schema":{"@context":"https:\/\/schema.org","@graph":[{"@type":"WebPage","@id":"https:\/\/www.manabi.gob.ec\/index.php\/ambiente\/","url":"https:\/\/www.manabi.gob.ec\/index.php\/ambiente\/","name":"Ambiente - Prefectura de Manab\u00ed","isPartOf":{"@id":"https:\/\/www.manabi.gob.ec\/#website"},"datePublished":"2020-06-06T19:34:37+00:00","dateModified":"2020-07-31T03:53:07+00:00","breadcrumb":{"@id":"https:\/\/www.manabi.gob.ec\/index.php\/ambiente\/#breadcrumb"},"inLanguage":"es","potentialAction":[{"@type":"ReadAction","target":["https:\/\/www.manabi.gob.ec\/index.php\/ambiente\/"]}]},{"@type":"BreadcrumbList","@id":"https:\/\/www.manabi.gob.ec\/index.php\/ambiente\/#breadcrumb","itemListElement":[{"@type":"ListItem","position":1,"name":"Portada","item":"https:\/\/www.manabi.gob.ec\/"},{"@type":"ListItem","position":2,"name":"Ambiente"}]},{"@type":"WebSite","@id":"https:\/\/www.manabi.gob.ec\/#website","url":"https:\/\/www.manabi.gob.ec\/","name":"Prefectura de Manab\u00ed","description":"P\u00e1gina web de la prefectura","potentialAction":[{"@type":"SearchAction","target":{"@type":"EntryPoint","urlTemplate":"https:\/\/www.manabi.gob.ec\/?s={search_term_string}"},"query-input":{"@type":"PropertyValueSpecification","valueRequired":true,"valueName":"search_term_string"}}],"inLanguage":"es"}]}},"_links":{"self":[{"href":"https:\/\/www.manabi.gob.ec\/index.php\/wp-json\/wp\/v2\/pages\/2721","targetHints":{"allow":["GET"]}}],"collection":[{"href":"https:\/\/www.manabi.gob.ec\/index.php\/wp-json\/wp\/v2\/pages"}],"about":[{"href":"https:\/\/www.manabi.gob.ec\/index.php\/wp-json\/wp\/v2\/types\/page"}],"author":[{"embeddable":true,"href":"https:\/\/www.manabi.gob.ec\/index.php\/wp-json\/wp\/v2\/users\/1"}],"replies":[{"embeddable":true,"href":"https:\/\/www.manabi.gob.ec\/index.php\/wp-json\/wp\/v2\/comments?post=2721"}],"version-history":[{"count":0,"href":"https:\/\/www.manabi.gob.ec\/index.php\/wp-json\/wp\/v2\/pages\/2721\/revisions"}],"wp:attachment":[{"href":"https:\/\/www.manabi.gob.ec\/index.php\/wp-json\/wp\/v2\/media?parent=2721"}],"curies":[{"name":"wp","href":"https:\/\/api.w.org\/{rel}","templated":true}]}}