{"id":27401,"date":"2024-03-15T16:11:09","date_gmt":"2024-03-15T16:11:09","guid":{"rendered":"https:\/\/www.manabi.gob.ec\/?page_id=27401"},"modified":"2024-07-26T16:26:44","modified_gmt":"2024-07-26T16:26:44","slug":"rendicion-de-cuentas-2023","status":"publish","type":"page","link":"https:\/\/www.manabi.gob.ec\/index.php\/rendicion-de-cuentas-2023\/","title":{"rendered":"Rendici\u00f3n de Cuentas 2023"},"content":{"rendered":"<p>[vc_row css=\u00bb.vc_custom_1710529199693{background-color: #f9f9f9 !important;}\u00bb][vc_column][vc_empty_space height=\u00bb80px\u00bb][\/vc_column][\/vc_row][vc_row color_skin=\u00bbskin-light\u00bb gap=\u00bb1&#8243; parallax=\u00bbcontent-moving\u00bb css=\u00bb.vc_custom_1722007876699{background-color: #f9f9f9 !important;background-position: 0 0;background-repeat: no-repeat !important;}\u00bb][vc_column color_skin=\u00bbskin-light\u00bb width=\u00bb1\/6&#8243; css=\u00bb.vc_custom_1710529496766{background-color: #f9f9f9 !important;}\u00bb][\/vc_column][vc_column width=\u00bb1\/6&#8243; css=\u00bb.vc_custom_1622148120192{background-position: center !important;background-repeat: no-repeat !important;background-size: cover !important;}\u00bb offset=\u00bbvc_col-xs-12&#8243;][vc_hoverbox image=\u00bb28398&#8243; primary_title=\u00bb\u00bb hover_title=\u00bb\u00bb shape=\u00bbsquare\u00bb hover_background_color=\u00bbgreen\u00bb hover_btn_title=\u00bbVer m\u00e1s\u00bb hover_btn_shape=\u00bbsquare\u00bb hover_btn_color=\u00bbprimary\u00bb css_animation=\u00bbleft-to-right\u00bb hover_add_button=\u00bbtrue\u00bb hover_btn_link=\u00bburl:https%3A%2F%2Fwww.manabi.gob.ec%2Findex.php%2Frendicion-de-cuentas-2023-fase-1%2F|||\u00bb css=\u00bb.vc_custom_1721917662957{padding-right: 10px !important;padding-left: 10px !important;}\u00bb]<span style=\"color: #ffffff;\">FASE 1<\/span>[\/vc_hoverbox][vc_column_text]<\/p>\n<p style=\"text-align: center;\"><strong>Fase 1: Planificaci\u00f3n y Facilitaci\u00f3n<br \/>\ndel proceso<\/strong><\/p>\n<p>[\/vc_column_text][\/vc_column][vc_column width=\u00bb1\/6&#8243;][vc_hoverbox image=\u00bb28398&#8243; primary_title=\u00bb\u00bb hover_title=\u00bb\u00bb shape=\u00bbsquare\u00bb hover_background_color=\u00bbgreen\u00bb hover_btn_title=\u00bbVer m\u00e1s\u00bb hover_btn_shape=\u00bbsquare\u00bb hover_btn_color=\u00bbprimary\u00bb css_animation=\u00bbleft-to-right\u00bb hover_add_button=\u00bbtrue\u00bb hover_btn_link=\u00bburl:https%3A%2F%2Fwww.manabi.gob.ec%2Findex.php%2Frendicion-de-cuentas-2023-fase-2%2F|||\u00bb css=\u00bb.vc_custom_1721917641754{padding-right: 10px !important;padding-left: 10px !important;}\u00bb]<span style=\"color: #ffffff;\">FASE 2<\/span>[\/vc_hoverbox][vc_column_text]<\/p>\n<p style=\"text-align: center;\"><strong>Fase 2: Evaluaci\u00f3n de la gesti\u00f3n y <\/strong><strong>elaboraci\u00f3n del informe institucional<\/strong><\/p>\n<p>[\/vc_column_text][\/vc_column][vc_column width=\u00bb1\/6&#8243;][vc_hoverbox image=\u00bb28398&#8243; primary_title=\u00bb\u00bb hover_title=\u00bb\u00bb shape=\u00bbsquare\u00bb hover_background_color=\u00bbgreen\u00bb hover_btn_title=\u00bbVer m\u00e1s\u00bb hover_btn_shape=\u00bbsquare\u00bb hover_btn_color=\u00bbprimary\u00bb css_animation=\u00bbleft-to-right\u00bb hover_add_button=\u00bbtrue\u00bb hover_btn_link=\u00bburl:https%3A%2F%2Fwww.manabi.gob.ec%2Findex.php%2Frendicion-de-cuentas-2023-fase-3%2F|||\u00bb css=\u00bb.vc_custom_1722007503712{padding-right: 10px !important;padding-left: 10px !important;}\u00bb]<span style=\"color: #ffffff;\">FASE 3<\/span>[\/vc_hoverbox][vc_column_text]<\/p>\n<p style=\"text-align: center;\"><strong>Fase 3: Incorporaci\u00f3n de la opini\u00f3n ciudadana y subida del informe al sistema CPCCS<\/strong><\/p>\n<p>[\/vc_column_text][\/vc_column][vc_column width=\u00bb1\/6&#8243;][vc_hoverbox image=\u00bb28398&#8243; primary_title=\u00bb\u00bb hover_title=\u00bb\u00bb shape=\u00bbsquare\u00bb hover_background_color=\u00bbgreen\u00bb hover_btn_title=\u00bbVer m\u00e1s\u00bb hover_btn_shape=\u00bbsquare\u00bb hover_btn_color=\u00bbprimary\u00bb hover_btn_el_class=\u00bb\u00bb css_animation=\u00bbleft-to-right\u00bb hover_add_button=\u00bbtrue\u00bb hover_btn_link=\u00bburl:https%3A%2F%2Fwww.manabi.gob.ec%2Findex.php%2Frendicion-de-cuentas-2023-fase-4%2F|||\u00bb css=\u00bb.vc_custom_1722011200680{padding-right: 10px !important;padding-left: 10px !important;}\u00bb]<span style=\"color: #ffffff;\">FASE 4<\/span>[\/vc_hoverbox][vc_column_text]<\/p>\n<p style=\"text-align: center;\"><strong>Fase 4: Deliberaci\u00f3n p\u00fablica y evaluaci\u00f3n ciudadana del informe institucional<\/strong><\/p>\n<p>[\/vc_column_text][\/vc_column][vc_column width=\u00bb1\/6&#8243;][\/vc_column][\/vc_row][vc_row css=\u00bb.vc_custom_1710529269232{background-color: #f9f9f9 !important;}\u00bb][vc_column][vc_empty_space height=\u00bb55px\u00bb][\/vc_column][\/vc_row]<\/p>\n","protected":false},"excerpt":{"rendered":"<p>[vc_row css=\u00bb.vc_custom_1710529199693{background-color: #f9f9f9 !important;}\u00bb][vc_column][vc_empty_space height=\u00bb80px\u00bb][\/vc_column][\/vc_row][vc_row color_skin=\u00bbskin-light\u00bb gap=\u00bb1&#8243; parallax=\u00bbcontent-moving\u00bb css=\u00bb.vc_custom_1722007876699{background-color: #f9f9f9 !important;background-position: 0 0;background-repeat: no-repeat !important;}\u00bb][vc_column color_skin=\u00bbskin-light\u00bb width=\u00bb1\/6&#8243; css=\u00bb.vc_custom_1710529496766{background-color: #f9f9f9 !important;}\u00bb][\/vc_column][vc_column width=\u00bb1\/6&#8243; css=\u00bb.vc_custom_1622148120192{background-position: center !important;background-repeat: no-repeat !important;background-size: cover !important;}\u00bb offset=\u00bbvc_col-xs-12&#8243;][vc_hoverbox image=\u00bb28398&#8243; primary_title=\u00bb\u00bb hover_title=\u00bb\u00bb shape=\u00bbsquare\u00bb hover_background_color=\u00bbgreen\u00bb hover_btn_title=\u00bbVer m\u00e1s\u00bb hover_btn_shape=\u00bbsquare\u00bb hover_btn_color=\u00bbprimary\u00bb css_animation=\u00bbleft-to-right\u00bb hover_add_button=\u00bbtrue\u00bb hover_btn_link=\u00bburl:https%3A%2F%2Fwww.manabi.gob.ec%2Findex.php%2Frendicion-de-cuentas-2023-fase-1%2F|||\u00bb css=\u00bb.vc_custom_1721917662957{padding-right: 10px !important;padding-left: 10px !important;}\u00bb]FASE 1[\/vc_hoverbox][vc_column_text] Fase 1: Planificaci\u00f3n y Facilitaci\u00f3n del proceso [\/vc_column_text][\/vc_column][vc_column [&hellip;]<\/p>\n","protected":false},"author":1,"featured_media":0,"parent":0,"menu_order":0,"comment_status":"closed","ping_status":"closed","template":"","meta":{"_joinchat":[],"footnotes":""},"class_list":["post-27401","page","type-page","status-publish","hentry"],"yoast_head":"<!-- This site is optimized with the Yoast SEO plugin v27.4 - https:\/\/yoast.com\/product\/yoast-seo-wordpress\/ -->\n<title>Rendici\u00f3n de Cuentas 2023 - Prefectura de Manab\u00ed<\/title>\n<meta name=\"robots\" content=\"index, follow, max-snippet:-1, max-image-preview:large, max-video-preview:-1\" \/>\n<link rel=\"canonical\" href=\"https:\/\/www.manabi.gob.ec\/index.php\/rendicion-de-cuentas-2023\/\" \/>\n<meta property=\"og:locale\" content=\"es_ES\" \/>\n<meta property=\"og:type\" content=\"article\" \/>\n<meta property=\"og:title\" content=\"Rendici\u00f3n de Cuentas 2023 - Prefectura de Manab\u00ed\" \/>\n<meta property=\"og:description\" content=\"[vc_row css=\u00bb.vc_custom_1710529199693{background-color: #f9f9f9 !important;}\u00bb][vc_column][vc_empty_space height=\u00bb80px\u00bb][\/vc_column][\/vc_row][vc_row color_skin=\u00bbskin-light\u00bb gap=\u00bb1&#8243; parallax=\u00bbcontent-moving\u00bb css=\u00bb.vc_custom_1722007876699{background-color: #f9f9f9 !important;background-position: 0 0;background-repeat: no-repeat !important;}\u00bb][vc_column color_skin=\u00bbskin-light\u00bb width=\u00bb1\/6&#8243; css=\u00bb.vc_custom_1710529496766{background-color: #f9f9f9 !important;}\u00bb][\/vc_column][vc_column width=\u00bb1\/6&#8243; css=\u00bb.vc_custom_1622148120192{background-position: center !important;background-repeat: no-repeat !important;background-size: cover !important;}\u00bb offset=\u00bbvc_col-xs-12&#8243;][vc_hoverbox image=\u00bb28398&#8243; primary_title=\u00bb\u00bb hover_title=\u00bb\u00bb shape=\u00bbsquare\u00bb hover_background_color=\u00bbgreen\u00bb hover_btn_title=\u00bbVer m\u00e1s\u00bb hover_btn_shape=\u00bbsquare\u00bb hover_btn_color=\u00bbprimary\u00bb css_animation=\u00bbleft-to-right\u00bb hover_add_button=\u00bbtrue\u00bb hover_btn_link=\u00bburl:https%3A%2F%2Fwww.manabi.gob.ec%2Findex.php%2Frendicion-de-cuentas-2023-fase-1%2F|||\u00bb css=\u00bb.vc_custom_1721917662957{padding-right: 10px !important;padding-left: 10px !important;}\u00bb]FASE 1[\/vc_hoverbox][vc_column_text] Fase 1: Planificaci\u00f3n y Facilitaci\u00f3n del proceso [\/vc_column_text][\/vc_column][vc_column [&hellip;]\" \/>\n<meta property=\"og:url\" content=\"https:\/\/www.manabi.gob.ec\/index.php\/rendicion-de-cuentas-2023\/\" \/>\n<meta property=\"og:site_name\" content=\"Prefectura de Manab\u00ed\" \/>\n<meta property=\"article:modified_time\" content=\"2024-07-26T16:26:44+00:00\" \/>\n<meta name=\"twitter:card\" content=\"summary_large_image\" \/>\n<meta name=\"twitter:label1\" content=\"Tiempo de lectura\" \/>\n\t<meta name=\"twitter:data1\" content=\"1 minuto\" \/>\n<script type=\"application\/ld+json\" class=\"yoast-schema-graph\">{\"@context\":\"https:\\\/\\\/schema.org\",\"@graph\":[{\"@type\":\"WebPage\",\"@id\":\"https:\\\/\\\/www.manabi.gob.ec\\\/index.php\\\/rendicion-de-cuentas-2023\\\/\",\"url\":\"https:\\\/\\\/www.manabi.gob.ec\\\/index.php\\\/rendicion-de-cuentas-2023\\\/\",\"name\":\"Rendici\u00f3n de Cuentas 2023 - Prefectura de Manab\u00ed\",\"isPartOf\":{\"@id\":\"https:\\\/\\\/www.manabi.gob.ec\\\/#website\"},\"datePublished\":\"2024-03-15T16:11:09+00:00\",\"dateModified\":\"2024-07-26T16:26:44+00:00\",\"breadcrumb\":{\"@id\":\"https:\\\/\\\/www.manabi.gob.ec\\\/index.php\\\/rendicion-de-cuentas-2023\\\/#breadcrumb\"},\"inLanguage\":\"es\",\"potentialAction\":[{\"@type\":\"ReadAction\",\"target\":[\"https:\\\/\\\/www.manabi.gob.ec\\\/index.php\\\/rendicion-de-cuentas-2023\\\/\"]}]},{\"@type\":\"BreadcrumbList\",\"@id\":\"https:\\\/\\\/www.manabi.gob.ec\\\/index.php\\\/rendicion-de-cuentas-2023\\\/#breadcrumb\",\"itemListElement\":[{\"@type\":\"ListItem\",\"position\":1,\"name\":\"Portada\",\"item\":\"https:\\\/\\\/www.manabi.gob.ec\\\/\"},{\"@type\":\"ListItem\",\"position\":2,\"name\":\"Rendici\u00f3n de Cuentas 2023\"}]},{\"@type\":\"WebSite\",\"@id\":\"https:\\\/\\\/www.manabi.gob.ec\\\/#website\",\"url\":\"https:\\\/\\\/www.manabi.gob.ec\\\/\",\"name\":\"Prefectura de Manab\u00ed\",\"description\":\"P\u00e1gina web de la prefectura\",\"potentialAction\":[{\"@type\":\"SearchAction\",\"target\":{\"@type\":\"EntryPoint\",\"urlTemplate\":\"https:\\\/\\\/www.manabi.gob.ec\\\/?s={search_term_string}\"},\"query-input\":{\"@type\":\"PropertyValueSpecification\",\"valueRequired\":true,\"valueName\":\"search_term_string\"}}],\"inLanguage\":\"es\"}]}<\/script>\n<!-- \/ Yoast SEO plugin. -->","yoast_head_json":{"title":"Rendici\u00f3n de Cuentas 2023 - Prefectura de Manab\u00ed","robots":{"index":"index","follow":"follow","max-snippet":"max-snippet:-1","max-image-preview":"max-image-preview:large","max-video-preview":"max-video-preview:-1"},"canonical":"https:\/\/www.manabi.gob.ec\/index.php\/rendicion-de-cuentas-2023\/","og_locale":"es_ES","og_type":"article","og_title":"Rendici\u00f3n de Cuentas 2023 - Prefectura de Manab\u00ed","og_description":"[vc_row css=\u00bb.vc_custom_1710529199693{background-color: #f9f9f9 !important;}\u00bb][vc_column][vc_empty_space height=\u00bb80px\u00bb][\/vc_column][\/vc_row][vc_row color_skin=\u00bbskin-light\u00bb gap=\u00bb1&#8243; parallax=\u00bbcontent-moving\u00bb css=\u00bb.vc_custom_1722007876699{background-color: #f9f9f9 !important;background-position: 0 0;background-repeat: no-repeat !important;}\u00bb][vc_column color_skin=\u00bbskin-light\u00bb width=\u00bb1\/6&#8243; css=\u00bb.vc_custom_1710529496766{background-color: #f9f9f9 !important;}\u00bb][\/vc_column][vc_column width=\u00bb1\/6&#8243; css=\u00bb.vc_custom_1622148120192{background-position: center !important;background-repeat: no-repeat !important;background-size: cover !important;}\u00bb offset=\u00bbvc_col-xs-12&#8243;][vc_hoverbox image=\u00bb28398&#8243; primary_title=\u00bb\u00bb hover_title=\u00bb\u00bb shape=\u00bbsquare\u00bb hover_background_color=\u00bbgreen\u00bb hover_btn_title=\u00bbVer m\u00e1s\u00bb hover_btn_shape=\u00bbsquare\u00bb hover_btn_color=\u00bbprimary\u00bb css_animation=\u00bbleft-to-right\u00bb hover_add_button=\u00bbtrue\u00bb hover_btn_link=\u00bburl:https%3A%2F%2Fwww.manabi.gob.ec%2Findex.php%2Frendicion-de-cuentas-2023-fase-1%2F|||\u00bb css=\u00bb.vc_custom_1721917662957{padding-right: 10px !important;padding-left: 10px !important;}\u00bb]FASE 1[\/vc_hoverbox][vc_column_text] Fase 1: Planificaci\u00f3n y Facilitaci\u00f3n del proceso [\/vc_column_text][\/vc_column][vc_column [&hellip;]","og_url":"https:\/\/www.manabi.gob.ec\/index.php\/rendicion-de-cuentas-2023\/","og_site_name":"Prefectura de Manab\u00ed","article_modified_time":"2024-07-26T16:26:44+00:00","twitter_card":"summary_large_image","twitter_misc":{"Tiempo de lectura":"1 minuto"},"schema":{"@context":"https:\/\/schema.org","@graph":[{"@type":"WebPage","@id":"https:\/\/www.manabi.gob.ec\/index.php\/rendicion-de-cuentas-2023\/","url":"https:\/\/www.manabi.gob.ec\/index.php\/rendicion-de-cuentas-2023\/","name":"Rendici\u00f3n de Cuentas 2023 - Prefectura de Manab\u00ed","isPartOf":{"@id":"https:\/\/www.manabi.gob.ec\/#website"},"datePublished":"2024-03-15T16:11:09+00:00","dateModified":"2024-07-26T16:26:44+00:00","breadcrumb":{"@id":"https:\/\/www.manabi.gob.ec\/index.php\/rendicion-de-cuentas-2023\/#breadcrumb"},"inLanguage":"es","potentialAction":[{"@type":"ReadAction","target":["https:\/\/www.manabi.gob.ec\/index.php\/rendicion-de-cuentas-2023\/"]}]},{"@type":"BreadcrumbList","@id":"https:\/\/www.manabi.gob.ec\/index.php\/rendicion-de-cuentas-2023\/#breadcrumb","itemListElement":[{"@type":"ListItem","position":1,"name":"Portada","item":"https:\/\/www.manabi.gob.ec\/"},{"@type":"ListItem","position":2,"name":"Rendici\u00f3n de Cuentas 2023"}]},{"@type":"WebSite","@id":"https:\/\/www.manabi.gob.ec\/#website","url":"https:\/\/www.manabi.gob.ec\/","name":"Prefectura de Manab\u00ed","description":"P\u00e1gina web de la prefectura","potentialAction":[{"@type":"SearchAction","target":{"@type":"EntryPoint","urlTemplate":"https:\/\/www.manabi.gob.ec\/?s={search_term_string}"},"query-input":{"@type":"PropertyValueSpecification","valueRequired":true,"valueName":"search_term_string"}}],"inLanguage":"es"}]}},"_links":{"self":[{"href":"https:\/\/www.manabi.gob.ec\/index.php\/wp-json\/wp\/v2\/pages\/27401","targetHints":{"allow":["GET"]}}],"collection":[{"href":"https:\/\/www.manabi.gob.ec\/index.php\/wp-json\/wp\/v2\/pages"}],"about":[{"href":"https:\/\/www.manabi.gob.ec\/index.php\/wp-json\/wp\/v2\/types\/page"}],"author":[{"embeddable":true,"href":"https:\/\/www.manabi.gob.ec\/index.php\/wp-json\/wp\/v2\/users\/1"}],"replies":[{"embeddable":true,"href":"https:\/\/www.manabi.gob.ec\/index.php\/wp-json\/wp\/v2\/comments?post=27401"}],"version-history":[{"count":10,"href":"https:\/\/www.manabi.gob.ec\/index.php\/wp-json\/wp\/v2\/pages\/27401\/revisions"}],"predecessor-version":[{"id":28468,"href":"https:\/\/www.manabi.gob.ec\/index.php\/wp-json\/wp\/v2\/pages\/27401\/revisions\/28468"}],"wp:attachment":[{"href":"https:\/\/www.manabi.gob.ec\/index.php\/wp-json\/wp\/v2\/media?parent=27401"}],"curies":[{"name":"wp","href":"https:\/\/api.w.org\/{rel}","templated":true}]}}