{"id":29754,"date":"2025-01-10T21:25:15","date_gmt":"2025-01-10T21:25:15","guid":{"rendered":"https:\/\/www.manabi.gob.ec\/?page_id=29754"},"modified":"2026-04-10T11:52:14","modified_gmt":"2026-04-10T11:52:14","slug":"avances-por-mes-presupuesto-participativo","status":"publish","type":"page","link":"https:\/\/www.manabi.gob.ec\/index.php\/avances-por-mes-presupuesto-participativo\/","title":{"rendered":"Avances por mes &#8211; Presupuesto participativo"},"content":{"rendered":"<p>[vc_row bg_overlay_mode=\u00bbcolor\u00bb css=\u00bb.vc_custom_1630102865600{background-color: #424242 !important;}\u00bb bg_overlay_color=\u00bb#191919&#8243;][vc_column][gsf_space desktop=\u00bb90&#8243; tablet=\u00bb70&#8243; tablet_portrait=\u00bb60&#8243; mobile_landscape=\u00bb50&#8243; mobile=\u00bb40&#8243;][gsf_page_title font_container=\u00bbfont_size:45|text_align:center|color:%23f7f7f7&#8243;][vc_column_text]<\/p>\n<p style=\"text-align: center;\"><span style=\"color: #ffffff;\">\u00a0<a style=\"color: #ffffff;\" href=\"https:\/\/www.manabi.gob.ec\/index.php\/transparencia-en-los-procesos\/\">Presupuesto participativo<\/a><\/span><\/p>\n<p>[\/vc_column_text][\/vc_column][\/vc_row][vc_row color_skin=\u00bbskin-light\u00bb equal_height=\u00bbyes\u00bb parallax=\u00bbcontent-moving\u00bb css=\u00bb.vc_custom_1634327151884{background-color: #efefef !important;background-position: center;background-repeat: no-repeat !important;background-size: cover !important;}\u00bb][vc_column css=\u00bb.vc_custom_1622148120192{background-position: center !important;background-repeat: no-repeat !important;background-size: cover !important;}\u00bb offset=\u00bbvc_col-xs-12&#8243;][gsf_space desktop=\u00bb70&#8243; tablet=\u00bb70&#8243; tablet_portrait=\u00bb60&#8243; mobile_landscape=\u00bb50&#8243; mobile=\u00bb40&#8243;][vc_tta_tabs active_section=\u00bb1&#8243; css=\u00bb.vc_custom_1736547117291{padding-top: 10px !important;padding-right: 0px !important;padding-bottom: 50px !important;padding-left: 0px !important;}\u00bb][vc_tta_section title=\u00bbDiciembre 2024&#8243; tab_id=\u00bb1649253318132-398bd6df-a3cf\u00bb][vc_row_inner css=\u00bb.vc_custom_1686675750402{background-color: #dbdbdb !important;}\u00bb][vc_column_inner width=\u00bb1\/6&#8243;][\/vc_column_inner][vc_column_inner width=\u00bb4\/6&#8243;][vc_column_text css=\u00bb.vc_custom_1736546898709{padding-top: 1px !important;padding-right: 10px !important;padding-bottom: 1px !important;padding-left: 10px !important;}\u00bb]<\/p>\n<h6 style=\"text-align: center;\"><span style=\"color: #000000;\"><strong>PRESUPUESTO PARTICIPATIVO EN MESA DE PLANIFICACION PROVINCIAL &#8211; DICIEMBRE 2024<\/strong><\/span><\/h6>\n<p>[\/vc_column_text][gsf_button title=\u00bbVer Documento\u00bb align=\u00bbcenter\u00bb link=\u00bburl:https%3A%2F%2Fdocs.manabi.gob.ec%2Fshare%2Fs%2Fnsno9FKtRUG4SVMLGFG6tw|||\u00bb][gsf_space desktop=\u00bb30&#8243; tablet=\u00bb70&#8243; tablet_portrait=\u00bb60&#8243; mobile_landscape=\u00bb50&#8243; mobile=\u00bb40&#8243;][\/vc_column_inner][vc_column_inner width=\u00bb1\/6&#8243;][\/vc_column_inner][\/vc_row_inner][\/vc_tta_section][vc_tta_section title=\u00bbEnero 2025&#8243; tab_id=\u00bb1738764943795-b8e20643-80bc\u00bb][vc_row_inner css=\u00bb.vc_custom_1686675750402{background-color: #dbdbdb !important;}\u00bb][vc_column_inner width=\u00bb1\/6&#8243;][\/vc_column_inner][vc_column_inner width=\u00bb4\/6&#8243;][vc_column_text css=\u00bb.vc_custom_1738776064469{padding-top: 1px !important;padding-right: 10px !important;padding-bottom: 1px !important;padding-left: 10px !important;}\u00bb]<\/p>\n<h6 style=\"text-align: center;\"><span style=\"color: #000000;\"><strong>PRESUPUESTO PARTICIPATIVO EN: MESA DE PLANIFICACI\u00d3N PROVINCIAL, Y CONVENIO GPM-CPCCS- HOJA DE RUTA \/ ENERO 2025<\/strong><\/span><\/h6>\n<p>[\/vc_column_text][gsf_button title=\u00bbVer Documento\u00bb align=\u00bbcenter\u00bb link=\u00bburl:https%3A%2F%2Fdocs.manabi.gob.ec%2Fshare%2Fs%2Fk6rY0ThzQ3Gb8M1VkxwtTw|||\u00bb][gsf_space desktop=\u00bb30&#8243; tablet=\u00bb70&#8243; tablet_portrait=\u00bb60&#8243; mobile_landscape=\u00bb50&#8243; mobile=\u00bb40&#8243;][\/vc_column_inner][vc_column_inner width=\u00bb1\/6&#8243;][\/vc_column_inner][\/vc_row_inner][\/vc_tta_section][vc_tta_section title=\u00bbFebrero 2025&#8243; tab_id=\u00bb1741722975246-4b9e23b1-1e13&#8243;][vc_row_inner css=\u00bb.vc_custom_1686675750402{background-color: #dbdbdb !important;}\u00bb][vc_column_inner width=\u00bb1\/6&#8243;][\/vc_column_inner][vc_column_inner width=\u00bb4\/6&#8243;][vc_column_text css=\u00bb.vc_custom_1741723017824{padding-top: 1px !important;padding-right: 10px !important;padding-bottom: 1px !important;padding-left: 10px !important;}\u00bb]<\/p>\n<h6 style=\"text-align: center;\"><span style=\"color: #000000;\"><strong>PRESUPUESTO PARTICIPATIVO _ PROPUESTA PRESUPUESTO PARTICIPATIVO 2026 _ AVANCE CONSTRUCCI\u00d3N REGLAMENTO PARA ORDENANZA DE PARTICIPACI\u00d3N CIUDADANA<\/strong><\/span><\/h6>\n<p>[\/vc_column_text][gsf_button title=\u00bbVer Documento\u00bb align=\u00bbcenter\u00bb link=\u00bburl:https%3A%2F%2Fdocs.manabi.gob.ec%2Fshare%2Fs%2F2xI8h2e9SiSUXVaq4MVDmQ|||\u00bb][gsf_space desktop=\u00bb30&#8243; tablet=\u00bb70&#8243; tablet_portrait=\u00bb60&#8243; mobile_landscape=\u00bb50&#8243; mobile=\u00bb40&#8243;][\/vc_column_inner][vc_column_inner width=\u00bb1\/6&#8243;][\/vc_column_inner][\/vc_row_inner][\/vc_tta_section][vc_tta_section title=\u00bbMarzo 2025&#8243; tab_id=\u00bb1744128699767-c17fbcd2-4ba1&#8243;][vc_row_inner css=\u00bb.vc_custom_1686675750402{background-color: #dbdbdb !important;}\u00bb][vc_column_inner width=\u00bb1\/6&#8243;][\/vc_column_inner][vc_column_inner width=\u00bb4\/6&#8243;][vc_column_text css=\u00bb.vc_custom_1744128803695{padding-top: 1px !important;padding-right: 10px !important;padding-bottom: 1px !important;padding-left: 10px !important;}\u00bb]<\/p>\n<h6 style=\"text-align: center;\"><span style=\"color: #000000;\"><strong>PRESUPUESTO PARTICIPATIVO_CRONOGRAMA DE ACTIVIDADES, DE VISITAS PREVIAS Y DE ASAMBLEAS PP2026 &#8211; MEMO DE APROBACI\u00d3N PARA INICIO DEL PROCESO PP2026 &#8211; OFICIOS A GAD PARROQUIALES Y CANTON<\/strong><\/span><\/h6>\n<p>[\/vc_column_text][gsf_button title=\u00bbVer Documento\u00bb align=\u00bbcenter\u00bb link=\u00bburl:https%3A%2F%2Fdocs.manabi.gob.ec%2Fshare%2Fs%2F835YtTc0T6avLGXXrqAgqg|||\u00bb][gsf_space desktop=\u00bb30&#8243; tablet=\u00bb70&#8243; tablet_portrait=\u00bb60&#8243; mobile_landscape=\u00bb50&#8243; mobile=\u00bb40&#8243;][\/vc_column_inner][vc_column_inner width=\u00bb1\/6&#8243;][\/vc_column_inner][\/vc_row_inner][\/vc_tta_section][vc_tta_section title=\u00bbAbril 2025&#8243; tab_id=\u00bb1747064101833-dff230f0-fc18&#8243;][vc_row_inner css=\u00bb.vc_custom_1686675750402{background-color: #dbdbdb !important;}\u00bb][vc_column_inner width=\u00bb1\/6&#8243;][\/vc_column_inner][vc_column_inner width=\u00bb4\/6&#8243;][vc_column_text css=\u00bb.vc_custom_1747064155167{padding-top: 1px !important;padding-right: 10px !important;padding-bottom: 1px !important;padding-left: 10px !important;}\u00bb]<\/p>\n<h6 style=\"text-align: center;\"><span style=\"color: #000000;\"><strong>PRESUPUESTO PARTICIPATIVO 2026_ ACTA DE VISITAS PREVIAS A GAD &#8211; CORRESPONSABILIDAD ACTORES EXTERNOS &#8211; CORRESPONSABILIDAD ACTORES INTERNOS &#8211; MESA DE PLANIFICACI\u00d3N ABRIL 2025 &#8211; PPT Y ARTES PARA EJERCICIO<\/strong><\/span><\/h6>\n<p>[\/vc_column_text][gsf_button title=\u00bbVer Documento\u00bb align=\u00bbcenter\u00bb link=\u00bburl:https%3A%2F%2Fdocs.manabi.gob.ec%2Fshare%2Fs%2F73gjd05fRkGz6nPUU8EK0g|||\u00bb][gsf_space desktop=\u00bb30&#8243; tablet=\u00bb70&#8243; tablet_portrait=\u00bb60&#8243; mobile_landscape=\u00bb50&#8243; mobile=\u00bb40&#8243;][\/vc_column_inner][vc_column_inner width=\u00bb1\/6&#8243;][\/vc_column_inner][\/vc_row_inner][\/vc_tta_section][vc_tta_section title=\u00bbMayo 2025&#8243; tab_id=\u00bb1749504932349-326c157d-a0bf\u00bb][vc_row_inner css=\u00bb.vc_custom_1686675750402{background-color: #dbdbdb !important;}\u00bb][vc_column_inner width=\u00bb1\/6&#8243;][\/vc_column_inner][vc_column_inner width=\u00bb4\/6&#8243;][vc_column_text css=\u00bb.vc_custom_1749504963068{padding-top: 1px !important;padding-right: 10px !important;padding-bottom: 1px !important;padding-left: 10px !important;}\u00bb]<\/p>\n<h6 style=\"text-align: center;\">PRESUPUESTO PARTICIPATIVO 2026_ ACTAS DE ACUERDOS Y COMPROMISOS PPM2026 &#8211; LISTA DE ASISTENCIA PPM2026<\/h6>\n<p>[\/vc_column_text][gsf_button title=\u00bbVer Documento\u00bb align=\u00bbcenter\u00bb link=\u00bburl:https%3A%2F%2Fdocs.manabi.gob.ec%2Fshare%2Fs%2Fhls9gtx8R0OztV5Fm88DBg|||\u00bb][gsf_space desktop=\u00bb30&#8243; tablet=\u00bb70&#8243; tablet_portrait=\u00bb60&#8243; mobile_landscape=\u00bb50&#8243; mobile=\u00bb40&#8243;][\/vc_column_inner][vc_column_inner width=\u00bb1\/6&#8243;][\/vc_column_inner][\/vc_row_inner][\/vc_tta_section][vc_tta_section title=\u00bbJunio 2025&#8243; tab_id=\u00bb1751903020748-f5a1beb1-044f\u00bb][vc_row_inner css=\u00bb.vc_custom_1686675750402{background-color: #dbdbdb !important;}\u00bb][vc_column_inner width=\u00bb1\/6&#8243;][\/vc_column_inner][vc_column_inner width=\u00bb4\/6&#8243;][vc_column_text css=\u00bb.vc_custom_1751903059842{padding-top: 1px !important;padding-right: 10px !important;padding-bottom: 1px !important;padding-left: 10px !important;}\u00bb]<\/p>\n<h6 style=\"text-align: center;\">PRESUPUESTO PARTICIPATIVO 2026_ ACTAS DE ACUERDOS Y COMPROMISOS PPM2026 &#8211; LISTA DE ASISTENCIA PPM2026<\/h6>\n<p>[\/vc_column_text][gsf_button title=\u00bbVer Documento\u00bb align=\u00bbcenter\u00bb link=\u00bburl:https%3A%2F%2Fdocs.manabi.gob.ec%2Fshare%2Fs%2Fz7OKhqmTQH-OzgU0qIcA9A|||\u00bb][gsf_space desktop=\u00bb30&#8243; tablet=\u00bb70&#8243; tablet_portrait=\u00bb60&#8243; mobile_landscape=\u00bb50&#8243; mobile=\u00bb40&#8243;][\/vc_column_inner][vc_column_inner width=\u00bb1\/6&#8243;][\/vc_column_inner][\/vc_row_inner][\/vc_tta_section][vc_tta_section title=\u00bbJulio 2025&#8243; tab_id=\u00bb1754416081013-72c356a4-3d4f\u00bb][vc_row_inner css=\u00bb.vc_custom_1686675750402{background-color: #dbdbdb !important;}\u00bb][vc_column_inner width=\u00bb1\/6&#8243;][\/vc_column_inner][vc_column_inner width=\u00bb4\/6&#8243;][vc_column_text css=\u00bb.vc_custom_1754430198379{padding-top: 1px !important;padding-right: 10px !important;padding-bottom: 1px !important;padding-left: 10px !important;}\u00bb]<\/p>\n<h6 style=\"text-align: center;\">PRESUPUESTO PARTICIPATIVO 2026 &#8211; INFORME DE LEVANTAMIENTO Y CONSOLIDACI\u00d3N DE PRESUPUESTO PARTICIPATIVO 2026<\/h6>\n<p>[\/vc_column_text][gsf_button title=\u00bbVer Documento\u00bb align=\u00bbcenter\u00bb link=\u00bburl:https%3A%2F%2Fdocs.manabi.gob.ec%2Fshare%2Fs%2FWFsoWUhWS1uT6wXzrfZPzg|||\u00bb][gsf_space desktop=\u00bb30&#8243; tablet=\u00bb70&#8243; tablet_portrait=\u00bb60&#8243; mobile_landscape=\u00bb50&#8243; mobile=\u00bb40&#8243;][\/vc_column_inner][vc_column_inner width=\u00bb1\/6&#8243;][\/vc_column_inner][\/vc_row_inner][\/vc_tta_section][vc_tta_section title=\u00bbAgosto 2025&#8243; tab_id=\u00bb1757080268362-7dc8f2c6-8454&#8243;][vc_row_inner css=\u00bb.vc_custom_1686675750402{background-color: #dbdbdb !important;}\u00bb][vc_column_inner width=\u00bb1\/6&#8243;][\/vc_column_inner][vc_column_inner width=\u00bb4\/6&#8243;][vc_column_text css=\u00bb.vc_custom_1757080331961{padding-top: 1px !important;padding-right: 10px !important;padding-bottom: 1px !important;padding-left: 10px !important;}\u00bb]<\/p>\n<h6 style=\"text-align: center;\">PRESUPUESTO PARTICIPATIVO EN: MESA DE PLANIFICACI\u00d3N PROVINCIAL-FINAL DE\u00a0<span id=\"OBJ_PREFIX_DWT84_com_zimbra_date\" class=\"Object\" role=\"link\"><span id=\"OBJ_PREFIX_DWT88_com_zimbra_date\" class=\"Object\" role=\"link\"><span id=\"OBJ_PREFIX_DWT92_com_zimbra_date\" class=\"Object\" role=\"link\"><span id=\"OBJ_PREFIX_DWT96_com_zimbra_date\" class=\"Object\" role=\"link\">JULIO 2025<\/span><\/span><\/span><\/span>\u00a0_ REUNIONES PREVIAS A LA CONSTRUCCI\u00d3N DEL POA 2026<\/h6>\n<p>[\/vc_column_text][gsf_button title=\u00bbVer Documento\u00bb align=\u00bbcenter\u00bb link=\u00bburl:https%3A%2F%2Fdocs.manabi.gob.ec%2Fshare%2Fs%2FF8123HVXREWLQQdnT2NCjw|||\u00bb][gsf_space desktop=\u00bb30&#8243; tablet=\u00bb70&#8243; tablet_portrait=\u00bb60&#8243; mobile_landscape=\u00bb50&#8243; mobile=\u00bb40&#8243;][\/vc_column_inner][vc_column_inner width=\u00bb1\/6&#8243;][\/vc_column_inner][\/vc_row_inner][\/vc_tta_section][vc_tta_section title=\u00bbSeptiembre 2025&#8243; tab_id=\u00bb1759347437983-61adc0b9-18c7&#8243;][vc_row_inner css=\u00bb.vc_custom_1686675750402{background-color: #dbdbdb !important;}\u00bb][vc_column_inner width=\u00bb1\/6&#8243;][\/vc_column_inner][vc_column_inner width=\u00bb4\/6&#8243;][vc_column_text css=\u00bb.vc_custom_1759347483803{padding-top: 1px !important;padding-right: 10px !important;padding-bottom: 1px !important;padding-left: 10px !important;}\u00bb]<\/p>\n<h6 style=\"text-align: center;\">PRESUPUESTO PARTICIPATIVO EN: FASE 5 &#8211; SEGUIMIENTO-POA2026<\/h6>\n<p>[\/vc_column_text][gsf_button title=\u00bbVer Documento\u00bb align=\u00bbcenter\u00bb link=\u00bburl:https%3A%2F%2Fdocs.manabi.gob.ec%2Fshare%2Fs%2F2x4H_gl4SjOR9g2kb-6GMg||target:%20_blank|\u00bb][gsf_space desktop=\u00bb30&#8243; tablet=\u00bb70&#8243; tablet_portrait=\u00bb60&#8243; mobile_landscape=\u00bb50&#8243; mobile=\u00bb40&#8243;][\/vc_column_inner][vc_column_inner width=\u00bb1\/6&#8243;][\/vc_column_inner][\/vc_row_inner][\/vc_tta_section][vc_tta_section title=\u00bbOctubre 2025&#8243; tab_id=\u00bb1762466595493-a94b2c6d-cde7&#8243;][vc_row_inner css=\u00bb.vc_custom_1686675750402{background-color: #dbdbdb !important;}\u00bb][vc_column_inner width=\u00bb1\/6&#8243;][\/vc_column_inner][vc_column_inner width=\u00bb4\/6&#8243;][vc_column_text css=\u00bb.vc_custom_1762466655506{padding-top: 1px !important;padding-right: 10px !important;padding-bottom: 1px !important;padding-left: 10px !important;}\u00bb]<\/p>\n<h6 style=\"text-align: center;\">PRESUPUESTO PARTICIPATIVO EN &#8211; FASE 5 &#8211; SEGUIMIENTO POA 2026-DEFERENCIA AL DETALLE DE DEMANDA A CONSIDERAR POR CADA DIRECCI\u00d3N AGREGADORA DE VALOR<\/h6>\n<p>[\/vc_column_text][gsf_button title=\u00bbVer Documento\u00bb align=\u00bbcenter\u00bb link=\u00bburl:https%3A%2F%2Fdocs.manabi.gob.ec%2Fshare%2Fs%2Ffxi0HUZ7RHaZnrcBliGJJQ||target:%20_blank|\u00bb][gsf_space desktop=\u00bb30&#8243; tablet=\u00bb70&#8243; tablet_portrait=\u00bb60&#8243; mobile_landscape=\u00bb50&#8243; mobile=\u00bb40&#8243;][\/vc_column_inner][vc_column_inner width=\u00bb1\/6&#8243;][\/vc_column_inner][\/vc_row_inner][\/vc_tta_section][vc_tta_section title=\u00bbNoviembre 2025&#8243; tab_id=\u00bb1765224374543-6d6141ba-5a6b\u00bb][vc_row_inner css=\u00bb.vc_custom_1686675750402{background-color: #dbdbdb !important;}\u00bb][vc_column_inner width=\u00bb1\/6&#8243;][\/vc_column_inner][vc_column_inner width=\u00bb4\/6&#8243;][vc_column_text css=\u00bb.vc_custom_1765224429733{padding-top: 1px !important;padding-right: 10px !important;padding-bottom: 1px !important;padding-left: 10px !important;}\u00bb]<\/p>\n<h6 style=\"text-align: center;\">PRESUPUESTO PARTICIPATIVO EN_ARTICULACI\u00d3N-TALLER DE INNOVACI\u00d3N ABIERTA Y APROBACI\u00d3N DE HOJA DE RUTA PARA PPMP2027_CONVOCATORIA-REUNI\u00d3N DE TRABAJO ESTRAT\u00c9GICO Y DE PROPUESTA OPERATIVA CON ULEAM_CONVOCATORIA A MESA DE PLANIFICACI\u00d3N &#8211; AVANCES PPMP2027<\/h6>\n<p>[\/vc_column_text][gsf_button title=\u00bbVer Documento\u00bb align=\u00bbcenter\u00bb link=\u00bburl:https%3A%2F%2Fdocs.manabi.gob.ec%2Fshare%2Fs%2F-fIb287WRbenSBwae0nUiw||target:%20_blank|\u00bb][gsf_space desktop=\u00bb30&#8243; tablet=\u00bb70&#8243; tablet_portrait=\u00bb60&#8243; mobile_landscape=\u00bb50&#8243; mobile=\u00bb40&#8243;][\/vc_column_inner][vc_column_inner width=\u00bb1\/6&#8243;][\/vc_column_inner][\/vc_row_inner][\/vc_tta_section][vc_tta_section title=\u00bbDiciembre 2025&#8243; tab_id=\u00bb1767968595351-a6dbf060-ae5a\u00bb][vc_row_inner css=\u00bb.vc_custom_1686675750402{background-color: #dbdbdb !important;}\u00bb][vc_column_inner width=\u00bb1\/6&#8243;][\/vc_column_inner][vc_column_inner width=\u00bb4\/6&#8243;][vc_column_text css=\u00bb.vc_custom_1767968638807{padding-top: 1px !important;padding-right: 10px !important;padding-bottom: 1px !important;padding-left: 10px !important;}\u00bb]<\/p>\n<h6 style=\"text-align: center;\">\u00abPRESUPUESTO PARTICIPATIVO EN_ Informe(\u2026) LGBTIQ+ incentivando su participaci\u00f3n activa e inclusi\u00f3n con equidad en la Provincia de Manab\u00ed &#8211; PPM2026_Avances en la implementaci\u00f3n de software y plataforma digital(\u2026) Presupuesto Participativo Mancomunado 2027<\/h6>\n<p>[\/vc_column_text][gsf_button title=\u00bbVer Documento\u00bb align=\u00bbcenter\u00bb link=\u00bburl:https%3A%2F%2Fdocs.manabi.gob.ec%2Fshare%2Fs%2FLcd0M315RgehlUTWm10TNg||target:%20_blank|\u00bb][gsf_space desktop=\u00bb30&#8243; tablet=\u00bb70&#8243; tablet_portrait=\u00bb60&#8243; mobile_landscape=\u00bb50&#8243; mobile=\u00bb40&#8243;][\/vc_column_inner][vc_column_inner width=\u00bb1\/6&#8243;][\/vc_column_inner][\/vc_row_inner][\/vc_tta_section][vc_tta_section title=\u00bbEnero 2026&#8243; tab_id=\u00bb1770738143217-58543d08-cafc\u00bb][vc_row_inner css=\u00bb.vc_custom_1686675750402{background-color: #dbdbdb !important;}\u00bb][vc_column_inner width=\u00bb1\/6&#8243;][\/vc_column_inner][vc_column_inner width=\u00bb4\/6&#8243;][vc_column_text css=\u00bb.vc_custom_1770738229535{padding-top: 1px !important;padding-right: 10px !important;padding-bottom: 1px !important;padding-left: 10px !important;}\u00bb]<\/p>\n<h6 style=\"text-align: center;\">PRESUPUESTO PARTICIPATIVO EN_ Convenio GPM-CPCCS- Hoja de ruta 2026; y Avances en la implementaci\u00f3n de software y plataforma digital(\u2026) Presupuesto Participativo Mancomunado 2027<\/h6>\n<p>[\/vc_column_text][gsf_button title=\u00bbVer Documento\u00bb align=\u00bbcenter\u00bb link=\u00bburl:https%3A%2F%2Fdocs.manabi.gob.ec%2Fshare%2Fs%2Fn_Ek4hIXQ7KO6yTG5pO_qw||target:%20_blank|\u00bb][gsf_space desktop=\u00bb30&#8243; tablet=\u00bb70&#8243; tablet_portrait=\u00bb60&#8243; mobile_landscape=\u00bb50&#8243; mobile=\u00bb40&#8243;][\/vc_column_inner][vc_column_inner width=\u00bb1\/6&#8243;][\/vc_column_inner][\/vc_row_inner][\/vc_tta_section][vc_tta_section title=\u00bbFebrero 2026&#8243; tab_id=\u00bb1773241177431-c4848cf6-a87e\u00bb][vc_row_inner css=\u00bb.vc_custom_1686675750402{background-color: #dbdbdb !important;}\u00bb][vc_column_inner width=\u00bb1\/6&#8243;][\/vc_column_inner][vc_column_inner width=\u00bb4\/6&#8243;][vc_column_text css=\u00bb.vc_custom_1773241221374{padding-top: 1px !important;padding-right: 10px !important;padding-bottom: 1px !important;padding-left: 10px !important;}\u00bb]<\/p>\n<h6 style=\"text-align: center;\">PRESUPUESTO PARTICIPATIVO _ MESA DE PLANIFICACI\u00d3N PROVINCIAL-FEBRERO 2026 _AVANCES EN LA IMPLEMENTACI\u00d3N DEL LEVANTAMIENTO DE INFORMACI\u00d3N EN EL PROCESO DE PRESUPUESTO PARTICIPATIVO MANCOMUNADO 2027<\/h6>\n<p>[\/vc_column_text][gsf_button title=\u00bbVer Documento\u00bb align=\u00bbcenter\u00bb link=\u00bburl:https%3A%2F%2Fdocs.manabi.gob.ec%2Fshare%2Fs%2F6GGAsPTaRjyujOZPV5hbHw||target:%20_blank|\u00bb][gsf_space desktop=\u00bb30&#8243; tablet=\u00bb70&#8243; tablet_portrait=\u00bb60&#8243; mobile_landscape=\u00bb50&#8243; mobile=\u00bb40&#8243;][\/vc_column_inner][vc_column_inner width=\u00bb1\/6&#8243;][\/vc_column_inner][\/vc_row_inner][\/vc_tta_section][vc_tta_section el_class=\u00bb\u00bb title=\u00bbMarzo 2026&#8243; tab_id=\u00bb1775821859006-7c08543f-bfc0&#8243;][vc_row_inner css=\u00bb.vc_custom_1686675750402{background-color: #dbdbdb !important;}\u00bb][vc_column_inner width=\u00bb1\/6&#8243;][\/vc_column_inner][vc_column_inner width=\u00bb4\/6&#8243;][vc_column_text el_class=\u00bb\u00bb css=\u00bb.vc_custom_1775821909619{padding-top: 1px !important;padding-right: 10px !important;padding-bottom: 1px !important;padding-left: 10px !important;}\u00bb]<\/p>\n<h6 style=\"text-align: center;\">PRESUPUESTO PARTICIPATIVO EN: AVANCES EN LA IMPLEMENTACI\u00d3N DEL LEVANTAMIENTO DE INFORMACI\u00d3N EN EL PROCESO DE PRESUPUESTO PARTICIPATIVO MANCOMUNADO 2027 \/ CRONOGRAMA ACTUALIZADO PARA PRESUPUESTO PARTICIPATIVO MANCOMUNADO 2027<\/h6>\n<p>[\/vc_column_text][gsf_button title=\u00bbVer Documento\u00bb align=\u00bbcenter\u00bb el_class=\u00bb\u00bb link=\u00bburl:https%3A%2F%2Fdocs.manabi.gob.ec%2Fshare%2Fs%2FIsp-yEx1QoySkJcLjcWLyw||target:%20_blank|\u00bb][gsf_space desktop=\u00bb30&#8243; tablet=\u00bb70&#8243; tablet_portrait=\u00bb60&#8243; mobile_landscape=\u00bb50&#8243; mobile=\u00bb40&#8243;][\/vc_column_inner][vc_column_inner width=\u00bb1\/6&#8243;][\/vc_column_inner][\/vc_row_inner][\/vc_tta_section][\/vc_tta_tabs][\/vc_column][\/vc_row]<\/p>\n","protected":false},"excerpt":{"rendered":"<p>[vc_row bg_overlay_mode=\u00bbcolor\u00bb css=\u00bb.vc_custom_1630102865600{background-color: #424242 !important;}\u00bb bg_overlay_color=\u00bb#191919&#8243;][vc_column][gsf_space desktop=\u00bb90&#8243; tablet=\u00bb70&#8243; tablet_portrait=\u00bb60&#8243; mobile_landscape=\u00bb50&#8243; mobile=\u00bb40&#8243;][gsf_page_title font_container=\u00bbfont_size:45|text_align:center|color:%23f7f7f7&#8243;][vc_column_text] \u00a0Presupuesto participativo [\/vc_column_text][\/vc_column][\/vc_row][vc_row color_skin=\u00bbskin-light\u00bb equal_height=\u00bbyes\u00bb parallax=\u00bbcontent-moving\u00bb css=\u00bb.vc_custom_1634327151884{background-color: #efefef !important;background-position: center;background-repeat: no-repeat !important;background-size: cover !important;}\u00bb][vc_column css=\u00bb.vc_custom_1622148120192{background-position: center !important;background-repeat: no-repeat !important;background-size: cover !important;}\u00bb offset=\u00bbvc_col-xs-12&#8243;][gsf_space desktop=\u00bb70&#8243; tablet=\u00bb70&#8243; tablet_portrait=\u00bb60&#8243; mobile_landscape=\u00bb50&#8243; mobile=\u00bb40&#8243;][vc_tta_tabs active_section=\u00bb1&#8243; css=\u00bb.vc_custom_1736547117291{padding-top: 10px !important;padding-right: 0px !important;padding-bottom: 50px !important;padding-left: 0px !important;}\u00bb][vc_tta_section title=\u00bbDiciembre 2024&#8243; tab_id=\u00bb1649253318132-398bd6df-a3cf\u00bb][vc_row_inner css=\u00bb.vc_custom_1686675750402{background-color: #dbdbdb !important;}\u00bb][vc_column_inner [&hellip;]<\/p>\n","protected":false},"author":1,"featured_media":0,"parent":0,"menu_order":0,"comment_status":"closed","ping_status":"closed","template":"","meta":{"_joinchat":[],"footnotes":""},"class_list":["post-29754","page","type-page","status-publish","hentry"],"yoast_head":"<!-- This site is optimized with the Yoast SEO plugin v27.4 - https:\/\/yoast.com\/product\/yoast-seo-wordpress\/ -->\n<title>Avances por mes - Presupuesto participativo - Prefectura de Manab\u00ed<\/title>\n<meta name=\"robots\" content=\"index, follow, max-snippet:-1, max-image-preview:large, max-video-preview:-1\" \/>\n<link rel=\"canonical\" href=\"https:\/\/www.manabi.gob.ec\/index.php\/avances-por-mes-presupuesto-participativo\/\" \/>\n<meta property=\"og:locale\" content=\"es_ES\" \/>\n<meta property=\"og:type\" content=\"article\" \/>\n<meta property=\"og:title\" content=\"Avances por mes - Presupuesto participativo - Prefectura de Manab\u00ed\" \/>\n<meta property=\"og:description\" content=\"[vc_row bg_overlay_mode=\u00bbcolor\u00bb css=\u00bb.vc_custom_1630102865600{background-color: #424242 !important;}\u00bb bg_overlay_color=\u00bb#191919&#8243;][vc_column][gsf_space desktop=\u00bb90&#8243; tablet=\u00bb70&#8243; tablet_portrait=\u00bb60&#8243; mobile_landscape=\u00bb50&#8243; mobile=\u00bb40&#8243;][gsf_page_title font_container=\u00bbfont_size:45|text_align:center|color:%23f7f7f7&#8243;][vc_column_text] \u00a0Presupuesto participativo [\/vc_column_text][\/vc_column][\/vc_row][vc_row color_skin=\u00bbskin-light\u00bb equal_height=\u00bbyes\u00bb parallax=\u00bbcontent-moving\u00bb css=\u00bb.vc_custom_1634327151884{background-color: #efefef !important;background-position: center;background-repeat: no-repeat !important;background-size: cover !important;}\u00bb][vc_column css=\u00bb.vc_custom_1622148120192{background-position: center !important;background-repeat: no-repeat !important;background-size: cover !important;}\u00bb offset=\u00bbvc_col-xs-12&#8243;][gsf_space desktop=\u00bb70&#8243; tablet=\u00bb70&#8243; tablet_portrait=\u00bb60&#8243; mobile_landscape=\u00bb50&#8243; mobile=\u00bb40&#8243;][vc_tta_tabs active_section=\u00bb1&#8243; css=\u00bb.vc_custom_1736547117291{padding-top: 10px !important;padding-right: 0px !important;padding-bottom: 50px !important;padding-left: 0px !important;}\u00bb][vc_tta_section title=\u00bbDiciembre 2024&#8243; tab_id=\u00bb1649253318132-398bd6df-a3cf\u00bb][vc_row_inner css=\u00bb.vc_custom_1686675750402{background-color: #dbdbdb !important;}\u00bb][vc_column_inner [&hellip;]\" \/>\n<meta property=\"og:url\" content=\"https:\/\/www.manabi.gob.ec\/index.php\/avances-por-mes-presupuesto-participativo\/\" \/>\n<meta property=\"og:site_name\" content=\"Prefectura de Manab\u00ed\" \/>\n<meta property=\"article:modified_time\" content=\"2026-04-10T11:52:14+00:00\" \/>\n<meta name=\"twitter:card\" content=\"summary_large_image\" \/>\n<meta name=\"twitter:label1\" content=\"Tiempo de lectura\" \/>\n\t<meta name=\"twitter:data1\" content=\"4 minutos\" \/>\n<script type=\"application\/ld+json\" class=\"yoast-schema-graph\">{\"@context\":\"https:\\\/\\\/schema.org\",\"@graph\":[{\"@type\":\"WebPage\",\"@id\":\"https:\\\/\\\/www.manabi.gob.ec\\\/index.php\\\/avances-por-mes-presupuesto-participativo\\\/\",\"url\":\"https:\\\/\\\/www.manabi.gob.ec\\\/index.php\\\/avances-por-mes-presupuesto-participativo\\\/\",\"name\":\"Avances por mes - Presupuesto participativo - Prefectura de Manab\u00ed\",\"isPartOf\":{\"@id\":\"https:\\\/\\\/www.manabi.gob.ec\\\/#website\"},\"datePublished\":\"2025-01-10T21:25:15+00:00\",\"dateModified\":\"2026-04-10T11:52:14+00:00\",\"breadcrumb\":{\"@id\":\"https:\\\/\\\/www.manabi.gob.ec\\\/index.php\\\/avances-por-mes-presupuesto-participativo\\\/#breadcrumb\"},\"inLanguage\":\"es\",\"potentialAction\":[{\"@type\":\"ReadAction\",\"target\":[\"https:\\\/\\\/www.manabi.gob.ec\\\/index.php\\\/avances-por-mes-presupuesto-participativo\\\/\"]}]},{\"@type\":\"BreadcrumbList\",\"@id\":\"https:\\\/\\\/www.manabi.gob.ec\\\/index.php\\\/avances-por-mes-presupuesto-participativo\\\/#breadcrumb\",\"itemListElement\":[{\"@type\":\"ListItem\",\"position\":1,\"name\":\"Portada\",\"item\":\"https:\\\/\\\/www.manabi.gob.ec\\\/\"},{\"@type\":\"ListItem\",\"position\":2,\"name\":\"Avances por mes &#8211; Presupuesto participativo\"}]},{\"@type\":\"WebSite\",\"@id\":\"https:\\\/\\\/www.manabi.gob.ec\\\/#website\",\"url\":\"https:\\\/\\\/www.manabi.gob.ec\\\/\",\"name\":\"Prefectura de Manab\u00ed\",\"description\":\"P\u00e1gina web de la prefectura\",\"potentialAction\":[{\"@type\":\"SearchAction\",\"target\":{\"@type\":\"EntryPoint\",\"urlTemplate\":\"https:\\\/\\\/www.manabi.gob.ec\\\/?s={search_term_string}\"},\"query-input\":{\"@type\":\"PropertyValueSpecification\",\"valueRequired\":true,\"valueName\":\"search_term_string\"}}],\"inLanguage\":\"es\"}]}<\/script>\n<!-- \/ Yoast SEO plugin. -->","yoast_head_json":{"title":"Avances por mes - Presupuesto participativo - Prefectura de Manab\u00ed","robots":{"index":"index","follow":"follow","max-snippet":"max-snippet:-1","max-image-preview":"max-image-preview:large","max-video-preview":"max-video-preview:-1"},"canonical":"https:\/\/www.manabi.gob.ec\/index.php\/avances-por-mes-presupuesto-participativo\/","og_locale":"es_ES","og_type":"article","og_title":"Avances por mes - Presupuesto participativo - Prefectura de Manab\u00ed","og_description":"[vc_row bg_overlay_mode=\u00bbcolor\u00bb css=\u00bb.vc_custom_1630102865600{background-color: #424242 !important;}\u00bb bg_overlay_color=\u00bb#191919&#8243;][vc_column][gsf_space desktop=\u00bb90&#8243; tablet=\u00bb70&#8243; tablet_portrait=\u00bb60&#8243; mobile_landscape=\u00bb50&#8243; mobile=\u00bb40&#8243;][gsf_page_title font_container=\u00bbfont_size:45|text_align:center|color:%23f7f7f7&#8243;][vc_column_text] \u00a0Presupuesto participativo [\/vc_column_text][\/vc_column][\/vc_row][vc_row color_skin=\u00bbskin-light\u00bb equal_height=\u00bbyes\u00bb parallax=\u00bbcontent-moving\u00bb css=\u00bb.vc_custom_1634327151884{background-color: #efefef !important;background-position: center;background-repeat: no-repeat !important;background-size: cover !important;}\u00bb][vc_column css=\u00bb.vc_custom_1622148120192{background-position: center !important;background-repeat: no-repeat !important;background-size: cover !important;}\u00bb offset=\u00bbvc_col-xs-12&#8243;][gsf_space desktop=\u00bb70&#8243; tablet=\u00bb70&#8243; tablet_portrait=\u00bb60&#8243; mobile_landscape=\u00bb50&#8243; mobile=\u00bb40&#8243;][vc_tta_tabs active_section=\u00bb1&#8243; css=\u00bb.vc_custom_1736547117291{padding-top: 10px !important;padding-right: 0px !important;padding-bottom: 50px !important;padding-left: 0px !important;}\u00bb][vc_tta_section title=\u00bbDiciembre 2024&#8243; tab_id=\u00bb1649253318132-398bd6df-a3cf\u00bb][vc_row_inner css=\u00bb.vc_custom_1686675750402{background-color: #dbdbdb !important;}\u00bb][vc_column_inner [&hellip;]","og_url":"https:\/\/www.manabi.gob.ec\/index.php\/avances-por-mes-presupuesto-participativo\/","og_site_name":"Prefectura de Manab\u00ed","article_modified_time":"2026-04-10T11:52:14+00:00","twitter_card":"summary_large_image","twitter_misc":{"Tiempo de lectura":"4 minutos"},"schema":{"@context":"https:\/\/schema.org","@graph":[{"@type":"WebPage","@id":"https:\/\/www.manabi.gob.ec\/index.php\/avances-por-mes-presupuesto-participativo\/","url":"https:\/\/www.manabi.gob.ec\/index.php\/avances-por-mes-presupuesto-participativo\/","name":"Avances por mes - Presupuesto participativo - Prefectura de Manab\u00ed","isPartOf":{"@id":"https:\/\/www.manabi.gob.ec\/#website"},"datePublished":"2025-01-10T21:25:15+00:00","dateModified":"2026-04-10T11:52:14+00:00","breadcrumb":{"@id":"https:\/\/www.manabi.gob.ec\/index.php\/avances-por-mes-presupuesto-participativo\/#breadcrumb"},"inLanguage":"es","potentialAction":[{"@type":"ReadAction","target":["https:\/\/www.manabi.gob.ec\/index.php\/avances-por-mes-presupuesto-participativo\/"]}]},{"@type":"BreadcrumbList","@id":"https:\/\/www.manabi.gob.ec\/index.php\/avances-por-mes-presupuesto-participativo\/#breadcrumb","itemListElement":[{"@type":"ListItem","position":1,"name":"Portada","item":"https:\/\/www.manabi.gob.ec\/"},{"@type":"ListItem","position":2,"name":"Avances por mes &#8211; Presupuesto participativo"}]},{"@type":"WebSite","@id":"https:\/\/www.manabi.gob.ec\/#website","url":"https:\/\/www.manabi.gob.ec\/","name":"Prefectura de Manab\u00ed","description":"P\u00e1gina web de la prefectura","potentialAction":[{"@type":"SearchAction","target":{"@type":"EntryPoint","urlTemplate":"https:\/\/www.manabi.gob.ec\/?s={search_term_string}"},"query-input":{"@type":"PropertyValueSpecification","valueRequired":true,"valueName":"search_term_string"}}],"inLanguage":"es"}]}},"_links":{"self":[{"href":"https:\/\/www.manabi.gob.ec\/index.php\/wp-json\/wp\/v2\/pages\/29754","targetHints":{"allow":["GET"]}}],"collection":[{"href":"https:\/\/www.manabi.gob.ec\/index.php\/wp-json\/wp\/v2\/pages"}],"about":[{"href":"https:\/\/www.manabi.gob.ec\/index.php\/wp-json\/wp\/v2\/types\/page"}],"author":[{"embeddable":true,"href":"https:\/\/www.manabi.gob.ec\/index.php\/wp-json\/wp\/v2\/users\/1"}],"replies":[{"embeddable":true,"href":"https:\/\/www.manabi.gob.ec\/index.php\/wp-json\/wp\/v2\/comments?post=29754"}],"version-history":[{"count":10,"href":"https:\/\/www.manabi.gob.ec\/index.php\/wp-json\/wp\/v2\/pages\/29754\/revisions"}],"predecessor-version":[{"id":34083,"href":"https:\/\/www.manabi.gob.ec\/index.php\/wp-json\/wp\/v2\/pages\/29754\/revisions\/34083"}],"wp:attachment":[{"href":"https:\/\/www.manabi.gob.ec\/index.php\/wp-json\/wp\/v2\/media?parent=29754"}],"curies":[{"name":"wp","href":"https:\/\/api.w.org\/{rel}","templated":true}]}}