{"id":31184,"date":"2025-06-18T15:12:38","date_gmt":"2025-06-18T15:12:38","guid":{"rendered":"https:\/\/www.manabi.gob.ec\/?page_id=31184"},"modified":"2026-03-06T15:14:22","modified_gmt":"2026-03-06T15:14:22","slug":"declaratorias","status":"publish","type":"page","link":"https:\/\/www.manabi.gob.ec\/index.php\/declaratorias\/","title":{"rendered":"Declaratorias de Utilidad P\u00fablica"},"content":{"rendered":"<p>[vc_row bg_overlay_mode=\u00bbcolor\u00bb css=\u00bb.vc_custom_1630102865600{background-color: #424242 !important;}\u00bb bg_overlay_color=\u00bb#191919&#8243;][vc_column width=\u00bb1\/4&#8243;][gsf_space desktop=\u00bb45&#8243; tablet=\u00bb70&#8243; tablet_portrait=\u00bb60&#8243; mobile_landscape=\u00bb50&#8243; mobile=\u00bb40&#8243;][vc_single_image image=\u00bb31064&#8243; alignment=\u00bbright\u00bb style=\u00bbvc_box_border\u00bb border_color=\u00bbwhite\u00bb css=\u00bb.vc_custom_1750259641924{border-top-width: 4px !important;border-right-width: 4px !important;border-bottom-width: 4px !important;border-left-width: 4px !important;}\u00bb][\/vc_column][vc_column width=\u00bb2\/4&#8243;][gsf_space desktop=\u00bb90&#8243; tablet=\u00bb70&#8243; tablet_portrait=\u00bb60&#8243; mobile_landscape=\u00bb50&#8243; mobile=\u00bb40&#8243;][gsf_page_title font_container=\u00bbfont_size:45|text_align:left|color:%23f7f7f7&#8243;][vc_column_text el_class=\u00bb\u00bb]<span style=\"color: #ffffff;\">\u00a0<a style=\"color: #ffffff;\" href=\"https:\/\/www.manabi.gob.ec\/index.php\/instrumentos-normativos-y-politicas\/\">Pol\u00edticas y normativa<\/a>s<\/span>[\/vc_column_text][\/vc_column][vc_column width=\u00bb1\/4&#8243;][\/vc_column][\/vc_row][vc_row css=\u00bb.vc_custom_1630103050682{background-color: #f4f4f4 !important;}\u00bb][vc_column][vc_empty_space height=\u00bb102px\u00bb][\/vc_column][\/vc_row][vc_row color_skin=\u00bbskin-light\u00bb equal_height=\u00bbyes\u00bb parallax=\u00bbcontent-moving\u00bb css=\u00bb.vc_custom_1622148044878{background-color: #f4f4f4 !important;background-position: center;background-repeat: no-repeat !important;background-size: cover !important;}\u00bb][vc_column color_skin=\u00bbskin-light\u00bb width=\u00bb1\/5&#8243; css=\u00bb.vc_custom_1629243021998{border-right-width: 2px !important;background-color: #f4f4f4 !important;border-right-color: #cecece !important;border-right-style: solid !important;}\u00bb][gsf_button title=\u00bbVolver\u00bb style=\u00bb3d\u00bb size=\u00bbmd\u00bb align=\u00bbright\u00bb button_block=\u00bbon\u00bb icon_font=\u00bbfa fa-arrow-left\u00bb link=\u00bburl:https%3A%2F%2Fwww.manabi.gob.ec%2Findex.php%2Finstrumentos-normativos-y-politicas%2F|||\u00bb][gsf_space desktop=\u00bb20&#8243; tablet=\u00bb70&#8243; tablet_portrait=\u00bb60&#8243; mobile_landscape=\u00bb50&#8243; mobile=\u00bb40&#8243;][\/vc_column][vc_column width=\u00bb4\/5&#8243; css=\u00bb.vc_custom_1622148120192{background-position: center !important;background-repeat: no-repeat !important;background-size: cover !important;}\u00bb offset=\u00bbvc_col-xs-12&#8243;][vc_tta_accordion style=\u00bboutline\u00bb color=\u00bbmulled-wine\u00bb spacing=\u00bb10&#8243; autoplay=\u00bb10&#8243; active_section=\u00bb7&#8243; collapsible_all=\u00bbtrue\u00bb][vc_tta_section title=\u00bb2025&#8243; tab_id=\u00bb1683910519954-ab5f91d1-0e5e\u00bb][vc_text_separator title=\u00bbEnero\u00bb color=\u00bbblack\u00bb css=\u00bb.vc_custom_1704895025747{margin-top: 25px !important;margin-bottom: 25px !important;}\u00bb][gsf_call_to_action title=\u00bbDescargar\u00bb style=\u00bboutline\u00bb link=\u00bburl:https%3A%2F%2Fwww.manabi.gob.ec%2Fwp-content%2Fuploads%2F2025%2F01%2F1_GADPM-PREM-2025-007-RES_Declaratoria_Bolivar_Rosa-Maria-Garcia-Zambrano.pdf|||\u00bb css=\u00bb.vc_custom_1772032796507{margin-bottom: 20px !important;}\u00bb]<img alt=\"\" \/><img alt=\"\" \/>Resoluci\u00f3n Administrativa<strong> N\u00b0 GADPM-PREM-2025-007-RES D<\/strong>eclarar de utilidad p\u00fablica y de inter\u00e9s social, con fines de expropiaci\u00f3n parcial y de ocupaci\u00f3n inmediata a favor del Gobierno Aut\u00f3nomo Descentralizado Provincial de Manab\u00ed, el predio con clave catastral No. 130252510201420000, de propiedad del se\u00f1or Ormaza Pedro Pl\u00e1cido.[\/gsf_call_to_action][gsf_call_to_action title=\u00bbDescargar\u00bb style=\u00bboutline\u00bb link=\u00bburl:https%3A%2F%2Fwww.manabi.gob.ec%2Fwp-content%2Fuploads%2F2025%2F01%2F2_GADPM-PREM-2025-008-RES_Declaratoria_Bolivar_Mora-Moreira-Angel-Heriberto.pdf|||\u00bb css=\u00bb.vc_custom_1736541488336{margin-bottom: 20px !important;}\u00bb]<img alt=\"\" \/><img alt=\"\" \/>Resoluci\u00f3n Administrativa <strong>N\u00b0 GADPM-PREM-2025-008-RES <\/strong>Declarar de utilidad p\u00fablica y de inter\u00e9s social, con fines de expropiaci\u00f3n parcial y de ocupaci\u00f3n inmediata a favor del Gobierno Aut\u00f3nomo Descentralizado Provincial de Manab\u00ed, el predio con clave catastral No. 130252510201606000, de propiedad del se\u00f1or Mora Moreira \u00c1ngel Heriberto y la se\u00f1ora Lidia <span id=\"OBJ_PREFIX_DWT1851_com_zimbra_date\" class=\"Object\" role=\"link\"><span id=\"OBJ_PREFIX_DWT1856_com_zimbra_date\" class=\"Object\" role=\"link\">Mar<\/span><\/span>\u00eda Mac\u00edas Loor.<\/p>\n<p>[\/gsf_call_to_action][gsf_call_to_action title=\u00bbDescargar\u00bb style=\u00bboutline\u00bb link=\u00bburl:https%3A%2F%2Fwww.manabi.gob.ec%2Fwp-content%2Fuploads%2F2025%2F01%2F3_GADPM-PREM-2025-009-RES_Declaratoria_Bolivar_Mera-Zambrano-Patricia-Ines.pdf|||\u00bb css=\u00bb.vc_custom_1736541564083{margin-bottom: 20px !important;}\u00bb]<img alt=\"\" \/><img alt=\"\" \/>Resoluci\u00f3n Administrativa <strong>N\u00b0 GADPM-PREM-2025-009-RES <\/strong>Declarar de utilidad p\u00fablica y de inter\u00e9s social, con fines de expropiaci\u00f3n parcial y de ocupaci\u00f3n inmediata a favor del Gobierno Aut\u00f3nomo Descentralizado Provincial de Manab\u00ed, el predio con clave catastral No. 130252510201065000, de propiedad de la se\u00f1ora Mera Zambrano Patricia In\u00e9s.[\/gsf_call_to_action][gsf_call_to_action title=\u00bbDescargar\u00bb style=\u00bboutline\u00bb link=\u00bburl:https%3A%2F%2Fwww.manabi.gob.ec%2Fwp-content%2Fuploads%2F2025%2F01%2F4_GADPM-PREM-2025-010-RES_Declaratoria_Bolivar_Paola-Janeth-Zambrano-Macay.pdf|||\u00bb css=\u00bb.vc_custom_1736541689845{margin-bottom: 20px !important;}\u00bb]<img alt=\"\" \/><img alt=\"\" \/>Resoluci\u00f3n Administrativa <strong>N\u00b0 GADPM-PREM-2025-010-RES <\/strong>Declarar de utilidad p\u00fablica y de inter\u00e9s social, con fines de expropiaci\u00f3n parcial y de ocupaci\u00f3n inmediata a favor del Gobierno Aut\u00f3nomo Descentralizado Provincial de Manab\u00ed, el predio con clave catastral No. 130252510201551000, de propiedad de la se\u00f1ora Paola Janeth Zambrano Macay.[\/gsf_call_to_action][gsf_call_to_action title=\u00bbDescargar\u00bb style=\u00bboutline\u00bb link=\u00bburl:https%3A%2F%2Fwww.manabi.gob.ec%2Fwp-content%2Fuploads%2F2025%2F01%2F5_GADPM-PREM-2025-011-RES_Declaratoria_Bolivar_Ramon-Homero-Falcones-Solorzano.pdf|||\u00bb css=\u00bb.vc_custom_1736542182093{margin-bottom: 20px !important;}\u00bb]<img alt=\"\" \/><img alt=\"\" \/>Resoluci\u00f3n Administrativa <strong>N\u00b0 GADPM-PREM-2025-011-RES <\/strong>Declarar de utilidad p\u00fablica y de inter\u00e9s social, con fines de expropiaci\u00f3n parcial y de ocupaci\u00f3n inmediata a favor del Gobierno Aut\u00f3nomo Descentralizado Provincial de Manab\u00ed, el predio con clave catastral No.\u00a0 30252510201131000, de presunto posesionario del se\u00f1or Ram\u00f3n Homero Falcones Sol\u00f3rzano.[\/gsf_call_to_action][gsf_call_to_action title=\u00bbDescargar\u00bb style=\u00bboutline\u00bb link=\u00bburl:https%3A%2F%2Fwww.manabi.gob.ec%2Fwp-content%2Fuploads%2F2025%2F01%2F6_GADPM-PREM-2025-012-RES_Declaratoria_Bolivar_Mendoza-Velasquez-Patricio-Antonio.pdf|||\u00bb css=\u00bb.vc_custom_1736542248395{margin-bottom: 20px !important;}\u00bb]<img alt=\"\" \/><img alt=\"\" \/>Resoluci\u00f3n Administrativa <strong>N\u00b0 GADPM-PREM-2025-012-RES <\/strong>Declarar de utilidad p\u00fablica y de inter\u00e9s social, con fines de expropiaci\u00f3n parcial y de ocupaci\u00f3n inmediata a favor del Gobierno Aut\u00f3nomo Descentralizado Provincial de Manab\u00ed, el predio con clave catastral No. 130252510201470000, de propiedad del se\u00f1or Mendoza Vel\u00e1squez Patricio Antonio.[\/gsf_call_to_action][gsf_call_to_action title=\u00bbDescargar\u00bb style=\u00bboutline\u00bb link=\u00bburl:https%3A%2F%2Fwww.manabi.gob.ec%2Fwp-content%2Fuploads%2F2025%2F01%2F7_GADPM-PREM-2025-013-RES_Declaratoria_Bolivar_Idilia-Ramona-Auxilia-Loor-Vergara.pdf|||\u00bb css=\u00bb.vc_custom_1736542359602{margin-bottom: 20px !important;}\u00bb]<img alt=\"\" \/><img alt=\"\" \/>Resoluci\u00f3n Administrativa <strong>N\u00b0 GADPM-PREM-2025-013-RES <\/strong>Declarar de utilidad p\u00fablica y de inter\u00e9s social, con fines de expropiaci\u00f3n parcial y de ocupaci\u00f3n inmediata a favor del Gobierno Aut\u00f3nomo Descentralizado Provincial de Manab\u00ed, el predio con clave catastral No. 130252510201044000, de propiedad de la se\u00f1ora Idilia Ramona Auxilia Loor Vergara.[\/gsf_call_to_action][gsf_call_to_action title=\u00bbDescargar\u00bb style=\u00bboutline\u00bb link=\u00bburl:https%3A%2F%2Fwww.manabi.gob.ec%2Fwp-content%2Fuploads%2F2025%2F01%2F8_GADPM-PREM-2025-014-RES_Declaratoria_Bolivar_Mirian-Aracely-Pita-Parraga.pdf|||\u00bb css=\u00bb.vc_custom_1736542424394{margin-bottom: 20px !important;}\u00bb]<img alt=\"\" \/><img alt=\"\" \/>Resoluci\u00f3n Administrativa <strong>N\u00b0 GADPM-PREM-2025-014-RES <\/strong>Declarar de utilidad p\u00fablica y de inter\u00e9s social, con fines de expropiaci\u00f3n parcial y de ocupaci\u00f3n inmediata a favor del Gobierno Aut\u00f3nomo Descentralizado Provincial de Manab\u00ed, el predio con clave catastral No. 130252510201392000, de propiedad de la se\u00f1ora Mirian Aracely Pita P\u00e1rraga.[\/gsf_call_to_action][gsf_call_to_action title=\u00bbDescargar\u00bb style=\u00bboutline\u00bb link=\u00bburl:https%3A%2F%2Fwww.manabi.gob.ec%2Fwp-content%2Fuploads%2F2025%2F01%2F9_GADPM-PREM-2025-015-RES_Declaratoria_Bolivar_Miriam-Aracely-Pita-Parraga.pdf|||\u00bb css=\u00bb.vc_custom_1736542496916{margin-bottom: 20px !important;}\u00bb]<img alt=\"\" \/><img alt=\"\" \/>Resoluci\u00f3n Administrativa <strong>N\u00b0 GADPM-PREM-2025-015-RES <\/strong>Declarar de utilidad p\u00fablica y de inter\u00e9s social, con fines de expropiaci\u00f3n parcial y de ocupaci\u00f3n inmediata a favor del Gobierno Aut\u00f3nomo Descentralizado Provincial de Manab\u00ed, el predio con clave catastral No. 130252510201601000, de propiedad de la se\u00f1ora Miriam Aracely Pita P\u00e1rraga.[\/gsf_call_to_action][gsf_call_to_action title=\u00bbDescargar\u00bb style=\u00bboutline\u00bb link=\u00bburl:https%3A%2F%2Fwww.manabi.gob.ec%2Fwp-content%2Fuploads%2F2025%2F01%2FGADPM-PREM-2025-032-RES_Res-DUP-Pita-Macias-Karen.pdf|||\u00bb css=\u00bb.vc_custom_1738078910106{margin-bottom: 20px !important;}\u00bb]<img alt=\"\" \/><img alt=\"\" \/>Resoluci\u00f3n Administrativa <strong>N\u00b0 GADPM-PREM-2025-032-RES\u00a0<\/strong>Declarar de utilidad p\u00fablica y de inter\u00e9s social, con fines de expropiaci\u00f3n parcial y de ocupaci\u00f3n inmediata a favor del Gobierno Aut\u00f3nomo Descentralizado Provincial de Manab\u00ed, el predio con clave catastral No. 130252510203017000, de propiedad de la se\u00f1ora Pita Mac\u00edas Karen Aracelys.[\/gsf_call_to_action][gsf_call_to_action title=\u00bbDescargar\u00bb style=\u00bboutline\u00bb link=\u00bburl:https%3A%2F%2Fwww.manabi.gob.ec%2Fwp-content%2Fuploads%2F2025%2F06%2F14_GADPM-PREM-2025-058-RES_Declaratoria-Rat_Bolivar_Idilia-Ramona-Loor-Vergara.pdf|||\u00bb css=\u00bb.vc_custom_1772032819700{margin-bottom: 20px !important;}\u00bb]<img alt=\"\" \/><img alt=\"\" \/>Resoluci\u00f3n<strong> No. GADPM-PREM-2025-058-RES <\/strong>Modificar en la Resoluci\u00f3n No. GADPM-PREM-2025-013-RES, de fecha <span id=\"OBJ_PREFIX_DWT5316_com_zimbra_date\" class=\"Object\" role=\"link\">09 de enero<\/span> de 2025, en sus art\u00edculos 1 y 4, el n\u00famero de c\u00e9dula de identidad de la se\u00f1ora Idilia Ramona Auxilia Loor Vergara, que consta como \u201c<span id=\"OBJ_PREFIX_DWT5317_com_zimbra_phone\" class=\"Object\" role=\"link\"><a href=\"callto:1305632348\">1305632348<\/a><\/span>\u201d, por el correcto que es el siguiente: \u201c<span id=\"OBJ_PREFIX_DWT5318_com_zimbra_phone\" class=\"Object\" role=\"link\"><a href=\"callto:1305632349\">1305632349<\/a><\/span>\u201d.[\/gsf_call_to_action][vc_text_separator title=\u00bbFebrero\u00bb color=\u00bbblack\u00bb css=\u00bb.vc_custom_1753374362844{margin-top: 25px !important;margin-bottom: 25px !important;}\u00bb][gsf_call_to_action title=\u00bbDescargar\u00bb style=\u00bboutline\u00bb link=\u00bburl:https%3A%2F%2Fwww.manabi.gob.ec%2Fwp-content%2Fuploads%2F2025%2F07%2F1.-RESOLUCION-No.-GADPM-PREM-2025-107-RES_DU-Snta-Ana_-Velez-Cevallos-Manuel-Maria.pdf|||\u00bb css=\u00bb.vc_custom_1772032850886{margin-bottom: 20px !important;}\u00bb]<img alt=\"\" \/><img alt=\"\" \/><span lang=\"ES-TRAD\">Resoluci\u00f3n<\/span><strong><b><span lang=\"ES-TRAD\">\u00a0No. GADPM-PREM-2025-107-RES\u00a0<\/span><\/b><\/strong> <span lang=\"ES-TRAD\">Declarar de utilidad p\u00fablica y de inter\u00e9s social, a favor del Gobierno Aut\u00f3nomo Descentralizado Provincial de Manab\u00ed, el predio con clave catastral No. 131355510801111000, propiedad del se\u00f1or V\u00e9lez Cevallos Manuel <span id=\"OBJ_PREFIX_DWT1856_com_zimbra_date\" class=\"Object\" role=\"link\">Mar<\/span>\u00eda<\/span>.[\/gsf_call_to_action][gsf_call_to_action title=\u00bbDescargar\u00bb style=\u00bboutline\u00bb link=\u00bburl:https%3A%2F%2Fwww.manabi.gob.ec%2Fwp-content%2Fuploads%2F2025%2F07%2F2.-RESOLUCION-No.-GADPM-PREM-2025-108-RES_DU-Snta-Ana_Velez-Cevallos-Nelly-Mary.pdf|||\u00bb css=\u00bb.vc_custom_1772032867261{margin-bottom: 20px !important;}\u00bb]<img alt=\"\" \/><img alt=\"\" \/><span lang=\"ES-TRAD\">Resoluci\u00f3n<\/span><strong><b><span lang=\"ES-TRAD\"> No. GADPM-PREM-2025-108-RES\u00a0<\/span><\/b><\/strong> <span lang=\"ES-TRAD\">Declarar de utilidad p\u00fablica y de inter\u00e9s social, a favor del Gobierno Aut\u00f3nomo Descentralizado Provincial de Manab\u00ed, el predio con Clave Catastral No. 131355510801117000, propiedad de V\u00e9lez Cevallos Nelly Mary<\/span>.[\/gsf_call_to_action][gsf_call_to_action title=\u00bbDescargar\u00bb style=\u00bboutline\u00bb link=\u00bburl:https%3A%2F%2Fwww.manabi.gob.ec%2Fwp-content%2Fuploads%2F2025%2F07%2F3.-RESOLUCION-No.-GADPM-PREM-2025-109-RES_DU-Snta-Ana_-Zambrano-Cevallos-Alfonso-Bolivar-Copy.pdf|||\u00bb css=\u00bb.vc_custom_1772032887197{margin-bottom: 20px !important;}\u00bb]<img alt=\"\" \/><img alt=\"\" \/><span lang=\"ES-TRAD\">Resoluci\u00f3n<\/span><strong><b><span lang=\"ES-TRAD\"> No. GADPM-PREM-2025-109-RES\u00a0<\/span><\/b><\/strong> <span lang=\"ES-TRAD\">Declarar de utilidad p\u00fablica y de inter\u00e9s social, a favor del Gobierno Aut\u00f3nomo Descentralizado Provincial de Manab\u00ed, el predio con clave catastral No. 131355510801114000, propiedad de Zambrano Cevallos Alfonso Bol\u00edvar<\/span>.[\/gsf_call_to_action][gsf_call_to_action title=\u00bbDescargar\u00bb style=\u00bboutline\u00bb link=\u00bburl:https%3A%2F%2Fwww.manabi.gob.ec%2Fwp-content%2Fuploads%2F2025%2F07%2F4.-RESOLUCION-No.-GADPM-PREM-2025-110-RES_DU-Snta-Ana_-Zambrano-Cevallos-Ider-Arquimides-Copy.pdf|||\u00bb css=\u00bb.vc_custom_1772032906516{margin-bottom: 20px !important;}\u00bb]<img alt=\"\" \/><img alt=\"\" \/><span lang=\"ES-TRAD\">Resoluci\u00f3n<\/span><strong><b><span lang=\"ES-TRAD\">\u00a0No. GADPM-PREM-2025-110-RES\u00a0<\/span><\/b><\/strong> <span lang=\"ES-TRAD\">Declarar de utilidad p\u00fablica y de inter\u00e9s social, a favor del Gobierno Aut\u00f3nomo Descentralizado Provincial de Manab\u00ed, el predio con Clave Catastral No. 131355510801119000, propiedad de Zambrano Cevallos Ider Arqu\u00edmedes<\/span>.[\/gsf_call_to_action][gsf_call_to_action title=\u00bbDescargar\u00bb style=\u00bboutline\u00bb link=\u00bburl:https%3A%2F%2Fwww.manabi.gob.ec%2Fwp-content%2Fuploads%2F2025%2F07%2F6.-RESOLUCION-No.-GADPM-PREM-2025-111-RES_DU-Snta-Ana_-Moreira-Vera-Enrique-Alfonso.pdf|||\u00bb css=\u00bb.vc_custom_1772032928995{margin-bottom: 20px !important;}\u00bb]<img alt=\"\" \/><img alt=\"\" \/><span lang=\"ES-TRAD\">Resoluci\u00f3n<\/span><strong><b><span lang=\"ES-TRAD\"> No. GADPM-PREM-2025-111-RES\u00a0<\/span><\/b><\/strong> <span lang=\"ES-TRAD\">Declarar de utilidad p\u00fablica y de inter\u00e9s social, a favor del Gobierno Aut\u00f3nomo Descentralizado Provincial de Manab\u00ed, el predio con Clave Catastral No. 131355510801086000, propiedad del se\u00f1or Moreira Vera Enrique Alfonso<\/span>.[\/gsf_call_to_action][gsf_call_to_action title=\u00bbDescargar\u00bb style=\u00bboutline\u00bb link=\u00bburl:https%3A%2F%2Fwww.manabi.gob.ec%2Fwp-content%2Fuploads%2F2025%2F07%2F7.-RESOLUCION-No.-GADPM-PREM-2025-114-RES_DU-Snta-Ana_Mera-Moreira-Juana-Del-Pilar.pdf|||\u00bb css=\u00bb.vc_custom_1772032950381{margin-bottom: 20px !important;}\u00bb]<img alt=\"\" \/><img alt=\"\" \/><span lang=\"ES-TRAD\">Resoluci\u00f3n<\/span><strong><b><span lang=\"ES-TRAD\">\u00a0No. GADPM-PREM-2025-114-RES\u00a0<\/span><\/b><\/strong> <span lang=\"ES-TRAD\">Declarar de utilidad p\u00fablica y de inter\u00e9s social, con fines de expropiaci\u00f3n parcial y ocupaci\u00f3n inmediata a favor del Gobierno Aut\u00f3nomo Descentralizado Provincial de Manab\u00ed, el predio con clave catastral No. 131355510801027000, propiedad de la se\u00f1ora Mera Moreira Juana Del Pilar<\/span>.[\/gsf_call_to_action][vc_text_separator title=\u00bbMarzo\u00bb color=\u00bbblack\u00bb css=\u00bb.vc_custom_1750363852986{margin-top: 25px !important;margin-bottom: 25px !important;}\u00bb][gsf_call_to_action title=\u00bbDescargar\u00bb style=\u00bboutline\u00bb link=\u00bburl:https%3A%2F%2Fwww.manabi.gob.ec%2Fwp-content%2Fuploads%2F2025%2F06%2F20_-GADPM-PREM-2025-205-RESDeclaratoria-Bolivar-Solorzano-Rengifo-Teresa-Ildaura.pdf|||\u00bb css=\u00bb.vc_custom_1772032981923{margin-bottom: 20px !important;}\u00bb]<img alt=\"\" \/><img alt=\"\" \/>Resoluci\u00f3n<strong>\u00a0No. GADPM-PREM-2025-205-RES <\/strong>Declarar de utilidad p\u00fablica y de inter\u00e9s social, con fines de expropiaci\u00f3n parcial y de ocupaci\u00f3n inmediata a favor del Gobierno Aut\u00f3nomo Descentralizado Provincial de Manab\u00ed, el predio con clave catastral No. 130252510201642000, de propiedad de la se\u00f1ora Sol\u00f3rzano Rengifo Teresa Ildaura.[\/gsf_call_to_action][gsf_call_to_action title=\u00bbDescargar\u00bb style=\u00bboutline\u00bb link=\u00bburl:https%3A%2F%2Fwww.manabi.gob.ec%2Fwp-content%2Fuploads%2F2025%2F06%2F22_GADPM-PREM-2025-210-RES_Declaratoria_Bolivar-Munoz-Loor-Marcos-Israel.pdf|||\u00bb css=\u00bb.vc_custom_1772032996548{margin-bottom: 20px !important;}\u00bb]<img alt=\"\" \/><img alt=\"\" \/>Resoluci\u00f3n<strong> No. GADPM-PREM-2025-210-RES <\/strong>Declarar de utilidad p\u00fablica y de inter\u00e9s social, con fines de expropiaci\u00f3n parcial y de ocupaci\u00f3n inmediata a favor del Gobierno Aut\u00f3nomo Descentralizado Provincial de Manab\u00ed, el predio con clave catastral No. 130252510202127000, de propiedad de los presuntos herederos del se\u00f1or Mu\u00f1oz Loor Marcos Israel.[\/gsf_call_to_action][vc_text_separator title=\u00bbAbril\u00bb color=\u00bbblack\u00bb css=\u00bb.vc_custom_1750363869056{margin-top: 25px !important;margin-bottom: 25px !important;}\u00bb][gsf_call_to_action title=\u00bbDescargar\u00bb style=\u00bboutline\u00bb link=\u00bburl:https%3A%2F%2Fwww.manabi.gob.ec%2Fwp-content%2Fuploads%2F2025%2F06%2F17_GADPM-PREM-2025-284-RES_Declaratoria_Bolivar_Pita-Macias-Karen-Aracelys-Nueva.pdf|||\u00bb css=\u00bb.vc_custom_1772033026088{margin-bottom: 20px !important;}\u00bb]<img alt=\"\" \/><img alt=\"\" \/>Resoluci\u00f3n<strong> No. GADPM-PREM-2025-284-RES <\/strong>Declarar de utilidad p\u00fablica y de inter\u00e9s social, con fines de expropiaci\u00f3n parcial y de ocupaci\u00f3n inmediata a favor del Gobierno Aut\u00f3nomo Descentralizado Provincial de Manab\u00ed, el predio con clave catastral No. 130252510203017000, de propiedad de la se\u00f1ora Pita Mac\u00edas Karen Aracelys.[\/gsf_call_to_action][gsf_call_to_action title=\u00bbDescargar\u00bb style=\u00bboutline\u00bb link=\u00bburl:https%3A%2F%2Fwww.manabi.gob.ec%2Fwp-content%2Fuploads%2F2025%2F06%2F18_GADPM-PREM-2025-295-RES_Declaratoria_Bolivar_-Zambrano-Solorzano-Eduardo-Ramon.pdf|||\u00bb css=\u00bb.vc_custom_1772033041804{margin-bottom: 20px !important;}\u00bb]<img alt=\"\" \/><img alt=\"\" \/>Resoluci\u00f3n<strong> No. GADPM-PREM-2025-295-RES <\/strong>Declarar de utilidad p\u00fablica y de inter\u00e9s social, con fines de expropiaci\u00f3n parcial y de ocupaci\u00f3n inmediata a favor del Gobierno Aut\u00f3nomo Descentralizado Provincial de Manab\u00ed, el predio con clave catastral No. 130252510201011000, de propiedad del se\u00f1or Ram\u00f3n Eduardo Zambrano Sol\u00f3rzano.[\/gsf_call_to_action][vc_text_separator title=\u00bbMayo\u00bb color=\u00bbblack\u00bb css=\u00bb.vc_custom_1750363879560{margin-top: 25px !important;margin-bottom: 25px !important;}\u00bb][gsf_call_to_action title=\u00bbDescargar\u00bb style=\u00bboutline\u00bb link=\u00bburl:https%3A%2F%2Fwww.manabi.gob.ec%2Fwp-content%2Fuploads%2F2025%2F06%2F21_GADPM-PREM-2025-321-RES_Declaratoria_Bolivar_-MONTES-ESCOBAR-AGUSTIN-ANTONIO.pdf|||\u00bb css=\u00bb.vc_custom_1772033068899{margin-bottom: 20px !important;}\u00bb]<img alt=\"\" \/><img alt=\"\" \/>Resoluci\u00f3<strong>n No. GADPM-PREM-2025-321-RES <\/strong>Declarar de utilidad p\u00fablica y de inter\u00e9s social, con fines de expropiaci\u00f3n parcial y de ocupaci\u00f3n inmediata a favor del Gobierno Aut\u00f3nomo Descentralizado Provincial de Manab\u00ed, el predio con clave catastral No. 130252510201142000 del se\u00f1or Montes Escobar Agust\u00edn Antonio.[\/gsf_call_to_action][gsf_call_to_action title=\u00bbDescargar\u00bb style=\u00bboutline\u00bb link=\u00bburl:https%3A%2F%2Fwww.manabi.gob.ec%2Fwp-content%2Fuploads%2F2025%2F06%2F3_GADPM-PREM-2025-345-RES_Declaratoria_Bolivar_Murillo-Parraga-Jesus.pdf|||\u00bb css=\u00bb.vc_custom_1772033086084{margin-bottom: 20px !important;}\u00bb]<img alt=\"\" \/><img alt=\"\" \/><\/p>\n<div>Resoluci\u00f3n<strong> No. GADPM-PREM-2025-345-RES <\/strong>Declarar de utilidad p\u00fablica y de inter\u00e9s social, con fines de expropiaci\u00f3n parcial y de ocupaci\u00f3n inmediata a favor del Gobierno Aut\u00f3nomo Descentralizado Provincial de Manab\u00ed, el predio con clave catastral No. 13025251020205000, del se\u00f1or MURILLO P\u00c1RRAGA JES\u00daS JUAN.<\/div>\n<div><\/div>\n<p>[\/gsf_call_to_action][vc_text_separator title=\u00bbJunio\u00bb color=\u00bbblack\u00bb css=\u00bb.vc_custom_1753376116334{margin-top: 25px !important;margin-bottom: 25px !important;}\u00bb][gsf_call_to_action title=\u00bbDescargar\u00bb style=\u00bboutline\u00bb link=\u00bburl:https%3A%2F%2Fwww.manabi.gob.ec%2Fwp-content%2Fuploads%2F2025%2F07%2F8.-RESOLUCION-No.-GADPM-PREM-2025-411-RES_DU-Snta-Ana_-VERA-ADELAIDA-LUCIA.pdf|||\u00bb css=\u00bb.vc_custom_1772033118194{margin-bottom: 20px !important;}\u00bb]<img alt=\"\" \/><img alt=\"\" \/><span lang=\"ES-TRAD\">Resoluci\u00f3n<\/span><strong><b><span lang=\"ES-TRAD\"> No. GADPM-PREM-2025-411-RES\u00a0<\/span><\/b><\/strong> <span lang=\"ES-TRAD\">Declarar de utilidad p\u00fablica y de inter\u00e9s social, con fines de expropiaci\u00f3n parcial y de ocupaci\u00f3n inmediata a favor del Gobierno Aut\u00f3nomo Descentralizado Provincial de Manab\u00ed, el predio con clave catastral No. 131355510801026000, <\/span><span lang=\"ES-TRAD\">de propiedad de Vera Adelaida Luc\u00eda<\/span>.[\/gsf_call_to_action][gsf_call_to_action title=\u00bbDescargar\u00bb style=\u00bboutline\u00bb link=\u00bburl:https%3A%2F%2Fwww.manabi.gob.ec%2Fwp-content%2Fuploads%2F2025%2F07%2F9.-RESOLUCION-No.-GADPM-PREM-2025-412-RES_DU-Snta-Ana_-Aviles-Pisfil-Alberto-Alfonzo.pdf|||\u00bb css=\u00bb.vc_custom_1772033133004{margin-bottom: 20px !important;}\u00bb]<img alt=\"\" \/><img alt=\"\" \/><span lang=\"ES-TRAD\">Resoluci\u00f3n<\/span><strong><b><span lang=\"ES-TRAD\"> No. GADPM-PREM-2025-412-RES\u00a0<\/span><\/b><\/strong> <span lang=\"ES-TRAD\">Declarar de utilidad p\u00fablica y de inter\u00e9s social, con fines de expropiaci\u00f3n parcial y de ocupaci\u00f3n inmediata a favor del Gobierno Aut\u00f3nomo Descentralizado Provincial de Manab\u00ed, el predio con clave catastral No. 131355510901002000, propiedad del se\u00f1or Avil\u00e9s Pisfil Alberto Alfonzo<\/span>.[\/gsf_call_to_action][gsf_call_to_action title=\u00bbDescargar\u00bb style=\u00bboutline\u00bb link=\u00bburl:https%3A%2F%2Fwww.manabi.gob.ec%2Fwp-content%2Fuploads%2F2025%2F07%2F11.-RESOLUCION-No.-GADPM-PREM-2025-419-RES_DU-Snta-A_-Jose-Baldomero-Aviles-Vera-Angela-Marisol-Zambrano-Macias.pdf|||\u00bb css=\u00bb.vc_custom_1772033147068{margin-bottom: 20px !important;}\u00bb]<img alt=\"\" \/><img alt=\"\" \/><span lang=\"ES-TRAD\">Resoluci\u00f3n<\/span><strong><b><span lang=\"ES-TRAD\"> No. GADPM-PREM-2025-419-RES\u00a0<\/span><\/b><\/strong> <span lang=\"ES-TRAD\">Declarar de utilidad p\u00fablica y de inter\u00e9s social, con fines de expropiaci\u00f3n parcial y de ocupaci\u00f3n inmediata a favor del Gobierno Aut\u00f3nomo Descentralizado Provincial de Manab\u00ed, el predio con clave catastral No. 131355510901062000, de propiedad de Jos\u00e9 Baldomero Avil\u00e9s Vera<\/span>.[\/gsf_call_to_action][gsf_call_to_action title=\u00bbDescargar\u00bb style=\u00bboutline\u00bb link=\u00bburl:https%3A%2F%2Fwww.manabi.gob.ec%2Fwp-content%2Fuploads%2F2025%2F07%2F14.-RESOLUCION-No.-GADPM-PREM-2025-439-RES_DU-SA-Sergio-Wilton-Solorzano-Moreira-Marcelo-Javier-Solorzano-Alava.pdf|||\u00bb css=\u00bb.vc_custom_1772033338864{margin-bottom: 20px !important;}\u00bb]<img alt=\"\" \/><img alt=\"\" \/><span lang=\"ES-TRAD\">Resoluci\u00f3n<\/span><strong><b><span lang=\"ES-TRAD\"> No. GADPM-PREM-2025-439-RES <\/span><\/b><\/strong><span lang=\"ES-TRAD\">Declarar de utilidad p\u00fablica y de inter\u00e9s social, con fines de expropiaci\u00f3n parcial y de ocupaci\u00f3n inmediata a favor del Gobierno Aut\u00f3nomo Descentralizado Provincial de Manab\u00ed, el predio con clave catastral No. 131355510501057000, de propiedad de Sergio Wilton Sol\u00f3rzano Moreira.<\/span>[\/gsf_call_to_action][gsf_call_to_action title=\u00bbDescargar\u00bb style=\u00bboutline\u00bb link=\u00bburl:https%3A%2F%2Fwww.manabi.gob.ec%2Fwp-content%2Fuploads%2F2025%2F07%2F13.-RESOLUCION-No.-GADPM-PREM-2025-453-RES_DU-Santa-Ana_Vega-Burgos-Emma-Margarita.pdf|||\u00bb css=\u00bb.vc_custom_1772033177700{margin-bottom: 20px !important;}\u00bb]<img alt=\"\" \/><img alt=\"\" \/><span lang=\"ES-TRAD\">Resoluci\u00f3n<\/span><strong><b><span lang=\"ES-TRAD\"> No. GADPM-PREM-2025-453-RES\u00a0<\/span><\/b><\/strong><span lang=\"ES-TRAD\"> Declarar de utilidad p\u00fablica y de inter\u00e9s social, con fines de expropiaci\u00f3n parcial y de ocupaci\u00f3n inmediata a favor del Gobierno Aut\u00f3nomo Descentralizado Provincial de Manab\u00ed, el predio con clave catastral No. 131355510401013000, propiedad Vega Burgos Emma Margarita.<\/span>[\/gsf_call_to_action][vc_text_separator title=\u00bbJulio\u00bb color=\u00bbblack\u00bb css=\u00bb.vc_custom_1753377305776{margin-top: 25px !important;margin-bottom: 25px !important;}\u00bb][gsf_call_to_action title=\u00bbDescargar\u00bb style=\u00bboutline\u00bb link=\u00bburl:https%3A%2F%2Fwww.manabi.gob.ec%2Fwp-content%2Fuploads%2F2025%2F07%2F10.-RESOLUCION-No.-GADPM-PREM-2025-502-RES_DU-Snta-Ana_Aviles-Pisfil-Angel-Miguel.pdf|||\u00bb css=\u00bb.vc_custom_1772033217411{margin-bottom: 20px !important;}\u00bb]<img alt=\"\" \/><img alt=\"\" \/><span lang=\"ES-TRAD\">Resoluci\u00f3n<\/span><strong><b><span lang=\"ES-TRAD\"> No. GADPM-PREM-2025-502-RES\u00a0<\/span><\/b><\/strong><span lang=\"ES-TRAD\"> <b>.- <\/b>Declarar de utilidad p\u00fablica y de inter\u00e9s social, con fines de expropiaci\u00f3n parcial y de ocupaci\u00f3n inmediata a favor del Gobierno Aut\u00f3nomo Descentralizado Provincial de Manab\u00ed, el predio con clave catastral No. 131355510901001000 propiedad de \u00c1ngel Miguel Avil\u00e9s Pisfil.<\/span>[\/gsf_call_to_action][gsf_call_to_action title=\u00bbDescargar\u00bb style=\u00bboutline\u00bb link=\u00bburl:https%3A%2F%2Fwww.manabi.gob.ec%2Fwp-content%2Fuploads%2F2025%2F07%2F5.-RESOLUCION-No.-GADPM-PREM-2025-508-RES_DU-Snta-Ana_-Zambrano-Cevallos-Betty-Amacilia.pdf|||\u00bb css=\u00bb.vc_custom_1772033333229{margin-bottom: 20px !important;}\u00bb]<img alt=\"\" \/><img alt=\"\" \/><span lang=\"ES-TRAD\">Resoluci\u00f3n<\/span><strong><b><span lang=\"ES-TRAD\"> No. GADPM-PREM-2025-508-RES\u00a0<\/span><\/b><\/strong><span lang=\"ES-TRAD\"> <b>.- <\/b> <span lang=\"ES\">Declarar de utilidad p\u00fablica y de inter\u00e9s social, con fines de expropiaci\u00f3n parcial y de ocupaci\u00f3n inmediata a favor del Gobierno Aut\u00f3nomo Descentralizado Provincial de Manab\u00ed, el predio con clave catastral No. 131355510801132000 propiedad de Betty Amacilia Zambrano Cevallos.<\/span> <\/span>[\/gsf_call_to_action][gsf_call_to_action title=\u00bbDescargar\u00bb style=\u00bboutline\u00bb link=\u00bburl:https%3A%2F%2Fwww.manabi.gob.ec%2Fwp-content%2Fuploads%2F2025%2F07%2F12.-RESOLUCION-No.-GADPM-PREM-2025-511-RES_DU-Snta-Ana_-MAcias-Villegas-Ubanilda-Victoria.pdf|||\u00bb css=\u00bb.vc_custom_1772033365857{margin-bottom: 20px !important;}\u00bb]<img alt=\"\" \/><img alt=\"\" \/><span lang=\"ES-TRAD\">Resoluci\u00f3n<\/span><strong><b><span lang=\"ES-TRAD\"> No. GADPM-PREM-2025-511-RES\u00a0<\/span><\/b><\/strong><span lang=\"ES-TRAD\"> <b>.- <\/b> <span lang=\"ES\">Declarar de utilidad p\u00fablica y de inter\u00e9s social, con fines de expropiaci\u00f3n parcial y de ocupaci\u00f3n inmediata a favor del Gobierno Aut\u00f3nomo Descentralizado Provincial de Manab\u00ed, el predio con clave catastral No. 131355510901052000 de la presunta propiedad de Ubanilda Victoria Mac\u00edas Villegas.<\/span><\/span>[\/gsf_call_to_action][vc_text_separator title=\u00bbAgosto\u00bb color=\u00bbblack\u00bb css=\u00bb.vc_custom_1755810526224{margin-top: 25px !important;margin-bottom: 25px !important;}\u00bb][gsf_call_to_action title=\u00bbDescargar\u00bb style=\u00bboutline\u00bb link=\u00bburl:https%3A%2F%2Fwww.manabi.gob.ec%2Fwp-content%2Fuploads%2F2025%2F08%2F32_Resolucion-No.-GADPM-PREM-2025-612-RES.pdf|||\u00bb css=\u00bb.vc_custom_1772033420028{margin-bottom: 20px !important;}\u00bb]<img alt=\"\" \/><img alt=\"\" \/><span lang=\"ES-TRAD\">Resoluci\u00f3n<\/span><strong><b><span lang=\"ES-TRAD\"> No. GADPM-PREM-2025-612-RES\u00a0<\/span><\/b><\/strong><span lang=\"ES-TRAD\"> Dejar sin efecto la declaratoria de utilidad p\u00fablica un bien inmueble ubicado en el sector El Corozo afectado por el proyecto \u201cCONSTRUCCI\u00d3N DE LA PRIMERA Y SEGUNDA FASE DE UN SISTEMA DE RIEGO Y DRENAJE TECNIFICADO A NIVEL DE PARCELAS EN LA COMUNIDAD LOS TINTALES DE LA PARROQUIA RIOCHICO DEL CANT\u00d3N PORTOVIEJO\u201d <\/span>[\/gsf_call_to_action][\/vc_tta_section][vc_tta_section title=\u00bb2024&#8243; tab_id=\u00bb1736538915996-a33dede0-abd1&#8243;][vc_text_separator title=\u00bbNoviembre\u00bb color=\u00bbblack\u00bb css=\u00bb.vc_custom_1732118262647{margin-top: 25px !important;margin-bottom: 25px !important;}\u00bb][gsf_call_to_action title=\u00bbDescargar\u00bb style=\u00bboutline\u00bb link=\u00bburl:https%3A%2F%2Fwww.manabi.gob.ec%2Fwp-content%2Fuploads%2F2024%2F11%2FRES-No.-GADPM-PREM-2024-782-RES-signed.pdf|||\u00bb css=\u00bb.vc_custom_1732292118931{margin-bottom: 20px !important;}\u00bb]Resoluci\u00f3n Administrativa\u00a0<strong>No. GADPM-PREM-2024-782-RES\u00a0<\/strong> Declaratoria de utilidad p\u00fablica de los predios del cant\u00f3n Portoviejo del proyecto para la construcci\u00f3n de la v\u00eda Col\u00f3n-Quimis ubicado en los cantones Portoviejo y Jipijapa, de la provincia de Manab\u00ed.[\/gsf_call_to_action][gsf_call_to_action title=\u00bbDescargar\u00bb style=\u00bboutline\u00bb link=\u00bburl:https%3A%2F%2Fwww.manabi.gob.ec%2Fwp-content%2Fuploads%2F2024%2F11%2FResAdm_No.-GADPM-PREM-2024-795-RES_Res-DUP-Velez-Zamora-Bertha.pdf|||\u00bb css=\u00bb.vc_custom_1732118492810{margin-bottom: 20px !important;}\u00bb]Resoluci\u00f3n Administrativa\u00a0<strong>No. <b><span lang=\"ES-TRAD\">GADPM-PREM-2024-795-RES<\/span><\/b>\u00a0<\/strong> <span lang=\"ES-TRAD\">Declarar de utilidad p\u00fablica y de inter\u00e9s social, con fines de expropiaci\u00f3n parcial y de ocupaci\u00f3n inmediata a favor del Gobierno Aut\u00f3nomo Descentralizado Provincial de Manab\u00ed, el predio con clave catastral No. 3100008, de presunta posesionaria de la se\u00f1ora V\u00e9lez Zamora Bertha Doraliza<\/span>[\/gsf_call_to_action][gsf_call_to_action title=\u00bbDescargar\u00bb style=\u00bboutline\u00bb link=\u00bburl:https%3A%2F%2Fwww.manabi.gob.ec%2Fwp-content%2Fuploads%2F2024%2F11%2FRes-DUP-Zambrano-Macias-Eddy_RevFinal-signed.pdf|||\u00bb css=\u00bb.vc_custom_1732139700939{margin-bottom: 20px !important;}\u00bb]Resoluci\u00f3n Administrativa\u00a0<strong>No. <b><span lang=\"ES-TRAD\">GADPM-PREM-2024-799-RES<\/span><\/b>\u00a0<\/strong> Declarar de utilidad p\u00fablica y de inter\u00e9s social, con fines de expropiaci\u00f3n parcial y de ocupaci\u00f3n inmediata a favor del Gobierno Aut\u00f3nomo Descentralizado Provincial de Manab\u00ed, el predio con clave catastral No. 03100016, de presunto posesionario del se\u00f1or ZAMBRANO MACIAS EDDY WALTER[\/gsf_call_to_action][gsf_call_to_action title=\u00bbDescargar\u00bb style=\u00bboutline\u00bb link=\u00bburl:https%3A%2F%2Fwww.manabi.gob.ec%2Fwp-content%2Fuploads%2F2024%2F11%2FRES-No.-GADPM-PREM-2024-800-RES-signed.pdf|||\u00bb css=\u00bb.vc_custom_1732195976024{margin-bottom: 20px !important;}\u00bb]Resoluci\u00f3n Administrativa\u00a0<strong>No. <b><span lang=\"ES-TRAD\">GADPM-PREM-2024-800-RES<\/span><\/b>\u00a0<\/strong> Declarar de utilidad p\u00fablica y de inter\u00e9s social, con fines de expropiaci\u00f3n parcial y de ocupaci\u00f3n inmediata a favor del Gobierno Aut\u00f3nomo Descentralizado Provincial de Manab\u00ed, el predio con clave catastral No. 03180026, de propiedad del se\u00f1or Mac\u00edas \u00c1lava Jacinto Hip\u00f3lito[\/gsf_call_to_action][gsf_call_to_action title=\u00bbDescargar\u00bb style=\u00bboutline\u00bb link=\u00bburl:https%3A%2F%2Fwww.manabi.gob.ec%2Fwp-content%2Fuploads%2F2024%2F11%2FResAdm_No.-GADPM-PREM-2024-801-RES_Res-DUP-Moreira-Saltos-Elen.pdf|||\u00bb css=\u00bb.vc_custom_1732291968721{margin-bottom: 20px !important;}\u00bb]Resoluci\u00f3n Administrativa\u00a0<strong>No. <b><span lang=\"ES-TRAD\">GADPM-PREM-2024-801-RES <\/span><\/b><\/strong><span lang=\"ES-TRAD\">Declarar de utilidad p\u00fablica y de inter\u00e9s social, con fines de expropiaci\u00f3n parcial y de ocupaci\u00f3n inmediata a favor del Gobierno Aut\u00f3nomo Descentralizado Provincial de Manab\u00ed, el predio con clave catastral No. 03100006, de propiedad de la <\/span><span lang=\"ES-TRAD\">se\u00f1ora MOREIRA SALTOS ELENA AUXILIADORA.<\/span>[\/gsf_call_to_action][gsf_call_to_action title=\u00bbDescargar\u00bb style=\u00bboutline\u00bb link=\u00bburl:https%3A%2F%2Fwww.manabi.gob.ec%2Fwp-content%2Fuploads%2F2024%2F11%2F8_RES-No.-GADPM-PREM-2024-804-RES-signed.pdf|||\u00bb css=\u00bb.vc_custom_1732301700987{margin-bottom: 20px !important;}\u00bb]Resoluci\u00f3n Administrativa\u00a0<strong>No. <b><span lang=\"ES-TRAD\">GADPM-PREM-2024-804-RES<\/span><\/b>\u00a0<\/strong> <span lang=\"ES-TRAD\">Declarar de utilidad p\u00fablica y de inter\u00e9s social, con fines de expropiaci\u00f3n parcial y de ocupaci\u00f3n inmediata a favor del Gobierno Aut\u00f3nomo Descentralizado Provincial de Manab\u00ed, el predio con clave catastral No. 03180011, de propiedad de Vinces Arteaga <span id=\"OBJ_PREFIX_DWT5313_com_zimbra_date\" class=\"Object\" role=\"link\"><span id=\"OBJ_PREFIX_DWT5315_com_zimbra_date\" class=\"Object\" role=\"link\">Mar<\/span><\/span>\u00eda Martina.<\/span>[\/gsf_call_to_action][gsf_call_to_action title=\u00bbDescargar\u00bb style=\u00bboutline\u00bb link=\u00bburl:https%3A%2F%2Fwww.manabi.gob.ec%2Fwp-content%2Fuploads%2F2024%2F11%2FGADPM-PREM-2024-810-RES_Res-DUP-Alava-Vera-Braulio.pdf|||\u00bb css=\u00bb.vc_custom_1732302067541{margin-bottom: 20px !important;}\u00bb]Resoluci\u00f3n Administrativa\u00a0<strong>No. <b><span lang=\"ES-TRAD\">GADPM-PREM-2024-810-RES<\/span><\/b>\u00a0<\/strong> <span lang=\"ES-TRAD\">Declarar de utilidad p\u00fablica y de inter\u00e9s social, con fines de expropiaci\u00f3n parcial y de ocupaci\u00f3n inmediata a favor del Gobierno Aut\u00f3nomo Descentralizado Provincial de Manab\u00ed, el predio con clave catastral No. 3180009, de propiedad del se\u00f1or \u00c1LAVA VERA BRAULIO EDULFO.<\/span>[\/gsf_call_to_action][gsf_call_to_action title=\u00bbDescargar\u00bb style=\u00bboutline\u00bb link=\u00bburl:https%3A%2F%2Fwww.manabi.gob.ec%2Fwp-content%2Fuploads%2F2024%2F11%2FResAdm_No.-GADPM-PREM-2024-821-RES-Res-DUP.pdf|||\u00bb css=\u00bb.vc_custom_1732640538915{margin-bottom: 20px !important;}\u00bb]Resoluci\u00f3n Administrativa\u00a0<strong>No. <b><span lang=\"ES-TRAD\">GADPM-PREM-2024-821-RES<\/span><\/b>\u00a0<\/strong> Declarar de utilidad p\u00fablica y de inter\u00e9s social, con fines de expropiaci\u00f3n parcial y de ocupaci\u00f3n inmediata a favor del Gobierno Aut\u00f3nomo Descentralizado Provincial de Manab\u00ed, el predio con clave catastral No. 03180012, propiedad del se\u00f1or Zamora Bermello Corinto Carlin[\/gsf_call_to_action][gsf_call_to_action title=\u00bbDescargar\u00bb style=\u00bboutline\u00bb link=\u00bburl:https%3A%2F%2Fwww.manabi.gob.ec%2Fwp-content%2Fuploads%2F2024%2F11%2F34_ResAdm_No.-GADPM-PREM-2024-822-RESRes-DUP-Guadamud-Bravo-Jose-Mariano-signed.pdf|||\u00bb css=\u00bb.vc_custom_1732808659324{margin-bottom: 20px !important;}\u00bb]Resoluci\u00f3n Administrativa\u00a0<strong>No. <b><span lang=\"ES-TRAD\">GADPM-PREM-2024-822-RES<\/span><\/b>\u00a0<\/strong> Declarar de utilidad p\u00fablica y de inter\u00e9s social, con fines de expropiaci\u00f3n parcial y de ocupaci\u00f3n inmediata a favor del Gobierno Aut\u00f3nomo Descentralizado Provincial de Manab\u00ed, el predio con clave catastral No. 03180025, de presunto posesionario Guadamud Bravo Jos\u00e9 Mariano[\/gsf_call_to_action][vc_text_separator title=\u00bbDiciembre\u00bb color=\u00bbblack\u00bb css=\u00bb.vc_custom_1733416737719{margin-top: 25px !important;margin-bottom: 25px !important;}\u00bb][gsf_call_to_action title=\u00bbDescargar\u00bb style=\u00bboutline\u00bb link=\u00bburl:https%3A%2F%2Fwww.manabi.gob.ec%2Fwp-content%2Fuploads%2F2025%2F01%2FResAdm_No.-GADPM-PREM-2024-937-RES_Res-DUP-Valencia-Digno-Antonio.pdf|||\u00bb css=\u00bb.vc_custom_1772033523138{margin-bottom: 20px !important;}\u00bb]Resoluci\u00f3n Administrativa <strong>No. GADPM-PREM-2024-937-RES<\/strong> Declarar de utilidad p\u00fablica y de inter\u00e9s social, con fines de expropiaci\u00f3n parcial y de ocupaci\u00f3n inmediata a favor del Gobierno Aut\u00f3nomo Descentralizado Provincial de Manab\u00ed, el predio con clave catastral No. 130252510202112000, de propiedad del se\u00f1or Digno Antonio Valencia.[\/gsf_call_to_action][gsf_call_to_action title=\u00bbDescargar\u00bb style=\u00bboutline\u00bb link=\u00bburl:https%3A%2F%2Fwww.manabi.gob.ec%2Fwp-content%2Fuploads%2F2025%2F01%2FResAdm_No.-GADPM-PREM-2024-938-RES_Res-DUP-Intriago-Bravo-Eudocia-Heroina.pdf|||\u00bb css=\u00bb.vc_custom_1772033541147{margin-bottom: 20px !important;}\u00bb]Resoluci\u00f3n Administrativa <strong>No. GADPM-PREM-2024-938-RES<\/strong> Declarar de utilidad p\u00fablica y de inter\u00e9s social, con fines de expropiaci\u00f3n parcial y de ocupaci\u00f3n inmediata a favor del Gobierno Aut\u00f3nomo Descentralizado Provincial de Manab\u00ed, el predio con clave catastral No. 130252510201261000, de propiedad de la se\u00f1ora Intriago Bravo Eudocia Hero\u00edna.[\/gsf_call_to_action][gsf_call_to_action title=\u00bbDescargar\u00bb style=\u00bboutline\u00bb link=\u00bburl:https%3A%2F%2Fwww.manabi.gob.ec%2Fwp-content%2Fuploads%2F2025%2F01%2FResAdm_No.-GADPM-PREM-2024-939-RES_Res-DUP-Zambrano-Pinargote-Moises-Miguel.pdf|||\u00bb css=\u00bb.vc_custom_1772033550492{margin-bottom: 20px !important;}\u00bb]Resoluci\u00f3n Administrativa <strong>No. GADPM-PREM-2024-939-RES<\/strong> Declarar de utilidad p\u00fablica y de inter\u00e9s social, con fines de expropiaci\u00f3n parcial y de ocupaci\u00f3n inmediata a favor del Gobierno Aut\u00f3nomo Descentralizado Provincial de Manab\u00ed, el predio con clave catastral No. 130250510107217000, de propiedad del se\u00f1or Zambrano Pinargote Mois\u00e9s Miguel.[\/gsf_call_to_action][gsf_call_to_action title=\u00bbDescargar\u00bb style=\u00bboutline\u00bb link=\u00bburl:https%3A%2F%2Fwww.manabi.gob.ec%2Fwp-content%2Fuploads%2F2025%2F01%2FResAdm_No.-GADPM-PREM-2024-940-RES_Res-DUPCevallos-Cedeno-Uvannia.pdf|||\u00bb css=\u00bb.vc_custom_1772033568131{margin-bottom: 20px !important;}\u00bb]Resoluci\u00f3n Administrativa<strong> No. GADPM-PREM-2024-940-RES<\/strong> Declarar de utilidad p\u00fablica y de inter\u00e9s social, con fines de expropiaci\u00f3n parcial y de ocupaci\u00f3n inmediata a favor del Gobierno Aut\u00f3nomo Descentralizado Provincial de Manab\u00ed, el predio con clave catastral No. 130252510201464000, de propiedad de la se\u00f1ora Cevallos Cede\u00f1o Uvannia B\u00e9lgica.[\/gsf_call_to_action][gsf_call_to_action title=\u00bbDescargar\u00bb style=\u00bboutline\u00bb link=\u00bburl:https%3A%2F%2Fwww.manabi.gob.ec%2Fwp-content%2Fuploads%2F2025%2F01%2FResAdm_No.-GADPM-PREM-2024-941-RES_Res-DUP-Zambrano-Loor-Dalinda-Maria.pdf|||\u00bb css=\u00bb.vc_custom_1772033578532{margin-bottom: 20px !important;}\u00bb]Resoluci\u00f3n Administrativa <strong>No. GADPM-PREM-2024-941-RES<\/strong> Declarar de utilidad p\u00fablica y de inter\u00e9s social, con fines de expropiaci\u00f3n parcial y de ocupaci\u00f3n inmediata a favor del Gobierno Aut\u00f3nomo Descentralizado Provincial de Manab\u00ed, el predio con clave catastral No. 130250510101287000, de propiedad de la se\u00f1ora Zambrano Loor Dalinda Mar\u00eda.[\/gsf_call_to_action][gsf_call_to_action title=\u00bbDescargar\u00bb style=\u00bboutline\u00bb link=\u00bburl:https%3A%2F%2Fwww.manabi.gob.ec%2Fwp-content%2Fuploads%2F2025%2F01%2FResAdm_No.-GADPM-PREM-2024-942-RES_Res-DUP-Cevallos-Espinoza-Fe-Caridad.pdf|||\u00bb css=\u00bb.vc_custom_1772033594595{margin-bottom: 20px !important;}\u00bb]Resoluci\u00f3n Administrativa <strong>No. GADPM-PREM-2024-942-RES<\/strong> Declarar de utilidad p\u00fablica y de inter\u00e9s social, con fines de expropiaci\u00f3n parcial y de ocupaci\u00f3n inmediata a favor del Gobierno Aut\u00f3nomo Descentralizado Provincial de Manab\u00ed, el predio con clave catastral No. 130252510201224000, de propiedad de la se\u00f1ora Cevallos Espinoza Fe Caridad.[\/gsf_call_to_action][\/vc_tta_section][\/vc_tta_accordion][\/vc_column][\/vc_row][vc_row color_skin=\u00bbskin-light\u00bb equal_height=\u00bbyes\u00bb parallax=\u00bbcontent-moving\u00bb disable_element=\u00bbyes\u00bb css=\u00bb.vc_custom_1644252718591{background-color: #f4f4f4 !important;background-position: center;background-repeat: no-repeat !important;background-size: cover !important;}\u00bb][vc_column color_skin=\u00bbskin-light\u00bb width=\u00bb1\/4&#8243; css=\u00bb.vc_custom_1629243021998{border-right-width: 2px !important;background-color: #f4f4f4 !important;border-right-color: #cecece !important;border-right-style: solid !important;}\u00bb][gsf_button title=\u00bbOrdenanzas\u00bb style=\u00bb3d\u00bb size=\u00bbmd\u00bb align=\u00bbright\u00bb button_block=\u00bbon\u00bb icon_font=\u00bbfa fa-arrow-left\u00bb link=\u00bburl:https%3A%2F%2Fwww.manabi.gob.ec%2Findex.php%2Fordenanzas%2F|||\u00bb][gsf_space desktop=\u00bb20&#8243; tablet=\u00bb70&#8243; tablet_portrait=\u00bb60&#8243; mobile_landscape=\u00bb50&#8243; mobile=\u00bb40&#8243;][gsf_button title=\u00bbResoluciones\u00bb style=\u00bb3d\u00bb size=\u00bbmd\u00bb align=\u00bbright\u00bb button_block=\u00bbon\u00bb icon_font=\u00bbfa fa-arrow-left\u00bb link=\u00bburl:https%3A%2F%2Fwww.manabi.gob.ec%2Findex.php%2Fresoluciones%2F|||\u00bb][gsf_space desktop=\u00bb20&#8243; tablet=\u00bb70&#8243; tablet_portrait=\u00bb60&#8243; mobile_landscape=\u00bb50&#8243; mobile=\u00bb40&#8243;][gsf_button title=\u00bbReglamentos\u00bb style=\u00bb3d\u00bb size=\u00bbmd\u00bb align=\u00bbright\u00bb button_block=\u00bbon\u00bb icon_font=\u00bbfa fa-arrow-left\u00bb link=\u00bburl:https%3A%2F%2Fwww.manabi.gob.ec%2Findex.php%2Freglamentos%2F|||\u00bb][gsf_space desktop=\u00bb20&#8243; tablet=\u00bb70&#8243; tablet_portrait=\u00bb60&#8243; mobile_landscape=\u00bb50&#8243; mobile=\u00bb40&#8243;][gsf_button title=\u00bbAcuerdos\u00bb style=\u00bb3d\u00bb size=\u00bbmd\u00bb align=\u00bbright\u00bb button_block=\u00bbon\u00bb icon_font=\u00bbfa fa-arrow-left\u00bb link=\u00bburl:https%3A%2F%2Fwww.manabi.gob.ec%2Findex.php%2Facuerdos%2F|||\u00bb][gsf_space desktop=\u00bb20&#8243; tablet=\u00bb70&#8243; tablet_portrait=\u00bb60&#8243; mobile_landscape=\u00bb50&#8243; mobile=\u00bb40&#8243;][gsf_button title=\u00bbPol\u00edticas Publ\u00edcas\u00bb style=\u00bb3d\u00bb size=\u00bbmd\u00bb align=\u00bbright\u00bb button_block=\u00bbon\u00bb icon_font=\u00bbfa fa-arrow-left\u00bb link=\u00bburl:https%3A%2F%2Fwww.manabi.gob.ec%2Findex.php%2Fpoliticas-publicas%2F|||\u00bb][gsf_space desktop=\u00bb20&#8243; tablet=\u00bb70&#8243; tablet_portrait=\u00bb60&#8243; mobile_landscape=\u00bb50&#8243; mobile=\u00bb40&#8243;][gsf_button title=\u00bbPol\u00edticas Intitucionales\u00bb style=\u00bb3d\u00bb size=\u00bbmd\u00bb align=\u00bbright\u00bb button_block=\u00bbon\u00bb icon_font=\u00bbfa fa-arrow-left\u00bb link=\u00bburl:https%3A%2F%2Fwww.manabi.gob.ec%2Findex.php%2Fpoliticas-institucionales%2F|||\u00bb][\/vc_column][vc_column width=\u00bb3\/4&#8243; css=\u00bb.vc_custom_1622148120192{background-position: center !important;background-repeat: no-repeat !important;background-size: cover !important;}\u00bb offset=\u00bbvc_col-xs-12&#8243;][vc_tta_accordion style=\u00bboutline\u00bb color=\u00bbmulled-wine\u00bb spacing=\u00bb10&#8243; autoplay=\u00bb10&#8243; active_section=\u00bb7&#8243; collapsible_all=\u00bbtrue\u00bb][vc_tta_section title=\u00bb2020&#8243; tab_id=\u00bb1644252707105-c0cd2481-f24d\u00bb][vc_text_separator title=\u00bbAgosto\u00bb color=\u00bbblack\u00bb css=\u00bb.vc_custom_1644244652546{margin-bottom: 25px !important;}\u00bb][gsf_call_to_action title=\u00bbDescargar\u00bb style=\u00bboutline\u00bb link=\u00bburl:https%3A%2F%2Fwww.manabi.gob.ec%2Fwp-content%2Fuploads%2F2022%2F02%2FResolucion-Administrativa_No.-PREM-RE-040-2020_Ref_Resolucion-39_Estatuto-Organico.pdf|||\u00bb css=\u00bb.vc_custom_1644244627235{margin-bottom: 20px !important;}\u00bb]Resoluci\u00f3n Administrativa Nro. PREM-RE-040 -2020 Resoluci\u00f3n 39 Estatuto Org\u00e1nico[\/gsf_call_to_action][vc_text_separator title=\u00bbSeptiembre\u00bb color=\u00bbblack\u00bb css=\u00bb.vc_custom_1644244786477{margin-top: 25px !important;margin-bottom: 25px !important;}\u00bb][gsf_call_to_action title=\u00bbDescargar\u00bb style=\u00bboutline\u00bb link=\u00bburl:https%3A%2F%2Fwww.manabi.gob.ec%2Fwp-content%2Fuploads%2F2022%2F02%2FResolucion-Administrativa-No.-PREM-RE-063-2020_Ref_Resolucion-43B-P-GPM-2019.pdf|||\u00bb]Resoluci\u00f3n Administrativa No. PREM-RE-063-2020_Ref_Resoluci\u00f3n 43B-P-GPM-2019[\/gsf_call_to_action][vc_text_separator title=\u00bbNoviembre\u00bb color=\u00bbblack\u00bb css=\u00bb.vc_custom_1644244668991{margin-top: 25px !important;margin-bottom: 25px !important;}\u00bb][gsf_call_to_action title=\u00bbDescargar\u00bb style=\u00bboutline\u00bb link=\u00bburl:https%3A%2F%2Fwww.manabi.gob.ec%2Fwp-content%2Fuploads%2F2022%2F02%2FResolucion-Adminsitrativa_No.-PREM-RE-87-A-2020_Designaciones-ProcCoactivo.pdf|||\u00bb]Resoluci\u00f3n Administrativa Nro. PREM-RE-87-A-2020 Designaciones ProCoactivo[\/gsf_call_to_action][\/vc_tta_section][vc_tta_section title=\u00bb2021&#8243; tab_id=\u00bb1644252707254-150ce212-c882&#8243;][vc_text_separator title=\u00bbMarzo\u00bb color=\u00bbblack\u00bb css=\u00bb.vc_custom_1644245406480{margin-bottom: 25px !important;}\u00bb][gsf_call_to_action title=\u00bbDescargar\u00bb style=\u00bboutline\u00bb link=\u00bburl:https%3A%2F%2Fwww.manabi.gob.ec%2Fwp-content%2Fuploads%2F2022%2F02%2FResolucion-Administrativa_No.-PREM-RE-021-2021_Delegacion-Director-Administrativo.pdf|||\u00bb css=\u00bb.vc_custom_1644245482861{margin-bottom: 20px !important;}\u00bb]Resoluci\u00f3n Administrativa_No. PREM-RE-021-2021 Delegaci\u00f3n Director Administrativo[\/gsf_call_to_action][vc_text_separator title=\u00bbAbril\u00bb color=\u00bbblack\u00bb css=\u00bb.vc_custom_1644245538938{margin-top: 25px !important;margin-bottom: 25px !important;}\u00bb][gsf_call_to_action title=\u00bbDescargar\u00bb style=\u00bboutline\u00bb link=\u00bburl:https%3A%2F%2Fwww.manabi.gob.ec%2Fwp-content%2Fuploads%2F2022%2F02%2FResolucion-Administrativa_No.-PREM-RE-028-2021_Teletrabajo-emergente.pdf|||\u00bb]Resoluci\u00f3n Administrativa_No. PREM-RE-028-2021 Teletrabajo Emergente[\/gsf_call_to_action][vc_text_separator title=\u00bbMayo\u00bb color=\u00bbblack\u00bb css=\u00bb.vc_custom_1644245596444{margin-top: 25px !important;margin-bottom: 25px !important;}\u00bb][gsf_call_to_action title=\u00bbDescargar\u00bb style=\u00bboutline\u00bb link=\u00bburl:https%3A%2F%2Fwww.manabi.gob.ec%2Fwp-content%2Fuploads%2F2022%2F02%2FResolucion-Administrativa_No.-PREM-RE-048-2021_GestionProyectosInstitucionales.pdf|||\u00bb]Resoluci\u00f3n Administrativa_No. PREM-RE-048-2021 Gesti\u00f3n Proyectos Institucionales[\/gsf_call_to_action][vc_text_separator title=\u00bbJulio\u00bb color=\u00bbblack\u00bb css=\u00bb.vc_custom_1644245691310{margin-top: 25px !important;margin-bottom: 25px !important;}\u00bb][gsf_call_to_action title=\u00bbDescargar\u00bb style=\u00bboutline\u00bb link=\u00bburl:https%3A%2F%2Fwww.manabi.gob.ec%2Fwp-content%2Fuploads%2F2022%2F02%2FResolucion-Administrativa_No.-PREM-RE-094-2021_Codigo-de-etica.pdf|||\u00bb]Resoluci\u00f3n Administrativa_No. PREM-RE-094-2021 C\u00f3digo de \u00e9tica[\/gsf_call_to_action][vc_text_separator title=\u00bbAgosto\u00bb color=\u00bbblack\u00bb css=\u00bb.vc_custom_1644245745973{margin-top: 25px !important;margin-bottom: 25px !important;}\u00bb][gsf_call_to_action title=\u00bbDescargar\u00bb style=\u00bboutline\u00bb link=\u00bburl:https%3A%2F%2Fwww.manabi.gob.ec%2Fwp-content%2Fuploads%2F2022%2F02%2FResolucion-Administrativa_No.-PREM-RE-100-2021_Sub_AtenCiudaComCol.pdf|||\u00bb]Resoluci\u00f3n Administrativa_No. PREM-RE-100-2021 Sub AtenCiudaComCol[\/gsf_call_to_action][vc_text_separator title=\u00bbSeptiembre\u00bb color=\u00bbblack\u00bb css=\u00bb.vc_custom_1644245823086{margin-top: 25px !important;margin-bottom: 25px !important;}\u00bb][gsf_call_to_action title=\u00bbDescargar\u00bb style=\u00bboutline\u00bb link=\u00bburl:https%3A%2F%2Fwww.manabi.gob.ec%2Fwp-content%2Fuploads%2F2022%2F02%2FResolucion_PREM-RE-116-2021_Expedir-el-Reglamento-Higiene-y-Seguridad-GPM.pdf|||\u00bb css=\u00bb.vc_custom_1644246123908{margin-bottom: 25px !important;}\u00bb]Resoluci\u00f3n_PREM-RE-116-2021_Expedir el Reglamento Higiene y Seguridad GPM[\/gsf_call_to_action][gsf_call_to_action title=\u00bbDescargar\u00bb style=\u00bboutline\u00bb link=\u00bburl:https%3A%2F%2Fwww.manabi.gob.ec%2Fwp-content%2Fuploads%2F2022%2F02%2FResolucion_PREM-RE-119A-2021_Ref_estatuto_Organico_Gestion-Organizacional_procesos-del-GPM.pdf|||\u00bb]Resoluci\u00f3n_PREM-RE-119A-2021 Ref estatuto Org\u00e1nico Gesti\u00f3n Organizacional procesos del GPM[\/gsf_call_to_action][\/vc_tta_section][\/vc_tta_accordion][\/vc_column][\/vc_row][vc_row css=\u00bb.vc_custom_1622148209970{background-color: #f4f4f4 !important;}\u00bb][vc_column][vc_empty_space height=\u00bb102px\u00bb][\/vc_column][\/vc_row]<\/p>\n","protected":false},"excerpt":{"rendered":"<p>[vc_row bg_overlay_mode=\u00bbcolor\u00bb css=\u00bb.vc_custom_1630102865600{background-color: #424242 !important;}\u00bb bg_overlay_color=\u00bb#191919&#8243;][vc_column width=\u00bb1\/4&#8243;][gsf_space desktop=\u00bb45&#8243; tablet=\u00bb70&#8243; tablet_portrait=\u00bb60&#8243; mobile_landscape=\u00bb50&#8243; mobile=\u00bb40&#8243;][vc_single_image image=\u00bb31064&#8243; alignment=\u00bbright\u00bb style=\u00bbvc_box_border\u00bb border_color=\u00bbwhite\u00bb css=\u00bb.vc_custom_1750259641924{border-top-width: 4px !important;border-right-width: 4px !important;border-bottom-width: 4px !important;border-left-width: 4px !important;}\u00bb][\/vc_column][vc_column width=\u00bb2\/4&#8243;][gsf_space desktop=\u00bb90&#8243; tablet=\u00bb70&#8243; tablet_portrait=\u00bb60&#8243; mobile_landscape=\u00bb50&#8243; mobile=\u00bb40&#8243;][gsf_page_title font_container=\u00bbfont_size:45|text_align:left|color:%23f7f7f7&#8243;][vc_column_text el_class=\u00bb\u00bb]\u00a0Pol\u00edticas y normativas[\/vc_column_text][\/vc_column][vc_column width=\u00bb1\/4&#8243;][\/vc_column][\/vc_row][vc_row css=\u00bb.vc_custom_1630103050682{background-color: #f4f4f4 !important;}\u00bb][vc_column][vc_empty_space height=\u00bb102px\u00bb][\/vc_column][\/vc_row][vc_row color_skin=\u00bbskin-light\u00bb equal_height=\u00bbyes\u00bb parallax=\u00bbcontent-moving\u00bb css=\u00bb.vc_custom_1622148044878{background-color: #f4f4f4 !important;background-position: center;background-repeat: no-repeat !important;background-size: cover !important;}\u00bb][vc_column color_skin=\u00bbskin-light\u00bb width=\u00bb1\/5&#8243; css=\u00bb.vc_custom_1629243021998{border-right-width: 2px [&hellip;]<\/p>\n","protected":false},"author":1,"featured_media":0,"parent":0,"menu_order":0,"comment_status":"closed","ping_status":"closed","template":"","meta":{"_joinchat":[],"footnotes":""},"class_list":["post-31184","page","type-page","status-publish","hentry"],"yoast_head":"<!-- This site is optimized with the Yoast SEO plugin v27.4 - https:\/\/yoast.com\/product\/yoast-seo-wordpress\/ -->\n<title>Declaratorias de Utilidad P\u00fablica - Prefectura de Manab\u00ed<\/title>\n<meta name=\"robots\" content=\"index, follow, max-snippet:-1, max-image-preview:large, max-video-preview:-1\" \/>\n<link rel=\"canonical\" href=\"https:\/\/www.manabi.gob.ec\/index.php\/declaratorias\/\" \/>\n<meta property=\"og:locale\" content=\"es_ES\" \/>\n<meta property=\"og:type\" content=\"article\" \/>\n<meta property=\"og:title\" content=\"Declaratorias de Utilidad P\u00fablica - Prefectura de Manab\u00ed\" \/>\n<meta property=\"og:description\" content=\"[vc_row bg_overlay_mode=\u00bbcolor\u00bb css=\u00bb.vc_custom_1630102865600{background-color: #424242 !important;}\u00bb bg_overlay_color=\u00bb#191919&#8243;][vc_column width=\u00bb1\/4&#8243;][gsf_space desktop=\u00bb45&#8243; tablet=\u00bb70&#8243; tablet_portrait=\u00bb60&#8243; mobile_landscape=\u00bb50&#8243; mobile=\u00bb40&#8243;][vc_single_image image=\u00bb31064&#8243; alignment=\u00bbright\u00bb style=\u00bbvc_box_border\u00bb border_color=\u00bbwhite\u00bb css=\u00bb.vc_custom_1750259641924{border-top-width: 4px !important;border-right-width: 4px !important;border-bottom-width: 4px !important;border-left-width: 4px !important;}\u00bb][\/vc_column][vc_column width=\u00bb2\/4&#8243;][gsf_space desktop=\u00bb90&#8243; tablet=\u00bb70&#8243; tablet_portrait=\u00bb60&#8243; mobile_landscape=\u00bb50&#8243; mobile=\u00bb40&#8243;][gsf_page_title font_container=\u00bbfont_size:45|text_align:left|color:%23f7f7f7&#8243;][vc_column_text el_class=\u00bb\u00bb]\u00a0Pol\u00edticas y normativas[\/vc_column_text][\/vc_column][vc_column width=\u00bb1\/4&#8243;][\/vc_column][\/vc_row][vc_row css=\u00bb.vc_custom_1630103050682{background-color: #f4f4f4 !important;}\u00bb][vc_column][vc_empty_space height=\u00bb102px\u00bb][\/vc_column][\/vc_row][vc_row color_skin=\u00bbskin-light\u00bb equal_height=\u00bbyes\u00bb parallax=\u00bbcontent-moving\u00bb css=\u00bb.vc_custom_1622148044878{background-color: #f4f4f4 !important;background-position: center;background-repeat: no-repeat !important;background-size: cover !important;}\u00bb][vc_column color_skin=\u00bbskin-light\u00bb width=\u00bb1\/5&#8243; css=\u00bb.vc_custom_1629243021998{border-right-width: 2px [&hellip;]\" \/>\n<meta property=\"og:url\" content=\"https:\/\/www.manabi.gob.ec\/index.php\/declaratorias\/\" \/>\n<meta property=\"og:site_name\" content=\"Prefectura de Manab\u00ed\" \/>\n<meta property=\"article:modified_time\" content=\"2026-03-06T15:14:22+00:00\" \/>\n<meta name=\"twitter:card\" content=\"summary_large_image\" \/>\n<meta name=\"twitter:label1\" content=\"Tiempo de lectura\" \/>\n\t<meta name=\"twitter:data1\" content=\"26 minutos\" \/>\n<script type=\"application\/ld+json\" class=\"yoast-schema-graph\">{\"@context\":\"https:\\\/\\\/schema.org\",\"@graph\":[{\"@type\":\"WebPage\",\"@id\":\"https:\\\/\\\/www.manabi.gob.ec\\\/index.php\\\/declaratorias\\\/\",\"url\":\"https:\\\/\\\/www.manabi.gob.ec\\\/index.php\\\/declaratorias\\\/\",\"name\":\"Declaratorias de Utilidad P\u00fablica - Prefectura de Manab\u00ed\",\"isPartOf\":{\"@id\":\"https:\\\/\\\/www.manabi.gob.ec\\\/#website\"},\"datePublished\":\"2025-06-18T15:12:38+00:00\",\"dateModified\":\"2026-03-06T15:14:22+00:00\",\"breadcrumb\":{\"@id\":\"https:\\\/\\\/www.manabi.gob.ec\\\/index.php\\\/declaratorias\\\/#breadcrumb\"},\"inLanguage\":\"es\",\"potentialAction\":[{\"@type\":\"ReadAction\",\"target\":[\"https:\\\/\\\/www.manabi.gob.ec\\\/index.php\\\/declaratorias\\\/\"]}]},{\"@type\":\"BreadcrumbList\",\"@id\":\"https:\\\/\\\/www.manabi.gob.ec\\\/index.php\\\/declaratorias\\\/#breadcrumb\",\"itemListElement\":[{\"@type\":\"ListItem\",\"position\":1,\"name\":\"Portada\",\"item\":\"https:\\\/\\\/www.manabi.gob.ec\\\/\"},{\"@type\":\"ListItem\",\"position\":2,\"name\":\"Declaratorias de Utilidad P\u00fablica\"}]},{\"@type\":\"WebSite\",\"@id\":\"https:\\\/\\\/www.manabi.gob.ec\\\/#website\",\"url\":\"https:\\\/\\\/www.manabi.gob.ec\\\/\",\"name\":\"Prefectura de Manab\u00ed\",\"description\":\"P\u00e1gina web de la prefectura\",\"potentialAction\":[{\"@type\":\"SearchAction\",\"target\":{\"@type\":\"EntryPoint\",\"urlTemplate\":\"https:\\\/\\\/www.manabi.gob.ec\\\/?s={search_term_string}\"},\"query-input\":{\"@type\":\"PropertyValueSpecification\",\"valueRequired\":true,\"valueName\":\"search_term_string\"}}],\"inLanguage\":\"es\"}]}<\/script>\n<!-- \/ Yoast SEO plugin. -->","yoast_head_json":{"title":"Declaratorias de Utilidad P\u00fablica - Prefectura de Manab\u00ed","robots":{"index":"index","follow":"follow","max-snippet":"max-snippet:-1","max-image-preview":"max-image-preview:large","max-video-preview":"max-video-preview:-1"},"canonical":"https:\/\/www.manabi.gob.ec\/index.php\/declaratorias\/","og_locale":"es_ES","og_type":"article","og_title":"Declaratorias de Utilidad P\u00fablica - Prefectura de Manab\u00ed","og_description":"[vc_row bg_overlay_mode=\u00bbcolor\u00bb css=\u00bb.vc_custom_1630102865600{background-color: #424242 !important;}\u00bb bg_overlay_color=\u00bb#191919&#8243;][vc_column width=\u00bb1\/4&#8243;][gsf_space desktop=\u00bb45&#8243; tablet=\u00bb70&#8243; tablet_portrait=\u00bb60&#8243; mobile_landscape=\u00bb50&#8243; mobile=\u00bb40&#8243;][vc_single_image image=\u00bb31064&#8243; alignment=\u00bbright\u00bb style=\u00bbvc_box_border\u00bb border_color=\u00bbwhite\u00bb css=\u00bb.vc_custom_1750259641924{border-top-width: 4px !important;border-right-width: 4px !important;border-bottom-width: 4px !important;border-left-width: 4px !important;}\u00bb][\/vc_column][vc_column width=\u00bb2\/4&#8243;][gsf_space desktop=\u00bb90&#8243; tablet=\u00bb70&#8243; tablet_portrait=\u00bb60&#8243; mobile_landscape=\u00bb50&#8243; mobile=\u00bb40&#8243;][gsf_page_title font_container=\u00bbfont_size:45|text_align:left|color:%23f7f7f7&#8243;][vc_column_text el_class=\u00bb\u00bb]\u00a0Pol\u00edticas y normativas[\/vc_column_text][\/vc_column][vc_column width=\u00bb1\/4&#8243;][\/vc_column][\/vc_row][vc_row css=\u00bb.vc_custom_1630103050682{background-color: #f4f4f4 !important;}\u00bb][vc_column][vc_empty_space height=\u00bb102px\u00bb][\/vc_column][\/vc_row][vc_row color_skin=\u00bbskin-light\u00bb equal_height=\u00bbyes\u00bb parallax=\u00bbcontent-moving\u00bb css=\u00bb.vc_custom_1622148044878{background-color: #f4f4f4 !important;background-position: center;background-repeat: no-repeat !important;background-size: cover !important;}\u00bb][vc_column color_skin=\u00bbskin-light\u00bb width=\u00bb1\/5&#8243; css=\u00bb.vc_custom_1629243021998{border-right-width: 2px [&hellip;]","og_url":"https:\/\/www.manabi.gob.ec\/index.php\/declaratorias\/","og_site_name":"Prefectura de Manab\u00ed","article_modified_time":"2026-03-06T15:14:22+00:00","twitter_card":"summary_large_image","twitter_misc":{"Tiempo de lectura":"26 minutos"},"schema":{"@context":"https:\/\/schema.org","@graph":[{"@type":"WebPage","@id":"https:\/\/www.manabi.gob.ec\/index.php\/declaratorias\/","url":"https:\/\/www.manabi.gob.ec\/index.php\/declaratorias\/","name":"Declaratorias de Utilidad P\u00fablica - Prefectura de Manab\u00ed","isPartOf":{"@id":"https:\/\/www.manabi.gob.ec\/#website"},"datePublished":"2025-06-18T15:12:38+00:00","dateModified":"2026-03-06T15:14:22+00:00","breadcrumb":{"@id":"https:\/\/www.manabi.gob.ec\/index.php\/declaratorias\/#breadcrumb"},"inLanguage":"es","potentialAction":[{"@type":"ReadAction","target":["https:\/\/www.manabi.gob.ec\/index.php\/declaratorias\/"]}]},{"@type":"BreadcrumbList","@id":"https:\/\/www.manabi.gob.ec\/index.php\/declaratorias\/#breadcrumb","itemListElement":[{"@type":"ListItem","position":1,"name":"Portada","item":"https:\/\/www.manabi.gob.ec\/"},{"@type":"ListItem","position":2,"name":"Declaratorias de Utilidad P\u00fablica"}]},{"@type":"WebSite","@id":"https:\/\/www.manabi.gob.ec\/#website","url":"https:\/\/www.manabi.gob.ec\/","name":"Prefectura de Manab\u00ed","description":"P\u00e1gina web de la prefectura","potentialAction":[{"@type":"SearchAction","target":{"@type":"EntryPoint","urlTemplate":"https:\/\/www.manabi.gob.ec\/?s={search_term_string}"},"query-input":{"@type":"PropertyValueSpecification","valueRequired":true,"valueName":"search_term_string"}}],"inLanguage":"es"}]}},"_links":{"self":[{"href":"https:\/\/www.manabi.gob.ec\/index.php\/wp-json\/wp\/v2\/pages\/31184","targetHints":{"allow":["GET"]}}],"collection":[{"href":"https:\/\/www.manabi.gob.ec\/index.php\/wp-json\/wp\/v2\/pages"}],"about":[{"href":"https:\/\/www.manabi.gob.ec\/index.php\/wp-json\/wp\/v2\/types\/page"}],"author":[{"embeddable":true,"href":"https:\/\/www.manabi.gob.ec\/index.php\/wp-json\/wp\/v2\/users\/1"}],"replies":[{"embeddable":true,"href":"https:\/\/www.manabi.gob.ec\/index.php\/wp-json\/wp\/v2\/comments?post=31184"}],"version-history":[{"count":10,"href":"https:\/\/www.manabi.gob.ec\/index.php\/wp-json\/wp\/v2\/pages\/31184\/revisions"}],"predecessor-version":[{"id":33173,"href":"https:\/\/www.manabi.gob.ec\/index.php\/wp-json\/wp\/v2\/pages\/31184\/revisions\/33173"}],"wp:attachment":[{"href":"https:\/\/www.manabi.gob.ec\/index.php\/wp-json\/wp\/v2\/media?parent=31184"}],"curies":[{"name":"wp","href":"https:\/\/api.w.org\/{rel}","templated":true}]}}